{"id":4037,"date":"2025-12-20T16:50:25","date_gmt":"2025-12-20T15:50:25","guid":{"rendered":"https:\/\/www.boyerjulien.com\/wedding-photographer\/wedding-photographer-france\/wedding-photographer-ile-de-france\/"},"modified":"2026-01-02T15:50:10","modified_gmt":"2026-01-02T14:50:10","slug":"wedding-photographer-ile-de-france","status":"publish","type":"page","link":"https:\/\/www.boyerjulien.com\/en\/wedding-photographer\/wedding-photographer-france\/wedding-photographer-ile-de-france\/","title":{"rendered":"Wedding photographer \u00cele-de-France"},"content":{"rendered":"\t\t<div data-elementor-type=\"wp-page\" data-elementor-id=\"4037\" class=\"elementor elementor-4037 elementor-2877\" data-elementor-post-type=\"page\">\n\t\t\t\t<div class=\"elementor-element elementor-element-3fb904be e-con-full e-flex e-con e-parent\" data-id=\"3fb904be\" data-element_type=\"container\" data-settings=\"{&quot;background_background&quot;:&quot;classic&quot;}\">\n\t\t<div class=\"elementor-element elementor-element-5cc4b733 e-con-full e-flex e-con e-child\" data-id=\"5cc4b733\" data-element_type=\"container\">\n\t\t\t\t<div class=\"elementor-element elementor-element-2ee27795 elementor-widget elementor-widget-heading\" data-id=\"2ee27795\" data-element_type=\"widget\" data-widget_type=\"heading.default\">\n\t\t\t\t<div class=\"elementor-widget-container\">\n\t\t\t\t\t<h1 class=\"elementor-heading-title elementor-size-default\">Wedding photographer \u00cele-de-France<\/h1>\t\t\t\t<\/div>\n\t\t\t\t<\/div>\n\t\t\t\t<\/div>\n\t\t\t\t<\/div>\n\t\t<div class=\"elementor-element elementor-element-3ac66e1 e-flex e-con-boxed e-con e-parent\" data-id=\"3ac66e1\" data-element_type=\"container\">\n\t\t\t\t\t<div class=\"e-con-inner\">\n\t\t<div class=\"elementor-element elementor-element-98b4baf e-con-full e-flex e-con e-child\" data-id=\"98b4baf\" data-element_type=\"container\">\n\t\t\t\t<div class=\"elementor-element elementor-element-2b64b8a elementor-widget elementor-widget-text-editor\" data-id=\"2b64b8a\" data-element_type=\"widget\" data-widget_type=\"text-editor.default\">\n\t\t\t\t<div class=\"elementor-widget-container\">\n\t\t\t\t\t\t\t\t\t<p><span style=\"font-weight: 400;\">Choosing a wedding photographer in \u00cele-de-France is above all about finding a perspective capable of telling your story with sincerity. I am Julien Boyer, a professional wedding photographer, and I work with couples who want natural, elegant, and timeless images throughout the \u00cele-de-France region. My approach is simple: to offer you authentic memories that reflect the importance of your day, while guiding you with care from our first contact to the delivery of your photos.  <\/span><\/p>\t\t\t\t\t\t\t\t<\/div>\n\t\t\t\t<\/div>\n\t\t\t\t<div class=\"elementor-element elementor-element-4cecc66 elementor-align-center elementor-widget elementor-widget-button\" data-id=\"4cecc66\" data-element_type=\"widget\" data-widget_type=\"button.default\">\n\t\t\t\t<div class=\"elementor-widget-container\">\n\t\t\t\t\t\t\t\t\t<div class=\"elementor-button-wrapper\">\n\t\t\t\t\t<a class=\"elementor-button elementor-button-link elementor-size-sm\" href=\"#contact\">\n\t\t\t\t\t\t<span class=\"elementor-button-content-wrapper\">\n\t\t\t\t\t\t\t\t\t<span class=\"elementor-button-text\">CONTACT ME<\/span>\n\t\t\t\t\t<\/span>\n\t\t\t\t\t<\/a>\n\t\t\t\t<\/div>\n\t\t\t\t\t\t\t\t<\/div>\n\t\t\t\t<\/div>\n\t\t\t\t<\/div>\n\t\t<div class=\"elementor-element elementor-element-d4b07f2 e-con-full e-flex e-con e-child\" data-id=\"d4b07f2\" data-element_type=\"container\">\n\t\t\t\t<div class=\"elementor-element elementor-element-7025f33 elementor-widget elementor-widget-heading\" data-id=\"7025f33\" data-element_type=\"widget\" data-widget_type=\"heading.default\">\n\t\t\t\t<div class=\"elementor-widget-container\">\n\t\t\t\t\t<h2 class=\"elementor-heading-title elementor-size-default\">My approach as a wedding photographer in \u00cele-de-France\n<\/h2>\t\t\t\t<\/div>\n\t\t\t\t<\/div>\n\t\t\t\t<div class=\"elementor-element elementor-element-d5cadee elementor-widget elementor-widget-text-editor\" data-id=\"d5cadee\" data-element_type=\"widget\" data-widget_type=\"text-editor.default\">\n\t\t\t\t<div class=\"elementor-widget-container\">\n\t\t\t\t\t\t\t\t\t<p><span style=\"font-weight: 400;\">Being a wedding photographer in \u00cele-de-France requires real adaptability. Every wedding is different: a ch\u00e2teau in the outer suburbs, a Parisian private mansion, an intimate ceremony in the suburbs, or a large family reception. <\/span><span style=\"font-weight: 400;\"><br><\/span><span style=\"font-weight: 400;\"> My work is based on documentary-style photography, meaning a discreet presence that allows me to capture emotions, glances, and spontaneous moments without having you pose constantly.<\/span><\/p>\n<p><span style=\"font-weight: 400;\">I prioritize a relationship built on trust. Before the wedding day, I take the time to talk with you, understand your relationship, your expectations, and the atmosphere you want for your wedding. This preparation is essential to deliver a cohesive photo reportage that is true to your story.  <\/span><\/p>\t\t\t\t\t\t\t\t<\/div>\n\t\t\t\t<\/div>\n\t\t\t\t<\/div>\n\t\t\t\t\t<\/div>\n\t\t\t\t<\/div>\n\t\t<div class=\"elementor-element elementor-element-d82a358 e-flex e-con-boxed e-con e-parent\" data-id=\"d82a358\" data-element_type=\"container\" data-settings=\"{&quot;background_background&quot;:&quot;classic&quot;}\">\n\t\t\t\t\t<div class=\"e-con-inner\">\n\t\t<div class=\"elementor-element elementor-element-cc129d9 e-con-full e-flex e-con e-child\" data-id=\"cc129d9\" data-element_type=\"container\">\n\t\t<div class=\"elementor-element elementor-element-3a0ae32 e-con-full e-flex e-con e-child\" data-id=\"3a0ae32\" data-element_type=\"container\">\n\t\t\t\t<div class=\"elementor-element elementor-element-d73b6a1 elementor-widget elementor-widget-image\" data-id=\"d73b6a1\" data-element_type=\"widget\" data-widget_type=\"image.default\">\n\t\t\t\t<div class=\"elementor-widget-container\">\n\t\t\t\t\t\t\t\t\t\t\t\t\t\t\t<img fetchpriority=\"high\" decoding=\"async\" width=\"1707\" height=\"2560\" src=\"https:\/\/www.boyerjulien.com\/wp-content\/uploads\/2025\/05\/wedding-villa-pizzo-italy-homepage-scaled.webp\" class=\"attachment-full size-full wp-image-2142\" alt=\"The newlyweds walk hand in hand through the gardens of Villa Pizzo, on the shores of Lake Como, Italy.\" \/>\t\t\t\t\t\t\t\t\t\t\t\t\t\t\t<\/div>\n\t\t\t\t<\/div>\n\t\t\t\t<\/div>\n\t\t<div class=\"elementor-element elementor-element-ffce643 e-con-full e-flex e-con e-child\" data-id=\"ffce643\" data-element_type=\"container\">\n\t\t<div class=\"elementor-element elementor-element-4b7d0fc e-con-full e-flex e-con e-child\" data-id=\"4b7d0fc\" data-element_type=\"container\" data-settings=\"{&quot;background_background&quot;:&quot;classic&quot;}\">\n\t\t\t\t<div class=\"elementor-element elementor-element-f9f6462 elementor-widget elementor-widget-heading\" data-id=\"f9f6462\" data-element_type=\"widget\" data-widget_type=\"heading.default\">\n\t\t\t\t<div class=\"elementor-widget-container\">\n\t\t\t\t\t<h2 class=\"elementor-heading-title elementor-size-default\">Why hire an experienced wedding photographer in \u00cele-de-France\n<\/h2>\t\t\t\t<\/div>\n\t\t\t\t<\/div>\n\t\t\t\t<div class=\"elementor-element elementor-element-5c06d0c elementor-widget elementor-widget-text-editor\" data-id=\"5c06d0c\" data-element_type=\"widget\" data-widget_type=\"text-editor.default\">\n\t\t\t\t<div class=\"elementor-widget-container\">\n\t\t\t\t\t\t\t\t\t<p><span style=\"font-weight: 400;\">\u00cele-de-France offers exceptional diversity in terms of locations, but also comes with very specific constraints: managing travel, tight schedules, sometimes challenging lighting conditions, and permits required at certain sites.<\/span><span style=\"font-weight: 400;\"><br><\/span><span style=\"font-weight: 400;\"> My experience as a wedding photographer in \u00cele-de-France allows me to anticipate these factors and work calmly, whatever the conditions.<\/span><\/p>\n<p><span style=\"font-weight: 400;\">I know how to adapt:<\/span><\/p>\n<ul>\n<li style=\"font-weight: 400;\" aria-level=\"1\"><span style=\"font-weight: 400;\">to urban and elegant weddings,<\/span><span style=\"font-weight: 400;\"><br><br><\/span><\/li>\n<li style=\"font-weight: 400;\" aria-level=\"1\"><span style=\"font-weight: 400;\">to large receptions in estates or ch\u00e2teaux,<\/span><span style=\"font-weight: 400;\"><br><br><\/span><\/li>\n<li style=\"font-weight: 400;\" aria-level=\"1\"><span style=\"font-weight: 400;\">to civil and religious ceremonies with precise schedules,<\/span><span style=\"font-weight: 400;\"><br><br><\/span><\/li>\n<li style=\"font-weight: 400;\" aria-level=\"1\"><span style=\"font-weight: 400;\">to intimate weddings with a small number of guests.<\/span><span style=\"font-weight: 400;\"><br><br><\/span><\/li>\n<\/ul>\n<p><span style=\"font-weight: 400;\">My goal always remains the same: to allow you to fully enjoy your day while I take care of preserving its memories.<\/span><\/p>\t\t\t\t\t\t\t\t<\/div>\n\t\t\t\t<\/div>\n\t\t\t\t<div class=\"elementor-element elementor-element-a32809b elementor-align-center elementor-widget elementor-widget-button\" data-id=\"a32809b\" data-element_type=\"widget\" data-widget_type=\"button.default\">\n\t\t\t\t<div class=\"elementor-widget-container\">\n\t\t\t\t\t\t\t\t\t<div class=\"elementor-button-wrapper\">\n\t\t\t\t\t<a class=\"elementor-button elementor-button-link elementor-size-sm\" href=\"#contact\">\n\t\t\t\t\t\t<span class=\"elementor-button-content-wrapper\">\n\t\t\t\t\t\t\t\t\t<span class=\"elementor-button-text\">CONTACT ME<\/span>\n\t\t\t\t\t<\/span>\n\t\t\t\t\t<\/a>\n\t\t\t\t<\/div>\n\t\t\t\t\t\t\t\t<\/div>\n\t\t\t\t<\/div>\n\t\t\t\t<\/div>\n\t\t\t\t<\/div>\n\t\t\t\t<\/div>\n\t\t<div class=\"elementor-element elementor-element-1256021 e-con-full e-flex e-con e-child\" data-id=\"1256021\" data-element_type=\"container\">\n\t\t<div class=\"elementor-element elementor-element-6e9a9f2 e-con-full e-flex e-con e-child\" data-id=\"6e9a9f2\" data-element_type=\"container\">\n\t\t<div class=\"elementor-element elementor-element-1c8ac0b e-con-full e-flex e-con e-child\" data-id=\"1c8ac0b\" data-element_type=\"container\" data-settings=\"{&quot;background_background&quot;:&quot;classic&quot;}\">\n\t\t\t\t<div class=\"elementor-element elementor-element-9d8feb6 elementor-widget elementor-widget-heading\" data-id=\"9d8feb6\" data-element_type=\"widget\" data-widget_type=\"heading.default\">\n\t\t\t\t<div class=\"elementor-widget-container\">\n\t\t\t\t\t<h2 class=\"elementor-heading-title elementor-size-default\">Paris and \u00cele-de-France: a unique playground for your wedding photos\n<\/h2>\t\t\t\t<\/div>\n\t\t\t\t<\/div>\n\t\t\t\t<div class=\"elementor-element elementor-element-bfb96e7 elementor-widget elementor-widget-text-editor\" data-id=\"bfb96e7\" data-element_type=\"widget\" data-widget_type=\"text-editor.default\">\n\t\t\t\t<div class=\"elementor-widget-container\">\n\t\t\t\t\t\t\t\t\t<p><span style=\"font-weight: 400;\">The Paris region is full of incredible settings for refined and varied wedding photos. From historic streets to greener spaces, each location brings a different atmosphere to your photo reportage. <\/span><\/p>\n<p><span style=\"font-weight: 400;\">If you are planning a wedding in the capital, I invite you to contact me to learn more about my <a href=\"https:\/\/www.boyerjulien.com\/en\/wedding-photographer\/wedding-photographer-france\/wedding-photographer-ile-de-france\/wedding-photographer-in-paris\/\">wedding photography services in Paris,<\/a> combining urban elegance and iconic locations.<\/span><\/p>\n<p><span style=\"font-weight: 400;\">More broadly, \u00cele-de-France makes it possible to mix atmospheres: a couple can say \u201cI do\u201d at a Paris city hall, then celebrate their reception in a more natural setting on the outskirts. This diversity is a true photographic asset that I make the most of in every reportage. <\/span><\/p>\t\t\t\t\t\t\t\t<\/div>\n\t\t\t\t<\/div>\n\t\t\t\t<div class=\"elementor-element elementor-element-378113a elementor-align-center elementor-widget elementor-widget-button\" data-id=\"378113a\" data-element_type=\"widget\" data-widget_type=\"button.default\">\n\t\t\t\t<div class=\"elementor-widget-container\">\n\t\t\t\t\t\t\t\t\t<div class=\"elementor-button-wrapper\">\n\t\t\t\t\t<a class=\"elementor-button elementor-button-link elementor-size-sm\" href=\"#contact\">\n\t\t\t\t\t\t<span class=\"elementor-button-content-wrapper\">\n\t\t\t\t\t\t\t\t\t<span class=\"elementor-button-text\">CONTACT ME<\/span>\n\t\t\t\t\t<\/span>\n\t\t\t\t\t<\/a>\n\t\t\t\t<\/div>\n\t\t\t\t\t\t\t\t<\/div>\n\t\t\t\t<\/div>\n\t\t\t\t<\/div>\n\t\t\t\t<\/div>\n\t\t<div class=\"elementor-element elementor-element-4684096 e-con-full e-flex e-con e-child\" data-id=\"4684096\" data-element_type=\"container\">\n\t\t\t\t<div class=\"elementor-element elementor-element-9dafe1c elementor-widget elementor-widget-image\" data-id=\"9dafe1c\" data-element_type=\"widget\" data-widget_type=\"image.default\">\n\t\t\t\t<div class=\"elementor-widget-container\">\n\t\t\t\t\t\t\t\t\t\t\t\t\t\t\t<img decoding=\"async\" width=\"1333\" height=\"2000\" src=\"https:\/\/www.boyerjulien.com\/wp-content\/uploads\/2025\/09\/wedding-venue-chateau-fengari3.webp\" class=\"attachment-full size-full wp-image-3831\" alt=\"Les alliances, d\u00e9licatement pos\u00e9es sur une lettre manuscrite, symbolisent l\u2019union \u00e0 venir.\" \/>\t\t\t\t\t\t\t\t\t\t\t\t\t\t\t<\/div>\n\t\t\t\t<\/div>\n\t\t\t\t<\/div>\n\t\t\t\t<\/div>\n\t\t<div class=\"elementor-element elementor-element-e69cf9b e-con-full e-flex e-con e-child\" data-id=\"e69cf9b\" data-element_type=\"container\">\n\t\t<div class=\"elementor-element elementor-element-29cfb6b e-con-full e-flex e-con e-child\" data-id=\"29cfb6b\" data-element_type=\"container\">\n\t\t\t\t<div class=\"elementor-element elementor-element-2885aee elementor-widget elementor-widget-image\" data-id=\"2885aee\" data-element_type=\"widget\" data-widget_type=\"image.default\">\n\t\t\t\t<div class=\"elementor-widget-container\">\n\t\t\t\t\t\t\t\t\t\t\t\t\t\t\t<img decoding=\"async\" width=\"1334\" height=\"2000\" src=\"https:\/\/www.boyerjulien.com\/wp-content\/uploads\/2025\/12\/mariage-san-francisco-californie20.webp\" class=\"attachment-full size-full wp-image-3832\" alt=\"D\u00e9tail du bouquet de la mari\u00e9e lors d\u2019un mariage elopement sur une plage de San Francisco\" \/>\t\t\t\t\t\t\t\t\t\t\t\t\t\t\t<\/div>\n\t\t\t\t<\/div>\n\t\t\t\t<\/div>\n\t\t<div class=\"elementor-element elementor-element-875d008 e-con-full e-flex e-con e-child\" data-id=\"875d008\" data-element_type=\"container\">\n\t\t<div class=\"elementor-element elementor-element-37f847f e-con-full e-flex e-con e-child\" data-id=\"37f847f\" data-element_type=\"container\" data-settings=\"{&quot;background_background&quot;:&quot;classic&quot;}\">\n\t\t\t\t<div class=\"elementor-element elementor-element-3013a05 elementor-widget elementor-widget-heading\" data-id=\"3013a05\" data-element_type=\"widget\" data-widget_type=\"heading.default\">\n\t\t\t\t<div class=\"elementor-widget-container\">\n\t\t\t\t\t<h2 class=\"elementor-heading-title elementor-size-default\">Comprehensive support, from the first conversation to the final delivery\n<\/h2>\t\t\t\t<\/div>\n\t\t\t\t<\/div>\n\t\t\t\t<div class=\"elementor-element elementor-element-1dd1743 elementor-widget elementor-widget-text-editor\" data-id=\"1dd1743\" data-element_type=\"widget\" data-widget_type=\"text-editor.default\">\n\t\t\t\t<div class=\"elementor-widget-container\">\n\t\t\t\t\t\t\t\t\t<p><span style=\"font-weight: 400;\">My role is not limited to the wedding day itself. As a professional wedding photographer, I support you at every stage: <\/span><\/p>\n<ul>\n<li style=\"font-weight: 400;\" aria-level=\"1\"><span style=\"font-weight: 400;\">pre-wedding discussions to define your expectations,<\/span><span style=\"font-weight: 400;\"><br><br><\/span><\/li>\n<li style=\"font-weight: 400;\" aria-level=\"1\"><span style=\"font-weight: 400;\">advice on scheduling and lighting,<\/span><span style=\"font-weight: 400;\"><br><br><\/span><\/li>\n<li style=\"font-weight: 400;\" aria-level=\"1\"><span style=\"font-weight: 400;\">a discreet yet attentive presence on the wedding day,<\/span><span style=\"font-weight: 400;\"><br><br><\/span><\/li>\n<li style=\"font-weight: 400;\" aria-level=\"1\"><span style=\"font-weight: 400;\">careful selection and meticulous editing of each image,<\/span><span style=\"font-weight: 400;\"><br><br><\/span><\/li>\n<li style=\"font-weight: 400;\" aria-level=\"1\"><span style=\"font-weight: 400;\">delivery of a cohesive and timeless photo reportage.<\/span><span style=\"font-weight: 400;\"><br><br><\/span><\/li>\n<\/ul>\n<p><span style=\"font-weight: 400;\">Each photo is carefully crafted in a natural and elegant style, so that your memories stand the test of time without going out of fashion.<\/span><\/p>\t\t\t\t\t\t\t\t<\/div>\n\t\t\t\t<\/div>\n\t\t\t\t<div class=\"elementor-element elementor-element-03a1ccf elementor-align-center elementor-widget elementor-widget-button\" data-id=\"03a1ccf\" data-element_type=\"widget\" data-widget_type=\"button.default\">\n\t\t\t\t<div class=\"elementor-widget-container\">\n\t\t\t\t\t\t\t\t\t<div class=\"elementor-button-wrapper\">\n\t\t\t\t\t<a class=\"elementor-button elementor-button-link elementor-size-sm\" href=\"#contact\">\n\t\t\t\t\t\t<span class=\"elementor-button-content-wrapper\">\n\t\t\t\t\t\t\t\t\t<span class=\"elementor-button-text\">CONTACT ME<\/span>\n\t\t\t\t\t<\/span>\n\t\t\t\t\t<\/a>\n\t\t\t\t<\/div>\n\t\t\t\t\t\t\t\t<\/div>\n\t\t\t\t<\/div>\n\t\t\t\t<\/div>\n\t\t\t\t<\/div>\n\t\t\t\t<\/div>\n\t\t\t\t\t<\/div>\n\t\t\t\t<\/div>\n\t\t<div class=\"elementor-element elementor-element-6e7cea8 e-flex e-con-boxed e-con e-parent\" data-id=\"6e7cea8\" data-element_type=\"container\">\n\t\t\t\t\t<div class=\"e-con-inner\">\n\t\t<div class=\"elementor-element elementor-element-f8f3fca e-con-full e-flex e-con e-child\" data-id=\"f8f3fca\" data-element_type=\"container\">\n\t\t\t\t<div class=\"elementor-element elementor-element-d08f250 elementor-widget elementor-widget-heading\" data-id=\"d08f250\" data-element_type=\"widget\" data-widget_type=\"heading.default\">\n\t\t\t\t<div class=\"elementor-widget-container\">\n\t\t\t\t\t<h2 class=\"elementor-heading-title elementor-size-default\">Book your wedding photographer in \u00cele-de-France\n<\/h2>\t\t\t\t<\/div>\n\t\t\t\t<\/div>\n\t\t\t\t<div class=\"elementor-element elementor-element-b938352 elementor-widget elementor-widget-text-editor\" data-id=\"b938352\" data-element_type=\"widget\" data-widget_type=\"text-editor.default\">\n\t\t\t\t<div class=\"elementor-widget-container\">\n\t\t\t\t\t\t\t\t\t<p><span style=\"font-weight: 400;\">If you are looking for a dedicated wedding photographer in \u00cele-de-France who is attentive and passionate about his work, I would be delighted to talk with you about your project.<\/span><span style=\"font-weight: 400;\"><br><\/span><span style=\"font-weight: 400;\"> Dates are often booked well in advance, especially during peak season. I therefore encourage you to contact me as soon as possible to check my availability and discuss your wedding. <\/span><\/p>\n<p><span style=\"font-weight: 400;\">Let\u2019s get in touch now to create together a photo reportage that will tell your story with authenticity and emotion.<\/span><\/p>\t\t\t\t\t\t\t\t<\/div>\n\t\t\t\t<\/div>\n\t\t\t\t<\/div>\n\t\t\t\t\t<\/div>\n\t\t\t\t<\/div>\n\t\t<div class=\"elementor-element elementor-element-ba6cf69 e-flex e-con-boxed e-con e-parent\" data-id=\"ba6cf69\" data-element_type=\"container\" data-settings=\"{&quot;background_background&quot;:&quot;classic&quot;}\">\n\t\t\t\t\t<div class=\"e-con-inner\">\n\t\t<div class=\"elementor-element elementor-element-ce59bbf e-con-full e-flex e-con e-child\" data-id=\"ce59bbf\" data-element_type=\"container\">\n\t\t<div class=\"elementor-element elementor-element-0dd2425 e-con-full e-flex e-con e-child\" data-id=\"0dd2425\" data-element_type=\"container\">\n\t\t\t\t<div class=\"elementor-element elementor-element-5f5c143 elementor-widget elementor-widget-heading\" data-id=\"5f5c143\" data-element_type=\"widget\" data-widget_type=\"heading.default\">\n\t\t\t\t<div class=\"elementor-widget-container\">\n\t\t\t\t\t<p class=\"elementor-heading-title elementor-size-default\">portfolio<\/p>\t\t\t\t<\/div>\n\t\t\t\t<\/div>\n\t\t\t\t<div class=\"elementor-element elementor-element-2d34e45 elementor-widget elementor-widget-image\" data-id=\"2d34e45\" data-element_type=\"widget\" data-widget_type=\"image.default\">\n\t\t\t\t<div class=\"elementor-widget-container\">\n\t\t\t\t\t\t\t\t\t\t\t\t\t\t\t\t<a href=\"#\">\n\t\t\t\t\t\t\t<img loading=\"lazy\" decoding=\"async\" width=\"1707\" height=\"2560\" src=\"https:\/\/www.boyerjulien.com\/wp-content\/uploads\/2025\/05\/wedding-villa-balbiano-homepage-portfolio-scaled.webp\" class=\"attachment-full size-full wp-image-2132\" alt=\"Tender moment between the newlyweds embracing in the gardens of Villa Balbiano, in front of perfectly manicured hedges.\" \/>\t\t\t\t\t\t\t\t<\/a>\n\t\t\t\t\t\t\t\t\t\t\t\t\t\t\t<\/div>\n\t\t\t\t<\/div>\n\t\t\t\t<div class=\"elementor-element elementor-element-96df37f elementor-widget elementor-widget-heading\" data-id=\"96df37f\" data-element_type=\"widget\" data-widget_type=\"heading.default\">\n\t\t\t\t<div class=\"elementor-widget-container\">\n\t\t\t\t\t<p class=\"elementor-heading-title elementor-size-default\"><a href=\"#\">weddings<\/a><\/p>\t\t\t\t<\/div>\n\t\t\t\t<\/div>\n\t\t\t\t<\/div>\n\t\t<div class=\"elementor-element elementor-element-9b7c5f7 e-con-full e-flex e-con e-child\" data-id=\"9b7c5f7\" data-element_type=\"container\">\n\t\t\t\t<div class=\"elementor-element elementor-element-aac1845 elementor-widget elementor-widget-heading\" data-id=\"aac1845\" data-element_type=\"widget\" data-widget_type=\"heading.default\">\n\t\t\t\t<div class=\"elementor-widget-container\">\n\t\t\t\t\t<p class=\"elementor-heading-title elementor-size-default\"><a href=\"#\">SELECT one of categories:<\/a><\/p>\t\t\t\t<\/div>\n\t\t\t\t<\/div>\n\t\t\t\t<div class=\"elementor-element elementor-element-0fe9c9a elementor-widget elementor-widget-image\" data-id=\"0fe9c9a\" data-element_type=\"widget\" data-widget_type=\"image.default\">\n\t\t\t\t<div class=\"elementor-widget-container\">\n\t\t\t\t\t\t\t\t\t\t\t\t\t\t\t\t<a href=\"#\">\n\t\t\t\t\t\t\t<img loading=\"lazy\" decoding=\"async\" width=\"1707\" height=\"2560\" src=\"https:\/\/www.boyerjulien.com\/wp-content\/uploads\/2025\/05\/stationery-villa-balbiano-italy-homepage-scaled.webp\" class=\"attachment-full size-full wp-image-2133\" alt=\"Flat lay of luxurious, antique-style wedding stationery featuring gold calligraphy and a vintage ring, set on natural stone.\" \/>\t\t\t\t\t\t\t\t<\/a>\n\t\t\t\t\t\t\t\t\t\t\t\t\t\t\t<\/div>\n\t\t\t\t<\/div>\n\t\t\t\t<div class=\"elementor-element elementor-element-87afda7 elementor-widget elementor-widget-heading\" data-id=\"87afda7\" data-element_type=\"widget\" data-widget_type=\"heading.default\">\n\t\t\t\t<div class=\"elementor-widget-container\">\n\t\t\t\t\t<p class=\"elementor-heading-title elementor-size-default\"><a href=\"#\">editorial<\/a><\/p>\t\t\t\t<\/div>\n\t\t\t\t<\/div>\n\t\t\t\t<\/div>\n\t\t<div class=\"elementor-element elementor-element-7fb9823 e-con-full e-flex e-con e-child\" data-id=\"7fb9823\" data-element_type=\"container\">\n\t\t\t\t<div class=\"elementor-element elementor-element-430000d elementor-widget elementor-widget-heading\" data-id=\"430000d\" data-element_type=\"widget\" data-widget_type=\"heading.default\">\n\t\t\t\t<div class=\"elementor-widget-container\">\n\t\t\t\t\t<p class=\"elementor-heading-title elementor-size-default\"><a href=\"#\">love<\/a><\/p>\t\t\t\t<\/div>\n\t\t\t\t<\/div>\n\t\t\t\t<div class=\"elementor-element elementor-element-7b38429 elementor-widget elementor-widget-image\" data-id=\"7b38429\" data-element_type=\"widget\" data-widget_type=\"image.default\">\n\t\t\t\t<div class=\"elementor-widget-container\">\n\t\t\t\t\t\t\t\t\t\t\t\t\t\t\t\t<a href=\"#\">\n\t\t\t\t\t\t\t<img loading=\"lazy\" decoding=\"async\" width=\"1707\" height=\"2560\" src=\"https:\/\/www.boyerjulien.com\/wp-content\/uploads\/2025\/05\/mariage-chateau-de-la-gaude-aixenprovence-scaled.webp\" class=\"attachment-full size-full wp-image-2134\" alt=\"Poetic portrait of the bride holding a bouquet of fresh pastel flowers at sunset, in Provence.\" \/>\t\t\t\t\t\t\t\t<\/a>\n\t\t\t\t\t\t\t\t\t\t\t\t\t\t\t<\/div>\n\t\t\t\t<\/div>\n\t\t\t\t<\/div>\n\t\t\t\t<\/div>\n\t\t\t\t\t<\/div>\n\t\t\t\t<\/div>\n\t\t<div class=\"elementor-element elementor-element-c6f82c2 e-con-full e-flex e-con e-parent\" data-id=\"c6f82c2\" data-element_type=\"container\" data-settings=\"{&quot;background_background&quot;:&quot;classic&quot;}\">\n\t\t<div class=\"elementor-element elementor-element-137c682 e-con-full e-flex e-con e-child\" data-id=\"137c682\" data-element_type=\"container\">\n\t\t<div class=\"elementor-element elementor-element-ce2095a e-con-full e-flex e-con e-child\" data-id=\"ce2095a\" data-element_type=\"container\">\n\t\t\t\t<div class=\"elementor-element elementor-element-88038e3 elementor-widget-divider--view-line_text elementor-widget-divider--element-align-right elementor-widget elementor-widget-divider\" data-id=\"88038e3\" data-element_type=\"widget\" data-widget_type=\"divider.default\">\n\t\t\t\t<div class=\"elementor-widget-container\">\n\t\t\t\t\t\t\t<div class=\"elementor-divider\">\n\t\t\t<span class=\"elementor-divider-separator\">\n\t\t\t\t\t\t\t<span class=\"elementor-divider__text elementor-divider__element\">\n\t\t\t\tI am proud to be highlighted\t\t\t\t<\/span>\n\t\t\t\t\t\t<\/span>\n\t\t<\/div>\n\t\t\t\t\t\t<\/div>\n\t\t\t\t<\/div>\n\t\t\t\t<\/div>\n\t\t\t\t<\/div>\n\t\t<div class=\"elementor-element elementor-element-6b839d4 e-flex e-con-boxed e-con e-child\" data-id=\"6b839d4\" data-element_type=\"container\">\n\t\t\t\t\t<div class=\"e-con-inner\">\n\t\t\t\t<div class=\"elementor-element elementor-element-08da03a elementor-skin-carousel elementor-widget elementor-widget-media-carousel\" data-id=\"08da03a\" data-element_type=\"widget\" data-settings=\"{&quot;slides_per_view&quot;:&quot;5&quot;,&quot;slides_to_scroll&quot;:&quot;1&quot;,&quot;lazyload&quot;:&quot;yes&quot;,&quot;space_between&quot;:{&quot;unit&quot;:&quot;px&quot;,&quot;size&quot;:50,&quot;sizes&quot;:[]},&quot;slides_per_view_laptop&quot;:&quot;4&quot;,&quot;slides_per_view_tablet_extra&quot;:&quot;4&quot;,&quot;slides_per_view_tablet&quot;:&quot;4&quot;,&quot;slides_per_view_mobile_extra&quot;:&quot;3&quot;,&quot;skin&quot;:&quot;carousel&quot;,&quot;effect&quot;:&quot;slide&quot;,&quot;speed&quot;:500,&quot;autoplay&quot;:&quot;yes&quot;,&quot;autoplay_speed&quot;:5000,&quot;loop&quot;:&quot;yes&quot;,&quot;space_between_widescreen&quot;:{&quot;unit&quot;:&quot;px&quot;,&quot;size&quot;:10,&quot;sizes&quot;:[]},&quot;space_between_laptop&quot;:{&quot;unit&quot;:&quot;px&quot;,&quot;size&quot;:10,&quot;sizes&quot;:[]},&quot;space_between_tablet_extra&quot;:{&quot;unit&quot;:&quot;px&quot;,&quot;size&quot;:10,&quot;sizes&quot;:[]},&quot;space_between_tablet&quot;:{&quot;unit&quot;:&quot;px&quot;,&quot;size&quot;:10,&quot;sizes&quot;:[]},&quot;space_between_mobile_extra&quot;:{&quot;unit&quot;:&quot;px&quot;,&quot;size&quot;:10,&quot;sizes&quot;:[]},&quot;space_between_mobile&quot;:{&quot;unit&quot;:&quot;px&quot;,&quot;size&quot;:10,&quot;sizes&quot;:[]}}\" data-widget_type=\"media-carousel.default\">\n\t\t\t\t<div class=\"elementor-widget-container\">\n\t\t\t\t\t\t\t\t\t<div class=\"elementor-swiper\">\n\t\t\t\t\t<div class=\"elementor-main-swiper swiper\" role=\"region\" aria-roledescription=\"carousel\" aria-label=\"Diapositives\">\n\t\t\t\t<div class=\"swiper-wrapper\">\n\t\t\t\t\t\t\t\t\t\t\t<div class=\"swiper-slide\" role=\"group\" aria-roledescription=\"slide\">\n\t\t\t\t\t\t\t\t\t<div class=\"elementor-carousel-image swiper-lazy\" role=\"img\" aria-label=\"Black logo of Style Me Pretty, an American platform dedicated to elegant, high-end weddings.\" data-background=\"https:\/\/www.boyerjulien.com\/wp-content\/uploads\/2025\/05\/SMP_Black_Logo.webp\">\n\n\t\t\t\t\t\t\t<div class=\"swiper-lazy-preloader\"><\/div>\n\t\t\t\n\t\t\t\t\t<\/div>\n\t\t\t\t\t\t\t\t<\/div>\n\t\t\t\t\t\t\t\t\t\t\t<div class=\"swiper-slide\" role=\"group\" aria-roledescription=\"slide\">\n\t\t\t\t\t\t\t\t\t<div class=\"elementor-carousel-image swiper-lazy\" role=\"img\" aria-label=\"Black logo on a white background of Wedding Chicks, an international blog dedicated to creative weddings.\" data-background=\"https:\/\/www.boyerjulien.com\/wp-content\/uploads\/2025\/05\/WC-Logo-2.jpg.webp\">\n\n\t\t\t\t\t\t\t<div class=\"swiper-lazy-preloader\"><\/div>\n\t\t\t\n\t\t\t\t\t<\/div>\n\t\t\t\t\t\t\t\t<\/div>\n\t\t\t\t\t\t\t\t\t\t\t<div class=\"swiper-slide\" role=\"group\" aria-roledescription=\"slide\">\n\t\t\t\t\t\t\t\t\t<div class=\"elementor-carousel-image swiper-lazy\" role=\"img\" aria-label=\"Pink logo of La Mari\u00e9e Enjou\u00e9e, a French wedding blog with a joyful and refined style.\" data-background=\"https:\/\/www.boyerjulien.com\/wp-content\/uploads\/2025\/05\/LOGO-LME-ROSE-1-1.png\">\n\n\t\t\t\t\t\t\t<div class=\"swiper-lazy-preloader\"><\/div>\n\t\t\t\n\t\t\t\t\t<\/div>\n\t\t\t\t\t\t\t\t<\/div>\n\t\t\t\t\t\t\t\t\t<\/div>\n\t\t\t\t\t\t\t\t\t\t\t\t\t\t\t\t\t\t\t\t\t<\/div>\n\t\t\t\t<\/div>\n\t\t\t\t\t\t\t\t<\/div>\n\t\t\t\t<\/div>\n\t\t\t\t\t<\/div>\n\t\t\t\t<\/div>\n\t\t\t\t<\/div>\n\t\t<div class=\"elementor-element elementor-element-76921e0 e-con-full e-flex e-con e-parent\" data-id=\"76921e0\" data-element_type=\"container\" data-settings=\"{&quot;background_background&quot;:&quot;classic&quot;}\">\n\t\t<div class=\"elementor-element elementor-element-3b0786b e-con-full e-flex e-con e-child\" data-id=\"3b0786b\" data-element_type=\"container\">\n\t\t<div class=\"elementor-element elementor-element-a272115 e-con-full e-flex e-con e-child\" data-id=\"a272115\" data-element_type=\"container\">\n\t\t\t\t<div class=\"elementor-element elementor-element-87a065d elementor-widget-divider--view-line_text elementor-widget-divider--element-align-right elementor-widget elementor-widget-divider\" data-id=\"87a065d\" data-element_type=\"widget\" data-widget_type=\"divider.default\">\n\t\t\t\t<div class=\"elementor-widget-container\">\n\t\t\t\t\t\t\t<div class=\"elementor-divider\">\n\t\t\t<span class=\"elementor-divider-separator\">\n\t\t\t\t\t\t\t<span class=\"elementor-divider__text elementor-divider__element\">\n\t\t\t\tTestimonials\t\t\t\t<\/span>\n\t\t\t\t\t\t<\/span>\n\t\t<\/div>\n\t\t\t\t\t\t<\/div>\n\t\t\t\t<\/div>\n\t\t\t\t<\/div>\n\t\t\t\t<\/div>\n\t\t<div class=\"elementor-element elementor-element-ca68752 e-con-full e-flex e-con e-child\" data-id=\"ca68752\" data-element_type=\"container\">\n\t\t<div class=\"elementor-element elementor-element-1d29c2d e-flex e-con-boxed e-con e-child\" data-id=\"1d29c2d\" data-element_type=\"container\">\n\t\t\t\t\t<div class=\"e-con-inner\">\n\t\t\t\t<div class=\"elementor-element elementor-element-c311264 elementor-pagination-type-progressbar elementor-arrows-position-outside elementor-widget elementor-widget-n-carousel\" data-id=\"c311264\" data-element_type=\"widget\" data-settings=\"{&quot;carousel_items&quot;:[{&quot;slide_title&quot;:&quot;Hattie and Scott&quot;,&quot;_id&quot;:&quot;439fbcf&quot;},{&quot;slide_title&quot;:&quot;Diapositive N\\u00b02&quot;,&quot;_id&quot;:&quot;c049bd2&quot;},{&quot;slide_title&quot;:&quot;Diapositive N\\u00b03&quot;,&quot;_id&quot;:&quot;ac2347b&quot;}],&quot;slides_to_show&quot;:&quot;1&quot;,&quot;slides_to_scroll&quot;:&quot;1&quot;,&quot;pagination&quot;:&quot;progressbar&quot;,&quot;image_spacing_custom&quot;:{&quot;unit&quot;:&quot;px&quot;,&quot;size&quot;:39,&quot;sizes&quot;:[]},&quot;slides_to_show_laptop&quot;:&quot;1&quot;,&quot;slides_to_show_tablet_extra&quot;:&quot;1&quot;,&quot;slides_to_show_tablet&quot;:&quot;1&quot;,&quot;slides_to_scroll_laptop&quot;:&quot;1&quot;,&quot;slides_to_scroll_tablet_extra&quot;:&quot;1&quot;,&quot;slides_to_scroll_tablet&quot;:&quot;1&quot;,&quot;slides_to_show_mobile&quot;:&quot;1&quot;,&quot;infinite&quot;:&quot;yes&quot;,&quot;speed&quot;:500,&quot;offset_sides&quot;:&quot;none&quot;,&quot;arrows&quot;:&quot;yes&quot;,&quot;image_spacing_custom_widescreen&quot;:{&quot;unit&quot;:&quot;px&quot;,&quot;size&quot;:&quot;&quot;,&quot;sizes&quot;:[]},&quot;image_spacing_custom_laptop&quot;:{&quot;unit&quot;:&quot;px&quot;,&quot;size&quot;:&quot;&quot;,&quot;sizes&quot;:[]},&quot;image_spacing_custom_tablet_extra&quot;:{&quot;unit&quot;:&quot;px&quot;,&quot;size&quot;:&quot;&quot;,&quot;sizes&quot;:[]},&quot;image_spacing_custom_tablet&quot;:{&quot;unit&quot;:&quot;px&quot;,&quot;size&quot;:&quot;&quot;,&quot;sizes&quot;:[]},&quot;image_spacing_custom_mobile_extra&quot;:{&quot;unit&quot;:&quot;px&quot;,&quot;size&quot;:&quot;&quot;,&quot;sizes&quot;:[]},&quot;image_spacing_custom_mobile&quot;:{&quot;unit&quot;:&quot;px&quot;,&quot;size&quot;:&quot;&quot;,&quot;sizes&quot;:[]}}\" data-widget_type=\"nested-carousel.default\">\n\t\t\t\t<div class=\"elementor-widget-container\">\n\t\t\t\t\t\t\t<div class=\"e-n-carousel swiper\" role=\"region\" aria-roledescription=\"carousel\" aria-label=\"Carousel\" dir=\"ltr\">\n\t\t\t<div class=\"swiper-wrapper\" aria-live=\"polite\">\n\t\t\t\t\t\t\t\t\t\t<div class=\"swiper-slide\" data-slide=\"1\" role=\"group\" aria-roledescription=\"slide\" aria-label=\"1 of 3\">\n\t\t\t\t\t\t\t<div class=\"elementor-element elementor-element-ebf6795 e-flex e-con-boxed e-con e-child\" data-id=\"ebf6795\" data-element_type=\"container\">\n\t\t\t\t\t<div class=\"e-con-inner\">\n\t\t<div class=\"elementor-element elementor-element-15636a5 e-con-full e-flex e-con e-child\" data-id=\"15636a5\" data-element_type=\"container\">\n\t\t\t\t<div class=\"elementor-element elementor-element-1276735 elementor-widget elementor-widget-heading\" data-id=\"1276735\" data-element_type=\"widget\" data-widget_type=\"heading.default\">\n\t\t\t\t<div class=\"elementor-widget-container\">\n\t\t\t\t\t<p class=\"elementor-heading-title elementor-size-default\">Love and emotions<\/p>\t\t\t\t<\/div>\n\t\t\t\t<\/div>\n\t\t\t\t<div class=\"elementor-element elementor-element-472a8ee elementor-widget elementor-widget-heading\" data-id=\"472a8ee\" data-element_type=\"widget\" data-widget_type=\"heading.default\">\n\t\t\t\t<div class=\"elementor-widget-container\">\n\t\t\t\t\t<p class=\"elementor-heading-title elementor-size-default\">Emotion perfectly captured<\/p>\t\t\t\t<\/div>\n\t\t\t\t<\/div>\n\t\t\t\t<div class=\"elementor-element elementor-element-b4a860b elementor-widget elementor-widget-text-editor\" data-id=\"b4a860b\" data-element_type=\"widget\" data-widget_type=\"text-editor.default\">\n\t\t\t\t<div class=\"elementor-widget-container\">\n\t\t\t\t\t\t\t\t\t<p>Julien was an absolute pleasure to work with for our wedding photos! He was punctual, friendly, and warm, and made us feel like the center of attention on such a special day. His attention to detail truly shines through in our photos, and we\u2019re so grateful that he captured so many moments. He even worked \u201cextra hours\u201d for us, always with a smile. We would work with Julien again ten times over without hesitation \u2014 THANK YOU!    <\/p>\t\t\t\t\t\t\t\t<\/div>\n\t\t\t\t<\/div>\n\t\t\t\t<\/div>\n\t\t<div class=\"elementor-element elementor-element-c7d8b88 e-con-full e-flex e-con e-child\" data-id=\"c7d8b88\" data-element_type=\"container\">\n\t\t\t\t<div class=\"elementor-element elementor-element-70a9f38 elementor-widget elementor-widget-image\" data-id=\"70a9f38\" data-element_type=\"widget\" data-widget_type=\"image.default\">\n\t\t\t\t<div class=\"elementor-widget-container\">\n\t\t\t\t\t\t\t\t\t\t\t\t\t\t\t<img loading=\"lazy\" decoding=\"async\" width=\"1706\" height=\"2560\" src=\"https:\/\/www.boyerjulien.com\/wp-content\/uploads\/2025\/05\/Mariage-chateau-gassis-Hattie-et-scott-scaled.webp\" class=\"attachment-full size-full wp-image-2135\" alt=\"The newlyweds hold hands with a sense of closeness in front of an olive tree, in a lush green setting, with a natural and joyful atmosphere.\" \/>\t\t\t\t\t\t\t\t\t\t\t\t\t\t\t<\/div>\n\t\t\t\t<\/div>\n\t\t\t\t<\/div>\n\t\t\t\t\t<\/div>\n\t\t\t\t<\/div>\n\t\t\t\t\t\t\t\t<\/div>\n\t\t\t\t\t\t\t\t\t\t\t<div class=\"swiper-slide\" data-slide=\"2\" role=\"group\" aria-roledescription=\"slide\" aria-label=\"2 of 3\">\n\t\t\t\t\t\t\t<div class=\"elementor-element elementor-element-e8b8b91 e-flex e-con-boxed e-con e-child\" data-id=\"e8b8b91\" data-element_type=\"container\">\n\t\t\t\t\t<div class=\"e-con-inner\">\n\t\t<div class=\"elementor-element elementor-element-c9ee710 e-con-full e-flex e-con e-child\" data-id=\"c9ee710\" data-element_type=\"container\">\n\t\t\t\t<div class=\"elementor-element elementor-element-1892ac7 elementor-widget elementor-widget-heading\" data-id=\"1892ac7\" data-element_type=\"widget\" data-widget_type=\"heading.default\">\n\t\t\t\t<div class=\"elementor-widget-container\">\n\t\t\t\t\t<p class=\"elementor-heading-title elementor-size-default\">Memories etched for a lifetime<\/p>\t\t\t\t<\/div>\n\t\t\t\t<\/div>\n\t\t\t\t<div class=\"elementor-element elementor-element-9ae59e9 elementor-widget elementor-widget-heading\" data-id=\"9ae59e9\" data-element_type=\"widget\" data-widget_type=\"heading.default\">\n\t\t\t\t<div class=\"elementor-widget-container\">\n\t\t\t\t\t<p class=\"elementor-heading-title elementor-size-default\">So much more than a photographer<\/p>\t\t\t\t<\/div>\n\t\t\t\t<\/div>\n\t\t\t\t<div class=\"elementor-element elementor-element-773ca1e elementor-widget elementor-widget-text-editor\" data-id=\"773ca1e\" data-element_type=\"widget\" data-widget_type=\"text-editor.default\">\n\t\t\t\t<div class=\"elementor-widget-container\">\n\t\t\t\t\t\t\t\t\t<p>I chose Julien for my wedding, and I can only recommend him 100%! He is kind, smiling, attentive, and immediately understood what we wanted. He made us feel at ease, even during the couple photos, and his advice was invaluable from start to finish. His good mood is contagious and his work is outstanding. He\u2019s so much more than just a photographer!    <\/p>\t\t\t\t\t\t\t\t<\/div>\n\t\t\t\t<\/div>\n\t\t\t\t<\/div>\n\t\t<div class=\"elementor-element elementor-element-0e0b47c e-con-full e-flex e-con e-child\" data-id=\"0e0b47c\" data-element_type=\"container\">\n\t\t\t\t<div class=\"elementor-element elementor-element-d846034 elementor-widget elementor-widget-image\" data-id=\"d846034\" data-element_type=\"widget\" data-widget_type=\"image.default\">\n\t\t\t\t<div class=\"elementor-widget-container\">\n\t\t\t\t\t\t\t\t\t\t\t\t\t\t\t<img loading=\"lazy\" decoding=\"async\" width=\"1705\" height=\"2560\" src=\"https:\/\/www.boyerjulien.com\/wp-content\/uploads\/2025\/05\/mariage-villa-la-tosca-bassin-arcachon-temoignages-scaled.webp\" class=\"attachment-full size-full wp-image-2136\" alt=\"The newlyweds burst into laughter in front of a stone villa by the water, a moment full of spontaneity and love.\" \/>\t\t\t\t\t\t\t\t\t\t\t\t\t\t\t<\/div>\n\t\t\t\t<\/div>\n\t\t\t\t<\/div>\n\t\t\t\t\t<\/div>\n\t\t\t\t<\/div>\n\t\t\t\t\t\t\t\t<\/div>\n\t\t\t\t\t\t\t\t\t\t\t<div class=\"swiper-slide\" data-slide=\"3\" role=\"group\" aria-roledescription=\"slide\" aria-label=\"3 of 3\">\n\t\t\t\t\t\t\t<div class=\"elementor-element elementor-element-42c5c6a e-flex e-con-boxed e-con e-child\" data-id=\"42c5c6a\" data-element_type=\"container\">\n\t\t\t\t\t<div class=\"e-con-inner\">\n\t\t<div class=\"elementor-element elementor-element-1278993 e-con-full e-flex e-con e-child\" data-id=\"1278993\" data-element_type=\"container\">\n\t\t\t\t<div class=\"elementor-element elementor-element-a2238b9 elementor-widget elementor-widget-heading\" data-id=\"a2238b9\" data-element_type=\"widget\" data-widget_type=\"heading.default\">\n\t\t\t\t<div class=\"elementor-widget-container\">\n\t\t\t\t\t<p class=\"elementor-heading-title elementor-size-default\">Warm and authentic<\/p>\t\t\t\t<\/div>\n\t\t\t\t<\/div>\n\t\t\t\t<div class=\"elementor-element elementor-element-2f176d4 elementor-widget elementor-widget-heading\" data-id=\"2f176d4\" data-element_type=\"widget\" data-widget_type=\"heading.default\">\n\t\t\t\t<div class=\"elementor-widget-container\">\n\t\t\t\t\t<p class=\"elementor-heading-title elementor-size-default\">Capturing emotion with talent<\/p>\t\t\t\t<\/div>\n\t\t\t\t<\/div>\n\t\t\t\t<div class=\"elementor-element elementor-element-0a6bf3a elementor-widget elementor-widget-text-editor\" data-id=\"0a6bf3a\" data-element_type=\"widget\" data-widget_type=\"text-editor.default\">\n\t\t\t\t<div class=\"elementor-widget-container\">\n\t\t\t\t\t\t\t\t\t<p>Julien captured our wedding with remarkable sensitivity. Each photograph reflects the emotion and atmosphere of this unique day, with special attention paid to detail. Beyond his talent as a photographer, it was also his kind and reassuring presence that stood out: always smiling, discreet, and attentive. From start to finish, he made us feel confident and supported us with professionalism and good humor. A true added value to our day.    <\/p>\t\t\t\t\t\t\t\t<\/div>\n\t\t\t\t<\/div>\n\t\t\t\t<\/div>\n\t\t<div class=\"elementor-element elementor-element-acbd279 e-con-full e-flex e-con e-child\" data-id=\"acbd279\" data-element_type=\"container\">\n\t\t\t\t<div class=\"elementor-element elementor-element-72de58b elementor-widget elementor-widget-image\" data-id=\"72de58b\" data-element_type=\"widget\" data-widget_type=\"image.default\">\n\t\t\t\t<div class=\"elementor-widget-container\">\n\t\t\t\t\t\t\t\t\t\t\t\t\t\t\t<img loading=\"lazy\" decoding=\"async\" width=\"1707\" height=\"2560\" src=\"https:\/\/www.boyerjulien.com\/wp-content\/uploads\/2025\/05\/wedding-villa-vistarenni-tuscany-homepage-scaled.webp\" class=\"attachment-full size-full wp-image-2137\" alt=\"Newlyweds in a Tuscan garden, the bride\u2019s veil floating in the soft afternoon light of Italy.\" \/>\t\t\t\t\t\t\t\t\t\t\t\t\t\t\t<\/div>\n\t\t\t\t<\/div>\n\t\t\t\t<\/div>\n\t\t\t\t\t<\/div>\n\t\t\t\t<\/div>\n\t\t\t\t\t\t\t\t<\/div>\n\t\t\t\t\t\t\t\t<\/div>\n\t\t<\/div>\n\t\t\t\t\t<div class=\"elementor-swiper-button elementor-swiper-button-prev\" role=\"button\" tabindex=\"0\" aria-label=\"Previous\">\n\t\t\t\t<svg xmlns=\"http:\/\/www.w3.org\/2000\/svg\" width=\"483.000000pt\" height=\"2000.000000pt\" viewBox=\"0 0 483.000000 2000.000000\" preserveAspectRatio=\"xMidYMid meet\"><g transform=\"translate(0.000000,2000.000000) scale(0.100000,-0.100000)\" fill=\"#000000\" stroke=\"none\"><path d=\"M195 19780 l-55 -53 0 -426 0 -426 1815 -810 c998 -445 1812 -811 1809 -814 -3 -3 -818 -370 -1812 -816 l-1807 -811 -3 -439 -2 -439 52 -53 c44 -45 58 -53 88 -52 25 0 679 299 2240 1023 l2205 1022 3 541 2 540 -2207 1028 c-1215 566 -2222 1030 -2240 1033 -28 3 -40 -3 -88 -48z\"><\/path><path d=\"M4042 14007 l-52 -53 0 -1292 0 -1292 -615 0 -615 0 0 1110 c0 611 -3 1110 -7 1110 -5 0 -140 23 -302 49 l-295 50 -25 -21 c-14 -11 -43 -35 -63 -54 l-38 -35 0 -1104 0 -1105 -575 0 -575 0 0 1271 0 1270 -51 55 -52 54 -266 0 -267 0 -52 -53 -52 -53 0 -1710 0 -1710 53 -52 53 -52 2190 0 2190 0 52 53 52 53 0 1730 0 1730 -53 52 -53 52 -265 0 -265 0 -52 -53z\"><\/path><path d=\"M3730 8768 c-447 -420 -816 -764 -821 -766 -5 -2 -9 4 -9 12 0 41 -88 275 -151 401 -87 175 -176 301 -304 430 -277 280 -655 417 -1036 376 -295 -32 -521 -140 -730 -350 -308 -310 -484 -783 -529 -1426 -5 -77 -10 -577 -10 -1110 l0 -971 53 -52 53 -52 2190 0 2190 0 52 53 52 53 0 385 0 385 -53 52 -53 52 -802 0 -802 0 0 334 0 334 855 788 854 789 1 470 0 471 -53 52 c-46 46 -58 52 -94 52 -40 0 -49 -8 -853 -762z m-2064 -569 c220 -30 373 -149 484 -374 122 -247 150 -461 150 -1167 l0 -418 -710 0 -710 0 0 544 c0 579 6 684 51 861 105 412 362 606 735 554z\"><\/path><path d=\"M1351 4294 c-172 -29 -367 -109 -506 -209 -402 -288 -641 -834 -694 -1587 -7 -88 -11 -545 -11 -1140 l0 -994 53 -52 53 -52 2190 0 2190 0 52 53 52 53 0 385 0 385 -53 52 -53 52 -757 0 -757 0 0 563 c0 553 -5 674 -36 892 -76 543 -308 1024 -624 1292 -194 166 -413 267 -665 308 -111 18 -321 18 -434 -1z m417 -1020 c128 -26 214 -73 312 -173 116 -117 184 -247 235 -450 51 -202 57 -287 62 -868 l5 -543 -752 0 -751 0 4 623 c4 580 5 629 25 732 74 390 252 621 522 679 88 19 244 19 338 0z\"><\/path><\/g><\/svg>\t\t\t<\/div>\n\t\t\t<div class=\"elementor-swiper-button elementor-swiper-button-next\" role=\"button\" tabindex=\"0\" aria-label=\"Next\">\n\t\t\t\t<svg xmlns=\"http:\/\/www.w3.org\/2000\/svg\" width=\"483.000000pt\" height=\"2000.000000pt\" viewBox=\"0 0 483.000000 2000.000000\" preserveAspectRatio=\"xMidYMid meet\"><g transform=\"translate(0.000000,2000.000000) scale(0.100000,-0.100000)\" fill=\"#000000\" stroke=\"none\"><path d=\"M140 17762 l0 -2238 53 -52 53 -52 270 0 270 0 52 53 52 53 0 897 0 897 1868 0 1868 0 52 53 52 53 0 390 0 391 -54 52 -55 51 -1865 0 -1866 0 0 845 0 845 -375 0 -375 0 0 -2238z\"><\/path><path d=\"M3455 14175 c-605 -497 -1103 -904 -1106 -904 -3 -1 -442 360 -975 802 -533 441 -991 819 -1017 841 l-47 38 -85 -38 -85 -38 0 -436 0 -436 802 -645 c441 -354 810 -651 821 -659 17 -15 -32 -56 -802 -670 l-820 -655 -1 -478 0 -478 85 -40 85 -40 1022 848 c562 466 1027 851 1033 855 7 4 449 -351 1104 -887 l1092 -894 85 42 84 41 -1 436 0 435 -889 715 c-489 393 -889 717 -889 720 0 3 400 316 889 695 l889 690 1 483 0 483 -85 40 c-47 21 -86 39 -88 38 -1 0 -497 -407 -1102 -904z\"><\/path><path d=\"M4042 9607 l-52 -53 0 -1292 0 -1292 -615 0 -615 0 0 1110 c0 611 -3 1110 -7 1110 -5 0 -140 23 -302 49 l-295 50 -25 -21 c-14 -11 -43 -35 -63 -54 l-38 -35 0 -1104 0 -1105 -575 0 -575 0 0 1271 0 1270 -51 55 -52 54 -266 0 -267 0 -52 -53 -52 -53 0 -1710 0 -1710 53 -52 53 -52 2190 0 2190 0 52 53 52 53 0 1730 0 1730 -53 52 -53 52 -265 0 -265 0 -52 -53z\"><\/path><path d=\"M192 4527 l-52 -53 0 -370 0 -370 53 -52 53 -52 1571 -2 1572 -3 -482 -412 c-265 -227 -995 -850 -1622 -1386 l-1140 -973 -3 -427 -2 -427 2295 0 2295 0 0 363 0 363 -53 52 -53 52 -1562 0 -1563 0 79 68 c44 37 184 156 313 264 129 109 819 694 1534 1300 l1300 1103 3 455 2 454 -52 53 -52 53 -2191 0 -2191 0 -52 -53z\"><\/path><\/g><\/svg>\t\t\t<\/div>\n\t\t\t\t\t<div class=\"swiper-pagination\"><\/div>\n\t\t\t\t\t\t<\/div>\n\t\t\t\t<\/div>\n\t\t\t\t\t<\/div>\n\t\t\t\t<\/div>\n\t\t\t\t<\/div>\n\t\t\t\t<\/div>\n\t\t<div class=\"elementor-element elementor-element-12aa2ef e-flex e-con-boxed e-con e-parent\" data-id=\"12aa2ef\" data-element_type=\"container\">\n\t\t\t\t\t<div class=\"e-con-inner\">\n\t\t\t\t<div class=\"elementor-element elementor-element-5e80be8 elementor-widget elementor-widget-spacer\" data-id=\"5e80be8\" data-element_type=\"widget\" data-widget_type=\"spacer.default\">\n\t\t\t\t<div class=\"elementor-widget-container\">\n\t\t\t\t\t\t\t<div class=\"elementor-spacer\">\n\t\t\t<div class=\"elementor-spacer-inner\"><\/div>\n\t\t<\/div>\n\t\t\t\t\t\t<\/div>\n\t\t\t\t<\/div>\n\t\t\t\t<div class=\"elementor-element elementor-element-650df7f elementor-widget elementor-widget-heading\" data-id=\"650df7f\" data-element_type=\"widget\" data-widget_type=\"heading.default\">\n\t\t\t\t<div class=\"elementor-widget-container\">\n\t\t\t\t\t<h2 class=\"elementor-heading-title elementor-size-default\">When should you book your wedding photographer?\n<\/h2>\t\t\t\t<\/div>\n\t\t\t\t<\/div>\n\t\t\t\t<div class=\"elementor-element elementor-element-37ecf2d elementor-widget elementor-widget-text-editor\" data-id=\"37ecf2d\" data-element_type=\"widget\" data-widget_type=\"text-editor.default\">\n\t\t\t\t<div class=\"elementor-widget-container\">\n\t\t\t\t\t\t\t\t\t<p><span style=\"font-weight: 400;\">I recommend contacting me as soon as your date and venue are confirmed, ideally 9 to 18 months in advance. In \u00cele-de-France, certain periods are in high demand, and my schedule fills up quickly, especially between May and September. <\/span><\/p>\t\t\t\t\t\t\t\t<\/div>\n\t\t\t\t<\/div>\n\t\t\t\t\t<\/div>\n\t\t\t\t<\/div>\n\t\t<div class=\"elementor-element elementor-element-a4d3f53 e-flex e-con-boxed e-con e-parent\" data-id=\"a4d3f53\" data-element_type=\"container\">\n\t\t\t\t\t<div class=\"e-con-inner\">\n\t\t\t\t<div class=\"elementor-element elementor-element-0387202 elementor-widget elementor-widget-heading\" data-id=\"0387202\" data-element_type=\"widget\" data-widget_type=\"heading.default\">\n\t\t\t\t<div class=\"elementor-widget-container\">\n\t\t\t\t\t<h2 class=\"elementor-heading-title elementor-size-default\">How can you know if I\u2019m the right photographer for your wedding?\n<\/h2>\t\t\t\t<\/div>\n\t\t\t\t<\/div>\n\t\t\t\t<div class=\"elementor-element elementor-element-80ba409 elementor-widget elementor-widget-text-editor\" data-id=\"80ba409\" data-element_type=\"widget\" data-widget_type=\"text-editor.default\">\n\t\t\t\t<div class=\"elementor-widget-container\">\n\t\t\t\t\t\t\t\t\t<p><span style=\"font-weight: 400;\">I always recommend looking at a complete wedding reportage, not just a few highlighted photos. During our conversations, I also take the time to understand your relationship, your expectations, and your sensibilities. The right choice depends as much on style as on chemistry and trust.  <\/span><\/p>\t\t\t\t\t\t\t\t<\/div>\n\t\t\t\t<\/div>\n\t\t\t\t\t<\/div>\n\t\t\t\t<\/div>\n\t\t<div class=\"elementor-element elementor-element-57fee74 e-flex e-con-boxed e-con e-parent\" data-id=\"57fee74\" data-element_type=\"container\">\n\t\t\t\t\t<div class=\"e-con-inner\">\n\t\t\t\t<div class=\"elementor-element elementor-element-0f45d7e elementor-widget elementor-widget-heading\" data-id=\"0f45d7e\" data-element_type=\"widget\" data-widget_type=\"heading.default\">\n\t\t\t\t<div class=\"elementor-widget-container\">\n\t\t\t\t\t<h2 class=\"elementor-heading-title elementor-size-default\">How long will I be present on your wedding day?\n<\/h2>\t\t\t\t<\/div>\n\t\t\t\t<\/div>\n\t\t\t\t<div class=\"elementor-element elementor-element-1fd2bc8 elementor-widget elementor-widget-text-editor\" data-id=\"1fd2bc8\" data-element_type=\"widget\" data-widget_type=\"text-editor.default\">\n\t\t\t\t<div class=\"elementor-widget-container\">\n\t\t\t\t\t\t\t\t\t<p><span style=\"font-weight: 400;\">I offer different packages, with coverage ranging from the preparations to the evening celebration. I always tailor the duration to your schedule to capture all the important moments, without stress or rush. <\/span><\/p>\t\t\t\t\t\t\t\t<\/div>\n\t\t\t\t<\/div>\n\t\t\t\t\t<\/div>\n\t\t\t\t<\/div>\n\t\t<div class=\"elementor-element elementor-element-bdbe344 e-flex e-con-boxed e-con e-parent\" data-id=\"bdbe344\" data-element_type=\"container\">\n\t\t\t\t\t<div class=\"e-con-inner\">\n\t\t\t\t<div class=\"elementor-element elementor-element-e19477b elementor-widget elementor-widget-heading\" data-id=\"e19477b\" data-element_type=\"widget\" data-widget_type=\"heading.default\">\n\t\t\t\t<div class=\"elementor-widget-container\">\n\t\t\t\t\t<h2 class=\"elementor-heading-title elementor-size-default\">Are all the photos edited?\n<\/h2>\t\t\t\t<\/div>\n\t\t\t\t<\/div>\n\t\t\t\t<div class=\"elementor-element elementor-element-f4950d5 elementor-widget elementor-widget-text-editor\" data-id=\"f4950d5\" data-element_type=\"widget\" data-widget_type=\"text-editor.default\">\n\t\t\t\t<div class=\"elementor-widget-container\">\n\t\t\t\t\t\t\t\t\t<p><span style=\"font-weight: 400;\">Yes. I carefully select the images and edit them one by one, in a natural and timeless style. My goal is to deliver a cohesive, elegant reportage that stays true to the atmosphere of your wedding.  <\/span><\/p>\t\t\t\t\t\t\t\t<\/div>\n\t\t\t\t<\/div>\n\t\t\t\t\t<\/div>\n\t\t\t\t<\/div>\n\t\t<div class=\"elementor-element elementor-element-37c7c68 e-flex e-con-boxed e-con e-parent\" data-id=\"37c7c68\" data-element_type=\"container\">\n\t\t\t\t\t<div class=\"e-con-inner\">\n\t\t\t\t<div class=\"elementor-element elementor-element-82e2e56 elementor-widget elementor-widget-heading\" data-id=\"82e2e56\" data-element_type=\"widget\" data-widget_type=\"heading.default\">\n\t\t\t\t<div class=\"elementor-widget-container\">\n\t\t\t\t\t<h2 class=\"elementor-heading-title elementor-size-default\">What if you\u2019re not comfortable in front of the camera?\n<\/h2>\t\t\t\t<\/div>\n\t\t\t\t<\/div>\n\t\t\t\t<div class=\"elementor-element elementor-element-0094056 elementor-widget elementor-widget-text-editor\" data-id=\"0094056\" data-element_type=\"widget\" data-widget_type=\"text-editor.default\">\n\t\t\t\t<div class=\"elementor-widget-container\">\n\t\t\t\t\t\t\t\t\t<p><span style=\"font-weight: 400;\">This is a very common and perfectly normal concern. My approach is based on discretion and guidance. I gently direct you when needed, while focusing on spontaneous moments. Very quickly, you forget the camera is even there.   <\/span><\/p>\t\t\t\t\t\t\t\t<\/div>\n\t\t\t\t<\/div>\n\t\t\t\t\t<\/div>\n\t\t\t\t<\/div>\n\t\t<div class=\"elementor-element elementor-element-c655b7f e-flex e-con-boxed e-con e-parent\" data-id=\"c655b7f\" data-element_type=\"container\">\n\t\t\t\t\t<div class=\"e-con-inner\">\n\t\t\t\t<div class=\"elementor-element elementor-element-46b7e25 elementor-widget elementor-widget-heading\" data-id=\"46b7e25\" data-element_type=\"widget\" data-widget_type=\"heading.default\">\n\t\t\t\t<div class=\"elementor-widget-container\">\n\t\t\t\t\t<h2 class=\"elementor-heading-title elementor-size-default\">What is the turnaround time for receiving the photos?\n<\/h2>\t\t\t\t<\/div>\n\t\t\t\t<\/div>\n\t\t\t\t<div class=\"elementor-element elementor-element-74d133e elementor-widget elementor-widget-text-editor\" data-id=\"74d133e\" data-element_type=\"widget\" data-widget_type=\"text-editor.default\">\n\t\t\t\t<div class=\"elementor-widget-container\">\n\t\t\t\t\t\t\t\t\t<p><span style=\"font-weight: 400;\">After your wedding, I usually send a first sneak peek, followed by the fully edited reportage within a few weeks. I always prioritize quality over speed. <\/span><\/p>\t\t\t\t\t\t\t\t<\/div>\n\t\t\t\t<\/div>\n\t\t\t\t\t<\/div>\n\t\t\t\t<\/div>\n\t\t<div class=\"elementor-element elementor-element-4cecbcc e-flex e-con-boxed e-con e-parent\" data-id=\"4cecbcc\" data-element_type=\"container\">\n\t\t\t\t\t<div class=\"e-con-inner\">\n\t\t\t\t<div class=\"elementor-element elementor-element-78d5f63 elementor-widget elementor-widget-heading\" data-id=\"78d5f63\" data-element_type=\"widget\" data-widget_type=\"heading.default\">\n\t\t\t\t<div class=\"elementor-widget-container\">\n\t\t\t\t\t<h2 class=\"elementor-heading-title elementor-size-default\">Do you offer photo sessions before or after the wedding?\n<\/h2>\t\t\t\t<\/div>\n\t\t\t\t<\/div>\n\t\t\t\t<div class=\"elementor-element elementor-element-d5c047c elementor-widget elementor-widget-text-editor\" data-id=\"d5c047c\" data-element_type=\"widget\" data-widget_type=\"text-editor.default\">\n\t\t\t\t<div class=\"elementor-widget-container\">\n\t\t\t\t\t\t\t\t\t<p><span style=\"font-weight: 400;\">Yes, I offer engagement sessions before the wedding, which are ideal for getting to know each other and feeling more comfortable on the big day, as well as couple sessions after the wedding. These moments allow for more posed images in a different setting. <\/span><\/p>\t\t\t\t\t\t\t\t<\/div>\n\t\t\t\t<\/div>\n\t\t\t\t\t<\/div>\n\t\t\t\t<\/div>\n\t\t<div class=\"elementor-element elementor-element-fc459b4 e-flex e-con-boxed e-con e-parent\" data-id=\"fc459b4\" data-element_type=\"container\">\n\t\t\t\t\t<div class=\"e-con-inner\">\n\t\t\t\t<div class=\"elementor-element elementor-element-cd355b7 elementor-widget elementor-widget-heading\" data-id=\"cd355b7\" data-element_type=\"widget\" data-widget_type=\"heading.default\">\n\t\t\t\t<div class=\"elementor-widget-container\">\n\t\t\t\t\t<h2 class=\"elementor-heading-title elementor-size-default\">What should you discuss during your first contact with your photographer?\n<\/h2>\t\t\t\t<\/div>\n\t\t\t\t<\/div>\n\t\t\t\t<div class=\"elementor-element elementor-element-b612d50 elementor-widget elementor-widget-text-editor\" data-id=\"b612d50\" data-element_type=\"widget\" data-widget_type=\"text-editor.default\">\n\t\t\t\t<div class=\"elementor-widget-container\">\n\t\t\t\t\t\t\t\t\t<p><span style=\"font-weight: 400;\">During our first conversation, I invite you to tell me about your story, your vision for the wedding, and your priorities. On my side, I explain how I work, my approach to wedding reportage, and answer all your questions with complete transparency. <\/span><\/p>\t\t\t\t\t\t\t\t<\/div>\n\t\t\t\t<\/div>\n\t\t\t\t\t<\/div>\n\t\t\t\t<\/div>\n\t\t<div class=\"elementor-element elementor-element-56665ae e-flex e-con-boxed e-con e-parent\" data-id=\"56665ae\" data-element_type=\"container\">\n\t\t\t\t\t<div class=\"e-con-inner\">\n\t\t\t\t<div class=\"elementor-element elementor-element-d9c1674 elementor-widget elementor-widget-shortcode\" data-id=\"d9c1674\" data-element_type=\"widget\" data-widget_type=\"shortcode.default\">\n\t\t\t\t<div class=\"elementor-widget-container\">\n\t\t\t\t\t\t\t<div class=\"elementor-shortcode\"><script type=\"application\/ld+json\">{\n  \"@context\": \"https:\/\/schema.org\",\n  \"@type\": \"FAQPage\",\n  \"mainEntity\": [\n    {\n      \"@type\": \"Question\",\n      \"name\": \"Quand faut-il r\u00e9server son photographe de mariage ?\",\n      \"acceptedAnswer\": {\n        \"@type\": \"Answer\",\n        \"text\": \"Je recommande de me contacter d\u00e8s que votre date et votre lieu sont confirm\u00e9s, id\u00e9alement 9 \u00e0 12 mois \u00e0 l\u2019avance. En \u00cele-de-France, certaines p\u00e9riodes sont tr\u00e8s demand\u00e9es et mon agenda se remplit rapidement, notamment entre mai et septembre.\"\n      }\n    },\n    {\n      \"@type\": \"Question\",\n      \"name\": \"Comment savoir si je suis le bon photographe pour votre mariage ?\",\n      \"acceptedAnswer\": {\n        \"@type\": \"Answer\",\n        \"text\": \"Je conseille toujours de regarder un reportage complet, pas seulement quelques photos mises en avant. Lors de nos \u00e9changes, je prends aussi le temps de comprendre votre couple, vos attentes et votre sensibilit\u00e9. Le bon choix repose autant sur le style que sur le feeling et la confiance.\"\n      }\n    },\n    {\n      \"@type\": \"Question\",\n      \"name\": \"Combien de temps suis-je pr\u00e9sent le jour du mariage ?\",\n      \"acceptedAnswer\": {\n        \"@type\": \"Answer\",\n        \"text\": \"Je propose diff\u00e9rentes formules, avec une pr\u00e9sence pouvant aller des pr\u00e9paratifs jusqu\u2019\u00e0 la soir\u00e9e. J\u2019adapte toujours la dur\u00e9e \u00e0 votre planning afin de couvrir tous les moments importants, sans stress ni pr\u00e9cipitation.\"\n      }\n    },\n    {\n      \"@type\": \"Question\",\n      \"name\": \"Est-ce que toutes les photos sont retouch\u00e9es ?\",\n      \"acceptedAnswer\": {\n        \"@type\": \"Answer\",\n        \"text\": \"Oui. Je s\u00e9lectionne soigneusement les images et je les retouche une par une, dans un style naturel et intemporel. Mon objectif est de vous livrer un reportage coh\u00e9rent, \u00e9l\u00e9gant et fid\u00e8le \u00e0 l\u2019ambiance de votre mariage.\"\n      }\n    },\n    {\n      \"@type\": \"Question\",\n      \"name\": \"Et si vous n\u2019\u00eates pas \u00e0 l\u2019aise devant l\u2019objectif ?\",\n      \"acceptedAnswer\": {\n        \"@type\": \"Answer\",\n        \"text\": \"C\u2019est une inqui\u00e9tude tr\u00e8s fr\u00e9quente, et parfaitement normale. Mon approche est bas\u00e9e sur la discr\u00e9tion et l\u2019accompagnement. Je vous guide en douceur quand c\u2019est n\u00e9cessaire, tout en privil\u00e9giant les moments spontan\u00e9s. Tr\u00e8s vite, vous oubliez l\u2019appareil photo.\"\n      }\n    },\n    {\n      \"@type\": \"Question\",\n      \"name\": \"Quels sont les d\u00e9lais de livraison des photos ?\",\n      \"acceptedAnswer\": {\n        \"@type\": \"Answer\",\n        \"text\": \"Apr\u00e8s votre mariage, j\u2019envoie g\u00e9n\u00e9ralement un premier aper\u00e7u en avant-premi\u00e8re, puis l\u2019int\u00e9gralit\u00e9 du reportage retouch\u00e9 sous quelques semaines. Je privil\u00e9gie toujours la qualit\u00e9 \u00e0 la pr\u00e9cipitation.\"\n      }\n    },\n    {\n      \"@type\": \"Question\",\n      \"name\": \"Proposez-vous des s\u00e9ances photo avant ou apr\u00e8s le mariage ?\",\n      \"acceptedAnswer\": {\n        \"@type\": \"Answer\",\n        \"text\": \"Oui, je propose des s\u00e9ances engagement avant le mariage, id\u00e9ales pour faire connaissance et \u00eatre plus \u00e0 l\u2019aise le jour J, ainsi que des s\u00e9ances couple apr\u00e8s le mariage. Ces moments permettent de cr\u00e9er des images plus pos\u00e9es, dans un cadre diff\u00e9rent.\"\n      }\n    },\n    {\n      \"@type\": \"Question\",\n      \"name\": \"Qu\u2019aborder lors du premier contact avec votre photographe ?\",\n      \"acceptedAnswer\": {\n        \"@type\": \"Answer\",\n        \"text\": \"Lors de notre premier \u00e9change, je vous invite \u00e0 me parler de votre histoire, de votre vision du mariage et de vos priorit\u00e9s. De mon c\u00f4t\u00e9, je vous explique ma fa\u00e7on de travailler, mon approche du reportage et je r\u00e9ponds \u00e0 toutes vos questions, en toute transparence.\"\n      }\n    }\n  ]\n}\n<\/script><\/div>\n\t\t\t\t\t\t<\/div>\n\t\t\t\t<\/div>\n\t\t\t\t\t<\/div>\n\t\t\t\t<\/div>\n\t\t<div class=\"elementor-element elementor-element-f6cb3f8 e-flex e-con-boxed e-con e-parent\" data-id=\"f6cb3f8\" data-element_type=\"container\">\n\t\t\t\t\t<div class=\"e-con-inner\">\n\t\t\t\t\t<\/div>\n\t\t\t\t<\/div>\n\t\t\t\t<\/div>\n\t\t","protected":false},"excerpt":{"rendered":"<p>Wedding photographer \u00cele-de-France Choosing a wedding photographer in \u00cele-de-France is above all about finding a perspective capable of telling your [&hellip;]<\/p>\n","protected":false},"author":4,"featured_media":0,"parent":3854,"menu_order":0,"comment_status":"closed","ping_status":"closed","template":"","meta":{"_seopress_robots_primary_cat":"","_seopress_titles_title":"Wedding Photographer in \u00cele-de-France | Book Julien Boyer","_seopress_titles_desc":"As a wedding photographer in \u00cele-de-France, I support you in creating a natural, harmonious reportage that stays true to your story.","_seopress_robots_index":"","site-sidebar-layout":"no-sidebar","site-content-layout":"","ast-site-content-layout":"full-width-container","site-content-style":"default","site-sidebar-style":"default","ast-global-header-display":"","ast-banner-title-visibility":"","ast-main-header-display":"","ast-hfb-above-header-display":"","ast-hfb-below-header-display":"","ast-hfb-mobile-header-display":"","site-post-title":"disabled","ast-breadcrumbs-content":"","ast-featured-img":"disabled","footer-sml-layout":"","ast-disable-related-posts":"","theme-transparent-header-meta":"","adv-header-id-meta":"","stick-header-meta":"","header-above-stick-meta":"","header-main-stick-meta":"","header-below-stick-meta":"","astra-migrate-meta-layouts":"default","ast-page-background-enabled":"default","ast-page-background-meta":{"desktop":{"background-color":"var(--ast-global-color-5)","background-image":"","background-repeat":"repeat","background-position":"center center","background-size":"auto","background-attachment":"scroll","background-type":"","background-media":"","overlay-type":"","overlay-color":"","overlay-opacity":"","overlay-gradient":""},"tablet":{"background-color":"","background-image":"","background-repeat":"repeat","background-position":"center center","background-size":"auto","background-attachment":"scroll","background-type":"","background-media":"","overlay-type":"","overlay-color":"","overlay-opacity":"","overlay-gradient":""},"mobile":{"background-color":"","background-image":"","background-repeat":"repeat","background-position":"center center","background-size":"auto","background-attachment":"scroll","background-type":"","background-media":"","overlay-type":"","overlay-color":"","overlay-opacity":"","overlay-gradient":""}},"ast-content-background-meta":{"desktop":{"background-color":"var(--ast-global-color-4)","background-image":"","background-repeat":"repeat","background-position":"center center","background-size":"auto","background-attachment":"scroll","background-type":"","background-media":"","overlay-type":"","overlay-color":"","overlay-opacity":"","overlay-gradient":""},"tablet":{"background-color":"var(--ast-global-color-4)","background-image":"","background-repeat":"repeat","background-position":"center center","background-size":"auto","background-attachment":"scroll","background-type":"","background-media":"","overlay-type":"","overlay-color":"","overlay-opacity":"","overlay-gradient":""},"mobile":{"background-color":"var(--ast-global-color-4)","background-image":"","background-repeat":"repeat","background-position":"center center","background-size":"auto","background-attachment":"scroll","background-type":"","background-media":"","overlay-type":"","overlay-color":"","overlay-opacity":"","overlay-gradient":""}},"footnotes":""},"class_list":["post-4037","page","type-page","status-publish","hentry"],"_links":{"self":[{"href":"https:\/\/www.boyerjulien.com\/en\/wp-json\/wp\/v2\/pages\/4037","targetHints":{"allow":["GET"]}}],"collection":[{"href":"https:\/\/www.boyerjulien.com\/en\/wp-json\/wp\/v2\/pages"}],"about":[{"href":"https:\/\/www.boyerjulien.com\/en\/wp-json\/wp\/v2\/types\/page"}],"author":[{"embeddable":true,"href":"https:\/\/www.boyerjulien.com\/en\/wp-json\/wp\/v2\/users\/4"}],"replies":[{"embeddable":true,"href":"https:\/\/www.boyerjulien.com\/en\/wp-json\/wp\/v2\/comments?post=4037"}],"version-history":[{"count":0,"href":"https:\/\/www.boyerjulien.com\/en\/wp-json\/wp\/v2\/pages\/4037\/revisions"}],"up":[{"embeddable":true,"href":"https:\/\/www.boyerjulien.com\/en\/wp-json\/wp\/v2\/pages\/3854"}],"wp:attachment":[{"href":"https:\/\/www.boyerjulien.com\/en\/wp-json\/wp\/v2\/media?parent=4037"}],"curies":[{"name":"wp","href":"https:\/\/api.w.org\/{rel}","templated":true}]}}