{"id":3947,"date":"2025-12-20T16:49:01","date_gmt":"2025-12-20T15:49:01","guid":{"rendered":"https:\/\/www.boyerjulien.com\/wedding-photographer\/wedding-photographer-france\/wedding-photographer-in-nouvelle-aquitaine\/wedding-photographer-in-the-basque-country\/"},"modified":"2026-01-01T09:50:16","modified_gmt":"2026-01-01T08:50:16","slug":"wedding-photographer-in-the-basque-country","status":"publish","type":"page","link":"https:\/\/www.boyerjulien.com\/en\/wedding-photographer\/wedding-photographer-france\/wedding-photographer-in-nouvelle-aquitaine\/wedding-photographer-in-the-basque-country\/","title":{"rendered":"Wedding photographer in the Basque Country"},"content":{"rendered":"\t\t<div data-elementor-type=\"wp-page\" data-elementor-id=\"3947\" class=\"elementor elementor-3947 elementor-3210\" data-elementor-post-type=\"page\">\n\t\t\t\t<div class=\"elementor-element elementor-element-3fb904be e-con-full e-flex e-con e-parent\" data-id=\"3fb904be\" data-element_type=\"container\" data-settings=\"{&quot;background_background&quot;:&quot;classic&quot;}\">\n\t\t<div class=\"elementor-element elementor-element-5cc4b733 e-con-full e-flex e-con e-child\" data-id=\"5cc4b733\" data-element_type=\"container\">\n\t\t\t\t<div class=\"elementor-element elementor-element-2ee27795 elementor-widget elementor-widget-heading\" data-id=\"2ee27795\" data-element_type=\"widget\" data-widget_type=\"heading.default\">\n\t\t\t\t<div class=\"elementor-widget-container\">\n\t\t\t\t\t<h1 class=\"elementor-heading-title elementor-size-default\">Wedding photographer in the Basque Country\n<\/h1>\t\t\t\t<\/div>\n\t\t\t\t<\/div>\n\t\t\t\t<\/div>\n\t\t\t\t<\/div>\n\t\t<div class=\"elementor-element elementor-element-3ac66e1 e-flex e-con-boxed e-con e-parent\" data-id=\"3ac66e1\" data-element_type=\"container\">\n\t\t\t\t\t<div class=\"e-con-inner\">\n\t\t<div class=\"elementor-element elementor-element-98b4baf e-con-full e-flex e-con e-child\" data-id=\"98b4baf\" data-element_type=\"container\">\n\t\t\t\t<div class=\"elementor-element elementor-element-2b64b8a elementor-widget elementor-widget-text-editor\" data-id=\"2b64b8a\" data-element_type=\"widget\" data-widget_type=\"text-editor.default\">\n\t\t\t\t<div class=\"elementor-widget-container\">\n\t\t\t\t\t\t\t\t\t<p><span style=\"font-weight: 400;\">Photographing a wedding in the Basque Country means telling the story of a day shaped by the ocean, the mountains, vibrant colors, and the energy of this unique region. I\u2019m Julien Boyer, a wedding photographer, and I work with couples all along the coast and throughout the Basque hinterland to capture natural, vibrant, and deeply human images. <\/span><\/p>\t\t\t\t\t\t\t\t<\/div>\n\t\t\t\t<\/div>\n\t\t\t\t<div class=\"elementor-element elementor-element-4cecc66 elementor-align-center elementor-widget elementor-widget-button\" data-id=\"4cecc66\" data-element_type=\"widget\" data-widget_type=\"button.default\">\n\t\t\t\t<div class=\"elementor-widget-container\">\n\t\t\t\t\t\t\t\t\t<div class=\"elementor-button-wrapper\">\n\t\t\t\t\t<a class=\"elementor-button elementor-button-link elementor-size-sm\" href=\"#contact\">\n\t\t\t\t\t\t<span class=\"elementor-button-content-wrapper\">\n\t\t\t\t\t\t\t\t\t<span class=\"elementor-button-text\">CONTACT ME<\/span>\n\t\t\t\t\t<\/span>\n\t\t\t\t\t<\/a>\n\t\t\t\t<\/div>\n\t\t\t\t\t\t\t\t<\/div>\n\t\t\t\t<\/div>\n\t\t\t\t<\/div>\n\t\t<div class=\"elementor-element elementor-element-d4b07f2 e-con-full e-flex e-con e-child\" data-id=\"d4b07f2\" data-element_type=\"container\">\n\t\t\t\t<div class=\"elementor-element elementor-element-7025f33 elementor-widget elementor-widget-heading\" data-id=\"7025f33\" data-element_type=\"widget\" data-widget_type=\"heading.default\">\n\t\t\t\t<div class=\"elementor-widget-container\">\n\t\t\t\t\t<h2 class=\"elementor-heading-title elementor-size-default\">A wedding photographer in the Basque Country for a vibrant and authentic reportage\n<\/h2>\t\t\t\t<\/div>\n\t\t\t\t<\/div>\n\t\t\t\t<div class=\"elementor-element elementor-element-d5cadee elementor-widget elementor-widget-text-editor\" data-id=\"d5cadee\" data-element_type=\"widget\" data-widget_type=\"text-editor.default\">\n\t\t\t\t<div class=\"elementor-widget-container\">\n\t\t\t\t\t\t\t\t\t<p><span style=\"font-weight: 400;\">The Basque Country has a very strong identity: traditions, architecture, contrasting landscapes, and ever-changing light.<\/span><br><span style=\"font-weight: 400;\">Whether it\u2019s a wedding on the beach, in a white-and-red village, in the heart of the mountains, or in a traditional inn, this region always brings character to wedding reportages.<\/span><\/p>\n<p><span style=\"font-weight: 400;\">My approach is centered on emotion. I photograph what you truly experience, without forced posing, to offer you a reportage that feels like you. <\/span><\/p>\t\t\t\t\t\t\t\t<\/div>\n\t\t\t\t<\/div>\n\t\t\t\t<\/div>\n\t\t\t\t\t<\/div>\n\t\t\t\t<\/div>\n\t\t<div class=\"elementor-element elementor-element-d82a358 e-flex e-con-boxed e-con e-parent\" data-id=\"d82a358\" data-element_type=\"container\" data-settings=\"{&quot;background_background&quot;:&quot;classic&quot;}\">\n\t\t\t\t\t<div class=\"e-con-inner\">\n\t\t<div class=\"elementor-element elementor-element-cc129d9 e-con-full e-flex e-con e-child\" data-id=\"cc129d9\" data-element_type=\"container\">\n\t\t<div class=\"elementor-element elementor-element-3a0ae32 e-con-full e-flex e-con e-child\" data-id=\"3a0ae32\" data-element_type=\"container\">\n\t\t\t\t<div class=\"elementor-element elementor-element-d73b6a1 elementor-widget elementor-widget-image\" data-id=\"d73b6a1\" data-element_type=\"widget\" data-widget_type=\"image.default\">\n\t\t\t\t<div class=\"elementor-widget-container\">\n\t\t\t\t\t\t\t\t\t\t\t\t\t\t\t<img fetchpriority=\"high\" decoding=\"async\" width=\"1707\" height=\"2560\" src=\"https:\/\/www.boyerjulien.com\/wp-content\/uploads\/2025\/05\/wedding-villa-pizzo-italy-homepage-scaled.webp\" class=\"attachment-full size-full wp-image-2142\" alt=\"The newlyweds walk hand in hand through the gardens of Villa Pizzo, on the shores of Lake Como, Italy.\" \/>\t\t\t\t\t\t\t\t\t\t\t\t\t\t\t<\/div>\n\t\t\t\t<\/div>\n\t\t\t\t<\/div>\n\t\t<div class=\"elementor-element elementor-element-ffce643 e-con-full e-flex e-con e-child\" data-id=\"ffce643\" data-element_type=\"container\">\n\t\t<div class=\"elementor-element elementor-element-4b7d0fc e-con-full e-flex e-con e-child\" data-id=\"4b7d0fc\" data-element_type=\"container\" data-settings=\"{&quot;background_background&quot;:&quot;classic&quot;}\">\n\t\t\t\t<div class=\"elementor-element elementor-element-f9f6462 elementor-widget elementor-widget-heading\" data-id=\"f9f6462\" data-element_type=\"widget\" data-widget_type=\"heading.default\">\n\t\t\t\t<div class=\"elementor-widget-container\">\n\t\t\t\t\t<h2 class=\"elementor-heading-title elementor-size-default\">My approach: natural, sensitive, and respectful\n<\/h2>\t\t\t\t<\/div>\n\t\t\t\t<\/div>\n\t\t\t\t<div class=\"elementor-element elementor-element-5c06d0c elementor-widget elementor-widget-text-editor\" data-id=\"5c06d0c\" data-element_type=\"widget\" data-widget_type=\"text-editor.default\">\n\t\t\t\t<div class=\"elementor-widget-container\">\n\t\t\t\t\t\t\t\t\t<h3><span style=\"font-weight: 400;\">Candid, spontaneous images.<\/span><\/h3>\n<p><span style=\"font-weight: 400;\">I focus on genuine moments: glances, laughter, spontaneous gestures, and intimate moments before the ceremony. These are the details that tell your story. <\/span><\/p>\n<h3><span style=\"font-weight: 400;\">A discreet yet always attentive presence<\/span><\/h3>\n<p><span style=\"font-weight: 400;\">I\u2019m there without ever getting in the way. You live your wedding day; I capture it visually. <\/span><\/p>\n<h3><span style=\"font-weight: 400;\">Personalized support<\/span><\/h3>\n<p><span style=\"font-weight: 400;\">Every couple is unique, and every wedding in the Basque Country has its own atmosphere. Before your wedding day, we talk about your expectations so your reportage is truly tailored to you. <\/span><\/p>\t\t\t\t\t\t\t\t<\/div>\n\t\t\t\t<\/div>\n\t\t\t\t<div class=\"elementor-element elementor-element-a32809b elementor-align-center elementor-widget elementor-widget-button\" data-id=\"a32809b\" data-element_type=\"widget\" data-widget_type=\"button.default\">\n\t\t\t\t<div class=\"elementor-widget-container\">\n\t\t\t\t\t\t\t\t\t<div class=\"elementor-button-wrapper\">\n\t\t\t\t\t<a class=\"elementor-button elementor-button-link elementor-size-sm\" href=\"#contact\">\n\t\t\t\t\t\t<span class=\"elementor-button-content-wrapper\">\n\t\t\t\t\t\t\t\t\t<span class=\"elementor-button-text\">CONTACT ME<\/span>\n\t\t\t\t\t<\/span>\n\t\t\t\t\t<\/a>\n\t\t\t\t<\/div>\n\t\t\t\t\t\t\t\t<\/div>\n\t\t\t\t<\/div>\n\t\t\t\t<\/div>\n\t\t\t\t<\/div>\n\t\t\t\t<\/div>\n\t\t<div class=\"elementor-element elementor-element-1256021 e-con-full e-flex e-con e-child\" data-id=\"1256021\" data-element_type=\"container\">\n\t\t<div class=\"elementor-element elementor-element-6e9a9f2 e-con-full e-flex e-con e-child\" data-id=\"6e9a9f2\" data-element_type=\"container\">\n\t\t<div class=\"elementor-element elementor-element-1c8ac0b e-con-full e-flex e-con e-child\" data-id=\"1c8ac0b\" data-element_type=\"container\" data-settings=\"{&quot;background_background&quot;:&quot;classic&quot;}\">\n\t\t\t\t<div class=\"elementor-element elementor-element-9d8feb6 elementor-widget elementor-widget-heading\" data-id=\"9d8feb6\" data-element_type=\"widget\" data-widget_type=\"heading.default\">\n\t\t\t\t<div class=\"elementor-widget-container\">\n\t\t\t\t\t<h2 class=\"elementor-heading-title elementor-size-default\">The most beautiful locations for wedding photos in the Basque Country\n<\/h2>\t\t\t\t<\/div>\n\t\t\t\t<\/div>\n\t\t\t\t<div class=\"elementor-element elementor-element-bfb96e7 elementor-widget elementor-widget-text-editor\" data-id=\"bfb96e7\" data-element_type=\"widget\" data-widget_type=\"text-editor.default\">\n\t\t\t\t<div class=\"elementor-widget-container\">\n\t\t\t\t\t\t\t\t\t<h3><span style=\"font-weight: 400;\">The Basque Coast: Biarritz, Saint-Jean-de-Luz, Gu\u00e9thary<\/span><\/h3>\n<p><span style=\"font-weight: 400;\">Cliffs, beaches, rocks, Atlantic light\u2026 the coastline offers powerful and poetic settings, perfect for couple portraits at the end of the day.<\/span><\/p>\n<h3><span style=\"font-weight: 400;\">The inland Basque Country: Espelette, Ainhoa, Sare, Saint-P\u00e9e-sur-Nivelle<\/span><\/h3>\n<p><span style=\"font-weight: 400;\">Typical villages, white-and-red houses, and lush green landscapes\u2026 an authentic setting for warm and convivial weddings.<\/span><\/p>\n<h3><span style=\"font-weight: 400;\">The mountains and valleys<\/span><\/h3>\n<p><span style=\"font-weight: 400;\">The light sliding over the peaks creates a unique atmosphere. Mountain weddings there are intimate, powerful, and deeply human. <\/span><\/p>\t\t\t\t\t\t\t\t<\/div>\n\t\t\t\t<\/div>\n\t\t\t\t<div class=\"elementor-element elementor-element-378113a elementor-align-center elementor-widget elementor-widget-button\" data-id=\"378113a\" data-element_type=\"widget\" data-widget_type=\"button.default\">\n\t\t\t\t<div class=\"elementor-widget-container\">\n\t\t\t\t\t\t\t\t\t<div class=\"elementor-button-wrapper\">\n\t\t\t\t\t<a class=\"elementor-button elementor-button-link elementor-size-sm\" href=\"#contact\">\n\t\t\t\t\t\t<span class=\"elementor-button-content-wrapper\">\n\t\t\t\t\t\t\t\t\t<span class=\"elementor-button-text\">CONTACT ME<\/span>\n\t\t\t\t\t<\/span>\n\t\t\t\t\t<\/a>\n\t\t\t\t<\/div>\n\t\t\t\t\t\t\t\t<\/div>\n\t\t\t\t<\/div>\n\t\t\t\t<\/div>\n\t\t\t\t<\/div>\n\t\t<div class=\"elementor-element elementor-element-4684096 e-con-full e-flex e-con e-child\" data-id=\"4684096\" data-element_type=\"container\">\n\t\t\t\t<div class=\"elementor-element elementor-element-9dafe1c elementor-widget elementor-widget-image\" data-id=\"9dafe1c\" data-element_type=\"widget\" data-widget_type=\"image.default\">\n\t\t\t\t<div class=\"elementor-widget-container\">\n\t\t\t\t\t\t\t\t\t\t\t\t\t\t\t<img decoding=\"async\" width=\"1333\" height=\"2000\" src=\"https:\/\/www.boyerjulien.com\/wp-content\/uploads\/2025\/09\/wedding-venue-chateau-fengari3.webp\" class=\"attachment-full size-full wp-image-3831\" alt=\"Les alliances, d\u00e9licatement pos\u00e9es sur une lettre manuscrite, symbolisent l\u2019union \u00e0 venir.\" \/>\t\t\t\t\t\t\t\t\t\t\t\t\t\t\t<\/div>\n\t\t\t\t<\/div>\n\t\t\t\t<\/div>\n\t\t\t\t<\/div>\n\t\t<div class=\"elementor-element elementor-element-e69cf9b e-con-full e-flex e-con e-child\" data-id=\"e69cf9b\" data-element_type=\"container\">\n\t\t<div class=\"elementor-element elementor-element-29cfb6b e-con-full e-flex e-con e-child\" data-id=\"29cfb6b\" data-element_type=\"container\">\n\t\t\t\t<div class=\"elementor-element elementor-element-2885aee elementor-widget elementor-widget-image\" data-id=\"2885aee\" data-element_type=\"widget\" data-widget_type=\"image.default\">\n\t\t\t\t<div class=\"elementor-widget-container\">\n\t\t\t\t\t\t\t\t\t\t\t\t\t\t\t<img decoding=\"async\" width=\"1334\" height=\"2000\" src=\"https:\/\/www.boyerjulien.com\/wp-content\/uploads\/2025\/12\/mariage-san-francisco-californie20.webp\" class=\"attachment-full size-full wp-image-3832\" alt=\"D\u00e9tail du bouquet de la mari\u00e9e lors d\u2019un mariage elopement sur une plage de San Francisco\" \/>\t\t\t\t\t\t\t\t\t\t\t\t\t\t\t<\/div>\n\t\t\t\t<\/div>\n\t\t\t\t<\/div>\n\t\t<div class=\"elementor-element elementor-element-875d008 e-con-full e-flex e-con e-child\" data-id=\"875d008\" data-element_type=\"container\">\n\t\t<div class=\"elementor-element elementor-element-37f847f e-con-full e-flex e-con e-child\" data-id=\"37f847f\" data-element_type=\"container\" data-settings=\"{&quot;background_background&quot;:&quot;classic&quot;}\">\n\t\t\t\t<div class=\"elementor-element elementor-element-3013a05 elementor-widget elementor-widget-heading\" data-id=\"3013a05\" data-element_type=\"widget\" data-widget_type=\"heading.default\">\n\t\t\t\t<div class=\"elementor-widget-container\">\n\t\t\t\t\t<h2 class=\"elementor-heading-title elementor-size-default\">A refined and harmonious reportage\n<\/h2>\t\t\t\t<\/div>\n\t\t\t\t<\/div>\n\t\t\t\t<div class=\"elementor-element elementor-element-1dd1743 elementor-widget elementor-widget-text-editor\" data-id=\"1dd1743\" data-element_type=\"widget\" data-widget_type=\"text-editor.default\">\n\t\t\t\t<div class=\"elementor-widget-container\">\n\t\t\t\t\t\t\t\t\t<p><span style=\"font-weight: 400;\">After your wedding, I rework each image to preserve soft colors, natural contrast, and a cohesive aesthetic.<\/span><\/p>\n<p><span style=\"font-weight: 400;\">You receive:<\/span><\/p>\n<ul>\n<li style=\"font-weight: 400;\" aria-level=\"1\"><span style=\"font-weight: 400;\">a private online gallery<\/span><span style=\"font-weight: 400;\"><br><br><\/span><\/li>\n<li style=\"font-weight: 400;\" aria-level=\"1\"><span style=\"font-weight: 400;\">a complete and authentic reportage<\/span><span style=\"font-weight: 400;\"><br><br><\/span><\/li>\n<li style=\"font-weight: 400;\" aria-level=\"1\"><span style=\"font-weight: 400;\">natural, luminous images<\/span><span style=\"font-weight: 400;\"><br><br><\/span><\/li>\n<\/ul>\n<p><span style=\"font-weight: 400;\">the option of a high-end, handcrafted album<\/span><span style=\"font-weight: 400;\"><br><\/span><\/p>\t\t\t\t\t\t\t\t<\/div>\n\t\t\t\t<\/div>\n\t\t\t\t<div class=\"elementor-element elementor-element-03a1ccf elementor-align-center elementor-widget elementor-widget-button\" data-id=\"03a1ccf\" data-element_type=\"widget\" data-widget_type=\"button.default\">\n\t\t\t\t<div class=\"elementor-widget-container\">\n\t\t\t\t\t\t\t\t\t<div class=\"elementor-button-wrapper\">\n\t\t\t\t\t<a class=\"elementor-button elementor-button-link elementor-size-sm\" href=\"#contact\">\n\t\t\t\t\t\t<span class=\"elementor-button-content-wrapper\">\n\t\t\t\t\t\t\t\t\t<span class=\"elementor-button-text\">CONTACT ME<\/span>\n\t\t\t\t\t<\/span>\n\t\t\t\t\t<\/a>\n\t\t\t\t<\/div>\n\t\t\t\t\t\t\t\t<\/div>\n\t\t\t\t<\/div>\n\t\t\t\t<\/div>\n\t\t\t\t<\/div>\n\t\t\t\t<\/div>\n\t\t\t\t\t<\/div>\n\t\t\t\t<\/div>\n\t\t<div class=\"elementor-element elementor-element-2bcdd3d e-flex e-con-boxed e-con e-parent\" data-id=\"2bcdd3d\" data-element_type=\"container\">\n\t\t\t\t\t<div class=\"e-con-inner\">\n\t\t<div class=\"elementor-element elementor-element-8357fc5 e-con-full e-flex e-con e-child\" data-id=\"8357fc5\" data-element_type=\"container\">\n\t\t\t\t<div class=\"elementor-element elementor-element-5fc5718 elementor-widget elementor-widget-heading\" data-id=\"5fc5718\" data-element_type=\"widget\" data-widget_type=\"heading.default\">\n\t\t\t\t<div class=\"elementor-widget-container\">\n\t\t\t\t\t<h2 class=\"elementor-heading-title elementor-size-default\">Are you getting married in the Basque Country? I\u2019d love to tell your story. <\/h2>\t\t\t\t<\/div>\n\t\t\t\t<\/div>\n\t\t<div class=\"elementor-element elementor-element-9a13b78 e-con-full e-flex e-con e-child\" data-id=\"9a13b78\" data-element_type=\"container\">\n\t\t\t\t<div class=\"elementor-element elementor-element-2baa046 elementor-widget elementor-widget-text-editor\" data-id=\"2baa046\" data-element_type=\"widget\" data-widget_type=\"text-editor.default\">\n\t\t\t\t<div class=\"elementor-widget-container\">\n\t\t\t\t\t\t\t\t\t<p><span style=\"font-weight: 400;\">Whether by the sea, in the mountains, in a traditional town like <a href=\"https:\/\/www.boyerjulien.com\/en\/wedding-photographer\/wedding-photographer-france\/wedding-photographer-in-nouvelle-aquitaine\/wedding-photographer-in-the-basque-country\/wedding-photographer-in-biarritz\/\">Biarritz,<\/a> or at a Basque estate, I would be delighted to accompany you and capture the essence of your day.<\/span><\/p>\t\t\t\t\t\t\t\t<\/div>\n\t\t\t\t<\/div>\n\t\t\t\t<div class=\"elementor-element elementor-element-76f9838 elementor-align-center elementor-widget elementor-widget-button\" data-id=\"76f9838\" data-element_type=\"widget\" data-widget_type=\"button.default\">\n\t\t\t\t<div class=\"elementor-widget-container\">\n\t\t\t\t\t\t\t\t\t<div class=\"elementor-button-wrapper\">\n\t\t\t\t\t<a class=\"elementor-button elementor-button-link elementor-size-sm\" href=\"#contact\">\n\t\t\t\t\t\t<span class=\"elementor-button-content-wrapper\">\n\t\t\t\t\t\t\t\t\t<span class=\"elementor-button-text\">CONTACT ME<\/span>\n\t\t\t\t\t<\/span>\n\t\t\t\t\t<\/a>\n\t\t\t\t<\/div>\n\t\t\t\t\t\t\t\t<\/div>\n\t\t\t\t<\/div>\n\t\t\t\t<\/div>\n\t\t\t\t<\/div>\n\t\t\t\t\t<\/div>\n\t\t\t\t<\/div>\n\t\t<div class=\"elementor-element elementor-element-30119451 e-flex e-con-boxed e-con e-parent\" data-id=\"30119451\" data-element_type=\"container\">\n\t\t\t\t\t<div class=\"e-con-inner\">\n\t\t\t\t<div class=\"elementor-element elementor-element-2e515c4 elementor-widget elementor-widget-heading\" data-id=\"2e515c4\" data-element_type=\"widget\" data-widget_type=\"heading.default\">\n\t\t\t\t<div class=\"elementor-widget-container\">\n\t\t\t\t\t<h2 class=\"elementor-heading-title elementor-size-default\">Our departments in Nouvelle-Aquitaine<\/h2>\t\t\t\t<\/div>\n\t\t\t\t<\/div>\n\t\t\t\t<div class=\"elementor-element elementor-element-4e5125f9 elementor-widget elementor-widget-text-editor\" data-id=\"4e5125f9\" data-element_type=\"widget\" data-widget_type=\"text-editor.default\">\n\t\t\t\t<div class=\"elementor-widget-container\">\n\t\t\t\t\t\t\t\t\t<ul><li><a href=\"https:\/\/www.boyerjulien.com\/en\/wedding-photographer\/wedding-photographer-france\/wedding-photographer-in-nouvelle-aquitaine\/wedding-photographer-in-gironde\/\"><span style=\"font-weight: 400;\">Wedding photographer in Gironde<\/span><\/a><\/li><li><span style=\"font-weight: 400;\"><a href=\"https:\/\/www.boyerjulien.com\/en\/wedding-photographer\/wedding-photographer-france\/wedding-photographer-in-nouvelle-aquitaine\/wedding-photographer-in-dordogne\/\">Wedding photographer in Dordogne<\/a> <\/span><\/li><li><a href=\"https:\/\/www.boyerjulien.com\/en\/wedding-photographer\/wedding-photographer-france\/wedding-photographer-in-nouvelle-aquitaine\/wedding-photographer-in-the-basque-country\/\"><span style=\"font-weight: 400;\">Wedding photographer in the Basque Country<\/span><\/a><\/li><\/ul>\t\t\t\t\t\t\t\t<\/div>\n\t\t\t\t<\/div>\n\t\t\t\t\t<\/div>\n\t\t\t\t<\/div>\n\t\t<div class=\"elementor-element elementor-element-ba6cf69 e-flex e-con-boxed e-con e-parent\" data-id=\"ba6cf69\" data-element_type=\"container\" data-settings=\"{&quot;background_background&quot;:&quot;classic&quot;}\">\n\t\t\t\t\t<div class=\"e-con-inner\">\n\t\t<div class=\"elementor-element elementor-element-ce59bbf e-con-full e-flex e-con e-child\" data-id=\"ce59bbf\" data-element_type=\"container\">\n\t\t<div class=\"elementor-element elementor-element-0dd2425 e-con-full e-flex e-con e-child\" data-id=\"0dd2425\" data-element_type=\"container\">\n\t\t\t\t<div class=\"elementor-element elementor-element-5f5c143 elementor-widget elementor-widget-heading\" data-id=\"5f5c143\" data-element_type=\"widget\" data-widget_type=\"heading.default\">\n\t\t\t\t<div class=\"elementor-widget-container\">\n\t\t\t\t\t<p class=\"elementor-heading-title elementor-size-default\">portfolio<\/p>\t\t\t\t<\/div>\n\t\t\t\t<\/div>\n\t\t\t\t<div class=\"elementor-element elementor-element-2d34e45 elementor-widget elementor-widget-image\" data-id=\"2d34e45\" data-element_type=\"widget\" data-widget_type=\"image.default\">\n\t\t\t\t<div class=\"elementor-widget-container\">\n\t\t\t\t\t\t\t\t\t\t\t\t\t\t\t\t<a href=\"#\">\n\t\t\t\t\t\t\t<img loading=\"lazy\" decoding=\"async\" width=\"1707\" height=\"2560\" src=\"https:\/\/www.boyerjulien.com\/wp-content\/uploads\/2025\/05\/wedding-villa-balbiano-homepage-portfolio-scaled.webp\" class=\"attachment-full size-full wp-image-2132\" alt=\"Tender moment between the newlyweds embracing in the gardens of Villa Balbiano, in front of perfectly manicured hedges.\" \/>\t\t\t\t\t\t\t\t<\/a>\n\t\t\t\t\t\t\t\t\t\t\t\t\t\t\t<\/div>\n\t\t\t\t<\/div>\n\t\t\t\t<div class=\"elementor-element elementor-element-96df37f elementor-widget elementor-widget-heading\" data-id=\"96df37f\" data-element_type=\"widget\" data-widget_type=\"heading.default\">\n\t\t\t\t<div class=\"elementor-widget-container\">\n\t\t\t\t\t<p class=\"elementor-heading-title elementor-size-default\"><a href=\"#\">weddings<\/a><\/p>\t\t\t\t<\/div>\n\t\t\t\t<\/div>\n\t\t\t\t<\/div>\n\t\t<div class=\"elementor-element elementor-element-9b7c5f7 e-con-full e-flex e-con e-child\" data-id=\"9b7c5f7\" data-element_type=\"container\">\n\t\t\t\t<div class=\"elementor-element elementor-element-aac1845 elementor-widget elementor-widget-heading\" data-id=\"aac1845\" data-element_type=\"widget\" data-widget_type=\"heading.default\">\n\t\t\t\t<div class=\"elementor-widget-container\">\n\t\t\t\t\t<p class=\"elementor-heading-title elementor-size-default\"><a href=\"#\">SELECT one of categories:<\/a><\/p>\t\t\t\t<\/div>\n\t\t\t\t<\/div>\n\t\t\t\t<div class=\"elementor-element elementor-element-0fe9c9a elementor-widget elementor-widget-image\" data-id=\"0fe9c9a\" data-element_type=\"widget\" data-widget_type=\"image.default\">\n\t\t\t\t<div class=\"elementor-widget-container\">\n\t\t\t\t\t\t\t\t\t\t\t\t\t\t\t\t<a href=\"#\">\n\t\t\t\t\t\t\t<img loading=\"lazy\" decoding=\"async\" width=\"1707\" height=\"2560\" src=\"https:\/\/www.boyerjulien.com\/wp-content\/uploads\/2025\/05\/stationery-villa-balbiano-italy-homepage-scaled.webp\" class=\"attachment-full size-full wp-image-2133\" alt=\"Flat lay of luxurious, antique-style wedding stationery featuring gold calligraphy and a vintage ring, set on natural stone.\" \/>\t\t\t\t\t\t\t\t<\/a>\n\t\t\t\t\t\t\t\t\t\t\t\t\t\t\t<\/div>\n\t\t\t\t<\/div>\n\t\t\t\t<div class=\"elementor-element elementor-element-87afda7 elementor-widget elementor-widget-heading\" data-id=\"87afda7\" data-element_type=\"widget\" data-widget_type=\"heading.default\">\n\t\t\t\t<div class=\"elementor-widget-container\">\n\t\t\t\t\t<p class=\"elementor-heading-title elementor-size-default\"><a href=\"#\">editorial<\/a><\/p>\t\t\t\t<\/div>\n\t\t\t\t<\/div>\n\t\t\t\t<\/div>\n\t\t<div class=\"elementor-element elementor-element-7fb9823 e-con-full e-flex e-con e-child\" data-id=\"7fb9823\" data-element_type=\"container\">\n\t\t\t\t<div class=\"elementor-element elementor-element-430000d elementor-widget elementor-widget-heading\" data-id=\"430000d\" data-element_type=\"widget\" data-widget_type=\"heading.default\">\n\t\t\t\t<div class=\"elementor-widget-container\">\n\t\t\t\t\t<p class=\"elementor-heading-title elementor-size-default\"><a href=\"#\">love<\/a><\/p>\t\t\t\t<\/div>\n\t\t\t\t<\/div>\n\t\t\t\t<div class=\"elementor-element elementor-element-7b38429 elementor-widget elementor-widget-image\" data-id=\"7b38429\" data-element_type=\"widget\" data-widget_type=\"image.default\">\n\t\t\t\t<div class=\"elementor-widget-container\">\n\t\t\t\t\t\t\t\t\t\t\t\t\t\t\t\t<a href=\"#\">\n\t\t\t\t\t\t\t<img loading=\"lazy\" decoding=\"async\" width=\"1707\" height=\"2560\" src=\"https:\/\/www.boyerjulien.com\/wp-content\/uploads\/2025\/05\/mariage-chateau-de-la-gaude-aixenprovence-scaled.webp\" class=\"attachment-full size-full wp-image-2134\" alt=\"Poetic portrait of the bride holding a bouquet of fresh pastel flowers at sunset, in Provence.\" \/>\t\t\t\t\t\t\t\t<\/a>\n\t\t\t\t\t\t\t\t\t\t\t\t\t\t\t<\/div>\n\t\t\t\t<\/div>\n\t\t\t\t<\/div>\n\t\t\t\t<\/div>\n\t\t\t\t\t<\/div>\n\t\t\t\t<\/div>\n\t\t<div class=\"elementor-element elementor-element-c6f82c2 e-con-full e-flex e-con e-parent\" data-id=\"c6f82c2\" data-element_type=\"container\" data-settings=\"{&quot;background_background&quot;:&quot;classic&quot;}\">\n\t\t<div class=\"elementor-element elementor-element-137c682 e-con-full e-flex e-con e-child\" data-id=\"137c682\" data-element_type=\"container\">\n\t\t<div class=\"elementor-element elementor-element-ce2095a e-con-full e-flex e-con e-child\" data-id=\"ce2095a\" data-element_type=\"container\">\n\t\t\t\t<div class=\"elementor-element elementor-element-88038e3 elementor-widget-divider--view-line_text elementor-widget-divider--element-align-right elementor-widget elementor-widget-divider\" data-id=\"88038e3\" data-element_type=\"widget\" data-widget_type=\"divider.default\">\n\t\t\t\t<div class=\"elementor-widget-container\">\n\t\t\t\t\t\t\t<div class=\"elementor-divider\">\n\t\t\t<span class=\"elementor-divider-separator\">\n\t\t\t\t\t\t\t<span class=\"elementor-divider__text elementor-divider__element\">\n\t\t\t\tI am proud to be highlighted\t\t\t\t<\/span>\n\t\t\t\t\t\t<\/span>\n\t\t<\/div>\n\t\t\t\t\t\t<\/div>\n\t\t\t\t<\/div>\n\t\t\t\t<\/div>\n\t\t\t\t<\/div>\n\t\t<div class=\"elementor-element elementor-element-6b839d4 e-flex e-con-boxed e-con e-child\" data-id=\"6b839d4\" data-element_type=\"container\">\n\t\t\t\t\t<div class=\"e-con-inner\">\n\t\t\t\t<div class=\"elementor-element elementor-element-08da03a elementor-skin-carousel elementor-widget elementor-widget-media-carousel\" data-id=\"08da03a\" data-element_type=\"widget\" data-settings=\"{&quot;slides_per_view&quot;:&quot;5&quot;,&quot;slides_to_scroll&quot;:&quot;1&quot;,&quot;lazyload&quot;:&quot;yes&quot;,&quot;space_between&quot;:{&quot;unit&quot;:&quot;px&quot;,&quot;size&quot;:50,&quot;sizes&quot;:[]},&quot;slides_per_view_laptop&quot;:&quot;4&quot;,&quot;slides_per_view_tablet_extra&quot;:&quot;4&quot;,&quot;slides_per_view_tablet&quot;:&quot;4&quot;,&quot;slides_per_view_mobile_extra&quot;:&quot;3&quot;,&quot;skin&quot;:&quot;carousel&quot;,&quot;effect&quot;:&quot;slide&quot;,&quot;speed&quot;:500,&quot;autoplay&quot;:&quot;yes&quot;,&quot;autoplay_speed&quot;:5000,&quot;loop&quot;:&quot;yes&quot;,&quot;space_between_widescreen&quot;:{&quot;unit&quot;:&quot;px&quot;,&quot;size&quot;:10,&quot;sizes&quot;:[]},&quot;space_between_laptop&quot;:{&quot;unit&quot;:&quot;px&quot;,&quot;size&quot;:10,&quot;sizes&quot;:[]},&quot;space_between_tablet_extra&quot;:{&quot;unit&quot;:&quot;px&quot;,&quot;size&quot;:10,&quot;sizes&quot;:[]},&quot;space_between_tablet&quot;:{&quot;unit&quot;:&quot;px&quot;,&quot;size&quot;:10,&quot;sizes&quot;:[]},&quot;space_between_mobile_extra&quot;:{&quot;unit&quot;:&quot;px&quot;,&quot;size&quot;:10,&quot;sizes&quot;:[]},&quot;space_between_mobile&quot;:{&quot;unit&quot;:&quot;px&quot;,&quot;size&quot;:10,&quot;sizes&quot;:[]}}\" data-widget_type=\"media-carousel.default\">\n\t\t\t\t<div class=\"elementor-widget-container\">\n\t\t\t\t\t\t\t\t\t<div class=\"elementor-swiper\">\n\t\t\t\t\t<div class=\"elementor-main-swiper swiper\" role=\"region\" aria-roledescription=\"carousel\" aria-label=\"Diapositives\">\n\t\t\t\t<div class=\"swiper-wrapper\">\n\t\t\t\t\t\t\t\t\t\t\t<div class=\"swiper-slide\" role=\"group\" aria-roledescription=\"slide\">\n\t\t\t\t\t\t\t\t\t<div class=\"elementor-carousel-image swiper-lazy\" role=\"img\" aria-label=\"Black logo of Style Me Pretty, an American platform dedicated to elegant, high-end weddings.\" data-background=\"https:\/\/www.boyerjulien.com\/wp-content\/uploads\/2025\/05\/SMP_Black_Logo.webp\">\n\n\t\t\t\t\t\t\t<div class=\"swiper-lazy-preloader\"><\/div>\n\t\t\t\n\t\t\t\t\t<\/div>\n\t\t\t\t\t\t\t\t<\/div>\n\t\t\t\t\t\t\t\t\t\t\t<div class=\"swiper-slide\" role=\"group\" aria-roledescription=\"slide\">\n\t\t\t\t\t\t\t\t\t<div class=\"elementor-carousel-image swiper-lazy\" role=\"img\" aria-label=\"Black logo on a white background of Wedding Chicks, an international blog dedicated to creative weddings.\" data-background=\"https:\/\/www.boyerjulien.com\/wp-content\/uploads\/2025\/05\/WC-Logo-2.jpg.webp\">\n\n\t\t\t\t\t\t\t<div class=\"swiper-lazy-preloader\"><\/div>\n\t\t\t\n\t\t\t\t\t<\/div>\n\t\t\t\t\t\t\t\t<\/div>\n\t\t\t\t\t\t\t\t\t\t\t<div class=\"swiper-slide\" role=\"group\" aria-roledescription=\"slide\">\n\t\t\t\t\t\t\t\t\t<div class=\"elementor-carousel-image swiper-lazy\" role=\"img\" aria-label=\"Pink logo of La Mari\u00e9e Enjou\u00e9e, a French wedding blog with a joyful and refined style.\" data-background=\"https:\/\/www.boyerjulien.com\/wp-content\/uploads\/2025\/05\/LOGO-LME-ROSE-1-1.png\">\n\n\t\t\t\t\t\t\t<div class=\"swiper-lazy-preloader\"><\/div>\n\t\t\t\n\t\t\t\t\t<\/div>\n\t\t\t\t\t\t\t\t<\/div>\n\t\t\t\t\t\t\t\t\t<\/div>\n\t\t\t\t\t\t\t\t\t\t\t\t\t\t\t\t\t\t\t\t\t<\/div>\n\t\t\t\t<\/div>\n\t\t\t\t\t\t\t\t<\/div>\n\t\t\t\t<\/div>\n\t\t\t\t\t<\/div>\n\t\t\t\t<\/div>\n\t\t\t\t<\/div>\n\t\t<div class=\"elementor-element elementor-element-76921e0 e-con-full e-flex e-con e-parent\" data-id=\"76921e0\" data-element_type=\"container\" data-settings=\"{&quot;background_background&quot;:&quot;classic&quot;}\">\n\t\t<div class=\"elementor-element elementor-element-3b0786b e-con-full e-flex e-con e-child\" data-id=\"3b0786b\" data-element_type=\"container\">\n\t\t<div class=\"elementor-element elementor-element-a272115 e-con-full e-flex e-con e-child\" data-id=\"a272115\" data-element_type=\"container\">\n\t\t\t\t<div class=\"elementor-element elementor-element-87a065d elementor-widget-divider--view-line_text elementor-widget-divider--element-align-right elementor-widget elementor-widget-divider\" data-id=\"87a065d\" data-element_type=\"widget\" data-widget_type=\"divider.default\">\n\t\t\t\t<div class=\"elementor-widget-container\">\n\t\t\t\t\t\t\t<div class=\"elementor-divider\">\n\t\t\t<span class=\"elementor-divider-separator\">\n\t\t\t\t\t\t\t<span class=\"elementor-divider__text elementor-divider__element\">\n\t\t\t\tTestimonials\t\t\t\t<\/span>\n\t\t\t\t\t\t<\/span>\n\t\t<\/div>\n\t\t\t\t\t\t<\/div>\n\t\t\t\t<\/div>\n\t\t\t\t<\/div>\n\t\t\t\t<\/div>\n\t\t<div class=\"elementor-element elementor-element-ca68752 e-con-full e-flex e-con e-child\" data-id=\"ca68752\" data-element_type=\"container\">\n\t\t<div class=\"elementor-element elementor-element-1d29c2d e-flex e-con-boxed e-con e-child\" data-id=\"1d29c2d\" data-element_type=\"container\">\n\t\t\t\t\t<div class=\"e-con-inner\">\n\t\t\t\t<div class=\"elementor-element elementor-element-c311264 elementor-pagination-type-progressbar elementor-arrows-position-outside elementor-widget elementor-widget-n-carousel\" data-id=\"c311264\" data-element_type=\"widget\" data-settings=\"{&quot;carousel_items&quot;:[{&quot;slide_title&quot;:&quot;Hattie and Scott&quot;,&quot;_id&quot;:&quot;439fbcf&quot;},{&quot;slide_title&quot;:&quot;Diapositive N\\u00b02&quot;,&quot;_id&quot;:&quot;c049bd2&quot;},{&quot;slide_title&quot;:&quot;Diapositive N\\u00b03&quot;,&quot;_id&quot;:&quot;ac2347b&quot;}],&quot;slides_to_show&quot;:&quot;1&quot;,&quot;slides_to_scroll&quot;:&quot;1&quot;,&quot;pagination&quot;:&quot;progressbar&quot;,&quot;image_spacing_custom&quot;:{&quot;unit&quot;:&quot;px&quot;,&quot;size&quot;:39,&quot;sizes&quot;:[]},&quot;slides_to_show_laptop&quot;:&quot;1&quot;,&quot;slides_to_show_tablet_extra&quot;:&quot;1&quot;,&quot;slides_to_show_tablet&quot;:&quot;1&quot;,&quot;slides_to_scroll_laptop&quot;:&quot;1&quot;,&quot;slides_to_scroll_tablet_extra&quot;:&quot;1&quot;,&quot;slides_to_scroll_tablet&quot;:&quot;1&quot;,&quot;slides_to_show_mobile&quot;:&quot;1&quot;,&quot;infinite&quot;:&quot;yes&quot;,&quot;speed&quot;:500,&quot;offset_sides&quot;:&quot;none&quot;,&quot;arrows&quot;:&quot;yes&quot;,&quot;image_spacing_custom_widescreen&quot;:{&quot;unit&quot;:&quot;px&quot;,&quot;size&quot;:&quot;&quot;,&quot;sizes&quot;:[]},&quot;image_spacing_custom_laptop&quot;:{&quot;unit&quot;:&quot;px&quot;,&quot;size&quot;:&quot;&quot;,&quot;sizes&quot;:[]},&quot;image_spacing_custom_tablet_extra&quot;:{&quot;unit&quot;:&quot;px&quot;,&quot;size&quot;:&quot;&quot;,&quot;sizes&quot;:[]},&quot;image_spacing_custom_tablet&quot;:{&quot;unit&quot;:&quot;px&quot;,&quot;size&quot;:&quot;&quot;,&quot;sizes&quot;:[]},&quot;image_spacing_custom_mobile_extra&quot;:{&quot;unit&quot;:&quot;px&quot;,&quot;size&quot;:&quot;&quot;,&quot;sizes&quot;:[]},&quot;image_spacing_custom_mobile&quot;:{&quot;unit&quot;:&quot;px&quot;,&quot;size&quot;:&quot;&quot;,&quot;sizes&quot;:[]}}\" data-widget_type=\"nested-carousel.default\">\n\t\t\t\t<div class=\"elementor-widget-container\">\n\t\t\t\t\t\t\t<div class=\"e-n-carousel swiper\" role=\"region\" aria-roledescription=\"carousel\" aria-label=\"Carousel\" dir=\"ltr\">\n\t\t\t<div class=\"swiper-wrapper\" aria-live=\"polite\">\n\t\t\t\t\t\t\t\t\t\t<div class=\"swiper-slide\" data-slide=\"1\" role=\"group\" aria-roledescription=\"slide\" aria-label=\"1 of 3\">\n\t\t\t\t\t\t\t<div class=\"elementor-element elementor-element-ebf6795 e-flex e-con-boxed e-con e-child\" data-id=\"ebf6795\" data-element_type=\"container\">\n\t\t\t\t\t<div class=\"e-con-inner\">\n\t\t<div class=\"elementor-element elementor-element-15636a5 e-con-full e-flex e-con e-child\" data-id=\"15636a5\" data-element_type=\"container\">\n\t\t\t\t<div class=\"elementor-element elementor-element-1276735 elementor-widget elementor-widget-heading\" data-id=\"1276735\" data-element_type=\"widget\" data-widget_type=\"heading.default\">\n\t\t\t\t<div class=\"elementor-widget-container\">\n\t\t\t\t\t<p class=\"elementor-heading-title elementor-size-default\">Love and emotions<\/p>\t\t\t\t<\/div>\n\t\t\t\t<\/div>\n\t\t\t\t<div class=\"elementor-element elementor-element-472a8ee elementor-widget elementor-widget-heading\" data-id=\"472a8ee\" data-element_type=\"widget\" data-widget_type=\"heading.default\">\n\t\t\t\t<div class=\"elementor-widget-container\">\n\t\t\t\t\t<p class=\"elementor-heading-title elementor-size-default\">Emotion perfectly captured<\/p>\t\t\t\t<\/div>\n\t\t\t\t<\/div>\n\t\t\t\t<div class=\"elementor-element elementor-element-b4a860b elementor-widget elementor-widget-text-editor\" data-id=\"b4a860b\" data-element_type=\"widget\" data-widget_type=\"text-editor.default\">\n\t\t\t\t<div class=\"elementor-widget-container\">\n\t\t\t\t\t\t\t\t\t<p>Julien was an absolute pleasure to work with for our wedding photos! He was punctual, friendly, and warm, and made us feel like the center of attention on such a special day. His attention to detail truly shines through in our photos, and we\u2019re so grateful that he captured so many moments. He even worked \u201cextra hours\u201d for us, always with a smile. We would work with Julien again ten times over without hesitation \u2014 THANK YOU!    <\/p>\t\t\t\t\t\t\t\t<\/div>\n\t\t\t\t<\/div>\n\t\t\t\t<\/div>\n\t\t<div class=\"elementor-element elementor-element-c7d8b88 e-con-full e-flex e-con e-child\" data-id=\"c7d8b88\" data-element_type=\"container\">\n\t\t\t\t<div class=\"elementor-element elementor-element-70a9f38 elementor-widget elementor-widget-image\" data-id=\"70a9f38\" data-element_type=\"widget\" data-widget_type=\"image.default\">\n\t\t\t\t<div class=\"elementor-widget-container\">\n\t\t\t\t\t\t\t\t\t\t\t\t\t\t\t<img loading=\"lazy\" decoding=\"async\" width=\"1706\" height=\"2560\" src=\"https:\/\/www.boyerjulien.com\/wp-content\/uploads\/2025\/05\/Mariage-chateau-gassis-Hattie-et-scott-scaled.webp\" class=\"attachment-full size-full wp-image-2135\" alt=\"The newlyweds hold hands with a sense of closeness in front of an olive tree, in a lush green setting, with a natural and joyful atmosphere.\" \/>\t\t\t\t\t\t\t\t\t\t\t\t\t\t\t<\/div>\n\t\t\t\t<\/div>\n\t\t\t\t<\/div>\n\t\t\t\t\t<\/div>\n\t\t\t\t<\/div>\n\t\t\t\t\t\t\t\t<\/div>\n\t\t\t\t\t\t\t\t\t\t\t<div class=\"swiper-slide\" data-slide=\"2\" role=\"group\" aria-roledescription=\"slide\" aria-label=\"2 of 3\">\n\t\t\t\t\t\t\t<div class=\"elementor-element elementor-element-e8b8b91 e-flex e-con-boxed e-con e-child\" data-id=\"e8b8b91\" data-element_type=\"container\">\n\t\t\t\t\t<div class=\"e-con-inner\">\n\t\t<div class=\"elementor-element elementor-element-c9ee710 e-con-full e-flex e-con e-child\" data-id=\"c9ee710\" data-element_type=\"container\">\n\t\t\t\t<div class=\"elementor-element elementor-element-1892ac7 elementor-widget elementor-widget-heading\" data-id=\"1892ac7\" data-element_type=\"widget\" data-widget_type=\"heading.default\">\n\t\t\t\t<div class=\"elementor-widget-container\">\n\t\t\t\t\t<p class=\"elementor-heading-title elementor-size-default\">Memories etched for a lifetime<\/p>\t\t\t\t<\/div>\n\t\t\t\t<\/div>\n\t\t\t\t<div class=\"elementor-element elementor-element-9ae59e9 elementor-widget elementor-widget-heading\" data-id=\"9ae59e9\" data-element_type=\"widget\" data-widget_type=\"heading.default\">\n\t\t\t\t<div class=\"elementor-widget-container\">\n\t\t\t\t\t<p class=\"elementor-heading-title elementor-size-default\">So much more than a photographer<\/p>\t\t\t\t<\/div>\n\t\t\t\t<\/div>\n\t\t\t\t<div class=\"elementor-element elementor-element-773ca1e elementor-widget elementor-widget-text-editor\" data-id=\"773ca1e\" data-element_type=\"widget\" data-widget_type=\"text-editor.default\">\n\t\t\t\t<div class=\"elementor-widget-container\">\n\t\t\t\t\t\t\t\t\t<p>I chose Julien for my wedding, and I can only recommend him 100%! He is kind, smiling, attentive, and immediately understood what we wanted. He made us feel at ease, even during the couple photos, and his advice was invaluable from start to finish. His good mood is contagious and his work is outstanding. He\u2019s so much more than just a photographer!    <\/p>\t\t\t\t\t\t\t\t<\/div>\n\t\t\t\t<\/div>\n\t\t\t\t<\/div>\n\t\t<div class=\"elementor-element elementor-element-0e0b47c e-con-full e-flex e-con e-child\" data-id=\"0e0b47c\" data-element_type=\"container\">\n\t\t\t\t<div class=\"elementor-element elementor-element-d846034 elementor-widget elementor-widget-image\" data-id=\"d846034\" data-element_type=\"widget\" data-widget_type=\"image.default\">\n\t\t\t\t<div class=\"elementor-widget-container\">\n\t\t\t\t\t\t\t\t\t\t\t\t\t\t\t<img loading=\"lazy\" decoding=\"async\" width=\"1705\" height=\"2560\" src=\"https:\/\/www.boyerjulien.com\/wp-content\/uploads\/2025\/05\/mariage-villa-la-tosca-bassin-arcachon-temoignages-scaled.webp\" class=\"attachment-full size-full wp-image-2136\" alt=\"The newlyweds burst into laughter in front of a stone villa by the water, a moment full of spontaneity and love.\" \/>\t\t\t\t\t\t\t\t\t\t\t\t\t\t\t<\/div>\n\t\t\t\t<\/div>\n\t\t\t\t<\/div>\n\t\t\t\t\t<\/div>\n\t\t\t\t<\/div>\n\t\t\t\t\t\t\t\t<\/div>\n\t\t\t\t\t\t\t\t\t\t\t<div class=\"swiper-slide\" data-slide=\"3\" role=\"group\" aria-roledescription=\"slide\" aria-label=\"3 of 3\">\n\t\t\t\t\t\t\t<div class=\"elementor-element elementor-element-42c5c6a e-flex e-con-boxed e-con e-child\" data-id=\"42c5c6a\" data-element_type=\"container\">\n\t\t\t\t\t<div class=\"e-con-inner\">\n\t\t<div class=\"elementor-element elementor-element-1278993 e-con-full e-flex e-con e-child\" data-id=\"1278993\" data-element_type=\"container\">\n\t\t\t\t<div class=\"elementor-element elementor-element-a2238b9 elementor-widget elementor-widget-heading\" data-id=\"a2238b9\" data-element_type=\"widget\" data-widget_type=\"heading.default\">\n\t\t\t\t<div class=\"elementor-widget-container\">\n\t\t\t\t\t<p class=\"elementor-heading-title elementor-size-default\">Warm and authentic<\/p>\t\t\t\t<\/div>\n\t\t\t\t<\/div>\n\t\t\t\t<div class=\"elementor-element elementor-element-2f176d4 elementor-widget elementor-widget-heading\" data-id=\"2f176d4\" data-element_type=\"widget\" data-widget_type=\"heading.default\">\n\t\t\t\t<div class=\"elementor-widget-container\">\n\t\t\t\t\t<p class=\"elementor-heading-title elementor-size-default\">Capturing emotion with talent<\/p>\t\t\t\t<\/div>\n\t\t\t\t<\/div>\n\t\t\t\t<div class=\"elementor-element elementor-element-0a6bf3a elementor-widget elementor-widget-text-editor\" data-id=\"0a6bf3a\" data-element_type=\"widget\" data-widget_type=\"text-editor.default\">\n\t\t\t\t<div class=\"elementor-widget-container\">\n\t\t\t\t\t\t\t\t\t<p>Julien captured our wedding with remarkable sensitivity. Each photograph reflects the emotion and atmosphere of this unique day, with special attention paid to detail. Beyond his talent as a photographer, it was also his kind and reassuring presence that stood out: always smiling, discreet, and attentive. From start to finish, he made us feel confident and supported us with professionalism and good humor. A true added value to our day.    <\/p>\t\t\t\t\t\t\t\t<\/div>\n\t\t\t\t<\/div>\n\t\t\t\t<\/div>\n\t\t<div class=\"elementor-element elementor-element-acbd279 e-con-full e-flex e-con e-child\" data-id=\"acbd279\" data-element_type=\"container\">\n\t\t\t\t<div class=\"elementor-element elementor-element-72de58b elementor-widget elementor-widget-image\" data-id=\"72de58b\" data-element_type=\"widget\" data-widget_type=\"image.default\">\n\t\t\t\t<div class=\"elementor-widget-container\">\n\t\t\t\t\t\t\t\t\t\t\t\t\t\t\t<img loading=\"lazy\" decoding=\"async\" width=\"1707\" height=\"2560\" src=\"https:\/\/www.boyerjulien.com\/wp-content\/uploads\/2025\/05\/wedding-villa-vistarenni-tuscany-homepage-scaled.webp\" class=\"attachment-full size-full wp-image-2137\" alt=\"Newlyweds in a Tuscan garden, the bride\u2019s veil floating in the soft afternoon light of Italy.\" \/>\t\t\t\t\t\t\t\t\t\t\t\t\t\t\t<\/div>\n\t\t\t\t<\/div>\n\t\t\t\t<\/div>\n\t\t\t\t\t<\/div>\n\t\t\t\t<\/div>\n\t\t\t\t\t\t\t\t<\/div>\n\t\t\t\t\t\t\t\t<\/div>\n\t\t<\/div>\n\t\t\t\t\t<div class=\"elementor-swiper-button elementor-swiper-button-prev\" role=\"button\" tabindex=\"0\" aria-label=\"Previous\">\n\t\t\t\t<svg xmlns=\"http:\/\/www.w3.org\/2000\/svg\" width=\"483.000000pt\" height=\"2000.000000pt\" viewBox=\"0 0 483.000000 2000.000000\" preserveAspectRatio=\"xMidYMid meet\"><g transform=\"translate(0.000000,2000.000000) scale(0.100000,-0.100000)\" fill=\"#000000\" stroke=\"none\"><path d=\"M195 19780 l-55 -53 0 -426 0 -426 1815 -810 c998 -445 1812 -811 1809 -814 -3 -3 -818 -370 -1812 -816 l-1807 -811 -3 -439 -2 -439 52 -53 c44 -45 58 -53 88 -52 25 0 679 299 2240 1023 l2205 1022 3 541 2 540 -2207 1028 c-1215 566 -2222 1030 -2240 1033 -28 3 -40 -3 -88 -48z\"><\/path><path d=\"M4042 14007 l-52 -53 0 -1292 0 -1292 -615 0 -615 0 0 1110 c0 611 -3 1110 -7 1110 -5 0 -140 23 -302 49 l-295 50 -25 -21 c-14 -11 -43 -35 -63 -54 l-38 -35 0 -1104 0 -1105 -575 0 -575 0 0 1271 0 1270 -51 55 -52 54 -266 0 -267 0 -52 -53 -52 -53 0 -1710 0 -1710 53 -52 53 -52 2190 0 2190 0 52 53 52 53 0 1730 0 1730 -53 52 -53 52 -265 0 -265 0 -52 -53z\"><\/path><path d=\"M3730 8768 c-447 -420 -816 -764 -821 -766 -5 -2 -9 4 -9 12 0 41 -88 275 -151 401 -87 175 -176 301 -304 430 -277 280 -655 417 -1036 376 -295 -32 -521 -140 -730 -350 -308 -310 -484 -783 -529 -1426 -5 -77 -10 -577 -10 -1110 l0 -971 53 -52 53 -52 2190 0 2190 0 52 53 52 53 0 385 0 385 -53 52 -53 52 -802 0 -802 0 0 334 0 334 855 788 854 789 1 470 0 471 -53 52 c-46 46 -58 52 -94 52 -40 0 -49 -8 -853 -762z m-2064 -569 c220 -30 373 -149 484 -374 122 -247 150 -461 150 -1167 l0 -418 -710 0 -710 0 0 544 c0 579 6 684 51 861 105 412 362 606 735 554z\"><\/path><path d=\"M1351 4294 c-172 -29 -367 -109 -506 -209 -402 -288 -641 -834 -694 -1587 -7 -88 -11 -545 -11 -1140 l0 -994 53 -52 53 -52 2190 0 2190 0 52 53 52 53 0 385 0 385 -53 52 -53 52 -757 0 -757 0 0 563 c0 553 -5 674 -36 892 -76 543 -308 1024 -624 1292 -194 166 -413 267 -665 308 -111 18 -321 18 -434 -1z m417 -1020 c128 -26 214 -73 312 -173 116 -117 184 -247 235 -450 51 -202 57 -287 62 -868 l5 -543 -752 0 -751 0 4 623 c4 580 5 629 25 732 74 390 252 621 522 679 88 19 244 19 338 0z\"><\/path><\/g><\/svg>\t\t\t<\/div>\n\t\t\t<div class=\"elementor-swiper-button elementor-swiper-button-next\" role=\"button\" tabindex=\"0\" aria-label=\"Next\">\n\t\t\t\t<svg xmlns=\"http:\/\/www.w3.org\/2000\/svg\" width=\"483.000000pt\" height=\"2000.000000pt\" viewBox=\"0 0 483.000000 2000.000000\" preserveAspectRatio=\"xMidYMid meet\"><g transform=\"translate(0.000000,2000.000000) scale(0.100000,-0.100000)\" fill=\"#000000\" stroke=\"none\"><path d=\"M140 17762 l0 -2238 53 -52 53 -52 270 0 270 0 52 53 52 53 0 897 0 897 1868 0 1868 0 52 53 52 53 0 390 0 391 -54 52 -55 51 -1865 0 -1866 0 0 845 0 845 -375 0 -375 0 0 -2238z\"><\/path><path d=\"M3455 14175 c-605 -497 -1103 -904 -1106 -904 -3 -1 -442 360 -975 802 -533 441 -991 819 -1017 841 l-47 38 -85 -38 -85 -38 0 -436 0 -436 802 -645 c441 -354 810 -651 821 -659 17 -15 -32 -56 -802 -670 l-820 -655 -1 -478 0 -478 85 -40 85 -40 1022 848 c562 466 1027 851 1033 855 7 4 449 -351 1104 -887 l1092 -894 85 42 84 41 -1 436 0 435 -889 715 c-489 393 -889 717 -889 720 0 3 400 316 889 695 l889 690 1 483 0 483 -85 40 c-47 21 -86 39 -88 38 -1 0 -497 -407 -1102 -904z\"><\/path><path d=\"M4042 9607 l-52 -53 0 -1292 0 -1292 -615 0 -615 0 0 1110 c0 611 -3 1110 -7 1110 -5 0 -140 23 -302 49 l-295 50 -25 -21 c-14 -11 -43 -35 -63 -54 l-38 -35 0 -1104 0 -1105 -575 0 -575 0 0 1271 0 1270 -51 55 -52 54 -266 0 -267 0 -52 -53 -52 -53 0 -1710 0 -1710 53 -52 53 -52 2190 0 2190 0 52 53 52 53 0 1730 0 1730 -53 52 -53 52 -265 0 -265 0 -52 -53z\"><\/path><path d=\"M192 4527 l-52 -53 0 -370 0 -370 53 -52 53 -52 1571 -2 1572 -3 -482 -412 c-265 -227 -995 -850 -1622 -1386 l-1140 -973 -3 -427 -2 -427 2295 0 2295 0 0 363 0 363 -53 52 -53 52 -1562 0 -1563 0 79 68 c44 37 184 156 313 264 129 109 819 694 1534 1300 l1300 1103 3 455 2 454 -52 53 -52 53 -2191 0 -2191 0 -52 -53z\"><\/path><\/g><\/svg>\t\t\t<\/div>\n\t\t\t\t\t<div class=\"swiper-pagination\"><\/div>\n\t\t\t\t\t\t<\/div>\n\t\t\t\t<\/div>\n\t\t\t\t\t<\/div>\n\t\t\t\t<\/div>\n\t\t\t\t<\/div>\n\t\t\t\t<\/div>\n\t\t<div class=\"elementor-element elementor-element-12aa2ef e-flex e-con-boxed e-con e-parent\" data-id=\"12aa2ef\" data-element_type=\"container\">\n\t\t\t\t\t<div class=\"e-con-inner\">\n\t\t\t\t<div class=\"elementor-element elementor-element-5e80be8 elementor-widget elementor-widget-spacer\" data-id=\"5e80be8\" data-element_type=\"widget\" data-widget_type=\"spacer.default\">\n\t\t\t\t<div class=\"elementor-widget-container\">\n\t\t\t\t\t\t\t<div class=\"elementor-spacer\">\n\t\t\t<div class=\"elementor-spacer-inner\"><\/div>\n\t\t<\/div>\n\t\t\t\t\t\t<\/div>\n\t\t\t\t<\/div>\n\t\t\t\t<div class=\"elementor-element elementor-element-650df7f elementor-widget elementor-widget-heading\" data-id=\"650df7f\" data-element_type=\"widget\" data-widget_type=\"heading.default\">\n\t\t\t\t<div class=\"elementor-widget-container\">\n\t\t\t\t\t<h2 class=\"elementor-heading-title elementor-size-default\">What budget should you plan for a wedding photographer in the Basque Country?\n<\/h2>\t\t\t\t<\/div>\n\t\t\t\t<\/div>\n\t\t\t\t<div class=\"elementor-element elementor-element-37ecf2d elementor-widget elementor-widget-text-editor\" data-id=\"37ecf2d\" data-element_type=\"widget\" data-widget_type=\"text-editor.default\">\n\t\t\t\t<div class=\"elementor-widget-container\">\n\t\t\t\t\t\t\t\t\t<p><span style=\"font-weight: 400;\">For a wedding reportage in the Basque Country, my services start from \u20ac1,950.<\/span><span style=\"font-weight: 400;\"><br><\/span><span style=\"font-weight: 400;\"> The price mainly depends on the length of coverage, the time of year, and the options chosen (engagement session, album, prints, etc.).<\/span><\/p>\n<p><span style=\"font-weight: 400;\">The Basque Coast is highly sought after, especially between May and October, so dates are often booked well in advance. My goal is to offer a complete, cohesive, and carefully crafted reportage, providing you with lasting memories that truly reflect your day. <\/span><\/p>\t\t\t\t\t\t\t\t<\/div>\n\t\t\t\t<\/div>\n\t\t\t\t\t<\/div>\n\t\t\t\t<\/div>\n\t\t<div class=\"elementor-element elementor-element-a4d3f53 e-flex e-con-boxed e-con e-parent\" data-id=\"a4d3f53\" data-element_type=\"container\">\n\t\t\t\t\t<div class=\"e-con-inner\">\n\t\t\t\t<div class=\"elementor-element elementor-element-0387202 elementor-widget elementor-widget-heading\" data-id=\"0387202\" data-element_type=\"widget\" data-widget_type=\"heading.default\">\n\t\t\t\t<div class=\"elementor-widget-container\">\n\t\t\t\t\t<h2 class=\"elementor-heading-title elementor-size-default\">Where can you take wedding photos in the Basque Country?\n<\/h2>\t\t\t\t<\/div>\n\t\t\t\t<\/div>\n\t\t\t\t<div class=\"elementor-element elementor-element-80ba409 elementor-widget elementor-widget-text-editor\" data-id=\"80ba409\" data-element_type=\"widget\" data-widget_type=\"text-editor.default\">\n\t\t\t\t<div class=\"elementor-widget-container\">\n\t\t\t\t\t\t\t\t\t<p><span style=\"font-weight: 400;\">The Basque Country offers a wide variety of settings, making it possible to create very different images depending on your wishes. I often accompany couples to places such as: <\/span><\/p>\n<ul>\n<li style=\"font-weight: 400;\" aria-level=\"1\"><span style=\"font-weight: 400;\">the beaches of Biarritz or Saint-Jean-de-Luz, for an ocean atmosphere and Atlantic light<\/span><span style=\"font-weight: 400;\"><br><\/span><\/li>\n<li style=\"font-weight: 400;\" aria-level=\"1\"><span style=\"font-weight: 400;\">the cliffs of Bidart or Gu\u00e9thary, wilder and more dramatic<\/span><span style=\"font-weight: 400;\"><br><\/span><\/li>\n<li style=\"font-weight: 400;\" aria-level=\"1\"><span style=\"font-weight: 400;\">typical villages such as Ainhoa, Sare, or Espelette, for a traditional and warm atmosphere<\/span><span style=\"font-weight: 400;\"><br><\/span><\/li>\n<li style=\"font-weight: 400;\" aria-level=\"1\"><span style=\"font-weight: 400;\">the mountains and valleys of the inland Basque Country, ideal at sunset<\/span><span style=\"font-weight: 400;\"><br><br><\/span><\/li>\n<\/ul>\n<p><span style=\"font-weight: 400;\">Each location brings a different atmosphere: sea, nature, heritage, or Basque tradition.<\/span><\/p>\t\t\t\t\t\t\t\t<\/div>\n\t\t\t\t<\/div>\n\t\t\t\t\t<\/div>\n\t\t\t\t<\/div>\n\t\t<div class=\"elementor-element elementor-element-57fee74 e-flex e-con-boxed e-con e-parent\" data-id=\"57fee74\" data-element_type=\"container\">\n\t\t\t\t\t<div class=\"e-con-inner\">\n\t\t\t\t<div class=\"elementor-element elementor-element-0f45d7e elementor-widget elementor-widget-heading\" data-id=\"0f45d7e\" data-element_type=\"widget\" data-widget_type=\"heading.default\">\n\t\t\t\t<div class=\"elementor-widget-container\">\n\t\t\t\t\t<h2 class=\"elementor-heading-title elementor-size-default\">How to choose your wedding photographer in the Basque Country?\n<\/h2>\t\t\t\t<\/div>\n\t\t\t\t<\/div>\n\t\t\t\t<div class=\"elementor-element elementor-element-1fd2bc8 elementor-widget elementor-widget-text-editor\" data-id=\"1fd2bc8\" data-element_type=\"widget\" data-widget_type=\"text-editor.default\">\n\t\t\t\t<div class=\"elementor-widget-container\">\n\t\t\t\t\t\t\t\t\t<p><span style=\"font-weight: 400;\">Above all, I recommend choosing a photographer whose style you truly love. The images should speak to you immediately. <\/span><span style=\"font-weight: 400;\"><br><\/span><span style=\"font-weight: 400;\"> It\u2019s also essential that the photographer knows how to work with natural light, as light in the Basque Country is constantly changing: sea winds, clouds, low sun at the end of the day\u2026<\/span><\/p>\n<p><span style=\"font-weight: 400;\">An experienced photographer will know how to adapt to the weather, unexpected moments, and the rhythm of your wedding, while remaining discreet. The connection is just as important: you need to feel confident and at ease. <\/span><\/p>\t\t\t\t\t\t\t\t<\/div>\n\t\t\t\t<\/div>\n\t\t\t\t\t<\/div>\n\t\t\t\t<\/div>\n\t\t<div class=\"elementor-element elementor-element-bdbe344 e-flex e-con-boxed e-con e-parent\" data-id=\"bdbe344\" data-element_type=\"container\">\n\t\t\t\t\t<div class=\"e-con-inner\">\n\t\t\t\t<div class=\"elementor-element elementor-element-e19477b elementor-widget elementor-widget-heading\" data-id=\"e19477b\" data-element_type=\"widget\" data-widget_type=\"heading.default\">\n\t\t\t\t<div class=\"elementor-widget-container\">\n\t\t\t\t\t<h2 class=\"elementor-heading-title elementor-size-default\">Does a photographer know the best spots in the Basque Country?\n<\/h2>\t\t\t\t<\/div>\n\t\t\t\t<\/div>\n\t\t\t\t<div class=\"elementor-element elementor-element-f4950d5 elementor-widget elementor-widget-text-editor\" data-id=\"f4950d5\" data-element_type=\"widget\" data-widget_type=\"text-editor.default\">\n\t\t\t\t<div class=\"elementor-widget-container\">\n\t\t\t\t\t\t\t\t\t<p><span style=\"font-weight: 400;\">Yes. Thanks to my experience photographing weddings in the Basque Country, I know the most suitable locations depending on the time of day, the weather, accessibility, and the atmosphere you\u2019re looking for. <\/span><span style=\"font-weight: 400;\"><br><\/span><span style=\"font-weight: 400;\"> Whether you\u2019re looking for photos by the sea, in a Basque village, or in the mountains, I guide you toward the locations that best match your wedding and your personality.<\/span><\/p>\t\t\t\t\t\t\t\t<\/div>\n\t\t\t\t<\/div>\n\t\t\t\t\t<\/div>\n\t\t\t\t<\/div>\n\t\t<div class=\"elementor-element elementor-element-2e2317c e-flex e-con-boxed e-con e-parent\" data-id=\"2e2317c\" data-element_type=\"container\">\n\t\t\t\t\t<div class=\"e-con-inner\">\n\t\t\t\t<div class=\"elementor-element elementor-element-f6216d3 elementor-widget elementor-widget-heading\" data-id=\"f6216d3\" data-element_type=\"widget\" data-widget_type=\"heading.default\">\n\t\t\t\t<div class=\"elementor-widget-container\">\n\t\t\t\t\t<h2 class=\"elementor-heading-title elementor-size-default\">How many photos are delivered for a wedding in the Basque Country?\n<\/h2>\t\t\t\t<\/div>\n\t\t\t\t<\/div>\n\t\t\t\t<div class=\"elementor-element elementor-element-0d02dba elementor-widget elementor-widget-text-editor\" data-id=\"0d02dba\" data-element_type=\"widget\" data-widget_type=\"text-editor.default\">\n\t\t\t\t<div class=\"elementor-widget-container\">\n\t\t\t\t\t\t\t\t\t<p><span style=\"font-weight: 400;\">For a full wedding reportage, I generally deliver between 600 and 1,000 photos.<\/span><span style=\"font-weight: 400;\"><br><\/span><span style=\"font-weight: 400;\"> Each image is carefully selected and then edited one by one to maintain a natural, soft, and harmonious look. I always prioritize the quality and coherence of the reportage over an artificially inflated number of images. <\/span><\/p>\t\t\t\t\t\t\t\t<\/div>\n\t\t\t\t<\/div>\n\t\t\t\t\t<\/div>\n\t\t\t\t<\/div>\n\t\t<div class=\"elementor-element elementor-element-77a357f e-flex e-con-boxed e-con e-parent\" data-id=\"77a357f\" data-element_type=\"container\">\n\t\t\t\t\t<div class=\"e-con-inner\">\n\t\t\t\t<div class=\"elementor-element elementor-element-dabc0bd elementor-widget elementor-widget-shortcode\" data-id=\"dabc0bd\" data-element_type=\"widget\" data-widget_type=\"shortcode.default\">\n\t\t\t\t<div class=\"elementor-widget-container\">\n\t\t\t\t\t\t\t<div class=\"elementor-shortcode\"><script type=\"application\/ld+json\">{\n  \"@context\": \"https:\/\/schema.org\",\n  \"@type\": \"FAQPage\",\n  \"mainEntity\": [\n    {\n      \"@type\": \"Question\",\n      \"name\": \"Quel budget pr\u00e9voir pour un photographe de mariage au Pays Basque ?\",\n      \"acceptedAnswer\": {\n        \"@type\": \"Answer\",\n        \"text\": \"Pour un reportage de mariage au Pays Basque, mes prestations d\u00e9butent \u00e0 partir de 1 950 \u20ac. Le tarif d\u00e9pend principalement de la dur\u00e9e de pr\u00e9sence, de la p\u00e9riode de l\u2019ann\u00e9e et des options choisies (s\u00e9ance engagement, album, tirages\u2026). La c\u00f4te basque \u00e9tant tr\u00e8s demand\u00e9e, notamment entre mai et octobre, les dates se r\u00e9servent souvent longtemps \u00e0 l\u2019avance. Mon objectif est de proposer un reportage complet, coh\u00e9rent et travaill\u00e9 avec soin, afin de vous offrir des souvenirs durables et fid\u00e8les \u00e0 votre journ\u00e9e.\"\n      }\n    },\n    {\n      \"@type\": \"Question\",\n      \"name\": \"O\u00f9 faire des photos de mariage au Pays Basque ?\",\n      \"acceptedAnswer\": {\n        \"@type\": \"Answer\",\n        \"text\": \"Le Pays Basque offre une grande vari\u00e9t\u00e9 de d\u00e9cors, ce qui permet de cr\u00e9er des images tr\u00e8s diff\u00e9rentes selon vos envies. J\u2019accompagne souvent les couples dans des lieux comme : les plages de Biarritz ou Saint-Jean-de-Luz, les falaises de Bidart ou Gu\u00e9thary, les villages typiques comme Ainhoa, Sare ou Espelette, et les montagnes et vall\u00e9es de l\u2019int\u00e9rieur basque. Chaque lieu apporte une ambiance diff\u00e9rente : mer, nature, patrimoine ou tradition basque.\"\n      }\n    },\n    {\n      \"@type\": \"Question\",\n      \"name\": \"Comment choisir son photographe de mariage au Pays Basque ?\",\n      \"acceptedAnswer\": {\n        \"@type\": \"Answer\",\n        \"text\": \"Je conseille avant tout de choisir un photographe dont vous aimez profond\u00e9ment le style. Les images doivent vous parler imm\u00e9diatement. Il est \u00e9galement essentiel que le photographe sache travailler en lumi\u00e8re naturelle, car la lumi\u00e8re au Pays Basque est changeante : vents marins, nuages, soleil rasant en fin de journ\u00e9e\u2026 Un photographe exp\u00e9riment\u00e9 saura s\u2019adapter \u00e0 la m\u00e9t\u00e9o, aux impr\u00e9vus et au rythme de votre mariage, tout en restant discret. Le feeling est tout aussi important : vous devez vous sentir en confiance.\"\n      }\n    },\n    {\n      \"@type\": \"Question\",\n      \"name\": \"Un photographe conna\u00eet-il les meilleurs spots au Pays Basque ?\",\n      \"acceptedAnswer\": {\n        \"@type\": \"Answer\",\n        \"text\": \"Oui. Gr\u00e2ce \u00e0 mon exp\u00e9rience des mariages au Pays Basque, je connais les endroits les plus adapt\u00e9s selon l\u2019heure de la journ\u00e9e, la m\u00e9t\u00e9o, l\u2019accessibilit\u00e9 et l\u2019ambiance recherch\u00e9e. Que vous souhaitiez des photos en bord de mer, dans un village basque ou en montagne, je vous guide vers les lieux les plus coh\u00e9rents avec votre mariage et votre personnalit\u00e9.\"\n      }\n    },\n    {\n      \"@type\": \"Question\",\n      \"name\": \"Combien de photos sont livr\u00e9es pour un mariage au Pays Basque ?\",\n      \"acceptedAnswer\": {\n        \"@type\": \"Answer\",\n        \"text\": \"Pour un reportage complet, je livre g\u00e9n\u00e9ralement entre 600 et 1 000 photos. Chaque image est s\u00e9lectionn\u00e9e avec attention puis travaill\u00e9e une \u00e0 une afin de conserver un rendu naturel, doux et harmonieux. Je privil\u00e9gie toujours la qualit\u00e9 et la coh\u00e9rence du reportage plut\u00f4t qu\u2019un volume artificiellement gonfl\u00e9.\"\n      }\n    }\n  ]\n}\n<\/script><\/div>\n\t\t\t\t\t\t<\/div>\n\t\t\t\t<\/div>\n\t\t\t\t\t<\/div>\n\t\t\t\t<\/div>\n\t\t\t\t<\/div>\n\t\t","protected":false},"excerpt":{"rendered":"<p>Wedding photographer in the Basque Country Photographing a wedding in the Basque Country means telling the story of a day [&hellip;]<\/p>\n","protected":false},"author":4,"featured_media":0,"parent":3833,"menu_order":0,"comment_status":"closed","ping_status":"closed","template":"","meta":{"_seopress_robots_primary_cat":"","_seopress_titles_title":"Wedding Photographer in the Basque Country | Book Julien Boyer","_seopress_titles_desc":"I photograph your wedding in the Basque Country with sensitivity and discretion. A lively, elegant reportage that truly reflects your story. ","_seopress_robots_index":"","site-sidebar-layout":"no-sidebar","site-content-layout":"","ast-site-content-layout":"full-width-container","site-content-style":"default","site-sidebar-style":"default","ast-global-header-display":"","ast-banner-title-visibility":"","ast-main-header-display":"","ast-hfb-above-header-display":"","ast-hfb-below-header-display":"","ast-hfb-mobile-header-display":"","site-post-title":"disabled","ast-breadcrumbs-content":"","ast-featured-img":"disabled","footer-sml-layout":"","ast-disable-related-posts":"","theme-transparent-header-meta":"","adv-header-id-meta":"","stick-header-meta":"","header-above-stick-meta":"","header-main-stick-meta":"","header-below-stick-meta":"","astra-migrate-meta-layouts":"default","ast-page-background-enabled":"default","ast-page-background-meta":{"desktop":{"background-color":"var(--ast-global-color-5)","background-image":"","background-repeat":"repeat","background-position":"center center","background-size":"auto","background-attachment":"scroll","background-type":"","background-media":"","overlay-type":"","overlay-color":"","overlay-opacity":"","overlay-gradient":""},"tablet":{"background-color":"","background-image":"","background-repeat":"repeat","background-position":"center center","background-size":"auto","background-attachment":"scroll","background-type":"","background-media":"","overlay-type":"","overlay-color":"","overlay-opacity":"","overlay-gradient":""},"mobile":{"background-color":"","background-image":"","background-repeat":"repeat","background-position":"center center","background-size":"auto","background-attachment":"scroll","background-type":"","background-media":"","overlay-type":"","overlay-color":"","overlay-opacity":"","overlay-gradient":""}},"ast-content-background-meta":{"desktop":{"background-color":"var(--ast-global-color-4)","background-image":"","background-repeat":"repeat","background-position":"center center","background-size":"auto","background-attachment":"scroll","background-type":"","background-media":"","overlay-type":"","overlay-color":"","overlay-opacity":"","overlay-gradient":""},"tablet":{"background-color":"var(--ast-global-color-4)","background-image":"","background-repeat":"repeat","background-position":"center center","background-size":"auto","background-attachment":"scroll","background-type":"","background-media":"","overlay-type":"","overlay-color":"","overlay-opacity":"","overlay-gradient":""},"mobile":{"background-color":"var(--ast-global-color-4)","background-image":"","background-repeat":"repeat","background-position":"center center","background-size":"auto","background-attachment":"scroll","background-type":"","background-media":"","overlay-type":"","overlay-color":"","overlay-opacity":"","overlay-gradient":""}},"footnotes":""},"class_list":["post-3947","page","type-page","status-publish","hentry"],"_links":{"self":[{"href":"https:\/\/www.boyerjulien.com\/en\/wp-json\/wp\/v2\/pages\/3947","targetHints":{"allow":["GET"]}}],"collection":[{"href":"https:\/\/www.boyerjulien.com\/en\/wp-json\/wp\/v2\/pages"}],"about":[{"href":"https:\/\/www.boyerjulien.com\/en\/wp-json\/wp\/v2\/types\/page"}],"author":[{"embeddable":true,"href":"https:\/\/www.boyerjulien.com\/en\/wp-json\/wp\/v2\/users\/4"}],"replies":[{"embeddable":true,"href":"https:\/\/www.boyerjulien.com\/en\/wp-json\/wp\/v2\/comments?post=3947"}],"version-history":[{"count":0,"href":"https:\/\/www.boyerjulien.com\/en\/wp-json\/wp\/v2\/pages\/3947\/revisions"}],"up":[{"embeddable":true,"href":"https:\/\/www.boyerjulien.com\/en\/wp-json\/wp\/v2\/pages\/3833"}],"wp:attachment":[{"href":"https:\/\/www.boyerjulien.com\/en\/wp-json\/wp\/v2\/media?parent=3947"}],"curies":[{"name":"wp","href":"https:\/\/api.w.org\/{rel}","templated":true}]}}