{"id":3802,"date":"2025-04-22T18:30:10","date_gmt":"2025-04-22T16:30:10","guid":{"rendered":"https:\/\/www.boyerjulien.com\/wedding\/"},"modified":"2026-01-01T18:25:03","modified_gmt":"2026-01-01T17:25:03","slug":"wedding","status":"publish","type":"page","link":"https:\/\/www.boyerjulien.com\/en\/wedding\/","title":{"rendered":"Wedding"},"content":{"rendered":"\t\t<div data-elementor-type=\"wp-page\" data-elementor-id=\"3802\" class=\"elementor elementor-3802 elementor-25\" data-elementor-post-type=\"page\">\n\t\t\t\t<div class=\"elementor-element elementor-element-136ecd02 e-con-full e-flex e-con e-parent\" data-id=\"136ecd02\" data-element_type=\"container\" data-settings=\"{&quot;background_background&quot;:&quot;classic&quot;}\">\n\t\t\t\t<\/div>\n\t\t<div class=\"elementor-element elementor-element-35a5dee e-flex e-con-boxed e-con e-parent\" data-id=\"35a5dee\" data-element_type=\"container\">\n\t\t\t\t\t<div class=\"e-con-inner\">\n\t\t\t\t<div class=\"elementor-element elementor-element-f4ead55 uael-post__link-complete-yes uael-equal__height-yes uael-post__filter-align-center elementor-widget elementor-widget-uael-posts\" data-id=\"f4ead55\" data-element_type=\"widget\" data-settings=\"{&quot;classic_show_filters&quot;:&quot;yes&quot;,&quot;classic_slides_to_show&quot;:3,&quot;classic_slides_to_show_tablet&quot;:2,&quot;classic_slides_to_show_mobile&quot;:1}\" data-widget_type=\"uael-posts.classic\">\n\t\t\t\t<div class=\"elementor-widget-container\">\n\t\t\t\t\t\t\t<div class=\"uael-post__header\">\n\t\t\t\t\t<div class=\"uael-post__header-filters-wrap uael-posts-tabs-dropdown\">\n\t\t\t<ul class=\"uael-post__header-filters\" aria-label=\"Taxonomy Filter\">\n\t\t\t\t<li class=\"uael-post__header-filter uael-filter__current\" data-filter=\"*\">All<\/li>\n\t\t\t\t\t\t\t\t<li class=\"uael-post__header-filter\" data-filter=\".editorial\" tabindex=\"0\">Editorial<\/li>\n\t\t\t\t\t\t\t\t<li class=\"uael-post__header-filter\" data-filter=\".wedding\" tabindex=\"0\">Wedding<\/li>\n\t\t\t\t\t\t\t<\/ul>\n\n\t\t\t\t\t\t\t<div class=\"uael-filters-dropdown\">\n\t\t\t\t\t<div class=\"uael-filters-dropdown-button\">All<i class=\"fa fa-angle-down\"><\/i><\/div>\n\n\t\t\t\t\t<ul class=\"uael-filters-dropdown-list uael-post__header-filters\">\n\t\t\t\t\t\t<li class=\"uael-filters-dropdown-item uael-post__header-filter uael-filter__current\" data-filter=\"*\">All<\/li>\n\t\t\t\t\t\t\t\t\t\t\t\t<li class=\"uael-filters-dropdown-item uael-post__header-filter\" data-filter=\".editorial\">Editorial<\/li>\n\t\t\t\t\t\t\t\t\t\t\t\t<li class=\"uael-filters-dropdown-item uael-post__header-filter\" data-filter=\".wedding\">Wedding<\/li>\n\t\t\t\t\t\t\t\t\t\t\t<\/ul>\n\t\t\t\t<\/div>\n\t\t\t\t\t<\/div>\n\t\t\t\t<\/div>\n\t\t<div class=\"uael-post__body\">\n\t\t\t\n\t\t\n\t\t<div class=\"uael-blog-terms-position-above_content uael-post-image-top uael-post-grid uael-posts\" data-query-type=\"custom\" data-structure=\"normal\" data-layout=\"\" data-page=\"3802\" data-skin=\"classic\" data-filter-default=\"All\" data-offset-top=\"30\" >\n\n\t\t\t\t\t\t\t<div class=\"uael-post-grid__inner uael-post__columns-3 uael-post__columns-tablet-2 uael-post__columns-mobile-1\">\n\t\t\t\n<div class=\"uael-post-wrapper wedding  \">\n\t<div class=\"uael-post__bg-wrap uael-bg-wrap-disabled \">\n\n\t\t\t\t\t<a href=\"https:\/\/www.boyerjulien.com\/en\/portfolio\/chateau-pape-clement-bordeaux\/\" target=\"_blank\" class=\"uael-post__complete-box-overlay\" aria-label=\"Link Complete Box\"><\/a>\n\t\t\t\t\n\t\t<div class=\"uael-post__inner-wrap uael-inner-wrap-disabled\">\n\n\t\t\t\t<div class=\"uael-post__thumbnail\">\n\t\t\t\n\t\t\t<a href=\"https:\/\/www.boyerjulien.com\/en\/portfolio\/chateau-pape-clement-bordeaux\/\" target=\"_blank\" title=\"Ch\u00e2teau Pape Cl\u00e9ment, Bordeaux\"><img alt=\"\" fetchpriority=\"high\" decoding=\"async\" width=\"1280\" height=\"1920\" src=\"https:\/\/www.boyerjulien.com\/wp-content\/uploads\/2025\/12\/mariage-chateau-pape-clement-pessac88.webp\" class=\"attachment-full size-full wp-image-3675\" alt=\"\" srcset=\"https:\/\/www.boyerjulien.com\/wp-content\/uploads\/2025\/12\/mariage-chateau-pape-clement-pessac88.webp 1280w, https:\/\/www.boyerjulien.com\/wp-content\/uploads\/2025\/12\/mariage-chateau-pape-clement-pessac88-200x300.webp 200w, https:\/\/www.boyerjulien.com\/wp-content\/uploads\/2025\/12\/mariage-chateau-pape-clement-pessac88-682x1024.webp 682w, https:\/\/www.boyerjulien.com\/wp-content\/uploads\/2025\/12\/mariage-chateau-pape-clement-pessac88-768x1152.webp 768w, https:\/\/www.boyerjulien.com\/wp-content\/uploads\/2025\/12\/mariage-chateau-pape-clement-pessac88-1024x1536.webp 1024w\" sizes=\"(max-width: 1280px) 100vw, 1280px\" \/><\/a>\n\t\t\t\t\t<\/div>\n\t\t\n\t\t\t\n\t\t\t<div class=\"uael-post__content-wrap uael-content-wrap-disabled\">\n\t\t\t\t\t\t\t<div class=\"uael-post__terms-wrap\"><span class=\"uael-post__terms\"><a href=\"https:\/\/www.boyerjulien.com\/en\/portfolio-tags\/veronica-christophe\/\" class=\"uael-listing__terms-link\" id=\"uael-post-term-veronica-christophe\" aria-labelledby=\"uael-post-term-veronica-christophe\">Veronica &amp; Christophe<\/a><\/span><\/div>\n\t\t\t\t\t\t<h3 class=\"uael-post__title\">\n\n\t\t\n\t\t\t\t\t\t<a href=\"https:\/\/www.boyerjulien.com\/en\/portfolio\/chateau-pape-clement-bordeaux\/\" target=\"_blank\">\n\t\t\t\tCh\u00e2teau Pape Cl\u00e9ment, Bordeaux\t\t\t<\/a>\n\n\t\t\t\t<\/h3>\n\t\t\t\t\t<div class=\"uael-post__meta-data\">\n\t\t\t\t\t<\/div>\n\t\t\t\t\t<\/div>\n\t\t\t\n\t\t<\/div>\n\t\t\n\t<\/div>\n\n<\/div>\n\n<div class=\"uael-post-wrapper wedding  \">\n\t<div class=\"uael-post__bg-wrap uael-bg-wrap-disabled \">\n\n\t\t\t\t\t<a href=\"https:\/\/www.boyerjulien.com\/en\/portfolio\/agreco-farm-en-crete\/\" target=\"_blank\" class=\"uael-post__complete-box-overlay\" aria-label=\"Link Complete Box\"><\/a>\n\t\t\t\t\n\t\t<div class=\"uael-post__inner-wrap uael-inner-wrap-disabled\">\n\n\t\t\t\t<div class=\"uael-post__thumbnail\">\n\t\t\t\n\t\t\t<a href=\"https:\/\/www.boyerjulien.com\/en\/portfolio\/agreco-farm-en-crete\/\" target=\"_blank\" title=\"Agreco Farm, cr\u00eate\"><img decoding=\"async\" width=\"1280\" height=\"1920\" src=\"https:\/\/www.boyerjulien.com\/wp-content\/uploads\/2025\/12\/mariage-crete-rethimno31.webp\" class=\"attachment-full size-full wp-image-3488\" alt=\"Entr\u00e9e des mari\u00e9s main dans la main lors de leur mariage \u00e0 Agreco Farm pr\u00e8s de Rethymnon en Cr\u00e8te, c\u00e9r\u00e9monie en plein air photographi\u00e9e par Julien Boyer photographe de mariage\" srcset=\"https:\/\/www.boyerjulien.com\/wp-content\/uploads\/2025\/12\/mariage-crete-rethimno31.webp 1280w, https:\/\/www.boyerjulien.com\/wp-content\/uploads\/2025\/12\/mariage-crete-rethimno31-200x300.webp 200w, https:\/\/www.boyerjulien.com\/wp-content\/uploads\/2025\/12\/mariage-crete-rethimno31-682x1024.webp 682w, https:\/\/www.boyerjulien.com\/wp-content\/uploads\/2025\/12\/mariage-crete-rethimno31-768x1152.webp 768w, https:\/\/www.boyerjulien.com\/wp-content\/uploads\/2025\/12\/mariage-crete-rethimno31-1024x1536.webp 1024w\" sizes=\"(max-width: 1280px) 100vw, 1280px\" \/><\/a>\n\t\t\t\t\t<\/div>\n\t\t\n\t\t\t\n\t\t\t<div class=\"uael-post__content-wrap uael-content-wrap-disabled\">\n\t\t\t\t\t\t\t<div class=\"uael-post__terms-wrap\"><span class=\"uael-post__terms\"><a href=\"https:\/\/www.boyerjulien.com\/en\/portfolio-tags\/bernadette-jean-francois\/\" class=\"uael-listing__terms-link\" id=\"uael-post-term-bernadette-jean-francois\" aria-labelledby=\"uael-post-term-bernadette-jean-francois\">Bernadette &amp; Jean-fran\u00e7ois<\/a><\/span><\/div>\n\t\t\t\t\t\t<h3 class=\"uael-post__title\">\n\n\t\t\n\t\t\t\t\t\t<a href=\"https:\/\/www.boyerjulien.com\/en\/portfolio\/agreco-farm-en-crete\/\" target=\"_blank\">\n\t\t\t\tAgreco Farm, cr\u00eate\t\t\t<\/a>\n\n\t\t\t\t<\/h3>\n\t\t\t\t\t<div class=\"uael-post__meta-data\">\n\t\t\t\t\t<\/div>\n\t\t\t\t\t<\/div>\n\t\t\t\n\t\t<\/div>\n\t\t\n\t<\/div>\n\n<\/div>\n\n<div class=\"uael-post-wrapper wedding  \">\n\t<div class=\"uael-post__bg-wrap uael-bg-wrap-disabled \">\n\n\t\t\t\t\t<a href=\"https:\/\/www.boyerjulien.com\/en\/portfolio\/borgo-corsignano-toscane\/\" target=\"_blank\" class=\"uael-post__complete-box-overlay\" aria-label=\"Link Complete Box\"><\/a>\n\t\t\t\t\n\t\t<div class=\"uael-post__inner-wrap uael-inner-wrap-disabled\">\n\n\t\t\t\t<div class=\"uael-post__thumbnail\">\n\t\t\t\n\t\t\t<a href=\"https:\/\/www.boyerjulien.com\/en\/portfolio\/borgo-corsignano-toscane\/\" target=\"_blank\" title=\"Borgo Corsignano, Toscane\"><img decoding=\"async\" width=\"1280\" height=\"1920\" src=\"https:\/\/www.boyerjulien.com\/wp-content\/uploads\/2025\/08\/wedding-venue-tuscany-borgo-di-corsignano80.webp\" class=\"attachment-full size-full wp-image-1598\" alt=\"The couple cutting their wedding cake filled with fresh berries under the glowing string lights of Borgo di Corsignano, in a romantic and festive ambiance, photographed by Julien Boyer.\" srcset=\"https:\/\/www.boyerjulien.com\/wp-content\/uploads\/2025\/08\/wedding-venue-tuscany-borgo-di-corsignano80.webp 1280w, https:\/\/www.boyerjulien.com\/wp-content\/uploads\/2025\/08\/wedding-venue-tuscany-borgo-di-corsignano80-200x300.webp 200w, https:\/\/www.boyerjulien.com\/wp-content\/uploads\/2025\/08\/wedding-venue-tuscany-borgo-di-corsignano80-682x1024.webp 682w, https:\/\/www.boyerjulien.com\/wp-content\/uploads\/2025\/08\/wedding-venue-tuscany-borgo-di-corsignano80-768x1152.webp 768w, https:\/\/www.boyerjulien.com\/wp-content\/uploads\/2025\/08\/wedding-venue-tuscany-borgo-di-corsignano80-1024x1536.webp 1024w\" sizes=\"(max-width: 1280px) 100vw, 1280px\" \/><\/a>\n\t\t\t\t\t<\/div>\n\t\t\n\t\t\t\n\t\t\t<div class=\"uael-post__content-wrap uael-content-wrap-disabled\">\n\t\t\t\t\t\t\t<div class=\"uael-post__terms-wrap\"><span class=\"uael-post__terms\"><a href=\"https:\/\/www.boyerjulien.com\/portfolio-tags\/jenna-justin\/\" class=\"uael-listing__terms-link\" id=\"uael-post-term-jenna-justin\" aria-labelledby=\"uael-post-term-jenna-justin\">Jenna &amp; Justin<\/a><\/span><\/div>\n\t\t\t\t\t\t<h3 class=\"uael-post__title\">\n\n\t\t\n\t\t\t\t\t\t<a href=\"https:\/\/www.boyerjulien.com\/en\/portfolio\/borgo-corsignano-toscane\/\" target=\"_blank\">\n\t\t\t\tBorgo Corsignano, Toscane\t\t\t<\/a>\n\n\t\t\t\t<\/h3>\n\t\t\t\t\t<div class=\"uael-post__meta-data\">\n\t\t\t\t\t<\/div>\n\t\t\t\t\t<\/div>\n\t\t\t\n\t\t<\/div>\n\t\t\n\t<\/div>\n\n<\/div>\n\n<div class=\"uael-post-wrapper editorial  \">\n\t<div class=\"uael-post__bg-wrap uael-bg-wrap-disabled \">\n\n\t\t\t\t\t<a href=\"https:\/\/www.boyerjulien.com\/en\/portfolio\/chateau-de-la-gaude-provence\/\" target=\"_blank\" class=\"uael-post__complete-box-overlay\" aria-label=\"Link Complete Box\"><\/a>\n\t\t\t\t\n\t\t<div class=\"uael-post__inner-wrap uael-inner-wrap-disabled\">\n\n\t\t\t\t<div class=\"uael-post__thumbnail\">\n\t\t\t\n\t\t\t<a href=\"https:\/\/www.boyerjulien.com\/en\/portfolio\/chateau-de-la-gaude-provence\/\" target=\"_blank\" title=\"Ch\u00e2teau de la gaude, Provence\"><img loading=\"lazy\" decoding=\"async\" width=\"1280\" height=\"1920\" src=\"https:\/\/www.boyerjulien.com\/wp-content\/uploads\/2025\/08\/wedding-venue-chateau-de-la-gaude24.webp\" class=\"attachment-full size-full wp-image-1789\" alt=\"Her smile glows brighter than the Proven\u00e7al sun as his embrace holds eternity\u2014captured by Julien Boyer\" srcset=\"https:\/\/www.boyerjulien.com\/wp-content\/uploads\/2025\/08\/wedding-venue-chateau-de-la-gaude24.webp 1280w, https:\/\/www.boyerjulien.com\/wp-content\/uploads\/2025\/08\/wedding-venue-chateau-de-la-gaude24-200x300.webp 200w, https:\/\/www.boyerjulien.com\/wp-content\/uploads\/2025\/08\/wedding-venue-chateau-de-la-gaude24-682x1024.webp 682w, https:\/\/www.boyerjulien.com\/wp-content\/uploads\/2025\/08\/wedding-venue-chateau-de-la-gaude24-768x1152.webp 768w, https:\/\/www.boyerjulien.com\/wp-content\/uploads\/2025\/08\/wedding-venue-chateau-de-la-gaude24-1024x1536.webp 1024w\" sizes=\"(max-width: 1280px) 100vw, 1280px\" \/><\/a>\n\t\t\t\t\t<\/div>\n\t\t\n\t\t\t\n\t\t\t<div class=\"uael-post__content-wrap uael-content-wrap-disabled\">\n\t\t\t\t\t\t\t<div class=\"uael-post__terms-wrap\"><span class=\"uael-post__terms\"><a href=\"https:\/\/www.boyerjulien.com\/portfolio-tags\/alexandra-daniel\/\" class=\"uael-listing__terms-link\" id=\"uael-post-term-alexandra-daniel\" aria-labelledby=\"uael-post-term-alexandra-daniel\">Alexandra &amp; Daniel<\/a><\/span><\/div>\n\t\t\t\t\t\t<h3 class=\"uael-post__title\">\n\n\t\t\n\t\t\t\t\t\t<a href=\"https:\/\/www.boyerjulien.com\/en\/portfolio\/chateau-de-la-gaude-provence\/\" target=\"_blank\">\n\t\t\t\tCh\u00e2teau de la gaude, Provence\t\t\t<\/a>\n\n\t\t\t\t<\/h3>\n\t\t\t\t\t<div class=\"uael-post__meta-data\">\n\t\t\t\t\t<\/div>\n\t\t\t\t\t<\/div>\n\t\t\t\n\t\t<\/div>\n\t\t\n\t<\/div>\n\n<\/div>\n\n<div class=\"uael-post-wrapper wedding  \">\n\t<div class=\"uael-post__bg-wrap uael-bg-wrap-disabled \">\n\n\t\t\t\t\t<a href=\"https:\/\/www.boyerjulien.com\/en\/portfolio\/chateau-fengari-bordeaux\/\" target=\"_blank\" class=\"uael-post__complete-box-overlay\" aria-label=\"Link Complete Box\"><\/a>\n\t\t\t\t\n\t\t<div class=\"uael-post__inner-wrap uael-inner-wrap-disabled\">\n\n\t\t\t\t<div class=\"uael-post__thumbnail\">\n\t\t\t\n\t\t\t<a href=\"https:\/\/www.boyerjulien.com\/en\/portfolio\/chateau-fengari-bordeaux\/\" target=\"_blank\" title=\"Ch\u00e2teau Fengari, Bordeaux\"><img loading=\"lazy\" decoding=\"async\" width=\"1333\" height=\"2000\" src=\"https:\/\/www.boyerjulien.com\/wp-content\/uploads\/2025\/09\/wedding-venue-chateau-fengari42.jpg\" class=\"attachment-full size-full wp-image-2069\" alt=\"Couple de mari\u00e9s marchant main dans la main dans le parc du Ch\u00e2teau Fengari, s\u00e9ance photo de mariage r\u00e9alis\u00e9e par un photographe de mariage pr\u00e8s de Bordeaux.\" srcset=\"https:\/\/www.boyerjulien.com\/wp-content\/uploads\/2025\/09\/wedding-venue-chateau-fengari42.jpg 1333w, https:\/\/www.boyerjulien.com\/wp-content\/uploads\/2025\/09\/wedding-venue-chateau-fengari42-200x300.jpg 200w, https:\/\/www.boyerjulien.com\/wp-content\/uploads\/2025\/09\/wedding-venue-chateau-fengari42-682x1024.jpg 682w, https:\/\/www.boyerjulien.com\/wp-content\/uploads\/2025\/09\/wedding-venue-chateau-fengari42-768x1152.jpg 768w, https:\/\/www.boyerjulien.com\/wp-content\/uploads\/2025\/09\/wedding-venue-chateau-fengari42-1024x1536.jpg 1024w\" sizes=\"(max-width: 1333px) 100vw, 1333px\" \/><\/a>\n\t\t\t\t\t<\/div>\n\t\t\n\t\t\t\n\t\t\t<div class=\"uael-post__content-wrap uael-content-wrap-disabled\">\n\t\t\t\t\t\t\t<div class=\"uael-post__terms-wrap\"><span class=\"uael-post__terms\"><a href=\"https:\/\/www.boyerjulien.com\/portfolio-tags\/aleksandra-baptiste\/\" class=\"uael-listing__terms-link\" id=\"uael-post-term-aleksandra-baptiste\" aria-labelledby=\"uael-post-term-aleksandra-baptiste\">Aleksandra &amp; Baptiste<\/a><\/span><\/div>\n\t\t\t\t\t\t<h3 class=\"uael-post__title\">\n\n\t\t\n\t\t\t\t\t\t<a href=\"https:\/\/www.boyerjulien.com\/en\/portfolio\/chateau-fengari-bordeaux\/\" target=\"_blank\">\n\t\t\t\tCh\u00e2teau Fengari, Bordeaux\t\t\t<\/a>\n\n\t\t\t\t<\/h3>\n\t\t\t\t\t<div class=\"uael-post__meta-data\">\n\t\t\t\t\t<\/div>\n\t\t\t\t\t<\/div>\n\t\t\t\n\t\t<\/div>\n\t\t\n\t<\/div>\n\n<\/div>\n\n<div class=\"uael-post-wrapper wedding  \">\n\t<div class=\"uael-post__bg-wrap uael-bg-wrap-disabled \">\n\n\t\t\t\t\t<a href=\"https:\/\/www.boyerjulien.com\/en\/portfolio\/villa-pizzo-lac-de-come\/\" target=\"_blank\" class=\"uael-post__complete-box-overlay\" aria-label=\"Link Complete Box\"><\/a>\n\t\t\t\t\n\t\t<div class=\"uael-post__inner-wrap uael-inner-wrap-disabled\">\n\n\t\t\t\t<div class=\"uael-post__thumbnail\">\n\t\t\t\n\t\t\t<a href=\"https:\/\/www.boyerjulien.com\/en\/portfolio\/villa-pizzo-lac-de-come\/\" target=\"_blank\" title=\"Villa Pizzo, Lac de C\u00f4me\"><img loading=\"lazy\" decoding=\"async\" width=\"1280\" height=\"1920\" src=\"https:\/\/www.boyerjulien.com\/wp-content\/uploads\/2025\/08\/wedding-venue-lake-como-villa-pizzo52.webp\" class=\"attachment-full size-full wp-image-1681\" alt=\"Romantic walk hand in hand through the gardens of Villa Pizzo, the bride holding a bouquet of pastel roses.\" srcset=\"https:\/\/www.boyerjulien.com\/wp-content\/uploads\/2025\/08\/wedding-venue-lake-como-villa-pizzo52.webp 1280w, https:\/\/www.boyerjulien.com\/wp-content\/uploads\/2025\/08\/wedding-venue-lake-como-villa-pizzo52-200x300.webp 200w, https:\/\/www.boyerjulien.com\/wp-content\/uploads\/2025\/08\/wedding-venue-lake-como-villa-pizzo52-682x1024.webp 682w, https:\/\/www.boyerjulien.com\/wp-content\/uploads\/2025\/08\/wedding-venue-lake-como-villa-pizzo52-768x1152.webp 768w, https:\/\/www.boyerjulien.com\/wp-content\/uploads\/2025\/08\/wedding-venue-lake-como-villa-pizzo52-1024x1536.webp 1024w\" sizes=\"(max-width: 1280px) 100vw, 1280px\" \/><\/a>\n\t\t\t\t\t<\/div>\n\t\t\n\t\t\t\n\t\t\t<div class=\"uael-post__content-wrap uael-content-wrap-disabled\">\n\t\t\t\t\t\t\t<div class=\"uael-post__terms-wrap\"><span class=\"uael-post__terms\"><a href=\"https:\/\/www.boyerjulien.com\/portfolio-tags\/julie-victor\/\" class=\"uael-listing__terms-link\" id=\"uael-post-term-julie-victor\" aria-labelledby=\"uael-post-term-julie-victor\">Julie &amp; Victor<\/a><\/span><\/div>\n\t\t\t\t\t\t<h3 class=\"uael-post__title\">\n\n\t\t\n\t\t\t\t\t\t<a href=\"https:\/\/www.boyerjulien.com\/en\/portfolio\/villa-pizzo-lac-de-come\/\" target=\"_blank\">\n\t\t\t\tVilla Pizzo, Lac de C\u00f4me\t\t\t<\/a>\n\n\t\t\t\t<\/h3>\n\t\t\t\t\t<div class=\"uael-post__meta-data\">\n\t\t\t\t\t<\/div>\n\t\t\t\t\t<\/div>\n\t\t\t\n\t\t<\/div>\n\t\t\n\t<\/div>\n\n<\/div>\n\n<div class=\"uael-post-wrapper wedding  \">\n\t<div class=\"uael-post__bg-wrap uael-bg-wrap-disabled \">\n\n\t\t\t\t\t<a href=\"https:\/\/www.boyerjulien.com\/en\/portfolio\/mariage-san-francisco\/\" target=\"_blank\" class=\"uael-post__complete-box-overlay\" aria-label=\"Link Complete Box\"><\/a>\n\t\t\t\t\n\t\t<div class=\"uael-post__inner-wrap uael-inner-wrap-disabled\">\n\n\t\t\t\t<div class=\"uael-post__thumbnail\">\n\t\t\t\n\t\t\t<a href=\"https:\/\/www.boyerjulien.com\/en\/portfolio\/mariage-san-francisco\/\" target=\"_blank\" title=\"San francisco\"><img loading=\"lazy\" decoding=\"async\" width=\"1333\" height=\"2000\" src=\"https:\/\/www.boyerjulien.com\/wp-content\/uploads\/2025\/12\/mariage-san-francisco-californie39.jpg\" class=\"attachment-full size-full wp-image-2615\" alt=\"Mari\u00e9s dansant sur la plage pendant leur elopement \u00e0 San Francisco avec le Golden Gate Bridge\" srcset=\"https:\/\/www.boyerjulien.com\/wp-content\/uploads\/2025\/12\/mariage-san-francisco-californie39.jpg 1333w, https:\/\/www.boyerjulien.com\/wp-content\/uploads\/2025\/12\/mariage-san-francisco-californie39-200x300.jpg 200w, https:\/\/www.boyerjulien.com\/wp-content\/uploads\/2025\/12\/mariage-san-francisco-californie39-682x1024.jpg 682w, https:\/\/www.boyerjulien.com\/wp-content\/uploads\/2025\/12\/mariage-san-francisco-californie39-768x1152.jpg 768w, https:\/\/www.boyerjulien.com\/wp-content\/uploads\/2025\/12\/mariage-san-francisco-californie39-1024x1536.jpg 1024w\" sizes=\"(max-width: 1333px) 100vw, 1333px\" \/><\/a>\n\t\t\t\t\t<\/div>\n\t\t\n\t\t\t\n\t\t\t<div class=\"uael-post__content-wrap uael-content-wrap-disabled\">\n\t\t\t\t\t\t\t<div class=\"uael-post__terms-wrap\"><span class=\"uael-post__terms\"><a href=\"https:\/\/www.boyerjulien.com\/en\/portfolio-tags\/laura-xavier\/\" class=\"uael-listing__terms-link\" id=\"uael-post-term-laura-xavier\" aria-labelledby=\"uael-post-term-laura-xavier\">Laura &amp; Xavier<\/a><\/span><\/div>\n\t\t\t\t\t\t<h3 class=\"uael-post__title\">\n\n\t\t\n\t\t\t\t\t\t<a href=\"https:\/\/www.boyerjulien.com\/en\/portfolio\/mariage-san-francisco\/\" target=\"_blank\">\n\t\t\t\tSan francisco\t\t\t<\/a>\n\n\t\t\t\t<\/h3>\n\t\t\t\t\t<div class=\"uael-post__meta-data\">\n\t\t\t\t\t<\/div>\n\t\t\t\t\t<\/div>\n\t\t\t\n\t\t<\/div>\n\t\t\n\t<\/div>\n\n<\/div>\n\n<div class=\"uael-post-wrapper wedding  \">\n\t<div class=\"uael-post__bg-wrap uael-bg-wrap-disabled \">\n\n\t\t\t\t\t<a href=\"https:\/\/www.boyerjulien.com\/en\/portfolio\/chateau-gassies-bordeaux\/\" target=\"_blank\" class=\"uael-post__complete-box-overlay\" aria-label=\"Link Complete Box\"><\/a>\n\t\t\t\t\n\t\t<div class=\"uael-post__inner-wrap uael-inner-wrap-disabled\">\n\n\t\t\t\t<div class=\"uael-post__thumbnail\">\n\t\t\t\n\t\t\t<a href=\"https:\/\/www.boyerjulien.com\/en\/portfolio\/chateau-gassies-bordeaux\/\" target=\"_blank\" title=\"Ch\u00e2teau Gassies, Bordeaux\"><img loading=\"lazy\" decoding=\"async\" width=\"1333\" height=\"2000\" src=\"https:\/\/www.boyerjulien.com\/wp-content\/uploads\/2025\/12\/HATTIE-SCOTT-687-nano.jpg\" class=\"attachment-full size-full wp-image-2542\" alt=\"Gros plan intime des mari\u00e9s partageant un moment de tendresse dans le parc du Ch\u00e2teau Gassies \u00e0 Bordeaux\" srcset=\"https:\/\/www.boyerjulien.com\/wp-content\/uploads\/2025\/12\/HATTIE-SCOTT-687-nano.jpg 1333w, https:\/\/www.boyerjulien.com\/wp-content\/uploads\/2025\/12\/HATTIE-SCOTT-687-nano-200x300.jpg 200w, https:\/\/www.boyerjulien.com\/wp-content\/uploads\/2025\/12\/HATTIE-SCOTT-687-nano-682x1024.jpg 682w, https:\/\/www.boyerjulien.com\/wp-content\/uploads\/2025\/12\/HATTIE-SCOTT-687-nano-768x1152.jpg 768w, https:\/\/www.boyerjulien.com\/wp-content\/uploads\/2025\/12\/HATTIE-SCOTT-687-nano-1024x1536.jpg 1024w\" sizes=\"(max-width: 1333px) 100vw, 1333px\" \/><\/a>\n\t\t\t\t\t<\/div>\n\t\t\n\t\t\t\n\t\t\t<div class=\"uael-post__content-wrap uael-content-wrap-disabled\">\n\t\t\t\t\t\t\t<div class=\"uael-post__terms-wrap\"><span class=\"uael-post__terms\"><a href=\"https:\/\/www.boyerjulien.com\/en\/portfolio-tags\/hattie-scott\/\" class=\"uael-listing__terms-link\" id=\"uael-post-term-hattie-scott\" aria-labelledby=\"uael-post-term-hattie-scott\">Hattie &amp; Scott<\/a><\/span><\/div>\n\t\t\t\t\t\t<h3 class=\"uael-post__title\">\n\n\t\t\n\t\t\t\t\t\t<a href=\"https:\/\/www.boyerjulien.com\/en\/portfolio\/chateau-gassies-bordeaux\/\" target=\"_blank\">\n\t\t\t\tCh\u00e2teau Gassies, Bordeaux\t\t\t<\/a>\n\n\t\t\t\t<\/h3>\n\t\t\t\t\t<div class=\"uael-post__meta-data\">\n\t\t\t\t\t<\/div>\n\t\t\t\t\t<\/div>\n\t\t\t\n\t\t<\/div>\n\t\t\n\t<\/div>\n\n<\/div>\n\n<div class=\"uael-post-wrapper wedding  \">\n\t<div class=\"uael-post__bg-wrap uael-bg-wrap-disabled \">\n\n\t\t\t\t\t<a href=\"https:\/\/www.boyerjulien.com\/en\/portfolio\/mariage-villa-vistarenni-toscane\/\" target=\"_blank\" class=\"uael-post__complete-box-overlay\" aria-label=\"Link Complete Box\"><\/a>\n\t\t\t\t\n\t\t<div class=\"uael-post__inner-wrap uael-inner-wrap-disabled\">\n\n\t\t\t\t<div class=\"uael-post__thumbnail\">\n\t\t\t\n\t\t\t<a href=\"https:\/\/www.boyerjulien.com\/en\/portfolio\/mariage-villa-vistarenni-toscane\/\" target=\"_blank\" title=\"Villa Vistarenni, Toscane\"><img loading=\"lazy\" decoding=\"async\" width=\"1280\" height=\"1920\" src=\"https:\/\/www.boyerjulien.com\/wp-content\/uploads\/2025\/12\/mariage-toscane-villa-vistarenni33.webp\" class=\"attachment-full size-full wp-image-3415\" alt=\"Les mari\u00e9s s\u2019embrassent devant un Piaggio bleu avec vue sur la Toscane, s\u00e9ance photo de mariage \u00e9l\u00e9gante en Italie, photo prise par Julien Boyer.\" srcset=\"https:\/\/www.boyerjulien.com\/wp-content\/uploads\/2025\/12\/mariage-toscane-villa-vistarenni33.webp 1280w, https:\/\/www.boyerjulien.com\/wp-content\/uploads\/2025\/12\/mariage-toscane-villa-vistarenni33-200x300.webp 200w, https:\/\/www.boyerjulien.com\/wp-content\/uploads\/2025\/12\/mariage-toscane-villa-vistarenni33-682x1024.webp 682w, https:\/\/www.boyerjulien.com\/wp-content\/uploads\/2025\/12\/mariage-toscane-villa-vistarenni33-768x1152.webp 768w, https:\/\/www.boyerjulien.com\/wp-content\/uploads\/2025\/12\/mariage-toscane-villa-vistarenni33-1024x1536.webp 1024w\" sizes=\"(max-width: 1280px) 100vw, 1280px\" \/><\/a>\n\t\t\t\t\t<\/div>\n\t\t\n\t\t\t\n\t\t\t<div class=\"uael-post__content-wrap uael-content-wrap-disabled\">\n\t\t\t\t\t\t\t<div class=\"uael-post__terms-wrap\"><span class=\"uael-post__terms\"><a href=\"https:\/\/www.boyerjulien.com\/en\/portfolio-tags\/katherine-joshua\/\" class=\"uael-listing__terms-link\" id=\"uael-post-term-katherine-joshua\" aria-labelledby=\"uael-post-term-katherine-joshua\">Katherine &amp; Joshua<\/a><\/span><\/div>\n\t\t\t\t\t\t<h3 class=\"uael-post__title\">\n\n\t\t\n\t\t\t\t\t\t<a href=\"https:\/\/www.boyerjulien.com\/en\/portfolio\/mariage-villa-vistarenni-toscane\/\" target=\"_blank\">\n\t\t\t\tVilla Vistarenni, Toscane\t\t\t<\/a>\n\n\t\t\t\t<\/h3>\n\t\t\t\t\t<div class=\"uael-post__meta-data\">\n\t\t\t\t\t<\/div>\n\t\t\t\t\t<\/div>\n\t\t\t\n\t\t<\/div>\n\t\t\n\t<\/div>\n\n<\/div>\n\t\t\t\t<\/div>\n\t\t\t\t\t\t\n\t\t<\/div>\n\n\t\t\t\t\t\t<\/div>\n\t\t<div class=\"uael-post__footer\">\n\t\t\t\t\t<\/div>\n\t\t\t\t\t\t<\/div>\n\t\t\t\t<\/div>\n\t\t\t\t\t<\/div>\n\t\t\t\t<\/div>\n\t\t\t\t<\/div>\n\t\t","protected":false},"excerpt":{"rendered":"<p>All Editorial Wedding All All Editorial Wedding Veronica &amp; Christophe Ch\u00e2teau Pape Cl\u00e9ment, Bordeaux Bernadette &amp; Jean-fran\u00e7ois Agreco Farm, cr\u00eate [&hellip;]<\/p>\n","protected":false},"author":1,"featured_media":0,"parent":0,"menu_order":0,"comment_status":"closed","ping_status":"closed","template":"","meta":{"_seopress_robots_primary_cat":"","_seopress_titles_title":"","_seopress_titles_desc":"","_seopress_robots_index":"","site-sidebar-layout":"no-sidebar","site-content-layout":"plain-container","ast-site-content-layout":"full-width-container","site-content-style":"default","site-sidebar-style":"default","ast-global-header-display":"","ast-banner-title-visibility":"","ast-main-header-display":"","ast-hfb-above-header-display":"","ast-hfb-below-header-display":"","ast-hfb-mobile-header-display":"","site-post-title":"disabled","ast-breadcrumbs-content":"","ast-featured-img":"disabled","footer-sml-layout":"","ast-disable-related-posts":"","theme-transparent-header-meta":"enabled","adv-header-id-meta":"","stick-header-meta":"","header-above-stick-meta":"","header-main-stick-meta":"","header-below-stick-meta":"","astra-migrate-meta-layouts":"default","ast-page-background-enabled":"default","ast-page-background-meta":{"desktop":{"background-color":"var(--ast-global-color-5)","background-image":"","background-repeat":"repeat","background-position":"center center","background-size":"auto","background-attachment":"scroll","background-type":"","background-media":"","overlay-type":"","overlay-color":"","overlay-opacity":"","overlay-gradient":""},"tablet":{"background-color":"","background-image":"","background-repeat":"repeat","background-position":"center center","background-size":"auto","background-attachment":"scroll","background-type":"","background-media":"","overlay-type":"","overlay-color":"","overlay-opacity":"","overlay-gradient":""},"mobile":{"background-color":"","background-image":"","background-repeat":"repeat","background-position":"center center","background-size":"auto","background-attachment":"scroll","background-type":"","background-media":"","overlay-type":"","overlay-color":"","overlay-opacity":"","overlay-gradient":""}},"ast-content-background-meta":{"desktop":{"background-color":"var(--ast-global-color-4)","background-image":"","background-repeat":"repeat","background-position":"center center","background-size":"auto","background-attachment":"scroll","background-type":"","background-media":"","overlay-type":"","overlay-color":"","overlay-opacity":"","overlay-gradient":""},"tablet":{"background-color":"var(--ast-global-color-4)","background-image":"","background-repeat":"repeat","background-position":"center center","background-size":"auto","background-attachment":"scroll","background-type":"","background-media":"","overlay-type":"","overlay-color":"","overlay-opacity":"","overlay-gradient":""},"mobile":{"background-color":"var(--ast-global-color-4)","background-image":"","background-repeat":"repeat","background-position":"center center","background-size":"auto","background-attachment":"scroll","background-type":"","background-media":"","overlay-type":"","overlay-color":"","overlay-opacity":"","overlay-gradient":""}},"footnotes":""},"class_list":["post-3802","page","type-page","status-publish","hentry"],"_links":{"self":[{"href":"https:\/\/www.boyerjulien.com\/en\/wp-json\/wp\/v2\/pages\/3802","targetHints":{"allow":["GET"]}}],"collection":[{"href":"https:\/\/www.boyerjulien.com\/en\/wp-json\/wp\/v2\/pages"}],"about":[{"href":"https:\/\/www.boyerjulien.com\/en\/wp-json\/wp\/v2\/types\/page"}],"author":[{"embeddable":true,"href":"https:\/\/www.boyerjulien.com\/en\/wp-json\/wp\/v2\/users\/1"}],"replies":[{"embeddable":true,"href":"https:\/\/www.boyerjulien.com\/en\/wp-json\/wp\/v2\/comments?post=3802"}],"version-history":[{"count":0,"href":"https:\/\/www.boyerjulien.com\/en\/wp-json\/wp\/v2\/pages\/3802\/revisions"}],"wp:attachment":[{"href":"https:\/\/www.boyerjulien.com\/en\/wp-json\/wp\/v2\/media?parent=3802"}],"curies":[{"name":"wp","href":"https:\/\/api.w.org\/{rel}","templated":true}]}}