{"id":3676,"date":"2025-12-23T10:44:51","date_gmt":"2025-12-23T09:44:51","guid":{"rendered":"https:\/\/www.boyerjulien.com\/?post_type=astra-portfolio&#038;p=3676"},"modified":"2026-01-26T21:54:52","modified_gmt":"2026-01-26T20:54:52","slug":"chateau-pape-clement-bordeaux","status":"publish","type":"astra-portfolio","link":"https:\/\/www.boyerjulien.com\/en\/portfolio\/chateau-pape-clement-bordeaux\/","title":{"rendered":"Ch\u00e2teau Pape Cl\u00e9ment, Bordeaux"},"content":{"rendered":"\t\t<div data-elementor-type=\"wp-post\" data-elementor-id=\"3676\" class=\"elementor elementor-3676\" data-elementor-post-type=\"astra-portfolio\">\n\t\t\t\t<div class=\"elementor-element elementor-element-b517cfa e-con-full e-flex e-con e-parent\" data-id=\"b517cfa\" data-element_type=\"container\" data-settings=\"{&quot;background_background&quot;:&quot;classic&quot;}\">\n\t\t<div class=\"elementor-element elementor-element-cca6852 e-con-full e-flex e-con e-child\" data-id=\"cca6852\" data-element_type=\"container\">\n\t\t<div class=\"elementor-element elementor-element-aa46aa7 e-con-full e-flex e-con e-child\" data-id=\"aa46aa7\" data-element_type=\"container\" data-settings=\"{&quot;background_background&quot;:&quot;classic&quot;}\">\n\t\t\t\t<div class=\"elementor-element elementor-element-0c3dd6b elementor-widget elementor-widget-heading\" data-id=\"0c3dd6b\" data-element_type=\"widget\" data-widget_type=\"heading.default\">\n\t\t\t\t<div class=\"elementor-widget-container\">\n\t\t\t\t\t<h1 class=\"elementor-heading-title elementor-size-default\">Ch\u00e2teau Pape cl\u00e9ment<\/h1>\t\t\t\t<\/div>\n\t\t\t\t<\/div>\n\t\t\t\t<div class=\"elementor-element elementor-element-4d376cf elementor-widget elementor-widget-heading\" data-id=\"4d376cf\" data-element_type=\"widget\" data-widget_type=\"heading.default\">\n\t\t\t\t<div class=\"elementor-widget-container\">\n\t\t\t\t\t<h2 class=\"elementor-heading-title elementor-size-default\">Pessac, Gironde<\/h2>\t\t\t\t<\/div>\n\t\t\t\t<\/div>\n\t\t\t\t<div class=\"elementor-element elementor-element-7611433 elementor-widget elementor-widget-text-editor\" data-id=\"7611433\" data-element_type=\"widget\" data-widget_type=\"text-editor.default\">\n\t\t\t\t<div class=\"elementor-widget-container\">\n\t\t\t\t\t\t\t\t\t<p>Sous la lumi\u00e8re douce de Pessac, Veronica et Christophe ont v\u00e9cu une journ\u00e9e empreinte d\u2019\u00e9l\u00e9gance et de sinc\u00e9rit\u00e9. Des premiers instants dans les jardins aux regards \u00e9chang\u00e9s sous les palmiers, tout respirait la complicit\u00e9. Veronica, rayonnante dans sa robe, avan\u00e7ait avec gr\u00e2ce, tandis que Christophe, attentif et souriant, ne la quittait jamais des yeux. Les rires ont \u00e9clat\u00e9 lors des moments partag\u00e9s avec leurs proches, entre \u00e9treintes, applaudissements et gestes spontan\u00e9s. La r\u00e9ception s\u2019est transform\u00e9e en une v\u00e9ritable c\u00e9l\u00e9bration, chaleureuse et festive, o\u00f9 chaque invit\u00e9 semblait pleinement pr\u00e9sent. \u00c0 la tomb\u00e9e de la nuit, entour\u00e9s de ceux qu\u2019ils aiment, Veronica et Christophe ont scell\u00e9 leur bonheur dans une atmosph\u00e8re joyeuse, \u00e9l\u00e9gante et profond\u00e9ment humaine.<\/p>\t\t\t\t\t\t\t\t<\/div>\n\t\t\t\t<\/div>\n\t\t\t\t<\/div>\n\t\t<div class=\"elementor-element elementor-element-975d95e e-con-full e-flex e-con e-child\" data-id=\"975d95e\" data-element_type=\"container\">\n\t\t\t\t<\/div>\n\t\t<div class=\"elementor-element elementor-element-61d7fb0 e-con-full e-flex e-con e-child\" data-id=\"61d7fb0\" data-element_type=\"container\">\n\t\t\t\t<\/div>\n\t\t<div class=\"elementor-element elementor-element-6234285 e-con-full e-flex e-con e-child\" data-id=\"6234285\" data-element_type=\"container\">\n\t\t\t\t<\/div>\n\t\t\t\t<\/div>\n\t\t\t\t<\/div>\n\t\t<div class=\"elementor-element elementor-element-4622462 e-flex e-con-boxed e-con e-parent\" data-id=\"4622462\" data-element_type=\"container\">\n\t\t\t\t\t<div class=\"e-con-inner\">\n\t\t<div class=\"elementor-element elementor-element-7ef6864 e-con-full e-flex e-con e-child\" data-id=\"7ef6864\" data-element_type=\"container\">\n\t\t\t\t<div class=\"elementor-element elementor-element-819202d elementor-widget elementor-widget-image\" data-id=\"819202d\" data-element_type=\"widget\" data-widget_type=\"image.default\">\n\t\t\t\t<div class=\"elementor-widget-container\">\n\t\t\t\t\t\t\t\t\t\t\t\t\t\t\t\t<a href=\"https:\/\/www.boyerjulien.com\/wp-content\/uploads\/2025\/12\/mariage-chateau-pape-clement-pessac1.jpg\" data-elementor-open-lightbox=\"yes\" data-e-action-hash=\"#elementor-action%3Aaction%3Dlightbox%26settings%3DeyJpZCI6MzU2OSwidXJsIjoiaHR0cHM6XC9cL3d3dy5ib3llcmp1bGllbi5jb21cL3dwLWNvbnRlbnRcL3VwbG9hZHNcLzIwMjVcLzEyXC9tYXJpYWdlLWNoYXRlYXUtcGFwZS1jbGVtZW50LXBlc3NhYzEud2VicCJ9\">\n\t\t\t\t\t\t\t<img fetchpriority=\"high\" decoding=\"async\" width=\"1920\" height=\"1280\" src=\"https:\/\/www.boyerjulien.com\/wp-content\/uploads\/2025\/12\/mariage-chateau-pape-clement-pessac1.webp\" class=\"attachment-full size-full wp-image-3569\" alt=\"Couple de mari\u00e9s s\u2019embrassant dans le parc du Ch\u00e2teau Pape Cl\u00e9ment \u00e0 Pessac, voile de la mari\u00e9e port\u00e9 par le vent, photo par Julien Boyer photographe de mariage\" srcset=\"https:\/\/www.boyerjulien.com\/wp-content\/uploads\/2025\/12\/mariage-chateau-pape-clement-pessac1.webp 1920w, https:\/\/www.boyerjulien.com\/wp-content\/uploads\/2025\/12\/mariage-chateau-pape-clement-pessac1-300x200.webp 300w, https:\/\/www.boyerjulien.com\/wp-content\/uploads\/2025\/12\/mariage-chateau-pape-clement-pessac1-1024x682.webp 1024w, https:\/\/www.boyerjulien.com\/wp-content\/uploads\/2025\/12\/mariage-chateau-pape-clement-pessac1-768x512.webp 768w, https:\/\/www.boyerjulien.com\/wp-content\/uploads\/2025\/12\/mariage-chateau-pape-clement-pessac1-1536x1024.webp 1536w\" sizes=\"(max-width: 1920px) 100vw, 1920px\" \/>\t\t\t\t\t\t\t\t<\/a>\n\t\t\t\t\t\t\t\t\t\t\t\t\t\t\t<\/div>\n\t\t\t\t<\/div>\n\t\t\t\t<div class=\"elementor-element elementor-element-b39cc3a elementor-widget elementor-widget-gallery\" data-id=\"b39cc3a\" data-element_type=\"widget\" data-settings=\"{&quot;gallery_layout&quot;:&quot;masonry&quot;,&quot;columns&quot;:2,&quot;gap&quot;:{&quot;unit&quot;:&quot;px&quot;,&quot;size&quot;:21,&quot;sizes&quot;:[]},&quot;lazyload&quot;:&quot;yes&quot;,&quot;columns_tablet&quot;:2,&quot;columns_mobile&quot;:1,&quot;gap_widescreen&quot;:{&quot;unit&quot;:&quot;px&quot;,&quot;size&quot;:&quot;&quot;,&quot;sizes&quot;:[]},&quot;gap_laptop&quot;:{&quot;unit&quot;:&quot;px&quot;,&quot;size&quot;:10,&quot;sizes&quot;:[]},&quot;gap_tablet_extra&quot;:{&quot;unit&quot;:&quot;px&quot;,&quot;size&quot;:10,&quot;sizes&quot;:[]},&quot;gap_tablet&quot;:{&quot;unit&quot;:&quot;px&quot;,&quot;size&quot;:10,&quot;sizes&quot;:[]},&quot;gap_mobile_extra&quot;:{&quot;unit&quot;:&quot;px&quot;,&quot;size&quot;:10,&quot;sizes&quot;:[]},&quot;gap_mobile&quot;:{&quot;unit&quot;:&quot;px&quot;,&quot;size&quot;:10,&quot;sizes&quot;:[]},&quot;link_to&quot;:&quot;file&quot;,&quot;overlay_background&quot;:&quot;yes&quot;,&quot;content_hover_animation&quot;:&quot;fade-in&quot;}\" data-widget_type=\"gallery.default\">\n\t\t\t\t<div class=\"elementor-widget-container\">\n\t\t\t\t\t\t\t<div class=\"elementor-gallery__container\">\n\t\t\t\t\t\t\t<a class=\"e-gallery-item elementor-gallery-item elementor-animated-content\" href=\"https:\/\/www.boyerjulien.com\/wp-content\/uploads\/2025\/12\/mariage-chateau-pape-clement-pessac3.webp\" data-elementor-open-lightbox=\"yes\" data-elementor-lightbox-slideshow=\"b39cc3a\" data-e-action-hash=\"#elementor-action%3Aaction%3Dlightbox%26settings%3DeyJpZCI6MzU3MSwidXJsIjoiaHR0cHM6XC9cL3d3dy5ib3llcmp1bGllbi5jb21cL3dwLWNvbnRlbnRcL3VwbG9hZHNcLzIwMjVcLzEyXC9tYXJpYWdlLWNoYXRlYXUtcGFwZS1jbGVtZW50LXBlc3NhYzMud2VicCIsInNsaWRlc2hvdyI6ImIzOWNjM2EifQ%3D%3D\">\n\t\t\t\t\t<div class=\"e-gallery-image elementor-gallery-item__image\" data-thumbnail=\"https:\/\/www.boyerjulien.com\/wp-content\/uploads\/2025\/12\/mariage-chateau-pape-clement-pessac3.webp\" data-width=\"1920\" data-height=\"1280\" aria-label=\"D\u00e9tails du mari\u00e9 avec chaussures vernies, montre et n\u0153ud papillon lors des pr\u00e9paratifs de mariage au Ch\u00e2teau Pape Cl\u00e9ment, photo Julien Boyer\" role=\"img\" ><\/div>\n\t\t\t\t\t\t\t\t\t\t\t<div class=\"elementor-gallery-item__overlay\"><\/div>\n\t\t\t\t\t\t\t\t\t\t\t\t\t\t<\/a>\n\t\t\t\t\t\t\t<a class=\"e-gallery-item elementor-gallery-item elementor-animated-content\" href=\"https:\/\/www.boyerjulien.com\/wp-content\/uploads\/2025\/12\/mariage-chateau-pape-clement-pessac4.webp\" data-elementor-open-lightbox=\"yes\" data-elementor-lightbox-slideshow=\"b39cc3a\" data-e-action-hash=\"#elementor-action%3Aaction%3Dlightbox%26settings%3DeyJpZCI6MzU3MiwidXJsIjoiaHR0cHM6XC9cL3d3dy5ib3llcmp1bGllbi5jb21cL3dwLWNvbnRlbnRcL3VwbG9hZHNcLzIwMjVcLzEyXC9tYXJpYWdlLWNoYXRlYXUtcGFwZS1jbGVtZW50LXBlc3NhYzQud2VicCIsInNsaWRlc2hvdyI6ImIzOWNjM2EifQ%3D%3D\">\n\t\t\t\t\t<div class=\"e-gallery-image elementor-gallery-item__image\" data-thumbnail=\"https:\/\/www.boyerjulien.com\/wp-content\/uploads\/2025\/12\/mariage-chateau-pape-clement-pessac4.webp\" data-width=\"1920\" data-height=\"1280\" aria-label=\"Pr\u00e9paratifs du mari\u00e9 entour\u00e9 de ses proches dans un salon du Ch\u00e2teau Pape Cl\u00e9ment \u00e0 Pessac, reportage photo de mariage par Julien Boyer\" role=\"img\" ><\/div>\n\t\t\t\t\t\t\t\t\t\t\t<div class=\"elementor-gallery-item__overlay\"><\/div>\n\t\t\t\t\t\t\t\t\t\t\t\t\t\t<\/a>\n\t\t\t\t\t\t\t<a class=\"e-gallery-item elementor-gallery-item elementor-animated-content\" href=\"https:\/\/www.boyerjulien.com\/wp-content\/uploads\/2025\/12\/mariage-chateau-pape-clement-pessac5.webp\" data-elementor-open-lightbox=\"yes\" data-elementor-lightbox-slideshow=\"b39cc3a\" data-e-action-hash=\"#elementor-action%3Aaction%3Dlightbox%26settings%3DeyJpZCI6MzU3MywidXJsIjoiaHR0cHM6XC9cL3d3dy5ib3llcmp1bGllbi5jb21cL3dwLWNvbnRlbnRcL3VwbG9hZHNcLzIwMjVcLzEyXC9tYXJpYWdlLWNoYXRlYXUtcGFwZS1jbGVtZW50LXBlc3NhYzUud2VicCIsInNsaWRlc2hvdyI6ImIzOWNjM2EifQ%3D%3D\">\n\t\t\t\t\t<div class=\"e-gallery-image elementor-gallery-item__image\" data-thumbnail=\"https:\/\/www.boyerjulien.com\/wp-content\/uploads\/2025\/12\/mariage-chateau-pape-clement-pessac5.webp\" data-width=\"1920\" data-height=\"1280\" aria-label=\"Gros plan sur le mari\u00e9 ajustant ses boutons de manchette pendant les pr\u00e9paratifs de mariage au Ch\u00e2teau Pape Cl\u00e9ment, photo par Julien Boyer\" role=\"img\" ><\/div>\n\t\t\t\t\t\t\t\t\t\t\t<div class=\"elementor-gallery-item__overlay\"><\/div>\n\t\t\t\t\t\t\t\t\t\t\t\t\t\t<\/a>\n\t\t\t\t\t\t\t<a class=\"e-gallery-item elementor-gallery-item elementor-animated-content\" href=\"https:\/\/www.boyerjulien.com\/wp-content\/uploads\/2025\/12\/mariage-chateau-pape-clement-pessac6.webp\" data-elementor-open-lightbox=\"yes\" data-elementor-lightbox-slideshow=\"b39cc3a\" data-e-action-hash=\"#elementor-action%3Aaction%3Dlightbox%26settings%3DeyJpZCI6MzU3NCwidXJsIjoiaHR0cHM6XC9cL3d3dy5ib3llcmp1bGllbi5jb21cL3dwLWNvbnRlbnRcL3VwbG9hZHNcLzIwMjVcLzEyXC9tYXJpYWdlLWNoYXRlYXUtcGFwZS1jbGVtZW50LXBlc3NhYzYud2VicCIsInNsaWRlc2hvdyI6ImIzOWNjM2EifQ%3D%3D\">\n\t\t\t\t\t<div class=\"e-gallery-image elementor-gallery-item__image\" data-thumbnail=\"https:\/\/www.boyerjulien.com\/wp-content\/uploads\/2025\/12\/mariage-chateau-pape-clement-pessac6.webp\" data-width=\"1920\" data-height=\"1280\" aria-label=\"Mari\u00e9 en costume entour\u00e9 de ses t\u00e9moins lors des pr\u00e9paratifs dans un salon du Ch\u00e2teau Pape Cl\u00e9ment \u00e0 Pessac, photo de mariage par Julien Boyer\" role=\"img\" ><\/div>\n\t\t\t\t\t\t\t\t\t\t\t<div class=\"elementor-gallery-item__overlay\"><\/div>\n\t\t\t\t\t\t\t\t\t\t\t\t\t\t<\/a>\n\t\t\t\t\t\t\t<a class=\"e-gallery-item elementor-gallery-item elementor-animated-content\" href=\"https:\/\/www.boyerjulien.com\/wp-content\/uploads\/2025\/12\/mariage-chateau-pape-clement-pessac7.webp\" data-elementor-open-lightbox=\"yes\" data-elementor-lightbox-slideshow=\"b39cc3a\" data-e-action-hash=\"#elementor-action%3Aaction%3Dlightbox%26settings%3DeyJpZCI6MzU3NSwidXJsIjoiaHR0cHM6XC9cL3d3dy5ib3llcmp1bGllbi5jb21cL3dwLWNvbnRlbnRcL3VwbG9hZHNcLzIwMjVcLzEyXC9tYXJpYWdlLWNoYXRlYXUtcGFwZS1jbGVtZW50LXBlc3NhYzcud2VicCIsInNsaWRlc2hvdyI6ImIzOWNjM2EifQ%3D%3D\">\n\t\t\t\t\t<div class=\"e-gallery-image elementor-gallery-item__image\" data-thumbnail=\"https:\/\/www.boyerjulien.com\/wp-content\/uploads\/2025\/12\/mariage-chateau-pape-clement-pessac7.webp\" data-width=\"1920\" data-height=\"1280\" aria-label=\"Mari\u00e9 ajustant sa veste entour\u00e9 de ses t\u00e9moins dans un salon du Ch\u00e2teau Pape Cl\u00e9ment \u00e0 Pessac, reportage photo de mariage par Julien Boyer\" role=\"img\" ><\/div>\n\t\t\t\t\t\t\t\t\t\t\t<div class=\"elementor-gallery-item__overlay\"><\/div>\n\t\t\t\t\t\t\t\t\t\t\t\t\t\t<\/a>\n\t\t\t\t\t\t\t<a class=\"e-gallery-item elementor-gallery-item elementor-animated-content\" href=\"https:\/\/www.boyerjulien.com\/wp-content\/uploads\/2025\/12\/mariage-chateau-pape-clement-pessac8.webp\" data-elementor-open-lightbox=\"yes\" data-elementor-lightbox-slideshow=\"b39cc3a\" data-e-action-hash=\"#elementor-action%3Aaction%3Dlightbox%26settings%3DeyJpZCI6MzU3NiwidXJsIjoiaHR0cHM6XC9cL3d3dy5ib3llcmp1bGllbi5jb21cL3dwLWNvbnRlbnRcL3VwbG9hZHNcLzIwMjVcLzEyXC9tYXJpYWdlLWNoYXRlYXUtcGFwZS1jbGVtZW50LXBlc3NhYzgud2VicCIsInNsaWRlc2hvdyI6ImIzOWNjM2EifQ%3D%3D\">\n\t\t\t\t\t<div class=\"e-gallery-image elementor-gallery-item__image\" data-thumbnail=\"https:\/\/www.boyerjulien.com\/wp-content\/uploads\/2025\/12\/mariage-chateau-pape-clement-pessac8.webp\" data-width=\"1920\" data-height=\"1280\" aria-label=\"Service du champagne pendant les pr\u00e9paratifs du mariage au Ch\u00e2teau Pape Cl\u00e9ment \u00e0 Pessac, sc\u00e8ne de vie captur\u00e9e par Julien Boyer photographe de mariage\" role=\"img\" ><\/div>\n\t\t\t\t\t\t\t\t\t\t\t<div class=\"elementor-gallery-item__overlay\"><\/div>\n\t\t\t\t\t\t\t\t\t\t\t\t\t\t<\/a>\n\t\t\t\t\t\t\t<a class=\"e-gallery-item elementor-gallery-item elementor-animated-content\" href=\"https:\/\/www.boyerjulien.com\/wp-content\/uploads\/2025\/12\/mariage-chateau-pape-clement-pessac9.webp\" data-elementor-open-lightbox=\"yes\" data-elementor-lightbox-slideshow=\"b39cc3a\" data-e-action-hash=\"#elementor-action%3Aaction%3Dlightbox%26settings%3DeyJpZCI6MzU3NywidXJsIjoiaHR0cHM6XC9cL3d3dy5ib3llcmp1bGllbi5jb21cL3dwLWNvbnRlbnRcL3VwbG9hZHNcLzIwMjVcLzEyXC9tYXJpYWdlLWNoYXRlYXUtcGFwZS1jbGVtZW50LXBlc3NhYzkud2VicCIsInNsaWRlc2hvdyI6ImIzOWNjM2EifQ%3D%3D\">\n\t\t\t\t\t<div class=\"e-gallery-image elementor-gallery-item__image\" data-thumbnail=\"https:\/\/www.boyerjulien.com\/wp-content\/uploads\/2025\/12\/mariage-chateau-pape-clement-pessac9.webp\" data-width=\"1920\" data-height=\"1280\" aria-label=\"Le mari\u00e9 et ses t\u00e9moins trinquent au champagne lors des pr\u00e9paratifs dans un salon du Ch\u00e2teau Pape Cl\u00e9ment, photo de mariage par Julien Boyer\" role=\"img\" ><\/div>\n\t\t\t\t\t\t\t\t\t\t\t<div class=\"elementor-gallery-item__overlay\"><\/div>\n\t\t\t\t\t\t\t\t\t\t\t\t\t\t<\/a>\n\t\t\t\t\t\t\t<a class=\"e-gallery-item elementor-gallery-item elementor-animated-content\" href=\"https:\/\/www.boyerjulien.com\/wp-content\/uploads\/2025\/12\/mariage-chateau-pape-clement-pessac10.webp\" data-elementor-open-lightbox=\"yes\" data-elementor-lightbox-slideshow=\"b39cc3a\" data-e-action-hash=\"#elementor-action%3Aaction%3Dlightbox%26settings%3DeyJpZCI6MzU3OCwidXJsIjoiaHR0cHM6XC9cL3d3dy5ib3llcmp1bGllbi5jb21cL3dwLWNvbnRlbnRcL3VwbG9hZHNcLzIwMjVcLzEyXC9tYXJpYWdlLWNoYXRlYXUtcGFwZS1jbGVtZW50LXBlc3NhYzEwLndlYnAiLCJzbGlkZXNob3ciOiJiMzljYzNhIn0%3D\">\n\t\t\t\t\t<div class=\"e-gallery-image elementor-gallery-item__image\" data-thumbnail=\"https:\/\/www.boyerjulien.com\/wp-content\/uploads\/2025\/12\/mariage-chateau-pape-clement-pessac10.webp\" data-width=\"1920\" data-height=\"1280\" aria-label=\"Le mari\u00e9 et ses t\u00e9moins profitent d\u2019un moment de d\u00e9tente dans un salon du Ch\u00e2teau Pape Cl\u00e9ment \u00e0 Pessac, reportage mariage par Julien Boyer\" role=\"img\" ><\/div>\n\t\t\t\t\t\t\t\t\t\t\t<div class=\"elementor-gallery-item__overlay\"><\/div>\n\t\t\t\t\t\t\t\t\t\t\t\t\t\t<\/a>\n\t\t\t\t\t<\/div>\n\t\t\t\t\t<\/div>\n\t\t\t\t<\/div>\n\t\t\t\t<div class=\"elementor-element elementor-element-1386055 elementor-widget elementor-widget-image\" data-id=\"1386055\" data-element_type=\"widget\" data-widget_type=\"image.default\">\n\t\t\t\t<div class=\"elementor-widget-container\">\n\t\t\t\t\t\t\t\t\t\t\t\t\t\t\t\t<a href=\"https:\/\/www.boyerjulien.com\/wp-content\/uploads\/2025\/12\/mariage-chateau-pape-clement-pessac11.jpg\" data-elementor-open-lightbox=\"yes\" data-e-action-hash=\"#elementor-action%3Aaction%3Dlightbox%26settings%3DeyJpZCI6MzU3OSwidXJsIjoiaHR0cHM6XC9cL3d3dy5ib3llcmp1bGllbi5jb21cL3dwLWNvbnRlbnRcL3VwbG9hZHNcLzIwMjVcLzEyXC9tYXJpYWdlLWNoYXRlYXUtcGFwZS1jbGVtZW50LXBlc3NhYzExLndlYnAifQ%3D%3D\">\n\t\t\t\t\t\t\t<img decoding=\"async\" width=\"1280\" height=\"1920\" src=\"https:\/\/www.boyerjulien.com\/wp-content\/uploads\/2025\/12\/mariage-chateau-pape-clement-pessac11.webp\" class=\"attachment-full size-full wp-image-3579\" alt=\"Flat lay de la papeterie de mariage, alliances et accessoires \u00e9l\u00e9gants photographi\u00e9s au Ch\u00e2teau Pape Cl\u00e9ment \u00e0 Pessac par Julien Boyer\" srcset=\"https:\/\/www.boyerjulien.com\/wp-content\/uploads\/2025\/12\/mariage-chateau-pape-clement-pessac11.webp 1280w, https:\/\/www.boyerjulien.com\/wp-content\/uploads\/2025\/12\/mariage-chateau-pape-clement-pessac11-200x300.webp 200w, https:\/\/www.boyerjulien.com\/wp-content\/uploads\/2025\/12\/mariage-chateau-pape-clement-pessac11-682x1024.webp 682w, https:\/\/www.boyerjulien.com\/wp-content\/uploads\/2025\/12\/mariage-chateau-pape-clement-pessac11-768x1152.webp 768w, https:\/\/www.boyerjulien.com\/wp-content\/uploads\/2025\/12\/mariage-chateau-pape-clement-pessac11-1024x1536.webp 1024w\" sizes=\"(max-width: 1280px) 100vw, 1280px\" \/>\t\t\t\t\t\t\t\t<\/a>\n\t\t\t\t\t\t\t\t\t\t\t\t\t\t\t<\/div>\n\t\t\t\t<\/div>\n\t\t\t\t<div class=\"elementor-element elementor-element-b35413b elementor-widget elementor-widget-image\" data-id=\"b35413b\" data-element_type=\"widget\" data-widget_type=\"image.default\">\n\t\t\t\t<div class=\"elementor-widget-container\">\n\t\t\t\t\t\t\t\t\t\t\t\t\t\t\t\t<a href=\"https:\/\/www.boyerjulien.com\/wp-content\/uploads\/2025\/12\/mariage-chateau-pape-clement-pessac12.jpg\" data-elementor-open-lightbox=\"yes\" data-e-action-hash=\"#elementor-action%3Aaction%3Dlightbox%26settings%3DeyJpZCI6MzU4MCwidXJsIjoiaHR0cHM6XC9cL3d3dy5ib3llcmp1bGllbi5jb21cL3dwLWNvbnRlbnRcL3VwbG9hZHNcLzIwMjVcLzEyXC9tYXJpYWdlLWNoYXRlYXUtcGFwZS1jbGVtZW50LXBlc3NhYzEyLndlYnAifQ%3D%3D\">\n\t\t\t\t\t\t\t<img decoding=\"async\" width=\"1920\" height=\"1280\" src=\"https:\/\/www.boyerjulien.com\/wp-content\/uploads\/2025\/12\/mariage-chateau-pape-clement-pessac12.webp\" class=\"attachment-full size-full wp-image-3580\" alt=\"Gros plan sur une alliance de mariage pos\u00e9e sur un faire-part \u00e9l\u00e9gant au Ch\u00e2teau Pape Cl\u00e9ment \u00e0 Pessac, photo par Julien Boyer photographe de mariage\" srcset=\"https:\/\/www.boyerjulien.com\/wp-content\/uploads\/2025\/12\/mariage-chateau-pape-clement-pessac12.webp 1920w, https:\/\/www.boyerjulien.com\/wp-content\/uploads\/2025\/12\/mariage-chateau-pape-clement-pessac12-300x200.webp 300w, https:\/\/www.boyerjulien.com\/wp-content\/uploads\/2025\/12\/mariage-chateau-pape-clement-pessac12-1024x682.webp 1024w, https:\/\/www.boyerjulien.com\/wp-content\/uploads\/2025\/12\/mariage-chateau-pape-clement-pessac12-768x512.webp 768w, https:\/\/www.boyerjulien.com\/wp-content\/uploads\/2025\/12\/mariage-chateau-pape-clement-pessac12-1536x1024.webp 1536w\" sizes=\"(max-width: 1920px) 100vw, 1920px\" \/>\t\t\t\t\t\t\t\t<\/a>\n\t\t\t\t\t\t\t\t\t\t\t\t\t\t\t<\/div>\n\t\t\t\t<\/div>\n\t\t\t\t<div class=\"elementor-element elementor-element-ba36be8 uael-img-grid__column-2 uael-img-grid-tablet__column-3 uael-img-grid-mobile__column-2 uael-ins-normal elementor-widget elementor-widget-uael-image-gallery\" data-id=\"ba36be8\" data-element_type=\"widget\" data-settings=\"{&quot;gallery_columns&quot;:&quot;2&quot;,&quot;gallery_columns_tablet&quot;:&quot;3&quot;,&quot;gallery_columns_mobile&quot;:&quot;2&quot;,&quot;column_gap&quot;:{&quot;unit&quot;:&quot;px&quot;,&quot;size&quot;:20,&quot;sizes&quot;:[]},&quot;column_gap_widescreen&quot;:{&quot;unit&quot;:&quot;px&quot;,&quot;size&quot;:&quot;&quot;,&quot;sizes&quot;:[]},&quot;column_gap_laptop&quot;:{&quot;unit&quot;:&quot;px&quot;,&quot;size&quot;:&quot;&quot;,&quot;sizes&quot;:[]},&quot;column_gap_tablet_extra&quot;:{&quot;unit&quot;:&quot;px&quot;,&quot;size&quot;:&quot;&quot;,&quot;sizes&quot;:[]},&quot;column_gap_tablet&quot;:{&quot;unit&quot;:&quot;px&quot;,&quot;size&quot;:&quot;&quot;,&quot;sizes&quot;:[]},&quot;column_gap_mobile_extra&quot;:{&quot;unit&quot;:&quot;px&quot;,&quot;size&quot;:&quot;&quot;,&quot;sizes&quot;:[]},&quot;column_gap_mobile&quot;:{&quot;unit&quot;:&quot;px&quot;,&quot;size&quot;:&quot;&quot;,&quot;sizes&quot;:[]},&quot;row_gap&quot;:{&quot;unit&quot;:&quot;px&quot;,&quot;size&quot;:20,&quot;sizes&quot;:[]},&quot;row_gap_widescreen&quot;:{&quot;unit&quot;:&quot;px&quot;,&quot;size&quot;:&quot;&quot;,&quot;sizes&quot;:[]},&quot;row_gap_laptop&quot;:{&quot;unit&quot;:&quot;px&quot;,&quot;size&quot;:&quot;&quot;,&quot;sizes&quot;:[]},&quot;row_gap_tablet_extra&quot;:{&quot;unit&quot;:&quot;px&quot;,&quot;size&quot;:&quot;&quot;,&quot;sizes&quot;:[]},&quot;row_gap_tablet&quot;:{&quot;unit&quot;:&quot;px&quot;,&quot;size&quot;:&quot;&quot;,&quot;sizes&quot;:[]},&quot;row_gap_mobile_extra&quot;:{&quot;unit&quot;:&quot;px&quot;,&quot;size&quot;:&quot;&quot;,&quot;sizes&quot;:[]},&quot;row_gap_mobile&quot;:{&quot;unit&quot;:&quot;px&quot;,&quot;size&quot;:&quot;&quot;,&quot;sizes&quot;:[]}}\" data-widget_type=\"uael-image-gallery.default\">\n\t\t\t\t<div class=\"elementor-widget-container\">\n\t\t\t\t\t<div class=\"uael-gallery-parent uael-caption- uael-gallery-unjustified\"><div class=\"uael-img-gallery-wrap uael-img-masonry-wrap uael-img-grid-masonry-wrap uael-masonry uael-image-lightbox-wrap\" data-filter-default=\"All\" data-lightbox_actions=\"[&quot;close&quot;]\" data-lightbox-gallery-loop=\"\"><div class=\"uael-grid-item  uael-img-gallery-item-1\"><div class=\"uael-grid-item-content\"><a class=\"uael-grid-img uael-grid-gallery-img uael-ins-hover elementor-clickable\" data-fancybox=\"uael-gallery\" href=\"https:\/\/www.boyerjulien.com\/wp-content\/uploads\/2025\/12\/mariage-chateau-pape-clement-pessac13.webp\" data-elementor-open-lightbox=\"no\"><div class=\"uael-grid-img-thumbnail uael-ins-target\"><img loading=\"lazy\" decoding=\"async\" width=\"682\" height=\"1024\" src=\"https:\/\/www.boyerjulien.com\/wp-content\/uploads\/2025\/12\/mariage-chateau-pape-clement-pessac13-682x1024.webp\" class=\"attachment-large size-large wp-image-3581\" alt=\"Robe de mari\u00e9e suspendue dans une chambre \u00e9l\u00e9gante du Ch\u00e2teau Pape Cl\u00e9ment \u00e0 Pessac, pr\u00e9paratifs de mariage photographi\u00e9s par Julien Boyer\" srcset=\"https:\/\/www.boyerjulien.com\/wp-content\/uploads\/2025\/12\/mariage-chateau-pape-clement-pessac13-682x1024.webp 682w, https:\/\/www.boyerjulien.com\/wp-content\/uploads\/2025\/12\/mariage-chateau-pape-clement-pessac13-200x300.webp 200w, https:\/\/www.boyerjulien.com\/wp-content\/uploads\/2025\/12\/mariage-chateau-pape-clement-pessac13-768x1152.webp 768w, https:\/\/www.boyerjulien.com\/wp-content\/uploads\/2025\/12\/mariage-chateau-pape-clement-pessac13-1024x1536.webp 1024w, https:\/\/www.boyerjulien.com\/wp-content\/uploads\/2025\/12\/mariage-chateau-pape-clement-pessac13.webp 1280w\" sizes=\"(max-width: 682px) 100vw, 682px\" \/><\/div><div class=\"uael-grid-img-overlay\"><\/div><\/a><\/div><\/div><div class=\"uael-grid-item  uael-img-gallery-item-2\"><div class=\"uael-grid-item-content\"><a class=\"uael-grid-img uael-grid-gallery-img uael-ins-hover elementor-clickable\" data-fancybox=\"uael-gallery\" href=\"https:\/\/www.boyerjulien.com\/wp-content\/uploads\/2025\/12\/mariage-chateau-pape-clement-pessac14.webp\" data-elementor-open-lightbox=\"no\"><div class=\"uael-grid-img-thumbnail uael-ins-target\"><img loading=\"lazy\" decoding=\"async\" width=\"682\" height=\"1024\" src=\"https:\/\/www.boyerjulien.com\/wp-content\/uploads\/2025\/12\/mariage-chateau-pape-clement-pessac14-682x1024.webp\" class=\"attachment-large size-large wp-image-3582\" alt=\"Bouquet de la mari\u00e9e et chaussures de mariage pos\u00e9s sur un fauteuil lors des pr\u00e9paratifs au Ch\u00e2teau Pape Cl\u00e9ment, photo par Julien Boyer photographe de mariage\" srcset=\"https:\/\/www.boyerjulien.com\/wp-content\/uploads\/2025\/12\/mariage-chateau-pape-clement-pessac14-682x1024.webp 682w, https:\/\/www.boyerjulien.com\/wp-content\/uploads\/2025\/12\/mariage-chateau-pape-clement-pessac14-200x300.webp 200w, https:\/\/www.boyerjulien.com\/wp-content\/uploads\/2025\/12\/mariage-chateau-pape-clement-pessac14-768x1152.webp 768w, https:\/\/www.boyerjulien.com\/wp-content\/uploads\/2025\/12\/mariage-chateau-pape-clement-pessac14-1024x1536.webp 1024w, https:\/\/www.boyerjulien.com\/wp-content\/uploads\/2025\/12\/mariage-chateau-pape-clement-pessac14.webp 1280w\" sizes=\"(max-width: 682px) 100vw, 682px\" \/><\/div><div class=\"uael-grid-img-overlay\"><\/div><\/a><\/div><\/div><div class=\"uael-grid-item  uael-img-gallery-item-3\"><div class=\"uael-grid-item-content\"><a class=\"uael-grid-img uael-grid-gallery-img uael-ins-hover elementor-clickable\" data-fancybox=\"uael-gallery\" href=\"https:\/\/www.boyerjulien.com\/wp-content\/uploads\/2025\/12\/mariage-chateau-pape-clement-pessac15.webp\" data-elementor-open-lightbox=\"no\"><div class=\"uael-grid-img-thumbnail uael-ins-target\"><img loading=\"lazy\" decoding=\"async\" width=\"682\" height=\"1024\" src=\"https:\/\/www.boyerjulien.com\/wp-content\/uploads\/2025\/12\/mariage-chateau-pape-clement-pessac15-682x1024.webp\" class=\"attachment-large size-large wp-image-3583\" alt=\"Mari\u00e9e en peignoir pendant la mise en beaut\u00e9, coiffure orn\u00e9e d\u2019un bijou de cheveux lors des pr\u00e9paratifs au Ch\u00e2teau Pape Cl\u00e9ment, photo Julien Boyer\" srcset=\"https:\/\/www.boyerjulien.com\/wp-content\/uploads\/2025\/12\/mariage-chateau-pape-clement-pessac15-682x1024.webp 682w, https:\/\/www.boyerjulien.com\/wp-content\/uploads\/2025\/12\/mariage-chateau-pape-clement-pessac15-200x300.webp 200w, https:\/\/www.boyerjulien.com\/wp-content\/uploads\/2025\/12\/mariage-chateau-pape-clement-pessac15-768x1152.webp 768w, https:\/\/www.boyerjulien.com\/wp-content\/uploads\/2025\/12\/mariage-chateau-pape-clement-pessac15-1024x1536.webp 1024w, https:\/\/www.boyerjulien.com\/wp-content\/uploads\/2025\/12\/mariage-chateau-pape-clement-pessac15.webp 1280w\" sizes=\"(max-width: 682px) 100vw, 682px\" \/><\/div><div class=\"uael-grid-img-overlay\"><\/div><\/a><\/div><\/div><div class=\"uael-grid-item  uael-img-gallery-item-4\"><div class=\"uael-grid-item-content\"><a class=\"uael-grid-img uael-grid-gallery-img uael-ins-hover elementor-clickable\" data-fancybox=\"uael-gallery\" href=\"https:\/\/www.boyerjulien.com\/wp-content\/uploads\/2025\/12\/mariage-chateau-pape-clement-pessac18.webp\" data-elementor-open-lightbox=\"no\"><div class=\"uael-grid-img-thumbnail uael-ins-target\"><img loading=\"lazy\" decoding=\"async\" width=\"682\" height=\"1024\" src=\"https:\/\/www.boyerjulien.com\/wp-content\/uploads\/2025\/12\/mariage-chateau-pape-clement-pessac18-682x1024.webp\" class=\"attachment-large size-large wp-image-3586\" alt=\"Habillage de la mari\u00e9e dans une chambre du Ch\u00e2teau Pape Cl\u00e9ment \u00e0 Pessac, ajustement de la robe avant la c\u00e9r\u00e9monie, photo par Julien Boyer photographe de mariage\" srcset=\"https:\/\/www.boyerjulien.com\/wp-content\/uploads\/2025\/12\/mariage-chateau-pape-clement-pessac18-682x1024.webp 682w, https:\/\/www.boyerjulien.com\/wp-content\/uploads\/2025\/12\/mariage-chateau-pape-clement-pessac18-200x300.webp 200w, https:\/\/www.boyerjulien.com\/wp-content\/uploads\/2025\/12\/mariage-chateau-pape-clement-pessac18-768x1152.webp 768w, https:\/\/www.boyerjulien.com\/wp-content\/uploads\/2025\/12\/mariage-chateau-pape-clement-pessac18-1024x1536.webp 1024w, https:\/\/www.boyerjulien.com\/wp-content\/uploads\/2025\/12\/mariage-chateau-pape-clement-pessac18.webp 1280w\" sizes=\"(max-width: 682px) 100vw, 682px\" \/><\/div><div class=\"uael-grid-img-overlay\"><\/div><\/a><\/div><\/div><div class=\"uael-grid-item  uael-img-gallery-item-5\"><div class=\"uael-grid-item-content\"><a class=\"uael-grid-img uael-grid-gallery-img uael-ins-hover elementor-clickable\" data-fancybox=\"uael-gallery\" href=\"https:\/\/www.boyerjulien.com\/wp-content\/uploads\/2025\/12\/mariage-chateau-pape-clement-pessac19.webp\" data-elementor-open-lightbox=\"no\"><div class=\"uael-grid-img-thumbnail uael-ins-target\"><img loading=\"lazy\" decoding=\"async\" width=\"682\" height=\"1024\" src=\"https:\/\/www.boyerjulien.com\/wp-content\/uploads\/2025\/12\/mariage-chateau-pape-clement-pessac19-682x1024.webp\" class=\"attachment-large size-large wp-image-3606\" alt=\"Gros plan sur la fermeture de la robe de mari\u00e9e en dentelle lors des pr\u00e9paratifs au Ch\u00e2teau Pape Cl\u00e9ment \u00e0 Pessac, photo par Julien Boyer\" srcset=\"https:\/\/www.boyerjulien.com\/wp-content\/uploads\/2025\/12\/mariage-chateau-pape-clement-pessac19-682x1024.webp 682w, https:\/\/www.boyerjulien.com\/wp-content\/uploads\/2025\/12\/mariage-chateau-pape-clement-pessac19-200x300.webp 200w, https:\/\/www.boyerjulien.com\/wp-content\/uploads\/2025\/12\/mariage-chateau-pape-clement-pessac19-768x1152.webp 768w, https:\/\/www.boyerjulien.com\/wp-content\/uploads\/2025\/12\/mariage-chateau-pape-clement-pessac19-1024x1536.webp 1024w, https:\/\/www.boyerjulien.com\/wp-content\/uploads\/2025\/12\/mariage-chateau-pape-clement-pessac19.webp 1280w\" sizes=\"(max-width: 682px) 100vw, 682px\" \/><\/div><div class=\"uael-grid-img-overlay\"><\/div><\/a><\/div><\/div><div class=\"uael-grid-item  uael-img-gallery-item-6\"><div class=\"uael-grid-item-content\"><a class=\"uael-grid-img uael-grid-gallery-img uael-ins-hover elementor-clickable\" data-fancybox=\"uael-gallery\" href=\"https:\/\/www.boyerjulien.com\/wp-content\/uploads\/2025\/12\/mariage-chateau-pape-clement-pessac20.webp\" data-elementor-open-lightbox=\"no\"><div class=\"uael-grid-img-thumbnail uael-ins-target\"><img loading=\"lazy\" decoding=\"async\" width=\"682\" height=\"1024\" src=\"https:\/\/www.boyerjulien.com\/wp-content\/uploads\/2025\/12\/mariage-chateau-pape-clement-pessac20-682x1024.webp\" class=\"attachment-large size-large wp-image-3607\" alt=\"Une proche aide la mari\u00e9e \u00e0 ajuster ses boucles d\u2019oreilles pendant les pr\u00e9paratifs dans une chambre du Ch\u00e2teau Pape Cl\u00e9ment, photo Julien Boyer\" srcset=\"https:\/\/www.boyerjulien.com\/wp-content\/uploads\/2025\/12\/mariage-chateau-pape-clement-pessac20-682x1024.webp 682w, https:\/\/www.boyerjulien.com\/wp-content\/uploads\/2025\/12\/mariage-chateau-pape-clement-pessac20-200x300.webp 200w, https:\/\/www.boyerjulien.com\/wp-content\/uploads\/2025\/12\/mariage-chateau-pape-clement-pessac20-768x1152.webp 768w, https:\/\/www.boyerjulien.com\/wp-content\/uploads\/2025\/12\/mariage-chateau-pape-clement-pessac20-1024x1536.webp 1024w, https:\/\/www.boyerjulien.com\/wp-content\/uploads\/2025\/12\/mariage-chateau-pape-clement-pessac20.webp 1280w\" sizes=\"(max-width: 682px) 100vw, 682px\" \/><\/div><div class=\"uael-grid-img-overlay\"><\/div><\/a><\/div><\/div><div class=\"uael-grid-item  uael-img-gallery-item-7\"><div class=\"uael-grid-item-content\"><a class=\"uael-grid-img uael-grid-gallery-img uael-ins-hover elementor-clickable\" data-fancybox=\"uael-gallery\" href=\"https:\/\/www.boyerjulien.com\/wp-content\/uploads\/2025\/12\/mariage-chateau-pape-clement-pessac21.webp\" data-elementor-open-lightbox=\"no\"><div class=\"uael-grid-img-thumbnail uael-ins-target\"><img loading=\"lazy\" decoding=\"async\" width=\"682\" height=\"1024\" src=\"https:\/\/www.boyerjulien.com\/wp-content\/uploads\/2025\/12\/mariage-chateau-pape-clement-pessac21-682x1024.webp\" class=\"attachment-large size-large wp-image-3608\" alt=\"Gros plan sur les mains de la mari\u00e9e et ses alliances pendant les pr\u00e9paratifs au Ch\u00e2teau Pape Cl\u00e9ment, reportage mariage par Julien Boyer\" srcset=\"https:\/\/www.boyerjulien.com\/wp-content\/uploads\/2025\/12\/mariage-chateau-pape-clement-pessac21-682x1024.webp 682w, https:\/\/www.boyerjulien.com\/wp-content\/uploads\/2025\/12\/mariage-chateau-pape-clement-pessac21-200x300.webp 200w, https:\/\/www.boyerjulien.com\/wp-content\/uploads\/2025\/12\/mariage-chateau-pape-clement-pessac21-768x1152.webp 768w, https:\/\/www.boyerjulien.com\/wp-content\/uploads\/2025\/12\/mariage-chateau-pape-clement-pessac21-1024x1536.webp 1024w, https:\/\/www.boyerjulien.com\/wp-content\/uploads\/2025\/12\/mariage-chateau-pape-clement-pessac21.webp 1280w\" sizes=\"(max-width: 682px) 100vw, 682px\" \/><\/div><div class=\"uael-grid-img-overlay\"><\/div><\/a><\/div><\/div><div class=\"uael-grid-item  uael-img-gallery-item-8\"><div class=\"uael-grid-item-content\"><a class=\"uael-grid-img uael-grid-gallery-img uael-ins-hover elementor-clickable\" data-fancybox=\"uael-gallery\" href=\"https:\/\/www.boyerjulien.com\/wp-content\/uploads\/2025\/12\/mariage-chateau-pape-clement-pessac22.webp\" data-elementor-open-lightbox=\"no\"><div class=\"uael-grid-img-thumbnail uael-ins-target\"><img loading=\"lazy\" decoding=\"async\" width=\"682\" height=\"1024\" src=\"https:\/\/www.boyerjulien.com\/wp-content\/uploads\/2025\/12\/mariage-chateau-pape-clement-pessac22-682x1024.webp\" class=\"attachment-large size-large wp-image-3609\" alt=\"La mari\u00e9e \u00e9change une \u00e9treinte pleine d\u2019\u00e9motion avec une proche lors des pr\u00e9paratifs au Ch\u00e2teau Pape Cl\u00e9ment \u00e0 Pessac, photo par Julien Boyer\" srcset=\"https:\/\/www.boyerjulien.com\/wp-content\/uploads\/2025\/12\/mariage-chateau-pape-clement-pessac22-682x1024.webp 682w, https:\/\/www.boyerjulien.com\/wp-content\/uploads\/2025\/12\/mariage-chateau-pape-clement-pessac22-200x300.webp 200w, https:\/\/www.boyerjulien.com\/wp-content\/uploads\/2025\/12\/mariage-chateau-pape-clement-pessac22-768x1152.webp 768w, https:\/\/www.boyerjulien.com\/wp-content\/uploads\/2025\/12\/mariage-chateau-pape-clement-pessac22-1024x1536.webp 1024w, https:\/\/www.boyerjulien.com\/wp-content\/uploads\/2025\/12\/mariage-chateau-pape-clement-pessac22.webp 1280w\" sizes=\"(max-width: 682px) 100vw, 682px\" \/><\/div><div class=\"uael-grid-img-overlay\"><\/div><\/a><\/div><\/div><\/div><\/div>\t\t\t\t<\/div>\n\t\t\t\t<\/div>\n\t\t\t\t<div class=\"elementor-element elementor-element-5b5b9a2 elementor-widget elementor-widget-image\" data-id=\"5b5b9a2\" data-element_type=\"widget\" data-widget_type=\"image.default\">\n\t\t\t\t<div class=\"elementor-widget-container\">\n\t\t\t\t\t\t\t\t\t\t\t\t\t\t\t\t<a href=\"https:\/\/www.boyerjulien.com\/wp-content\/uploads\/2025\/12\/mariage-chateau-pape-clement-pessac16.jpg\" data-elementor-open-lightbox=\"yes\" data-e-action-hash=\"#elementor-action%3Aaction%3Dlightbox%26settings%3DeyJpZCI6MzU4NCwidXJsIjoiaHR0cHM6XC9cL3d3dy5ib3llcmp1bGllbi5jb21cL3dwLWNvbnRlbnRcL3VwbG9hZHNcLzIwMjVcLzEyXC9tYXJpYWdlLWNoYXRlYXUtcGFwZS1jbGVtZW50LXBlc3NhYzE2LndlYnAifQ%3D%3D\">\n\t\t\t\t\t\t\t<img loading=\"lazy\" decoding=\"async\" width=\"1280\" height=\"1920\" src=\"https:\/\/www.boyerjulien.com\/wp-content\/uploads\/2025\/12\/mariage-chateau-pape-clement-pessac16.webp\" class=\"attachment-full size-full wp-image-3584\" alt=\"La mari\u00e9e entour\u00e9e de ses proches dans une chambre du Ch\u00e2teau Pape Cl\u00e9ment \u00e0 Pessac, ambiance joyeuse lors des pr\u00e9paratifs de mariage, photo Julien Boyer\" srcset=\"https:\/\/www.boyerjulien.com\/wp-content\/uploads\/2025\/12\/mariage-chateau-pape-clement-pessac16.webp 1280w, https:\/\/www.boyerjulien.com\/wp-content\/uploads\/2025\/12\/mariage-chateau-pape-clement-pessac16-200x300.webp 200w, https:\/\/www.boyerjulien.com\/wp-content\/uploads\/2025\/12\/mariage-chateau-pape-clement-pessac16-682x1024.webp 682w, https:\/\/www.boyerjulien.com\/wp-content\/uploads\/2025\/12\/mariage-chateau-pape-clement-pessac16-768x1152.webp 768w, https:\/\/www.boyerjulien.com\/wp-content\/uploads\/2025\/12\/mariage-chateau-pape-clement-pessac16-1024x1536.webp 1024w\" sizes=\"(max-width: 1280px) 100vw, 1280px\" \/>\t\t\t\t\t\t\t\t<\/a>\n\t\t\t\t\t\t\t\t\t\t\t\t\t\t\t<\/div>\n\t\t\t\t<\/div>\n\t\t\t\t<div class=\"elementor-element elementor-element-fbdc464 elementor-widget elementor-widget-image\" data-id=\"fbdc464\" data-element_type=\"widget\" data-widget_type=\"image.default\">\n\t\t\t\t<div class=\"elementor-widget-container\">\n\t\t\t\t\t\t\t\t\t\t\t\t\t\t\t\t<a href=\"https:\/\/www.boyerjulien.com\/wp-content\/uploads\/2025\/12\/mariage-chateau-pape-clement-pessac17.jpg\" data-elementor-open-lightbox=\"yes\" data-e-action-hash=\"#elementor-action%3Aaction%3Dlightbox%26settings%3DeyJpZCI6MzU4NSwidXJsIjoiaHR0cHM6XC9cL3d3dy5ib3llcmp1bGllbi5jb21cL3dwLWNvbnRlbnRcL3VwbG9hZHNcLzIwMjVcLzEyXC9tYXJpYWdlLWNoYXRlYXUtcGFwZS1jbGVtZW50LXBlc3NhYzE3LndlYnAifQ%3D%3D\">\n\t\t\t\t\t\t\t<img loading=\"lazy\" decoding=\"async\" width=\"1920\" height=\"1280\" src=\"https:\/\/www.boyerjulien.com\/wp-content\/uploads\/2025\/12\/mariage-chateau-pape-clement-pessac17.webp\" class=\"attachment-full size-full wp-image-3585\" alt=\"La mari\u00e9e et ses proches trinquent au champagne pendant les pr\u00e9paratifs dans une chambre du Ch\u00e2teau Pape Cl\u00e9ment, reportage photo par Julien Boyer\" srcset=\"https:\/\/www.boyerjulien.com\/wp-content\/uploads\/2025\/12\/mariage-chateau-pape-clement-pessac17.webp 1920w, https:\/\/www.boyerjulien.com\/wp-content\/uploads\/2025\/12\/mariage-chateau-pape-clement-pessac17-300x200.webp 300w, https:\/\/www.boyerjulien.com\/wp-content\/uploads\/2025\/12\/mariage-chateau-pape-clement-pessac17-1024x682.webp 1024w, https:\/\/www.boyerjulien.com\/wp-content\/uploads\/2025\/12\/mariage-chateau-pape-clement-pessac17-768x512.webp 768w, https:\/\/www.boyerjulien.com\/wp-content\/uploads\/2025\/12\/mariage-chateau-pape-clement-pessac17-1536x1024.webp 1536w\" sizes=\"(max-width: 1920px) 100vw, 1920px\" \/>\t\t\t\t\t\t\t\t<\/a>\n\t\t\t\t\t\t\t\t\t\t\t\t\t\t\t<\/div>\n\t\t\t\t<\/div>\n\t\t\t\t<div class=\"elementor-element elementor-element-c3712d2 elementor-widget elementor-widget-image\" data-id=\"c3712d2\" data-element_type=\"widget\" data-widget_type=\"image.default\">\n\t\t\t\t<div class=\"elementor-widget-container\">\n\t\t\t\t\t\t\t\t\t\t\t\t\t\t\t\t<a href=\"https:\/\/www.boyerjulien.com\/wp-content\/uploads\/2025\/12\/mariage-chateau-pape-clement-pessac23.jpg\" data-elementor-open-lightbox=\"yes\" data-e-action-hash=\"#elementor-action%3Aaction%3Dlightbox%26settings%3DeyJpZCI6MzYxMCwidXJsIjoiaHR0cHM6XC9cL3d3dy5ib3llcmp1bGllbi5jb21cL3dwLWNvbnRlbnRcL3VwbG9hZHNcLzIwMjVcLzEyXC9tYXJpYWdlLWNoYXRlYXUtcGFwZS1jbGVtZW50LXBlc3NhYzIzLndlYnAifQ%3D%3D\">\n\t\t\t\t\t\t\t<img loading=\"lazy\" decoding=\"async\" width=\"1280\" height=\"1920\" src=\"https:\/\/www.boyerjulien.com\/wp-content\/uploads\/2025\/12\/mariage-chateau-pape-clement-pessac23.webp\" class=\"attachment-full size-full wp-image-3610\" alt=\"Portrait en pied de la mari\u00e9e en robe de mariage dans un salon du Ch\u00e2teau Pape Cl\u00e9ment \u00e0 Pessac, photo par Julien Boyer photographe de mariage\" srcset=\"https:\/\/www.boyerjulien.com\/wp-content\/uploads\/2025\/12\/mariage-chateau-pape-clement-pessac23.webp 1280w, https:\/\/www.boyerjulien.com\/wp-content\/uploads\/2025\/12\/mariage-chateau-pape-clement-pessac23-200x300.webp 200w, https:\/\/www.boyerjulien.com\/wp-content\/uploads\/2025\/12\/mariage-chateau-pape-clement-pessac23-682x1024.webp 682w, https:\/\/www.boyerjulien.com\/wp-content\/uploads\/2025\/12\/mariage-chateau-pape-clement-pessac23-768x1152.webp 768w, https:\/\/www.boyerjulien.com\/wp-content\/uploads\/2025\/12\/mariage-chateau-pape-clement-pessac23-1024x1536.webp 1024w\" sizes=\"(max-width: 1280px) 100vw, 1280px\" \/>\t\t\t\t\t\t\t\t<\/a>\n\t\t\t\t\t\t\t\t\t\t\t\t\t\t\t<\/div>\n\t\t\t\t<\/div>\n\t\t\t\t<div class=\"elementor-element elementor-element-4b69df2 elementor-widget elementor-widget-image\" data-id=\"4b69df2\" data-element_type=\"widget\" data-widget_type=\"image.default\">\n\t\t\t\t<div class=\"elementor-widget-container\">\n\t\t\t\t\t\t\t\t\t\t\t\t\t\t\t\t<a href=\"https:\/\/www.boyerjulien.com\/wp-content\/uploads\/2025\/12\/mariage-chateau-pape-clement-pessac24.jpg\" data-elementor-open-lightbox=\"yes\" data-e-action-hash=\"#elementor-action%3Aaction%3Dlightbox%26settings%3DeyJpZCI6MzYxMSwidXJsIjoiaHR0cHM6XC9cL3d3dy5ib3llcmp1bGllbi5jb21cL3dwLWNvbnRlbnRcL3VwbG9hZHNcLzIwMjVcLzEyXC9tYXJpYWdlLWNoYXRlYXUtcGFwZS1jbGVtZW50LXBlc3NhYzI0LndlYnAifQ%3D%3D\">\n\t\t\t\t\t\t\t<img loading=\"lazy\" decoding=\"async\" width=\"1280\" height=\"1920\" src=\"https:\/\/www.boyerjulien.com\/wp-content\/uploads\/2025\/12\/mariage-chateau-pape-clement-pessac24.webp\" class=\"attachment-full size-full wp-image-3611\" alt=\"La mari\u00e9e descend l\u2019escalier du Ch\u00e2teau Pape Cl\u00e9ment \u00e0 Pessac, robe de mariage avec tra\u00eene photographi\u00e9e par Julien Boyer\" srcset=\"https:\/\/www.boyerjulien.com\/wp-content\/uploads\/2025\/12\/mariage-chateau-pape-clement-pessac24.webp 1280w, https:\/\/www.boyerjulien.com\/wp-content\/uploads\/2025\/12\/mariage-chateau-pape-clement-pessac24-200x300.webp 200w, https:\/\/www.boyerjulien.com\/wp-content\/uploads\/2025\/12\/mariage-chateau-pape-clement-pessac24-682x1024.webp 682w, https:\/\/www.boyerjulien.com\/wp-content\/uploads\/2025\/12\/mariage-chateau-pape-clement-pessac24-768x1152.webp 768w, https:\/\/www.boyerjulien.com\/wp-content\/uploads\/2025\/12\/mariage-chateau-pape-clement-pessac24-1024x1536.webp 1024w\" sizes=\"(max-width: 1280px) 100vw, 1280px\" \/>\t\t\t\t\t\t\t\t<\/a>\n\t\t\t\t\t\t\t\t\t\t\t\t\t\t\t<\/div>\n\t\t\t\t<\/div>\n\t\t\t\t<div class=\"elementor-element elementor-element-304e12f elementor-widget elementor-widget-image\" data-id=\"304e12f\" data-element_type=\"widget\" data-widget_type=\"image.default\">\n\t\t\t\t<div class=\"elementor-widget-container\">\n\t\t\t\t\t\t\t\t\t\t\t\t\t\t\t\t<a href=\"https:\/\/www.boyerjulien.com\/wp-content\/uploads\/2025\/12\/mariage-chateau-pape-clement-pessac25.jpg\" data-elementor-open-lightbox=\"yes\" data-e-action-hash=\"#elementor-action%3Aaction%3Dlightbox%26settings%3DeyJpZCI6MzYxMiwidXJsIjoiaHR0cHM6XC9cL3d3dy5ib3llcmp1bGllbi5jb21cL3dwLWNvbnRlbnRcL3VwbG9hZHNcLzIwMjVcLzEyXC9tYXJpYWdlLWNoYXRlYXUtcGFwZS1jbGVtZW50LXBlc3NhYzI1LndlYnAifQ%3D%3D\">\n\t\t\t\t\t\t\t<img loading=\"lazy\" decoding=\"async\" width=\"1280\" height=\"1920\" src=\"https:\/\/www.boyerjulien.com\/wp-content\/uploads\/2025\/12\/mariage-chateau-pape-clement-pessac25.webp\" class=\"attachment-full size-full wp-image-3612\" alt=\"Portrait du mari\u00e9 en costume descendant l\u2019escalier du Ch\u00e2teau Pape Cl\u00e9ment \u00e0 Pessac avant la c\u00e9r\u00e9monie de mariage, photo par Julien Boyer\" srcset=\"https:\/\/www.boyerjulien.com\/wp-content\/uploads\/2025\/12\/mariage-chateau-pape-clement-pessac25.webp 1280w, https:\/\/www.boyerjulien.com\/wp-content\/uploads\/2025\/12\/mariage-chateau-pape-clement-pessac25-200x300.webp 200w, https:\/\/www.boyerjulien.com\/wp-content\/uploads\/2025\/12\/mariage-chateau-pape-clement-pessac25-682x1024.webp 682w, https:\/\/www.boyerjulien.com\/wp-content\/uploads\/2025\/12\/mariage-chateau-pape-clement-pessac25-768x1152.webp 768w, https:\/\/www.boyerjulien.com\/wp-content\/uploads\/2025\/12\/mariage-chateau-pape-clement-pessac25-1024x1536.webp 1024w\" sizes=\"(max-width: 1280px) 100vw, 1280px\" \/>\t\t\t\t\t\t\t\t<\/a>\n\t\t\t\t\t\t\t\t\t\t\t\t\t\t\t<\/div>\n\t\t\t\t<\/div>\n\t\t\t\t<div class=\"elementor-element elementor-element-ed17a7f uael-img-grid__column-2 uael-img-grid-tablet__column-3 uael-img-grid-mobile__column-2 uael-ins-normal elementor-widget elementor-widget-uael-image-gallery\" data-id=\"ed17a7f\" data-element_type=\"widget\" data-settings=\"{&quot;gallery_columns&quot;:&quot;2&quot;,&quot;gallery_columns_tablet&quot;:&quot;3&quot;,&quot;gallery_columns_mobile&quot;:&quot;2&quot;,&quot;column_gap&quot;:{&quot;unit&quot;:&quot;px&quot;,&quot;size&quot;:20,&quot;sizes&quot;:[]},&quot;column_gap_widescreen&quot;:{&quot;unit&quot;:&quot;px&quot;,&quot;size&quot;:&quot;&quot;,&quot;sizes&quot;:[]},&quot;column_gap_laptop&quot;:{&quot;unit&quot;:&quot;px&quot;,&quot;size&quot;:&quot;&quot;,&quot;sizes&quot;:[]},&quot;column_gap_tablet_extra&quot;:{&quot;unit&quot;:&quot;px&quot;,&quot;size&quot;:&quot;&quot;,&quot;sizes&quot;:[]},&quot;column_gap_tablet&quot;:{&quot;unit&quot;:&quot;px&quot;,&quot;size&quot;:&quot;&quot;,&quot;sizes&quot;:[]},&quot;column_gap_mobile_extra&quot;:{&quot;unit&quot;:&quot;px&quot;,&quot;size&quot;:&quot;&quot;,&quot;sizes&quot;:[]},&quot;column_gap_mobile&quot;:{&quot;unit&quot;:&quot;px&quot;,&quot;size&quot;:&quot;&quot;,&quot;sizes&quot;:[]},&quot;row_gap&quot;:{&quot;unit&quot;:&quot;px&quot;,&quot;size&quot;:20,&quot;sizes&quot;:[]},&quot;row_gap_widescreen&quot;:{&quot;unit&quot;:&quot;px&quot;,&quot;size&quot;:&quot;&quot;,&quot;sizes&quot;:[]},&quot;row_gap_laptop&quot;:{&quot;unit&quot;:&quot;px&quot;,&quot;size&quot;:&quot;&quot;,&quot;sizes&quot;:[]},&quot;row_gap_tablet_extra&quot;:{&quot;unit&quot;:&quot;px&quot;,&quot;size&quot;:&quot;&quot;,&quot;sizes&quot;:[]},&quot;row_gap_tablet&quot;:{&quot;unit&quot;:&quot;px&quot;,&quot;size&quot;:&quot;&quot;,&quot;sizes&quot;:[]},&quot;row_gap_mobile_extra&quot;:{&quot;unit&quot;:&quot;px&quot;,&quot;size&quot;:&quot;&quot;,&quot;sizes&quot;:[]},&quot;row_gap_mobile&quot;:{&quot;unit&quot;:&quot;px&quot;,&quot;size&quot;:&quot;&quot;,&quot;sizes&quot;:[]}}\" data-widget_type=\"uael-image-gallery.default\">\n\t\t\t\t<div class=\"elementor-widget-container\">\n\t\t\t\t\t<div class=\"uael-gallery-parent uael-caption- uael-gallery-unjustified\"><div class=\"uael-img-gallery-wrap uael-img-masonry-wrap uael-img-grid-masonry-wrap uael-masonry uael-image-lightbox-wrap\" data-filter-default=\"All\" data-lightbox_actions=\"[&quot;close&quot;]\" data-lightbox-gallery-loop=\"\"><div class=\"uael-grid-item  uael-img-gallery-item-1\"><div class=\"uael-grid-item-content\"><a class=\"uael-grid-img uael-grid-gallery-img uael-ins-hover elementor-clickable\" data-fancybox=\"uael-gallery\" href=\"https:\/\/www.boyerjulien.com\/wp-content\/uploads\/2025\/12\/mariage-chateau-pape-clement-pessac26.webp\" data-elementor-open-lightbox=\"no\"><div class=\"uael-grid-img-thumbnail uael-ins-target\"><img loading=\"lazy\" decoding=\"async\" width=\"682\" height=\"1024\" src=\"https:\/\/www.boyerjulien.com\/wp-content\/uploads\/2025\/12\/mariage-chateau-pape-clement-pessac26-682x1024.webp\" class=\"attachment-large size-large wp-image-3613\" alt=\"Voiture de mariage ancienne stationn\u00e9e dans les jardins du Ch\u00e2teau Pape Cl\u00e9ment \u00e0 Pessac, reportage photo de mariage par Julien Boyer\" srcset=\"https:\/\/www.boyerjulien.com\/wp-content\/uploads\/2025\/12\/mariage-chateau-pape-clement-pessac26-682x1024.webp 682w, https:\/\/www.boyerjulien.com\/wp-content\/uploads\/2025\/12\/mariage-chateau-pape-clement-pessac26-200x300.webp 200w, https:\/\/www.boyerjulien.com\/wp-content\/uploads\/2025\/12\/mariage-chateau-pape-clement-pessac26-768x1152.webp 768w, https:\/\/www.boyerjulien.com\/wp-content\/uploads\/2025\/12\/mariage-chateau-pape-clement-pessac26-1024x1536.webp 1024w, https:\/\/www.boyerjulien.com\/wp-content\/uploads\/2025\/12\/mariage-chateau-pape-clement-pessac26.webp 1280w\" sizes=\"(max-width: 682px) 100vw, 682px\" \/><\/div><div class=\"uael-grid-img-overlay\"><\/div><\/a><\/div><\/div><div class=\"uael-grid-item  uael-img-gallery-item-2\"><div class=\"uael-grid-item-content\"><a class=\"uael-grid-img uael-grid-gallery-img uael-ins-hover elementor-clickable\" data-fancybox=\"uael-gallery\" href=\"https:\/\/www.boyerjulien.com\/wp-content\/uploads\/2025\/12\/mariage-chateau-pape-clement-pessac27.webp\" data-elementor-open-lightbox=\"no\"><div class=\"uael-grid-img-thumbnail uael-ins-target\"><img loading=\"lazy\" decoding=\"async\" width=\"682\" height=\"1024\" src=\"https:\/\/www.boyerjulien.com\/wp-content\/uploads\/2025\/12\/mariage-chateau-pape-clement-pessac27-682x1024.webp\" class=\"attachment-large size-large wp-image-3614\" alt=\"D\u00e9tail du volant et du tableau de bord d\u2019une voiture de mariage de collection au Ch\u00e2teau Pape Cl\u00e9ment, photo par Julien Boyer\" srcset=\"https:\/\/www.boyerjulien.com\/wp-content\/uploads\/2025\/12\/mariage-chateau-pape-clement-pessac27-682x1024.webp 682w, https:\/\/www.boyerjulien.com\/wp-content\/uploads\/2025\/12\/mariage-chateau-pape-clement-pessac27-200x300.webp 200w, https:\/\/www.boyerjulien.com\/wp-content\/uploads\/2025\/12\/mariage-chateau-pape-clement-pessac27-768x1152.webp 768w, https:\/\/www.boyerjulien.com\/wp-content\/uploads\/2025\/12\/mariage-chateau-pape-clement-pessac27-1024x1536.webp 1024w, https:\/\/www.boyerjulien.com\/wp-content\/uploads\/2025\/12\/mariage-chateau-pape-clement-pessac27.webp 1280w\" sizes=\"(max-width: 682px) 100vw, 682px\" \/><\/div><div class=\"uael-grid-img-overlay\"><\/div><\/a><\/div><\/div><\/div><\/div>\t\t\t\t<\/div>\n\t\t\t\t<\/div>\n\t\t\t\t<div class=\"elementor-element elementor-element-97df0da elementor-widget elementor-widget-image\" data-id=\"97df0da\" data-element_type=\"widget\" data-widget_type=\"image.default\">\n\t\t\t\t<div class=\"elementor-widget-container\">\n\t\t\t\t\t\t\t\t\t\t\t\t\t\t\t\t<a href=\"https:\/\/www.boyerjulien.com\/wp-content\/uploads\/2025\/12\/mariage-chateau-pape-clement-pessac28.jpg\" data-elementor-open-lightbox=\"yes\" data-e-action-hash=\"#elementor-action%3Aaction%3Dlightbox%26settings%3DeyJpZCI6MzYxNSwidXJsIjoiaHR0cHM6XC9cL3d3dy5ib3llcmp1bGllbi5jb21cL3dwLWNvbnRlbnRcL3VwbG9hZHNcLzIwMjVcLzEyXC9tYXJpYWdlLWNoYXRlYXUtcGFwZS1jbGVtZW50LXBlc3NhYzI4LndlYnAifQ%3D%3D\">\n\t\t\t\t\t\t\t<img loading=\"lazy\" decoding=\"async\" width=\"1920\" height=\"1280\" src=\"https:\/\/www.boyerjulien.com\/wp-content\/uploads\/2025\/12\/mariage-chateau-pape-clement-pessac28.webp\" class=\"attachment-full size-full wp-image-3615\" alt=\"Vue ext\u00e9rieure de l\u2019\u00e9glise o\u00f9 se d\u00e9roule la c\u00e9r\u00e9monie de mariage, photographie r\u00e9alis\u00e9e par Julien Boyer photographe de mariage\" srcset=\"https:\/\/www.boyerjulien.com\/wp-content\/uploads\/2025\/12\/mariage-chateau-pape-clement-pessac28.webp 1920w, https:\/\/www.boyerjulien.com\/wp-content\/uploads\/2025\/12\/mariage-chateau-pape-clement-pessac28-300x200.webp 300w, https:\/\/www.boyerjulien.com\/wp-content\/uploads\/2025\/12\/mariage-chateau-pape-clement-pessac28-1024x682.webp 1024w, https:\/\/www.boyerjulien.com\/wp-content\/uploads\/2025\/12\/mariage-chateau-pape-clement-pessac28-768x512.webp 768w, https:\/\/www.boyerjulien.com\/wp-content\/uploads\/2025\/12\/mariage-chateau-pape-clement-pessac28-1536x1024.webp 1536w\" sizes=\"(max-width: 1920px) 100vw, 1920px\" \/>\t\t\t\t\t\t\t\t<\/a>\n\t\t\t\t\t\t\t\t\t\t\t\t\t\t\t<\/div>\n\t\t\t\t<\/div>\n\t\t\t\t<div class=\"elementor-element elementor-element-a505dd0 uael-img-grid__column-2 uael-img-grid-tablet__column-3 uael-img-grid-mobile__column-2 uael-ins-normal elementor-widget elementor-widget-uael-image-gallery\" data-id=\"a505dd0\" data-element_type=\"widget\" data-settings=\"{&quot;gallery_columns&quot;:&quot;2&quot;,&quot;gallery_columns_tablet&quot;:&quot;3&quot;,&quot;gallery_columns_mobile&quot;:&quot;2&quot;,&quot;column_gap&quot;:{&quot;unit&quot;:&quot;px&quot;,&quot;size&quot;:20,&quot;sizes&quot;:[]},&quot;column_gap_widescreen&quot;:{&quot;unit&quot;:&quot;px&quot;,&quot;size&quot;:&quot;&quot;,&quot;sizes&quot;:[]},&quot;column_gap_laptop&quot;:{&quot;unit&quot;:&quot;px&quot;,&quot;size&quot;:&quot;&quot;,&quot;sizes&quot;:[]},&quot;column_gap_tablet_extra&quot;:{&quot;unit&quot;:&quot;px&quot;,&quot;size&quot;:&quot;&quot;,&quot;sizes&quot;:[]},&quot;column_gap_tablet&quot;:{&quot;unit&quot;:&quot;px&quot;,&quot;size&quot;:&quot;&quot;,&quot;sizes&quot;:[]},&quot;column_gap_mobile_extra&quot;:{&quot;unit&quot;:&quot;px&quot;,&quot;size&quot;:&quot;&quot;,&quot;sizes&quot;:[]},&quot;column_gap_mobile&quot;:{&quot;unit&quot;:&quot;px&quot;,&quot;size&quot;:&quot;&quot;,&quot;sizes&quot;:[]},&quot;row_gap&quot;:{&quot;unit&quot;:&quot;px&quot;,&quot;size&quot;:20,&quot;sizes&quot;:[]},&quot;row_gap_widescreen&quot;:{&quot;unit&quot;:&quot;px&quot;,&quot;size&quot;:&quot;&quot;,&quot;sizes&quot;:[]},&quot;row_gap_laptop&quot;:{&quot;unit&quot;:&quot;px&quot;,&quot;size&quot;:&quot;&quot;,&quot;sizes&quot;:[]},&quot;row_gap_tablet_extra&quot;:{&quot;unit&quot;:&quot;px&quot;,&quot;size&quot;:&quot;&quot;,&quot;sizes&quot;:[]},&quot;row_gap_tablet&quot;:{&quot;unit&quot;:&quot;px&quot;,&quot;size&quot;:&quot;&quot;,&quot;sizes&quot;:[]},&quot;row_gap_mobile_extra&quot;:{&quot;unit&quot;:&quot;px&quot;,&quot;size&quot;:&quot;&quot;,&quot;sizes&quot;:[]},&quot;row_gap_mobile&quot;:{&quot;unit&quot;:&quot;px&quot;,&quot;size&quot;:&quot;&quot;,&quot;sizes&quot;:[]}}\" data-widget_type=\"uael-image-gallery.default\">\n\t\t\t\t<div class=\"elementor-widget-container\">\n\t\t\t\t\t<div class=\"uael-gallery-parent uael-caption- uael-gallery-unjustified\"><div class=\"uael-img-gallery-wrap uael-img-masonry-wrap uael-img-grid-masonry-wrap uael-masonry uael-image-lightbox-wrap\" data-filter-default=\"All\" data-lightbox_actions=\"[&quot;close&quot;]\" data-lightbox-gallery-loop=\"\"><div class=\"uael-grid-item  uael-img-gallery-item-1\"><div class=\"uael-grid-item-content\"><a class=\"uael-grid-img uael-grid-gallery-img uael-ins-hover elementor-clickable\" data-fancybox=\"uael-gallery\" href=\"https:\/\/www.boyerjulien.com\/wp-content\/uploads\/2025\/12\/mariage-chateau-pape-clement-pessac29.webp\" data-elementor-open-lightbox=\"no\"><div class=\"uael-grid-img-thumbnail uael-ins-target\"><img loading=\"lazy\" decoding=\"async\" width=\"682\" height=\"1024\" src=\"https:\/\/www.boyerjulien.com\/wp-content\/uploads\/2025\/12\/mariage-chateau-pape-clement-pessac29-682x1024.webp\" class=\"attachment-large size-large wp-image-3616\" alt=\"Le mari\u00e9 fait son entr\u00e9e dans l\u2019\u00e9glise de Caud\u00e9ran \u00e0 Bordeaux au bras d\u2019une proche lors de la c\u00e9r\u00e9monie de mariage, photo par Julien Boyer photographe de mariage\" srcset=\"https:\/\/www.boyerjulien.com\/wp-content\/uploads\/2025\/12\/mariage-chateau-pape-clement-pessac29-682x1024.webp 682w, https:\/\/www.boyerjulien.com\/wp-content\/uploads\/2025\/12\/mariage-chateau-pape-clement-pessac29-200x300.webp 200w, https:\/\/www.boyerjulien.com\/wp-content\/uploads\/2025\/12\/mariage-chateau-pape-clement-pessac29-768x1152.webp 768w, https:\/\/www.boyerjulien.com\/wp-content\/uploads\/2025\/12\/mariage-chateau-pape-clement-pessac29-1024x1536.webp 1024w, https:\/\/www.boyerjulien.com\/wp-content\/uploads\/2025\/12\/mariage-chateau-pape-clement-pessac29.webp 1280w\" sizes=\"(max-width: 682px) 100vw, 682px\" \/><\/div><div class=\"uael-grid-img-overlay\"><\/div><\/a><\/div><\/div><div class=\"uael-grid-item  uael-img-gallery-item-2\"><div class=\"uael-grid-item-content\"><a class=\"uael-grid-img uael-grid-gallery-img uael-ins-hover elementor-clickable\" data-fancybox=\"uael-gallery\" href=\"https:\/\/www.boyerjulien.com\/wp-content\/uploads\/2025\/12\/mariage-chateau-pape-clement-pessac30.webp\" data-elementor-open-lightbox=\"no\"><div class=\"uael-grid-img-thumbnail uael-ins-target\"><img loading=\"lazy\" decoding=\"async\" width=\"682\" height=\"1024\" src=\"https:\/\/www.boyerjulien.com\/wp-content\/uploads\/2025\/12\/mariage-chateau-pape-clement-pessac30-682x1024.webp\" class=\"attachment-large size-large wp-image-3617\" alt=\"La mari\u00e9e fait son entr\u00e9e dans l\u2019\u00e9glise de Caud\u00e9ran \u00e0 Bordeaux au bras de son p\u00e8re, entour\u00e9e des invit\u00e9s lors de la c\u00e9r\u00e9monie de mariage, photo par Julien Boyer\" srcset=\"https:\/\/www.boyerjulien.com\/wp-content\/uploads\/2025\/12\/mariage-chateau-pape-clement-pessac30-682x1024.webp 682w, https:\/\/www.boyerjulien.com\/wp-content\/uploads\/2025\/12\/mariage-chateau-pape-clement-pessac30-200x300.webp 200w, https:\/\/www.boyerjulien.com\/wp-content\/uploads\/2025\/12\/mariage-chateau-pape-clement-pessac30-768x1152.webp 768w, https:\/\/www.boyerjulien.com\/wp-content\/uploads\/2025\/12\/mariage-chateau-pape-clement-pessac30-1024x1536.webp 1024w, https:\/\/www.boyerjulien.com\/wp-content\/uploads\/2025\/12\/mariage-chateau-pape-clement-pessac30.webp 1280w\" sizes=\"(max-width: 682px) 100vw, 682px\" \/><\/div><div class=\"uael-grid-img-overlay\"><\/div><\/a><\/div><\/div><div class=\"uael-grid-item  uael-img-gallery-item-3\"><div class=\"uael-grid-item-content\"><a class=\"uael-grid-img uael-grid-gallery-img uael-ins-hover elementor-clickable\" data-fancybox=\"uael-gallery\" href=\"https:\/\/www.boyerjulien.com\/wp-content\/uploads\/2025\/12\/mariage-chateau-pape-clement-pessac31.webp\" data-elementor-open-lightbox=\"no\"><div class=\"uael-grid-img-thumbnail uael-ins-target\"><img loading=\"lazy\" decoding=\"async\" width=\"682\" height=\"1024\" src=\"https:\/\/www.boyerjulien.com\/wp-content\/uploads\/2025\/12\/mariage-chateau-pape-clement-pessac31-682x1024.webp\" class=\"attachment-large size-large wp-image-3618\" alt=\"Le mari\u00e9 attend la mari\u00e9e devant l\u2019autel de l\u2019\u00e9glise de Caud\u00e9ran \u00e0 Bordeaux lors de la c\u00e9r\u00e9monie de mariage, photo par Julien Boyer photographe de mariage\" srcset=\"https:\/\/www.boyerjulien.com\/wp-content\/uploads\/2025\/12\/mariage-chateau-pape-clement-pessac31-682x1024.webp 682w, https:\/\/www.boyerjulien.com\/wp-content\/uploads\/2025\/12\/mariage-chateau-pape-clement-pessac31-200x300.webp 200w, https:\/\/www.boyerjulien.com\/wp-content\/uploads\/2025\/12\/mariage-chateau-pape-clement-pessac31-768x1152.webp 768w, https:\/\/www.boyerjulien.com\/wp-content\/uploads\/2025\/12\/mariage-chateau-pape-clement-pessac31-1024x1536.webp 1024w, https:\/\/www.boyerjulien.com\/wp-content\/uploads\/2025\/12\/mariage-chateau-pape-clement-pessac31.webp 1280w\" sizes=\"(max-width: 682px) 100vw, 682px\" \/><\/div><div class=\"uael-grid-img-overlay\"><\/div><\/a><\/div><\/div><div class=\"uael-grid-item  uael-img-gallery-item-4\"><div class=\"uael-grid-item-content\"><a class=\"uael-grid-img uael-grid-gallery-img uael-ins-hover elementor-clickable\" data-fancybox=\"uael-gallery\" href=\"https:\/\/www.boyerjulien.com\/wp-content\/uploads\/2025\/12\/mariage-chateau-pape-clement-pessac32.webp\" data-elementor-open-lightbox=\"no\"><div class=\"uael-grid-img-thumbnail uael-ins-target\"><img loading=\"lazy\" decoding=\"async\" width=\"682\" height=\"1024\" src=\"https:\/\/www.boyerjulien.com\/wp-content\/uploads\/2025\/12\/mariage-chateau-pape-clement-pessac32-682x1024.webp\" class=\"attachment-large size-large wp-image-3619\" alt=\"Vue d\u2019ensemble de la c\u00e9r\u00e9monie de mariage \u00e0 l\u2019\u00e9glise de Caud\u00e9ran \u00e0 Bordeaux avec les invit\u00e9s debout dans la nef, photo par Julien Boyer\" srcset=\"https:\/\/www.boyerjulien.com\/wp-content\/uploads\/2025\/12\/mariage-chateau-pape-clement-pessac32-682x1024.webp 682w, https:\/\/www.boyerjulien.com\/wp-content\/uploads\/2025\/12\/mariage-chateau-pape-clement-pessac32-200x300.webp 200w, https:\/\/www.boyerjulien.com\/wp-content\/uploads\/2025\/12\/mariage-chateau-pape-clement-pessac32-768x1152.webp 768w, https:\/\/www.boyerjulien.com\/wp-content\/uploads\/2025\/12\/mariage-chateau-pape-clement-pessac32-1024x1536.webp 1024w, https:\/\/www.boyerjulien.com\/wp-content\/uploads\/2025\/12\/mariage-chateau-pape-clement-pessac32.webp 1280w\" sizes=\"(max-width: 682px) 100vw, 682px\" \/><\/div><div class=\"uael-grid-img-overlay\"><\/div><\/a><\/div><\/div><div class=\"uael-grid-item  uael-img-gallery-item-5\"><div class=\"uael-grid-item-content\"><a class=\"uael-grid-img uael-grid-gallery-img uael-ins-hover elementor-clickable\" data-fancybox=\"uael-gallery\" href=\"https:\/\/www.boyerjulien.com\/wp-content\/uploads\/2025\/12\/mariage-chateau-pape-clement-pessac33.webp\" data-elementor-open-lightbox=\"no\"><div class=\"uael-grid-img-thumbnail uael-ins-target\"><img loading=\"lazy\" decoding=\"async\" width=\"682\" height=\"1024\" src=\"https:\/\/www.boyerjulien.com\/wp-content\/uploads\/2025\/12\/mariage-chateau-pape-clement-pessac33-682x1024.webp\" class=\"attachment-large size-large wp-image-3620\" alt=\"Les mari\u00e9s debout devant l\u2019autel de l\u2019\u00e9glise de Caud\u00e9ran \u00e0 Bordeaux pendant la c\u00e9r\u00e9monie de mariage, entour\u00e9s de leurs proches, photo Julien Boyer\" srcset=\"https:\/\/www.boyerjulien.com\/wp-content\/uploads\/2025\/12\/mariage-chateau-pape-clement-pessac33-682x1024.webp 682w, https:\/\/www.boyerjulien.com\/wp-content\/uploads\/2025\/12\/mariage-chateau-pape-clement-pessac33-200x300.webp 200w, https:\/\/www.boyerjulien.com\/wp-content\/uploads\/2025\/12\/mariage-chateau-pape-clement-pessac33-768x1152.webp 768w, https:\/\/www.boyerjulien.com\/wp-content\/uploads\/2025\/12\/mariage-chateau-pape-clement-pessac33-1024x1536.webp 1024w, https:\/\/www.boyerjulien.com\/wp-content\/uploads\/2025\/12\/mariage-chateau-pape-clement-pessac33.webp 1280w\" sizes=\"(max-width: 682px) 100vw, 682px\" \/><\/div><div class=\"uael-grid-img-overlay\"><\/div><\/a><\/div><\/div><div class=\"uael-grid-item  uael-img-gallery-item-6\"><div class=\"uael-grid-item-content\"><a class=\"uael-grid-img uael-grid-gallery-img uael-ins-hover elementor-clickable\" data-fancybox=\"uael-gallery\" href=\"https:\/\/www.boyerjulien.com\/wp-content\/uploads\/2025\/12\/mariage-chateau-pape-clement-pessac34.webp\" data-elementor-open-lightbox=\"no\"><div class=\"uael-grid-img-thumbnail uael-ins-target\"><img loading=\"lazy\" decoding=\"async\" width=\"1024\" height=\"682\" src=\"https:\/\/www.boyerjulien.com\/wp-content\/uploads\/2025\/12\/mariage-chateau-pape-clement-pessac34-1024x682.webp\" class=\"attachment-large size-large wp-image-3621\" alt=\"Les mari\u00e9s \u00e9changent leurs consentements devant le pr\u00eatre lors de la c\u00e9r\u00e9monie \u00e0 l\u2019\u00e9glise de Caud\u00e9ran \u00e0 Bordeaux, photo de mariage par Julien Boyer\" srcset=\"https:\/\/www.boyerjulien.com\/wp-content\/uploads\/2025\/12\/mariage-chateau-pape-clement-pessac34-1024x682.webp 1024w, https:\/\/www.boyerjulien.com\/wp-content\/uploads\/2025\/12\/mariage-chateau-pape-clement-pessac34-300x200.webp 300w, https:\/\/www.boyerjulien.com\/wp-content\/uploads\/2025\/12\/mariage-chateau-pape-clement-pessac34-768x512.webp 768w, https:\/\/www.boyerjulien.com\/wp-content\/uploads\/2025\/12\/mariage-chateau-pape-clement-pessac34-1536x1024.webp 1536w, https:\/\/www.boyerjulien.com\/wp-content\/uploads\/2025\/12\/mariage-chateau-pape-clement-pessac34.webp 1920w\" sizes=\"(max-width: 1024px) 100vw, 1024px\" \/><\/div><div class=\"uael-grid-img-overlay\"><\/div><\/a><\/div><\/div><div class=\"uael-grid-item  uael-img-gallery-item-7\"><div class=\"uael-grid-item-content\"><a class=\"uael-grid-img uael-grid-gallery-img uael-ins-hover elementor-clickable\" data-fancybox=\"uael-gallery\" href=\"https:\/\/www.boyerjulien.com\/wp-content\/uploads\/2025\/12\/mariage-chateau-pape-clement-pessac35.webp\" data-elementor-open-lightbox=\"no\"><div class=\"uael-grid-img-thumbnail uael-ins-target\"><img loading=\"lazy\" decoding=\"async\" width=\"1024\" height=\"682\" src=\"https:\/\/www.boyerjulien.com\/wp-content\/uploads\/2025\/12\/mariage-chateau-pape-clement-pessac35-1024x682.webp\" class=\"attachment-large size-large wp-image-3622\" alt=\"Les mari\u00e9s \u00e9changent leurs alliances devant l\u2019autel de l\u2019\u00e9glise de Caud\u00e9ran \u00e0 Bordeaux pendant la c\u00e9r\u00e9monie religieuse, photo Julien Boyer\" srcset=\"https:\/\/www.boyerjulien.com\/wp-content\/uploads\/2025\/12\/mariage-chateau-pape-clement-pessac35-1024x682.webp 1024w, https:\/\/www.boyerjulien.com\/wp-content\/uploads\/2025\/12\/mariage-chateau-pape-clement-pessac35-300x200.webp 300w, https:\/\/www.boyerjulien.com\/wp-content\/uploads\/2025\/12\/mariage-chateau-pape-clement-pessac35-768x512.webp 768w, https:\/\/www.boyerjulien.com\/wp-content\/uploads\/2025\/12\/mariage-chateau-pape-clement-pessac35-1536x1024.webp 1536w, https:\/\/www.boyerjulien.com\/wp-content\/uploads\/2025\/12\/mariage-chateau-pape-clement-pessac35.webp 1920w\" sizes=\"(max-width: 1024px) 100vw, 1024px\" \/><\/div><div class=\"uael-grid-img-overlay\"><\/div><\/a><\/div><\/div><div class=\"uael-grid-item  uael-img-gallery-item-8\"><div class=\"uael-grid-item-content\"><a class=\"uael-grid-img uael-grid-gallery-img uael-ins-hover elementor-clickable\" data-fancybox=\"uael-gallery\" href=\"https:\/\/www.boyerjulien.com\/wp-content\/uploads\/2025\/12\/mariage-chateau-pape-clement-pessac36.webp\" data-elementor-open-lightbox=\"no\"><div class=\"uael-grid-img-thumbnail uael-ins-target\"><img loading=\"lazy\" decoding=\"async\" width=\"1024\" height=\"682\" src=\"https:\/\/www.boyerjulien.com\/wp-content\/uploads\/2025\/12\/mariage-chateau-pape-clement-pessac36-1024x682.webp\" class=\"attachment-large size-large wp-image-3623\" alt=\"Gros plan sur l\u2019\u00e9change des alliances lors du mariage \u00e0 l\u2019\u00e9glise de Caud\u00e9ran \u00e0 Bordeaux, captur\u00e9 par Julien Boyer photographe de mariage\" srcset=\"https:\/\/www.boyerjulien.com\/wp-content\/uploads\/2025\/12\/mariage-chateau-pape-clement-pessac36-1024x682.webp 1024w, https:\/\/www.boyerjulien.com\/wp-content\/uploads\/2025\/12\/mariage-chateau-pape-clement-pessac36-300x200.webp 300w, https:\/\/www.boyerjulien.com\/wp-content\/uploads\/2025\/12\/mariage-chateau-pape-clement-pessac36-768x512.webp 768w, https:\/\/www.boyerjulien.com\/wp-content\/uploads\/2025\/12\/mariage-chateau-pape-clement-pessac36-1536x1024.webp 1536w, https:\/\/www.boyerjulien.com\/wp-content\/uploads\/2025\/12\/mariage-chateau-pape-clement-pessac36.webp 1920w\" sizes=\"(max-width: 1024px) 100vw, 1024px\" \/><\/div><div class=\"uael-grid-img-overlay\"><\/div><\/a><\/div><\/div><div class=\"uael-grid-item  uael-img-gallery-item-9\"><div class=\"uael-grid-item-content\"><a class=\"uael-grid-img uael-grid-gallery-img uael-ins-hover elementor-clickable\" data-fancybox=\"uael-gallery\" href=\"https:\/\/www.boyerjulien.com\/wp-content\/uploads\/2025\/12\/mariage-chateau-pape-clement-pessac37.webp\" data-elementor-open-lightbox=\"no\"><div class=\"uael-grid-img-thumbnail uael-ins-target\"><img loading=\"lazy\" decoding=\"async\" width=\"682\" height=\"1024\" src=\"https:\/\/www.boyerjulien.com\/wp-content\/uploads\/2025\/12\/mariage-chateau-pape-clement-pessac37-682x1024.webp\" class=\"attachment-large size-large wp-image-3624\" alt=\"Invit\u00e9s applaudissant avec \u00e9motion \u00e0 la fin de la c\u00e9r\u00e9monie de mariage dans l\u2019\u00e9glise de Caud\u00e9ran \u00e0 Bordeaux, photo par Julien Boyer photographe de mariage\" srcset=\"https:\/\/www.boyerjulien.com\/wp-content\/uploads\/2025\/12\/mariage-chateau-pape-clement-pessac37-682x1024.webp 682w, https:\/\/www.boyerjulien.com\/wp-content\/uploads\/2025\/12\/mariage-chateau-pape-clement-pessac37-200x300.webp 200w, https:\/\/www.boyerjulien.com\/wp-content\/uploads\/2025\/12\/mariage-chateau-pape-clement-pessac37-768x1152.webp 768w, https:\/\/www.boyerjulien.com\/wp-content\/uploads\/2025\/12\/mariage-chateau-pape-clement-pessac37-1024x1536.webp 1024w, https:\/\/www.boyerjulien.com\/wp-content\/uploads\/2025\/12\/mariage-chateau-pape-clement-pessac37.webp 1280w\" sizes=\"(max-width: 682px) 100vw, 682px\" \/><\/div><div class=\"uael-grid-img-overlay\"><\/div><\/a><\/div><\/div><div class=\"uael-grid-item  uael-img-gallery-item-10\"><div class=\"uael-grid-item-content\"><a class=\"uael-grid-img uael-grid-gallery-img uael-ins-hover elementor-clickable\" data-fancybox=\"uael-gallery\" href=\"https:\/\/www.boyerjulien.com\/wp-content\/uploads\/2025\/12\/mariage-chateau-pape-clement-pessac38.webp\" data-elementor-open-lightbox=\"no\"><div class=\"uael-grid-img-thumbnail uael-ins-target\"><img loading=\"lazy\" decoding=\"async\" width=\"1024\" height=\"682\" src=\"https:\/\/www.boyerjulien.com\/wp-content\/uploads\/2025\/12\/mariage-chateau-pape-clement-pessac38-1024x682.webp\" class=\"attachment-large size-large wp-image-3625\" alt=\"Proches et invit\u00e9s applaudissent et sourient pendant la c\u00e9r\u00e9monie de mariage \u00e0 l\u2019\u00e9glise de Caud\u00e9ran \u00e0 Bordeaux, reportage photo par Julien Boyer\" srcset=\"https:\/\/www.boyerjulien.com\/wp-content\/uploads\/2025\/12\/mariage-chateau-pape-clement-pessac38-1024x682.webp 1024w, https:\/\/www.boyerjulien.com\/wp-content\/uploads\/2025\/12\/mariage-chateau-pape-clement-pessac38-300x200.webp 300w, https:\/\/www.boyerjulien.com\/wp-content\/uploads\/2025\/12\/mariage-chateau-pape-clement-pessac38-768x512.webp 768w, https:\/\/www.boyerjulien.com\/wp-content\/uploads\/2025\/12\/mariage-chateau-pape-clement-pessac38-1536x1024.webp 1536w, https:\/\/www.boyerjulien.com\/wp-content\/uploads\/2025\/12\/mariage-chateau-pape-clement-pessac38.webp 1920w\" sizes=\"(max-width: 1024px) 100vw, 1024px\" \/><\/div><div class=\"uael-grid-img-overlay\"><\/div><\/a><\/div><\/div><div class=\"uael-grid-item  uael-img-gallery-item-11\"><div class=\"uael-grid-item-content\"><a class=\"uael-grid-img uael-grid-gallery-img uael-ins-hover elementor-clickable\" data-fancybox=\"uael-gallery\" href=\"https:\/\/www.boyerjulien.com\/wp-content\/uploads\/2025\/12\/mariage-chateau-pape-clement-pessac39.webp\" data-elementor-open-lightbox=\"no\"><div class=\"uael-grid-img-thumbnail uael-ins-target\"><img loading=\"lazy\" decoding=\"async\" width=\"1024\" height=\"682\" src=\"https:\/\/www.boyerjulien.com\/wp-content\/uploads\/2025\/12\/mariage-chateau-pape-clement-pessac39-1024x682.webp\" class=\"attachment-large size-large wp-image-3626\" alt=\"Le mari\u00e9 re\u00e7oit les applaudissements des invit\u00e9s \u00e0 la fin de la c\u00e9r\u00e9monie de mariage \u00e0 l\u2019\u00e9glise de Caud\u00e9ran \u00e0 Bordeaux, photo Julien Boyer\" srcset=\"https:\/\/www.boyerjulien.com\/wp-content\/uploads\/2025\/12\/mariage-chateau-pape-clement-pessac39-1024x682.webp 1024w, https:\/\/www.boyerjulien.com\/wp-content\/uploads\/2025\/12\/mariage-chateau-pape-clement-pessac39-300x200.webp 300w, https:\/\/www.boyerjulien.com\/wp-content\/uploads\/2025\/12\/mariage-chateau-pape-clement-pessac39-768x512.webp 768w, https:\/\/www.boyerjulien.com\/wp-content\/uploads\/2025\/12\/mariage-chateau-pape-clement-pessac39-1536x1024.webp 1536w, https:\/\/www.boyerjulien.com\/wp-content\/uploads\/2025\/12\/mariage-chateau-pape-clement-pessac39.webp 1920w\" sizes=\"(max-width: 1024px) 100vw, 1024px\" \/><\/div><div class=\"uael-grid-img-overlay\"><\/div><\/a><\/div><\/div><div class=\"uael-grid-item  uael-img-gallery-item-12\"><div class=\"uael-grid-item-content\"><a class=\"uael-grid-img uael-grid-gallery-img uael-ins-hover elementor-clickable\" data-fancybox=\"uael-gallery\" href=\"https:\/\/www.boyerjulien.com\/wp-content\/uploads\/2025\/12\/mariage-chateau-pape-clement-pessac40.webp\" data-elementor-open-lightbox=\"no\"><div class=\"uael-grid-img-thumbnail uael-ins-target\"><img loading=\"lazy\" decoding=\"async\" width=\"1024\" height=\"682\" src=\"https:\/\/www.boyerjulien.com\/wp-content\/uploads\/2025\/12\/mariage-chateau-pape-clement-pessac40-1024x682.webp\" class=\"attachment-large size-large wp-image-3627\" alt=\"Les mari\u00e9s quittent l\u2019autel apr\u00e8s la c\u00e9r\u00e9monie religieuse \u00e0 l\u2019\u00e9glise de Caud\u00e9ran \u00e0 Bordeaux, entour\u00e9s de leurs t\u00e9moins, photo par Julien Boyer\" srcset=\"https:\/\/www.boyerjulien.com\/wp-content\/uploads\/2025\/12\/mariage-chateau-pape-clement-pessac40-1024x682.webp 1024w, https:\/\/www.boyerjulien.com\/wp-content\/uploads\/2025\/12\/mariage-chateau-pape-clement-pessac40-300x200.webp 300w, https:\/\/www.boyerjulien.com\/wp-content\/uploads\/2025\/12\/mariage-chateau-pape-clement-pessac40-768x512.webp 768w, https:\/\/www.boyerjulien.com\/wp-content\/uploads\/2025\/12\/mariage-chateau-pape-clement-pessac40-1536x1024.webp 1536w, https:\/\/www.boyerjulien.com\/wp-content\/uploads\/2025\/12\/mariage-chateau-pape-clement-pessac40.webp 1920w\" sizes=\"(max-width: 1024px) 100vw, 1024px\" \/><\/div><div class=\"uael-grid-img-overlay\"><\/div><\/a><\/div><\/div><\/div><\/div>\t\t\t\t<\/div>\n\t\t\t\t<\/div>\n\t\t\t\t<div class=\"elementor-element elementor-element-4883174 elementor-widget elementor-widget-image\" data-id=\"4883174\" data-element_type=\"widget\" data-widget_type=\"image.default\">\n\t\t\t\t<div class=\"elementor-widget-container\">\n\t\t\t\t\t\t\t\t\t\t\t\t\t\t\t\t<a href=\"https:\/\/www.boyerjulien.com\/wp-content\/uploads\/2025\/12\/mariage-chateau-pape-clement-pessac41.jpg\" data-elementor-open-lightbox=\"yes\" data-e-action-hash=\"#elementor-action%3Aaction%3Dlightbox%26settings%3DeyJpZCI6MzYyOCwidXJsIjoiaHR0cHM6XC9cL3d3dy5ib3llcmp1bGllbi5jb21cL3dwLWNvbnRlbnRcL3VwbG9hZHNcLzIwMjVcLzEyXC9tYXJpYWdlLWNoYXRlYXUtcGFwZS1jbGVtZW50LXBlc3NhYzQxLndlYnAifQ%3D%3D\">\n\t\t\t\t\t\t\t<img loading=\"lazy\" decoding=\"async\" width=\"1280\" height=\"1920\" src=\"https:\/\/www.boyerjulien.com\/wp-content\/uploads\/2025\/12\/mariage-chateau-pape-clement-pessac41.webp\" class=\"attachment-full size-full wp-image-3628\" alt=\"Portrait des mari\u00e9s devant l\u2019autel de l\u2019\u00e9glise de Caud\u00e9ran \u00e0 Bordeaux apr\u00e8s la c\u00e9r\u00e9monie de mariage, photo par Julien Boyer photographe de mariage\" srcset=\"https:\/\/www.boyerjulien.com\/wp-content\/uploads\/2025\/12\/mariage-chateau-pape-clement-pessac41.webp 1280w, https:\/\/www.boyerjulien.com\/wp-content\/uploads\/2025\/12\/mariage-chateau-pape-clement-pessac41-200x300.webp 200w, https:\/\/www.boyerjulien.com\/wp-content\/uploads\/2025\/12\/mariage-chateau-pape-clement-pessac41-682x1024.webp 682w, https:\/\/www.boyerjulien.com\/wp-content\/uploads\/2025\/12\/mariage-chateau-pape-clement-pessac41-768x1152.webp 768w, https:\/\/www.boyerjulien.com\/wp-content\/uploads\/2025\/12\/mariage-chateau-pape-clement-pessac41-1024x1536.webp 1024w\" sizes=\"(max-width: 1280px) 100vw, 1280px\" \/>\t\t\t\t\t\t\t\t<\/a>\n\t\t\t\t\t\t\t\t\t\t\t\t\t\t\t<\/div>\n\t\t\t\t<\/div>\n\t\t\t\t<div class=\"elementor-element elementor-element-900e52a elementor-widget elementor-widget-image\" data-id=\"900e52a\" data-element_type=\"widget\" data-widget_type=\"image.default\">\n\t\t\t\t<div class=\"elementor-widget-container\">\n\t\t\t\t\t\t\t\t\t\t\t\t\t\t\t\t<a href=\"https:\/\/www.boyerjulien.com\/wp-content\/uploads\/2025\/12\/mariage-chateau-pape-clement-pessac42.jpg\" data-elementor-open-lightbox=\"yes\" data-e-action-hash=\"#elementor-action%3Aaction%3Dlightbox%26settings%3DeyJpZCI6MzYyOSwidXJsIjoiaHR0cHM6XC9cL3d3dy5ib3llcmp1bGllbi5jb21cL3dwLWNvbnRlbnRcL3VwbG9hZHNcLzIwMjVcLzEyXC9tYXJpYWdlLWNoYXRlYXUtcGFwZS1jbGVtZW50LXBlc3NhYzQyLndlYnAifQ%3D%3D\">\n\t\t\t\t\t\t\t<img loading=\"lazy\" decoding=\"async\" width=\"1920\" height=\"1280\" src=\"https:\/\/www.boyerjulien.com\/wp-content\/uploads\/2025\/12\/mariage-chateau-pape-clement-pessac42.webp\" class=\"attachment-full size-full wp-image-3629\" alt=\"Sortie des mari\u00e9s sous les p\u00e9tales devant l\u2019\u00e9glise de Caud\u00e9ran \u00e0 Bordeaux, invit\u00e9s en liesse \u00e0 la fin de la c\u00e9r\u00e9monie, photo par Julien Boyer\" srcset=\"https:\/\/www.boyerjulien.com\/wp-content\/uploads\/2025\/12\/mariage-chateau-pape-clement-pessac42.webp 1920w, https:\/\/www.boyerjulien.com\/wp-content\/uploads\/2025\/12\/mariage-chateau-pape-clement-pessac42-300x200.webp 300w, https:\/\/www.boyerjulien.com\/wp-content\/uploads\/2025\/12\/mariage-chateau-pape-clement-pessac42-1024x682.webp 1024w, https:\/\/www.boyerjulien.com\/wp-content\/uploads\/2025\/12\/mariage-chateau-pape-clement-pessac42-768x512.webp 768w, https:\/\/www.boyerjulien.com\/wp-content\/uploads\/2025\/12\/mariage-chateau-pape-clement-pessac42-1536x1024.webp 1536w\" sizes=\"(max-width: 1920px) 100vw, 1920px\" \/>\t\t\t\t\t\t\t\t<\/a>\n\t\t\t\t\t\t\t\t\t\t\t\t\t\t\t<\/div>\n\t\t\t\t<\/div>\n\t\t\t\t<div class=\"elementor-element elementor-element-bddbf16 elementor-widget elementor-widget-image\" data-id=\"bddbf16\" data-element_type=\"widget\" data-widget_type=\"image.default\">\n\t\t\t\t<div class=\"elementor-widget-container\">\n\t\t\t\t\t\t\t\t\t\t\t\t\t\t\t\t<a href=\"https:\/\/www.boyerjulien.com\/wp-content\/uploads\/2025\/12\/mariage-chateau-pape-clement-pessac43.jpg\" data-elementor-open-lightbox=\"yes\" data-e-action-hash=\"#elementor-action%3Aaction%3Dlightbox%26settings%3DeyJpZCI6MzYzMCwidXJsIjoiaHR0cHM6XC9cL3d3dy5ib3llcmp1bGllbi5jb21cL3dwLWNvbnRlbnRcL3VwbG9hZHNcLzIwMjVcLzEyXC9tYXJpYWdlLWNoYXRlYXUtcGFwZS1jbGVtZW50LXBlc3NhYzQzLndlYnAifQ%3D%3D\">\n\t\t\t\t\t\t\t<img loading=\"lazy\" decoding=\"async\" width=\"1920\" height=\"1280\" src=\"https:\/\/www.boyerjulien.com\/wp-content\/uploads\/2025\/12\/mariage-chateau-pape-clement-pessac43.webp\" class=\"attachment-full size-full wp-image-3630\" alt=\"Les mari\u00e9s s\u2019embrassent \u00e0 la sortie de l\u2019\u00e9glise de Caud\u00e9ran \u00e0 Bordeaux sous les p\u00e9tales et les applaudissements des invit\u00e9s, photo par Julien Boyer photographe de mariage\" srcset=\"https:\/\/www.boyerjulien.com\/wp-content\/uploads\/2025\/12\/mariage-chateau-pape-clement-pessac43.webp 1920w, https:\/\/www.boyerjulien.com\/wp-content\/uploads\/2025\/12\/mariage-chateau-pape-clement-pessac43-300x200.webp 300w, https:\/\/www.boyerjulien.com\/wp-content\/uploads\/2025\/12\/mariage-chateau-pape-clement-pessac43-1024x682.webp 1024w, https:\/\/www.boyerjulien.com\/wp-content\/uploads\/2025\/12\/mariage-chateau-pape-clement-pessac43-768x512.webp 768w, https:\/\/www.boyerjulien.com\/wp-content\/uploads\/2025\/12\/mariage-chateau-pape-clement-pessac43-1536x1024.webp 1536w\" sizes=\"(max-width: 1920px) 100vw, 1920px\" \/>\t\t\t\t\t\t\t\t<\/a>\n\t\t\t\t\t\t\t\t\t\t\t\t\t\t\t<\/div>\n\t\t\t\t<\/div>\n\t\t\t\t<div class=\"elementor-element elementor-element-eccf515 elementor-widget elementor-widget-image\" data-id=\"eccf515\" data-element_type=\"widget\" data-widget_type=\"image.default\">\n\t\t\t\t<div class=\"elementor-widget-container\">\n\t\t\t\t\t\t\t\t\t\t\t\t\t\t\t\t<a href=\"https:\/\/www.boyerjulien.com\/wp-content\/uploads\/2025\/12\/mariage-chateau-pape-clement-pessac44.jpg\" data-elementor-open-lightbox=\"yes\" data-e-action-hash=\"#elementor-action%3Aaction%3Dlightbox%26settings%3DeyJpZCI6MzYzMSwidXJsIjoiaHR0cHM6XC9cL3d3dy5ib3llcmp1bGllbi5jb21cL3dwLWNvbnRlbnRcL3VwbG9hZHNcLzIwMjVcLzEyXC9tYXJpYWdlLWNoYXRlYXUtcGFwZS1jbGVtZW50LXBlc3NhYzQ0LndlYnAifQ%3D%3D\">\n\t\t\t\t\t\t\t<img loading=\"lazy\" decoding=\"async\" width=\"1920\" height=\"1279\" src=\"https:\/\/www.boyerjulien.com\/wp-content\/uploads\/2025\/12\/mariage-chateau-pape-clement-pessac44.webp\" class=\"attachment-full size-full wp-image-3631\" alt=\"Vue a\u00e9rienne du Ch\u00e2teau Pape Cl\u00e9ment \u00e0 Pessac, domaine viticole et lieu de r\u00e9ception de mariage en Gironde, photo par Julien Boyer\" srcset=\"https:\/\/www.boyerjulien.com\/wp-content\/uploads\/2025\/12\/mariage-chateau-pape-clement-pessac44.webp 1920w, https:\/\/www.boyerjulien.com\/wp-content\/uploads\/2025\/12\/mariage-chateau-pape-clement-pessac44-300x200.webp 300w, https:\/\/www.boyerjulien.com\/wp-content\/uploads\/2025\/12\/mariage-chateau-pape-clement-pessac44-1024x682.webp 1024w, https:\/\/www.boyerjulien.com\/wp-content\/uploads\/2025\/12\/mariage-chateau-pape-clement-pessac44-768x511.webp 768w, https:\/\/www.boyerjulien.com\/wp-content\/uploads\/2025\/12\/mariage-chateau-pape-clement-pessac44-1536x1023.webp 1536w\" sizes=\"(max-width: 1920px) 100vw, 1920px\" \/>\t\t\t\t\t\t\t\t<\/a>\n\t\t\t\t\t\t\t\t\t\t\t\t\t\t\t<\/div>\n\t\t\t\t<\/div>\n\t\t\t\t<div class=\"elementor-element elementor-element-36c60c4 elementor-widget elementor-widget-image\" data-id=\"36c60c4\" data-element_type=\"widget\" data-widget_type=\"image.default\">\n\t\t\t\t<div class=\"elementor-widget-container\">\n\t\t\t\t\t\t\t\t\t\t\t\t\t\t\t\t<a href=\"https:\/\/www.boyerjulien.com\/wp-content\/uploads\/2025\/12\/mariage-chateau-pape-clement-pessac45.jpg\" data-elementor-open-lightbox=\"yes\" data-e-action-hash=\"#elementor-action%3Aaction%3Dlightbox%26settings%3DeyJpZCI6MzYzMiwidXJsIjoiaHR0cHM6XC9cL3d3dy5ib3llcmp1bGllbi5jb21cL3dwLWNvbnRlbnRcL3VwbG9hZHNcLzIwMjVcLzEyXC9tYXJpYWdlLWNoYXRlYXUtcGFwZS1jbGVtZW50LXBlc3NhYzQ1LndlYnAifQ%3D%3D\">\n\t\t\t\t\t\t\t<img loading=\"lazy\" decoding=\"async\" width=\"1280\" height=\"1920\" src=\"https:\/\/www.boyerjulien.com\/wp-content\/uploads\/2025\/12\/mariage-chateau-pape-clement-pessac45.webp\" class=\"attachment-full size-full wp-image-3632\" alt=\"La mari\u00e9e souriante arrive en voiture de collection avec le mari\u00e9 au Ch\u00e2teau Pape Cl\u00e9ment \u00e0 Pessac, reportage photo de mariage par Julien Boyer\" srcset=\"https:\/\/www.boyerjulien.com\/wp-content\/uploads\/2025\/12\/mariage-chateau-pape-clement-pessac45.webp 1280w, https:\/\/www.boyerjulien.com\/wp-content\/uploads\/2025\/12\/mariage-chateau-pape-clement-pessac45-200x300.webp 200w, https:\/\/www.boyerjulien.com\/wp-content\/uploads\/2025\/12\/mariage-chateau-pape-clement-pessac45-682x1024.webp 682w, https:\/\/www.boyerjulien.com\/wp-content\/uploads\/2025\/12\/mariage-chateau-pape-clement-pessac45-768x1152.webp 768w, https:\/\/www.boyerjulien.com\/wp-content\/uploads\/2025\/12\/mariage-chateau-pape-clement-pessac45-1024x1536.webp 1024w\" sizes=\"(max-width: 1280px) 100vw, 1280px\" \/>\t\t\t\t\t\t\t\t<\/a>\n\t\t\t\t\t\t\t\t\t\t\t\t\t\t\t<\/div>\n\t\t\t\t<\/div>\n\t\t\t\t<div class=\"elementor-element elementor-element-1230f85 uael-img-grid__column-2 uael-img-grid-tablet__column-3 uael-img-grid-mobile__column-2 uael-ins-normal elementor-widget elementor-widget-uael-image-gallery\" data-id=\"1230f85\" data-element_type=\"widget\" data-settings=\"{&quot;gallery_columns&quot;:&quot;2&quot;,&quot;gallery_columns_tablet&quot;:&quot;3&quot;,&quot;gallery_columns_mobile&quot;:&quot;2&quot;,&quot;column_gap&quot;:{&quot;unit&quot;:&quot;px&quot;,&quot;size&quot;:20,&quot;sizes&quot;:[]},&quot;column_gap_widescreen&quot;:{&quot;unit&quot;:&quot;px&quot;,&quot;size&quot;:&quot;&quot;,&quot;sizes&quot;:[]},&quot;column_gap_laptop&quot;:{&quot;unit&quot;:&quot;px&quot;,&quot;size&quot;:&quot;&quot;,&quot;sizes&quot;:[]},&quot;column_gap_tablet_extra&quot;:{&quot;unit&quot;:&quot;px&quot;,&quot;size&quot;:&quot;&quot;,&quot;sizes&quot;:[]},&quot;column_gap_tablet&quot;:{&quot;unit&quot;:&quot;px&quot;,&quot;size&quot;:&quot;&quot;,&quot;sizes&quot;:[]},&quot;column_gap_mobile_extra&quot;:{&quot;unit&quot;:&quot;px&quot;,&quot;size&quot;:&quot;&quot;,&quot;sizes&quot;:[]},&quot;column_gap_mobile&quot;:{&quot;unit&quot;:&quot;px&quot;,&quot;size&quot;:&quot;&quot;,&quot;sizes&quot;:[]},&quot;row_gap&quot;:{&quot;unit&quot;:&quot;px&quot;,&quot;size&quot;:20,&quot;sizes&quot;:[]},&quot;row_gap_widescreen&quot;:{&quot;unit&quot;:&quot;px&quot;,&quot;size&quot;:&quot;&quot;,&quot;sizes&quot;:[]},&quot;row_gap_laptop&quot;:{&quot;unit&quot;:&quot;px&quot;,&quot;size&quot;:&quot;&quot;,&quot;sizes&quot;:[]},&quot;row_gap_tablet_extra&quot;:{&quot;unit&quot;:&quot;px&quot;,&quot;size&quot;:&quot;&quot;,&quot;sizes&quot;:[]},&quot;row_gap_tablet&quot;:{&quot;unit&quot;:&quot;px&quot;,&quot;size&quot;:&quot;&quot;,&quot;sizes&quot;:[]},&quot;row_gap_mobile_extra&quot;:{&quot;unit&quot;:&quot;px&quot;,&quot;size&quot;:&quot;&quot;,&quot;sizes&quot;:[]},&quot;row_gap_mobile&quot;:{&quot;unit&quot;:&quot;px&quot;,&quot;size&quot;:&quot;&quot;,&quot;sizes&quot;:[]}}\" data-widget_type=\"uael-image-gallery.default\">\n\t\t\t\t<div class=\"elementor-widget-container\">\n\t\t\t\t\t<div class=\"uael-gallery-parent uael-caption- uael-gallery-unjustified\"><div class=\"uael-img-gallery-wrap uael-img-masonry-wrap uael-img-grid-masonry-wrap uael-masonry uael-image-lightbox-wrap\" data-filter-default=\"All\" data-lightbox_actions=\"[&quot;close&quot;]\" data-lightbox-gallery-loop=\"\"><div class=\"uael-grid-item  uael-img-gallery-item-1\"><div class=\"uael-grid-item-content\"><a class=\"uael-grid-img uael-grid-gallery-img uael-ins-hover elementor-clickable\" data-fancybox=\"uael-gallery\" href=\"https:\/\/www.boyerjulien.com\/wp-content\/uploads\/2025\/12\/mariage-chateau-pape-clement-pessac46.webp\" data-elementor-open-lightbox=\"no\"><div class=\"uael-grid-img-thumbnail uael-ins-target\"><img loading=\"lazy\" decoding=\"async\" width=\"682\" height=\"1024\" src=\"https:\/\/www.boyerjulien.com\/wp-content\/uploads\/2025\/12\/mariage-chateau-pape-clement-pessac46-682x1024.webp\" class=\"attachment-large size-large wp-image-3633\" alt=\"Les mari\u00e9s descendent d\u2019une voiture de collection dans la cour du Ch\u00e2teau Pape Cl\u00e9ment \u00e0 Pessac, moment complice photographi\u00e9 par Julien Boyer\" srcset=\"https:\/\/www.boyerjulien.com\/wp-content\/uploads\/2025\/12\/mariage-chateau-pape-clement-pessac46-682x1024.webp 682w, https:\/\/www.boyerjulien.com\/wp-content\/uploads\/2025\/12\/mariage-chateau-pape-clement-pessac46-200x300.webp 200w, https:\/\/www.boyerjulien.com\/wp-content\/uploads\/2025\/12\/mariage-chateau-pape-clement-pessac46-768x1152.webp 768w, https:\/\/www.boyerjulien.com\/wp-content\/uploads\/2025\/12\/mariage-chateau-pape-clement-pessac46-1024x1536.webp 1024w, https:\/\/www.boyerjulien.com\/wp-content\/uploads\/2025\/12\/mariage-chateau-pape-clement-pessac46.webp 1280w\" sizes=\"(max-width: 682px) 100vw, 682px\" \/><\/div><div class=\"uael-grid-img-overlay\"><\/div><\/a><\/div><\/div><div class=\"uael-grid-item  uael-img-gallery-item-2\"><div class=\"uael-grid-item-content\"><a class=\"uael-grid-img uael-grid-gallery-img uael-ins-hover elementor-clickable\" data-fancybox=\"uael-gallery\" href=\"https:\/\/www.boyerjulien.com\/wp-content\/uploads\/2025\/12\/mariage-chateau-pape-clement-pessac47.webp\" data-elementor-open-lightbox=\"no\"><div class=\"uael-grid-img-thumbnail uael-ins-target\"><img loading=\"lazy\" decoding=\"async\" width=\"682\" height=\"1024\" src=\"https:\/\/www.boyerjulien.com\/wp-content\/uploads\/2025\/12\/mariage-chateau-pape-clement-pessac47-682x1024.webp\" class=\"attachment-large size-large wp-image-3634\" alt=\"Les mari\u00e9s l\u00e8vent les bras et saluent leurs invit\u00e9s dans la cour du Ch\u00e2teau Pape Cl\u00e9ment \u00e0 Pessac, ambiance joyeuse captur\u00e9e par Julien Boyer\" srcset=\"https:\/\/www.boyerjulien.com\/wp-content\/uploads\/2025\/12\/mariage-chateau-pape-clement-pessac47-682x1024.webp 682w, https:\/\/www.boyerjulien.com\/wp-content\/uploads\/2025\/12\/mariage-chateau-pape-clement-pessac47-200x300.webp 200w, https:\/\/www.boyerjulien.com\/wp-content\/uploads\/2025\/12\/mariage-chateau-pape-clement-pessac47-768x1152.webp 768w, https:\/\/www.boyerjulien.com\/wp-content\/uploads\/2025\/12\/mariage-chateau-pape-clement-pessac47-1024x1536.webp 1024w, https:\/\/www.boyerjulien.com\/wp-content\/uploads\/2025\/12\/mariage-chateau-pape-clement-pessac47.webp 1280w\" sizes=\"(max-width: 682px) 100vw, 682px\" \/><\/div><div class=\"uael-grid-img-overlay\"><\/div><\/a><\/div><\/div><\/div><\/div>\t\t\t\t<\/div>\n\t\t\t\t<\/div>\n\t\t\t\t<div class=\"elementor-element elementor-element-438cce1 elementor-widget elementor-widget-image\" data-id=\"438cce1\" data-element_type=\"widget\" data-widget_type=\"image.default\">\n\t\t\t\t<div class=\"elementor-widget-container\">\n\t\t\t\t\t\t\t\t\t\t\t\t\t\t\t\t<a href=\"https:\/\/www.boyerjulien.com\/wp-content\/uploads\/2025\/12\/mariage-chateau-pape-clement-pessac48.jpg\" data-elementor-open-lightbox=\"yes\" data-e-action-hash=\"#elementor-action%3Aaction%3Dlightbox%26settings%3DeyJpZCI6MzYzNSwidXJsIjoiaHR0cHM6XC9cL3d3dy5ib3llcmp1bGllbi5jb21cL3dwLWNvbnRlbnRcL3VwbG9hZHNcLzIwMjVcLzEyXC9tYXJpYWdlLWNoYXRlYXUtcGFwZS1jbGVtZW50LXBlc3NhYzQ4LndlYnAifQ%3D%3D\">\n\t\t\t\t\t\t\t<img loading=\"lazy\" decoding=\"async\" width=\"1280\" height=\"1920\" src=\"https:\/\/www.boyerjulien.com\/wp-content\/uploads\/2025\/12\/mariage-chateau-pape-clement-pessac48.webp\" class=\"attachment-full size-full wp-image-3635\" alt=\"Les mari\u00e9s trinquent au champagne pendant le cocktail de mariage au Ch\u00e2teau Pape Cl\u00e9ment \u00e0 Pessac, photo de mariage par Julien Boyer\" srcset=\"https:\/\/www.boyerjulien.com\/wp-content\/uploads\/2025\/12\/mariage-chateau-pape-clement-pessac48.webp 1280w, https:\/\/www.boyerjulien.com\/wp-content\/uploads\/2025\/12\/mariage-chateau-pape-clement-pessac48-200x300.webp 200w, https:\/\/www.boyerjulien.com\/wp-content\/uploads\/2025\/12\/mariage-chateau-pape-clement-pessac48-682x1024.webp 682w, https:\/\/www.boyerjulien.com\/wp-content\/uploads\/2025\/12\/mariage-chateau-pape-clement-pessac48-768x1152.webp 768w, https:\/\/www.boyerjulien.com\/wp-content\/uploads\/2025\/12\/mariage-chateau-pape-clement-pessac48-1024x1536.webp 1024w\" sizes=\"(max-width: 1280px) 100vw, 1280px\" \/>\t\t\t\t\t\t\t\t<\/a>\n\t\t\t\t\t\t\t\t\t\t\t\t\t\t\t<\/div>\n\t\t\t\t<\/div>\n\t\t\t\t<div class=\"elementor-element elementor-element-6548d1d uael-img-grid__column-2 uael-img-grid-tablet__column-3 uael-img-grid-mobile__column-2 uael-ins-normal elementor-widget elementor-widget-uael-image-gallery\" data-id=\"6548d1d\" data-element_type=\"widget\" data-settings=\"{&quot;gallery_columns&quot;:&quot;2&quot;,&quot;gallery_columns_tablet&quot;:&quot;3&quot;,&quot;gallery_columns_mobile&quot;:&quot;2&quot;,&quot;column_gap&quot;:{&quot;unit&quot;:&quot;px&quot;,&quot;size&quot;:20,&quot;sizes&quot;:[]},&quot;column_gap_widescreen&quot;:{&quot;unit&quot;:&quot;px&quot;,&quot;size&quot;:&quot;&quot;,&quot;sizes&quot;:[]},&quot;column_gap_laptop&quot;:{&quot;unit&quot;:&quot;px&quot;,&quot;size&quot;:&quot;&quot;,&quot;sizes&quot;:[]},&quot;column_gap_tablet_extra&quot;:{&quot;unit&quot;:&quot;px&quot;,&quot;size&quot;:&quot;&quot;,&quot;sizes&quot;:[]},&quot;column_gap_tablet&quot;:{&quot;unit&quot;:&quot;px&quot;,&quot;size&quot;:&quot;&quot;,&quot;sizes&quot;:[]},&quot;column_gap_mobile_extra&quot;:{&quot;unit&quot;:&quot;px&quot;,&quot;size&quot;:&quot;&quot;,&quot;sizes&quot;:[]},&quot;column_gap_mobile&quot;:{&quot;unit&quot;:&quot;px&quot;,&quot;size&quot;:&quot;&quot;,&quot;sizes&quot;:[]},&quot;row_gap&quot;:{&quot;unit&quot;:&quot;px&quot;,&quot;size&quot;:20,&quot;sizes&quot;:[]},&quot;row_gap_widescreen&quot;:{&quot;unit&quot;:&quot;px&quot;,&quot;size&quot;:&quot;&quot;,&quot;sizes&quot;:[]},&quot;row_gap_laptop&quot;:{&quot;unit&quot;:&quot;px&quot;,&quot;size&quot;:&quot;&quot;,&quot;sizes&quot;:[]},&quot;row_gap_tablet_extra&quot;:{&quot;unit&quot;:&quot;px&quot;,&quot;size&quot;:&quot;&quot;,&quot;sizes&quot;:[]},&quot;row_gap_tablet&quot;:{&quot;unit&quot;:&quot;px&quot;,&quot;size&quot;:&quot;&quot;,&quot;sizes&quot;:[]},&quot;row_gap_mobile_extra&quot;:{&quot;unit&quot;:&quot;px&quot;,&quot;size&quot;:&quot;&quot;,&quot;sizes&quot;:[]},&quot;row_gap_mobile&quot;:{&quot;unit&quot;:&quot;px&quot;,&quot;size&quot;:&quot;&quot;,&quot;sizes&quot;:[]}}\" data-widget_type=\"uael-image-gallery.default\">\n\t\t\t\t<div class=\"elementor-widget-container\">\n\t\t\t\t\t<div class=\"uael-gallery-parent uael-caption- uael-gallery-unjustified\"><div class=\"uael-img-gallery-wrap uael-img-masonry-wrap uael-img-grid-masonry-wrap uael-masonry uael-image-lightbox-wrap\" data-filter-default=\"All\" data-lightbox_actions=\"[&quot;close&quot;]\" data-lightbox-gallery-loop=\"\"><div class=\"uael-grid-item  uael-img-gallery-item-1\"><div class=\"uael-grid-item-content\"><a class=\"uael-grid-img uael-grid-gallery-img uael-ins-hover elementor-clickable\" data-fancybox=\"uael-gallery\" href=\"https:\/\/www.boyerjulien.com\/wp-content\/uploads\/2025\/12\/mariage-chateau-pape-clement-pessac49.webp\" data-elementor-open-lightbox=\"no\"><div class=\"uael-grid-img-thumbnail uael-ins-target\"><img loading=\"lazy\" decoding=\"async\" width=\"682\" height=\"1024\" src=\"https:\/\/www.boyerjulien.com\/wp-content\/uploads\/2025\/12\/mariage-chateau-pape-clement-pessac49-682x1024.webp\" class=\"attachment-large size-large wp-image-3636\" alt=\"Chef pr\u00e9parant des hu\u00eetres lors du cocktail de mariage au Ch\u00e2teau Pape Cl\u00e9ment \u00e0 Pessac, animation culinaire photographi\u00e9e par Julien Boyer\" srcset=\"https:\/\/www.boyerjulien.com\/wp-content\/uploads\/2025\/12\/mariage-chateau-pape-clement-pessac49-682x1024.webp 682w, https:\/\/www.boyerjulien.com\/wp-content\/uploads\/2025\/12\/mariage-chateau-pape-clement-pessac49-200x300.webp 200w, https:\/\/www.boyerjulien.com\/wp-content\/uploads\/2025\/12\/mariage-chateau-pape-clement-pessac49-768x1152.webp 768w, https:\/\/www.boyerjulien.com\/wp-content\/uploads\/2025\/12\/mariage-chateau-pape-clement-pessac49-1024x1536.webp 1024w, https:\/\/www.boyerjulien.com\/wp-content\/uploads\/2025\/12\/mariage-chateau-pape-clement-pessac49.webp 1280w\" sizes=\"(max-width: 682px) 100vw, 682px\" \/><\/div><div class=\"uael-grid-img-overlay\"><\/div><\/a><\/div><\/div><div class=\"uael-grid-item  uael-img-gallery-item-2\"><div class=\"uael-grid-item-content\"><a class=\"uael-grid-img uael-grid-gallery-img uael-ins-hover elementor-clickable\" data-fancybox=\"uael-gallery\" href=\"https:\/\/www.boyerjulien.com\/wp-content\/uploads\/2025\/12\/mariage-chateau-pape-clement-pessac50.webp\" data-elementor-open-lightbox=\"no\"><div class=\"uael-grid-img-thumbnail uael-ins-target\"><img loading=\"lazy\" decoding=\"async\" width=\"682\" height=\"1024\" src=\"https:\/\/www.boyerjulien.com\/wp-content\/uploads\/2025\/12\/mariage-chateau-pape-clement-pessac50-682x1024.webp\" class=\"attachment-large size-large wp-image-3637\" alt=\"Invit\u00e9s \u00e9l\u00e9gants \u00e9changeant autour d\u2019un verre pendant le cocktail de mariage au Ch\u00e2teau Pape Cl\u00e9ment \u00e0 Pessac, photo par Julien Boyer\" srcset=\"https:\/\/www.boyerjulien.com\/wp-content\/uploads\/2025\/12\/mariage-chateau-pape-clement-pessac50-682x1024.webp 682w, https:\/\/www.boyerjulien.com\/wp-content\/uploads\/2025\/12\/mariage-chateau-pape-clement-pessac50-200x300.webp 200w, https:\/\/www.boyerjulien.com\/wp-content\/uploads\/2025\/12\/mariage-chateau-pape-clement-pessac50-768x1152.webp 768w, https:\/\/www.boyerjulien.com\/wp-content\/uploads\/2025\/12\/mariage-chateau-pape-clement-pessac50-1024x1536.webp 1024w, https:\/\/www.boyerjulien.com\/wp-content\/uploads\/2025\/12\/mariage-chateau-pape-clement-pessac50.webp 1280w\" sizes=\"(max-width: 682px) 100vw, 682px\" \/><\/div><div class=\"uael-grid-img-overlay\"><\/div><\/a><\/div><\/div><div class=\"uael-grid-item  uael-img-gallery-item-3\"><div class=\"uael-grid-item-content\"><a class=\"uael-grid-img uael-grid-gallery-img uael-ins-hover elementor-clickable\" data-fancybox=\"uael-gallery\" href=\"https:\/\/www.boyerjulien.com\/wp-content\/uploads\/2025\/12\/mariage-chateau-pape-clement-pessac51.webp\" data-elementor-open-lightbox=\"no\"><div class=\"uael-grid-img-thumbnail uael-ins-target\"><img loading=\"lazy\" decoding=\"async\" width=\"682\" height=\"1024\" src=\"https:\/\/www.boyerjulien.com\/wp-content\/uploads\/2025\/12\/mariage-chateau-pape-clement-pessac51-682x1024.webp\" class=\"attachment-large size-large wp-image-3638\" alt=\"Famille et invit\u00e9s profitant du cocktail de mariage dans les jardins du Ch\u00e2teau Pape Cl\u00e9ment \u00e0 Pessac, reportage photo par Julien Boyer\" srcset=\"https:\/\/www.boyerjulien.com\/wp-content\/uploads\/2025\/12\/mariage-chateau-pape-clement-pessac51-682x1024.webp 682w, https:\/\/www.boyerjulien.com\/wp-content\/uploads\/2025\/12\/mariage-chateau-pape-clement-pessac51-200x300.webp 200w, https:\/\/www.boyerjulien.com\/wp-content\/uploads\/2025\/12\/mariage-chateau-pape-clement-pessac51-768x1152.webp 768w, https:\/\/www.boyerjulien.com\/wp-content\/uploads\/2025\/12\/mariage-chateau-pape-clement-pessac51-1024x1536.webp 1024w, https:\/\/www.boyerjulien.com\/wp-content\/uploads\/2025\/12\/mariage-chateau-pape-clement-pessac51.webp 1280w\" sizes=\"(max-width: 682px) 100vw, 682px\" \/><\/div><div class=\"uael-grid-img-overlay\"><\/div><\/a><\/div><\/div><div class=\"uael-grid-item  uael-img-gallery-item-4\"><div class=\"uael-grid-item-content\"><a class=\"uael-grid-img uael-grid-gallery-img uael-ins-hover elementor-clickable\" data-fancybox=\"uael-gallery\" href=\"https:\/\/www.boyerjulien.com\/wp-content\/uploads\/2025\/12\/mariage-chateau-pape-clement-pessac52.webp\" data-elementor-open-lightbox=\"no\"><div class=\"uael-grid-img-thumbnail uael-ins-target\"><img loading=\"lazy\" decoding=\"async\" width=\"682\" height=\"1024\" src=\"https:\/\/www.boyerjulien.com\/wp-content\/uploads\/2025\/12\/mariage-chateau-pape-clement-pessac52-682x1024.webp\" class=\"attachment-large size-large wp-image-3639\" alt=\"La mari\u00e9e pose avec une invit\u00e9e pendant le cocktail de mariage dans les jardins du Ch\u00e2teau Pape Cl\u00e9ment \u00e0 Pessac, photo par Julien Boyer\" srcset=\"https:\/\/www.boyerjulien.com\/wp-content\/uploads\/2025\/12\/mariage-chateau-pape-clement-pessac52-682x1024.webp 682w, https:\/\/www.boyerjulien.com\/wp-content\/uploads\/2025\/12\/mariage-chateau-pape-clement-pessac52-200x300.webp 200w, https:\/\/www.boyerjulien.com\/wp-content\/uploads\/2025\/12\/mariage-chateau-pape-clement-pessac52-768x1152.webp 768w, https:\/\/www.boyerjulien.com\/wp-content\/uploads\/2025\/12\/mariage-chateau-pape-clement-pessac52-1024x1536.webp 1024w, https:\/\/www.boyerjulien.com\/wp-content\/uploads\/2025\/12\/mariage-chateau-pape-clement-pessac52.webp 1280w\" sizes=\"(max-width: 682px) 100vw, 682px\" \/><\/div><div class=\"uael-grid-img-overlay\"><\/div><\/a><\/div><\/div><div class=\"uael-grid-item  uael-img-gallery-item-5\"><div class=\"uael-grid-item-content\"><a class=\"uael-grid-img uael-grid-gallery-img uael-ins-hover elementor-clickable\" data-fancybox=\"uael-gallery\" href=\"https:\/\/www.boyerjulien.com\/wp-content\/uploads\/2025\/12\/mariage-chateau-pape-clement-pessac53.webp\" data-elementor-open-lightbox=\"no\"><div class=\"uael-grid-img-thumbnail uael-ins-target\"><img loading=\"lazy\" decoding=\"async\" width=\"1024\" height=\"682\" src=\"https:\/\/www.boyerjulien.com\/wp-content\/uploads\/2025\/12\/mariage-chateau-pape-clement-pessac53-1024x682.webp\" class=\"attachment-large size-large wp-image-3640\" alt=\"La mari\u00e9e \u00e9change avec les invit\u00e9s pendant le cocktail de mariage au Ch\u00e2teau Pape Cl\u00e9ment \u00e0 Pessac, ambiance conviviale photographi\u00e9e par Julien Boyer\" srcset=\"https:\/\/www.boyerjulien.com\/wp-content\/uploads\/2025\/12\/mariage-chateau-pape-clement-pessac53-1024x682.webp 1024w, https:\/\/www.boyerjulien.com\/wp-content\/uploads\/2025\/12\/mariage-chateau-pape-clement-pessac53-300x200.webp 300w, https:\/\/www.boyerjulien.com\/wp-content\/uploads\/2025\/12\/mariage-chateau-pape-clement-pessac53-768x512.webp 768w, https:\/\/www.boyerjulien.com\/wp-content\/uploads\/2025\/12\/mariage-chateau-pape-clement-pessac53-1536x1024.webp 1536w, https:\/\/www.boyerjulien.com\/wp-content\/uploads\/2025\/12\/mariage-chateau-pape-clement-pessac53.webp 1920w\" sizes=\"(max-width: 1024px) 100vw, 1024px\" \/><\/div><div class=\"uael-grid-img-overlay\"><\/div><\/a><\/div><\/div><div class=\"uael-grid-item  uael-img-gallery-item-6\"><div class=\"uael-grid-item-content\"><a class=\"uael-grid-img uael-grid-gallery-img uael-ins-hover elementor-clickable\" data-fancybox=\"uael-gallery\" href=\"https:\/\/www.boyerjulien.com\/wp-content\/uploads\/2025\/12\/mariage-chateau-pape-clement-pessac54.webp\" data-elementor-open-lightbox=\"no\"><div class=\"uael-grid-img-thumbnail uael-ins-target\"><img loading=\"lazy\" decoding=\"async\" width=\"1024\" height=\"682\" src=\"https:\/\/www.boyerjulien.com\/wp-content\/uploads\/2025\/12\/mariage-chateau-pape-clement-pessac54-1024x682.webp\" class=\"attachment-large size-large wp-image-3641\" alt=\"Invit\u00e9s discutant autour de tables hautes pendant le cocktail de mariage au Ch\u00e2teau Pape Cl\u00e9ment \u00e0 Pessac, photo de mariage par Julien Boyer\" srcset=\"https:\/\/www.boyerjulien.com\/wp-content\/uploads\/2025\/12\/mariage-chateau-pape-clement-pessac54-1024x682.webp 1024w, https:\/\/www.boyerjulien.com\/wp-content\/uploads\/2025\/12\/mariage-chateau-pape-clement-pessac54-300x200.webp 300w, https:\/\/www.boyerjulien.com\/wp-content\/uploads\/2025\/12\/mariage-chateau-pape-clement-pessac54-768x512.webp 768w, https:\/\/www.boyerjulien.com\/wp-content\/uploads\/2025\/12\/mariage-chateau-pape-clement-pessac54-1536x1024.webp 1536w, https:\/\/www.boyerjulien.com\/wp-content\/uploads\/2025\/12\/mariage-chateau-pape-clement-pessac54.webp 1920w\" sizes=\"(max-width: 1024px) 100vw, 1024px\" \/><\/div><div class=\"uael-grid-img-overlay\"><\/div><\/a><\/div><\/div><\/div><\/div>\t\t\t\t<\/div>\n\t\t\t\t<\/div>\n\t\t\t\t<div class=\"elementor-element elementor-element-c25bce8 elementor-widget elementor-widget-image\" data-id=\"c25bce8\" data-element_type=\"widget\" data-widget_type=\"image.default\">\n\t\t\t\t<div class=\"elementor-widget-container\">\n\t\t\t\t\t\t\t\t\t\t\t\t\t\t\t\t<a href=\"https:\/\/www.boyerjulien.com\/wp-content\/uploads\/2025\/12\/mariage-chateau-pape-clement-pessac55.jpg\" data-elementor-open-lightbox=\"yes\" data-e-action-hash=\"#elementor-action%3Aaction%3Dlightbox%26settings%3DeyJpZCI6MzY0MiwidXJsIjoiaHR0cHM6XC9cL3d3dy5ib3llcmp1bGllbi5jb21cL3dwLWNvbnRlbnRcL3VwbG9hZHNcLzIwMjVcLzEyXC9tYXJpYWdlLWNoYXRlYXUtcGFwZS1jbGVtZW50LXBlc3NhYzU1LndlYnAifQ%3D%3D\">\n\t\t\t\t\t\t\t<img loading=\"lazy\" decoding=\"async\" width=\"1280\" height=\"1920\" src=\"https:\/\/www.boyerjulien.com\/wp-content\/uploads\/2025\/12\/mariage-chateau-pape-clement-pessac55.webp\" class=\"attachment-full size-full wp-image-3642\" alt=\"Portrait de la mari\u00e9e en robe de mariage tenant son bouquet dans les jardins du Ch\u00e2teau Pape Cl\u00e9ment \u00e0 Pessac, photo par Julien Boyer photographe de mariage\" srcset=\"https:\/\/www.boyerjulien.com\/wp-content\/uploads\/2025\/12\/mariage-chateau-pape-clement-pessac55.webp 1280w, https:\/\/www.boyerjulien.com\/wp-content\/uploads\/2025\/12\/mariage-chateau-pape-clement-pessac55-200x300.webp 200w, https:\/\/www.boyerjulien.com\/wp-content\/uploads\/2025\/12\/mariage-chateau-pape-clement-pessac55-682x1024.webp 682w, https:\/\/www.boyerjulien.com\/wp-content\/uploads\/2025\/12\/mariage-chateau-pape-clement-pessac55-768x1152.webp 768w, https:\/\/www.boyerjulien.com\/wp-content\/uploads\/2025\/12\/mariage-chateau-pape-clement-pessac55-1024x1536.webp 1024w\" sizes=\"(max-width: 1280px) 100vw, 1280px\" \/>\t\t\t\t\t\t\t\t<\/a>\n\t\t\t\t\t\t\t\t\t\t\t\t\t\t\t<\/div>\n\t\t\t\t<\/div>\n\t\t\t\t<div class=\"elementor-element elementor-element-114666a elementor-widget elementor-widget-image\" data-id=\"114666a\" data-element_type=\"widget\" data-widget_type=\"image.default\">\n\t\t\t\t<div class=\"elementor-widget-container\">\n\t\t\t\t\t\t\t\t\t\t\t\t\t\t\t\t<a href=\"https:\/\/www.boyerjulien.com\/wp-content\/uploads\/2025\/12\/mariage-chateau-pape-clement-pessac56.jpg\" data-elementor-open-lightbox=\"yes\" data-e-action-hash=\"#elementor-action%3Aaction%3Dlightbox%26settings%3DeyJpZCI6MzY0MywidXJsIjoiaHR0cHM6XC9cL3d3dy5ib3llcmp1bGllbi5jb21cL3dwLWNvbnRlbnRcL3VwbG9hZHNcLzIwMjVcLzEyXC9tYXJpYWdlLWNoYXRlYXUtcGFwZS1jbGVtZW50LXBlc3NhYzU2LndlYnAifQ%3D%3D\">\n\t\t\t\t\t\t\t<img loading=\"lazy\" decoding=\"async\" width=\"1280\" height=\"1920\" src=\"https:\/\/www.boyerjulien.com\/wp-content\/uploads\/2025\/12\/mariage-chateau-pape-clement-pessac56.webp\" class=\"attachment-full size-full wp-image-3643\" alt=\"Les mari\u00e9s se tiennent par la main sous les palmiers lors de leur s\u00e9ance photo de couple au Ch\u00e2teau Pape Cl\u00e9ment \u00e0 Pessac, photo Julien Boyer\" srcset=\"https:\/\/www.boyerjulien.com\/wp-content\/uploads\/2025\/12\/mariage-chateau-pape-clement-pessac56.webp 1280w, https:\/\/www.boyerjulien.com\/wp-content\/uploads\/2025\/12\/mariage-chateau-pape-clement-pessac56-200x300.webp 200w, https:\/\/www.boyerjulien.com\/wp-content\/uploads\/2025\/12\/mariage-chateau-pape-clement-pessac56-682x1024.webp 682w, https:\/\/www.boyerjulien.com\/wp-content\/uploads\/2025\/12\/mariage-chateau-pape-clement-pessac56-768x1152.webp 768w, https:\/\/www.boyerjulien.com\/wp-content\/uploads\/2025\/12\/mariage-chateau-pape-clement-pessac56-1024x1536.webp 1024w\" sizes=\"(max-width: 1280px) 100vw, 1280px\" \/>\t\t\t\t\t\t\t\t<\/a>\n\t\t\t\t\t\t\t\t\t\t\t\t\t\t\t<\/div>\n\t\t\t\t<\/div>\n\t\t\t\t<div class=\"elementor-element elementor-element-68dd726 elementor-widget elementor-widget-image\" data-id=\"68dd726\" data-element_type=\"widget\" data-widget_type=\"image.default\">\n\t\t\t\t<div class=\"elementor-widget-container\">\n\t\t\t\t\t\t\t\t\t\t\t\t\t\t\t\t<a href=\"https:\/\/www.boyerjulien.com\/wp-content\/uploads\/2025\/12\/mariage-chateau-pape-clement-pessac57.jpg\" data-elementor-open-lightbox=\"yes\" data-e-action-hash=\"#elementor-action%3Aaction%3Dlightbox%26settings%3DeyJpZCI6MzY0NCwidXJsIjoiaHR0cHM6XC9cL3d3dy5ib3llcmp1bGllbi5jb21cL3dwLWNvbnRlbnRcL3VwbG9hZHNcLzIwMjVcLzEyXC9tYXJpYWdlLWNoYXRlYXUtcGFwZS1jbGVtZW50LXBlc3NhYzU3LndlYnAifQ%3D%3D\">\n\t\t\t\t\t\t\t<img loading=\"lazy\" decoding=\"async\" width=\"1280\" height=\"1920\" src=\"https:\/\/www.boyerjulien.com\/wp-content\/uploads\/2025\/12\/mariage-chateau-pape-clement-pessac57.webp\" class=\"attachment-full size-full wp-image-3644\" alt=\"Les mari\u00e9s s\u2019embrassent avec passion lors de leur s\u00e9ance couple dans les jardins du Ch\u00e2teau Pape Cl\u00e9ment \u00e0 Pessac, reportage photo par Julien Boyer\" srcset=\"https:\/\/www.boyerjulien.com\/wp-content\/uploads\/2025\/12\/mariage-chateau-pape-clement-pessac57.webp 1280w, https:\/\/www.boyerjulien.com\/wp-content\/uploads\/2025\/12\/mariage-chateau-pape-clement-pessac57-200x300.webp 200w, https:\/\/www.boyerjulien.com\/wp-content\/uploads\/2025\/12\/mariage-chateau-pape-clement-pessac57-682x1024.webp 682w, https:\/\/www.boyerjulien.com\/wp-content\/uploads\/2025\/12\/mariage-chateau-pape-clement-pessac57-768x1152.webp 768w, https:\/\/www.boyerjulien.com\/wp-content\/uploads\/2025\/12\/mariage-chateau-pape-clement-pessac57-1024x1536.webp 1024w\" sizes=\"(max-width: 1280px) 100vw, 1280px\" \/>\t\t\t\t\t\t\t\t<\/a>\n\t\t\t\t\t\t\t\t\t\t\t\t\t\t\t<\/div>\n\t\t\t\t<\/div>\n\t\t\t\t<div class=\"elementor-element elementor-element-93e3d96 elementor-widget elementor-widget-image\" data-id=\"93e3d96\" data-element_type=\"widget\" data-widget_type=\"image.default\">\n\t\t\t\t<div class=\"elementor-widget-container\">\n\t\t\t\t\t\t\t\t\t\t\t\t\t\t\t\t<a href=\"https:\/\/www.boyerjulien.com\/wp-content\/uploads\/2025\/12\/mariage-chateau-pape-clement-pessac58.jpg\" data-elementor-open-lightbox=\"yes\" data-e-action-hash=\"#elementor-action%3Aaction%3Dlightbox%26settings%3DeyJpZCI6MzY0NSwidXJsIjoiaHR0cHM6XC9cL3d3dy5ib3llcmp1bGllbi5jb21cL3dwLWNvbnRlbnRcL3VwbG9hZHNcLzIwMjVcLzEyXC9tYXJpYWdlLWNoYXRlYXUtcGFwZS1jbGVtZW50LXBlc3NhYzU4LndlYnAifQ%3D%3D\">\n\t\t\t\t\t\t\t<img loading=\"lazy\" decoding=\"async\" width=\"1920\" height=\"1280\" src=\"https:\/\/www.boyerjulien.com\/wp-content\/uploads\/2025\/12\/mariage-chateau-pape-clement-pessac58.webp\" class=\"attachment-full size-full wp-image-3645\" alt=\"Les mari\u00e9s marchent main dans la main devant le Ch\u00e2teau Pape Cl\u00e9ment \u00e0 Pessac lors de leur s\u00e9ance photo de mariage, photo par Julien Boyer\" srcset=\"https:\/\/www.boyerjulien.com\/wp-content\/uploads\/2025\/12\/mariage-chateau-pape-clement-pessac58.webp 1920w, https:\/\/www.boyerjulien.com\/wp-content\/uploads\/2025\/12\/mariage-chateau-pape-clement-pessac58-300x200.webp 300w, https:\/\/www.boyerjulien.com\/wp-content\/uploads\/2025\/12\/mariage-chateau-pape-clement-pessac58-1024x682.webp 1024w, https:\/\/www.boyerjulien.com\/wp-content\/uploads\/2025\/12\/mariage-chateau-pape-clement-pessac58-768x512.webp 768w, https:\/\/www.boyerjulien.com\/wp-content\/uploads\/2025\/12\/mariage-chateau-pape-clement-pessac58-1536x1024.webp 1536w\" sizes=\"(max-width: 1920px) 100vw, 1920px\" \/>\t\t\t\t\t\t\t\t<\/a>\n\t\t\t\t\t\t\t\t\t\t\t\t\t\t\t<\/div>\n\t\t\t\t<\/div>\n\t\t\t\t<div class=\"elementor-element elementor-element-bee766f elementor-widget elementor-widget-image\" data-id=\"bee766f\" data-element_type=\"widget\" data-widget_type=\"image.default\">\n\t\t\t\t<div class=\"elementor-widget-container\">\n\t\t\t\t\t\t\t\t\t\t\t\t\t\t\t\t<a href=\"https:\/\/www.boyerjulien.com\/wp-content\/uploads\/2025\/12\/mariage-chateau-pape-clement-pessac59.jpg\" data-elementor-open-lightbox=\"yes\" data-e-action-hash=\"#elementor-action%3Aaction%3Dlightbox%26settings%3DeyJpZCI6MzY0NiwidXJsIjoiaHR0cHM6XC9cL3d3dy5ib3llcmp1bGllbi5jb21cL3dwLWNvbnRlbnRcL3VwbG9hZHNcLzIwMjVcLzEyXC9tYXJpYWdlLWNoYXRlYXUtcGFwZS1jbGVtZW50LXBlc3NhYzU5LndlYnAifQ%3D%3D\">\n\t\t\t\t\t\t\t<img loading=\"lazy\" decoding=\"async\" width=\"1920\" height=\"1280\" src=\"https:\/\/www.boyerjulien.com\/wp-content\/uploads\/2025\/12\/mariage-chateau-pape-clement-pessac59.webp\" class=\"attachment-full size-full wp-image-3646\" alt=\"Portrait naturel des mari\u00e9s souriants dans les jardins du Ch\u00e2teau Pape Cl\u00e9ment \u00e0 Pessac, lumi\u00e8re douce de fin de journ\u00e9e, photo Julien Boyer\" srcset=\"https:\/\/www.boyerjulien.com\/wp-content\/uploads\/2025\/12\/mariage-chateau-pape-clement-pessac59.webp 1920w, https:\/\/www.boyerjulien.com\/wp-content\/uploads\/2025\/12\/mariage-chateau-pape-clement-pessac59-300x200.webp 300w, https:\/\/www.boyerjulien.com\/wp-content\/uploads\/2025\/12\/mariage-chateau-pape-clement-pessac59-1024x682.webp 1024w, https:\/\/www.boyerjulien.com\/wp-content\/uploads\/2025\/12\/mariage-chateau-pape-clement-pessac59-768x512.webp 768w, https:\/\/www.boyerjulien.com\/wp-content\/uploads\/2025\/12\/mariage-chateau-pape-clement-pessac59-1536x1024.webp 1536w\" sizes=\"(max-width: 1920px) 100vw, 1920px\" \/>\t\t\t\t\t\t\t\t<\/a>\n\t\t\t\t\t\t\t\t\t\t\t\t\t\t\t<\/div>\n\t\t\t\t<\/div>\n\t\t\t\t<div class=\"elementor-element elementor-element-73a1790 elementor-widget elementor-widget-image\" data-id=\"73a1790\" data-element_type=\"widget\" data-widget_type=\"image.default\">\n\t\t\t\t<div class=\"elementor-widget-container\">\n\t\t\t\t\t\t\t\t\t\t\t\t\t\t\t\t<a href=\"https:\/\/www.boyerjulien.com\/wp-content\/uploads\/2025\/12\/mariage-chateau-pape-clement-pessac60.jpg\" data-elementor-open-lightbox=\"yes\" data-e-action-hash=\"#elementor-action%3Aaction%3Dlightbox%26settings%3DeyJpZCI6MzY0NywidXJsIjoiaHR0cHM6XC9cL3d3dy5ib3llcmp1bGllbi5jb21cL3dwLWNvbnRlbnRcL3VwbG9hZHNcLzIwMjVcLzEyXC9tYXJpYWdlLWNoYXRlYXUtcGFwZS1jbGVtZW50LXBlc3NhYzYwLndlYnAifQ%3D%3D\">\n\t\t\t\t\t\t\t<img loading=\"lazy\" decoding=\"async\" width=\"1280\" height=\"1920\" src=\"https:\/\/www.boyerjulien.com\/wp-content\/uploads\/2025\/12\/mariage-chateau-pape-clement-pessac60.webp\" class=\"attachment-full size-full wp-image-3647\" alt=\"Moment complice et spontan\u00e9 des mari\u00e9s enlac\u00e9s sous un arbre dans les jardins du Ch\u00e2teau Pape Cl\u00e9ment \u00e0 Pessac, photo de mariage par Julien Boyer\" srcset=\"https:\/\/www.boyerjulien.com\/wp-content\/uploads\/2025\/12\/mariage-chateau-pape-clement-pessac60.webp 1280w, https:\/\/www.boyerjulien.com\/wp-content\/uploads\/2025\/12\/mariage-chateau-pape-clement-pessac60-200x300.webp 200w, https:\/\/www.boyerjulien.com\/wp-content\/uploads\/2025\/12\/mariage-chateau-pape-clement-pessac60-682x1024.webp 682w, https:\/\/www.boyerjulien.com\/wp-content\/uploads\/2025\/12\/mariage-chateau-pape-clement-pessac60-768x1152.webp 768w, https:\/\/www.boyerjulien.com\/wp-content\/uploads\/2025\/12\/mariage-chateau-pape-clement-pessac60-1024x1536.webp 1024w\" sizes=\"(max-width: 1280px) 100vw, 1280px\" \/>\t\t\t\t\t\t\t\t<\/a>\n\t\t\t\t\t\t\t\t\t\t\t\t\t\t\t<\/div>\n\t\t\t\t<\/div>\n\t\t\t\t<div class=\"elementor-element elementor-element-a576327 elementor-widget elementor-widget-image\" data-id=\"a576327\" data-element_type=\"widget\" data-widget_type=\"image.default\">\n\t\t\t\t<div class=\"elementor-widget-container\">\n\t\t\t\t\t\t\t\t\t\t\t\t\t\t\t\t<a href=\"https:\/\/www.boyerjulien.com\/wp-content\/uploads\/2025\/12\/mariage-chateau-pape-clement-pessac61.jpg\" data-elementor-open-lightbox=\"yes\" data-e-action-hash=\"#elementor-action%3Aaction%3Dlightbox%26settings%3DeyJpZCI6MzY0OCwidXJsIjoiaHR0cHM6XC9cL3d3dy5ib3llcmp1bGllbi5jb21cL3dwLWNvbnRlbnRcL3VwbG9hZHNcLzIwMjVcLzEyXC9tYXJpYWdlLWNoYXRlYXUtcGFwZS1jbGVtZW50LXBlc3NhYzYxLndlYnAifQ%3D%3D\">\n\t\t\t\t\t\t\t<img loading=\"lazy\" decoding=\"async\" width=\"1280\" height=\"1920\" src=\"https:\/\/www.boyerjulien.com\/wp-content\/uploads\/2025\/12\/mariage-chateau-pape-clement-pessac61.webp\" class=\"attachment-full size-full wp-image-3648\" alt=\"Portrait de la mari\u00e9e en robe de mariage sous les palmiers dans les jardins du Ch\u00e2teau Pape Cl\u00e9ment \u00e0 Pessac, photo par Julien Boyer photographe de mariage\" srcset=\"https:\/\/www.boyerjulien.com\/wp-content\/uploads\/2025\/12\/mariage-chateau-pape-clement-pessac61.webp 1280w, https:\/\/www.boyerjulien.com\/wp-content\/uploads\/2025\/12\/mariage-chateau-pape-clement-pessac61-200x300.webp 200w, https:\/\/www.boyerjulien.com\/wp-content\/uploads\/2025\/12\/mariage-chateau-pape-clement-pessac61-682x1024.webp 682w, https:\/\/www.boyerjulien.com\/wp-content\/uploads\/2025\/12\/mariage-chateau-pape-clement-pessac61-768x1152.webp 768w, https:\/\/www.boyerjulien.com\/wp-content\/uploads\/2025\/12\/mariage-chateau-pape-clement-pessac61-1024x1536.webp 1024w\" sizes=\"(max-width: 1280px) 100vw, 1280px\" \/>\t\t\t\t\t\t\t\t<\/a>\n\t\t\t\t\t\t\t\t\t\t\t\t\t\t\t<\/div>\n\t\t\t\t<\/div>\n\t\t\t\t<div class=\"elementor-element elementor-element-b7c7946 elementor-widget elementor-widget-image\" data-id=\"b7c7946\" data-element_type=\"widget\" data-widget_type=\"image.default\">\n\t\t\t\t<div class=\"elementor-widget-container\">\n\t\t\t\t\t\t\t\t\t\t\t\t\t\t\t\t<a href=\"https:\/\/www.boyerjulien.com\/wp-content\/uploads\/2025\/12\/mariage-chateau-pape-clement-pessac62.jpg\" data-elementor-open-lightbox=\"yes\" data-e-action-hash=\"#elementor-action%3Aaction%3Dlightbox%26settings%3DeyJpZCI6MzY0OSwidXJsIjoiaHR0cHM6XC9cL3d3dy5ib3llcmp1bGllbi5jb21cL3dwLWNvbnRlbnRcL3VwbG9hZHNcLzIwMjVcLzEyXC9tYXJpYWdlLWNoYXRlYXUtcGFwZS1jbGVtZW50LXBlc3NhYzYyLndlYnAifQ%3D%3D\">\n\t\t\t\t\t\t\t<img loading=\"lazy\" decoding=\"async\" width=\"1280\" height=\"1920\" src=\"https:\/\/www.boyerjulien.com\/wp-content\/uploads\/2025\/12\/mariage-chateau-pape-clement-pessac62.webp\" class=\"attachment-full size-full wp-image-3649\" alt=\"Portrait du mari\u00e9 en costume bleu dans les jardins du Ch\u00e2teau Pape Cl\u00e9ment \u00e0 Pessac lors de la s\u00e9ance photo de mariage, photo Julien Boyer\" srcset=\"https:\/\/www.boyerjulien.com\/wp-content\/uploads\/2025\/12\/mariage-chateau-pape-clement-pessac62.webp 1280w, https:\/\/www.boyerjulien.com\/wp-content\/uploads\/2025\/12\/mariage-chateau-pape-clement-pessac62-200x300.webp 200w, https:\/\/www.boyerjulien.com\/wp-content\/uploads\/2025\/12\/mariage-chateau-pape-clement-pessac62-682x1024.webp 682w, https:\/\/www.boyerjulien.com\/wp-content\/uploads\/2025\/12\/mariage-chateau-pape-clement-pessac62-768x1152.webp 768w, https:\/\/www.boyerjulien.com\/wp-content\/uploads\/2025\/12\/mariage-chateau-pape-clement-pessac62-1024x1536.webp 1024w\" sizes=\"(max-width: 1280px) 100vw, 1280px\" \/>\t\t\t\t\t\t\t\t<\/a>\n\t\t\t\t\t\t\t\t\t\t\t\t\t\t\t<\/div>\n\t\t\t\t<\/div>\n\t\t\t\t<div class=\"elementor-element elementor-element-b835b79 uael-img-grid__column-2 uael-img-grid-tablet__column-3 uael-img-grid-mobile__column-2 uael-ins-normal elementor-widget elementor-widget-uael-image-gallery\" data-id=\"b835b79\" data-element_type=\"widget\" data-settings=\"{&quot;gallery_columns&quot;:&quot;2&quot;,&quot;gallery_columns_tablet&quot;:&quot;3&quot;,&quot;gallery_columns_mobile&quot;:&quot;2&quot;,&quot;column_gap&quot;:{&quot;unit&quot;:&quot;px&quot;,&quot;size&quot;:20,&quot;sizes&quot;:[]},&quot;column_gap_widescreen&quot;:{&quot;unit&quot;:&quot;px&quot;,&quot;size&quot;:&quot;&quot;,&quot;sizes&quot;:[]},&quot;column_gap_laptop&quot;:{&quot;unit&quot;:&quot;px&quot;,&quot;size&quot;:&quot;&quot;,&quot;sizes&quot;:[]},&quot;column_gap_tablet_extra&quot;:{&quot;unit&quot;:&quot;px&quot;,&quot;size&quot;:&quot;&quot;,&quot;sizes&quot;:[]},&quot;column_gap_tablet&quot;:{&quot;unit&quot;:&quot;px&quot;,&quot;size&quot;:&quot;&quot;,&quot;sizes&quot;:[]},&quot;column_gap_mobile_extra&quot;:{&quot;unit&quot;:&quot;px&quot;,&quot;size&quot;:&quot;&quot;,&quot;sizes&quot;:[]},&quot;column_gap_mobile&quot;:{&quot;unit&quot;:&quot;px&quot;,&quot;size&quot;:&quot;&quot;,&quot;sizes&quot;:[]},&quot;row_gap&quot;:{&quot;unit&quot;:&quot;px&quot;,&quot;size&quot;:20,&quot;sizes&quot;:[]},&quot;row_gap_widescreen&quot;:{&quot;unit&quot;:&quot;px&quot;,&quot;size&quot;:&quot;&quot;,&quot;sizes&quot;:[]},&quot;row_gap_laptop&quot;:{&quot;unit&quot;:&quot;px&quot;,&quot;size&quot;:&quot;&quot;,&quot;sizes&quot;:[]},&quot;row_gap_tablet_extra&quot;:{&quot;unit&quot;:&quot;px&quot;,&quot;size&quot;:&quot;&quot;,&quot;sizes&quot;:[]},&quot;row_gap_tablet&quot;:{&quot;unit&quot;:&quot;px&quot;,&quot;size&quot;:&quot;&quot;,&quot;sizes&quot;:[]},&quot;row_gap_mobile_extra&quot;:{&quot;unit&quot;:&quot;px&quot;,&quot;size&quot;:&quot;&quot;,&quot;sizes&quot;:[]},&quot;row_gap_mobile&quot;:{&quot;unit&quot;:&quot;px&quot;,&quot;size&quot;:&quot;&quot;,&quot;sizes&quot;:[]}}\" data-widget_type=\"uael-image-gallery.default\">\n\t\t\t\t<div class=\"elementor-widget-container\">\n\t\t\t\t\t<div class=\"uael-gallery-parent uael-caption- uael-gallery-unjustified\"><div class=\"uael-img-gallery-wrap uael-img-masonry-wrap uael-img-grid-masonry-wrap uael-masonry uael-image-lightbox-wrap\" data-filter-default=\"All\" data-lightbox_actions=\"[&quot;close&quot;]\" data-lightbox-gallery-loop=\"\"><div class=\"uael-grid-item  uael-img-gallery-item-1\"><div class=\"uael-grid-item-content\"><a class=\"uael-grid-img uael-grid-gallery-img uael-ins-hover elementor-clickable\" data-fancybox=\"uael-gallery\" href=\"https:\/\/www.boyerjulien.com\/wp-content\/uploads\/2025\/12\/mariage-chateau-pape-clement-pessac63.webp\" data-elementor-open-lightbox=\"no\"><div class=\"uael-grid-img-thumbnail uael-ins-target\"><img loading=\"lazy\" decoding=\"async\" width=\"1024\" height=\"682\" src=\"https:\/\/www.boyerjulien.com\/wp-content\/uploads\/2025\/12\/mariage-chateau-pape-clement-pessac63-1024x682.webp\" class=\"attachment-large size-large wp-image-3650\" alt=\"La mari\u00e9e lance son bouquet devant le Ch\u00e2teau Pape Cl\u00e9ment \u00e0 Pessac, entour\u00e9e de ses invit\u00e9es lors du mariage, photo par Julien Boyer\" srcset=\"https:\/\/www.boyerjulien.com\/wp-content\/uploads\/2025\/12\/mariage-chateau-pape-clement-pessac63-1024x682.webp 1024w, https:\/\/www.boyerjulien.com\/wp-content\/uploads\/2025\/12\/mariage-chateau-pape-clement-pessac63-300x200.webp 300w, https:\/\/www.boyerjulien.com\/wp-content\/uploads\/2025\/12\/mariage-chateau-pape-clement-pessac63-768x512.webp 768w, https:\/\/www.boyerjulien.com\/wp-content\/uploads\/2025\/12\/mariage-chateau-pape-clement-pessac63-1536x1024.webp 1536w, https:\/\/www.boyerjulien.com\/wp-content\/uploads\/2025\/12\/mariage-chateau-pape-clement-pessac63.webp 1920w\" sizes=\"(max-width: 1024px) 100vw, 1024px\" \/><\/div><div class=\"uael-grid-img-overlay\"><\/div><\/a><\/div><\/div><div class=\"uael-grid-item  uael-img-gallery-item-2\"><div class=\"uael-grid-item-content\"><a class=\"uael-grid-img uael-grid-gallery-img uael-ins-hover elementor-clickable\" data-fancybox=\"uael-gallery\" href=\"https:\/\/www.boyerjulien.com\/wp-content\/uploads\/2025\/12\/mariage-chateau-pape-clement-pessac64.webp\" data-elementor-open-lightbox=\"no\"><div class=\"uael-grid-img-thumbnail uael-ins-target\"><img loading=\"lazy\" decoding=\"async\" width=\"1024\" height=\"682\" src=\"https:\/\/www.boyerjulien.com\/wp-content\/uploads\/2025\/12\/mariage-chateau-pape-clement-pessac64-1024x682.webp\" class=\"attachment-large size-large wp-image-3651\" alt=\"Invit\u00e9es r\u00e9agissant avec enthousiasme lors du lancer du bouquet dans les jardins du Ch\u00e2teau Pape Cl\u00e9ment \u00e0 Pessac, photo de mariage par Julien Boyer\" srcset=\"https:\/\/www.boyerjulien.com\/wp-content\/uploads\/2025\/12\/mariage-chateau-pape-clement-pessac64-1024x682.webp 1024w, https:\/\/www.boyerjulien.com\/wp-content\/uploads\/2025\/12\/mariage-chateau-pape-clement-pessac64-300x200.webp 300w, https:\/\/www.boyerjulien.com\/wp-content\/uploads\/2025\/12\/mariage-chateau-pape-clement-pessac64-768x512.webp 768w, https:\/\/www.boyerjulien.com\/wp-content\/uploads\/2025\/12\/mariage-chateau-pape-clement-pessac64-1536x1024.webp 1536w, https:\/\/www.boyerjulien.com\/wp-content\/uploads\/2025\/12\/mariage-chateau-pape-clement-pessac64.webp 1920w\" sizes=\"(max-width: 1024px) 100vw, 1024px\" \/><\/div><div class=\"uael-grid-img-overlay\"><\/div><\/a><\/div><\/div><div class=\"uael-grid-item  uael-img-gallery-item-3\"><div class=\"uael-grid-item-content\"><a class=\"uael-grid-img uael-grid-gallery-img uael-ins-hover elementor-clickable\" data-fancybox=\"uael-gallery\" href=\"https:\/\/www.boyerjulien.com\/wp-content\/uploads\/2025\/12\/mariage-chateau-pape-clement-pessac65.webp\" data-elementor-open-lightbox=\"no\"><div class=\"uael-grid-img-thumbnail uael-ins-target\"><img loading=\"lazy\" decoding=\"async\" width=\"1024\" height=\"682\" src=\"https:\/\/www.boyerjulien.com\/wp-content\/uploads\/2025\/12\/mariage-chateau-pape-clement-pessac65-1024x682.webp\" class=\"attachment-large size-large wp-image-3652\" alt=\"Tables dress\u00e9es pour le d\u00eener de mariage en ext\u00e9rieur dans la cour du Ch\u00e2teau Pape Cl\u00e9ment \u00e0 Pessac, d\u00e9coration \u00e9l\u00e9gante photographi\u00e9e par Julien Boyer\" srcset=\"https:\/\/www.boyerjulien.com\/wp-content\/uploads\/2025\/12\/mariage-chateau-pape-clement-pessac65-1024x682.webp 1024w, https:\/\/www.boyerjulien.com\/wp-content\/uploads\/2025\/12\/mariage-chateau-pape-clement-pessac65-300x200.webp 300w, https:\/\/www.boyerjulien.com\/wp-content\/uploads\/2025\/12\/mariage-chateau-pape-clement-pessac65-768x512.webp 768w, https:\/\/www.boyerjulien.com\/wp-content\/uploads\/2025\/12\/mariage-chateau-pape-clement-pessac65-1536x1024.webp 1536w, https:\/\/www.boyerjulien.com\/wp-content\/uploads\/2025\/12\/mariage-chateau-pape-clement-pessac65.webp 1920w\" sizes=\"(max-width: 1024px) 100vw, 1024px\" \/><\/div><div class=\"uael-grid-img-overlay\"><\/div><\/a><\/div><\/div><div class=\"uael-grid-item  uael-img-gallery-item-4\"><div class=\"uael-grid-item-content\"><a class=\"uael-grid-img uael-grid-gallery-img uael-ins-hover elementor-clickable\" data-fancybox=\"uael-gallery\" href=\"https:\/\/www.boyerjulien.com\/wp-content\/uploads\/2025\/12\/mariage-chateau-pape-clement-pessac66.webp\" data-elementor-open-lightbox=\"no\"><div class=\"uael-grid-img-thumbnail uael-ins-target\"><img loading=\"lazy\" decoding=\"async\" width=\"1024\" height=\"682\" src=\"https:\/\/www.boyerjulien.com\/wp-content\/uploads\/2025\/12\/mariage-chateau-pape-clement-pessac66-1024x682.webp\" class=\"attachment-large size-large wp-image-3653\" alt=\"D\u00e9tails de la d\u00e9coration de table pour le d\u00eener de mariage au Ch\u00e2teau Pape Cl\u00e9ment \u00e0 Pessac, vaisselle \u00e9l\u00e9gante et fleurs blanches, photo Julien Boyer\" srcset=\"https:\/\/www.boyerjulien.com\/wp-content\/uploads\/2025\/12\/mariage-chateau-pape-clement-pessac66-1024x682.webp 1024w, https:\/\/www.boyerjulien.com\/wp-content\/uploads\/2025\/12\/mariage-chateau-pape-clement-pessac66-300x200.webp 300w, https:\/\/www.boyerjulien.com\/wp-content\/uploads\/2025\/12\/mariage-chateau-pape-clement-pessac66-768x512.webp 768w, https:\/\/www.boyerjulien.com\/wp-content\/uploads\/2025\/12\/mariage-chateau-pape-clement-pessac66-1536x1024.webp 1536w, https:\/\/www.boyerjulien.com\/wp-content\/uploads\/2025\/12\/mariage-chateau-pape-clement-pessac66.webp 1920w\" sizes=\"(max-width: 1024px) 100vw, 1024px\" \/><\/div><div class=\"uael-grid-img-overlay\"><\/div><\/a><\/div><\/div><div class=\"uael-grid-item  uael-img-gallery-item-5\"><div class=\"uael-grid-item-content\"><a class=\"uael-grid-img uael-grid-gallery-img uael-ins-hover elementor-clickable\" data-fancybox=\"uael-gallery\" href=\"https:\/\/www.boyerjulien.com\/wp-content\/uploads\/2025\/12\/mariage-chateau-pape-clement-pessac67.webp\" data-elementor-open-lightbox=\"no\"><div class=\"uael-grid-img-thumbnail uael-ins-target\"><img loading=\"lazy\" decoding=\"async\" width=\"1024\" height=\"682\" src=\"https:\/\/www.boyerjulien.com\/wp-content\/uploads\/2025\/12\/mariage-chateau-pape-clement-pessac67-1024x682.webp\" class=\"attachment-large size-large wp-image-3654\" alt=\"D\u00e9coration de table de mariage avec vaisselle blanche et centre de table fleuri lors du d\u00eener au Ch\u00e2teau Pape Cl\u00e9ment \u00e0 Pessac, photo par Julien Boyer\" srcset=\"https:\/\/www.boyerjulien.com\/wp-content\/uploads\/2025\/12\/mariage-chateau-pape-clement-pessac67-1024x682.webp 1024w, https:\/\/www.boyerjulien.com\/wp-content\/uploads\/2025\/12\/mariage-chateau-pape-clement-pessac67-300x200.webp 300w, https:\/\/www.boyerjulien.com\/wp-content\/uploads\/2025\/12\/mariage-chateau-pape-clement-pessac67-768x512.webp 768w, https:\/\/www.boyerjulien.com\/wp-content\/uploads\/2025\/12\/mariage-chateau-pape-clement-pessac67-1536x1024.webp 1536w, https:\/\/www.boyerjulien.com\/wp-content\/uploads\/2025\/12\/mariage-chateau-pape-clement-pessac67.webp 1920w\" sizes=\"(max-width: 1024px) 100vw, 1024px\" \/><\/div><div class=\"uael-grid-img-overlay\"><\/div><\/a><\/div><\/div><div class=\"uael-grid-item  uael-img-gallery-item-6\"><div class=\"uael-grid-item-content\"><a class=\"uael-grid-img uael-grid-gallery-img uael-ins-hover elementor-clickable\" data-fancybox=\"uael-gallery\" href=\"https:\/\/www.boyerjulien.com\/wp-content\/uploads\/2025\/12\/mariage-chateau-pape-clement-pessac68.webp\" data-elementor-open-lightbox=\"no\"><div class=\"uael-grid-img-thumbnail uael-ins-target\"><img loading=\"lazy\" decoding=\"async\" width=\"1024\" height=\"682\" src=\"https:\/\/www.boyerjulien.com\/wp-content\/uploads\/2025\/12\/mariage-chateau-pape-clement-pessac68-1024x682.webp\" class=\"attachment-large size-large wp-image-3655\" alt=\"Plan de table de mariage avec bouteilles d\u00e9cor\u00e9es de fleurs et papeterie \u00e9l\u00e9gante au Ch\u00e2teau Pape Cl\u00e9ment \u00e0 Pessac, photographie de Julien Boyer\" srcset=\"https:\/\/www.boyerjulien.com\/wp-content\/uploads\/2025\/12\/mariage-chateau-pape-clement-pessac68-1024x682.webp 1024w, https:\/\/www.boyerjulien.com\/wp-content\/uploads\/2025\/12\/mariage-chateau-pape-clement-pessac68-300x200.webp 300w, https:\/\/www.boyerjulien.com\/wp-content\/uploads\/2025\/12\/mariage-chateau-pape-clement-pessac68-768x512.webp 768w, https:\/\/www.boyerjulien.com\/wp-content\/uploads\/2025\/12\/mariage-chateau-pape-clement-pessac68-1536x1024.webp 1536w, https:\/\/www.boyerjulien.com\/wp-content\/uploads\/2025\/12\/mariage-chateau-pape-clement-pessac68.webp 1920w\" sizes=\"(max-width: 1024px) 100vw, 1024px\" \/><\/div><div class=\"uael-grid-img-overlay\"><\/div><\/a><\/div><\/div><\/div><\/div>\t\t\t\t<\/div>\n\t\t\t\t<\/div>\n\t\t\t\t<div class=\"elementor-element elementor-element-774427d elementor-widget elementor-widget-image\" data-id=\"774427d\" data-element_type=\"widget\" data-widget_type=\"image.default\">\n\t\t\t\t<div class=\"elementor-widget-container\">\n\t\t\t\t\t\t\t\t\t\t\t\t\t\t\t\t<a href=\"https:\/\/www.boyerjulien.com\/wp-content\/uploads\/2025\/12\/mariage-chateau-pape-clement-pessac69.jpg\" data-elementor-open-lightbox=\"yes\" data-e-action-hash=\"#elementor-action%3Aaction%3Dlightbox%26settings%3DeyJpZCI6MzY1NiwidXJsIjoiaHR0cHM6XC9cL3d3dy5ib3llcmp1bGllbi5jb21cL3dwLWNvbnRlbnRcL3VwbG9hZHNcLzIwMjVcLzEyXC9tYXJpYWdlLWNoYXRlYXUtcGFwZS1jbGVtZW50LXBlc3NhYzY5LndlYnAifQ%3D%3D\">\n\t\t\t\t\t\t\t<img loading=\"lazy\" decoding=\"async\" width=\"1280\" height=\"1920\" src=\"https:\/\/www.boyerjulien.com\/wp-content\/uploads\/2025\/12\/mariage-chateau-pape-clement-pessac69.webp\" class=\"attachment-full size-full wp-image-3656\" alt=\"D\u00e9tail du plan de table de mariage avec fleurs blanches et feuillage dans la cour du Ch\u00e2teau Pape Cl\u00e9ment \u00e0 Pessac, photo Julien Boyer\" srcset=\"https:\/\/www.boyerjulien.com\/wp-content\/uploads\/2025\/12\/mariage-chateau-pape-clement-pessac69.webp 1280w, https:\/\/www.boyerjulien.com\/wp-content\/uploads\/2025\/12\/mariage-chateau-pape-clement-pessac69-200x300.webp 200w, https:\/\/www.boyerjulien.com\/wp-content\/uploads\/2025\/12\/mariage-chateau-pape-clement-pessac69-682x1024.webp 682w, https:\/\/www.boyerjulien.com\/wp-content\/uploads\/2025\/12\/mariage-chateau-pape-clement-pessac69-768x1152.webp 768w, https:\/\/www.boyerjulien.com\/wp-content\/uploads\/2025\/12\/mariage-chateau-pape-clement-pessac69-1024x1536.webp 1024w\" sizes=\"(max-width: 1280px) 100vw, 1280px\" \/>\t\t\t\t\t\t\t\t<\/a>\n\t\t\t\t\t\t\t\t\t\t\t\t\t\t\t<\/div>\n\t\t\t\t<\/div>\n\t\t\t\t<div class=\"elementor-element elementor-element-e7b5a1d uael-img-grid__column-2 uael-img-grid-tablet__column-3 uael-img-grid-mobile__column-2 uael-ins-normal elementor-widget elementor-widget-uael-image-gallery\" data-id=\"e7b5a1d\" data-element_type=\"widget\" data-settings=\"{&quot;gallery_columns&quot;:&quot;2&quot;,&quot;gallery_columns_tablet&quot;:&quot;3&quot;,&quot;gallery_columns_mobile&quot;:&quot;2&quot;,&quot;column_gap&quot;:{&quot;unit&quot;:&quot;px&quot;,&quot;size&quot;:20,&quot;sizes&quot;:[]},&quot;column_gap_widescreen&quot;:{&quot;unit&quot;:&quot;px&quot;,&quot;size&quot;:&quot;&quot;,&quot;sizes&quot;:[]},&quot;column_gap_laptop&quot;:{&quot;unit&quot;:&quot;px&quot;,&quot;size&quot;:&quot;&quot;,&quot;sizes&quot;:[]},&quot;column_gap_tablet_extra&quot;:{&quot;unit&quot;:&quot;px&quot;,&quot;size&quot;:&quot;&quot;,&quot;sizes&quot;:[]},&quot;column_gap_tablet&quot;:{&quot;unit&quot;:&quot;px&quot;,&quot;size&quot;:&quot;&quot;,&quot;sizes&quot;:[]},&quot;column_gap_mobile_extra&quot;:{&quot;unit&quot;:&quot;px&quot;,&quot;size&quot;:&quot;&quot;,&quot;sizes&quot;:[]},&quot;column_gap_mobile&quot;:{&quot;unit&quot;:&quot;px&quot;,&quot;size&quot;:&quot;&quot;,&quot;sizes&quot;:[]},&quot;row_gap&quot;:{&quot;unit&quot;:&quot;px&quot;,&quot;size&quot;:20,&quot;sizes&quot;:[]},&quot;row_gap_widescreen&quot;:{&quot;unit&quot;:&quot;px&quot;,&quot;size&quot;:&quot;&quot;,&quot;sizes&quot;:[]},&quot;row_gap_laptop&quot;:{&quot;unit&quot;:&quot;px&quot;,&quot;size&quot;:&quot;&quot;,&quot;sizes&quot;:[]},&quot;row_gap_tablet_extra&quot;:{&quot;unit&quot;:&quot;px&quot;,&quot;size&quot;:&quot;&quot;,&quot;sizes&quot;:[]},&quot;row_gap_tablet&quot;:{&quot;unit&quot;:&quot;px&quot;,&quot;size&quot;:&quot;&quot;,&quot;sizes&quot;:[]},&quot;row_gap_mobile_extra&quot;:{&quot;unit&quot;:&quot;px&quot;,&quot;size&quot;:&quot;&quot;,&quot;sizes&quot;:[]},&quot;row_gap_mobile&quot;:{&quot;unit&quot;:&quot;px&quot;,&quot;size&quot;:&quot;&quot;,&quot;sizes&quot;:[]}}\" data-widget_type=\"uael-image-gallery.default\">\n\t\t\t\t<div class=\"elementor-widget-container\">\n\t\t\t\t\t<div class=\"uael-gallery-parent uael-caption- uael-gallery-unjustified\"><div class=\"uael-img-gallery-wrap uael-img-masonry-wrap uael-img-grid-masonry-wrap uael-masonry uael-image-lightbox-wrap\" data-filter-default=\"All\" data-lightbox_actions=\"[&quot;close&quot;]\" data-lightbox-gallery-loop=\"\"><div class=\"uael-grid-item  uael-img-gallery-item-1\"><div class=\"uael-grid-item-content\"><a class=\"uael-grid-img uael-grid-gallery-img uael-ins-hover elementor-clickable\" data-fancybox=\"uael-gallery\" href=\"https:\/\/www.boyerjulien.com\/wp-content\/uploads\/2025\/12\/mariage-chateau-pape-clement-pessac70.webp\" data-elementor-open-lightbox=\"no\"><div class=\"uael-grid-img-thumbnail uael-ins-target\"><img loading=\"lazy\" decoding=\"async\" width=\"1024\" height=\"682\" src=\"https:\/\/www.boyerjulien.com\/wp-content\/uploads\/2025\/12\/mariage-chateau-pape-clement-pessac70-1024x682.webp\" class=\"attachment-large size-large wp-image-3657\" alt=\"Les mari\u00e9s font leur entr\u00e9e dans l\u2019espace de r\u00e9ception en ext\u00e9rieur au Ch\u00e2teau Pape Cl\u00e9ment \u00e0 Pessac, photo de mariage par Julien Boyer\" srcset=\"https:\/\/www.boyerjulien.com\/wp-content\/uploads\/2025\/12\/mariage-chateau-pape-clement-pessac70-1024x682.webp 1024w, https:\/\/www.boyerjulien.com\/wp-content\/uploads\/2025\/12\/mariage-chateau-pape-clement-pessac70-300x200.webp 300w, https:\/\/www.boyerjulien.com\/wp-content\/uploads\/2025\/12\/mariage-chateau-pape-clement-pessac70-768x512.webp 768w, https:\/\/www.boyerjulien.com\/wp-content\/uploads\/2025\/12\/mariage-chateau-pape-clement-pessac70-1536x1024.webp 1536w, https:\/\/www.boyerjulien.com\/wp-content\/uploads\/2025\/12\/mariage-chateau-pape-clement-pessac70.webp 1920w\" sizes=\"(max-width: 1024px) 100vw, 1024px\" \/><\/div><div class=\"uael-grid-img-overlay\"><\/div><\/a><\/div><\/div><div class=\"uael-grid-item  uael-img-gallery-item-2\"><div class=\"uael-grid-item-content\"><a class=\"uael-grid-img uael-grid-gallery-img uael-ins-hover elementor-clickable\" data-fancybox=\"uael-gallery\" href=\"https:\/\/www.boyerjulien.com\/wp-content\/uploads\/2025\/12\/mariage-chateau-pape-clement-pessac71.webp\" data-elementor-open-lightbox=\"no\"><div class=\"uael-grid-img-thumbnail uael-ins-target\"><img loading=\"lazy\" decoding=\"async\" width=\"1024\" height=\"682\" src=\"https:\/\/www.boyerjulien.com\/wp-content\/uploads\/2025\/12\/mariage-chateau-pape-clement-pessac71-1024x682.webp\" class=\"attachment-large size-large wp-image-3658\" alt=\"Les mari\u00e9s traversent les tables sous les applaudissements des invit\u00e9s lors de la r\u00e9ception de mariage au Ch\u00e2teau Pape Cl\u00e9ment \u00e0 Pessac, photo Julien Boyer\" srcset=\"https:\/\/www.boyerjulien.com\/wp-content\/uploads\/2025\/12\/mariage-chateau-pape-clement-pessac71-1024x682.webp 1024w, https:\/\/www.boyerjulien.com\/wp-content\/uploads\/2025\/12\/mariage-chateau-pape-clement-pessac71-300x200.webp 300w, https:\/\/www.boyerjulien.com\/wp-content\/uploads\/2025\/12\/mariage-chateau-pape-clement-pessac71-768x512.webp 768w, https:\/\/www.boyerjulien.com\/wp-content\/uploads\/2025\/12\/mariage-chateau-pape-clement-pessac71-1536x1024.webp 1536w, https:\/\/www.boyerjulien.com\/wp-content\/uploads\/2025\/12\/mariage-chateau-pape-clement-pessac71.webp 1920w\" sizes=\"(max-width: 1024px) 100vw, 1024px\" \/><\/div><div class=\"uael-grid-img-overlay\"><\/div><\/a><\/div><\/div><div class=\"uael-grid-item  uael-img-gallery-item-3\"><div class=\"uael-grid-item-content\"><a class=\"uael-grid-img uael-grid-gallery-img uael-ins-hover elementor-clickable\" data-fancybox=\"uael-gallery\" href=\"https:\/\/www.boyerjulien.com\/wp-content\/uploads\/2025\/12\/mariage-chateau-pape-clement-pessac73.webp\" data-elementor-open-lightbox=\"no\"><div class=\"uael-grid-img-thumbnail uael-ins-target\"><img loading=\"lazy\" decoding=\"async\" width=\"1024\" height=\"682\" src=\"https:\/\/www.boyerjulien.com\/wp-content\/uploads\/2025\/12\/mariage-chateau-pape-clement-pessac73-1024x682.webp\" class=\"attachment-large size-large wp-image-3660\" alt=\"Invit\u00e9s applaudissant et agitant leurs serviettes pendant le d\u00eener de mariage au Ch\u00e2teau Pape Cl\u00e9ment \u00e0 Pessac, photo par Julien Boyer\" srcset=\"https:\/\/www.boyerjulien.com\/wp-content\/uploads\/2025\/12\/mariage-chateau-pape-clement-pessac73-1024x682.webp 1024w, https:\/\/www.boyerjulien.com\/wp-content\/uploads\/2025\/12\/mariage-chateau-pape-clement-pessac73-300x200.webp 300w, https:\/\/www.boyerjulien.com\/wp-content\/uploads\/2025\/12\/mariage-chateau-pape-clement-pessac73-768x512.webp 768w, https:\/\/www.boyerjulien.com\/wp-content\/uploads\/2025\/12\/mariage-chateau-pape-clement-pessac73-1536x1024.webp 1536w, https:\/\/www.boyerjulien.com\/wp-content\/uploads\/2025\/12\/mariage-chateau-pape-clement-pessac73.webp 1920w\" sizes=\"(max-width: 1024px) 100vw, 1024px\" \/><\/div><div class=\"uael-grid-img-overlay\"><\/div><\/a><\/div><\/div><div class=\"uael-grid-item  uael-img-gallery-item-4\"><div class=\"uael-grid-item-content\"><a class=\"uael-grid-img uael-grid-gallery-img uael-ins-hover elementor-clickable\" data-fancybox=\"uael-gallery\" href=\"https:\/\/www.boyerjulien.com\/wp-content\/uploads\/2025\/12\/mariage-chateau-pape-clement-pessac72.webp\" data-elementor-open-lightbox=\"no\"><div class=\"uael-grid-img-thumbnail uael-ins-target\"><img loading=\"lazy\" decoding=\"async\" width=\"1024\" height=\"682\" src=\"https:\/\/www.boyerjulien.com\/wp-content\/uploads\/2025\/12\/mariage-chateau-pape-clement-pessac72-1024x682.webp\" class=\"attachment-large size-large wp-image-3659\" alt=\"Invit\u00e9s applaudissant et c\u00e9l\u00e9brant les mari\u00e9s pendant la r\u00e9ception de mariage au Ch\u00e2teau Pape Cl\u00e9ment \u00e0 Pessac, reportage photo par Julien Boyer\" srcset=\"https:\/\/www.boyerjulien.com\/wp-content\/uploads\/2025\/12\/mariage-chateau-pape-clement-pessac72-1024x682.webp 1024w, https:\/\/www.boyerjulien.com\/wp-content\/uploads\/2025\/12\/mariage-chateau-pape-clement-pessac72-300x200.webp 300w, https:\/\/www.boyerjulien.com\/wp-content\/uploads\/2025\/12\/mariage-chateau-pape-clement-pessac72-768x512.webp 768w, https:\/\/www.boyerjulien.com\/wp-content\/uploads\/2025\/12\/mariage-chateau-pape-clement-pessac72-1536x1024.webp 1536w, https:\/\/www.boyerjulien.com\/wp-content\/uploads\/2025\/12\/mariage-chateau-pape-clement-pessac72.webp 1920w\" sizes=\"(max-width: 1024px) 100vw, 1024px\" \/><\/div><div class=\"uael-grid-img-overlay\"><\/div><\/a><\/div><\/div><div class=\"uael-grid-item  uael-img-gallery-item-5\"><div class=\"uael-grid-item-content\"><a class=\"uael-grid-img uael-grid-gallery-img uael-ins-hover elementor-clickable\" data-fancybox=\"uael-gallery\" href=\"https:\/\/www.boyerjulien.com\/wp-content\/uploads\/2025\/12\/mariage-chateau-pape-clement-pessac74.webp\" data-elementor-open-lightbox=\"no\"><div class=\"uael-grid-img-thumbnail uael-ins-target\"><img loading=\"lazy\" decoding=\"async\" width=\"1024\" height=\"682\" src=\"https:\/\/www.boyerjulien.com\/wp-content\/uploads\/2025\/12\/mariage-chateau-pape-clement-pessac74-1024x682.webp\" class=\"attachment-large size-large wp-image-3661\" alt=\"Le mari\u00e9 \u00e9change une \u00e9treinte pleine d\u2019\u00e9motion avec un proche lors de la r\u00e9ception de mariage au Ch\u00e2teau Pape Cl\u00e9ment \u00e0 Pessac, photo Julien Boyer\" srcset=\"https:\/\/www.boyerjulien.com\/wp-content\/uploads\/2025\/12\/mariage-chateau-pape-clement-pessac74-1024x682.webp 1024w, https:\/\/www.boyerjulien.com\/wp-content\/uploads\/2025\/12\/mariage-chateau-pape-clement-pessac74-300x200.webp 300w, https:\/\/www.boyerjulien.com\/wp-content\/uploads\/2025\/12\/mariage-chateau-pape-clement-pessac74-768x512.webp 768w, https:\/\/www.boyerjulien.com\/wp-content\/uploads\/2025\/12\/mariage-chateau-pape-clement-pessac74-1536x1024.webp 1536w, https:\/\/www.boyerjulien.com\/wp-content\/uploads\/2025\/12\/mariage-chateau-pape-clement-pessac74.webp 1920w\" sizes=\"(max-width: 1024px) 100vw, 1024px\" \/><\/div><div class=\"uael-grid-img-overlay\"><\/div><\/a><\/div><\/div><div class=\"uael-grid-item  uael-img-gallery-item-6\"><div class=\"uael-grid-item-content\"><a class=\"uael-grid-img uael-grid-gallery-img uael-ins-hover elementor-clickable\" data-fancybox=\"uael-gallery\" href=\"https:\/\/www.boyerjulien.com\/wp-content\/uploads\/2025\/12\/mariage-chateau-pape-clement-pessac75.webp\" data-elementor-open-lightbox=\"no\"><div class=\"uael-grid-img-thumbnail uael-ins-target\"><img loading=\"lazy\" decoding=\"async\" width=\"1024\" height=\"682\" src=\"https:\/\/www.boyerjulien.com\/wp-content\/uploads\/2025\/12\/mariage-chateau-pape-clement-pessac75-1024x682.webp\" class=\"attachment-large size-large wp-image-3662\" alt=\"Photo de groupe des invit\u00e9s et des mari\u00e9s pendant la soir\u00e9e de mariage au Ch\u00e2teau Pape Cl\u00e9ment \u00e0 Pessac, ambiance nocturne photographi\u00e9e par Julien Boyer\" srcset=\"https:\/\/www.boyerjulien.com\/wp-content\/uploads\/2025\/12\/mariage-chateau-pape-clement-pessac75-1024x682.webp 1024w, https:\/\/www.boyerjulien.com\/wp-content\/uploads\/2025\/12\/mariage-chateau-pape-clement-pessac75-300x200.webp 300w, https:\/\/www.boyerjulien.com\/wp-content\/uploads\/2025\/12\/mariage-chateau-pape-clement-pessac75-768x512.webp 768w, https:\/\/www.boyerjulien.com\/wp-content\/uploads\/2025\/12\/mariage-chateau-pape-clement-pessac75-1536x1024.webp 1536w, https:\/\/www.boyerjulien.com\/wp-content\/uploads\/2025\/12\/mariage-chateau-pape-clement-pessac75.webp 1920w\" sizes=\"(max-width: 1024px) 100vw, 1024px\" \/><\/div><div class=\"uael-grid-img-overlay\"><\/div><\/a><\/div><\/div><div class=\"uael-grid-item  uael-img-gallery-item-7\"><div class=\"uael-grid-item-content\"><a class=\"uael-grid-img uael-grid-gallery-img uael-ins-hover elementor-clickable\" data-fancybox=\"uael-gallery\" href=\"https:\/\/www.boyerjulien.com\/wp-content\/uploads\/2025\/12\/mariage-chateau-pape-clement-pessac76.webp\" data-elementor-open-lightbox=\"no\"><div class=\"uael-grid-img-thumbnail uael-ins-target\"><img loading=\"lazy\" decoding=\"async\" width=\"1024\" height=\"682\" src=\"https:\/\/www.boyerjulien.com\/wp-content\/uploads\/2025\/12\/mariage-chateau-pape-clement-pessac76-1024x682.webp\" class=\"attachment-large size-large wp-image-3663\" alt=\"Arriv\u00e9e du g\u00e2teau de mariage en soir\u00e9e dans la cour du Ch\u00e2teau Pape Cl\u00e9ment \u00e0 Pessac, mise en sc\u00e8ne \u00e9l\u00e9gante photographi\u00e9e par Julien Boyer\" srcset=\"https:\/\/www.boyerjulien.com\/wp-content\/uploads\/2025\/12\/mariage-chateau-pape-clement-pessac76-1024x682.webp 1024w, https:\/\/www.boyerjulien.com\/wp-content\/uploads\/2025\/12\/mariage-chateau-pape-clement-pessac76-300x200.webp 300w, https:\/\/www.boyerjulien.com\/wp-content\/uploads\/2025\/12\/mariage-chateau-pape-clement-pessac76-768x512.webp 768w, https:\/\/www.boyerjulien.com\/wp-content\/uploads\/2025\/12\/mariage-chateau-pape-clement-pessac76-1536x1024.webp 1536w, https:\/\/www.boyerjulien.com\/wp-content\/uploads\/2025\/12\/mariage-chateau-pape-clement-pessac76.webp 1920w\" sizes=\"(max-width: 1024px) 100vw, 1024px\" \/><\/div><div class=\"uael-grid-img-overlay\"><\/div><\/a><\/div><\/div><div class=\"uael-grid-item  uael-img-gallery-item-8\"><div class=\"uael-grid-item-content\"><a class=\"uael-grid-img uael-grid-gallery-img uael-ins-hover elementor-clickable\" data-fancybox=\"uael-gallery\" href=\"https:\/\/www.boyerjulien.com\/wp-content\/uploads\/2025\/12\/mariage-chateau-pape-clement-pessac77.webp\" data-elementor-open-lightbox=\"no\"><div class=\"uael-grid-img-thumbnail uael-ins-target\"><img loading=\"lazy\" decoding=\"async\" width=\"1024\" height=\"682\" src=\"https:\/\/www.boyerjulien.com\/wp-content\/uploads\/2025\/12\/mariage-chateau-pape-clement-pessac77-1024x682.webp\" class=\"attachment-large size-large wp-image-3664\" alt=\"Les mari\u00e9s font leur entr\u00e9e pour le g\u00e2teau de mariage au Ch\u00e2teau Pape Cl\u00e9ment \u00e0 Pessac, sous les applaudissements des invit\u00e9s, photo Julien Boyer\" srcset=\"https:\/\/www.boyerjulien.com\/wp-content\/uploads\/2025\/12\/mariage-chateau-pape-clement-pessac77-1024x682.webp 1024w, https:\/\/www.boyerjulien.com\/wp-content\/uploads\/2025\/12\/mariage-chateau-pape-clement-pessac77-300x200.webp 300w, https:\/\/www.boyerjulien.com\/wp-content\/uploads\/2025\/12\/mariage-chateau-pape-clement-pessac77-768x512.webp 768w, https:\/\/www.boyerjulien.com\/wp-content\/uploads\/2025\/12\/mariage-chateau-pape-clement-pessac77-1536x1024.webp 1536w, https:\/\/www.boyerjulien.com\/wp-content\/uploads\/2025\/12\/mariage-chateau-pape-clement-pessac77.webp 1920w\" sizes=\"(max-width: 1024px) 100vw, 1024px\" \/><\/div><div class=\"uael-grid-img-overlay\"><\/div><\/a><\/div><\/div><\/div><\/div>\t\t\t\t<\/div>\n\t\t\t\t<\/div>\n\t\t\t\t<div class=\"elementor-element elementor-element-3fe5f60 elementor-widget elementor-widget-image\" data-id=\"3fe5f60\" data-element_type=\"widget\" data-widget_type=\"image.default\">\n\t\t\t\t<div class=\"elementor-widget-container\">\n\t\t\t\t\t\t\t\t\t\t\t\t\t\t\t\t<a href=\"https:\/\/www.boyerjulien.com\/wp-content\/uploads\/2025\/12\/mariage-chateau-pape-clement-pessac78.jpg\" data-elementor-open-lightbox=\"yes\" data-e-action-hash=\"#elementor-action%3Aaction%3Dlightbox%26settings%3DeyJpZCI6MzY2NSwidXJsIjoiaHR0cHM6XC9cL3d3dy5ib3llcmp1bGllbi5jb21cL3dwLWNvbnRlbnRcL3VwbG9hZHNcLzIwMjVcLzEyXC9tYXJpYWdlLWNoYXRlYXUtcGFwZS1jbGVtZW50LXBlc3NhYzc4LndlYnAifQ%3D%3D\">\n\t\t\t\t\t\t\t<img loading=\"lazy\" decoding=\"async\" width=\"1920\" height=\"1280\" src=\"https:\/\/www.boyerjulien.com\/wp-content\/uploads\/2025\/12\/mariage-chateau-pape-clement-pessac78.webp\" class=\"attachment-full size-full wp-image-3665\" alt=\"Les mari\u00e9s s\u2019embrassent devant le g\u00e2teau de mariage au Ch\u00e2teau Pape Cl\u00e9ment \u00e0 Pessac lors de la soir\u00e9e, photo de mariage par Julien Boyer\" srcset=\"https:\/\/www.boyerjulien.com\/wp-content\/uploads\/2025\/12\/mariage-chateau-pape-clement-pessac78.webp 1920w, https:\/\/www.boyerjulien.com\/wp-content\/uploads\/2025\/12\/mariage-chateau-pape-clement-pessac78-300x200.webp 300w, https:\/\/www.boyerjulien.com\/wp-content\/uploads\/2025\/12\/mariage-chateau-pape-clement-pessac78-1024x682.webp 1024w, https:\/\/www.boyerjulien.com\/wp-content\/uploads\/2025\/12\/mariage-chateau-pape-clement-pessac78-768x512.webp 768w, https:\/\/www.boyerjulien.com\/wp-content\/uploads\/2025\/12\/mariage-chateau-pape-clement-pessac78-1536x1024.webp 1536w\" sizes=\"(max-width: 1920px) 100vw, 1920px\" \/>\t\t\t\t\t\t\t\t<\/a>\n\t\t\t\t\t\t\t\t\t\t\t\t\t\t\t<\/div>\n\t\t\t\t<\/div>\n\t\t\t\t<div class=\"elementor-element elementor-element-bf23c29 elementor-widget elementor-widget-image\" data-id=\"bf23c29\" data-element_type=\"widget\" data-widget_type=\"image.default\">\n\t\t\t\t<div class=\"elementor-widget-container\">\n\t\t\t\t\t\t\t\t\t\t\t\t\t\t\t\t<a href=\"https:\/\/www.boyerjulien.com\/wp-content\/uploads\/2025\/12\/mariage-chateau-pape-clement-pessac79.jpg\" data-elementor-open-lightbox=\"yes\" data-e-action-hash=\"#elementor-action%3Aaction%3Dlightbox%26settings%3DeyJpZCI6MzY2NiwidXJsIjoiaHR0cHM6XC9cL3d3dy5ib3llcmp1bGllbi5jb21cL3dwLWNvbnRlbnRcL3VwbG9hZHNcLzIwMjVcLzEyXC9tYXJpYWdlLWNoYXRlYXUtcGFwZS1jbGVtZW50LXBlc3NhYzc5LndlYnAifQ%3D%3D\">\n\t\t\t\t\t\t\t<img alt=\"\" loading=\"lazy\" decoding=\"async\" width=\"1920\" height=\"1280\" src=\"https:\/\/www.boyerjulien.com\/wp-content\/uploads\/2025\/12\/mariage-chateau-pape-clement-pessac79.webp\" class=\"attachment-full size-full wp-image-3666\" alt=\"\" srcset=\"https:\/\/www.boyerjulien.com\/wp-content\/uploads\/2025\/12\/mariage-chateau-pape-clement-pessac79.webp 1920w, https:\/\/www.boyerjulien.com\/wp-content\/uploads\/2025\/12\/mariage-chateau-pape-clement-pessac79-300x200.webp 300w, https:\/\/www.boyerjulien.com\/wp-content\/uploads\/2025\/12\/mariage-chateau-pape-clement-pessac79-1024x682.webp 1024w, https:\/\/www.boyerjulien.com\/wp-content\/uploads\/2025\/12\/mariage-chateau-pape-clement-pessac79-768x512.webp 768w, https:\/\/www.boyerjulien.com\/wp-content\/uploads\/2025\/12\/mariage-chateau-pape-clement-pessac79-1536x1024.webp 1536w\" sizes=\"(max-width: 1920px) 100vw, 1920px\" \/>\t\t\t\t\t\t\t\t<\/a>\n\t\t\t\t\t\t\t\t\t\t\t\t\t\t\t<\/div>\n\t\t\t\t<\/div>\n\t\t\t\t<div class=\"elementor-element elementor-element-1732fb8 uael-img-grid__column-2 uael-img-grid-tablet__column-3 uael-img-grid-mobile__column-2 uael-ins-normal elementor-widget elementor-widget-uael-image-gallery\" data-id=\"1732fb8\" data-element_type=\"widget\" data-settings=\"{&quot;gallery_columns&quot;:&quot;2&quot;,&quot;gallery_columns_tablet&quot;:&quot;3&quot;,&quot;gallery_columns_mobile&quot;:&quot;2&quot;,&quot;column_gap&quot;:{&quot;unit&quot;:&quot;px&quot;,&quot;size&quot;:20,&quot;sizes&quot;:[]},&quot;column_gap_widescreen&quot;:{&quot;unit&quot;:&quot;px&quot;,&quot;size&quot;:&quot;&quot;,&quot;sizes&quot;:[]},&quot;column_gap_laptop&quot;:{&quot;unit&quot;:&quot;px&quot;,&quot;size&quot;:&quot;&quot;,&quot;sizes&quot;:[]},&quot;column_gap_tablet_extra&quot;:{&quot;unit&quot;:&quot;px&quot;,&quot;size&quot;:&quot;&quot;,&quot;sizes&quot;:[]},&quot;column_gap_tablet&quot;:{&quot;unit&quot;:&quot;px&quot;,&quot;size&quot;:&quot;&quot;,&quot;sizes&quot;:[]},&quot;column_gap_mobile_extra&quot;:{&quot;unit&quot;:&quot;px&quot;,&quot;size&quot;:&quot;&quot;,&quot;sizes&quot;:[]},&quot;column_gap_mobile&quot;:{&quot;unit&quot;:&quot;px&quot;,&quot;size&quot;:&quot;&quot;,&quot;sizes&quot;:[]},&quot;row_gap&quot;:{&quot;unit&quot;:&quot;px&quot;,&quot;size&quot;:20,&quot;sizes&quot;:[]},&quot;row_gap_widescreen&quot;:{&quot;unit&quot;:&quot;px&quot;,&quot;size&quot;:&quot;&quot;,&quot;sizes&quot;:[]},&quot;row_gap_laptop&quot;:{&quot;unit&quot;:&quot;px&quot;,&quot;size&quot;:&quot;&quot;,&quot;sizes&quot;:[]},&quot;row_gap_tablet_extra&quot;:{&quot;unit&quot;:&quot;px&quot;,&quot;size&quot;:&quot;&quot;,&quot;sizes&quot;:[]},&quot;row_gap_tablet&quot;:{&quot;unit&quot;:&quot;px&quot;,&quot;size&quot;:&quot;&quot;,&quot;sizes&quot;:[]},&quot;row_gap_mobile_extra&quot;:{&quot;unit&quot;:&quot;px&quot;,&quot;size&quot;:&quot;&quot;,&quot;sizes&quot;:[]},&quot;row_gap_mobile&quot;:{&quot;unit&quot;:&quot;px&quot;,&quot;size&quot;:&quot;&quot;,&quot;sizes&quot;:[]}}\" data-widget_type=\"uael-image-gallery.default\">\n\t\t\t\t<div class=\"elementor-widget-container\">\n\t\t\t\t\t<div class=\"uael-gallery-parent uael-caption- uael-gallery-unjustified\"><div class=\"uael-img-gallery-wrap uael-img-masonry-wrap uael-img-grid-masonry-wrap uael-masonry uael-image-lightbox-wrap\" data-filter-default=\"All\" data-lightbox_actions=\"[&quot;close&quot;]\" data-lightbox-gallery-loop=\"\"><div class=\"uael-grid-item  uael-img-gallery-item-1\"><div class=\"uael-grid-item-content\"><a class=\"uael-grid-img uael-grid-gallery-img uael-ins-hover elementor-clickable\" data-fancybox=\"uael-gallery\" href=\"https:\/\/www.boyerjulien.com\/wp-content\/uploads\/2025\/12\/mariage-chateau-pape-clement-pessac80.webp\" data-elementor-open-lightbox=\"no\"><div class=\"uael-grid-img-thumbnail uael-ins-target\"><img alt=\"\" loading=\"lazy\" decoding=\"async\" width=\"1024\" height=\"682\" src=\"https:\/\/www.boyerjulien.com\/wp-content\/uploads\/2025\/12\/mariage-chateau-pape-clement-pessac80-1024x682.webp\" class=\"attachment-large size-large wp-image-3667\" alt=\"\" srcset=\"https:\/\/www.boyerjulien.com\/wp-content\/uploads\/2025\/12\/mariage-chateau-pape-clement-pessac80-1024x682.webp 1024w, https:\/\/www.boyerjulien.com\/wp-content\/uploads\/2025\/12\/mariage-chateau-pape-clement-pessac80-300x200.webp 300w, https:\/\/www.boyerjulien.com\/wp-content\/uploads\/2025\/12\/mariage-chateau-pape-clement-pessac80-768x512.webp 768w, https:\/\/www.boyerjulien.com\/wp-content\/uploads\/2025\/12\/mariage-chateau-pape-clement-pessac80-1536x1024.webp 1536w, https:\/\/www.boyerjulien.com\/wp-content\/uploads\/2025\/12\/mariage-chateau-pape-clement-pessac80.webp 1920w\" sizes=\"(max-width: 1024px) 100vw, 1024px\" \/><\/div><div class=\"uael-grid-img-overlay\"><\/div><\/a><\/div><\/div><div class=\"uael-grid-item  uael-img-gallery-item-2\"><div class=\"uael-grid-item-content\"><a class=\"uael-grid-img uael-grid-gallery-img uael-ins-hover elementor-clickable\" data-fancybox=\"uael-gallery\" href=\"https:\/\/www.boyerjulien.com\/wp-content\/uploads\/2025\/12\/mariage-chateau-pape-clement-pessac81.webp\" data-elementor-open-lightbox=\"no\"><div class=\"uael-grid-img-thumbnail uael-ins-target\"><img alt=\"\" loading=\"lazy\" decoding=\"async\" width=\"1024\" height=\"682\" src=\"https:\/\/www.boyerjulien.com\/wp-content\/uploads\/2025\/12\/mariage-chateau-pape-clement-pessac81-1024x682.webp\" class=\"attachment-large size-large wp-image-3668\" alt=\"\" srcset=\"https:\/\/www.boyerjulien.com\/wp-content\/uploads\/2025\/12\/mariage-chateau-pape-clement-pessac81-1024x682.webp 1024w, https:\/\/www.boyerjulien.com\/wp-content\/uploads\/2025\/12\/mariage-chateau-pape-clement-pessac81-300x200.webp 300w, https:\/\/www.boyerjulien.com\/wp-content\/uploads\/2025\/12\/mariage-chateau-pape-clement-pessac81-768x512.webp 768w, https:\/\/www.boyerjulien.com\/wp-content\/uploads\/2025\/12\/mariage-chateau-pape-clement-pessac81-1536x1024.webp 1536w, https:\/\/www.boyerjulien.com\/wp-content\/uploads\/2025\/12\/mariage-chateau-pape-clement-pessac81.webp 1920w\" sizes=\"(max-width: 1024px) 100vw, 1024px\" \/><\/div><div class=\"uael-grid-img-overlay\"><\/div><\/a><\/div><\/div><div class=\"uael-grid-item  uael-img-gallery-item-3\"><div class=\"uael-grid-item-content\"><a class=\"uael-grid-img uael-grid-gallery-img uael-ins-hover elementor-clickable\" data-fancybox=\"uael-gallery\" href=\"https:\/\/www.boyerjulien.com\/wp-content\/uploads\/2025\/12\/mariage-chateau-pape-clement-pessac82.webp\" data-elementor-open-lightbox=\"no\"><div class=\"uael-grid-img-thumbnail uael-ins-target\"><img alt=\"\" loading=\"lazy\" decoding=\"async\" width=\"1024\" height=\"682\" src=\"https:\/\/www.boyerjulien.com\/wp-content\/uploads\/2025\/12\/mariage-chateau-pape-clement-pessac82-1024x682.webp\" class=\"attachment-large size-large wp-image-3669\" alt=\"\" srcset=\"https:\/\/www.boyerjulien.com\/wp-content\/uploads\/2025\/12\/mariage-chateau-pape-clement-pessac82-1024x682.webp 1024w, https:\/\/www.boyerjulien.com\/wp-content\/uploads\/2025\/12\/mariage-chateau-pape-clement-pessac82-300x200.webp 300w, https:\/\/www.boyerjulien.com\/wp-content\/uploads\/2025\/12\/mariage-chateau-pape-clement-pessac82-768x512.webp 768w, https:\/\/www.boyerjulien.com\/wp-content\/uploads\/2025\/12\/mariage-chateau-pape-clement-pessac82-1536x1024.webp 1536w, https:\/\/www.boyerjulien.com\/wp-content\/uploads\/2025\/12\/mariage-chateau-pape-clement-pessac82.webp 1920w\" sizes=\"(max-width: 1024px) 100vw, 1024px\" \/><\/div><div class=\"uael-grid-img-overlay\"><\/div><\/a><\/div><\/div><div class=\"uael-grid-item  uael-img-gallery-item-4\"><div class=\"uael-grid-item-content\"><a class=\"uael-grid-img uael-grid-gallery-img uael-ins-hover elementor-clickable\" data-fancybox=\"uael-gallery\" href=\"https:\/\/www.boyerjulien.com\/wp-content\/uploads\/2025\/12\/mariage-chateau-pape-clement-pessac83.webp\" data-elementor-open-lightbox=\"no\"><div class=\"uael-grid-img-thumbnail uael-ins-target\"><img alt=\"\" loading=\"lazy\" decoding=\"async\" width=\"1024\" height=\"682\" src=\"https:\/\/www.boyerjulien.com\/wp-content\/uploads\/2025\/12\/mariage-chateau-pape-clement-pessac83-1024x682.webp\" class=\"attachment-large size-large wp-image-3670\" alt=\"\" srcset=\"https:\/\/www.boyerjulien.com\/wp-content\/uploads\/2025\/12\/mariage-chateau-pape-clement-pessac83-1024x682.webp 1024w, https:\/\/www.boyerjulien.com\/wp-content\/uploads\/2025\/12\/mariage-chateau-pape-clement-pessac83-300x200.webp 300w, https:\/\/www.boyerjulien.com\/wp-content\/uploads\/2025\/12\/mariage-chateau-pape-clement-pessac83-768x512.webp 768w, https:\/\/www.boyerjulien.com\/wp-content\/uploads\/2025\/12\/mariage-chateau-pape-clement-pessac83-1536x1024.webp 1536w, https:\/\/www.boyerjulien.com\/wp-content\/uploads\/2025\/12\/mariage-chateau-pape-clement-pessac83.webp 1920w\" sizes=\"(max-width: 1024px) 100vw, 1024px\" \/><\/div><div class=\"uael-grid-img-overlay\"><\/div><\/a><\/div><\/div><div class=\"uael-grid-item  uael-img-gallery-item-5\"><div class=\"uael-grid-item-content\"><a class=\"uael-grid-img uael-grid-gallery-img uael-ins-hover elementor-clickable\" data-fancybox=\"uael-gallery\" href=\"https:\/\/www.boyerjulien.com\/wp-content\/uploads\/2025\/12\/mariage-chateau-pape-clement-pessac84.webp\" data-elementor-open-lightbox=\"no\"><div class=\"uael-grid-img-thumbnail uael-ins-target\"><img alt=\"\" loading=\"lazy\" decoding=\"async\" width=\"1024\" height=\"682\" src=\"https:\/\/www.boyerjulien.com\/wp-content\/uploads\/2025\/12\/mariage-chateau-pape-clement-pessac84-1024x682.webp\" class=\"attachment-large size-large wp-image-3671\" alt=\"\" srcset=\"https:\/\/www.boyerjulien.com\/wp-content\/uploads\/2025\/12\/mariage-chateau-pape-clement-pessac84-1024x682.webp 1024w, https:\/\/www.boyerjulien.com\/wp-content\/uploads\/2025\/12\/mariage-chateau-pape-clement-pessac84-300x200.webp 300w, https:\/\/www.boyerjulien.com\/wp-content\/uploads\/2025\/12\/mariage-chateau-pape-clement-pessac84-768x512.webp 768w, https:\/\/www.boyerjulien.com\/wp-content\/uploads\/2025\/12\/mariage-chateau-pape-clement-pessac84-1536x1024.webp 1536w, https:\/\/www.boyerjulien.com\/wp-content\/uploads\/2025\/12\/mariage-chateau-pape-clement-pessac84.webp 1920w\" sizes=\"(max-width: 1024px) 100vw, 1024px\" \/><\/div><div class=\"uael-grid-img-overlay\"><\/div><\/a><\/div><\/div><div class=\"uael-grid-item  uael-img-gallery-item-6\"><div class=\"uael-grid-item-content\"><a class=\"uael-grid-img uael-grid-gallery-img uael-ins-hover elementor-clickable\" data-fancybox=\"uael-gallery\" href=\"https:\/\/www.boyerjulien.com\/wp-content\/uploads\/2025\/12\/mariage-chateau-pape-clement-pessac85.webp\" data-elementor-open-lightbox=\"no\"><div class=\"uael-grid-img-thumbnail uael-ins-target\"><img alt=\"\" loading=\"lazy\" decoding=\"async\" width=\"1024\" height=\"682\" src=\"https:\/\/www.boyerjulien.com\/wp-content\/uploads\/2025\/12\/mariage-chateau-pape-clement-pessac85-1024x682.webp\" class=\"attachment-large size-large wp-image-3672\" alt=\"\" srcset=\"https:\/\/www.boyerjulien.com\/wp-content\/uploads\/2025\/12\/mariage-chateau-pape-clement-pessac85-1024x682.webp 1024w, https:\/\/www.boyerjulien.com\/wp-content\/uploads\/2025\/12\/mariage-chateau-pape-clement-pessac85-300x200.webp 300w, https:\/\/www.boyerjulien.com\/wp-content\/uploads\/2025\/12\/mariage-chateau-pape-clement-pessac85-768x512.webp 768w, https:\/\/www.boyerjulien.com\/wp-content\/uploads\/2025\/12\/mariage-chateau-pape-clement-pessac85-1536x1024.webp 1536w, https:\/\/www.boyerjulien.com\/wp-content\/uploads\/2025\/12\/mariage-chateau-pape-clement-pessac85.webp 1920w\" sizes=\"(max-width: 1024px) 100vw, 1024px\" \/><\/div><div class=\"uael-grid-img-overlay\"><\/div><\/a><\/div><\/div><div class=\"uael-grid-item  uael-img-gallery-item-7\"><div class=\"uael-grid-item-content\"><a class=\"uael-grid-img uael-grid-gallery-img uael-ins-hover elementor-clickable\" data-fancybox=\"uael-gallery\" href=\"https:\/\/www.boyerjulien.com\/wp-content\/uploads\/2025\/12\/mariage-chateau-pape-clement-pessac86.webp\" data-elementor-open-lightbox=\"no\"><div class=\"uael-grid-img-thumbnail uael-ins-target\"><img alt=\"\" loading=\"lazy\" decoding=\"async\" width=\"1024\" height=\"682\" src=\"https:\/\/www.boyerjulien.com\/wp-content\/uploads\/2025\/12\/mariage-chateau-pape-clement-pessac86-1024x682.webp\" class=\"attachment-large size-large wp-image-3673\" alt=\"\" srcset=\"https:\/\/www.boyerjulien.com\/wp-content\/uploads\/2025\/12\/mariage-chateau-pape-clement-pessac86-1024x682.webp 1024w, https:\/\/www.boyerjulien.com\/wp-content\/uploads\/2025\/12\/mariage-chateau-pape-clement-pessac86-300x200.webp 300w, https:\/\/www.boyerjulien.com\/wp-content\/uploads\/2025\/12\/mariage-chateau-pape-clement-pessac86-768x512.webp 768w, https:\/\/www.boyerjulien.com\/wp-content\/uploads\/2025\/12\/mariage-chateau-pape-clement-pessac86-1536x1024.webp 1536w, https:\/\/www.boyerjulien.com\/wp-content\/uploads\/2025\/12\/mariage-chateau-pape-clement-pessac86.webp 1920w\" sizes=\"(max-width: 1024px) 100vw, 1024px\" \/><\/div><div class=\"uael-grid-img-overlay\"><\/div><\/a><\/div><\/div><div class=\"uael-grid-item  uael-img-gallery-item-8\"><div class=\"uael-grid-item-content\"><a class=\"uael-grid-img uael-grid-gallery-img uael-ins-hover elementor-clickable\" data-fancybox=\"uael-gallery\" href=\"https:\/\/www.boyerjulien.com\/wp-content\/uploads\/2025\/12\/mariage-chateau-pape-clement-pessac87.webp\" data-elementor-open-lightbox=\"no\"><div class=\"uael-grid-img-thumbnail uael-ins-target\"><img alt=\"\" loading=\"lazy\" decoding=\"async\" width=\"1024\" height=\"682\" src=\"https:\/\/www.boyerjulien.com\/wp-content\/uploads\/2025\/12\/mariage-chateau-pape-clement-pessac87-1024x682.webp\" class=\"attachment-large size-large wp-image-3674\" alt=\"\" srcset=\"https:\/\/www.boyerjulien.com\/wp-content\/uploads\/2025\/12\/mariage-chateau-pape-clement-pessac87-1024x682.webp 1024w, https:\/\/www.boyerjulien.com\/wp-content\/uploads\/2025\/12\/mariage-chateau-pape-clement-pessac87-300x200.webp 300w, https:\/\/www.boyerjulien.com\/wp-content\/uploads\/2025\/12\/mariage-chateau-pape-clement-pessac87-768x512.webp 768w, https:\/\/www.boyerjulien.com\/wp-content\/uploads\/2025\/12\/mariage-chateau-pape-clement-pessac87-1536x1024.webp 1536w, https:\/\/www.boyerjulien.com\/wp-content\/uploads\/2025\/12\/mariage-chateau-pape-clement-pessac87.webp 1920w\" sizes=\"(max-width: 1024px) 100vw, 1024px\" \/><\/div><div class=\"uael-grid-img-overlay\"><\/div><\/a><\/div><\/div><\/div><\/div>\t\t\t\t<\/div>\n\t\t\t\t<\/div>\n\t\t\t\t<div class=\"elementor-element elementor-element-c5d4334 elementor-widget elementor-widget-image\" data-id=\"c5d4334\" data-element_type=\"widget\" data-widget_type=\"image.default\">\n\t\t\t\t<div class=\"elementor-widget-container\">\n\t\t\t\t\t\t\t\t\t\t\t\t\t\t\t\t<a href=\"https:\/\/www.boyerjulien.com\/wp-content\/uploads\/2025\/12\/mariage-chateau-pape-clement-pessac88.jpg\" data-elementor-open-lightbox=\"yes\" data-e-action-hash=\"#elementor-action%3Aaction%3Dlightbox%26settings%3DeyJpZCI6MzY3NSwidXJsIjoiaHR0cHM6XC9cL3d3dy5ib3llcmp1bGllbi5jb21cL3dwLWNvbnRlbnRcL3VwbG9hZHNcLzIwMjVcLzEyXC9tYXJpYWdlLWNoYXRlYXUtcGFwZS1jbGVtZW50LXBlc3NhYzg4LndlYnAifQ%3D%3D\">\n\t\t\t\t\t\t\t<img alt=\"\" loading=\"lazy\" decoding=\"async\" width=\"1280\" height=\"1920\" src=\"https:\/\/www.boyerjulien.com\/wp-content\/uploads\/2025\/12\/mariage-chateau-pape-clement-pessac88.webp\" class=\"attachment-full size-full wp-image-3675\" alt=\"\" srcset=\"https:\/\/www.boyerjulien.com\/wp-content\/uploads\/2025\/12\/mariage-chateau-pape-clement-pessac88.webp 1280w, https:\/\/www.boyerjulien.com\/wp-content\/uploads\/2025\/12\/mariage-chateau-pape-clement-pessac88-200x300.webp 200w, https:\/\/www.boyerjulien.com\/wp-content\/uploads\/2025\/12\/mariage-chateau-pape-clement-pessac88-682x1024.webp 682w, https:\/\/www.boyerjulien.com\/wp-content\/uploads\/2025\/12\/mariage-chateau-pape-clement-pessac88-768x1152.webp 768w, https:\/\/www.boyerjulien.com\/wp-content\/uploads\/2025\/12\/mariage-chateau-pape-clement-pessac88-1024x1536.webp 1024w\" sizes=\"(max-width: 1280px) 100vw, 1280px\" \/>\t\t\t\t\t\t\t\t<\/a>\n\t\t\t\t\t\t\t\t\t\t\t\t\t\t\t<\/div>\n\t\t\t\t<\/div>\n\t\t\t\t<\/div>\n\t\t\t\t\t<\/div>\n\t\t\t\t<\/div>\n\t\t\t\t<\/div>\n\t\t","protected":false},"featured_media":3675,"template":"","meta":{"_seopress_robots_primary_cat":"","_seopress_titles_title":"Mariage au Ch\u00e2teau Pape Cl\u00e9ment | Photographe de mariage","_seopress_titles_desc":"Un reportage photo de mariage au Ch\u00e2teau Pape Cl\u00e9ment, m\u00ealant \u00e9l\u00e9gance, discr\u00e9tion et \u00e9motions sinc\u00e8res dans un lieu d\u2019exception.","_seopress_robots_index":"","site-sidebar-layout":"no-sidebar","site-content-layout":"","ast-site-content-layout":"full-width-container","site-content-style":"default","site-sidebar-style":"default","ast-global-header-display":"","ast-banner-title-visibility":"","ast-main-header-display":"","ast-hfb-above-header-display":"","ast-hfb-below-header-display":"","ast-hfb-mobile-header-display":"","site-post-title":"","ast-breadcrumbs-content":"","ast-featured-img":"disabled","footer-sml-layout":"","ast-disable-related-posts":"","theme-transparent-header-meta":"","adv-header-id-meta":"","stick-header-meta":"","header-above-stick-meta":"","header-main-stick-meta":"","header-below-stick-meta":"","astra-migrate-meta-layouts":"default","ast-page-background-enabled":"default","ast-page-background-meta":{"desktop":{"background-color":"var(--ast-global-color-5)","background-image":"","background-repeat":"repeat","background-position":"center center","background-size":"auto","background-attachment":"scroll","background-type":"","background-media":"","overlay-type":"","overlay-color":"","overlay-opacity":"","overlay-gradient":""},"tablet":{"background-color":"","background-image":"","background-repeat":"repeat","background-position":"center center","background-size":"auto","background-attachment":"scroll","background-type":"","background-media":"","overlay-type":"","overlay-color":"","overlay-opacity":"","overlay-gradient":""},"mobile":{"background-color":"","background-image":"","background-repeat":"repeat","background-position":"center center","background-size":"auto","background-attachment":"scroll","background-type":"","background-media":"","overlay-type":"","overlay-color":"","overlay-opacity":"","overlay-gradient":""}},"ast-content-background-meta":{"desktop":{"background-color":"var(--ast-global-color-4)","background-image":"","background-repeat":"repeat","background-position":"center center","background-size":"auto","background-attachment":"scroll","background-type":"","background-media":"","overlay-type":"","overlay-color":"","overlay-opacity":"","overlay-gradient":""},"tablet":{"background-color":"var(--ast-global-color-4)","background-image":"","background-repeat":"repeat","background-position":"center center","background-size":"auto","background-attachment":"scroll","background-type":"","background-media":"","overlay-type":"","overlay-color":"","overlay-opacity":"","overlay-gradient":""},"mobile":{"background-color":"var(--ast-global-color-4)","background-image":"","background-repeat":"repeat","background-position":"center center","background-size":"auto","background-attachment":"scroll","background-type":"","background-media":"","overlay-type":"","overlay-color":"","overlay-opacity":"","overlay-gradient":""}}},"astra-portfolio-categories":[9],"astra-portfolio-other-categories":[],"astra-portfolio-tags":[44],"class_list":["post-3676","astra-portfolio","type-astra-portfolio","status-publish","has-post-thumbnail","hentry","astra-portfolio-categories-wedding","astra-portfolio-tags-veronica-christophe"],"astra-site-call-to-action":"","astra-site-open-in-new-tab":"0","astra-site-open-portfolio-in":"new-tab","astra-site-url":"","thumbnail-image-url":"https:\/\/www.boyerjulien.com\/wp-content\/uploads\/2025\/12\/mariage-chateau-pape-clement-pessac88.webp","thumbnail-image-meta":{"alt":"","title":"mariage-chateau-pape-clement-pessac88"},"lightbox-image-url":null,"portfolio-type":"page","portfolio-video-url":"","request_time":0.6071779727935791,"_links":{"self":[{"href":"https:\/\/www.boyerjulien.com\/en\/wp-json\/wp\/v2\/astra-portfolio\/3676","targetHints":{"allow":["GET"]}}],"collection":[{"href":"https:\/\/www.boyerjulien.com\/en\/wp-json\/wp\/v2\/astra-portfolio"}],"about":[{"href":"https:\/\/www.boyerjulien.com\/en\/wp-json\/wp\/v2\/types\/astra-portfolio"}],"version-history":[{"count":0,"href":"https:\/\/www.boyerjulien.com\/en\/wp-json\/wp\/v2\/astra-portfolio\/3676\/revisions"}],"wp:featuredmedia":[{"embeddable":true,"href":"https:\/\/www.boyerjulien.com\/en\/wp-json\/wp\/v2\/media\/3675"}],"wp:attachment":[{"href":"https:\/\/www.boyerjulien.com\/en\/wp-json\/wp\/v2\/media?parent=3676"}],"wp:term":[{"taxonomy":"astra-portfolio-categories","embeddable":true,"href":"https:\/\/www.boyerjulien.com\/en\/wp-json\/wp\/v2\/astra-portfolio-categories?post=3676"},{"taxonomy":"astra-portfolio-other-categories","embeddable":true,"href":"https:\/\/www.boyerjulien.com\/en\/wp-json\/wp\/v2\/astra-portfolio-other-categories?post=3676"},{"taxonomy":"astra-portfolio-tags","embeddable":true,"href":"https:\/\/www.boyerjulien.com\/en\/wp-json\/wp\/v2\/astra-portfolio-tags?post=3676"}],"curies":[{"name":"wp","href":"https:\/\/api.w.org\/{rel}","templated":true}]}}