{"id":3555,"date":"2025-12-22T11:07:04","date_gmt":"2025-12-22T10:07:04","guid":{"rendered":"https:\/\/www.boyerjulien.com\/?post_type=astra-portfolio&#038;p=3555"},"modified":"2026-01-26T21:58:09","modified_gmt":"2026-01-26T20:58:09","slug":"agreco-farm-en-crete","status":"publish","type":"astra-portfolio","link":"https:\/\/www.boyerjulien.com\/en\/portfolio\/agreco-farm-en-crete\/","title":{"rendered":"Agreco Farm, cr\u00eate"},"content":{"rendered":"\t\t<div data-elementor-type=\"wp-post\" data-elementor-id=\"3555\" class=\"elementor elementor-3555\" data-elementor-post-type=\"astra-portfolio\">\n\t\t\t\t<div class=\"elementor-element elementor-element-b517cfa e-con-full e-flex e-con e-parent\" data-id=\"b517cfa\" data-element_type=\"container\" data-settings=\"{&quot;background_background&quot;:&quot;classic&quot;}\">\n\t\t<div class=\"elementor-element elementor-element-cca6852 e-con-full e-flex e-con e-child\" data-id=\"cca6852\" data-element_type=\"container\">\n\t\t<div class=\"elementor-element elementor-element-aa46aa7 e-con-full e-flex e-con e-child\" data-id=\"aa46aa7\" data-element_type=\"container\" data-settings=\"{&quot;background_background&quot;:&quot;classic&quot;}\">\n\t\t\t\t<div class=\"elementor-element elementor-element-0c3dd6b elementor-widget elementor-widget-heading\" data-id=\"0c3dd6b\" data-element_type=\"widget\" data-widget_type=\"heading.default\">\n\t\t\t\t<div class=\"elementor-widget-container\">\n\t\t\t\t\t<h1 class=\"elementor-heading-title elementor-size-default\">Agreco Farm<\/h1>\t\t\t\t<\/div>\n\t\t\t\t<\/div>\n\t\t\t\t<div class=\"elementor-element elementor-element-4d376cf elementor-widget elementor-widget-heading\" data-id=\"4d376cf\" data-element_type=\"widget\" data-widget_type=\"heading.default\">\n\t\t\t\t<div class=\"elementor-widget-container\">\n\t\t\t\t\t<h2 class=\"elementor-heading-title elementor-size-default\">Cr\u00e8te, Gr\u00e8ce<\/h2>\t\t\t\t<\/div>\n\t\t\t\t<\/div>\n\t\t\t\t<div class=\"elementor-element elementor-element-7611433 elementor-widget elementor-widget-text-editor\" data-id=\"7611433\" data-element_type=\"widget\" data-widget_type=\"text-editor.default\">\n\t\t\t\t<div class=\"elementor-widget-container\">\n\t\t\t\t\t\t\t\t\t<p>Ce mariage en Cr\u00e8te s\u2019est d\u00e9roul\u00e9 \u00e0 Agreco Farm, pr\u00e8s de Rethymnon, dans un cadre authentique m\u00ealant nature, pierre et traditions locales. Entour\u00e9s d\u2019oliviers et de b\u00e2timents en pierre typiquement cr\u00e9tois, les mari\u00e9s ont c\u00e9l\u00e9br\u00e9 leur union dans une ambiance chaleureuse et conviviale. Apr\u00e8s la c\u00e9r\u00e9monie, les invit\u00e9s ont partag\u00e9 un cocktail puis un d\u00eener en plein air autour de longues tables \u00e9l\u00e9gamment d\u00e9cor\u00e9es de fleurs et de feuillage m\u00e9diterran\u00e9en. \u00c0 la nuit tomb\u00e9e, les guirlandes lumineuses ont illumin\u00e9 la r\u00e9ception, laissant place \u00e0 une soir\u00e9e festive rythm\u00e9e par des danses traditionnelles cr\u00e9toises et des moments de joie spontan\u00e9s, refl\u00e9tant l\u2019\u00e2me d\u2019un v\u00e9ritable mariage destination en Cr\u00e8te.<\/p>\t\t\t\t\t\t\t\t<\/div>\n\t\t\t\t<\/div>\n\t\t\t\t<\/div>\n\t\t<div class=\"elementor-element elementor-element-975d95e e-con-full e-flex e-con e-child\" data-id=\"975d95e\" data-element_type=\"container\">\n\t\t\t\t<\/div>\n\t\t<div class=\"elementor-element elementor-element-61d7fb0 e-con-full e-flex e-con e-child\" data-id=\"61d7fb0\" data-element_type=\"container\">\n\t\t\t\t<\/div>\n\t\t<div class=\"elementor-element elementor-element-6234285 e-con-full e-flex e-con e-child\" data-id=\"6234285\" data-element_type=\"container\">\n\t\t\t\t<\/div>\n\t\t\t\t<\/div>\n\t\t\t\t<\/div>\n\t\t<div class=\"elementor-element elementor-element-4622462 e-flex e-con-boxed e-con e-parent\" data-id=\"4622462\" data-element_type=\"container\">\n\t\t\t\t\t<div class=\"e-con-inner\">\n\t\t<div class=\"elementor-element elementor-element-7ef6864 e-con-full e-flex e-con e-child\" data-id=\"7ef6864\" data-element_type=\"container\">\n\t\t\t\t<div class=\"elementor-element elementor-element-819202d elementor-widget elementor-widget-image\" data-id=\"819202d\" data-element_type=\"widget\" data-widget_type=\"image.default\">\n\t\t\t\t<div class=\"elementor-widget-container\">\n\t\t\t\t\t\t\t\t\t\t\t\t\t\t\t\t<a href=\"https:\/\/www.boyerjulien.com\/wp-content\/uploads\/2025\/12\/mariage-crete-rethimno27.jpg\" data-elementor-open-lightbox=\"yes\" data-e-action-hash=\"#elementor-action%3Aaction%3Dlightbox%26settings%3DeyJpZCI6MzQ4NCwidXJsIjoiaHR0cHM6XC9cL3d3dy5ib3llcmp1bGllbi5jb21cL3dwLWNvbnRlbnRcL3VwbG9hZHNcLzIwMjVcLzEyXC9tYXJpYWdlLWNyZXRlLXJldGhpbW5vMjcud2VicCJ9\">\n\t\t\t\t\t\t\t<img fetchpriority=\"high\" decoding=\"async\" width=\"1920\" height=\"1280\" src=\"https:\/\/www.boyerjulien.com\/wp-content\/uploads\/2025\/12\/mariage-crete-rethimno27.webp\" class=\"attachment-full size-full wp-image-3484\" alt=\"Vue a\u00e9rienne du lieu de mariage Agreco Farm pr\u00e8s de Rethymnon en Cr\u00e8te, domaine entour\u00e9 d\u2019oliviers photographi\u00e9 par Julien Boyer photographe de mariage\" srcset=\"https:\/\/www.boyerjulien.com\/wp-content\/uploads\/2025\/12\/mariage-crete-rethimno27.webp 1920w, https:\/\/www.boyerjulien.com\/wp-content\/uploads\/2025\/12\/mariage-crete-rethimno27-300x200.webp 300w, https:\/\/www.boyerjulien.com\/wp-content\/uploads\/2025\/12\/mariage-crete-rethimno27-1024x682.webp 1024w, https:\/\/www.boyerjulien.com\/wp-content\/uploads\/2025\/12\/mariage-crete-rethimno27-768x512.webp 768w, https:\/\/www.boyerjulien.com\/wp-content\/uploads\/2025\/12\/mariage-crete-rethimno27-1536x1024.webp 1536w\" sizes=\"(max-width: 1920px) 100vw, 1920px\" \/>\t\t\t\t\t\t\t\t<\/a>\n\t\t\t\t\t\t\t\t\t\t\t\t\t\t\t<\/div>\n\t\t\t\t<\/div>\n\t\t\t\t<div class=\"elementor-element elementor-element-b39cc3a elementor-widget elementor-widget-gallery\" data-id=\"b39cc3a\" data-element_type=\"widget\" data-settings=\"{&quot;gallery_layout&quot;:&quot;masonry&quot;,&quot;columns&quot;:2,&quot;gap&quot;:{&quot;unit&quot;:&quot;px&quot;,&quot;size&quot;:21,&quot;sizes&quot;:[]},&quot;lazyload&quot;:&quot;yes&quot;,&quot;columns_tablet&quot;:2,&quot;columns_mobile&quot;:1,&quot;gap_widescreen&quot;:{&quot;unit&quot;:&quot;px&quot;,&quot;size&quot;:&quot;&quot;,&quot;sizes&quot;:[]},&quot;gap_laptop&quot;:{&quot;unit&quot;:&quot;px&quot;,&quot;size&quot;:10,&quot;sizes&quot;:[]},&quot;gap_tablet_extra&quot;:{&quot;unit&quot;:&quot;px&quot;,&quot;size&quot;:10,&quot;sizes&quot;:[]},&quot;gap_tablet&quot;:{&quot;unit&quot;:&quot;px&quot;,&quot;size&quot;:10,&quot;sizes&quot;:[]},&quot;gap_mobile_extra&quot;:{&quot;unit&quot;:&quot;px&quot;,&quot;size&quot;:10,&quot;sizes&quot;:[]},&quot;gap_mobile&quot;:{&quot;unit&quot;:&quot;px&quot;,&quot;size&quot;:10,&quot;sizes&quot;:[]},&quot;link_to&quot;:&quot;file&quot;,&quot;overlay_background&quot;:&quot;yes&quot;,&quot;content_hover_animation&quot;:&quot;fade-in&quot;}\" data-widget_type=\"gallery.default\">\n\t\t\t\t<div class=\"elementor-widget-container\">\n\t\t\t\t\t\t\t<div class=\"elementor-gallery__container\">\n\t\t\t\t\t\t\t<a class=\"e-gallery-item elementor-gallery-item elementor-animated-content\" href=\"https:\/\/www.boyerjulien.com\/wp-content\/uploads\/2025\/12\/mariage-crete-rethimno2.webp\" data-elementor-open-lightbox=\"yes\" data-elementor-lightbox-slideshow=\"b39cc3a\" data-e-action-hash=\"#elementor-action%3Aaction%3Dlightbox%26settings%3DeyJpZCI6MzQ1OSwidXJsIjoiaHR0cHM6XC9cL3d3dy5ib3llcmp1bGllbi5jb21cL3dwLWNvbnRlbnRcL3VwbG9hZHNcLzIwMjVcLzEyXC9tYXJpYWdlLWNyZXRlLXJldGhpbW5vMi53ZWJwIiwic2xpZGVzaG93IjoiYjM5Y2MzYSJ9\">\n\t\t\t\t\t<div class=\"e-gallery-image elementor-gallery-item__image\" data-thumbnail=\"https:\/\/www.boyerjulien.com\/wp-content\/uploads\/2025\/12\/mariage-crete-rethimno2.webp\" data-width=\"1920\" data-height=\"1280\" aria-label=\"D\u00e9tails de la tenue du mari\u00e9 lors d\u2019un mariage \u00e0 Rethymnon en Cr\u00e8te, costume bleu, chaussures blanches et accessoires photographi\u00e9s par Julien Boyer\" role=\"img\" ><\/div>\n\t\t\t\t\t\t\t\t\t\t\t<div class=\"elementor-gallery-item__overlay\"><\/div>\n\t\t\t\t\t\t\t\t\t\t\t\t\t\t<\/a>\n\t\t\t\t\t\t\t<a class=\"e-gallery-item elementor-gallery-item elementor-animated-content\" href=\"https:\/\/www.boyerjulien.com\/wp-content\/uploads\/2025\/12\/mariage-crete-rethimno3.webp\" data-elementor-open-lightbox=\"yes\" data-elementor-lightbox-slideshow=\"b39cc3a\" data-e-action-hash=\"#elementor-action%3Aaction%3Dlightbox%26settings%3DeyJpZCI6MzQ2MCwidXJsIjoiaHR0cHM6XC9cL3d3dy5ib3llcmp1bGllbi5jb21cL3dwLWNvbnRlbnRcL3VwbG9hZHNcLzIwMjVcLzEyXC9tYXJpYWdlLWNyZXRlLXJldGhpbW5vMy53ZWJwIiwic2xpZGVzaG93IjoiYjM5Y2MzYSJ9\">\n\t\t\t\t\t<div class=\"e-gallery-image elementor-gallery-item__image\" data-thumbnail=\"https:\/\/www.boyerjulien.com\/wp-content\/uploads\/2025\/12\/mariage-crete-rethimno3.webp\" data-width=\"1280\" data-height=\"1920\" aria-label=\"Pr\u00e9paratifs du mari\u00e9 lors d\u2019un mariage \u00e0 Rethymnon en Cr\u00e8te, moment complice pendant l\u2019habillage photographi\u00e9 par Julien Boyer photographe de mariage\" role=\"img\" ><\/div>\n\t\t\t\t\t\t\t\t\t\t\t<div class=\"elementor-gallery-item__overlay\"><\/div>\n\t\t\t\t\t\t\t\t\t\t\t\t\t\t<\/a>\n\t\t\t\t\t\t\t<a class=\"e-gallery-item elementor-gallery-item elementor-animated-content\" href=\"https:\/\/www.boyerjulien.com\/wp-content\/uploads\/2025\/12\/mariage-crete-rethimno4.webp\" data-elementor-open-lightbox=\"yes\" data-elementor-lightbox-slideshow=\"b39cc3a\" data-e-action-hash=\"#elementor-action%3Aaction%3Dlightbox%26settings%3DeyJpZCI6MzQ2MSwidXJsIjoiaHR0cHM6XC9cL3d3dy5ib3llcmp1bGllbi5jb21cL3dwLWNvbnRlbnRcL3VwbG9hZHNcLzIwMjVcLzEyXC9tYXJpYWdlLWNyZXRlLXJldGhpbW5vNC53ZWJwIiwic2xpZGVzaG93IjoiYjM5Y2MzYSJ9\">\n\t\t\t\t\t<div class=\"e-gallery-image elementor-gallery-item__image\" data-thumbnail=\"https:\/\/www.boyerjulien.com\/wp-content\/uploads\/2025\/12\/mariage-crete-rethimno4.webp\" data-width=\"1920\" data-height=\"1280\" aria-label=\"Habillage du mari\u00e9 lors d\u2019un mariage \u00e0 Rethymnon en Cr\u00e8te, instant spontan\u00e9 et souriant captur\u00e9 par Julien Boyer\" role=\"img\" ><\/div>\n\t\t\t\t\t\t\t\t\t\t\t<div class=\"elementor-gallery-item__overlay\"><\/div>\n\t\t\t\t\t\t\t\t\t\t\t\t\t\t<\/a>\n\t\t\t\t\t\t\t<a class=\"e-gallery-item elementor-gallery-item elementor-animated-content\" href=\"https:\/\/www.boyerjulien.com\/wp-content\/uploads\/2025\/12\/mariage-crete-rethimno5.webp\" data-elementor-open-lightbox=\"yes\" data-elementor-lightbox-slideshow=\"b39cc3a\" data-e-action-hash=\"#elementor-action%3Aaction%3Dlightbox%26settings%3DeyJpZCI6MzQ2MiwidXJsIjoiaHR0cHM6XC9cL3d3dy5ib3llcmp1bGllbi5jb21cL3dwLWNvbnRlbnRcL3VwbG9hZHNcLzIwMjVcLzEyXC9tYXJpYWdlLWNyZXRlLXJldGhpbW5vNS53ZWJwIiwic2xpZGVzaG93IjoiYjM5Y2MzYSJ9\">\n\t\t\t\t\t<div class=\"e-gallery-image elementor-gallery-item__image\" data-thumbnail=\"https:\/\/www.boyerjulien.com\/wp-content\/uploads\/2025\/12\/mariage-crete-rethimno5.webp\" data-width=\"1920\" data-height=\"1280\" aria-label=\"Mari\u00e9 \u00e9changeant avec un proche devant le miroir avant son mariage \u00e0 Rethymnon en Cr\u00e8te, reportage photo naturel par Julien Boyer\" role=\"img\" ><\/div>\n\t\t\t\t\t\t\t\t\t\t\t<div class=\"elementor-gallery-item__overlay\"><\/div>\n\t\t\t\t\t\t\t\t\t\t\t\t\t\t<\/a>\n\t\t\t\t\t\t\t<a class=\"e-gallery-item elementor-gallery-item elementor-animated-content\" href=\"https:\/\/www.boyerjulien.com\/wp-content\/uploads\/2025\/12\/mariage-crete-rethimno6.webp\" data-elementor-open-lightbox=\"yes\" data-elementor-lightbox-slideshow=\"b39cc3a\" data-e-action-hash=\"#elementor-action%3Aaction%3Dlightbox%26settings%3DeyJpZCI6MzQ2MywidXJsIjoiaHR0cHM6XC9cL3d3dy5ib3llcmp1bGllbi5jb21cL3dwLWNvbnRlbnRcL3VwbG9hZHNcLzIwMjVcLzEyXC9tYXJpYWdlLWNyZXRlLXJldGhpbW5vNi53ZWJwIiwic2xpZGVzaG93IjoiYjM5Y2MzYSJ9\">\n\t\t\t\t\t<div class=\"e-gallery-image elementor-gallery-item__image\" data-thumbnail=\"https:\/\/www.boyerjulien.com\/wp-content\/uploads\/2025\/12\/mariage-crete-rethimno6.webp\" data-width=\"1920\" data-height=\"1280\" aria-label=\"Derniers pr\u00e9paratifs du mari\u00e9 lors d\u2019un mariage \u00e0 Rethymnon en Cr\u00e8te, enfilage du gilet dans une ambiance joyeuse photographi\u00e9e par Julien Boyer\" role=\"img\" ><\/div>\n\t\t\t\t\t\t\t\t\t\t\t<div class=\"elementor-gallery-item__overlay\"><\/div>\n\t\t\t\t\t\t\t\t\t\t\t\t\t\t<\/a>\n\t\t\t\t\t<\/div>\n\t\t\t\t\t<\/div>\n\t\t\t\t<\/div>\n\t\t\t\t<div class=\"elementor-element elementor-element-1386055 elementor-widget elementor-widget-image\" data-id=\"1386055\" data-element_type=\"widget\" data-widget_type=\"image.default\">\n\t\t\t\t<div class=\"elementor-widget-container\">\n\t\t\t\t\t\t\t\t\t\t\t\t\t\t\t\t<a href=\"https:\/\/www.boyerjulien.com\/wp-content\/uploads\/2025\/12\/mariage-crete-rethimno7.jpg\" data-elementor-open-lightbox=\"yes\" data-e-action-hash=\"#elementor-action%3Aaction%3Dlightbox%26settings%3DeyJpZCI6MzQ2NCwidXJsIjoiaHR0cHM6XC9cL3d3dy5ib3llcmp1bGllbi5jb21cL3dwLWNvbnRlbnRcL3VwbG9hZHNcLzIwMjVcLzEyXC9tYXJpYWdlLWNyZXRlLXJldGhpbW5vNy53ZWJwIn0%3D\">\n\t\t\t\t\t\t\t<img decoding=\"async\" width=\"1920\" height=\"1280\" src=\"https:\/\/www.boyerjulien.com\/wp-content\/uploads\/2025\/12\/mariage-crete-rethimno7.webp\" class=\"attachment-full size-full wp-image-3464\" alt=\"Mari\u00e9 posant avec un proche pendant les pr\u00e9paratifs de son mariage \u00e0 Rethymnon en Cr\u00e8te, reportage photo naturel par Julien Boyer photographe de mariage\" srcset=\"https:\/\/www.boyerjulien.com\/wp-content\/uploads\/2025\/12\/mariage-crete-rethimno7.webp 1920w, https:\/\/www.boyerjulien.com\/wp-content\/uploads\/2025\/12\/mariage-crete-rethimno7-300x200.webp 300w, https:\/\/www.boyerjulien.com\/wp-content\/uploads\/2025\/12\/mariage-crete-rethimno7-1024x682.webp 1024w, https:\/\/www.boyerjulien.com\/wp-content\/uploads\/2025\/12\/mariage-crete-rethimno7-768x512.webp 768w, https:\/\/www.boyerjulien.com\/wp-content\/uploads\/2025\/12\/mariage-crete-rethimno7-1536x1024.webp 1536w\" sizes=\"(max-width: 1920px) 100vw, 1920px\" \/>\t\t\t\t\t\t\t\t<\/a>\n\t\t\t\t\t\t\t\t\t\t\t\t\t\t\t<\/div>\n\t\t\t\t<\/div>\n\t\t\t\t<div class=\"elementor-element elementor-element-b35413b elementor-widget elementor-widget-image\" data-id=\"b35413b\" data-element_type=\"widget\" data-widget_type=\"image.default\">\n\t\t\t\t<div class=\"elementor-widget-container\">\n\t\t\t\t\t\t\t\t\t\t\t\t\t\t\t\t<a href=\"https:\/\/www.boyerjulien.com\/wp-content\/uploads\/2025\/12\/mariage-crete-rethimno8.jpg\" data-elementor-open-lightbox=\"yes\" data-e-action-hash=\"#elementor-action%3Aaction%3Dlightbox%26settings%3DeyJpZCI6MzQ2NSwidXJsIjoiaHR0cHM6XC9cL3d3dy5ib3llcmp1bGllbi5jb21cL3dwLWNvbnRlbnRcL3VwbG9hZHNcLzIwMjVcLzEyXC9tYXJpYWdlLWNyZXRlLXJldGhpbW5vOC53ZWJwIn0%3D\">\n\t\t\t\t\t\t\t<img decoding=\"async\" width=\"1280\" height=\"1920\" src=\"https:\/\/www.boyerjulien.com\/wp-content\/uploads\/2025\/12\/mariage-crete-rethimno8.webp\" class=\"attachment-full size-full wp-image-3465\" alt=\"Papeterie et d\u00e9tails de mariage \u00e0 Rethymnon en Cr\u00e8te, alliances, parfum et accessoires photographi\u00e9s par Julien Boyer\" srcset=\"https:\/\/www.boyerjulien.com\/wp-content\/uploads\/2025\/12\/mariage-crete-rethimno8.webp 1280w, https:\/\/www.boyerjulien.com\/wp-content\/uploads\/2025\/12\/mariage-crete-rethimno8-200x300.webp 200w, https:\/\/www.boyerjulien.com\/wp-content\/uploads\/2025\/12\/mariage-crete-rethimno8-682x1024.webp 682w, https:\/\/www.boyerjulien.com\/wp-content\/uploads\/2025\/12\/mariage-crete-rethimno8-768x1152.webp 768w, https:\/\/www.boyerjulien.com\/wp-content\/uploads\/2025\/12\/mariage-crete-rethimno8-1024x1536.webp 1024w\" sizes=\"(max-width: 1280px) 100vw, 1280px\" \/>\t\t\t\t\t\t\t\t<\/a>\n\t\t\t\t\t\t\t\t\t\t\t\t\t\t\t<\/div>\n\t\t\t\t<\/div>\n\t\t\t\t<div class=\"elementor-element elementor-element-e20dbf0 elementor-widget elementor-widget-image\" data-id=\"e20dbf0\" data-element_type=\"widget\" data-widget_type=\"image.default\">\n\t\t\t\t<div class=\"elementor-widget-container\">\n\t\t\t\t\t\t\t\t\t\t\t\t\t\t\t\t<a href=\"https:\/\/www.boyerjulien.com\/wp-content\/uploads\/2025\/12\/mariage-crete-rethimno9.jpg\" data-elementor-open-lightbox=\"yes\" data-e-action-hash=\"#elementor-action%3Aaction%3Dlightbox%26settings%3DeyJpZCI6MzQ2NiwidXJsIjoiaHR0cHM6XC9cL3d3dy5ib3llcmp1bGllbi5jb21cL3dwLWNvbnRlbnRcL3VwbG9hZHNcLzIwMjVcLzEyXC9tYXJpYWdlLWNyZXRlLXJldGhpbW5vOS53ZWJwIn0%3D\">\n\t\t\t\t\t\t\t<img loading=\"lazy\" decoding=\"async\" width=\"1920\" height=\"1280\" src=\"https:\/\/www.boyerjulien.com\/wp-content\/uploads\/2025\/12\/mariage-crete-rethimno9.webp\" class=\"attachment-full size-full wp-image-3466\" alt=\"Alliances de mariage pos\u00e9es sur la papeterie lors d\u2019un mariage \u00e0 Rethymnon en Cr\u00e8te, photographie de d\u00e9tails par Julien Boyer\" srcset=\"https:\/\/www.boyerjulien.com\/wp-content\/uploads\/2025\/12\/mariage-crete-rethimno9.webp 1920w, https:\/\/www.boyerjulien.com\/wp-content\/uploads\/2025\/12\/mariage-crete-rethimno9-300x200.webp 300w, https:\/\/www.boyerjulien.com\/wp-content\/uploads\/2025\/12\/mariage-crete-rethimno9-1024x682.webp 1024w, https:\/\/www.boyerjulien.com\/wp-content\/uploads\/2025\/12\/mariage-crete-rethimno9-768x512.webp 768w, https:\/\/www.boyerjulien.com\/wp-content\/uploads\/2025\/12\/mariage-crete-rethimno9-1536x1024.webp 1536w\" sizes=\"(max-width: 1920px) 100vw, 1920px\" \/>\t\t\t\t\t\t\t\t<\/a>\n\t\t\t\t\t\t\t\t\t\t\t\t\t\t\t<\/div>\n\t\t\t\t<\/div>\n\t\t\t\t<div class=\"elementor-element elementor-element-ba36be8 uael-img-grid__column-2 uael-img-grid-tablet__column-3 uael-img-grid-mobile__column-2 uael-ins-normal elementor-widget elementor-widget-uael-image-gallery\" data-id=\"ba36be8\" data-element_type=\"widget\" data-settings=\"{&quot;gallery_columns&quot;:&quot;2&quot;,&quot;gallery_columns_tablet&quot;:&quot;3&quot;,&quot;gallery_columns_mobile&quot;:&quot;2&quot;,&quot;column_gap&quot;:{&quot;unit&quot;:&quot;px&quot;,&quot;size&quot;:20,&quot;sizes&quot;:[]},&quot;column_gap_widescreen&quot;:{&quot;unit&quot;:&quot;px&quot;,&quot;size&quot;:&quot;&quot;,&quot;sizes&quot;:[]},&quot;column_gap_laptop&quot;:{&quot;unit&quot;:&quot;px&quot;,&quot;size&quot;:&quot;&quot;,&quot;sizes&quot;:[]},&quot;column_gap_tablet_extra&quot;:{&quot;unit&quot;:&quot;px&quot;,&quot;size&quot;:&quot;&quot;,&quot;sizes&quot;:[]},&quot;column_gap_tablet&quot;:{&quot;unit&quot;:&quot;px&quot;,&quot;size&quot;:&quot;&quot;,&quot;sizes&quot;:[]},&quot;column_gap_mobile_extra&quot;:{&quot;unit&quot;:&quot;px&quot;,&quot;size&quot;:&quot;&quot;,&quot;sizes&quot;:[]},&quot;column_gap_mobile&quot;:{&quot;unit&quot;:&quot;px&quot;,&quot;size&quot;:&quot;&quot;,&quot;sizes&quot;:[]},&quot;row_gap&quot;:{&quot;unit&quot;:&quot;px&quot;,&quot;size&quot;:20,&quot;sizes&quot;:[]},&quot;row_gap_widescreen&quot;:{&quot;unit&quot;:&quot;px&quot;,&quot;size&quot;:&quot;&quot;,&quot;sizes&quot;:[]},&quot;row_gap_laptop&quot;:{&quot;unit&quot;:&quot;px&quot;,&quot;size&quot;:&quot;&quot;,&quot;sizes&quot;:[]},&quot;row_gap_tablet_extra&quot;:{&quot;unit&quot;:&quot;px&quot;,&quot;size&quot;:&quot;&quot;,&quot;sizes&quot;:[]},&quot;row_gap_tablet&quot;:{&quot;unit&quot;:&quot;px&quot;,&quot;size&quot;:&quot;&quot;,&quot;sizes&quot;:[]},&quot;row_gap_mobile_extra&quot;:{&quot;unit&quot;:&quot;px&quot;,&quot;size&quot;:&quot;&quot;,&quot;sizes&quot;:[]},&quot;row_gap_mobile&quot;:{&quot;unit&quot;:&quot;px&quot;,&quot;size&quot;:&quot;&quot;,&quot;sizes&quot;:[]}}\" data-widget_type=\"uael-image-gallery.default\">\n\t\t\t\t<div class=\"elementor-widget-container\">\n\t\t\t\t\t<div class=\"uael-gallery-parent uael-caption- uael-gallery-unjustified\"><div class=\"uael-img-gallery-wrap uael-img-masonry-wrap uael-img-grid-masonry-wrap uael-masonry uael-image-lightbox-wrap\" data-filter-default=\"All\" data-lightbox_actions=\"[&quot;close&quot;]\" data-lightbox-gallery-loop=\"\"><div class=\"uael-grid-item  uael-img-gallery-item-1\"><div class=\"uael-grid-item-content\"><a class=\"uael-grid-img uael-grid-gallery-img uael-ins-hover elementor-clickable\" data-fancybox=\"uael-gallery\" href=\"https:\/\/www.boyerjulien.com\/wp-content\/uploads\/2025\/12\/mariage-crete-rethimno10.webp\" data-elementor-open-lightbox=\"no\"><div class=\"uael-grid-img-thumbnail uael-ins-target\"><img loading=\"lazy\" decoding=\"async\" width=\"1024\" height=\"682\" src=\"https:\/\/www.boyerjulien.com\/wp-content\/uploads\/2025\/12\/mariage-crete-rethimno10-1024x682.webp\" class=\"attachment-large size-large wp-image-3467\" alt=\"Pr\u00e9paratifs de la mari\u00e9e lors d\u2019un mariage \u00e0 Rethymnon en Cr\u00e8te, coiffure \u00e9l\u00e9gante avec perles photographi\u00e9e par Julien Boyer photographe de mariage\" srcset=\"https:\/\/www.boyerjulien.com\/wp-content\/uploads\/2025\/12\/mariage-crete-rethimno10-1024x682.webp 1024w, https:\/\/www.boyerjulien.com\/wp-content\/uploads\/2025\/12\/mariage-crete-rethimno10-300x200.webp 300w, https:\/\/www.boyerjulien.com\/wp-content\/uploads\/2025\/12\/mariage-crete-rethimno10-768x512.webp 768w, https:\/\/www.boyerjulien.com\/wp-content\/uploads\/2025\/12\/mariage-crete-rethimno10-1536x1024.webp 1536w, https:\/\/www.boyerjulien.com\/wp-content\/uploads\/2025\/12\/mariage-crete-rethimno10.webp 1920w\" sizes=\"(max-width: 1024px) 100vw, 1024px\" \/><\/div><div class=\"uael-grid-img-overlay\"><\/div><\/a><\/div><\/div><div class=\"uael-grid-item  uael-img-gallery-item-2\"><div class=\"uael-grid-item-content\"><a class=\"uael-grid-img uael-grid-gallery-img uael-ins-hover elementor-clickable\" data-fancybox=\"uael-gallery\" href=\"https:\/\/www.boyerjulien.com\/wp-content\/uploads\/2025\/12\/mariage-crete-rethimno11.webp\" data-elementor-open-lightbox=\"no\"><div class=\"uael-grid-img-thumbnail uael-ins-target\"><img loading=\"lazy\" decoding=\"async\" width=\"682\" height=\"1024\" src=\"https:\/\/www.boyerjulien.com\/wp-content\/uploads\/2025\/12\/mariage-crete-rethimno11-682x1024.webp\" class=\"attachment-large size-large wp-image-3468\" alt=\"Portrait naturel de la mari\u00e9e pendant les pr\u00e9paratifs de son mariage \u00e0 Rethymnon en Cr\u00e8te, lumi\u00e8re douce et \u00e9l\u00e9gante par Julien Boyer\" srcset=\"https:\/\/www.boyerjulien.com\/wp-content\/uploads\/2025\/12\/mariage-crete-rethimno11-682x1024.webp 682w, https:\/\/www.boyerjulien.com\/wp-content\/uploads\/2025\/12\/mariage-crete-rethimno11-200x300.webp 200w, https:\/\/www.boyerjulien.com\/wp-content\/uploads\/2025\/12\/mariage-crete-rethimno11-768x1152.webp 768w, https:\/\/www.boyerjulien.com\/wp-content\/uploads\/2025\/12\/mariage-crete-rethimno11-1024x1536.webp 1024w, https:\/\/www.boyerjulien.com\/wp-content\/uploads\/2025\/12\/mariage-crete-rethimno11.webp 1280w\" sizes=\"(max-width: 682px) 100vw, 682px\" \/><\/div><div class=\"uael-grid-img-overlay\"><\/div><\/a><\/div><\/div><div class=\"uael-grid-item  uael-img-gallery-item-3\"><div class=\"uael-grid-item-content\"><a class=\"uael-grid-img uael-grid-gallery-img uael-ins-hover elementor-clickable\" data-fancybox=\"uael-gallery\" href=\"https:\/\/www.boyerjulien.com\/wp-content\/uploads\/2025\/12\/mariage-crete-rethimno12.webp\" data-elementor-open-lightbox=\"no\"><div class=\"uael-grid-img-thumbnail uael-ins-target\"><img loading=\"lazy\" decoding=\"async\" width=\"682\" height=\"1024\" src=\"https:\/\/www.boyerjulien.com\/wp-content\/uploads\/2025\/12\/mariage-crete-rethimno12-682x1024.webp\" class=\"attachment-large size-large wp-image-3469\" alt=\"Habillage de la mari\u00e9e lors d\u2019un mariage \u00e0 Rethymnon en Cr\u00e8te, fermeture de la robe captur\u00e9e en gros plan par Julien Boyer photographe de mariage\" srcset=\"https:\/\/www.boyerjulien.com\/wp-content\/uploads\/2025\/12\/mariage-crete-rethimno12-682x1024.webp 682w, https:\/\/www.boyerjulien.com\/wp-content\/uploads\/2025\/12\/mariage-crete-rethimno12-200x300.webp 200w, https:\/\/www.boyerjulien.com\/wp-content\/uploads\/2025\/12\/mariage-crete-rethimno12-768x1152.webp 768w, https:\/\/www.boyerjulien.com\/wp-content\/uploads\/2025\/12\/mariage-crete-rethimno12-1024x1536.webp 1024w, https:\/\/www.boyerjulien.com\/wp-content\/uploads\/2025\/12\/mariage-crete-rethimno12.webp 1280w\" sizes=\"(max-width: 682px) 100vw, 682px\" \/><\/div><div class=\"uael-grid-img-overlay\"><\/div><\/a><\/div><\/div><div class=\"uael-grid-item  uael-img-gallery-item-4\"><div class=\"uael-grid-item-content\"><a class=\"uael-grid-img uael-grid-gallery-img uael-ins-hover elementor-clickable\" data-fancybox=\"uael-gallery\" href=\"https:\/\/www.boyerjulien.com\/wp-content\/uploads\/2025\/12\/mariage-crete-rethimno13.webp\" data-elementor-open-lightbox=\"no\"><div class=\"uael-grid-img-thumbnail uael-ins-target\"><img loading=\"lazy\" decoding=\"async\" width=\"682\" height=\"1024\" src=\"https:\/\/www.boyerjulien.com\/wp-content\/uploads\/2025\/12\/mariage-crete-rethimno13-682x1024.webp\" class=\"attachment-large size-large wp-image-3470\" alt=\"Derniers pr\u00e9paratifs de la mari\u00e9e lors d\u2019un mariage \u00e0 Rethymnon en Cr\u00e8te, aide d\u2019une proche pour ajuster un bijou photographi\u00e9e par Julien Boyer photographe de mariage\" srcset=\"https:\/\/www.boyerjulien.com\/wp-content\/uploads\/2025\/12\/mariage-crete-rethimno13-682x1024.webp 682w, https:\/\/www.boyerjulien.com\/wp-content\/uploads\/2025\/12\/mariage-crete-rethimno13-200x300.webp 200w, https:\/\/www.boyerjulien.com\/wp-content\/uploads\/2025\/12\/mariage-crete-rethimno13-768x1152.webp 768w, https:\/\/www.boyerjulien.com\/wp-content\/uploads\/2025\/12\/mariage-crete-rethimno13-1024x1536.webp 1024w, https:\/\/www.boyerjulien.com\/wp-content\/uploads\/2025\/12\/mariage-crete-rethimno13.webp 1280w\" sizes=\"(max-width: 682px) 100vw, 682px\" \/><\/div><div class=\"uael-grid-img-overlay\"><\/div><\/a><\/div><\/div><div class=\"uael-grid-item  uael-img-gallery-item-5\"><div class=\"uael-grid-item-content\"><a class=\"uael-grid-img uael-grid-gallery-img uael-ins-hover elementor-clickable\" data-fancybox=\"uael-gallery\" href=\"https:\/\/www.boyerjulien.com\/wp-content\/uploads\/2025\/12\/mariage-crete-rethimno14.webp\" data-elementor-open-lightbox=\"no\"><div class=\"uael-grid-img-thumbnail uael-ins-target\"><img loading=\"lazy\" decoding=\"async\" width=\"1024\" height=\"682\" src=\"https:\/\/www.boyerjulien.com\/wp-content\/uploads\/2025\/12\/mariage-crete-rethimno14-1024x682.webp\" class=\"attachment-large size-large wp-image-3471\" alt=\"Mari\u00e9e pr\u00eate pour son mariage \u00e0 Rethymnon en Cr\u00e8te, accompagn\u00e9e d\u2019une proche dans une chambre lumineuse photographi\u00e9e par Julien Boyer\" srcset=\"https:\/\/www.boyerjulien.com\/wp-content\/uploads\/2025\/12\/mariage-crete-rethimno14-1024x682.webp 1024w, https:\/\/www.boyerjulien.com\/wp-content\/uploads\/2025\/12\/mariage-crete-rethimno14-300x200.webp 300w, https:\/\/www.boyerjulien.com\/wp-content\/uploads\/2025\/12\/mariage-crete-rethimno14-768x512.webp 768w, https:\/\/www.boyerjulien.com\/wp-content\/uploads\/2025\/12\/mariage-crete-rethimno14-1536x1024.webp 1536w, https:\/\/www.boyerjulien.com\/wp-content\/uploads\/2025\/12\/mariage-crete-rethimno14.webp 1920w\" sizes=\"(max-width: 1024px) 100vw, 1024px\" \/><\/div><div class=\"uael-grid-img-overlay\"><\/div><\/a><\/div><\/div><\/div><\/div>\t\t\t\t<\/div>\n\t\t\t\t<\/div>\n\t\t\t\t<div class=\"elementor-element elementor-element-5b5b9a2 elementor-widget elementor-widget-image\" data-id=\"5b5b9a2\" data-element_type=\"widget\" data-widget_type=\"image.default\">\n\t\t\t\t<div class=\"elementor-widget-container\">\n\t\t\t\t\t\t\t\t\t\t\t\t\t\t\t\t<a href=\"https:\/\/www.boyerjulien.com\/wp-content\/uploads\/2025\/12\/mariage-crete-rethimno15.jpg\" data-elementor-open-lightbox=\"yes\" data-e-action-hash=\"#elementor-action%3Aaction%3Dlightbox%26settings%3DeyJpZCI6MzQ3MiwidXJsIjoiaHR0cHM6XC9cL3d3dy5ib3llcmp1bGllbi5jb21cL3dwLWNvbnRlbnRcL3VwbG9hZHNcLzIwMjVcLzEyXC9tYXJpYWdlLWNyZXRlLXJldGhpbW5vMTUud2VicCJ9\">\n\t\t\t\t\t\t\t<img loading=\"lazy\" decoding=\"async\" width=\"1280\" height=\"1920\" src=\"https:\/\/www.boyerjulien.com\/wp-content\/uploads\/2025\/12\/mariage-crete-rethimno15.webp\" class=\"attachment-full size-full wp-image-3472\" alt=\"Portrait plein pied de la mari\u00e9e en robe de mariage \u00e0 Rethymnon en Cr\u00e8te, lumi\u00e8re naturelle et \u00e9l\u00e9gance captur\u00e9es par Julien Boyer photographe de mariage\" srcset=\"https:\/\/www.boyerjulien.com\/wp-content\/uploads\/2025\/12\/mariage-crete-rethimno15.webp 1280w, https:\/\/www.boyerjulien.com\/wp-content\/uploads\/2025\/12\/mariage-crete-rethimno15-200x300.webp 200w, https:\/\/www.boyerjulien.com\/wp-content\/uploads\/2025\/12\/mariage-crete-rethimno15-682x1024.webp 682w, https:\/\/www.boyerjulien.com\/wp-content\/uploads\/2025\/12\/mariage-crete-rethimno15-768x1152.webp 768w, https:\/\/www.boyerjulien.com\/wp-content\/uploads\/2025\/12\/mariage-crete-rethimno15-1024x1536.webp 1024w\" sizes=\"(max-width: 1280px) 100vw, 1280px\" \/>\t\t\t\t\t\t\t\t<\/a>\n\t\t\t\t\t\t\t\t\t\t\t\t\t\t\t<\/div>\n\t\t\t\t<\/div>\n\t\t\t\t<div class=\"elementor-element elementor-element-fbdc464 elementor-widget elementor-widget-image\" data-id=\"fbdc464\" data-element_type=\"widget\" data-widget_type=\"image.default\">\n\t\t\t\t<div class=\"elementor-widget-container\">\n\t\t\t\t\t\t\t\t\t\t\t\t\t\t\t\t<a href=\"https:\/\/www.boyerjulien.com\/wp-content\/uploads\/2025\/12\/mariage-crete-rethimno16.jpg\" data-elementor-open-lightbox=\"yes\" data-e-action-hash=\"#elementor-action%3Aaction%3Dlightbox%26settings%3DeyJpZCI6MzQ3MywidXJsIjoiaHR0cHM6XC9cL3d3dy5ib3llcmp1bGllbi5jb21cL3dwLWNvbnRlbnRcL3VwbG9hZHNcLzIwMjVcLzEyXC9tYXJpYWdlLWNyZXRlLXJldGhpbW5vMTYud2VicCJ9\">\n\t\t\t\t\t\t\t<img loading=\"lazy\" decoding=\"async\" width=\"1920\" height=\"1280\" src=\"https:\/\/www.boyerjulien.com\/wp-content\/uploads\/2025\/12\/mariage-crete-rethimno16.webp\" class=\"attachment-full size-full wp-image-3473\" alt=\"Lieu de mariage \u00e0 Rethymnon en Cr\u00e8te avec piscine et vue sur la mer M\u00e9diterran\u00e9e, photographie d\u2019ambiance par Julien Boyer\" srcset=\"https:\/\/www.boyerjulien.com\/wp-content\/uploads\/2025\/12\/mariage-crete-rethimno16.webp 1920w, https:\/\/www.boyerjulien.com\/wp-content\/uploads\/2025\/12\/mariage-crete-rethimno16-300x200.webp 300w, https:\/\/www.boyerjulien.com\/wp-content\/uploads\/2025\/12\/mariage-crete-rethimno16-1024x682.webp 1024w, https:\/\/www.boyerjulien.com\/wp-content\/uploads\/2025\/12\/mariage-crete-rethimno16-768x512.webp 768w, https:\/\/www.boyerjulien.com\/wp-content\/uploads\/2025\/12\/mariage-crete-rethimno16-1536x1024.webp 1536w\" sizes=\"(max-width: 1920px) 100vw, 1920px\" \/>\t\t\t\t\t\t\t\t<\/a>\n\t\t\t\t\t\t\t\t\t\t\t\t\t\t\t<\/div>\n\t\t\t\t<\/div>\n\t\t\t\t<div class=\"elementor-element elementor-element-ed17a7f uael-img-grid__column-2 uael-img-grid-tablet__column-3 uael-img-grid-mobile__column-2 uael-ins-normal elementor-widget elementor-widget-uael-image-gallery\" data-id=\"ed17a7f\" data-element_type=\"widget\" data-settings=\"{&quot;gallery_columns&quot;:&quot;2&quot;,&quot;gallery_columns_tablet&quot;:&quot;3&quot;,&quot;gallery_columns_mobile&quot;:&quot;2&quot;,&quot;column_gap&quot;:{&quot;unit&quot;:&quot;px&quot;,&quot;size&quot;:20,&quot;sizes&quot;:[]},&quot;column_gap_widescreen&quot;:{&quot;unit&quot;:&quot;px&quot;,&quot;size&quot;:&quot;&quot;,&quot;sizes&quot;:[]},&quot;column_gap_laptop&quot;:{&quot;unit&quot;:&quot;px&quot;,&quot;size&quot;:&quot;&quot;,&quot;sizes&quot;:[]},&quot;column_gap_tablet_extra&quot;:{&quot;unit&quot;:&quot;px&quot;,&quot;size&quot;:&quot;&quot;,&quot;sizes&quot;:[]},&quot;column_gap_tablet&quot;:{&quot;unit&quot;:&quot;px&quot;,&quot;size&quot;:&quot;&quot;,&quot;sizes&quot;:[]},&quot;column_gap_mobile_extra&quot;:{&quot;unit&quot;:&quot;px&quot;,&quot;size&quot;:&quot;&quot;,&quot;sizes&quot;:[]},&quot;column_gap_mobile&quot;:{&quot;unit&quot;:&quot;px&quot;,&quot;size&quot;:&quot;&quot;,&quot;sizes&quot;:[]},&quot;row_gap&quot;:{&quot;unit&quot;:&quot;px&quot;,&quot;size&quot;:20,&quot;sizes&quot;:[]},&quot;row_gap_widescreen&quot;:{&quot;unit&quot;:&quot;px&quot;,&quot;size&quot;:&quot;&quot;,&quot;sizes&quot;:[]},&quot;row_gap_laptop&quot;:{&quot;unit&quot;:&quot;px&quot;,&quot;size&quot;:&quot;&quot;,&quot;sizes&quot;:[]},&quot;row_gap_tablet_extra&quot;:{&quot;unit&quot;:&quot;px&quot;,&quot;size&quot;:&quot;&quot;,&quot;sizes&quot;:[]},&quot;row_gap_tablet&quot;:{&quot;unit&quot;:&quot;px&quot;,&quot;size&quot;:&quot;&quot;,&quot;sizes&quot;:[]},&quot;row_gap_mobile_extra&quot;:{&quot;unit&quot;:&quot;px&quot;,&quot;size&quot;:&quot;&quot;,&quot;sizes&quot;:[]},&quot;row_gap_mobile&quot;:{&quot;unit&quot;:&quot;px&quot;,&quot;size&quot;:&quot;&quot;,&quot;sizes&quot;:[]}}\" data-widget_type=\"uael-image-gallery.default\">\n\t\t\t\t<div class=\"elementor-widget-container\">\n\t\t\t\t\t<div class=\"uael-gallery-parent uael-caption- uael-gallery-unjustified\"><div class=\"uael-img-gallery-wrap uael-img-masonry-wrap uael-img-grid-masonry-wrap uael-masonry uael-image-lightbox-wrap\" data-filter-default=\"All\" data-lightbox_actions=\"[&quot;close&quot;]\" data-lightbox-gallery-loop=\"\"><div class=\"uael-grid-item  uael-img-gallery-item-1\"><div class=\"uael-grid-item-content\"><a class=\"uael-grid-img uael-grid-gallery-img uael-ins-hover elementor-clickable\" data-fancybox=\"uael-gallery\" href=\"https:\/\/www.boyerjulien.com\/wp-content\/uploads\/2025\/12\/mariage-crete-rethimno17.webp\" data-elementor-open-lightbox=\"no\"><div class=\"uael-grid-img-thumbnail uael-ins-target\"><img loading=\"lazy\" decoding=\"async\" width=\"682\" height=\"1024\" src=\"https:\/\/www.boyerjulien.com\/wp-content\/uploads\/2025\/12\/mariage-crete-rethimno17-682x1024.webp\" class=\"attachment-large size-large wp-image-3474\" alt=\"Moment de d\u00e9couverte entre les mari\u00e9s avant la c\u00e9r\u00e9monie de mariage \u00e0 Rethymnon en Cr\u00e8te, \u00e9motion et complicit\u00e9 photographi\u00e9es par Julien Boyer photographe de mariage\" srcset=\"https:\/\/www.boyerjulien.com\/wp-content\/uploads\/2025\/12\/mariage-crete-rethimno17-682x1024.webp 682w, https:\/\/www.boyerjulien.com\/wp-content\/uploads\/2025\/12\/mariage-crete-rethimno17-200x300.webp 200w, https:\/\/www.boyerjulien.com\/wp-content\/uploads\/2025\/12\/mariage-crete-rethimno17-768x1152.webp 768w, https:\/\/www.boyerjulien.com\/wp-content\/uploads\/2025\/12\/mariage-crete-rethimno17-1024x1536.webp 1024w, https:\/\/www.boyerjulien.com\/wp-content\/uploads\/2025\/12\/mariage-crete-rethimno17.webp 1280w\" sizes=\"(max-width: 682px) 100vw, 682px\" \/><\/div><div class=\"uael-grid-img-overlay\"><\/div><\/a><\/div><\/div><div class=\"uael-grid-item  uael-img-gallery-item-2\"><div class=\"uael-grid-item-content\"><a class=\"uael-grid-img uael-grid-gallery-img uael-ins-hover elementor-clickable\" data-fancybox=\"uael-gallery\" href=\"https:\/\/www.boyerjulien.com\/wp-content\/uploads\/2025\/12\/mariage-crete-rethimno18.webp\" data-elementor-open-lightbox=\"no\"><div class=\"uael-grid-img-thumbnail uael-ins-target\"><img loading=\"lazy\" decoding=\"async\" width=\"1024\" height=\"682\" src=\"https:\/\/www.boyerjulien.com\/wp-content\/uploads\/2025\/12\/mariage-crete-rethimno18-1024x682.webp\" class=\"attachment-large size-large wp-image-3475\" alt=\"\u00c9treinte des mari\u00e9s lors de leur mariage \u00e0 Rethymnon en Cr\u00e8te, moment spontan\u00e9 au bord de la piscine captur\u00e9 par Julien Boyer photographe de mariage\" srcset=\"https:\/\/www.boyerjulien.com\/wp-content\/uploads\/2025\/12\/mariage-crete-rethimno18-1024x682.webp 1024w, https:\/\/www.boyerjulien.com\/wp-content\/uploads\/2025\/12\/mariage-crete-rethimno18-300x200.webp 300w, https:\/\/www.boyerjulien.com\/wp-content\/uploads\/2025\/12\/mariage-crete-rethimno18-768x512.webp 768w, https:\/\/www.boyerjulien.com\/wp-content\/uploads\/2025\/12\/mariage-crete-rethimno18-1536x1024.webp 1536w, https:\/\/www.boyerjulien.com\/wp-content\/uploads\/2025\/12\/mariage-crete-rethimno18.webp 1920w\" sizes=\"(max-width: 1024px) 100vw, 1024px\" \/><\/div><div class=\"uael-grid-img-overlay\"><\/div><\/a><\/div><\/div><div class=\"uael-grid-item  uael-img-gallery-item-3\"><div class=\"uael-grid-item-content\"><a class=\"uael-grid-img uael-grid-gallery-img uael-ins-hover elementor-clickable\" data-fancybox=\"uael-gallery\" href=\"https:\/\/www.boyerjulien.com\/wp-content\/uploads\/2025\/12\/mariage-crete-rethimno19.webp\" data-elementor-open-lightbox=\"no\"><div class=\"uael-grid-img-thumbnail uael-ins-target\"><img loading=\"lazy\" decoding=\"async\" width=\"1024\" height=\"682\" src=\"https:\/\/www.boyerjulien.com\/wp-content\/uploads\/2025\/12\/mariage-crete-rethimno19-1024x682.webp\" class=\"attachment-large size-large wp-image-3476\" alt=\"Baiser des mari\u00e9s au bord de la piscine lors de leur mariage \u00e0 Rethymnon en Cr\u00e8te, moment intime et naturel photographi\u00e9 par Julien Boyer photographe de mariage\" srcset=\"https:\/\/www.boyerjulien.com\/wp-content\/uploads\/2025\/12\/mariage-crete-rethimno19-1024x682.webp 1024w, https:\/\/www.boyerjulien.com\/wp-content\/uploads\/2025\/12\/mariage-crete-rethimno19-300x200.webp 300w, https:\/\/www.boyerjulien.com\/wp-content\/uploads\/2025\/12\/mariage-crete-rethimno19-768x512.webp 768w, https:\/\/www.boyerjulien.com\/wp-content\/uploads\/2025\/12\/mariage-crete-rethimno19-1536x1024.webp 1536w, https:\/\/www.boyerjulien.com\/wp-content\/uploads\/2025\/12\/mariage-crete-rethimno19.webp 1920w\" sizes=\"(max-width: 1024px) 100vw, 1024px\" \/><\/div><div class=\"uael-grid-img-overlay\"><\/div><\/a><\/div><\/div><div class=\"uael-grid-item  uael-img-gallery-item-4\"><div class=\"uael-grid-item-content\"><a class=\"uael-grid-img uael-grid-gallery-img uael-ins-hover elementor-clickable\" data-fancybox=\"uael-gallery\" href=\"https:\/\/www.boyerjulien.com\/wp-content\/uploads\/2025\/12\/mariage-crete-rethimno21.webp\" data-elementor-open-lightbox=\"no\"><div class=\"uael-grid-img-thumbnail uael-ins-target\"><img loading=\"lazy\" decoding=\"async\" width=\"682\" height=\"1024\" src=\"https:\/\/www.boyerjulien.com\/wp-content\/uploads\/2025\/12\/mariage-crete-rethimno21-682x1024.webp\" class=\"attachment-large size-large wp-image-3478\" alt=\"Portrait naturel des mari\u00e9s souriants lors de leur mariage \u00e0 Rethymnon en Cr\u00e8te, reportage photo authentique par Julien Boyer photographe de mariage\" srcset=\"https:\/\/www.boyerjulien.com\/wp-content\/uploads\/2025\/12\/mariage-crete-rethimno21-682x1024.webp 682w, https:\/\/www.boyerjulien.com\/wp-content\/uploads\/2025\/12\/mariage-crete-rethimno21-200x300.webp 200w, https:\/\/www.boyerjulien.com\/wp-content\/uploads\/2025\/12\/mariage-crete-rethimno21-768x1152.webp 768w, https:\/\/www.boyerjulien.com\/wp-content\/uploads\/2025\/12\/mariage-crete-rethimno21-1024x1536.webp 1024w, https:\/\/www.boyerjulien.com\/wp-content\/uploads\/2025\/12\/mariage-crete-rethimno21.webp 1280w\" sizes=\"(max-width: 682px) 100vw, 682px\" \/><\/div><div class=\"uael-grid-img-overlay\"><\/div><\/a><\/div><\/div><div class=\"uael-grid-item  uael-img-gallery-item-5\"><div class=\"uael-grid-item-content\"><a class=\"uael-grid-img uael-grid-gallery-img uael-ins-hover elementor-clickable\" data-fancybox=\"uael-gallery\" href=\"https:\/\/www.boyerjulien.com\/wp-content\/uploads\/2025\/12\/mariage-crete-rethimno20.webp\" data-elementor-open-lightbox=\"no\"><div class=\"uael-grid-img-thumbnail uael-ins-target\"><img loading=\"lazy\" decoding=\"async\" width=\"682\" height=\"1024\" src=\"https:\/\/www.boyerjulien.com\/wp-content\/uploads\/2025\/12\/mariage-crete-rethimno20-682x1024.webp\" class=\"attachment-large size-large wp-image-3477\" alt=\"D\u00e9couverte des mari\u00e9s avant la c\u00e9r\u00e9monie lors d\u2019un mariage \u00e0 Rethymnon en Cr\u00e8te, \u00e9motion et sourire captur\u00e9s par Julien Boyer\" srcset=\"https:\/\/www.boyerjulien.com\/wp-content\/uploads\/2025\/12\/mariage-crete-rethimno20-682x1024.webp 682w, https:\/\/www.boyerjulien.com\/wp-content\/uploads\/2025\/12\/mariage-crete-rethimno20-200x300.webp 200w, https:\/\/www.boyerjulien.com\/wp-content\/uploads\/2025\/12\/mariage-crete-rethimno20-768x1152.webp 768w, https:\/\/www.boyerjulien.com\/wp-content\/uploads\/2025\/12\/mariage-crete-rethimno20-1024x1536.webp 1024w, https:\/\/www.boyerjulien.com\/wp-content\/uploads\/2025\/12\/mariage-crete-rethimno20.webp 1280w\" sizes=\"(max-width: 682px) 100vw, 682px\" \/><\/div><div class=\"uael-grid-img-overlay\"><\/div><\/a><\/div><\/div><\/div><\/div>\t\t\t\t<\/div>\n\t\t\t\t<\/div>\n\t\t\t\t<div class=\"elementor-element elementor-element-a505dd0 uael-img-grid__column-2 uael-img-grid-tablet__column-3 uael-img-grid-mobile__column-2 uael-ins-normal elementor-widget elementor-widget-uael-image-gallery\" data-id=\"a505dd0\" data-element_type=\"widget\" data-settings=\"{&quot;gallery_columns&quot;:&quot;2&quot;,&quot;gallery_columns_tablet&quot;:&quot;3&quot;,&quot;gallery_columns_mobile&quot;:&quot;2&quot;,&quot;column_gap&quot;:{&quot;unit&quot;:&quot;px&quot;,&quot;size&quot;:20,&quot;sizes&quot;:[]},&quot;column_gap_widescreen&quot;:{&quot;unit&quot;:&quot;px&quot;,&quot;size&quot;:&quot;&quot;,&quot;sizes&quot;:[]},&quot;column_gap_laptop&quot;:{&quot;unit&quot;:&quot;px&quot;,&quot;size&quot;:&quot;&quot;,&quot;sizes&quot;:[]},&quot;column_gap_tablet_extra&quot;:{&quot;unit&quot;:&quot;px&quot;,&quot;size&quot;:&quot;&quot;,&quot;sizes&quot;:[]},&quot;column_gap_tablet&quot;:{&quot;unit&quot;:&quot;px&quot;,&quot;size&quot;:&quot;&quot;,&quot;sizes&quot;:[]},&quot;column_gap_mobile_extra&quot;:{&quot;unit&quot;:&quot;px&quot;,&quot;size&quot;:&quot;&quot;,&quot;sizes&quot;:[]},&quot;column_gap_mobile&quot;:{&quot;unit&quot;:&quot;px&quot;,&quot;size&quot;:&quot;&quot;,&quot;sizes&quot;:[]},&quot;row_gap&quot;:{&quot;unit&quot;:&quot;px&quot;,&quot;size&quot;:20,&quot;sizes&quot;:[]},&quot;row_gap_widescreen&quot;:{&quot;unit&quot;:&quot;px&quot;,&quot;size&quot;:&quot;&quot;,&quot;sizes&quot;:[]},&quot;row_gap_laptop&quot;:{&quot;unit&quot;:&quot;px&quot;,&quot;size&quot;:&quot;&quot;,&quot;sizes&quot;:[]},&quot;row_gap_tablet_extra&quot;:{&quot;unit&quot;:&quot;px&quot;,&quot;size&quot;:&quot;&quot;,&quot;sizes&quot;:[]},&quot;row_gap_tablet&quot;:{&quot;unit&quot;:&quot;px&quot;,&quot;size&quot;:&quot;&quot;,&quot;sizes&quot;:[]},&quot;row_gap_mobile_extra&quot;:{&quot;unit&quot;:&quot;px&quot;,&quot;size&quot;:&quot;&quot;,&quot;sizes&quot;:[]},&quot;row_gap_mobile&quot;:{&quot;unit&quot;:&quot;px&quot;,&quot;size&quot;:&quot;&quot;,&quot;sizes&quot;:[]}}\" data-widget_type=\"uael-image-gallery.default\">\n\t\t\t\t<div class=\"elementor-widget-container\">\n\t\t\t\t\t<div class=\"uael-gallery-parent uael-caption- uael-gallery-unjustified\"><div class=\"uael-img-gallery-wrap uael-img-masonry-wrap uael-img-grid-masonry-wrap uael-masonry uael-image-lightbox-wrap\" data-filter-default=\"All\" data-lightbox_actions=\"[&quot;close&quot;]\" data-lightbox-gallery-loop=\"\"><div class=\"uael-grid-item  uael-img-gallery-item-1\"><div class=\"uael-grid-item-content\"><a class=\"uael-grid-img uael-grid-gallery-img uael-ins-hover elementor-clickable\" data-fancybox=\"uael-gallery\" href=\"https:\/\/www.boyerjulien.com\/wp-content\/uploads\/2025\/12\/mariage-crete-rethimno22.webp\" data-elementor-open-lightbox=\"no\"><div class=\"uael-grid-img-thumbnail uael-ins-target\"><img loading=\"lazy\" decoding=\"async\" width=\"1024\" height=\"682\" src=\"https:\/\/www.boyerjulien.com\/wp-content\/uploads\/2025\/12\/mariage-crete-rethimno22-1024x682.webp\" class=\"attachment-large size-large wp-image-3479\" alt=\"Bouteille de champagne et fl\u00fbtes lors d\u2019un mariage \u00e0 Rethymnon en Cr\u00e8te, d\u00e9tail de c\u00e9l\u00e9bration photographi\u00e9 par Julien Boyer\" srcset=\"https:\/\/www.boyerjulien.com\/wp-content\/uploads\/2025\/12\/mariage-crete-rethimno22-1024x682.webp 1024w, https:\/\/www.boyerjulien.com\/wp-content\/uploads\/2025\/12\/mariage-crete-rethimno22-300x200.webp 300w, https:\/\/www.boyerjulien.com\/wp-content\/uploads\/2025\/12\/mariage-crete-rethimno22-768x512.webp 768w, https:\/\/www.boyerjulien.com\/wp-content\/uploads\/2025\/12\/mariage-crete-rethimno22-1536x1024.webp 1536w, https:\/\/www.boyerjulien.com\/wp-content\/uploads\/2025\/12\/mariage-crete-rethimno22.webp 1920w\" sizes=\"(max-width: 1024px) 100vw, 1024px\" \/><\/div><div class=\"uael-grid-img-overlay\"><\/div><\/a><\/div><\/div><div class=\"uael-grid-item  uael-img-gallery-item-2\"><div class=\"uael-grid-item-content\"><a class=\"uael-grid-img uael-grid-gallery-img uael-ins-hover elementor-clickable\" data-fancybox=\"uael-gallery\" href=\"https:\/\/www.boyerjulien.com\/wp-content\/uploads\/2025\/12\/mariage-crete-rethimno23.webp\" data-elementor-open-lightbox=\"no\"><div class=\"uael-grid-img-thumbnail uael-ins-target\"><img loading=\"lazy\" decoding=\"async\" width=\"1024\" height=\"682\" src=\"https:\/\/www.boyerjulien.com\/wp-content\/uploads\/2025\/12\/mariage-crete-rethimno23-1024x682.webp\" class=\"attachment-large size-large wp-image-3480\" alt=\"Toast de mariage avec les proches au bord de la piscine \u00e0 Rethymnon en Cr\u00e8te, ambiance conviviale et joyeuse photographi\u00e9e par Julien Boyer photographe de mariage\" srcset=\"https:\/\/www.boyerjulien.com\/wp-content\/uploads\/2025\/12\/mariage-crete-rethimno23-1024x682.webp 1024w, https:\/\/www.boyerjulien.com\/wp-content\/uploads\/2025\/12\/mariage-crete-rethimno23-300x200.webp 300w, https:\/\/www.boyerjulien.com\/wp-content\/uploads\/2025\/12\/mariage-crete-rethimno23-768x512.webp 768w, https:\/\/www.boyerjulien.com\/wp-content\/uploads\/2025\/12\/mariage-crete-rethimno23-1536x1024.webp 1536w, https:\/\/www.boyerjulien.com\/wp-content\/uploads\/2025\/12\/mariage-crete-rethimno23.webp 1920w\" sizes=\"(max-width: 1024px) 100vw, 1024px\" \/><\/div><div class=\"uael-grid-img-overlay\"><\/div><\/a><\/div><\/div><div class=\"uael-grid-item  uael-img-gallery-item-3\"><div class=\"uael-grid-item-content\"><a class=\"uael-grid-img uael-grid-gallery-img uael-ins-hover elementor-clickable\" data-fancybox=\"uael-gallery\" href=\"https:\/\/www.boyerjulien.com\/wp-content\/uploads\/2025\/12\/mariage-crete-rethimno24.webp\" data-elementor-open-lightbox=\"no\"><div class=\"uael-grid-img-thumbnail uael-ins-target\"><img loading=\"lazy\" decoding=\"async\" width=\"1024\" height=\"682\" src=\"https:\/\/www.boyerjulien.com\/wp-content\/uploads\/2025\/12\/mariage-crete-rethimno24-1024x682.webp\" class=\"attachment-large size-large wp-image-3481\" alt=\"Mari\u00e9 servant le champagne \u00e0 la mari\u00e9e lors de leur mariage \u00e0 Rethymnon en Cr\u00e8te, moment de c\u00e9l\u00e9bration captur\u00e9 par Julien Boyer\" srcset=\"https:\/\/www.boyerjulien.com\/wp-content\/uploads\/2025\/12\/mariage-crete-rethimno24-1024x682.webp 1024w, https:\/\/www.boyerjulien.com\/wp-content\/uploads\/2025\/12\/mariage-crete-rethimno24-300x200.webp 300w, https:\/\/www.boyerjulien.com\/wp-content\/uploads\/2025\/12\/mariage-crete-rethimno24-768x512.webp 768w, https:\/\/www.boyerjulien.com\/wp-content\/uploads\/2025\/12\/mariage-crete-rethimno24-1536x1024.webp 1536w, https:\/\/www.boyerjulien.com\/wp-content\/uploads\/2025\/12\/mariage-crete-rethimno24.webp 1920w\" sizes=\"(max-width: 1024px) 100vw, 1024px\" \/><\/div><div class=\"uael-grid-img-overlay\"><\/div><\/a><\/div><\/div><div class=\"uael-grid-item  uael-img-gallery-item-4\"><div class=\"uael-grid-item-content\"><a class=\"uael-grid-img uael-grid-gallery-img uael-ins-hover elementor-clickable\" data-fancybox=\"uael-gallery\" href=\"https:\/\/www.boyerjulien.com\/wp-content\/uploads\/2025\/12\/mariage-crete-rethimno25.webp\" data-elementor-open-lightbox=\"no\"><div class=\"uael-grid-img-thumbnail uael-ins-target\"><img loading=\"lazy\" decoding=\"async\" width=\"1024\" height=\"682\" src=\"https:\/\/www.boyerjulien.com\/wp-content\/uploads\/2025\/12\/mariage-crete-rethimno25-1024x682.webp\" class=\"attachment-large size-large wp-image-3482\" alt=\"Service du champagne lors d\u2019un mariage \u00e0 Agreco Farm pr\u00e8s de Rethymnon en Cr\u00e8te, fl\u00fbte remplie face \u00e0 la mer photographi\u00e9e par Julien Boyer photographe de mariage\" srcset=\"https:\/\/www.boyerjulien.com\/wp-content\/uploads\/2025\/12\/mariage-crete-rethimno25-1024x682.webp 1024w, https:\/\/www.boyerjulien.com\/wp-content\/uploads\/2025\/12\/mariage-crete-rethimno25-300x200.webp 300w, https:\/\/www.boyerjulien.com\/wp-content\/uploads\/2025\/12\/mariage-crete-rethimno25-768x512.webp 768w, https:\/\/www.boyerjulien.com\/wp-content\/uploads\/2025\/12\/mariage-crete-rethimno25-1536x1024.webp 1536w, https:\/\/www.boyerjulien.com\/wp-content\/uploads\/2025\/12\/mariage-crete-rethimno25.webp 1920w\" sizes=\"(max-width: 1024px) 100vw, 1024px\" \/><\/div><div class=\"uael-grid-img-overlay\"><\/div><\/a><\/div><\/div><\/div><\/div>\t\t\t\t<\/div>\n\t\t\t\t<\/div>\n\t\t\t\t<div class=\"elementor-element elementor-element-c3712d2 elementor-widget elementor-widget-image\" data-id=\"c3712d2\" data-element_type=\"widget\" data-widget_type=\"image.default\">\n\t\t\t\t<div class=\"elementor-widget-container\">\n\t\t\t\t\t\t\t\t\t\t\t\t\t\t\t\t<a href=\"https:\/\/www.boyerjulien.com\/wp-content\/uploads\/2025\/12\/mariage-crete-rethimno26.jpg\" data-elementor-open-lightbox=\"yes\" data-e-action-hash=\"#elementor-action%3Aaction%3Dlightbox%26settings%3DeyJpZCI6MzQ4MywidXJsIjoiaHR0cHM6XC9cL3d3dy5ib3llcmp1bGllbi5jb21cL3dwLWNvbnRlbnRcL3VwbG9hZHNcLzIwMjVcLzEyXC9tYXJpYWdlLWNyZXRlLXJldGhpbW5vMjYud2VicCJ9\">\n\t\t\t\t\t\t\t<img loading=\"lazy\" decoding=\"async\" width=\"1920\" height=\"1280\" src=\"https:\/\/www.boyerjulien.com\/wp-content\/uploads\/2025\/12\/mariage-crete-rethimno26.webp\" class=\"attachment-full size-full wp-image-3483\" alt=\"Toast de mariage avec les proches \u00e0 Agreco Farm pr\u00e8s de Rethymnon en Cr\u00e8te, c\u00e9l\u00e9bration conviviale au bord de la piscine photographi\u00e9e par Julien Boyer\" srcset=\"https:\/\/www.boyerjulien.com\/wp-content\/uploads\/2025\/12\/mariage-crete-rethimno26.webp 1920w, https:\/\/www.boyerjulien.com\/wp-content\/uploads\/2025\/12\/mariage-crete-rethimno26-300x200.webp 300w, https:\/\/www.boyerjulien.com\/wp-content\/uploads\/2025\/12\/mariage-crete-rethimno26-1024x682.webp 1024w, https:\/\/www.boyerjulien.com\/wp-content\/uploads\/2025\/12\/mariage-crete-rethimno26-768x512.webp 768w, https:\/\/www.boyerjulien.com\/wp-content\/uploads\/2025\/12\/mariage-crete-rethimno26-1536x1024.webp 1536w\" sizes=\"(max-width: 1920px) 100vw, 1920px\" \/>\t\t\t\t\t\t\t\t<\/a>\n\t\t\t\t\t\t\t\t\t\t\t\t\t\t\t<\/div>\n\t\t\t\t<\/div>\n\t\t\t\t<div class=\"elementor-element elementor-element-4883174 elementor-widget elementor-widget-image\" data-id=\"4883174\" data-element_type=\"widget\" data-widget_type=\"image.default\">\n\t\t\t\t<div class=\"elementor-widget-container\">\n\t\t\t\t\t\t\t\t\t\t\t\t\t\t\t\t<a href=\"https:\/\/www.boyerjulien.com\/wp-content\/uploads\/2025\/12\/mariage-crete-rethimno28.jpg\" data-elementor-open-lightbox=\"yes\" data-e-action-hash=\"#elementor-action%3Aaction%3Dlightbox%26settings%3DeyJpZCI6MzQ4NSwidXJsIjoiaHR0cHM6XC9cL3d3dy5ib3llcmp1bGllbi5jb21cL3dwLWNvbnRlbnRcL3VwbG9hZHNcLzIwMjVcLzEyXC9tYXJpYWdlLWNyZXRlLXJldGhpbW5vMjgud2VicCJ9\">\n\t\t\t\t\t\t\t<img loading=\"lazy\" decoding=\"async\" width=\"1920\" height=\"1280\" src=\"https:\/\/www.boyerjulien.com\/wp-content\/uploads\/2025\/12\/mariage-crete-rethimno28.webp\" class=\"attachment-full size-full wp-image-3485\" alt=\"Lieu de c\u00e9r\u00e9monie de mariage \u00e0 Agreco Farm pr\u00e8s de Rethymnon en Cr\u00e8te, chapelle et chaises en bois d\u00e9cor\u00e9es d\u2019olivier photographi\u00e9es par Julien Boyer\" srcset=\"https:\/\/www.boyerjulien.com\/wp-content\/uploads\/2025\/12\/mariage-crete-rethimno28.webp 1920w, https:\/\/www.boyerjulien.com\/wp-content\/uploads\/2025\/12\/mariage-crete-rethimno28-300x200.webp 300w, https:\/\/www.boyerjulien.com\/wp-content\/uploads\/2025\/12\/mariage-crete-rethimno28-1024x682.webp 1024w, https:\/\/www.boyerjulien.com\/wp-content\/uploads\/2025\/12\/mariage-crete-rethimno28-768x512.webp 768w, https:\/\/www.boyerjulien.com\/wp-content\/uploads\/2025\/12\/mariage-crete-rethimno28-1536x1024.webp 1536w\" sizes=\"(max-width: 1920px) 100vw, 1920px\" \/>\t\t\t\t\t\t\t\t<\/a>\n\t\t\t\t\t\t\t\t\t\t\t\t\t\t\t<\/div>\n\t\t\t\t<\/div>\n\t\t\t\t<div class=\"elementor-element elementor-element-900e52a elementor-widget elementor-widget-image\" data-id=\"900e52a\" data-element_type=\"widget\" data-widget_type=\"image.default\">\n\t\t\t\t<div class=\"elementor-widget-container\">\n\t\t\t\t\t\t\t\t\t\t\t\t\t\t\t\t<a href=\"https:\/\/www.boyerjulien.com\/wp-content\/uploads\/2025\/12\/mariage-crete-rethimno29.jpg\" data-elementor-open-lightbox=\"yes\" data-e-action-hash=\"#elementor-action%3Aaction%3Dlightbox%26settings%3DeyJpZCI6MzQ4NiwidXJsIjoiaHR0cHM6XC9cL3d3dy5ib3llcmp1bGllbi5jb21cL3dwLWNvbnRlbnRcL3VwbG9hZHNcLzIwMjVcLzEyXC9tYXJpYWdlLWNyZXRlLXJldGhpbW5vMjkud2VicCJ9\">\n\t\t\t\t\t\t\t<img loading=\"lazy\" decoding=\"async\" width=\"1920\" height=\"1280\" src=\"https:\/\/www.boyerjulien.com\/wp-content\/uploads\/2025\/12\/mariage-crete-rethimno29.webp\" class=\"attachment-full size-full wp-image-3486\" alt=\"D\u00e9coration de c\u00e9r\u00e9monie de mariage \u00e0 Agreco Farm en Cr\u00e8te, chaises en bois d\u00e9cor\u00e9es de branches d\u2019olivier photographi\u00e9es par Julien Boyer photographe de mariage\" srcset=\"https:\/\/www.boyerjulien.com\/wp-content\/uploads\/2025\/12\/mariage-crete-rethimno29.webp 1920w, https:\/\/www.boyerjulien.com\/wp-content\/uploads\/2025\/12\/mariage-crete-rethimno29-300x200.webp 300w, https:\/\/www.boyerjulien.com\/wp-content\/uploads\/2025\/12\/mariage-crete-rethimno29-1024x682.webp 1024w, https:\/\/www.boyerjulien.com\/wp-content\/uploads\/2025\/12\/mariage-crete-rethimno29-768x512.webp 768w, https:\/\/www.boyerjulien.com\/wp-content\/uploads\/2025\/12\/mariage-crete-rethimno29-1536x1024.webp 1536w\" sizes=\"(max-width: 1920px) 100vw, 1920px\" \/>\t\t\t\t\t\t\t\t<\/a>\n\t\t\t\t\t\t\t\t\t\t\t\t\t\t\t<\/div>\n\t\t\t\t<\/div>\n\t\t\t\t<div class=\"elementor-element elementor-element-bddbf16 elementor-widget elementor-widget-image\" data-id=\"bddbf16\" data-element_type=\"widget\" data-widget_type=\"image.default\">\n\t\t\t\t<div class=\"elementor-widget-container\">\n\t\t\t\t\t\t\t\t\t\t\t\t\t\t\t\t<a href=\"https:\/\/www.boyerjulien.com\/wp-content\/uploads\/2025\/12\/mariage-crete-rethimno30.jpg\" data-elementor-open-lightbox=\"yes\" data-e-action-hash=\"#elementor-action%3Aaction%3Dlightbox%26settings%3DeyJpZCI6MzQ4NywidXJsIjoiaHR0cHM6XC9cL3d3dy5ib3llcmp1bGllbi5jb21cL3dwLWNvbnRlbnRcL3VwbG9hZHNcLzIwMjVcLzEyXC9tYXJpYWdlLWNyZXRlLXJldGhpbW5vMzAud2VicCJ9\">\n\t\t\t\t\t\t\t<img loading=\"lazy\" decoding=\"async\" width=\"1280\" height=\"1920\" src=\"https:\/\/www.boyerjulien.com\/wp-content\/uploads\/2025\/12\/mariage-crete-rethimno30.webp\" class=\"attachment-full size-full wp-image-3487\" alt=\"Chapelle de mariage \u00e0 Agreco Farm pr\u00e8s de Rethymnon en Cr\u00e8te, fa\u00e7ade rose d\u00e9cor\u00e9e pour la c\u00e9r\u00e9monie photographi\u00e9e par Julien Boyer photographe de mariage\" srcset=\"https:\/\/www.boyerjulien.com\/wp-content\/uploads\/2025\/12\/mariage-crete-rethimno30.webp 1280w, https:\/\/www.boyerjulien.com\/wp-content\/uploads\/2025\/12\/mariage-crete-rethimno30-200x300.webp 200w, https:\/\/www.boyerjulien.com\/wp-content\/uploads\/2025\/12\/mariage-crete-rethimno30-682x1024.webp 682w, https:\/\/www.boyerjulien.com\/wp-content\/uploads\/2025\/12\/mariage-crete-rethimno30-768x1152.webp 768w, https:\/\/www.boyerjulien.com\/wp-content\/uploads\/2025\/12\/mariage-crete-rethimno30-1024x1536.webp 1024w\" sizes=\"(max-width: 1280px) 100vw, 1280px\" \/>\t\t\t\t\t\t\t\t<\/a>\n\t\t\t\t\t\t\t\t\t\t\t\t\t\t\t<\/div>\n\t\t\t\t<\/div>\n\t\t\t\t<div class=\"elementor-element elementor-element-1230f85 uael-img-grid__column-2 uael-img-grid-tablet__column-3 uael-img-grid-mobile__column-2 uael-ins-normal elementor-widget elementor-widget-uael-image-gallery\" data-id=\"1230f85\" data-element_type=\"widget\" data-settings=\"{&quot;gallery_columns&quot;:&quot;2&quot;,&quot;gallery_columns_tablet&quot;:&quot;3&quot;,&quot;gallery_columns_mobile&quot;:&quot;2&quot;,&quot;column_gap&quot;:{&quot;unit&quot;:&quot;px&quot;,&quot;size&quot;:20,&quot;sizes&quot;:[]},&quot;column_gap_widescreen&quot;:{&quot;unit&quot;:&quot;px&quot;,&quot;size&quot;:&quot;&quot;,&quot;sizes&quot;:[]},&quot;column_gap_laptop&quot;:{&quot;unit&quot;:&quot;px&quot;,&quot;size&quot;:&quot;&quot;,&quot;sizes&quot;:[]},&quot;column_gap_tablet_extra&quot;:{&quot;unit&quot;:&quot;px&quot;,&quot;size&quot;:&quot;&quot;,&quot;sizes&quot;:[]},&quot;column_gap_tablet&quot;:{&quot;unit&quot;:&quot;px&quot;,&quot;size&quot;:&quot;&quot;,&quot;sizes&quot;:[]},&quot;column_gap_mobile_extra&quot;:{&quot;unit&quot;:&quot;px&quot;,&quot;size&quot;:&quot;&quot;,&quot;sizes&quot;:[]},&quot;column_gap_mobile&quot;:{&quot;unit&quot;:&quot;px&quot;,&quot;size&quot;:&quot;&quot;,&quot;sizes&quot;:[]},&quot;row_gap&quot;:{&quot;unit&quot;:&quot;px&quot;,&quot;size&quot;:20,&quot;sizes&quot;:[]},&quot;row_gap_widescreen&quot;:{&quot;unit&quot;:&quot;px&quot;,&quot;size&quot;:&quot;&quot;,&quot;sizes&quot;:[]},&quot;row_gap_laptop&quot;:{&quot;unit&quot;:&quot;px&quot;,&quot;size&quot;:&quot;&quot;,&quot;sizes&quot;:[]},&quot;row_gap_tablet_extra&quot;:{&quot;unit&quot;:&quot;px&quot;,&quot;size&quot;:&quot;&quot;,&quot;sizes&quot;:[]},&quot;row_gap_tablet&quot;:{&quot;unit&quot;:&quot;px&quot;,&quot;size&quot;:&quot;&quot;,&quot;sizes&quot;:[]},&quot;row_gap_mobile_extra&quot;:{&quot;unit&quot;:&quot;px&quot;,&quot;size&quot;:&quot;&quot;,&quot;sizes&quot;:[]},&quot;row_gap_mobile&quot;:{&quot;unit&quot;:&quot;px&quot;,&quot;size&quot;:&quot;&quot;,&quot;sizes&quot;:[]}}\" data-widget_type=\"uael-image-gallery.default\">\n\t\t\t\t<div class=\"elementor-widget-container\">\n\t\t\t\t\t<div class=\"uael-gallery-parent uael-caption- uael-gallery-unjustified\"><div class=\"uael-img-gallery-wrap uael-img-masonry-wrap uael-img-grid-masonry-wrap uael-masonry uael-image-lightbox-wrap\" data-filter-default=\"All\" data-lightbox_actions=\"[&quot;close&quot;]\" data-lightbox-gallery-loop=\"\"><div class=\"uael-grid-item  uael-img-gallery-item-1\"><div class=\"uael-grid-item-content\"><a class=\"uael-grid-img uael-grid-gallery-img uael-ins-hover elementor-clickable\" data-fancybox=\"uael-gallery\" href=\"https:\/\/www.boyerjulien.com\/wp-content\/uploads\/2025\/12\/mariage-crete-rethimno31.webp\" data-elementor-open-lightbox=\"no\"><div class=\"uael-grid-img-thumbnail uael-ins-target\"><img loading=\"lazy\" decoding=\"async\" width=\"682\" height=\"1024\" src=\"https:\/\/www.boyerjulien.com\/wp-content\/uploads\/2025\/12\/mariage-crete-rethimno31-682x1024.webp\" class=\"attachment-large size-large wp-image-3488\" alt=\"Entr\u00e9e des mari\u00e9s main dans la main lors de leur mariage \u00e0 Agreco Farm pr\u00e8s de Rethymnon en Cr\u00e8te, c\u00e9r\u00e9monie en plein air photographi\u00e9e par Julien Boyer photographe de mariage\" srcset=\"https:\/\/www.boyerjulien.com\/wp-content\/uploads\/2025\/12\/mariage-crete-rethimno31-682x1024.webp 682w, https:\/\/www.boyerjulien.com\/wp-content\/uploads\/2025\/12\/mariage-crete-rethimno31-200x300.webp 200w, https:\/\/www.boyerjulien.com\/wp-content\/uploads\/2025\/12\/mariage-crete-rethimno31-768x1152.webp 768w, https:\/\/www.boyerjulien.com\/wp-content\/uploads\/2025\/12\/mariage-crete-rethimno31-1024x1536.webp 1024w, https:\/\/www.boyerjulien.com\/wp-content\/uploads\/2025\/12\/mariage-crete-rethimno31.webp 1280w\" sizes=\"(max-width: 682px) 100vw, 682px\" \/><\/div><div class=\"uael-grid-img-overlay\"><\/div><\/a><\/div><\/div><div class=\"uael-grid-item  uael-img-gallery-item-2\"><div class=\"uael-grid-item-content\"><a class=\"uael-grid-img uael-grid-gallery-img uael-ins-hover elementor-clickable\" data-fancybox=\"uael-gallery\" href=\"https:\/\/www.boyerjulien.com\/wp-content\/uploads\/2025\/12\/mariage-crete-rethimno32.webp\" data-elementor-open-lightbox=\"no\"><div class=\"uael-grid-img-thumbnail uael-ins-target\"><img loading=\"lazy\" decoding=\"async\" width=\"682\" height=\"1024\" src=\"https:\/\/www.boyerjulien.com\/wp-content\/uploads\/2025\/12\/mariage-crete-rethimno32-682x1024.webp\" class=\"attachment-large size-large wp-image-3489\" alt=\"Mari\u00e9s avan\u00e7ant dans l\u2019all\u00e9e entour\u00e9s de leurs invit\u00e9s lors d\u2019une c\u00e9r\u00e9monie de mariage \u00e0 Agreco Farm en Cr\u00e8te, reportage photo naturel par Julien Boyer\" srcset=\"https:\/\/www.boyerjulien.com\/wp-content\/uploads\/2025\/12\/mariage-crete-rethimno32-682x1024.webp 682w, https:\/\/www.boyerjulien.com\/wp-content\/uploads\/2025\/12\/mariage-crete-rethimno32-200x300.webp 200w, https:\/\/www.boyerjulien.com\/wp-content\/uploads\/2025\/12\/mariage-crete-rethimno32-768x1152.webp 768w, https:\/\/www.boyerjulien.com\/wp-content\/uploads\/2025\/12\/mariage-crete-rethimno32-1024x1536.webp 1024w, https:\/\/www.boyerjulien.com\/wp-content\/uploads\/2025\/12\/mariage-crete-rethimno32.webp 1280w\" sizes=\"(max-width: 682px) 100vw, 682px\" \/><\/div><div class=\"uael-grid-img-overlay\"><\/div><\/a><\/div><\/div><div class=\"uael-grid-item  uael-img-gallery-item-3\"><div class=\"uael-grid-item-content\"><a class=\"uael-grid-img uael-grid-gallery-img uael-ins-hover elementor-clickable\" data-fancybox=\"uael-gallery\" href=\"https:\/\/www.boyerjulien.com\/wp-content\/uploads\/2025\/12\/mariage-crete-rethimno33.webp\" data-elementor-open-lightbox=\"no\"><div class=\"uael-grid-img-thumbnail uael-ins-target\"><img loading=\"lazy\" decoding=\"async\" width=\"1024\" height=\"682\" src=\"https:\/\/www.boyerjulien.com\/wp-content\/uploads\/2025\/12\/mariage-crete-rethimno33-1024x682.webp\" class=\"attachment-large size-large wp-image-3490\" alt=\"Arriv\u00e9e des mari\u00e9s devant l\u2019officiante pour leur c\u00e9r\u00e9monie de mariage \u00e0 Agreco Farm pr\u00e8s de Rethymnon en Cr\u00e8te, lumi\u00e8re naturelle captur\u00e9e par Julien Boyer photographe de mariage\" srcset=\"https:\/\/www.boyerjulien.com\/wp-content\/uploads\/2025\/12\/mariage-crete-rethimno33-1024x682.webp 1024w, https:\/\/www.boyerjulien.com\/wp-content\/uploads\/2025\/12\/mariage-crete-rethimno33-300x200.webp 300w, https:\/\/www.boyerjulien.com\/wp-content\/uploads\/2025\/12\/mariage-crete-rethimno33-768x512.webp 768w, https:\/\/www.boyerjulien.com\/wp-content\/uploads\/2025\/12\/mariage-crete-rethimno33-1536x1024.webp 1536w, https:\/\/www.boyerjulien.com\/wp-content\/uploads\/2025\/12\/mariage-crete-rethimno33.webp 1920w\" sizes=\"(max-width: 1024px) 100vw, 1024px\" \/><\/div><div class=\"uael-grid-img-overlay\"><\/div><\/a><\/div><\/div><div class=\"uael-grid-item  uael-img-gallery-item-4\"><div class=\"uael-grid-item-content\"><a class=\"uael-grid-img uael-grid-gallery-img uael-ins-hover elementor-clickable\" data-fancybox=\"uael-gallery\" href=\"https:\/\/www.boyerjulien.com\/wp-content\/uploads\/2025\/12\/mariage-crete-rethimno34.webp\" data-elementor-open-lightbox=\"no\"><div class=\"uael-grid-img-thumbnail uael-ins-target\"><img loading=\"lazy\" decoding=\"async\" width=\"1024\" height=\"682\" src=\"https:\/\/www.boyerjulien.com\/wp-content\/uploads\/2025\/12\/mariage-crete-rethimno34-1024x682.webp\" class=\"attachment-large size-large wp-image-3491\" alt=\"Vue d\u2019ensemble de la c\u00e9r\u00e9monie de mariage \u00e0 Agreco Farm pr\u00e8s de Rethymnon en Cr\u00e8te, chapelle et invit\u00e9s r\u00e9unis photographi\u00e9s par Julien Boyer\" srcset=\"https:\/\/www.boyerjulien.com\/wp-content\/uploads\/2025\/12\/mariage-crete-rethimno34-1024x682.webp 1024w, https:\/\/www.boyerjulien.com\/wp-content\/uploads\/2025\/12\/mariage-crete-rethimno34-300x200.webp 300w, https:\/\/www.boyerjulien.com\/wp-content\/uploads\/2025\/12\/mariage-crete-rethimno34-768x512.webp 768w, https:\/\/www.boyerjulien.com\/wp-content\/uploads\/2025\/12\/mariage-crete-rethimno34-1536x1024.webp 1536w, https:\/\/www.boyerjulien.com\/wp-content\/uploads\/2025\/12\/mariage-crete-rethimno34.webp 1920w\" sizes=\"(max-width: 1024px) 100vw, 1024px\" \/><\/div><div class=\"uael-grid-img-overlay\"><\/div><\/a><\/div><\/div><div class=\"uael-grid-item  uael-img-gallery-item-5\"><div class=\"uael-grid-item-content\"><a class=\"uael-grid-img uael-grid-gallery-img uael-ins-hover elementor-clickable\" data-fancybox=\"uael-gallery\" href=\"https:\/\/www.boyerjulien.com\/wp-content\/uploads\/2025\/12\/mariage-crete-rethimno35.webp\" data-elementor-open-lightbox=\"no\"><div class=\"uael-grid-img-thumbnail uael-ins-target\"><img loading=\"lazy\" decoding=\"async\" width=\"1024\" height=\"682\" src=\"https:\/\/www.boyerjulien.com\/wp-content\/uploads\/2025\/12\/mariage-crete-rethimno35-1024x682.webp\" class=\"attachment-large size-large wp-image-3492\" alt=\"Mari\u00e9s \u00e9coutant l\u2019officiante pendant la c\u00e9r\u00e9monie de mariage \u00e0 Agreco Farm pr\u00e8s de Rethymnon en Cr\u00e8te, moment solennel photographi\u00e9 par Julien Boyer photographe de mariage\" srcset=\"https:\/\/www.boyerjulien.com\/wp-content\/uploads\/2025\/12\/mariage-crete-rethimno35-1024x682.webp 1024w, https:\/\/www.boyerjulien.com\/wp-content\/uploads\/2025\/12\/mariage-crete-rethimno35-300x200.webp 300w, https:\/\/www.boyerjulien.com\/wp-content\/uploads\/2025\/12\/mariage-crete-rethimno35-768x512.webp 768w, https:\/\/www.boyerjulien.com\/wp-content\/uploads\/2025\/12\/mariage-crete-rethimno35-1536x1024.webp 1536w, https:\/\/www.boyerjulien.com\/wp-content\/uploads\/2025\/12\/mariage-crete-rethimno35.webp 1920w\" sizes=\"(max-width: 1024px) 100vw, 1024px\" \/><\/div><div class=\"uael-grid-img-overlay\"><\/div><\/a><\/div><\/div><div class=\"uael-grid-item  uael-img-gallery-item-6\"><div class=\"uael-grid-item-content\"><a class=\"uael-grid-img uael-grid-gallery-img uael-ins-hover elementor-clickable\" data-fancybox=\"uael-gallery\" href=\"https:\/\/www.boyerjulien.com\/wp-content\/uploads\/2025\/12\/mariage-crete-rethimno36.webp\" data-elementor-open-lightbox=\"no\"><div class=\"uael-grid-img-thumbnail uael-ins-target\"><img loading=\"lazy\" decoding=\"async\" width=\"1024\" height=\"682\" src=\"https:\/\/www.boyerjulien.com\/wp-content\/uploads\/2025\/12\/mariage-crete-rethimno36-1024x682.webp\" class=\"attachment-large size-large wp-image-3493\" alt=\"Invit\u00e9s \u00e9mus pendant la c\u00e9r\u00e9monie de mariage \u00e0 Agreco Farm pr\u00e8s de Rethymnon en Cr\u00e8te, reportage photo authentique par Julien Boyer\" srcset=\"https:\/\/www.boyerjulien.com\/wp-content\/uploads\/2025\/12\/mariage-crete-rethimno36-1024x682.webp 1024w, https:\/\/www.boyerjulien.com\/wp-content\/uploads\/2025\/12\/mariage-crete-rethimno36-300x200.webp 300w, https:\/\/www.boyerjulien.com\/wp-content\/uploads\/2025\/12\/mariage-crete-rethimno36-768x512.webp 768w, https:\/\/www.boyerjulien.com\/wp-content\/uploads\/2025\/12\/mariage-crete-rethimno36-1536x1024.webp 1536w, https:\/\/www.boyerjulien.com\/wp-content\/uploads\/2025\/12\/mariage-crete-rethimno36.webp 1920w\" sizes=\"(max-width: 1024px) 100vw, 1024px\" \/><\/div><div class=\"uael-grid-img-overlay\"><\/div><\/a><\/div><\/div><\/div><\/div>\t\t\t\t<\/div>\n\t\t\t\t<\/div>\n\t\t\t\t<div class=\"elementor-element elementor-element-eccf515 elementor-widget elementor-widget-image\" data-id=\"eccf515\" data-element_type=\"widget\" data-widget_type=\"image.default\">\n\t\t\t\t<div class=\"elementor-widget-container\">\n\t\t\t\t\t\t\t\t\t\t\t\t\t\t\t\t<a href=\"https:\/\/www.boyerjulien.com\/wp-content\/uploads\/2025\/12\/mariage-crete-rethimno37.jpg\" data-elementor-open-lightbox=\"yes\" data-e-action-hash=\"#elementor-action%3Aaction%3Dlightbox%26settings%3DeyJpZCI6MzQ5NCwidXJsIjoiaHR0cHM6XC9cL3d3dy5ib3llcmp1bGllbi5jb21cL3dwLWNvbnRlbnRcL3VwbG9hZHNcLzIwMjVcLzEyXC9tYXJpYWdlLWNyZXRlLXJldGhpbW5vMzcud2VicCJ9\">\n\t\t\t\t\t\t\t<img loading=\"lazy\" decoding=\"async\" width=\"1280\" height=\"1920\" src=\"https:\/\/www.boyerjulien.com\/wp-content\/uploads\/2025\/12\/mariage-crete-rethimno37.webp\" class=\"attachment-full size-full wp-image-3494\" alt=\"Vue d\u2019ensemble de la c\u00e9r\u00e9monie de mariage \u00e0 Agreco Farm pr\u00e8s de Rethymnon en Cr\u00e8te, mari\u00e9s devant la chapelle entour\u00e9s de leurs invit\u00e9s photographi\u00e9s par Julien Boyer photographe de mariage\" srcset=\"https:\/\/www.boyerjulien.com\/wp-content\/uploads\/2025\/12\/mariage-crete-rethimno37.webp 1280w, https:\/\/www.boyerjulien.com\/wp-content\/uploads\/2025\/12\/mariage-crete-rethimno37-200x300.webp 200w, https:\/\/www.boyerjulien.com\/wp-content\/uploads\/2025\/12\/mariage-crete-rethimno37-682x1024.webp 682w, https:\/\/www.boyerjulien.com\/wp-content\/uploads\/2025\/12\/mariage-crete-rethimno37-768x1152.webp 768w, https:\/\/www.boyerjulien.com\/wp-content\/uploads\/2025\/12\/mariage-crete-rethimno37-1024x1536.webp 1024w\" sizes=\"(max-width: 1280px) 100vw, 1280px\" \/>\t\t\t\t\t\t\t\t<\/a>\n\t\t\t\t\t\t\t\t\t\t\t\t\t\t\t<\/div>\n\t\t\t\t<\/div>\n\t\t\t\t<div class=\"elementor-element elementor-element-6548d1d uael-img-grid__column-2 uael-img-grid-tablet__column-3 uael-img-grid-mobile__column-2 uael-ins-normal elementor-widget elementor-widget-uael-image-gallery\" data-id=\"6548d1d\" data-element_type=\"widget\" data-settings=\"{&quot;gallery_columns&quot;:&quot;2&quot;,&quot;gallery_columns_tablet&quot;:&quot;3&quot;,&quot;gallery_columns_mobile&quot;:&quot;2&quot;,&quot;column_gap&quot;:{&quot;unit&quot;:&quot;px&quot;,&quot;size&quot;:20,&quot;sizes&quot;:[]},&quot;column_gap_widescreen&quot;:{&quot;unit&quot;:&quot;px&quot;,&quot;size&quot;:&quot;&quot;,&quot;sizes&quot;:[]},&quot;column_gap_laptop&quot;:{&quot;unit&quot;:&quot;px&quot;,&quot;size&quot;:&quot;&quot;,&quot;sizes&quot;:[]},&quot;column_gap_tablet_extra&quot;:{&quot;unit&quot;:&quot;px&quot;,&quot;size&quot;:&quot;&quot;,&quot;sizes&quot;:[]},&quot;column_gap_tablet&quot;:{&quot;unit&quot;:&quot;px&quot;,&quot;size&quot;:&quot;&quot;,&quot;sizes&quot;:[]},&quot;column_gap_mobile_extra&quot;:{&quot;unit&quot;:&quot;px&quot;,&quot;size&quot;:&quot;&quot;,&quot;sizes&quot;:[]},&quot;column_gap_mobile&quot;:{&quot;unit&quot;:&quot;px&quot;,&quot;size&quot;:&quot;&quot;,&quot;sizes&quot;:[]},&quot;row_gap&quot;:{&quot;unit&quot;:&quot;px&quot;,&quot;size&quot;:20,&quot;sizes&quot;:[]},&quot;row_gap_widescreen&quot;:{&quot;unit&quot;:&quot;px&quot;,&quot;size&quot;:&quot;&quot;,&quot;sizes&quot;:[]},&quot;row_gap_laptop&quot;:{&quot;unit&quot;:&quot;px&quot;,&quot;size&quot;:&quot;&quot;,&quot;sizes&quot;:[]},&quot;row_gap_tablet_extra&quot;:{&quot;unit&quot;:&quot;px&quot;,&quot;size&quot;:&quot;&quot;,&quot;sizes&quot;:[]},&quot;row_gap_tablet&quot;:{&quot;unit&quot;:&quot;px&quot;,&quot;size&quot;:&quot;&quot;,&quot;sizes&quot;:[]},&quot;row_gap_mobile_extra&quot;:{&quot;unit&quot;:&quot;px&quot;,&quot;size&quot;:&quot;&quot;,&quot;sizes&quot;:[]},&quot;row_gap_mobile&quot;:{&quot;unit&quot;:&quot;px&quot;,&quot;size&quot;:&quot;&quot;,&quot;sizes&quot;:[]}}\" data-widget_type=\"uael-image-gallery.default\">\n\t\t\t\t<div class=\"elementor-widget-container\">\n\t\t\t\t\t<div class=\"uael-gallery-parent uael-caption- uael-gallery-unjustified\"><div class=\"uael-img-gallery-wrap uael-img-masonry-wrap uael-img-grid-masonry-wrap uael-masonry uael-image-lightbox-wrap\" data-filter-default=\"All\" data-lightbox_actions=\"[&quot;close&quot;]\" data-lightbox-gallery-loop=\"\"><div class=\"uael-grid-item  uael-img-gallery-item-1\"><div class=\"uael-grid-item-content\"><a class=\"uael-grid-img uael-grid-gallery-img uael-ins-hover elementor-clickable\" data-fancybox=\"uael-gallery\" href=\"https:\/\/www.boyerjulien.com\/wp-content\/uploads\/2025\/12\/mariage-crete-rethimno38.webp\" data-elementor-open-lightbox=\"no\"><div class=\"uael-grid-img-thumbnail uael-ins-target\"><img loading=\"lazy\" decoding=\"async\" width=\"1024\" height=\"682\" src=\"https:\/\/www.boyerjulien.com\/wp-content\/uploads\/2025\/12\/mariage-crete-rethimno38-1024x682.webp\" class=\"attachment-large size-large wp-image-3495\" alt=\"\u00c9change des v\u0153ux pendant la c\u00e9r\u00e9monie de mariage \u00e0 Agreco Farm pr\u00e8s de Rethymnon en Cr\u00e8te, mains des mari\u00e9s et bouquet captur\u00e9s par Julien Boyer\" srcset=\"https:\/\/www.boyerjulien.com\/wp-content\/uploads\/2025\/12\/mariage-crete-rethimno38-1024x682.webp 1024w, https:\/\/www.boyerjulien.com\/wp-content\/uploads\/2025\/12\/mariage-crete-rethimno38-300x200.webp 300w, https:\/\/www.boyerjulien.com\/wp-content\/uploads\/2025\/12\/mariage-crete-rethimno38-768x512.webp 768w, https:\/\/www.boyerjulien.com\/wp-content\/uploads\/2025\/12\/mariage-crete-rethimno38-1536x1024.webp 1536w, https:\/\/www.boyerjulien.com\/wp-content\/uploads\/2025\/12\/mariage-crete-rethimno38.webp 1920w\" sizes=\"(max-width: 1024px) 100vw, 1024px\" \/><\/div><div class=\"uael-grid-img-overlay\"><\/div><\/a><\/div><\/div><div class=\"uael-grid-item  uael-img-gallery-item-2\"><div class=\"uael-grid-item-content\"><a class=\"uael-grid-img uael-grid-gallery-img uael-ins-hover elementor-clickable\" data-fancybox=\"uael-gallery\" href=\"https:\/\/www.boyerjulien.com\/wp-content\/uploads\/2025\/12\/mariage-crete-rethimno39.webp\" data-elementor-open-lightbox=\"no\"><div class=\"uael-grid-img-thumbnail uael-ins-target\"><img loading=\"lazy\" decoding=\"async\" width=\"1024\" height=\"682\" src=\"https:\/\/www.boyerjulien.com\/wp-content\/uploads\/2025\/12\/mariage-crete-rethimno39-1024x682.webp\" class=\"attachment-large size-large wp-image-3496\" alt=\"Mari\u00e9e regardant son \u00e9poux avec \u00e9motion pendant la c\u00e9r\u00e9monie de mariage \u00e0 Agreco Farm en Cr\u00e8te, lumi\u00e8re naturelle photographi\u00e9e par Julien Boyer photographe de mariage\" srcset=\"https:\/\/www.boyerjulien.com\/wp-content\/uploads\/2025\/12\/mariage-crete-rethimno39-1024x682.webp 1024w, https:\/\/www.boyerjulien.com\/wp-content\/uploads\/2025\/12\/mariage-crete-rethimno39-300x200.webp 300w, https:\/\/www.boyerjulien.com\/wp-content\/uploads\/2025\/12\/mariage-crete-rethimno39-768x512.webp 768w, https:\/\/www.boyerjulien.com\/wp-content\/uploads\/2025\/12\/mariage-crete-rethimno39-1536x1024.webp 1536w, https:\/\/www.boyerjulien.com\/wp-content\/uploads\/2025\/12\/mariage-crete-rethimno39.webp 1920w\" sizes=\"(max-width: 1024px) 100vw, 1024px\" \/><\/div><div class=\"uael-grid-img-overlay\"><\/div><\/a><\/div><\/div><div class=\"uael-grid-item  uael-img-gallery-item-3\"><div class=\"uael-grid-item-content\"><a class=\"uael-grid-img uael-grid-gallery-img uael-ins-hover elementor-clickable\" data-fancybox=\"uael-gallery\" href=\"https:\/\/www.boyerjulien.com\/wp-content\/uploads\/2025\/12\/mariage-crete-rethimno40.webp\" data-elementor-open-lightbox=\"no\"><div class=\"uael-grid-img-thumbnail uael-ins-target\"><img loading=\"lazy\" decoding=\"async\" width=\"1024\" height=\"682\" src=\"https:\/\/www.boyerjulien.com\/wp-content\/uploads\/2025\/12\/mariage-crete-rethimno40-1024x682.webp\" class=\"attachment-large size-large wp-image-3497\" alt=\"Invit\u00e9s assis pendant la c\u00e9r\u00e9monie de mariage \u00e0 Agreco Farm pr\u00e8s de Rethymnon en Cr\u00e8te, attentifs et \u00e9mus photographi\u00e9s par Julien Boyer\" srcset=\"https:\/\/www.boyerjulien.com\/wp-content\/uploads\/2025\/12\/mariage-crete-rethimno40-1024x682.webp 1024w, https:\/\/www.boyerjulien.com\/wp-content\/uploads\/2025\/12\/mariage-crete-rethimno40-300x200.webp 300w, https:\/\/www.boyerjulien.com\/wp-content\/uploads\/2025\/12\/mariage-crete-rethimno40-768x512.webp 768w, https:\/\/www.boyerjulien.com\/wp-content\/uploads\/2025\/12\/mariage-crete-rethimno40-1536x1024.webp 1536w, https:\/\/www.boyerjulien.com\/wp-content\/uploads\/2025\/12\/mariage-crete-rethimno40.webp 1920w\" sizes=\"(max-width: 1024px) 100vw, 1024px\" \/><\/div><div class=\"uael-grid-img-overlay\"><\/div><\/a><\/div><\/div><div class=\"uael-grid-item  uael-img-gallery-item-4\"><div class=\"uael-grid-item-content\"><a class=\"uael-grid-img uael-grid-gallery-img uael-ins-hover elementor-clickable\" data-fancybox=\"uael-gallery\" href=\"https:\/\/www.boyerjulien.com\/wp-content\/uploads\/2025\/12\/mariage-crete-rethimno41.webp\" data-elementor-open-lightbox=\"no\"><div class=\"uael-grid-img-thumbnail uael-ins-target\"><img loading=\"lazy\" decoding=\"async\" width=\"1024\" height=\"682\" src=\"https:\/\/www.boyerjulien.com\/wp-content\/uploads\/2025\/12\/mariage-crete-rethimno41-1024x682.webp\" class=\"attachment-large size-large wp-image-3498\" alt=\"Portrait de la mari\u00e9e souriante pendant la c\u00e9r\u00e9monie de mariage \u00e0 Agreco Farm en Cr\u00e8te, moment d\u2019\u00e9motion captur\u00e9 par Julien Boyer photographe de mariage\" srcset=\"https:\/\/www.boyerjulien.com\/wp-content\/uploads\/2025\/12\/mariage-crete-rethimno41-1024x682.webp 1024w, https:\/\/www.boyerjulien.com\/wp-content\/uploads\/2025\/12\/mariage-crete-rethimno41-300x200.webp 300w, https:\/\/www.boyerjulien.com\/wp-content\/uploads\/2025\/12\/mariage-crete-rethimno41-768x512.webp 768w, https:\/\/www.boyerjulien.com\/wp-content\/uploads\/2025\/12\/mariage-crete-rethimno41-1536x1024.webp 1536w, https:\/\/www.boyerjulien.com\/wp-content\/uploads\/2025\/12\/mariage-crete-rethimno41.webp 1920w\" sizes=\"(max-width: 1024px) 100vw, 1024px\" \/><\/div><div class=\"uael-grid-img-overlay\"><\/div><\/a><\/div><\/div><div class=\"uael-grid-item  uael-img-gallery-item-5\"><div class=\"uael-grid-item-content\"><a class=\"uael-grid-img uael-grid-gallery-img uael-ins-hover elementor-clickable\" data-fancybox=\"uael-gallery\" href=\"https:\/\/www.boyerjulien.com\/wp-content\/uploads\/2025\/12\/mariage-crete-rethimno42.webp\" data-elementor-open-lightbox=\"no\"><div class=\"uael-grid-img-thumbnail uael-ins-target\"><img loading=\"lazy\" decoding=\"async\" width=\"1024\" height=\"682\" src=\"https:\/\/www.boyerjulien.com\/wp-content\/uploads\/2025\/12\/mariage-crete-rethimno42-1024x682.webp\" class=\"attachment-large size-large wp-image-3499\" alt=\"Invit\u00e9s souriants et \u00e9mus pendant la c\u00e9r\u00e9monie de mariage \u00e0 Agreco Farm pr\u00e8s de Rethymnon en Cr\u00e8te, reportage photo naturel par Julien Boyer\" srcset=\"https:\/\/www.boyerjulien.com\/wp-content\/uploads\/2025\/12\/mariage-crete-rethimno42-1024x682.webp 1024w, https:\/\/www.boyerjulien.com\/wp-content\/uploads\/2025\/12\/mariage-crete-rethimno42-300x200.webp 300w, https:\/\/www.boyerjulien.com\/wp-content\/uploads\/2025\/12\/mariage-crete-rethimno42-768x512.webp 768w, https:\/\/www.boyerjulien.com\/wp-content\/uploads\/2025\/12\/mariage-crete-rethimno42-1536x1024.webp 1536w, https:\/\/www.boyerjulien.com\/wp-content\/uploads\/2025\/12\/mariage-crete-rethimno42.webp 1920w\" sizes=\"(max-width: 1024px) 100vw, 1024px\" \/><\/div><div class=\"uael-grid-img-overlay\"><\/div><\/a><\/div><\/div><div class=\"uael-grid-item  uael-img-gallery-item-6\"><div class=\"uael-grid-item-content\"><a class=\"uael-grid-img uael-grid-gallery-img uael-ins-hover elementor-clickable\" data-fancybox=\"uael-gallery\" href=\"https:\/\/www.boyerjulien.com\/wp-content\/uploads\/2025\/12\/mariage-crete-rethimno43.webp\" data-elementor-open-lightbox=\"no\"><div class=\"uael-grid-img-thumbnail uael-ins-target\"><img loading=\"lazy\" decoding=\"async\" width=\"1024\" height=\"682\" src=\"https:\/\/www.boyerjulien.com\/wp-content\/uploads\/2025\/12\/mariage-crete-rethimno43-1024x682.webp\" class=\"attachment-large size-large wp-image-3500\" alt=\"C\u00e9r\u00e9monie de mariage en plein air \u00e0 Agreco Farm pr\u00e8s de Rethymnon en Cr\u00e8te, couple \u00e9changeant ses v\u0153ux dans un cadre authentique, photo par Julien Boyer photographe de mariage\" srcset=\"https:\/\/www.boyerjulien.com\/wp-content\/uploads\/2025\/12\/mariage-crete-rethimno43-1024x682.webp 1024w, https:\/\/www.boyerjulien.com\/wp-content\/uploads\/2025\/12\/mariage-crete-rethimno43-300x200.webp 300w, https:\/\/www.boyerjulien.com\/wp-content\/uploads\/2025\/12\/mariage-crete-rethimno43-768x512.webp 768w, https:\/\/www.boyerjulien.com\/wp-content\/uploads\/2025\/12\/mariage-crete-rethimno43-1536x1024.webp 1536w, https:\/\/www.boyerjulien.com\/wp-content\/uploads\/2025\/12\/mariage-crete-rethimno43.webp 1920w\" sizes=\"(max-width: 1024px) 100vw, 1024px\" \/><\/div><div class=\"uael-grid-img-overlay\"><\/div><\/a><\/div><\/div><div class=\"uael-grid-item  uael-img-gallery-item-7\"><div class=\"uael-grid-item-content\"><a class=\"uael-grid-img uael-grid-gallery-img uael-ins-hover elementor-clickable\" data-fancybox=\"uael-gallery\" href=\"https:\/\/www.boyerjulien.com\/wp-content\/uploads\/2025\/12\/mariage-crete-rethimno44.webp\" data-elementor-open-lightbox=\"no\"><div class=\"uael-grid-img-thumbnail uael-ins-target\"><img loading=\"lazy\" decoding=\"async\" width=\"1024\" height=\"682\" src=\"https:\/\/www.boyerjulien.com\/wp-content\/uploads\/2025\/12\/mariage-crete-rethimno44-1024x682.webp\" class=\"attachment-large size-large wp-image-3501\" alt=\"Moment d\u2019\u00e9motion lors de l\u2019\u00e9change des v\u0153ux \u00e0 Agreco Farm en Cr\u00e8te, mari\u00e9s se regardant pendant la c\u00e9r\u00e9monie, reportage sign\u00e9 Julien Boyer photographe de mariage\" srcset=\"https:\/\/www.boyerjulien.com\/wp-content\/uploads\/2025\/12\/mariage-crete-rethimno44-1024x682.webp 1024w, https:\/\/www.boyerjulien.com\/wp-content\/uploads\/2025\/12\/mariage-crete-rethimno44-300x200.webp 300w, https:\/\/www.boyerjulien.com\/wp-content\/uploads\/2025\/12\/mariage-crete-rethimno44-768x512.webp 768w, https:\/\/www.boyerjulien.com\/wp-content\/uploads\/2025\/12\/mariage-crete-rethimno44-1536x1024.webp 1536w, https:\/\/www.boyerjulien.com\/wp-content\/uploads\/2025\/12\/mariage-crete-rethimno44.webp 1920w\" sizes=\"(max-width: 1024px) 100vw, 1024px\" \/><\/div><div class=\"uael-grid-img-overlay\"><\/div><\/a><\/div><\/div><div class=\"uael-grid-item  uael-img-gallery-item-8\"><div class=\"uael-grid-item-content\"><a class=\"uael-grid-img uael-grid-gallery-img uael-ins-hover elementor-clickable\" data-fancybox=\"uael-gallery\" href=\"https:\/\/www.boyerjulien.com\/wp-content\/uploads\/2025\/12\/mariage-crete-rethimno45.webp\" data-elementor-open-lightbox=\"no\"><div class=\"uael-grid-img-thumbnail uael-ins-target\"><img loading=\"lazy\" decoding=\"async\" width=\"1024\" height=\"682\" src=\"https:\/\/www.boyerjulien.com\/wp-content\/uploads\/2025\/12\/mariage-crete-rethimno45-1024x682.webp\" class=\"attachment-large size-large wp-image-3502\" alt=\"Gros plan sur l\u2019\u00e9change des alliances pendant un mariage \u00e0 Agreco Farm pr\u00e8s de Rethymnon en Cr\u00e8te, photo de c\u00e9r\u00e9monie par Julien Boyer photographe de mariage\" srcset=\"https:\/\/www.boyerjulien.com\/wp-content\/uploads\/2025\/12\/mariage-crete-rethimno45-1024x682.webp 1024w, https:\/\/www.boyerjulien.com\/wp-content\/uploads\/2025\/12\/mariage-crete-rethimno45-300x200.webp 300w, https:\/\/www.boyerjulien.com\/wp-content\/uploads\/2025\/12\/mariage-crete-rethimno45-768x512.webp 768w, https:\/\/www.boyerjulien.com\/wp-content\/uploads\/2025\/12\/mariage-crete-rethimno45-1536x1024.webp 1536w, https:\/\/www.boyerjulien.com\/wp-content\/uploads\/2025\/12\/mariage-crete-rethimno45.webp 1920w\" sizes=\"(max-width: 1024px) 100vw, 1024px\" \/><\/div><div class=\"uael-grid-img-overlay\"><\/div><\/a><\/div><\/div><div class=\"uael-grid-item  uael-img-gallery-item-9\"><div class=\"uael-grid-item-content\"><a class=\"uael-grid-img uael-grid-gallery-img uael-ins-hover elementor-clickable\" data-fancybox=\"uael-gallery\" href=\"https:\/\/www.boyerjulien.com\/wp-content\/uploads\/2025\/12\/mariage-crete-rethimno46.webp\" data-elementor-open-lightbox=\"no\"><div class=\"uael-grid-img-thumbnail uael-ins-target\"><img loading=\"lazy\" decoding=\"async\" width=\"1024\" height=\"682\" src=\"https:\/\/www.boyerjulien.com\/wp-content\/uploads\/2025\/12\/mariage-crete-rethimno46-1024x682.webp\" class=\"attachment-large size-large wp-image-3503\" alt=\"Mari\u00e9s devant la chapelle d\u2019Agreco Farm lors de leur c\u00e9r\u00e9monie de mariage en Cr\u00e8te, d\u00e9cor m\u00e9diterran\u00e9en authentique photographi\u00e9 par Julien Boyer photographe de mariage\" srcset=\"https:\/\/www.boyerjulien.com\/wp-content\/uploads\/2025\/12\/mariage-crete-rethimno46-1024x682.webp 1024w, https:\/\/www.boyerjulien.com\/wp-content\/uploads\/2025\/12\/mariage-crete-rethimno46-300x200.webp 300w, https:\/\/www.boyerjulien.com\/wp-content\/uploads\/2025\/12\/mariage-crete-rethimno46-768x512.webp 768w, https:\/\/www.boyerjulien.com\/wp-content\/uploads\/2025\/12\/mariage-crete-rethimno46-1536x1024.webp 1536w, https:\/\/www.boyerjulien.com\/wp-content\/uploads\/2025\/12\/mariage-crete-rethimno46.webp 1920w\" sizes=\"(max-width: 1024px) 100vw, 1024px\" \/><\/div><div class=\"uael-grid-img-overlay\"><\/div><\/a><\/div><\/div><div class=\"uael-grid-item  uael-img-gallery-item-10\"><div class=\"uael-grid-item-content\"><a class=\"uael-grid-img uael-grid-gallery-img uael-ins-hover elementor-clickable\" data-fancybox=\"uael-gallery\" href=\"https:\/\/www.boyerjulien.com\/wp-content\/uploads\/2025\/12\/mariage-crete-rethimno47.webp\" data-elementor-open-lightbox=\"no\"><div class=\"uael-grid-img-thumbnail uael-ins-target\"><img loading=\"lazy\" decoding=\"async\" width=\"1024\" height=\"682\" src=\"https:\/\/www.boyerjulien.com\/wp-content\/uploads\/2025\/12\/mariage-crete-rethimno47-1024x682.webp\" class=\"attachment-large size-large wp-image-3504\" alt=\"D\u00e9tail de l\u2019alliance gliss\u00e9e au doigt lors d\u2019un mariage \u00e0 Agreco Farm en Cr\u00e8te, instant symbolique captur\u00e9 par Julien Boyer photographe de mariage\" srcset=\"https:\/\/www.boyerjulien.com\/wp-content\/uploads\/2025\/12\/mariage-crete-rethimno47-1024x682.webp 1024w, https:\/\/www.boyerjulien.com\/wp-content\/uploads\/2025\/12\/mariage-crete-rethimno47-300x200.webp 300w, https:\/\/www.boyerjulien.com\/wp-content\/uploads\/2025\/12\/mariage-crete-rethimno47-768x512.webp 768w, https:\/\/www.boyerjulien.com\/wp-content\/uploads\/2025\/12\/mariage-crete-rethimno47-1536x1024.webp 1536w, https:\/\/www.boyerjulien.com\/wp-content\/uploads\/2025\/12\/mariage-crete-rethimno47.webp 1920w\" sizes=\"(max-width: 1024px) 100vw, 1024px\" \/><\/div><div class=\"uael-grid-img-overlay\"><\/div><\/a><\/div><\/div><div class=\"uael-grid-item  uael-img-gallery-item-11\"><div class=\"uael-grid-item-content\"><a class=\"uael-grid-img uael-grid-gallery-img uael-ins-hover elementor-clickable\" data-fancybox=\"uael-gallery\" href=\"https:\/\/www.boyerjulien.com\/wp-content\/uploads\/2025\/12\/mariage-crete-rethimno48.webp\" data-elementor-open-lightbox=\"no\"><div class=\"uael-grid-img-thumbnail uael-ins-target\"><img loading=\"lazy\" decoding=\"async\" width=\"1024\" height=\"682\" src=\"https:\/\/www.boyerjulien.com\/wp-content\/uploads\/2025\/12\/mariage-crete-rethimno48-1024x682.webp\" class=\"attachment-large size-large wp-image-3505\" alt=\"Mains des mari\u00e9s enlac\u00e9es pendant la c\u00e9r\u00e9monie de mariage \u00e0 Agreco Farm pr\u00e8s de Rethymnon en Cr\u00e8te, photo naturelle par Julien Boyer photographe de mariage\" srcset=\"https:\/\/www.boyerjulien.com\/wp-content\/uploads\/2025\/12\/mariage-crete-rethimno48-1024x682.webp 1024w, https:\/\/www.boyerjulien.com\/wp-content\/uploads\/2025\/12\/mariage-crete-rethimno48-300x200.webp 300w, https:\/\/www.boyerjulien.com\/wp-content\/uploads\/2025\/12\/mariage-crete-rethimno48-768x512.webp 768w, https:\/\/www.boyerjulien.com\/wp-content\/uploads\/2025\/12\/mariage-crete-rethimno48-1536x1024.webp 1536w, https:\/\/www.boyerjulien.com\/wp-content\/uploads\/2025\/12\/mariage-crete-rethimno48.webp 1920w\" sizes=\"(max-width: 1024px) 100vw, 1024px\" \/><\/div><div class=\"uael-grid-img-overlay\"><\/div><\/a><\/div><\/div><div class=\"uael-grid-item  uael-img-gallery-item-12\"><div class=\"uael-grid-item-content\"><a class=\"uael-grid-img uael-grid-gallery-img uael-ins-hover elementor-clickable\" data-fancybox=\"uael-gallery\" href=\"https:\/\/www.boyerjulien.com\/wp-content\/uploads\/2025\/12\/mariage-crete-rethimno49.webp\" data-elementor-open-lightbox=\"no\"><div class=\"uael-grid-img-thumbnail uael-ins-target\"><img loading=\"lazy\" decoding=\"async\" width=\"1024\" height=\"682\" src=\"https:\/\/www.boyerjulien.com\/wp-content\/uploads\/2025\/12\/mariage-crete-rethimno49-1024x682.webp\" class=\"attachment-large size-large wp-image-3506\" alt=\"Mari\u00e9s s\u2019enla\u00e7ant apr\u00e8s la c\u00e9r\u00e9monie de mariage \u00e0 Agreco Farm pr\u00e8s de Rethymnon en Cr\u00e8te, moment de joie captur\u00e9 par Julien Boyer photographe de mariage\" srcset=\"https:\/\/www.boyerjulien.com\/wp-content\/uploads\/2025\/12\/mariage-crete-rethimno49-1024x682.webp 1024w, https:\/\/www.boyerjulien.com\/wp-content\/uploads\/2025\/12\/mariage-crete-rethimno49-300x200.webp 300w, https:\/\/www.boyerjulien.com\/wp-content\/uploads\/2025\/12\/mariage-crete-rethimno49-768x512.webp 768w, https:\/\/www.boyerjulien.com\/wp-content\/uploads\/2025\/12\/mariage-crete-rethimno49-1536x1024.webp 1536w, https:\/\/www.boyerjulien.com\/wp-content\/uploads\/2025\/12\/mariage-crete-rethimno49.webp 1920w\" sizes=\"(max-width: 1024px) 100vw, 1024px\" \/><\/div><div class=\"uael-grid-img-overlay\"><\/div><\/a><\/div><\/div><div class=\"uael-grid-item  uael-img-gallery-item-13\"><div class=\"uael-grid-item-content\"><a class=\"uael-grid-img uael-grid-gallery-img uael-ins-hover elementor-clickable\" data-fancybox=\"uael-gallery\" href=\"https:\/\/www.boyerjulien.com\/wp-content\/uploads\/2025\/12\/mariage-crete-rethimno50.webp\" data-elementor-open-lightbox=\"no\"><div class=\"uael-grid-img-thumbnail uael-ins-target\"><img loading=\"lazy\" decoding=\"async\" width=\"1024\" height=\"682\" src=\"https:\/\/www.boyerjulien.com\/wp-content\/uploads\/2025\/12\/mariage-crete-rethimno50-1024x682.webp\" class=\"attachment-large size-large wp-image-3507\" alt=\"Cornets de p\u00e9tales pr\u00e9par\u00e9s pour la sortie de c\u00e9r\u00e9monie lors d\u2019un mariage \u00e0 Agreco Farm en Cr\u00e8te, d\u00e9tail photographi\u00e9 par Julien Boyer photographe de mariage\" srcset=\"https:\/\/www.boyerjulien.com\/wp-content\/uploads\/2025\/12\/mariage-crete-rethimno50-1024x682.webp 1024w, https:\/\/www.boyerjulien.com\/wp-content\/uploads\/2025\/12\/mariage-crete-rethimno50-300x200.webp 300w, https:\/\/www.boyerjulien.com\/wp-content\/uploads\/2025\/12\/mariage-crete-rethimno50-768x512.webp 768w, https:\/\/www.boyerjulien.com\/wp-content\/uploads\/2025\/12\/mariage-crete-rethimno50-1536x1024.webp 1536w, https:\/\/www.boyerjulien.com\/wp-content\/uploads\/2025\/12\/mariage-crete-rethimno50.webp 1920w\" sizes=\"(max-width: 1024px) 100vw, 1024px\" \/><\/div><div class=\"uael-grid-img-overlay\"><\/div><\/a><\/div><\/div><div class=\"uael-grid-item  uael-img-gallery-item-14\"><div class=\"uael-grid-item-content\"><a class=\"uael-grid-img uael-grid-gallery-img uael-ins-hover elementor-clickable\" data-fancybox=\"uael-gallery\" href=\"https:\/\/www.boyerjulien.com\/wp-content\/uploads\/2025\/12\/mariage-crete-rethimno51.webp\" data-elementor-open-lightbox=\"no\"><div class=\"uael-grid-img-thumbnail uael-ins-target\"><img loading=\"lazy\" decoding=\"async\" width=\"1024\" height=\"682\" src=\"https:\/\/www.boyerjulien.com\/wp-content\/uploads\/2025\/12\/mariage-crete-rethimno51-1024x682.webp\" class=\"attachment-large size-large wp-image-3508\" alt=\"Sortie de c\u00e9r\u00e9monie des mari\u00e9s \u00e0 Agreco Farm pr\u00e8s de Rethymnon en Cr\u00e8te, invit\u00e9s lan\u00e7ant des p\u00e9tales, reportage photo par Julien Boyer photographe de mariage\" srcset=\"https:\/\/www.boyerjulien.com\/wp-content\/uploads\/2025\/12\/mariage-crete-rethimno51-1024x682.webp 1024w, https:\/\/www.boyerjulien.com\/wp-content\/uploads\/2025\/12\/mariage-crete-rethimno51-300x200.webp 300w, https:\/\/www.boyerjulien.com\/wp-content\/uploads\/2025\/12\/mariage-crete-rethimno51-768x512.webp 768w, https:\/\/www.boyerjulien.com\/wp-content\/uploads\/2025\/12\/mariage-crete-rethimno51-1536x1024.webp 1536w, https:\/\/www.boyerjulien.com\/wp-content\/uploads\/2025\/12\/mariage-crete-rethimno51.webp 1920w\" sizes=\"(max-width: 1024px) 100vw, 1024px\" \/><\/div><div class=\"uael-grid-img-overlay\"><\/div><\/a><\/div><\/div><\/div><\/div>\t\t\t\t<\/div>\n\t\t\t\t<\/div>\n\t\t\t\t<div class=\"elementor-element elementor-element-438cce1 elementor-widget elementor-widget-image\" data-id=\"438cce1\" data-element_type=\"widget\" data-widget_type=\"image.default\">\n\t\t\t\t<div class=\"elementor-widget-container\">\n\t\t\t\t\t\t\t\t\t\t\t\t\t\t\t\t<a href=\"https:\/\/www.boyerjulien.com\/wp-content\/uploads\/2025\/12\/mariage-crete-rethimno52.jpg\" data-elementor-open-lightbox=\"yes\" data-e-action-hash=\"#elementor-action%3Aaction%3Dlightbox%26settings%3DeyJpZCI6MzUwOSwidXJsIjoiaHR0cHM6XC9cL3d3dy5ib3llcmp1bGllbi5jb21cL3dwLWNvbnRlbnRcL3VwbG9hZHNcLzIwMjVcLzEyXC9tYXJpYWdlLWNyZXRlLXJldGhpbW5vNTIud2VicCJ9\">\n\t\t\t\t\t\t\t<img loading=\"lazy\" decoding=\"async\" width=\"1280\" height=\"1920\" src=\"https:\/\/www.boyerjulien.com\/wp-content\/uploads\/2025\/12\/mariage-crete-rethimno52.webp\" class=\"attachment-full size-full wp-image-3509\" alt=\"Mari\u00e9s rayonnants sortant de la chapelle \u00e0 Agreco Farm en Cr\u00e8te, entour\u00e9s de leurs invit\u00e9s, photo naturelle par Julien Boyer photographe de mariage\" srcset=\"https:\/\/www.boyerjulien.com\/wp-content\/uploads\/2025\/12\/mariage-crete-rethimno52.webp 1280w, https:\/\/www.boyerjulien.com\/wp-content\/uploads\/2025\/12\/mariage-crete-rethimno52-200x300.webp 200w, https:\/\/www.boyerjulien.com\/wp-content\/uploads\/2025\/12\/mariage-crete-rethimno52-682x1024.webp 682w, https:\/\/www.boyerjulien.com\/wp-content\/uploads\/2025\/12\/mariage-crete-rethimno52-768x1152.webp 768w, https:\/\/www.boyerjulien.com\/wp-content\/uploads\/2025\/12\/mariage-crete-rethimno52-1024x1536.webp 1024w\" sizes=\"(max-width: 1280px) 100vw, 1280px\" \/>\t\t\t\t\t\t\t\t<\/a>\n\t\t\t\t\t\t\t\t\t\t\t\t\t\t\t<\/div>\n\t\t\t\t<\/div>\n\t\t\t\t<div class=\"elementor-element elementor-element-c25bce8 elementor-widget elementor-widget-image\" data-id=\"c25bce8\" data-element_type=\"widget\" data-widget_type=\"image.default\">\n\t\t\t\t<div class=\"elementor-widget-container\">\n\t\t\t\t\t\t\t\t\t\t\t\t\t\t\t\t<a href=\"https:\/\/www.boyerjulien.com\/wp-content\/uploads\/2025\/12\/mariage-crete-rethimno53.jpg\" data-elementor-open-lightbox=\"yes\" data-e-action-hash=\"#elementor-action%3Aaction%3Dlightbox%26settings%3DeyJpZCI6MzUxMCwidXJsIjoiaHR0cHM6XC9cL3d3dy5ib3llcmp1bGllbi5jb21cL3dwLWNvbnRlbnRcL3VwbG9hZHNcLzIwMjVcLzEyXC9tYXJpYWdlLWNyZXRlLXJldGhpbW5vNTMud2VicCJ9\">\n\t\t\t\t\t\t\t<img loading=\"lazy\" decoding=\"async\" width=\"1920\" height=\"1280\" src=\"https:\/\/www.boyerjulien.com\/wp-content\/uploads\/2025\/12\/mariage-crete-rethimno53.webp\" class=\"attachment-full size-full wp-image-3510\" alt=\"C\u00e9l\u00e9bration apr\u00e8s la c\u00e9r\u00e9monie de mariage \u00e0 Agreco Farm pr\u00e8s de Rethymnon en Cr\u00e8te, mari\u00e9s et invit\u00e9s r\u00e9unis photographi\u00e9s par Julien Boyer\" srcset=\"https:\/\/www.boyerjulien.com\/wp-content\/uploads\/2025\/12\/mariage-crete-rethimno53.webp 1920w, https:\/\/www.boyerjulien.com\/wp-content\/uploads\/2025\/12\/mariage-crete-rethimno53-300x200.webp 300w, https:\/\/www.boyerjulien.com\/wp-content\/uploads\/2025\/12\/mariage-crete-rethimno53-1024x682.webp 1024w, https:\/\/www.boyerjulien.com\/wp-content\/uploads\/2025\/12\/mariage-crete-rethimno53-768x512.webp 768w, https:\/\/www.boyerjulien.com\/wp-content\/uploads\/2025\/12\/mariage-crete-rethimno53-1536x1024.webp 1536w\" sizes=\"(max-width: 1920px) 100vw, 1920px\" \/>\t\t\t\t\t\t\t\t<\/a>\n\t\t\t\t\t\t\t\t\t\t\t\t\t\t\t<\/div>\n\t\t\t\t<\/div>\n\t\t\t\t<div class=\"elementor-element elementor-element-114666a elementor-widget elementor-widget-image\" data-id=\"114666a\" data-element_type=\"widget\" data-widget_type=\"image.default\">\n\t\t\t\t<div class=\"elementor-widget-container\">\n\t\t\t\t\t\t\t\t\t\t\t\t\t\t\t\t<a href=\"https:\/\/www.boyerjulien.com\/wp-content\/uploads\/2025\/12\/mariage-crete-rethimno54.jpg\" data-elementor-open-lightbox=\"yes\" data-e-action-hash=\"#elementor-action%3Aaction%3Dlightbox%26settings%3DeyJpZCI6MzUxMSwidXJsIjoiaHR0cHM6XC9cL3d3dy5ib3llcmp1bGllbi5jb21cL3dwLWNvbnRlbnRcL3VwbG9hZHNcLzIwMjVcLzEyXC9tYXJpYWdlLWNyZXRlLXJldGhpbW5vNTQud2VicCJ9\">\n\t\t\t\t\t\t\t<img loading=\"lazy\" decoding=\"async\" width=\"1280\" height=\"1920\" src=\"https:\/\/www.boyerjulien.com\/wp-content\/uploads\/2025\/12\/mariage-crete-rethimno54.webp\" class=\"attachment-full size-full wp-image-3511\" alt=\"Sortie de c\u00e9r\u00e9monie vue arri\u00e8re \u00e0 Agreco Farm en Cr\u00e8te, mari\u00e9s acclam\u00e9s par leurs invit\u00e9s devant la chapelle, photo sign\u00e9e Julien Boyer photographe de mariage\" srcset=\"https:\/\/www.boyerjulien.com\/wp-content\/uploads\/2025\/12\/mariage-crete-rethimno54.webp 1280w, https:\/\/www.boyerjulien.com\/wp-content\/uploads\/2025\/12\/mariage-crete-rethimno54-200x300.webp 200w, https:\/\/www.boyerjulien.com\/wp-content\/uploads\/2025\/12\/mariage-crete-rethimno54-682x1024.webp 682w, https:\/\/www.boyerjulien.com\/wp-content\/uploads\/2025\/12\/mariage-crete-rethimno54-768x1152.webp 768w, https:\/\/www.boyerjulien.com\/wp-content\/uploads\/2025\/12\/mariage-crete-rethimno54-1024x1536.webp 1024w\" sizes=\"(max-width: 1280px) 100vw, 1280px\" \/>\t\t\t\t\t\t\t\t<\/a>\n\t\t\t\t\t\t\t\t\t\t\t\t\t\t\t<\/div>\n\t\t\t\t<\/div>\n\t\t\t\t<div class=\"elementor-element elementor-element-68dd726 elementor-widget elementor-widget-image\" data-id=\"68dd726\" data-element_type=\"widget\" data-widget_type=\"image.default\">\n\t\t\t\t<div class=\"elementor-widget-container\">\n\t\t\t\t\t\t\t\t\t\t\t\t\t\t\t\t<a href=\"https:\/\/www.boyerjulien.com\/wp-content\/uploads\/2025\/12\/mariage-crete-rethimno55.jpg\" data-elementor-open-lightbox=\"yes\" data-e-action-hash=\"#elementor-action%3Aaction%3Dlightbox%26settings%3DeyJpZCI6MzUxMiwidXJsIjoiaHR0cHM6XC9cL3d3dy5ib3llcmp1bGllbi5jb21cL3dwLWNvbnRlbnRcL3VwbG9hZHNcLzIwMjVcLzEyXC9tYXJpYWdlLWNyZXRlLXJldGhpbW5vNTUud2VicCJ9\">\n\t\t\t\t\t\t\t<img loading=\"lazy\" decoding=\"async\" width=\"1920\" height=\"1280\" src=\"https:\/\/www.boyerjulien.com\/wp-content\/uploads\/2025\/12\/mariage-crete-rethimno55.webp\" class=\"attachment-full size-full wp-image-3512\" alt=\"Baiser des mari\u00e9s devant la chapelle \u00e0 Agreco Farm pr\u00e8s de Rethymnon en Cr\u00e8te, moment romantique photographi\u00e9 par Julien Boyer photographe de mariage\" srcset=\"https:\/\/www.boyerjulien.com\/wp-content\/uploads\/2025\/12\/mariage-crete-rethimno55.webp 1920w, https:\/\/www.boyerjulien.com\/wp-content\/uploads\/2025\/12\/mariage-crete-rethimno55-300x200.webp 300w, https:\/\/www.boyerjulien.com\/wp-content\/uploads\/2025\/12\/mariage-crete-rethimno55-1024x682.webp 1024w, https:\/\/www.boyerjulien.com\/wp-content\/uploads\/2025\/12\/mariage-crete-rethimno55-768x512.webp 768w, https:\/\/www.boyerjulien.com\/wp-content\/uploads\/2025\/12\/mariage-crete-rethimno55-1536x1024.webp 1536w\" sizes=\"(max-width: 1920px) 100vw, 1920px\" \/>\t\t\t\t\t\t\t\t<\/a>\n\t\t\t\t\t\t\t\t\t\t\t\t\t\t\t<\/div>\n\t\t\t\t<\/div>\n\t\t\t\t<div class=\"elementor-element elementor-element-b835b79 uael-img-grid__column-2 uael-img-grid-tablet__column-3 uael-img-grid-mobile__column-2 uael-ins-normal elementor-widget elementor-widget-uael-image-gallery\" data-id=\"b835b79\" data-element_type=\"widget\" data-settings=\"{&quot;gallery_columns&quot;:&quot;2&quot;,&quot;gallery_columns_tablet&quot;:&quot;3&quot;,&quot;gallery_columns_mobile&quot;:&quot;2&quot;,&quot;column_gap&quot;:{&quot;unit&quot;:&quot;px&quot;,&quot;size&quot;:20,&quot;sizes&quot;:[]},&quot;column_gap_widescreen&quot;:{&quot;unit&quot;:&quot;px&quot;,&quot;size&quot;:&quot;&quot;,&quot;sizes&quot;:[]},&quot;column_gap_laptop&quot;:{&quot;unit&quot;:&quot;px&quot;,&quot;size&quot;:&quot;&quot;,&quot;sizes&quot;:[]},&quot;column_gap_tablet_extra&quot;:{&quot;unit&quot;:&quot;px&quot;,&quot;size&quot;:&quot;&quot;,&quot;sizes&quot;:[]},&quot;column_gap_tablet&quot;:{&quot;unit&quot;:&quot;px&quot;,&quot;size&quot;:&quot;&quot;,&quot;sizes&quot;:[]},&quot;column_gap_mobile_extra&quot;:{&quot;unit&quot;:&quot;px&quot;,&quot;size&quot;:&quot;&quot;,&quot;sizes&quot;:[]},&quot;column_gap_mobile&quot;:{&quot;unit&quot;:&quot;px&quot;,&quot;size&quot;:&quot;&quot;,&quot;sizes&quot;:[]},&quot;row_gap&quot;:{&quot;unit&quot;:&quot;px&quot;,&quot;size&quot;:20,&quot;sizes&quot;:[]},&quot;row_gap_widescreen&quot;:{&quot;unit&quot;:&quot;px&quot;,&quot;size&quot;:&quot;&quot;,&quot;sizes&quot;:[]},&quot;row_gap_laptop&quot;:{&quot;unit&quot;:&quot;px&quot;,&quot;size&quot;:&quot;&quot;,&quot;sizes&quot;:[]},&quot;row_gap_tablet_extra&quot;:{&quot;unit&quot;:&quot;px&quot;,&quot;size&quot;:&quot;&quot;,&quot;sizes&quot;:[]},&quot;row_gap_tablet&quot;:{&quot;unit&quot;:&quot;px&quot;,&quot;size&quot;:&quot;&quot;,&quot;sizes&quot;:[]},&quot;row_gap_mobile_extra&quot;:{&quot;unit&quot;:&quot;px&quot;,&quot;size&quot;:&quot;&quot;,&quot;sizes&quot;:[]},&quot;row_gap_mobile&quot;:{&quot;unit&quot;:&quot;px&quot;,&quot;size&quot;:&quot;&quot;,&quot;sizes&quot;:[]}}\" data-widget_type=\"uael-image-gallery.default\">\n\t\t\t\t<div class=\"elementor-widget-container\">\n\t\t\t\t\t<div class=\"uael-gallery-parent uael-caption- uael-gallery-unjustified\"><div class=\"uael-img-gallery-wrap uael-img-masonry-wrap uael-img-grid-masonry-wrap uael-masonry uael-image-lightbox-wrap\" data-filter-default=\"All\" data-lightbox_actions=\"[&quot;close&quot;]\" data-lightbox-gallery-loop=\"\"><div class=\"uael-grid-item  uael-img-gallery-item-1\"><div class=\"uael-grid-item-content\"><a class=\"uael-grid-img uael-grid-gallery-img uael-ins-hover elementor-clickable\" data-fancybox=\"uael-gallery\" href=\"https:\/\/www.boyerjulien.com\/wp-content\/uploads\/2025\/12\/mariage-crete-rethimno56.webp\" data-elementor-open-lightbox=\"no\"><div class=\"uael-grid-img-thumbnail uael-ins-target\"><img loading=\"lazy\" decoding=\"async\" width=\"1024\" height=\"682\" src=\"https:\/\/www.boyerjulien.com\/wp-content\/uploads\/2025\/12\/mariage-crete-rethimno56-1024x682.webp\" class=\"attachment-large size-large wp-image-3513\" alt=\"D\u00e9tails du cocktail de mariage \u00e0 Agreco Farm en Cr\u00e8te, produits m\u00e9diterran\u00e9ens et ambiance locale photographi\u00e9s par Julien Boyer photographe de mariage\" srcset=\"https:\/\/www.boyerjulien.com\/wp-content\/uploads\/2025\/12\/mariage-crete-rethimno56-1024x682.webp 1024w, https:\/\/www.boyerjulien.com\/wp-content\/uploads\/2025\/12\/mariage-crete-rethimno56-300x200.webp 300w, https:\/\/www.boyerjulien.com\/wp-content\/uploads\/2025\/12\/mariage-crete-rethimno56-768x512.webp 768w, https:\/\/www.boyerjulien.com\/wp-content\/uploads\/2025\/12\/mariage-crete-rethimno56-1536x1024.webp 1536w, https:\/\/www.boyerjulien.com\/wp-content\/uploads\/2025\/12\/mariage-crete-rethimno56.webp 1920w\" sizes=\"(max-width: 1024px) 100vw, 1024px\" \/><\/div><div class=\"uael-grid-img-overlay\"><\/div><\/a><\/div><\/div><div class=\"uael-grid-item  uael-img-gallery-item-2\"><div class=\"uael-grid-item-content\"><a class=\"uael-grid-img uael-grid-gallery-img uael-ins-hover elementor-clickable\" data-fancybox=\"uael-gallery\" href=\"https:\/\/www.boyerjulien.com\/wp-content\/uploads\/2025\/12\/mariage-crete-rethimno57.webp\" data-elementor-open-lightbox=\"no\"><div class=\"uael-grid-img-thumbnail uael-ins-target\"><img loading=\"lazy\" decoding=\"async\" width=\"682\" height=\"1024\" src=\"https:\/\/www.boyerjulien.com\/wp-content\/uploads\/2025\/12\/mariage-crete-rethimno57-682x1024.webp\" class=\"attachment-large size-large wp-image-3514\" alt=\"Service du champagne pendant le cocktail de mariage \u00e0 Agreco Farm pr\u00e8s de Rethymnon en Cr\u00e8te, reportage photo par Julien Boyer photographe de mariage\" srcset=\"https:\/\/www.boyerjulien.com\/wp-content\/uploads\/2025\/12\/mariage-crete-rethimno57-682x1024.webp 682w, https:\/\/www.boyerjulien.com\/wp-content\/uploads\/2025\/12\/mariage-crete-rethimno57-200x300.webp 200w, https:\/\/www.boyerjulien.com\/wp-content\/uploads\/2025\/12\/mariage-crete-rethimno57-768x1152.webp 768w, https:\/\/www.boyerjulien.com\/wp-content\/uploads\/2025\/12\/mariage-crete-rethimno57-1024x1536.webp 1024w, https:\/\/www.boyerjulien.com\/wp-content\/uploads\/2025\/12\/mariage-crete-rethimno57.webp 1280w\" sizes=\"(max-width: 682px) 100vw, 682px\" \/><\/div><div class=\"uael-grid-img-overlay\"><\/div><\/a><\/div><\/div><div class=\"uael-grid-item  uael-img-gallery-item-3\"><div class=\"uael-grid-item-content\"><a class=\"uael-grid-img uael-grid-gallery-img uael-ins-hover elementor-clickable\" data-fancybox=\"uael-gallery\" href=\"https:\/\/www.boyerjulien.com\/wp-content\/uploads\/2025\/12\/mariage-crete-rethimno58.webp\" data-elementor-open-lightbox=\"no\"><div class=\"uael-grid-img-thumbnail uael-ins-target\"><img loading=\"lazy\" decoding=\"async\" width=\"682\" height=\"1024\" src=\"https:\/\/www.boyerjulien.com\/wp-content\/uploads\/2025\/12\/mariage-crete-rethimno58-682x1024.webp\" class=\"attachment-large size-large wp-image-3515\" alt=\"Invit\u00e9s \u00e9changeant et f\u00e9licitant les mari\u00e9s lors du cocktail de mariage \u00e0 Agreco Farm en Cr\u00e8te, ambiance conviviale captur\u00e9e par Julien Boyer\" srcset=\"https:\/\/www.boyerjulien.com\/wp-content\/uploads\/2025\/12\/mariage-crete-rethimno58-682x1024.webp 682w, https:\/\/www.boyerjulien.com\/wp-content\/uploads\/2025\/12\/mariage-crete-rethimno58-200x300.webp 200w, https:\/\/www.boyerjulien.com\/wp-content\/uploads\/2025\/12\/mariage-crete-rethimno58-768x1152.webp 768w, https:\/\/www.boyerjulien.com\/wp-content\/uploads\/2025\/12\/mariage-crete-rethimno58-1024x1536.webp 1024w, https:\/\/www.boyerjulien.com\/wp-content\/uploads\/2025\/12\/mariage-crete-rethimno58.webp 1280w\" sizes=\"(max-width: 682px) 100vw, 682px\" \/><\/div><div class=\"uael-grid-img-overlay\"><\/div><\/a><\/div><\/div><div class=\"uael-grid-item  uael-img-gallery-item-4\"><div class=\"uael-grid-item-content\"><a class=\"uael-grid-img uael-grid-gallery-img uael-ins-hover elementor-clickable\" data-fancybox=\"uael-gallery\" href=\"https:\/\/www.boyerjulien.com\/wp-content\/uploads\/2025\/12\/mariage-crete-rethimno59.webp\" data-elementor-open-lightbox=\"no\"><div class=\"uael-grid-img-thumbnail uael-ins-target\"><img loading=\"lazy\" decoding=\"async\" width=\"1024\" height=\"682\" src=\"https:\/\/www.boyerjulien.com\/wp-content\/uploads\/2025\/12\/mariage-crete-rethimno59-1024x682.webp\" class=\"attachment-large size-large wp-image-3516\" alt=\"Ambiance du cocktail de mariage \u00e0 Agreco Farm pr\u00e8s de Rethymnon en Cr\u00e8te, invit\u00e9s profitant du moment photographi\u00e9s par Julien Boyer photographe de mariage\" srcset=\"https:\/\/www.boyerjulien.com\/wp-content\/uploads\/2025\/12\/mariage-crete-rethimno59-1024x682.webp 1024w, https:\/\/www.boyerjulien.com\/wp-content\/uploads\/2025\/12\/mariage-crete-rethimno59-300x200.webp 300w, https:\/\/www.boyerjulien.com\/wp-content\/uploads\/2025\/12\/mariage-crete-rethimno59-768x512.webp 768w, https:\/\/www.boyerjulien.com\/wp-content\/uploads\/2025\/12\/mariage-crete-rethimno59-1536x1024.webp 1536w, https:\/\/www.boyerjulien.com\/wp-content\/uploads\/2025\/12\/mariage-crete-rethimno59.webp 1920w\" sizes=\"(max-width: 1024px) 100vw, 1024px\" \/><\/div><div class=\"uael-grid-img-overlay\"><\/div><\/a><\/div><\/div><\/div><\/div>\t\t\t\t<\/div>\n\t\t\t\t<\/div>\n\t\t\t\t<div class=\"elementor-element elementor-element-93e3d96 elementor-widget elementor-widget-image\" data-id=\"93e3d96\" data-element_type=\"widget\" data-widget_type=\"image.default\">\n\t\t\t\t<div class=\"elementor-widget-container\">\n\t\t\t\t\t\t\t\t\t\t\t\t\t\t\t\t<a href=\"https:\/\/www.boyerjulien.com\/wp-content\/uploads\/2025\/12\/mariage-crete-rethimno60.jpg\" data-elementor-open-lightbox=\"yes\" data-e-action-hash=\"#elementor-action%3Aaction%3Dlightbox%26settings%3DeyJpZCI6MzUxNywidXJsIjoiaHR0cHM6XC9cL3d3dy5ib3llcmp1bGllbi5jb21cL3dwLWNvbnRlbnRcL3VwbG9hZHNcLzIwMjVcLzEyXC9tYXJpYWdlLWNyZXRlLXJldGhpbW5vNjAud2VicCJ9\">\n\t\t\t\t\t\t\t<img loading=\"lazy\" decoding=\"async\" width=\"1920\" height=\"1920\" src=\"https:\/\/www.boyerjulien.com\/wp-content\/uploads\/2025\/12\/mariage-crete-rethimno60.webp\" class=\"attachment-full size-full wp-image-3517\" alt=\"Portrait des mari\u00e9s marchant main dans la main apr\u00e8s leur c\u00e9r\u00e9monie de mariage \u00e0 Agreco Farm en Cr\u00e8te, photo naturelle par Julien Boyer photographe de mariage\" srcset=\"https:\/\/www.boyerjulien.com\/wp-content\/uploads\/2025\/12\/mariage-crete-rethimno60.webp 1920w, https:\/\/www.boyerjulien.com\/wp-content\/uploads\/2025\/12\/mariage-crete-rethimno60-300x300.webp 300w, https:\/\/www.boyerjulien.com\/wp-content\/uploads\/2025\/12\/mariage-crete-rethimno60-1024x1024.webp 1024w, https:\/\/www.boyerjulien.com\/wp-content\/uploads\/2025\/12\/mariage-crete-rethimno60-150x150.webp 150w, https:\/\/www.boyerjulien.com\/wp-content\/uploads\/2025\/12\/mariage-crete-rethimno60-768x768.webp 768w, https:\/\/www.boyerjulien.com\/wp-content\/uploads\/2025\/12\/mariage-crete-rethimno60-1536x1536.webp 1536w\" sizes=\"(max-width: 1920px) 100vw, 1920px\" \/>\t\t\t\t\t\t\t\t<\/a>\n\t\t\t\t\t\t\t\t\t\t\t\t\t\t\t<\/div>\n\t\t\t\t<\/div>\n\t\t\t\t<div class=\"elementor-element elementor-element-bee766f elementor-widget elementor-widget-image\" data-id=\"bee766f\" data-element_type=\"widget\" data-widget_type=\"image.default\">\n\t\t\t\t<div class=\"elementor-widget-container\">\n\t\t\t\t\t\t\t\t\t\t\t\t\t\t\t\t<a href=\"https:\/\/www.boyerjulien.com\/wp-content\/uploads\/2025\/12\/mariage-crete-rethimno61.jpg\" data-elementor-open-lightbox=\"yes\" data-e-action-hash=\"#elementor-action%3Aaction%3Dlightbox%26settings%3DeyJpZCI6MzUxOCwidXJsIjoiaHR0cHM6XC9cL3d3dy5ib3llcmp1bGllbi5jb21cL3dwLWNvbnRlbnRcL3VwbG9hZHNcLzIwMjVcLzEyXC9tYXJpYWdlLWNyZXRlLXJldGhpbW5vNjEud2VicCJ9\">\n\t\t\t\t\t\t\t<img loading=\"lazy\" decoding=\"async\" width=\"1280\" height=\"1920\" src=\"https:\/\/www.boyerjulien.com\/wp-content\/uploads\/2025\/12\/mariage-crete-rethimno61.webp\" class=\"attachment-full size-full wp-image-3518\" alt=\"Portrait naturel des mari\u00e9s dans les vignes \u00e0 Agreco Farm pr\u00e8s de Rethymnon en Cr\u00e8te, moment joyeux photographi\u00e9 par Julien Boyer photographe de mariage\" srcset=\"https:\/\/www.boyerjulien.com\/wp-content\/uploads\/2025\/12\/mariage-crete-rethimno61.webp 1280w, https:\/\/www.boyerjulien.com\/wp-content\/uploads\/2025\/12\/mariage-crete-rethimno61-200x300.webp 200w, https:\/\/www.boyerjulien.com\/wp-content\/uploads\/2025\/12\/mariage-crete-rethimno61-682x1024.webp 682w, https:\/\/www.boyerjulien.com\/wp-content\/uploads\/2025\/12\/mariage-crete-rethimno61-768x1152.webp 768w, https:\/\/www.boyerjulien.com\/wp-content\/uploads\/2025\/12\/mariage-crete-rethimno61-1024x1536.webp 1024w\" sizes=\"(max-width: 1280px) 100vw, 1280px\" \/>\t\t\t\t\t\t\t\t<\/a>\n\t\t\t\t\t\t\t\t\t\t\t\t\t\t\t<\/div>\n\t\t\t\t<\/div>\n\t\t\t\t<div class=\"elementor-element elementor-element-73a1790 elementor-widget elementor-widget-image\" data-id=\"73a1790\" data-element_type=\"widget\" data-widget_type=\"image.default\">\n\t\t\t\t<div class=\"elementor-widget-container\">\n\t\t\t\t\t\t\t\t\t\t\t\t\t\t\t\t<a href=\"https:\/\/www.boyerjulien.com\/wp-content\/uploads\/2025\/12\/mariage-crete-rethimno62.jpg\" data-elementor-open-lightbox=\"yes\" data-e-action-hash=\"#elementor-action%3Aaction%3Dlightbox%26settings%3DeyJpZCI6MzUxOSwidXJsIjoiaHR0cHM6XC9cL3d3dy5ib3llcmp1bGllbi5jb21cL3dwLWNvbnRlbnRcL3VwbG9hZHNcLzIwMjVcLzEyXC9tYXJpYWdlLWNyZXRlLXJldGhpbW5vNjIud2VicCJ9\">\n\t\t\t\t\t\t\t<img loading=\"lazy\" decoding=\"async\" width=\"1920\" height=\"1280\" src=\"https:\/\/www.boyerjulien.com\/wp-content\/uploads\/2025\/12\/mariage-crete-rethimno62.webp\" class=\"attachment-full size-full wp-image-3519\" alt=\"Portrait des mari\u00e9s sous un olivier \u00e0 Agreco Farm en Cr\u00e8te, couple complice dans un d\u00e9cor m\u00e9diterran\u00e9en photographi\u00e9 par Julien Boyer photographe de mariage\" srcset=\"https:\/\/www.boyerjulien.com\/wp-content\/uploads\/2025\/12\/mariage-crete-rethimno62.webp 1920w, https:\/\/www.boyerjulien.com\/wp-content\/uploads\/2025\/12\/mariage-crete-rethimno62-300x200.webp 300w, https:\/\/www.boyerjulien.com\/wp-content\/uploads\/2025\/12\/mariage-crete-rethimno62-1024x682.webp 1024w, https:\/\/www.boyerjulien.com\/wp-content\/uploads\/2025\/12\/mariage-crete-rethimno62-768x512.webp 768w, https:\/\/www.boyerjulien.com\/wp-content\/uploads\/2025\/12\/mariage-crete-rethimno62-1536x1024.webp 1536w\" sizes=\"(max-width: 1920px) 100vw, 1920px\" \/>\t\t\t\t\t\t\t\t<\/a>\n\t\t\t\t\t\t\t\t\t\t\t\t\t\t\t<\/div>\n\t\t\t\t<\/div>\n\t\t\t\t<div class=\"elementor-element elementor-element-e7b5a1d uael-img-grid__column-2 uael-img-grid-tablet__column-3 uael-img-grid-mobile__column-2 uael-ins-normal elementor-widget elementor-widget-uael-image-gallery\" data-id=\"e7b5a1d\" data-element_type=\"widget\" data-settings=\"{&quot;gallery_columns&quot;:&quot;2&quot;,&quot;gallery_columns_tablet&quot;:&quot;3&quot;,&quot;gallery_columns_mobile&quot;:&quot;2&quot;,&quot;column_gap&quot;:{&quot;unit&quot;:&quot;px&quot;,&quot;size&quot;:20,&quot;sizes&quot;:[]},&quot;column_gap_widescreen&quot;:{&quot;unit&quot;:&quot;px&quot;,&quot;size&quot;:&quot;&quot;,&quot;sizes&quot;:[]},&quot;column_gap_laptop&quot;:{&quot;unit&quot;:&quot;px&quot;,&quot;size&quot;:&quot;&quot;,&quot;sizes&quot;:[]},&quot;column_gap_tablet_extra&quot;:{&quot;unit&quot;:&quot;px&quot;,&quot;size&quot;:&quot;&quot;,&quot;sizes&quot;:[]},&quot;column_gap_tablet&quot;:{&quot;unit&quot;:&quot;px&quot;,&quot;size&quot;:&quot;&quot;,&quot;sizes&quot;:[]},&quot;column_gap_mobile_extra&quot;:{&quot;unit&quot;:&quot;px&quot;,&quot;size&quot;:&quot;&quot;,&quot;sizes&quot;:[]},&quot;column_gap_mobile&quot;:{&quot;unit&quot;:&quot;px&quot;,&quot;size&quot;:&quot;&quot;,&quot;sizes&quot;:[]},&quot;row_gap&quot;:{&quot;unit&quot;:&quot;px&quot;,&quot;size&quot;:20,&quot;sizes&quot;:[]},&quot;row_gap_widescreen&quot;:{&quot;unit&quot;:&quot;px&quot;,&quot;size&quot;:&quot;&quot;,&quot;sizes&quot;:[]},&quot;row_gap_laptop&quot;:{&quot;unit&quot;:&quot;px&quot;,&quot;size&quot;:&quot;&quot;,&quot;sizes&quot;:[]},&quot;row_gap_tablet_extra&quot;:{&quot;unit&quot;:&quot;px&quot;,&quot;size&quot;:&quot;&quot;,&quot;sizes&quot;:[]},&quot;row_gap_tablet&quot;:{&quot;unit&quot;:&quot;px&quot;,&quot;size&quot;:&quot;&quot;,&quot;sizes&quot;:[]},&quot;row_gap_mobile_extra&quot;:{&quot;unit&quot;:&quot;px&quot;,&quot;size&quot;:&quot;&quot;,&quot;sizes&quot;:[]},&quot;row_gap_mobile&quot;:{&quot;unit&quot;:&quot;px&quot;,&quot;size&quot;:&quot;&quot;,&quot;sizes&quot;:[]}}\" data-widget_type=\"uael-image-gallery.default\">\n\t\t\t\t<div class=\"elementor-widget-container\">\n\t\t\t\t\t<div class=\"uael-gallery-parent uael-caption- uael-gallery-unjustified\"><div class=\"uael-img-gallery-wrap uael-img-masonry-wrap uael-img-grid-masonry-wrap uael-masonry uael-image-lightbox-wrap\" data-filter-default=\"All\" data-lightbox_actions=\"[&quot;close&quot;]\" data-lightbox-gallery-loop=\"\"><div class=\"uael-grid-item  uael-img-gallery-item-1\"><div class=\"uael-grid-item-content\"><a class=\"uael-grid-img uael-grid-gallery-img uael-ins-hover elementor-clickable\" data-fancybox=\"uael-gallery\" href=\"https:\/\/www.boyerjulien.com\/wp-content\/uploads\/2025\/12\/mariage-crete-rethimno63.webp\" data-elementor-open-lightbox=\"no\"><div class=\"uael-grid-img-thumbnail uael-ins-target\"><img loading=\"lazy\" decoding=\"async\" width=\"682\" height=\"1024\" src=\"https:\/\/www.boyerjulien.com\/wp-content\/uploads\/2025\/12\/mariage-crete-rethimno63-682x1024.webp\" class=\"attachment-large size-large wp-image-3520\" alt=\"Portrait de la mari\u00e9e tenant son bouquet lors de son mariage \u00e0 Agreco Farm pr\u00e8s de Rethymnon en Cr\u00e8te, photo naturelle par Julien Boyer photographe de mariage\" srcset=\"https:\/\/www.boyerjulien.com\/wp-content\/uploads\/2025\/12\/mariage-crete-rethimno63-682x1024.webp 682w, https:\/\/www.boyerjulien.com\/wp-content\/uploads\/2025\/12\/mariage-crete-rethimno63-200x300.webp 200w, https:\/\/www.boyerjulien.com\/wp-content\/uploads\/2025\/12\/mariage-crete-rethimno63-768x1152.webp 768w, https:\/\/www.boyerjulien.com\/wp-content\/uploads\/2025\/12\/mariage-crete-rethimno63-1024x1536.webp 1024w, https:\/\/www.boyerjulien.com\/wp-content\/uploads\/2025\/12\/mariage-crete-rethimno63.webp 1280w\" sizes=\"(max-width: 682px) 100vw, 682px\" \/><\/div><div class=\"uael-grid-img-overlay\"><\/div><\/a><\/div><\/div><div class=\"uael-grid-item  uael-img-gallery-item-2\"><div class=\"uael-grid-item-content\"><a class=\"uael-grid-img uael-grid-gallery-img uael-ins-hover elementor-clickable\" data-fancybox=\"uael-gallery\" href=\"https:\/\/www.boyerjulien.com\/wp-content\/uploads\/2025\/12\/mariage-crete-rethimno64.webp\" data-elementor-open-lightbox=\"no\"><div class=\"uael-grid-img-thumbnail uael-ins-target\"><img loading=\"lazy\" decoding=\"async\" width=\"682\" height=\"1024\" src=\"https:\/\/www.boyerjulien.com\/wp-content\/uploads\/2025\/12\/mariage-crete-rethimno64-682x1024.webp\" class=\"attachment-large size-large wp-image-3521\" alt=\"D\u00e9tail du bouquet de la mari\u00e9e compos\u00e9 de fleurs blanches et feuillage m\u00e9diterran\u00e9en lors d\u2019un mariage \u00e0 Agreco Farm en Cr\u00e8te, photo par Julien Boyer photographe de mariage\" srcset=\"https:\/\/www.boyerjulien.com\/wp-content\/uploads\/2025\/12\/mariage-crete-rethimno64-682x1024.webp 682w, https:\/\/www.boyerjulien.com\/wp-content\/uploads\/2025\/12\/mariage-crete-rethimno64-200x300.webp 200w, https:\/\/www.boyerjulien.com\/wp-content\/uploads\/2025\/12\/mariage-crete-rethimno64-768x1152.webp 768w, https:\/\/www.boyerjulien.com\/wp-content\/uploads\/2025\/12\/mariage-crete-rethimno64-1024x1536.webp 1024w, https:\/\/www.boyerjulien.com\/wp-content\/uploads\/2025\/12\/mariage-crete-rethimno64.webp 1280w\" sizes=\"(max-width: 682px) 100vw, 682px\" \/><\/div><div class=\"uael-grid-img-overlay\"><\/div><\/a><\/div><\/div><\/div><\/div>\t\t\t\t<\/div>\n\t\t\t\t<\/div>\n\t\t\t\t<div class=\"elementor-element elementor-element-774427d elementor-widget elementor-widget-image\" data-id=\"774427d\" data-element_type=\"widget\" data-widget_type=\"image.default\">\n\t\t\t\t<div class=\"elementor-widget-container\">\n\t\t\t\t\t\t\t\t\t\t\t\t\t\t\t\t<a href=\"https:\/\/www.boyerjulien.com\/wp-content\/uploads\/2025\/12\/mariage-crete-rethimno65.jpg\" data-elementor-open-lightbox=\"yes\" data-e-action-hash=\"#elementor-action%3Aaction%3Dlightbox%26settings%3DeyJpZCI6MzUyMiwidXJsIjoiaHR0cHM6XC9cL3d3dy5ib3llcmp1bGllbi5jb21cL3dwLWNvbnRlbnRcL3VwbG9hZHNcLzIwMjVcLzEyXC9tYXJpYWdlLWNyZXRlLXJldGhpbW5vNjUud2VicCJ9\">\n\t\t\t\t\t\t\t<img loading=\"lazy\" decoding=\"async\" width=\"1280\" height=\"1920\" src=\"https:\/\/www.boyerjulien.com\/wp-content\/uploads\/2025\/12\/mariage-crete-rethimno65.webp\" class=\"attachment-full size-full wp-image-3522\" alt=\"Portrait du mari\u00e9 lors de son mariage \u00e0 Agreco Farm pr\u00e8s de Rethymnon en Cr\u00e8te, costume bleu et d\u00e9cor naturel photographi\u00e9 par Julien Boyer photographe de mariage\" srcset=\"https:\/\/www.boyerjulien.com\/wp-content\/uploads\/2025\/12\/mariage-crete-rethimno65.webp 1280w, https:\/\/www.boyerjulien.com\/wp-content\/uploads\/2025\/12\/mariage-crete-rethimno65-200x300.webp 200w, https:\/\/www.boyerjulien.com\/wp-content\/uploads\/2025\/12\/mariage-crete-rethimno65-682x1024.webp 682w, https:\/\/www.boyerjulien.com\/wp-content\/uploads\/2025\/12\/mariage-crete-rethimno65-768x1152.webp 768w, https:\/\/www.boyerjulien.com\/wp-content\/uploads\/2025\/12\/mariage-crete-rethimno65-1024x1536.webp 1024w\" sizes=\"(max-width: 1280px) 100vw, 1280px\" \/>\t\t\t\t\t\t\t\t<\/a>\n\t\t\t\t\t\t\t\t\t\t\t\t\t\t\t<\/div>\n\t\t\t\t<\/div>\n\t\t\t\t<div class=\"elementor-element elementor-element-3fe5f60 elementor-widget elementor-widget-image\" data-id=\"3fe5f60\" data-element_type=\"widget\" data-widget_type=\"image.default\">\n\t\t\t\t<div class=\"elementor-widget-container\">\n\t\t\t\t\t\t\t\t\t\t\t\t\t\t\t\t<a href=\"https:\/\/www.boyerjulien.com\/wp-content\/uploads\/2025\/12\/mariage-crete-rethimno66.jpg\" data-elementor-open-lightbox=\"yes\" data-e-action-hash=\"#elementor-action%3Aaction%3Dlightbox%26settings%3DeyJpZCI6MzUyMywidXJsIjoiaHR0cHM6XC9cL3d3dy5ib3llcmp1bGllbi5jb21cL3dwLWNvbnRlbnRcL3VwbG9hZHNcLzIwMjVcLzEyXC9tYXJpYWdlLWNyZXRlLXJldGhpbW5vNjYud2VicCJ9\">\n\t\t\t\t\t\t\t<img loading=\"lazy\" decoding=\"async\" width=\"1920\" height=\"1280\" src=\"https:\/\/www.boyerjulien.com\/wp-content\/uploads\/2025\/12\/mariage-crete-rethimno66.webp\" class=\"attachment-full size-full wp-image-3523\" alt=\"Mise en place de la r\u00e9ception de mariage \u00e0 Agreco Farm pr\u00e8s de Rethymnon en Cr\u00e8te, tables dress\u00e9es sous les oliviers et guirlandes lumineuses photographi\u00e9es par Julien Boyer photographe de mariage\" srcset=\"https:\/\/www.boyerjulien.com\/wp-content\/uploads\/2025\/12\/mariage-crete-rethimno66.webp 1920w, https:\/\/www.boyerjulien.com\/wp-content\/uploads\/2025\/12\/mariage-crete-rethimno66-300x200.webp 300w, https:\/\/www.boyerjulien.com\/wp-content\/uploads\/2025\/12\/mariage-crete-rethimno66-1024x682.webp 1024w, https:\/\/www.boyerjulien.com\/wp-content\/uploads\/2025\/12\/mariage-crete-rethimno66-768x512.webp 768w, https:\/\/www.boyerjulien.com\/wp-content\/uploads\/2025\/12\/mariage-crete-rethimno66-1536x1024.webp 1536w\" sizes=\"(max-width: 1920px) 100vw, 1920px\" \/>\t\t\t\t\t\t\t\t<\/a>\n\t\t\t\t\t\t\t\t\t\t\t\t\t\t\t<\/div>\n\t\t\t\t<\/div>\n\t\t\t\t<div class=\"elementor-element elementor-element-bf23c29 elementor-widget elementor-widget-image\" data-id=\"bf23c29\" data-element_type=\"widget\" data-widget_type=\"image.default\">\n\t\t\t\t<div class=\"elementor-widget-container\">\n\t\t\t\t\t\t\t\t\t\t\t\t\t\t\t\t<a href=\"https:\/\/www.boyerjulien.com\/wp-content\/uploads\/2025\/12\/mariage-crete-rethimno67.jpg\" data-elementor-open-lightbox=\"yes\" data-e-action-hash=\"#elementor-action%3Aaction%3Dlightbox%26settings%3DeyJpZCI6MzUyNCwidXJsIjoiaHR0cHM6XC9cL3d3dy5ib3llcmp1bGllbi5jb21cL3dwLWNvbnRlbnRcL3VwbG9hZHNcLzIwMjVcLzEyXC9tYXJpYWdlLWNyZXRlLXJldGhpbW5vNjcud2VicCJ9\">\n\t\t\t\t\t\t\t<img loading=\"lazy\" decoding=\"async\" width=\"1920\" height=\"1280\" src=\"https:\/\/www.boyerjulien.com\/wp-content\/uploads\/2025\/12\/mariage-crete-rethimno67.webp\" class=\"attachment-full size-full wp-image-3524\" alt=\"Table des mari\u00e9s d\u00e9cor\u00e9e avec feuillage d\u2019olivier, vaisselle \u00e9l\u00e9gante et ambiance m\u00e9diterran\u00e9enne lors d\u2019un mariage \u00e0 Rethymnon en Cr\u00e8te, photo par Julien Boyer photographe de mariage\" srcset=\"https:\/\/www.boyerjulien.com\/wp-content\/uploads\/2025\/12\/mariage-crete-rethimno67.webp 1920w, https:\/\/www.boyerjulien.com\/wp-content\/uploads\/2025\/12\/mariage-crete-rethimno67-300x200.webp 300w, https:\/\/www.boyerjulien.com\/wp-content\/uploads\/2025\/12\/mariage-crete-rethimno67-1024x682.webp 1024w, https:\/\/www.boyerjulien.com\/wp-content\/uploads\/2025\/12\/mariage-crete-rethimno67-768x512.webp 768w, https:\/\/www.boyerjulien.com\/wp-content\/uploads\/2025\/12\/mariage-crete-rethimno67-1536x1024.webp 1536w\" sizes=\"(max-width: 1920px) 100vw, 1920px\" \/>\t\t\t\t\t\t\t\t<\/a>\n\t\t\t\t\t\t\t\t\t\t\t\t\t\t\t<\/div>\n\t\t\t\t<\/div>\n\t\t\t\t<div class=\"elementor-element elementor-element-c5d4334 elementor-widget elementor-widget-image\" data-id=\"c5d4334\" data-element_type=\"widget\" data-widget_type=\"image.default\">\n\t\t\t\t<div class=\"elementor-widget-container\">\n\t\t\t\t\t\t\t\t\t\t\t\t\t\t\t\t<a href=\"https:\/\/www.boyerjulien.com\/wp-content\/uploads\/2025\/12\/mariage-crete-rethimno68.jpg\" data-elementor-open-lightbox=\"yes\" data-e-action-hash=\"#elementor-action%3Aaction%3Dlightbox%26settings%3DeyJpZCI6MzUyNSwidXJsIjoiaHR0cHM6XC9cL3d3dy5ib3llcmp1bGllbi5jb21cL3dwLWNvbnRlbnRcL3VwbG9hZHNcLzIwMjVcLzEyXC9tYXJpYWdlLWNyZXRlLXJldGhpbW5vNjgud2VicCJ9\">\n\t\t\t\t\t\t\t<img loading=\"lazy\" decoding=\"async\" width=\"1280\" height=\"1920\" src=\"https:\/\/www.boyerjulien.com\/wp-content\/uploads\/2025\/12\/mariage-crete-rethimno68.webp\" class=\"attachment-full size-full wp-image-3525\" alt=\"D\u00e9tail de d\u00e9coration de table de mariage avec feuillage d\u2019olivier et guirlandes lumineuses autour des arbres, ambiance chaleureuse en Cr\u00e8te photographi\u00e9e par Julien Boyer\" srcset=\"https:\/\/www.boyerjulien.com\/wp-content\/uploads\/2025\/12\/mariage-crete-rethimno68.webp 1280w, https:\/\/www.boyerjulien.com\/wp-content\/uploads\/2025\/12\/mariage-crete-rethimno68-200x300.webp 200w, https:\/\/www.boyerjulien.com\/wp-content\/uploads\/2025\/12\/mariage-crete-rethimno68-682x1024.webp 682w, https:\/\/www.boyerjulien.com\/wp-content\/uploads\/2025\/12\/mariage-crete-rethimno68-768x1152.webp 768w, https:\/\/www.boyerjulien.com\/wp-content\/uploads\/2025\/12\/mariage-crete-rethimno68-1024x1536.webp 1024w\" sizes=\"(max-width: 1280px) 100vw, 1280px\" \/>\t\t\t\t\t\t\t\t<\/a>\n\t\t\t\t\t\t\t\t\t\t\t\t\t\t\t<\/div>\n\t\t\t\t<\/div>\n\t\t\t\t<div class=\"elementor-element elementor-element-1732fb8 uael-img-grid__column-2 uael-img-grid-tablet__column-3 uael-img-grid-mobile__column-2 uael-ins-normal elementor-widget elementor-widget-uael-image-gallery\" data-id=\"1732fb8\" data-element_type=\"widget\" data-settings=\"{&quot;gallery_columns&quot;:&quot;2&quot;,&quot;gallery_columns_tablet&quot;:&quot;3&quot;,&quot;gallery_columns_mobile&quot;:&quot;2&quot;,&quot;column_gap&quot;:{&quot;unit&quot;:&quot;px&quot;,&quot;size&quot;:20,&quot;sizes&quot;:[]},&quot;column_gap_widescreen&quot;:{&quot;unit&quot;:&quot;px&quot;,&quot;size&quot;:&quot;&quot;,&quot;sizes&quot;:[]},&quot;column_gap_laptop&quot;:{&quot;unit&quot;:&quot;px&quot;,&quot;size&quot;:&quot;&quot;,&quot;sizes&quot;:[]},&quot;column_gap_tablet_extra&quot;:{&quot;unit&quot;:&quot;px&quot;,&quot;size&quot;:&quot;&quot;,&quot;sizes&quot;:[]},&quot;column_gap_tablet&quot;:{&quot;unit&quot;:&quot;px&quot;,&quot;size&quot;:&quot;&quot;,&quot;sizes&quot;:[]},&quot;column_gap_mobile_extra&quot;:{&quot;unit&quot;:&quot;px&quot;,&quot;size&quot;:&quot;&quot;,&quot;sizes&quot;:[]},&quot;column_gap_mobile&quot;:{&quot;unit&quot;:&quot;px&quot;,&quot;size&quot;:&quot;&quot;,&quot;sizes&quot;:[]},&quot;row_gap&quot;:{&quot;unit&quot;:&quot;px&quot;,&quot;size&quot;:20,&quot;sizes&quot;:[]},&quot;row_gap_widescreen&quot;:{&quot;unit&quot;:&quot;px&quot;,&quot;size&quot;:&quot;&quot;,&quot;sizes&quot;:[]},&quot;row_gap_laptop&quot;:{&quot;unit&quot;:&quot;px&quot;,&quot;size&quot;:&quot;&quot;,&quot;sizes&quot;:[]},&quot;row_gap_tablet_extra&quot;:{&quot;unit&quot;:&quot;px&quot;,&quot;size&quot;:&quot;&quot;,&quot;sizes&quot;:[]},&quot;row_gap_tablet&quot;:{&quot;unit&quot;:&quot;px&quot;,&quot;size&quot;:&quot;&quot;,&quot;sizes&quot;:[]},&quot;row_gap_mobile_extra&quot;:{&quot;unit&quot;:&quot;px&quot;,&quot;size&quot;:&quot;&quot;,&quot;sizes&quot;:[]},&quot;row_gap_mobile&quot;:{&quot;unit&quot;:&quot;px&quot;,&quot;size&quot;:&quot;&quot;,&quot;sizes&quot;:[]}}\" data-widget_type=\"uael-image-gallery.default\">\n\t\t\t\t<div class=\"elementor-widget-container\">\n\t\t\t\t\t<div class=\"uael-gallery-parent uael-caption- uael-gallery-unjustified\"><div class=\"uael-img-gallery-wrap uael-img-masonry-wrap uael-img-grid-masonry-wrap uael-masonry uael-image-lightbox-wrap\" data-filter-default=\"All\" data-lightbox_actions=\"[&quot;close&quot;]\" data-lightbox-gallery-loop=\"\"><div class=\"uael-grid-item  uael-img-gallery-item-1\"><div class=\"uael-grid-item-content\"><a class=\"uael-grid-img uael-grid-gallery-img uael-ins-hover elementor-clickable\" data-fancybox=\"uael-gallery\" href=\"https:\/\/www.boyerjulien.com\/wp-content\/uploads\/2025\/12\/mariage-crete-rethimno69.webp\" data-elementor-open-lightbox=\"no\"><div class=\"uael-grid-img-thumbnail uael-ins-target\"><img loading=\"lazy\" decoding=\"async\" width=\"1024\" height=\"682\" src=\"https:\/\/www.boyerjulien.com\/wp-content\/uploads\/2025\/12\/mariage-crete-rethimno69-1024x682.webp\" class=\"attachment-large size-large wp-image-3526\" alt=\"D\u00eener de mariage en ext\u00e9rieur sous des oliviers illumin\u00e9s, invit\u00e9s r\u00e9unis autour de grandes tables en bois \u00e0 Rethymnon en Cr\u00e8te\" srcset=\"https:\/\/www.boyerjulien.com\/wp-content\/uploads\/2025\/12\/mariage-crete-rethimno69-1024x682.webp 1024w, https:\/\/www.boyerjulien.com\/wp-content\/uploads\/2025\/12\/mariage-crete-rethimno69-300x200.webp 300w, https:\/\/www.boyerjulien.com\/wp-content\/uploads\/2025\/12\/mariage-crete-rethimno69-768x512.webp 768w, https:\/\/www.boyerjulien.com\/wp-content\/uploads\/2025\/12\/mariage-crete-rethimno69-1536x1024.webp 1536w, https:\/\/www.boyerjulien.com\/wp-content\/uploads\/2025\/12\/mariage-crete-rethimno69.webp 1920w\" sizes=\"(max-width: 1024px) 100vw, 1024px\" \/><\/div><div class=\"uael-grid-img-overlay\"><\/div><\/a><\/div><\/div><div class=\"uael-grid-item  uael-img-gallery-item-2\"><div class=\"uael-grid-item-content\"><a class=\"uael-grid-img uael-grid-gallery-img uael-ins-hover elementor-clickable\" data-fancybox=\"uael-gallery\" href=\"https:\/\/www.boyerjulien.com\/wp-content\/uploads\/2025\/12\/mariage-crete-rethimno70.webp\" data-elementor-open-lightbox=\"no\"><div class=\"uael-grid-img-thumbnail uael-ins-target\"><img loading=\"lazy\" decoding=\"async\" width=\"1024\" height=\"682\" src=\"https:\/\/www.boyerjulien.com\/wp-content\/uploads\/2025\/12\/mariage-crete-rethimno70-1024x682.webp\" class=\"attachment-large size-large wp-image-3527\" alt=\"Soir\u00e9e de mariage festive sous des oliviers d\u00e9cor\u00e9s de guirlandes lumineuses, invit\u00e9s levant les bras lors d\u2019un mariage en Cr\u00e8te\" srcset=\"https:\/\/www.boyerjulien.com\/wp-content\/uploads\/2025\/12\/mariage-crete-rethimno70-1024x682.webp 1024w, https:\/\/www.boyerjulien.com\/wp-content\/uploads\/2025\/12\/mariage-crete-rethimno70-300x200.webp 300w, https:\/\/www.boyerjulien.com\/wp-content\/uploads\/2025\/12\/mariage-crete-rethimno70-768x512.webp 768w, https:\/\/www.boyerjulien.com\/wp-content\/uploads\/2025\/12\/mariage-crete-rethimno70-1536x1024.webp 1536w, https:\/\/www.boyerjulien.com\/wp-content\/uploads\/2025\/12\/mariage-crete-rethimno70.webp 1920w\" sizes=\"(max-width: 1024px) 100vw, 1024px\" \/><\/div><div class=\"uael-grid-img-overlay\"><\/div><\/a><\/div><\/div><\/div><\/div>\t\t\t\t<\/div>\n\t\t\t\t<\/div>\n\t\t\t\t<div class=\"elementor-element elementor-element-f5e5613 elementor-widget elementor-widget-image\" data-id=\"f5e5613\" data-element_type=\"widget\" data-widget_type=\"image.default\">\n\t\t\t\t<div class=\"elementor-widget-container\">\n\t\t\t\t\t\t\t\t\t\t\t\t\t\t\t\t<a href=\"https:\/\/www.boyerjulien.com\/wp-content\/uploads\/2025\/12\/mariage-crete-rethimno71.jpg\" data-elementor-open-lightbox=\"yes\" data-e-action-hash=\"#elementor-action%3Aaction%3Dlightbox%26settings%3DeyJpZCI6MzUyOCwidXJsIjoiaHR0cHM6XC9cL3d3dy5ib3llcmp1bGllbi5jb21cL3dwLWNvbnRlbnRcL3VwbG9hZHNcLzIwMjVcLzEyXC9tYXJpYWdlLWNyZXRlLXJldGhpbW5vNzEud2VicCJ9\">\n\t\t\t\t\t\t\t<img loading=\"lazy\" decoding=\"async\" width=\"1920\" height=\"1280\" src=\"https:\/\/www.boyerjulien.com\/wp-content\/uploads\/2025\/12\/mariage-crete-rethimno71.webp\" class=\"attachment-full size-full wp-image-3528\" alt=\"Invit\u00e9s c\u00e9l\u00e9brant un mariage en Cr\u00e8te dans une ambiance conviviale et festive, d\u00eener sous les arbres illumin\u00e9s \u00e0 Rethymnon\" srcset=\"https:\/\/www.boyerjulien.com\/wp-content\/uploads\/2025\/12\/mariage-crete-rethimno71.webp 1920w, https:\/\/www.boyerjulien.com\/wp-content\/uploads\/2025\/12\/mariage-crete-rethimno71-300x200.webp 300w, https:\/\/www.boyerjulien.com\/wp-content\/uploads\/2025\/12\/mariage-crete-rethimno71-1024x682.webp 1024w, https:\/\/www.boyerjulien.com\/wp-content\/uploads\/2025\/12\/mariage-crete-rethimno71-768x512.webp 768w, https:\/\/www.boyerjulien.com\/wp-content\/uploads\/2025\/12\/mariage-crete-rethimno71-1536x1024.webp 1536w\" sizes=\"(max-width: 1920px) 100vw, 1920px\" \/>\t\t\t\t\t\t\t\t<\/a>\n\t\t\t\t\t\t\t\t\t\t\t\t\t\t\t<\/div>\n\t\t\t\t<\/div>\n\t\t\t\t<div class=\"elementor-element elementor-element-66cf90e elementor-widget elementor-widget-image\" data-id=\"66cf90e\" data-element_type=\"widget\" data-widget_type=\"image.default\">\n\t\t\t\t<div class=\"elementor-widget-container\">\n\t\t\t\t\t\t\t\t\t\t\t\t\t\t\t\t<a href=\"https:\/\/www.boyerjulien.com\/wp-content\/uploads\/2025\/12\/mariage-crete-rethimno72.jpg\" data-elementor-open-lightbox=\"yes\" data-e-action-hash=\"#elementor-action%3Aaction%3Dlightbox%26settings%3DeyJpZCI6MzUyOSwidXJsIjoiaHR0cHM6XC9cL3d3dy5ib3llcmp1bGllbi5jb21cL3dwLWNvbnRlbnRcL3VwbG9hZHNcLzIwMjVcLzEyXC9tYXJpYWdlLWNyZXRlLXJldGhpbW5vNzIud2VicCJ9\">\n\t\t\t\t\t\t\t<img loading=\"lazy\" decoding=\"async\" width=\"1280\" height=\"1920\" src=\"https:\/\/www.boyerjulien.com\/wp-content\/uploads\/2025\/12\/mariage-crete-rethimno72.webp\" class=\"attachment-full size-full wp-image-3529\" alt=\"Les mari\u00e9s debout et acclam\u00e9s par leurs invit\u00e9s pendant le d\u00eener de mariage en ext\u00e9rieur en Cr\u00e8te, photo r\u00e9alis\u00e9e par Julien Boyer photographe de mariage\" srcset=\"https:\/\/www.boyerjulien.com\/wp-content\/uploads\/2025\/12\/mariage-crete-rethimno72.webp 1280w, https:\/\/www.boyerjulien.com\/wp-content\/uploads\/2025\/12\/mariage-crete-rethimno72-200x300.webp 200w, https:\/\/www.boyerjulien.com\/wp-content\/uploads\/2025\/12\/mariage-crete-rethimno72-682x1024.webp 682w, https:\/\/www.boyerjulien.com\/wp-content\/uploads\/2025\/12\/mariage-crete-rethimno72-768x1152.webp 768w, https:\/\/www.boyerjulien.com\/wp-content\/uploads\/2025\/12\/mariage-crete-rethimno72-1024x1536.webp 1024w\" sizes=\"(max-width: 1280px) 100vw, 1280px\" \/>\t\t\t\t\t\t\t\t<\/a>\n\t\t\t\t\t\t\t\t\t\t\t\t\t\t\t<\/div>\n\t\t\t\t<\/div>\n\t\t\t\t<div class=\"elementor-element elementor-element-aa7ca0e elementor-widget elementor-widget-image\" data-id=\"aa7ca0e\" data-element_type=\"widget\" data-widget_type=\"image.default\">\n\t\t\t\t<div class=\"elementor-widget-container\">\n\t\t\t\t\t\t\t\t\t\t\t\t\t\t\t\t<a href=\"https:\/\/www.boyerjulien.com\/wp-content\/uploads\/2025\/12\/mariage-crete-rethimno73.jpg\" data-elementor-open-lightbox=\"yes\" data-e-action-hash=\"#elementor-action%3Aaction%3Dlightbox%26settings%3DeyJpZCI6MzUzMCwidXJsIjoiaHR0cHM6XC9cL3d3dy5ib3llcmp1bGllbi5jb21cL3dwLWNvbnRlbnRcL3VwbG9hZHNcLzIwMjVcLzEyXC9tYXJpYWdlLWNyZXRlLXJldGhpbW5vNzMud2VicCJ9\">\n\t\t\t\t\t\t\t<img loading=\"lazy\" decoding=\"async\" width=\"1280\" height=\"1920\" src=\"https:\/\/www.boyerjulien.com\/wp-content\/uploads\/2025\/12\/mariage-crete-rethimno73.webp\" class=\"attachment-full size-full wp-image-3530\" alt=\"Invit\u00e9s souriants et dansants pendant la soir\u00e9e de mariage en Cr\u00e8te, d\u00e9cor en pierre, lumi\u00e8res suspendues et ambiance m\u00e9diterran\u00e9enne\" srcset=\"https:\/\/www.boyerjulien.com\/wp-content\/uploads\/2025\/12\/mariage-crete-rethimno73.webp 1280w, https:\/\/www.boyerjulien.com\/wp-content\/uploads\/2025\/12\/mariage-crete-rethimno73-200x300.webp 200w, https:\/\/www.boyerjulien.com\/wp-content\/uploads\/2025\/12\/mariage-crete-rethimno73-682x1024.webp 682w, https:\/\/www.boyerjulien.com\/wp-content\/uploads\/2025\/12\/mariage-crete-rethimno73-768x1152.webp 768w, https:\/\/www.boyerjulien.com\/wp-content\/uploads\/2025\/12\/mariage-crete-rethimno73-1024x1536.webp 1024w\" sizes=\"(max-width: 1280px) 100vw, 1280px\" \/>\t\t\t\t\t\t\t\t<\/a>\n\t\t\t\t\t\t\t\t\t\t\t\t\t\t\t<\/div>\n\t\t\t\t<\/div>\n\t\t\t\t<div class=\"elementor-element elementor-element-0be52f3 elementor-widget elementor-widget-image\" data-id=\"0be52f3\" data-element_type=\"widget\" data-widget_type=\"image.default\">\n\t\t\t\t<div class=\"elementor-widget-container\">\n\t\t\t\t\t\t\t\t\t\t\t\t\t\t\t\t<a href=\"https:\/\/www.boyerjulien.com\/wp-content\/uploads\/2025\/12\/mariage-crete-rethimno74.jpg\" data-elementor-open-lightbox=\"yes\" data-e-action-hash=\"#elementor-action%3Aaction%3Dlightbox%26settings%3DeyJpZCI6MzUzMSwidXJsIjoiaHR0cHM6XC9cL3d3dy5ib3llcmp1bGllbi5jb21cL3dwLWNvbnRlbnRcL3VwbG9hZHNcLzIwMjVcLzEyXC9tYXJpYWdlLWNyZXRlLXJldGhpbW5vNzQud2VicCJ9\">\n\t\t\t\t\t\t\t<img loading=\"lazy\" decoding=\"async\" width=\"1920\" height=\"1280\" src=\"https:\/\/www.boyerjulien.com\/wp-content\/uploads\/2025\/12\/mariage-crete-rethimno74.webp\" class=\"attachment-full size-full wp-image-3531\" alt=\"Danseurs en costumes traditionnels cr\u00e9tois se produisant lors d\u2019un mariage \u00e0 Rethymnon en Cr\u00e8te, ambiance festive en soir\u00e9e photographi\u00e9e par Julien Boyer photographe de mariage\" srcset=\"https:\/\/www.boyerjulien.com\/wp-content\/uploads\/2025\/12\/mariage-crete-rethimno74.webp 1920w, https:\/\/www.boyerjulien.com\/wp-content\/uploads\/2025\/12\/mariage-crete-rethimno74-300x200.webp 300w, https:\/\/www.boyerjulien.com\/wp-content\/uploads\/2025\/12\/mariage-crete-rethimno74-1024x682.webp 1024w, https:\/\/www.boyerjulien.com\/wp-content\/uploads\/2025\/12\/mariage-crete-rethimno74-768x512.webp 768w, https:\/\/www.boyerjulien.com\/wp-content\/uploads\/2025\/12\/mariage-crete-rethimno74-1536x1024.webp 1536w\" sizes=\"(max-width: 1920px) 100vw, 1920px\" \/>\t\t\t\t\t\t\t\t<\/a>\n\t\t\t\t\t\t\t\t\t\t\t\t\t\t\t<\/div>\n\t\t\t\t<\/div>\n\t\t\t\t<div class=\"elementor-element elementor-element-5f2660e elementor-widget elementor-widget-image\" data-id=\"5f2660e\" data-element_type=\"widget\" data-widget_type=\"image.default\">\n\t\t\t\t<div class=\"elementor-widget-container\">\n\t\t\t\t\t\t\t\t\t\t\t\t\t\t\t\t<a href=\"https:\/\/www.boyerjulien.com\/wp-content\/uploads\/2025\/12\/mariage-crete-rethimno75.jpg\" data-elementor-open-lightbox=\"yes\" data-e-action-hash=\"#elementor-action%3Aaction%3Dlightbox%26settings%3DeyJpZCI6MzUzMiwidXJsIjoiaHR0cHM6XC9cL3d3dy5ib3llcmp1bGllbi5jb21cL3dwLWNvbnRlbnRcL3VwbG9hZHNcLzIwMjVcLzEyXC9tYXJpYWdlLWNyZXRlLXJldGhpbW5vNzUud2VicCJ9\">\n\t\t\t\t\t\t\t<img loading=\"lazy\" decoding=\"async\" width=\"1920\" height=\"1280\" src=\"https:\/\/www.boyerjulien.com\/wp-content\/uploads\/2025\/12\/mariage-crete-rethimno75.webp\" class=\"attachment-full size-full wp-image-3532\" alt=\"Groupe de danseurs en cercle ex\u00e9cutant une danse traditionnelle cr\u00e9toise devant les invit\u00e9s lors d\u2019un mariage en Cr\u00e8te \u00e0 Rethymnon\" srcset=\"https:\/\/www.boyerjulien.com\/wp-content\/uploads\/2025\/12\/mariage-crete-rethimno75.webp 1920w, https:\/\/www.boyerjulien.com\/wp-content\/uploads\/2025\/12\/mariage-crete-rethimno75-300x200.webp 300w, https:\/\/www.boyerjulien.com\/wp-content\/uploads\/2025\/12\/mariage-crete-rethimno75-1024x682.webp 1024w, https:\/\/www.boyerjulien.com\/wp-content\/uploads\/2025\/12\/mariage-crete-rethimno75-768x512.webp 768w, https:\/\/www.boyerjulien.com\/wp-content\/uploads\/2025\/12\/mariage-crete-rethimno75-1536x1024.webp 1536w\" sizes=\"(max-width: 1920px) 100vw, 1920px\" \/>\t\t\t\t\t\t\t\t<\/a>\n\t\t\t\t\t\t\t\t\t\t\t\t\t\t\t<\/div>\n\t\t\t\t<\/div>\n\t\t\t\t<div class=\"elementor-element elementor-element-5a356fd elementor-widget elementor-widget-image\" data-id=\"5a356fd\" data-element_type=\"widget\" data-widget_type=\"image.default\">\n\t\t\t\t<div class=\"elementor-widget-container\">\n\t\t\t\t\t\t\t\t\t\t\t\t\t\t\t\t<a href=\"https:\/\/www.boyerjulien.com\/wp-content\/uploads\/2025\/12\/mariage-crete-rethimno76.jpg\" data-elementor-open-lightbox=\"yes\" data-e-action-hash=\"#elementor-action%3Aaction%3Dlightbox%26settings%3DeyJpZCI6MzUzMywidXJsIjoiaHR0cHM6XC9cL3d3dy5ib3llcmp1bGllbi5jb21cL3dwLWNvbnRlbnRcL3VwbG9hZHNcLzIwMjVcLzEyXC9tYXJpYWdlLWNyZXRlLXJldGhpbW5vNzYud2VicCJ9\">\n\t\t\t\t\t\t\t<img loading=\"lazy\" decoding=\"async\" width=\"1920\" height=\"1280\" src=\"https:\/\/www.boyerjulien.com\/wp-content\/uploads\/2025\/12\/mariage-crete-rethimno76.webp\" class=\"attachment-full size-full wp-image-3533\" alt=\"Danseuse en costume traditionnel cr\u00e9tois levant les bras avec le drapeau grec en arri\u00e8re-plan lors d\u2019un mariage en Cr\u00e8te\" srcset=\"https:\/\/www.boyerjulien.com\/wp-content\/uploads\/2025\/12\/mariage-crete-rethimno76.webp 1920w, https:\/\/www.boyerjulien.com\/wp-content\/uploads\/2025\/12\/mariage-crete-rethimno76-300x200.webp 300w, https:\/\/www.boyerjulien.com\/wp-content\/uploads\/2025\/12\/mariage-crete-rethimno76-1024x682.webp 1024w, https:\/\/www.boyerjulien.com\/wp-content\/uploads\/2025\/12\/mariage-crete-rethimno76-768x512.webp 768w, https:\/\/www.boyerjulien.com\/wp-content\/uploads\/2025\/12\/mariage-crete-rethimno76-1536x1024.webp 1536w\" sizes=\"(max-width: 1920px) 100vw, 1920px\" \/>\t\t\t\t\t\t\t\t<\/a>\n\t\t\t\t\t\t\t\t\t\t\t\t\t\t\t<\/div>\n\t\t\t\t<\/div>\n\t\t\t\t<div class=\"elementor-element elementor-element-76d73d9 elementor-widget elementor-widget-image\" data-id=\"76d73d9\" data-element_type=\"widget\" data-widget_type=\"image.default\">\n\t\t\t\t<div class=\"elementor-widget-container\">\n\t\t\t\t\t\t\t\t\t\t\t\t\t\t\t\t<a href=\"https:\/\/www.boyerjulien.com\/wp-content\/uploads\/2025\/12\/mariage-crete-rethimno77.jpg\" data-elementor-open-lightbox=\"yes\" data-e-action-hash=\"#elementor-action%3Aaction%3Dlightbox%26settings%3DeyJpZCI6MzUzNCwidXJsIjoiaHR0cHM6XC9cL3d3dy5ib3llcmp1bGllbi5jb21cL3dwLWNvbnRlbnRcL3VwbG9hZHNcLzIwMjVcLzEyXC9tYXJpYWdlLWNyZXRlLXJldGhpbW5vNzcud2VicCJ9\">\n\t\t\t\t\t\t\t<img loading=\"lazy\" decoding=\"async\" width=\"1920\" height=\"1280\" src=\"https:\/\/www.boyerjulien.com\/wp-content\/uploads\/2025\/12\/mariage-crete-rethimno77.webp\" class=\"attachment-full size-full wp-image-3534\" alt=\"Invit\u00e9 dansant avec \u00e9nergie sur la piste pendant la soir\u00e9e de mariage en Cr\u00e8te, ambiance festive et lumi\u00e8res nocturnes\" srcset=\"https:\/\/www.boyerjulien.com\/wp-content\/uploads\/2025\/12\/mariage-crete-rethimno77.webp 1920w, https:\/\/www.boyerjulien.com\/wp-content\/uploads\/2025\/12\/mariage-crete-rethimno77-300x200.webp 300w, https:\/\/www.boyerjulien.com\/wp-content\/uploads\/2025\/12\/mariage-crete-rethimno77-1024x682.webp 1024w, https:\/\/www.boyerjulien.com\/wp-content\/uploads\/2025\/12\/mariage-crete-rethimno77-768x512.webp 768w, https:\/\/www.boyerjulien.com\/wp-content\/uploads\/2025\/12\/mariage-crete-rethimno77-1536x1024.webp 1536w\" sizes=\"(max-width: 1920px) 100vw, 1920px\" \/>\t\t\t\t\t\t\t\t<\/a>\n\t\t\t\t\t\t\t\t\t\t\t\t\t\t\t<\/div>\n\t\t\t\t<\/div>\n\t\t\t\t<div class=\"elementor-element elementor-element-2c67fab elementor-widget elementor-widget-image\" data-id=\"2c67fab\" data-element_type=\"widget\" data-widget_type=\"image.default\">\n\t\t\t\t<div class=\"elementor-widget-container\">\n\t\t\t\t\t\t\t\t\t\t\t\t\t\t\t\t<a href=\"https:\/\/www.boyerjulien.com\/wp-content\/uploads\/2025\/12\/mariage-crete-rethimno78.jpg\" data-elementor-open-lightbox=\"yes\" data-e-action-hash=\"#elementor-action%3Aaction%3Dlightbox%26settings%3DeyJpZCI6MzUzNSwidXJsIjoiaHR0cHM6XC9cL3d3dy5ib3llcmp1bGllbi5jb21cL3dwLWNvbnRlbnRcL3VwbG9hZHNcLzIwMjVcLzEyXC9tYXJpYWdlLWNyZXRlLXJldGhpbW5vNzgud2VicCJ9\">\n\t\t\t\t\t\t\t<img loading=\"lazy\" decoding=\"async\" width=\"1279\" height=\"1920\" src=\"https:\/\/www.boyerjulien.com\/wp-content\/uploads\/2025\/12\/mariage-crete-rethimno78.webp\" class=\"attachment-full size-full wp-image-3535\" alt=\"Longue table de r\u00e9ception d\u00e9cor\u00e9e de compositions florales roses et feuillage m\u00e9diterran\u00e9en lors d\u2019un mariage en ext\u00e9rieur en Cr\u00e8te, photographi\u00e9e par Julien Boyer photographe de mariage\" srcset=\"https:\/\/www.boyerjulien.com\/wp-content\/uploads\/2025\/12\/mariage-crete-rethimno78.webp 1279w, https:\/\/www.boyerjulien.com\/wp-content\/uploads\/2025\/12\/mariage-crete-rethimno78-200x300.webp 200w, https:\/\/www.boyerjulien.com\/wp-content\/uploads\/2025\/12\/mariage-crete-rethimno78-682x1024.webp 682w, https:\/\/www.boyerjulien.com\/wp-content\/uploads\/2025\/12\/mariage-crete-rethimno78-768x1153.webp 768w, https:\/\/www.boyerjulien.com\/wp-content\/uploads\/2025\/12\/mariage-crete-rethimno78-1023x1536.webp 1023w\" sizes=\"(max-width: 1279px) 100vw, 1279px\" \/>\t\t\t\t\t\t\t\t<\/a>\n\t\t\t\t\t\t\t\t\t\t\t\t\t\t\t<\/div>\n\t\t\t\t<\/div>\n\t\t\t\t<div class=\"elementor-element elementor-element-0e4c1a6 elementor-widget elementor-widget-image\" data-id=\"0e4c1a6\" data-element_type=\"widget\" data-widget_type=\"image.default\">\n\t\t\t\t<div class=\"elementor-widget-container\">\n\t\t\t\t\t\t\t\t\t\t\t\t\t\t\t\t<a href=\"https:\/\/www.boyerjulien.com\/wp-content\/uploads\/2025\/12\/mariage-crete-rethimno87.jpg\" data-elementor-open-lightbox=\"yes\" data-e-action-hash=\"#elementor-action%3Aaction%3Dlightbox%26settings%3DeyJpZCI6MzU0NCwidXJsIjoiaHR0cHM6XC9cL3d3dy5ib3llcmp1bGllbi5jb21cL3dwLWNvbnRlbnRcL3VwbG9hZHNcLzIwMjVcLzEyXC9tYXJpYWdlLWNyZXRlLXJldGhpbW5vODcud2VicCJ9\">\n\t\t\t\t\t\t\t<img loading=\"lazy\" decoding=\"async\" width=\"1920\" height=\"1280\" src=\"https:\/\/www.boyerjulien.com\/wp-content\/uploads\/2025\/12\/mariage-crete-rethimno87.webp\" class=\"attachment-full size-full wp-image-3544\" alt=\"Longue table de mariage d\u00e9cor\u00e9e de fleurs et guirlandes lumineuses sous une pergola en Cr\u00e8te, ambiance \u00e9l\u00e9gante et chaleureuse\" srcset=\"https:\/\/www.boyerjulien.com\/wp-content\/uploads\/2025\/12\/mariage-crete-rethimno87.webp 1920w, https:\/\/www.boyerjulien.com\/wp-content\/uploads\/2025\/12\/mariage-crete-rethimno87-300x200.webp 300w, https:\/\/www.boyerjulien.com\/wp-content\/uploads\/2025\/12\/mariage-crete-rethimno87-1024x682.webp 1024w, https:\/\/www.boyerjulien.com\/wp-content\/uploads\/2025\/12\/mariage-crete-rethimno87-768x512.webp 768w, https:\/\/www.boyerjulien.com\/wp-content\/uploads\/2025\/12\/mariage-crete-rethimno87-1536x1024.webp 1536w\" sizes=\"(max-width: 1920px) 100vw, 1920px\" \/>\t\t\t\t\t\t\t\t<\/a>\n\t\t\t\t\t\t\t\t\t\t\t\t\t\t\t<\/div>\n\t\t\t\t<\/div>\n\t\t\t\t<div class=\"elementor-element elementor-element-33318a3 elementor-widget elementor-widget-image\" data-id=\"33318a3\" data-element_type=\"widget\" data-widget_type=\"image.default\">\n\t\t\t\t<div class=\"elementor-widget-container\">\n\t\t\t\t\t\t\t\t\t\t\t\t\t\t\t\t<a href=\"https:\/\/www.boyerjulien.com\/wp-content\/uploads\/2025\/12\/mariage-crete-rethimno79.jpg\" data-elementor-open-lightbox=\"yes\" data-e-action-hash=\"#elementor-action%3Aaction%3Dlightbox%26settings%3DeyJpZCI6MzUzNiwidXJsIjoiaHR0cHM6XC9cL3d3dy5ib3llcmp1bGllbi5jb21cL3dwLWNvbnRlbnRcL3VwbG9hZHNcLzIwMjVcLzEyXC9tYXJpYWdlLWNyZXRlLXJldGhpbW5vNzkud2VicCJ9\">\n\t\t\t\t\t\t\t<img loading=\"lazy\" decoding=\"async\" width=\"1279\" height=\"1920\" src=\"https:\/\/www.boyerjulien.com\/wp-content\/uploads\/2025\/12\/mariage-crete-rethimno79.webp\" class=\"attachment-full size-full wp-image-3536\" alt=\"Table de mariage \u00e9l\u00e9gante dress\u00e9e sous une pergola avec guirlandes lumineuses et d\u00e9cor floral pour un mariage en Cr\u00e8te, ambiance douce et raffin\u00e9e captur\u00e9e par Julien Boyer\" srcset=\"https:\/\/www.boyerjulien.com\/wp-content\/uploads\/2025\/12\/mariage-crete-rethimno79.webp 1279w, https:\/\/www.boyerjulien.com\/wp-content\/uploads\/2025\/12\/mariage-crete-rethimno79-200x300.webp 200w, https:\/\/www.boyerjulien.com\/wp-content\/uploads\/2025\/12\/mariage-crete-rethimno79-682x1024.webp 682w, https:\/\/www.boyerjulien.com\/wp-content\/uploads\/2025\/12\/mariage-crete-rethimno79-768x1153.webp 768w, https:\/\/www.boyerjulien.com\/wp-content\/uploads\/2025\/12\/mariage-crete-rethimno79-1023x1536.webp 1023w\" sizes=\"(max-width: 1279px) 100vw, 1279px\" \/>\t\t\t\t\t\t\t\t<\/a>\n\t\t\t\t\t\t\t\t\t\t\t\t\t\t\t<\/div>\n\t\t\t\t<\/div>\n\t\t\t\t<div class=\"elementor-element elementor-element-d98a9d5 elementor-widget elementor-widget-image\" data-id=\"d98a9d5\" data-element_type=\"widget\" data-widget_type=\"image.default\">\n\t\t\t\t<div class=\"elementor-widget-container\">\n\t\t\t\t\t\t\t\t\t\t\t\t\t\t\t\t<a href=\"https:\/\/www.boyerjulien.com\/wp-content\/uploads\/2025\/12\/mariage-crete-rethimno80.jpg\" data-elementor-open-lightbox=\"yes\" data-e-action-hash=\"#elementor-action%3Aaction%3Dlightbox%26settings%3DeyJpZCI6MzUzNywidXJsIjoiaHR0cHM6XC9cL3d3dy5ib3llcmp1bGllbi5jb21cL3dwLWNvbnRlbnRcL3VwbG9hZHNcLzIwMjVcLzEyXC9tYXJpYWdlLWNyZXRlLXJldGhpbW5vODAud2VicCJ9\">\n\t\t\t\t\t\t\t<img loading=\"lazy\" decoding=\"async\" width=\"1920\" height=\"1279\" src=\"https:\/\/www.boyerjulien.com\/wp-content\/uploads\/2025\/12\/mariage-crete-rethimno80.webp\" class=\"attachment-full size-full wp-image-3537\" alt=\"D\u00e9coration de table de mariage avec compositions florales roses, bougies et vaisselle \u00e9l\u00e9gante face \u00e0 la mer en Cr\u00e8te, ambiance douce et raffin\u00e9e\" srcset=\"https:\/\/www.boyerjulien.com\/wp-content\/uploads\/2025\/12\/mariage-crete-rethimno80.webp 1920w, https:\/\/www.boyerjulien.com\/wp-content\/uploads\/2025\/12\/mariage-crete-rethimno80-300x200.webp 300w, https:\/\/www.boyerjulien.com\/wp-content\/uploads\/2025\/12\/mariage-crete-rethimno80-1024x682.webp 1024w, https:\/\/www.boyerjulien.com\/wp-content\/uploads\/2025\/12\/mariage-crete-rethimno80-768x511.webp 768w, https:\/\/www.boyerjulien.com\/wp-content\/uploads\/2025\/12\/mariage-crete-rethimno80-1536x1023.webp 1536w\" sizes=\"(max-width: 1920px) 100vw, 1920px\" \/>\t\t\t\t\t\t\t\t<\/a>\n\t\t\t\t\t\t\t\t\t\t\t\t\t\t\t<\/div>\n\t\t\t\t<\/div>\n\t\t\t\t<div class=\"elementor-element elementor-element-1909065 elementor-widget elementor-widget-image\" data-id=\"1909065\" data-element_type=\"widget\" data-widget_type=\"image.default\">\n\t\t\t\t<div class=\"elementor-widget-container\">\n\t\t\t\t\t\t\t\t\t\t\t\t\t\t\t\t<a href=\"https:\/\/www.boyerjulien.com\/wp-content\/uploads\/2025\/12\/mariage-crete-rethimno81.jpg\" data-elementor-open-lightbox=\"yes\" data-e-action-hash=\"#elementor-action%3Aaction%3Dlightbox%26settings%3DeyJpZCI6MzUzOCwidXJsIjoiaHR0cHM6XC9cL3d3dy5ib3llcmp1bGllbi5jb21cL3dwLWNvbnRlbnRcL3VwbG9hZHNcLzIwMjVcLzEyXC9tYXJpYWdlLWNyZXRlLXJldGhpbW5vODEud2VicCJ9\">\n\t\t\t\t\t\t\t<img loading=\"lazy\" decoding=\"async\" width=\"1279\" height=\"1920\" src=\"https:\/\/www.boyerjulien.com\/wp-content\/uploads\/2025\/12\/mariage-crete-rethimno81.webp\" class=\"attachment-full size-full wp-image-3538\" alt=\"D\u00e9tail de la chaise du mari\u00e9 d\u00e9cor\u00e9e de tissu rose et de l\u2019inscription Mr lors d\u2019un mariage en bord de mer en Cr\u00e8te\" srcset=\"https:\/\/www.boyerjulien.com\/wp-content\/uploads\/2025\/12\/mariage-crete-rethimno81.webp 1279w, https:\/\/www.boyerjulien.com\/wp-content\/uploads\/2025\/12\/mariage-crete-rethimno81-200x300.webp 200w, https:\/\/www.boyerjulien.com\/wp-content\/uploads\/2025\/12\/mariage-crete-rethimno81-682x1024.webp 682w, https:\/\/www.boyerjulien.com\/wp-content\/uploads\/2025\/12\/mariage-crete-rethimno81-768x1153.webp 768w, https:\/\/www.boyerjulien.com\/wp-content\/uploads\/2025\/12\/mariage-crete-rethimno81-1023x1536.webp 1023w\" sizes=\"(max-width: 1279px) 100vw, 1279px\" \/>\t\t\t\t\t\t\t\t<\/a>\n\t\t\t\t\t\t\t\t\t\t\t\t\t\t\t<\/div>\n\t\t\t\t<\/div>\n\t\t\t\t<div class=\"elementor-element elementor-element-7899580 elementor-widget elementor-widget-image\" data-id=\"7899580\" data-element_type=\"widget\" data-widget_type=\"image.default\">\n\t\t\t\t<div class=\"elementor-widget-container\">\n\t\t\t\t\t\t\t\t\t\t\t\t\t\t\t\t<a href=\"https:\/\/www.boyerjulien.com\/wp-content\/uploads\/2025\/12\/mariage-crete-rethimno82.jpg\" data-elementor-open-lightbox=\"yes\" data-e-action-hash=\"#elementor-action%3Aaction%3Dlightbox%26settings%3DeyJpZCI6MzUzOSwidXJsIjoiaHR0cHM6XC9cL3d3dy5ib3llcmp1bGllbi5jb21cL3dwLWNvbnRlbnRcL3VwbG9hZHNcLzIwMjVcLzEyXC9tYXJpYWdlLWNyZXRlLXJldGhpbW5vODIud2VicCJ9\">\n\t\t\t\t\t\t\t<img loading=\"lazy\" decoding=\"async\" width=\"1920\" height=\"1279\" src=\"https:\/\/www.boyerjulien.com\/wp-content\/uploads\/2025\/12\/mariage-crete-rethimno82.webp\" class=\"attachment-full size-full wp-image-3539\" alt=\"Espace lounge de mariage install\u00e9 sur la plage avec coussins, palettes en bois et d\u00e9coration florale pour un mariage en Cr\u00e8te\" srcset=\"https:\/\/www.boyerjulien.com\/wp-content\/uploads\/2025\/12\/mariage-crete-rethimno82.webp 1920w, https:\/\/www.boyerjulien.com\/wp-content\/uploads\/2025\/12\/mariage-crete-rethimno82-300x200.webp 300w, https:\/\/www.boyerjulien.com\/wp-content\/uploads\/2025\/12\/mariage-crete-rethimno82-1024x682.webp 1024w, https:\/\/www.boyerjulien.com\/wp-content\/uploads\/2025\/12\/mariage-crete-rethimno82-768x511.webp 768w, https:\/\/www.boyerjulien.com\/wp-content\/uploads\/2025\/12\/mariage-crete-rethimno82-1536x1023.webp 1536w\" sizes=\"(max-width: 1920px) 100vw, 1920px\" \/>\t\t\t\t\t\t\t\t<\/a>\n\t\t\t\t\t\t\t\t\t\t\t\t\t\t\t<\/div>\n\t\t\t\t<\/div>\n\t\t\t\t<div class=\"elementor-element elementor-element-e9d1655 elementor-widget elementor-widget-image\" data-id=\"e9d1655\" data-element_type=\"widget\" data-widget_type=\"image.default\">\n\t\t\t\t<div class=\"elementor-widget-container\">\n\t\t\t\t\t\t\t\t\t\t\t\t\t\t\t\t<a href=\"https:\/\/www.boyerjulien.com\/wp-content\/uploads\/2025\/12\/mariage-crete-rethimno83.jpg\" data-elementor-open-lightbox=\"yes\" data-e-action-hash=\"#elementor-action%3Aaction%3Dlightbox%26settings%3DeyJpZCI6MzU0MCwidXJsIjoiaHR0cHM6XC9cL3d3dy5ib3llcmp1bGllbi5jb21cL3dwLWNvbnRlbnRcL3VwbG9hZHNcLzIwMjVcLzEyXC9tYXJpYWdlLWNyZXRlLXJldGhpbW5vODMud2VicCJ9\">\n\t\t\t\t\t\t\t<img loading=\"lazy\" decoding=\"async\" width=\"1279\" height=\"1920\" src=\"https:\/\/www.boyerjulien.com\/wp-content\/uploads\/2025\/12\/mariage-crete-rethimno83.webp\" class=\"attachment-full size-full wp-image-3540\" alt=\"Couple marchant main dans la main sur une plage de Cr\u00e8te \u00e0 la lumi\u00e8re dor\u00e9e du coucher du soleil, moment intime et naturel\" srcset=\"https:\/\/www.boyerjulien.com\/wp-content\/uploads\/2025\/12\/mariage-crete-rethimno83.webp 1279w, https:\/\/www.boyerjulien.com\/wp-content\/uploads\/2025\/12\/mariage-crete-rethimno83-200x300.webp 200w, https:\/\/www.boyerjulien.com\/wp-content\/uploads\/2025\/12\/mariage-crete-rethimno83-682x1024.webp 682w, https:\/\/www.boyerjulien.com\/wp-content\/uploads\/2025\/12\/mariage-crete-rethimno83-768x1153.webp 768w, https:\/\/www.boyerjulien.com\/wp-content\/uploads\/2025\/12\/mariage-crete-rethimno83-1023x1536.webp 1023w\" sizes=\"(max-width: 1279px) 100vw, 1279px\" \/>\t\t\t\t\t\t\t\t<\/a>\n\t\t\t\t\t\t\t\t\t\t\t\t\t\t\t<\/div>\n\t\t\t\t<\/div>\n\t\t\t\t<div class=\"elementor-element elementor-element-b8a8901 elementor-widget elementor-widget-image\" data-id=\"b8a8901\" data-element_type=\"widget\" data-widget_type=\"image.default\">\n\t\t\t\t<div class=\"elementor-widget-container\">\n\t\t\t\t\t\t\t\t\t\t\t\t\t\t\t\t<a href=\"https:\/\/www.boyerjulien.com\/wp-content\/uploads\/2025\/12\/mariage-crete-rethimno84.jpg\" data-elementor-open-lightbox=\"yes\" data-e-action-hash=\"#elementor-action%3Aaction%3Dlightbox%26settings%3DeyJpZCI6MzU0MSwidXJsIjoiaHR0cHM6XC9cL3d3dy5ib3llcmp1bGllbi5jb21cL3dwLWNvbnRlbnRcL3VwbG9hZHNcLzIwMjVcLzEyXC9tYXJpYWdlLWNyZXRlLXJldGhpbW5vODQud2VicCJ9\">\n\t\t\t\t\t\t\t<img loading=\"lazy\" decoding=\"async\" width=\"1920\" height=\"1280\" src=\"https:\/\/www.boyerjulien.com\/wp-content\/uploads\/2025\/12\/mariage-crete-rethimno84.webp\" class=\"attachment-full size-full wp-image-3541\" alt=\"Couple assis sur le sable en bord de mer en Cr\u00e8te, sourires et complicit\u00e9 au coucher du soleil lors d\u2019un mariage destination\" srcset=\"https:\/\/www.boyerjulien.com\/wp-content\/uploads\/2025\/12\/mariage-crete-rethimno84.webp 1920w, https:\/\/www.boyerjulien.com\/wp-content\/uploads\/2025\/12\/mariage-crete-rethimno84-300x200.webp 300w, https:\/\/www.boyerjulien.com\/wp-content\/uploads\/2025\/12\/mariage-crete-rethimno84-1024x682.webp 1024w, https:\/\/www.boyerjulien.com\/wp-content\/uploads\/2025\/12\/mariage-crete-rethimno84-768x512.webp 768w, https:\/\/www.boyerjulien.com\/wp-content\/uploads\/2025\/12\/mariage-crete-rethimno84-1536x1024.webp 1536w\" sizes=\"(max-width: 1920px) 100vw, 1920px\" \/>\t\t\t\t\t\t\t\t<\/a>\n\t\t\t\t\t\t\t\t\t\t\t\t\t\t\t<\/div>\n\t\t\t\t<\/div>\n\t\t\t\t<div class=\"elementor-element elementor-element-4f4482d elementor-widget elementor-widget-image\" data-id=\"4f4482d\" data-element_type=\"widget\" data-widget_type=\"image.default\">\n\t\t\t\t<div class=\"elementor-widget-container\">\n\t\t\t\t\t\t\t\t\t\t\t\t\t\t\t\t<a href=\"https:\/\/www.boyerjulien.com\/wp-content\/uploads\/2025\/12\/mariage-crete-rethimno85.jpg\" data-elementor-open-lightbox=\"yes\" data-e-action-hash=\"#elementor-action%3Aaction%3Dlightbox%26settings%3DeyJpZCI6MzU0MiwidXJsIjoiaHR0cHM6XC9cL3d3dy5ib3llcmp1bGllbi5jb21cL3dwLWNvbnRlbnRcL3VwbG9hZHNcLzIwMjVcLzEyXC9tYXJpYWdlLWNyZXRlLXJldGhpbW5vODUud2VicCJ9\">\n\t\t\t\t\t\t\t<img loading=\"lazy\" decoding=\"async\" width=\"1920\" height=\"1280\" src=\"https:\/\/www.boyerjulien.com\/wp-content\/uploads\/2025\/12\/mariage-crete-rethimno85.webp\" class=\"attachment-full size-full wp-image-3542\" alt=\"Portrait rapproch\u00e9 d\u2019un couple se touchant le front sur une plage de Cr\u00e8te, lumi\u00e8re douce du soir et \u00e9motion naturelle\" srcset=\"https:\/\/www.boyerjulien.com\/wp-content\/uploads\/2025\/12\/mariage-crete-rethimno85.webp 1920w, https:\/\/www.boyerjulien.com\/wp-content\/uploads\/2025\/12\/mariage-crete-rethimno85-300x200.webp 300w, https:\/\/www.boyerjulien.com\/wp-content\/uploads\/2025\/12\/mariage-crete-rethimno85-1024x682.webp 1024w, https:\/\/www.boyerjulien.com\/wp-content\/uploads\/2025\/12\/mariage-crete-rethimno85-768x512.webp 768w, https:\/\/www.boyerjulien.com\/wp-content\/uploads\/2025\/12\/mariage-crete-rethimno85-1536x1024.webp 1536w\" sizes=\"(max-width: 1920px) 100vw, 1920px\" \/>\t\t\t\t\t\t\t\t<\/a>\n\t\t\t\t\t\t\t\t\t\t\t\t\t\t\t<\/div>\n\t\t\t\t<\/div>\n\t\t\t\t<div class=\"elementor-element elementor-element-5f95f0a elementor-widget elementor-widget-image\" data-id=\"5f95f0a\" data-element_type=\"widget\" data-widget_type=\"image.default\">\n\t\t\t\t<div class=\"elementor-widget-container\">\n\t\t\t\t\t\t\t\t\t\t\t\t\t\t\t\t<a href=\"https:\/\/www.boyerjulien.com\/wp-content\/uploads\/2025\/12\/mariage-crete-rethimno86.jpg\" data-elementor-open-lightbox=\"yes\" data-e-action-hash=\"#elementor-action%3Aaction%3Dlightbox%26settings%3DeyJpZCI6MzU0MywidXJsIjoiaHR0cHM6XC9cL3d3dy5ib3llcmp1bGllbi5jb21cL3dwLWNvbnRlbnRcL3VwbG9hZHNcLzIwMjVcLzEyXC9tYXJpYWdlLWNyZXRlLXJldGhpbW5vODYud2VicCJ9\">\n\t\t\t\t\t\t\t<img loading=\"lazy\" decoding=\"async\" width=\"1920\" height=\"1279\" src=\"https:\/\/www.boyerjulien.com\/wp-content\/uploads\/2025\/12\/mariage-crete-rethimno86.webp\" class=\"attachment-full size-full wp-image-3543\" alt=\"Couple s\u2019embrassant face \u00e0 la mer en Cr\u00e8te au coucher du soleil, moment romantique sur la plage lors d\u2019un mariage destination\" srcset=\"https:\/\/www.boyerjulien.com\/wp-content\/uploads\/2025\/12\/mariage-crete-rethimno86.webp 1920w, https:\/\/www.boyerjulien.com\/wp-content\/uploads\/2025\/12\/mariage-crete-rethimno86-300x200.webp 300w, https:\/\/www.boyerjulien.com\/wp-content\/uploads\/2025\/12\/mariage-crete-rethimno86-1024x682.webp 1024w, https:\/\/www.boyerjulien.com\/wp-content\/uploads\/2025\/12\/mariage-crete-rethimno86-768x511.webp 768w, https:\/\/www.boyerjulien.com\/wp-content\/uploads\/2025\/12\/mariage-crete-rethimno86-1536x1023.webp 1536w\" sizes=\"(max-width: 1920px) 100vw, 1920px\" \/>\t\t\t\t\t\t\t\t<\/a>\n\t\t\t\t\t\t\t\t\t\t\t\t\t\t\t<\/div>\n\t\t\t\t<\/div>\n\t\t\t\t<div class=\"elementor-element elementor-element-b8ae663 elementor-widget elementor-widget-image\" data-id=\"b8ae663\" data-element_type=\"widget\" data-widget_type=\"image.default\">\n\t\t\t\t<div class=\"elementor-widget-container\">\n\t\t\t\t\t\t\t\t\t\t\t\t\t\t\t\t<a href=\"https:\/\/www.boyerjulien.com\/wp-content\/uploads\/2025\/12\/mariage-crete-rethimno88.jpg\" data-elementor-open-lightbox=\"yes\" data-e-action-hash=\"#elementor-action%3Aaction%3Dlightbox%26settings%3DeyJpZCI6MzU0NSwidXJsIjoiaHR0cHM6XC9cL3d3dy5ib3llcmp1bGllbi5jb21cL3dwLWNvbnRlbnRcL3VwbG9hZHNcLzIwMjVcLzEyXC9tYXJpYWdlLWNyZXRlLXJldGhpbW5vODgud2VicCJ9\">\n\t\t\t\t\t\t\t<img loading=\"lazy\" decoding=\"async\" width=\"1920\" height=\"1279\" src=\"https:\/\/www.boyerjulien.com\/wp-content\/uploads\/2025\/12\/mariage-crete-rethimno88.webp\" class=\"attachment-full size-full wp-image-3545\" alt=\"Invit\u00e9s lan\u00e7ant des ballons blancs et roses sur la plage lors d\u2019un mariage en Cr\u00e8te, moment festif et collectif en bord de mer\" srcset=\"https:\/\/www.boyerjulien.com\/wp-content\/uploads\/2025\/12\/mariage-crete-rethimno88.webp 1920w, https:\/\/www.boyerjulien.com\/wp-content\/uploads\/2025\/12\/mariage-crete-rethimno88-300x200.webp 300w, https:\/\/www.boyerjulien.com\/wp-content\/uploads\/2025\/12\/mariage-crete-rethimno88-1024x682.webp 1024w, https:\/\/www.boyerjulien.com\/wp-content\/uploads\/2025\/12\/mariage-crete-rethimno88-768x511.webp 768w, https:\/\/www.boyerjulien.com\/wp-content\/uploads\/2025\/12\/mariage-crete-rethimno88-1536x1023.webp 1536w\" sizes=\"(max-width: 1920px) 100vw, 1920px\" \/>\t\t\t\t\t\t\t\t<\/a>\n\t\t\t\t\t\t\t\t\t\t\t\t\t\t\t<\/div>\n\t\t\t\t<\/div>\n\t\t\t\t<div class=\"elementor-element elementor-element-c6a4cec uael-img-grid__column-2 uael-img-grid-tablet__column-3 uael-img-grid-mobile__column-2 uael-ins-normal elementor-widget elementor-widget-uael-image-gallery\" data-id=\"c6a4cec\" data-element_type=\"widget\" data-settings=\"{&quot;gallery_columns&quot;:&quot;2&quot;,&quot;gallery_columns_tablet&quot;:&quot;3&quot;,&quot;gallery_columns_mobile&quot;:&quot;2&quot;,&quot;column_gap&quot;:{&quot;unit&quot;:&quot;px&quot;,&quot;size&quot;:20,&quot;sizes&quot;:[]},&quot;column_gap_widescreen&quot;:{&quot;unit&quot;:&quot;px&quot;,&quot;size&quot;:&quot;&quot;,&quot;sizes&quot;:[]},&quot;column_gap_laptop&quot;:{&quot;unit&quot;:&quot;px&quot;,&quot;size&quot;:&quot;&quot;,&quot;sizes&quot;:[]},&quot;column_gap_tablet_extra&quot;:{&quot;unit&quot;:&quot;px&quot;,&quot;size&quot;:&quot;&quot;,&quot;sizes&quot;:[]},&quot;column_gap_tablet&quot;:{&quot;unit&quot;:&quot;px&quot;,&quot;size&quot;:&quot;&quot;,&quot;sizes&quot;:[]},&quot;column_gap_mobile_extra&quot;:{&quot;unit&quot;:&quot;px&quot;,&quot;size&quot;:&quot;&quot;,&quot;sizes&quot;:[]},&quot;column_gap_mobile&quot;:{&quot;unit&quot;:&quot;px&quot;,&quot;size&quot;:&quot;&quot;,&quot;sizes&quot;:[]},&quot;row_gap&quot;:{&quot;unit&quot;:&quot;px&quot;,&quot;size&quot;:20,&quot;sizes&quot;:[]},&quot;row_gap_widescreen&quot;:{&quot;unit&quot;:&quot;px&quot;,&quot;size&quot;:&quot;&quot;,&quot;sizes&quot;:[]},&quot;row_gap_laptop&quot;:{&quot;unit&quot;:&quot;px&quot;,&quot;size&quot;:&quot;&quot;,&quot;sizes&quot;:[]},&quot;row_gap_tablet_extra&quot;:{&quot;unit&quot;:&quot;px&quot;,&quot;size&quot;:&quot;&quot;,&quot;sizes&quot;:[]},&quot;row_gap_tablet&quot;:{&quot;unit&quot;:&quot;px&quot;,&quot;size&quot;:&quot;&quot;,&quot;sizes&quot;:[]},&quot;row_gap_mobile_extra&quot;:{&quot;unit&quot;:&quot;px&quot;,&quot;size&quot;:&quot;&quot;,&quot;sizes&quot;:[]},&quot;row_gap_mobile&quot;:{&quot;unit&quot;:&quot;px&quot;,&quot;size&quot;:&quot;&quot;,&quot;sizes&quot;:[]}}\" data-widget_type=\"uael-image-gallery.default\">\n\t\t\t\t<div class=\"elementor-widget-container\">\n\t\t\t\t\t<div class=\"uael-gallery-parent uael-caption- uael-gallery-unjustified\"><div class=\"uael-img-gallery-wrap uael-img-masonry-wrap uael-img-grid-masonry-wrap uael-masonry uael-image-lightbox-wrap\" data-filter-default=\"All\" data-lightbox_actions=\"[&quot;close&quot;]\" data-lightbox-gallery-loop=\"\"><div class=\"uael-grid-item  uael-img-gallery-item-1\"><div class=\"uael-grid-item-content\"><a class=\"uael-grid-img uael-grid-gallery-img uael-ins-hover elementor-clickable\" data-fancybox=\"uael-gallery\" href=\"https:\/\/www.boyerjulien.com\/wp-content\/uploads\/2025\/12\/mariage-crete-rethimno89.webp\" data-elementor-open-lightbox=\"no\"><div class=\"uael-grid-img-thumbnail uael-ins-target\"><img loading=\"lazy\" decoding=\"async\" width=\"1024\" height=\"682\" src=\"https:\/\/www.boyerjulien.com\/wp-content\/uploads\/2025\/12\/mariage-crete-rethimno89-1024x682.webp\" class=\"attachment-large size-large wp-image-3546\" alt=\"Invit\u00e9s r\u00e9unis autour d\u2019un musicien pendant la soir\u00e9e de mariage en ext\u00e9rieur en Cr\u00e8te, ambiance conviviale et festive sous les lumi\u00e8res\" srcset=\"https:\/\/www.boyerjulien.com\/wp-content\/uploads\/2025\/12\/mariage-crete-rethimno89-1024x682.webp 1024w, https:\/\/www.boyerjulien.com\/wp-content\/uploads\/2025\/12\/mariage-crete-rethimno89-300x200.webp 300w, https:\/\/www.boyerjulien.com\/wp-content\/uploads\/2025\/12\/mariage-crete-rethimno89-768x512.webp 768w, https:\/\/www.boyerjulien.com\/wp-content\/uploads\/2025\/12\/mariage-crete-rethimno89-1536x1024.webp 1536w, https:\/\/www.boyerjulien.com\/wp-content\/uploads\/2025\/12\/mariage-crete-rethimno89.webp 1920w\" sizes=\"(max-width: 1024px) 100vw, 1024px\" \/><\/div><div class=\"uael-grid-img-overlay\"><\/div><\/a><\/div><\/div><div class=\"uael-grid-item  uael-img-gallery-item-2\"><div class=\"uael-grid-item-content\"><a class=\"uael-grid-img uael-grid-gallery-img uael-ins-hover elementor-clickable\" data-fancybox=\"uael-gallery\" href=\"https:\/\/www.boyerjulien.com\/wp-content\/uploads\/2025\/12\/mariage-crete-rethimno90.webp\" data-elementor-open-lightbox=\"no\"><div class=\"uael-grid-img-thumbnail uael-ins-target\"><img loading=\"lazy\" decoding=\"async\" width=\"1024\" height=\"682\" src=\"https:\/\/www.boyerjulien.com\/wp-content\/uploads\/2025\/12\/mariage-crete-rethimno90-1024x682.webp\" class=\"attachment-large size-large wp-image-3547\" alt=\"Invit\u00e9s dansant lors de la soir\u00e9e de mariage en plein air en Cr\u00e8te, ambiance joyeuse et spontan\u00e9e de nuit\" srcset=\"https:\/\/www.boyerjulien.com\/wp-content\/uploads\/2025\/12\/mariage-crete-rethimno90-1024x682.webp 1024w, https:\/\/www.boyerjulien.com\/wp-content\/uploads\/2025\/12\/mariage-crete-rethimno90-300x200.webp 300w, https:\/\/www.boyerjulien.com\/wp-content\/uploads\/2025\/12\/mariage-crete-rethimno90-768x511.webp 768w, https:\/\/www.boyerjulien.com\/wp-content\/uploads\/2025\/12\/mariage-crete-rethimno90-1536x1023.webp 1536w, https:\/\/www.boyerjulien.com\/wp-content\/uploads\/2025\/12\/mariage-crete-rethimno90.webp 1920w\" sizes=\"(max-width: 1024px) 100vw, 1024px\" \/><\/div><div class=\"uael-grid-img-overlay\"><\/div><\/a><\/div><\/div><div class=\"uael-grid-item  uael-img-gallery-item-3\"><div class=\"uael-grid-item-content\"><a class=\"uael-grid-img uael-grid-gallery-img uael-ins-hover elementor-clickable\" data-fancybox=\"uael-gallery\" href=\"https:\/\/www.boyerjulien.com\/wp-content\/uploads\/2025\/12\/mariage-crete-rethimno91.webp\" data-elementor-open-lightbox=\"no\"><div class=\"uael-grid-img-thumbnail uael-ins-target\"><img loading=\"lazy\" decoding=\"async\" width=\"1024\" height=\"682\" src=\"https:\/\/www.boyerjulien.com\/wp-content\/uploads\/2025\/12\/mariage-crete-rethimno91-1024x682.webp\" class=\"attachment-large size-large wp-image-3548\" alt=\"Invit\u00e9s dansant en tenue blanche lors de la soir\u00e9e de mariage en Cr\u00e8te, avec effets de lumi\u00e8re color\u00e9s et ambiance festive en plein air\" srcset=\"https:\/\/www.boyerjulien.com\/wp-content\/uploads\/2025\/12\/mariage-crete-rethimno91-1024x682.webp 1024w, https:\/\/www.boyerjulien.com\/wp-content\/uploads\/2025\/12\/mariage-crete-rethimno91-300x200.webp 300w, https:\/\/www.boyerjulien.com\/wp-content\/uploads\/2025\/12\/mariage-crete-rethimno91-768x512.webp 768w, https:\/\/www.boyerjulien.com\/wp-content\/uploads\/2025\/12\/mariage-crete-rethimno91-1536x1024.webp 1536w, https:\/\/www.boyerjulien.com\/wp-content\/uploads\/2025\/12\/mariage-crete-rethimno91.webp 1920w\" sizes=\"(max-width: 1024px) 100vw, 1024px\" \/><\/div><div class=\"uael-grid-img-overlay\"><\/div><\/a><\/div><\/div><div class=\"uael-grid-item  uael-img-gallery-item-4\"><div class=\"uael-grid-item-content\"><a class=\"uael-grid-img uael-grid-gallery-img uael-ins-hover elementor-clickable\" data-fancybox=\"uael-gallery\" href=\"https:\/\/www.boyerjulien.com\/wp-content\/uploads\/2025\/12\/mariage-crete-rethimno92.webp\" data-elementor-open-lightbox=\"no\"><div class=\"uael-grid-img-thumbnail uael-ins-target\"><img loading=\"lazy\" decoding=\"async\" width=\"1024\" height=\"682\" src=\"https:\/\/www.boyerjulien.com\/wp-content\/uploads\/2025\/12\/mariage-crete-rethimno92-1024x682.webp\" class=\"attachment-large size-large wp-image-3549\" alt=\"Groupe d\u2019invit\u00e9s dansant lors d\u2019un mariage en Cr\u00e8te, ambiance nocturne avec mouvements et tra\u00een\u00e9es lumineuses\" srcset=\"https:\/\/www.boyerjulien.com\/wp-content\/uploads\/2025\/12\/mariage-crete-rethimno92-1024x682.webp 1024w, https:\/\/www.boyerjulien.com\/wp-content\/uploads\/2025\/12\/mariage-crete-rethimno92-300x200.webp 300w, https:\/\/www.boyerjulien.com\/wp-content\/uploads\/2025\/12\/mariage-crete-rethimno92-768x511.webp 768w, https:\/\/www.boyerjulien.com\/wp-content\/uploads\/2025\/12\/mariage-crete-rethimno92-1536x1023.webp 1536w, https:\/\/www.boyerjulien.com\/wp-content\/uploads\/2025\/12\/mariage-crete-rethimno92.webp 1920w\" sizes=\"(max-width: 1024px) 100vw, 1024px\" \/><\/div><div class=\"uael-grid-img-overlay\"><\/div><\/a><\/div><\/div><div class=\"uael-grid-item  uael-img-gallery-item-5\"><div class=\"uael-grid-item-content\"><a class=\"uael-grid-img uael-grid-gallery-img uael-ins-hover elementor-clickable\" data-fancybox=\"uael-gallery\" href=\"https:\/\/www.boyerjulien.com\/wp-content\/uploads\/2025\/12\/mariage-crete-rethimno93.webp\" data-elementor-open-lightbox=\"no\"><div class=\"uael-grid-img-thumbnail uael-ins-target\"><img loading=\"lazy\" decoding=\"async\" width=\"1024\" height=\"682\" src=\"https:\/\/www.boyerjulien.com\/wp-content\/uploads\/2025\/12\/mariage-crete-rethimno93-1024x682.webp\" class=\"attachment-large size-large wp-image-3550\" alt=\"Les mari\u00e9s dansant ensemble pendant la soir\u00e9e de mariage en Cr\u00e8te, entour\u00e9s de leurs invit\u00e9s sous les lumi\u00e8res de la nuit\" srcset=\"https:\/\/www.boyerjulien.com\/wp-content\/uploads\/2025\/12\/mariage-crete-rethimno93-1024x682.webp 1024w, https:\/\/www.boyerjulien.com\/wp-content\/uploads\/2025\/12\/mariage-crete-rethimno93-300x200.webp 300w, https:\/\/www.boyerjulien.com\/wp-content\/uploads\/2025\/12\/mariage-crete-rethimno93-768x511.webp 768w, https:\/\/www.boyerjulien.com\/wp-content\/uploads\/2025\/12\/mariage-crete-rethimno93-1536x1023.webp 1536w, https:\/\/www.boyerjulien.com\/wp-content\/uploads\/2025\/12\/mariage-crete-rethimno93.webp 1920w\" sizes=\"(max-width: 1024px) 100vw, 1024px\" \/><\/div><div class=\"uael-grid-img-overlay\"><\/div><\/a><\/div><\/div><div class=\"uael-grid-item  uael-img-gallery-item-6\"><div class=\"uael-grid-item-content\"><a class=\"uael-grid-img uael-grid-gallery-img uael-ins-hover elementor-clickable\" data-fancybox=\"uael-gallery\" href=\"https:\/\/www.boyerjulien.com\/wp-content\/uploads\/2025\/12\/mariage-crete-rethimno94.webp\" data-elementor-open-lightbox=\"no\"><div class=\"uael-grid-img-thumbnail uael-ins-target\"><img loading=\"lazy\" decoding=\"async\" width=\"1024\" height=\"682\" src=\"https:\/\/www.boyerjulien.com\/wp-content\/uploads\/2025\/12\/mariage-crete-rethimno94-1024x682.webp\" class=\"attachment-large size-large wp-image-3551\" alt=\"Invit\u00e9s dansant en cercle lors d\u2019un mariage en Cr\u00e8te, atmosph\u00e8re joyeuse et chaleureuse en ext\u00e9rieur de nuit\" srcset=\"https:\/\/www.boyerjulien.com\/wp-content\/uploads\/2025\/12\/mariage-crete-rethimno94-1024x682.webp 1024w, https:\/\/www.boyerjulien.com\/wp-content\/uploads\/2025\/12\/mariage-crete-rethimno94-300x200.webp 300w, https:\/\/www.boyerjulien.com\/wp-content\/uploads\/2025\/12\/mariage-crete-rethimno94-768x511.webp 768w, https:\/\/www.boyerjulien.com\/wp-content\/uploads\/2025\/12\/mariage-crete-rethimno94-1536x1023.webp 1536w, https:\/\/www.boyerjulien.com\/wp-content\/uploads\/2025\/12\/mariage-crete-rethimno94.webp 1920w\" sizes=\"(max-width: 1024px) 100vw, 1024px\" \/><\/div><div class=\"uael-grid-img-overlay\"><\/div><\/a><\/div><\/div><div class=\"uael-grid-item  uael-img-gallery-item-7\"><div class=\"uael-grid-item-content\"><a class=\"uael-grid-img uael-grid-gallery-img uael-ins-hover elementor-clickable\" data-fancybox=\"uael-gallery\" href=\"https:\/\/www.boyerjulien.com\/wp-content\/uploads\/2025\/12\/mariage-crete-rethimno95.webp\" data-elementor-open-lightbox=\"no\"><div class=\"uael-grid-img-thumbnail uael-ins-target\"><img loading=\"lazy\" decoding=\"async\" width=\"1024\" height=\"682\" src=\"https:\/\/www.boyerjulien.com\/wp-content\/uploads\/2025\/12\/mariage-crete-rethimno95-1024x682.webp\" class=\"attachment-large size-large wp-image-3552\" alt=\"Pr\u00e9sentation de macarons roses et pastel sur plusieurs \u00e9tages lors d\u2019un mariage en Cr\u00e8te, dessert raffin\u00e9 en soir\u00e9e\" srcset=\"https:\/\/www.boyerjulien.com\/wp-content\/uploads\/2025\/12\/mariage-crete-rethimno95-1024x682.webp 1024w, https:\/\/www.boyerjulien.com\/wp-content\/uploads\/2025\/12\/mariage-crete-rethimno95-300x200.webp 300w, https:\/\/www.boyerjulien.com\/wp-content\/uploads\/2025\/12\/mariage-crete-rethimno95-768x511.webp 768w, https:\/\/www.boyerjulien.com\/wp-content\/uploads\/2025\/12\/mariage-crete-rethimno95-1536x1023.webp 1536w, https:\/\/www.boyerjulien.com\/wp-content\/uploads\/2025\/12\/mariage-crete-rethimno95.webp 1920w\" sizes=\"(max-width: 1024px) 100vw, 1024px\" \/><\/div><div class=\"uael-grid-img-overlay\"><\/div><\/a><\/div><\/div><div class=\"uael-grid-item  uael-img-gallery-item-8\"><div class=\"uael-grid-item-content\"><a class=\"uael-grid-img uael-grid-gallery-img uael-ins-hover elementor-clickable\" data-fancybox=\"uael-gallery\" href=\"https:\/\/www.boyerjulien.com\/wp-content\/uploads\/2025\/12\/mariage-crete-rethimno96.webp\" data-elementor-open-lightbox=\"no\"><div class=\"uael-grid-img-thumbnail uael-ins-target\"><img loading=\"lazy\" decoding=\"async\" width=\"1024\" height=\"682\" src=\"https:\/\/www.boyerjulien.com\/wp-content\/uploads\/2025\/12\/mariage-crete-rethimno96-1024x682.webp\" class=\"attachment-large size-large wp-image-3553\" alt=\"Coupe de champagne servie devant une pyramide de macarons lors d\u2019un mariage en Cr\u00e8te, moment gourmand et festif\" srcset=\"https:\/\/www.boyerjulien.com\/wp-content\/uploads\/2025\/12\/mariage-crete-rethimno96-1024x682.webp 1024w, https:\/\/www.boyerjulien.com\/wp-content\/uploads\/2025\/12\/mariage-crete-rethimno96-300x200.webp 300w, https:\/\/www.boyerjulien.com\/wp-content\/uploads\/2025\/12\/mariage-crete-rethimno96-768x511.webp 768w, https:\/\/www.boyerjulien.com\/wp-content\/uploads\/2025\/12\/mariage-crete-rethimno96-1536x1023.webp 1536w, https:\/\/www.boyerjulien.com\/wp-content\/uploads\/2025\/12\/mariage-crete-rethimno96.webp 1920w\" sizes=\"(max-width: 1024px) 100vw, 1024px\" \/><\/div><div class=\"uael-grid-img-overlay\"><\/div><\/a><\/div><\/div><\/div><\/div>\t\t\t\t<\/div>\n\t\t\t\t<\/div>\n\t\t\t\t<div class=\"elementor-element elementor-element-793495e elementor-widget elementor-widget-image\" data-id=\"793495e\" data-element_type=\"widget\" data-widget_type=\"image.default\">\n\t\t\t\t<div class=\"elementor-widget-container\">\n\t\t\t\t\t\t\t\t\t\t\t\t\t\t\t\t<a href=\"https:\/\/www.boyerjulien.com\/wp-content\/uploads\/2025\/12\/mariage-crete-rethimno97.jpg\" data-elementor-open-lightbox=\"yes\" data-e-action-hash=\"#elementor-action%3Aaction%3Dlightbox%26settings%3DeyJpZCI6MzU1NCwidXJsIjoiaHR0cHM6XC9cL3d3dy5ib3llcmp1bGllbi5jb21cL3dwLWNvbnRlbnRcL3VwbG9hZHNcLzIwMjVcLzEyXC9tYXJpYWdlLWNyZXRlLXJldGhpbW5vOTcud2VicCJ9\">\n\t\t\t\t\t\t\t<img loading=\"lazy\" decoding=\"async\" width=\"1920\" height=\"1279\" src=\"https:\/\/www.boyerjulien.com\/wp-content\/uploads\/2025\/12\/mariage-crete-rethimno97.webp\" class=\"attachment-full size-full wp-image-3554\" alt=\"Couple de mari\u00e9s posant ensemble au bord de la mer en Cr\u00e8te au coucher du soleil, lumi\u00e8re douce et atmosph\u00e8re romantique\" srcset=\"https:\/\/www.boyerjulien.com\/wp-content\/uploads\/2025\/12\/mariage-crete-rethimno97.webp 1920w, https:\/\/www.boyerjulien.com\/wp-content\/uploads\/2025\/12\/mariage-crete-rethimno97-300x200.webp 300w, https:\/\/www.boyerjulien.com\/wp-content\/uploads\/2025\/12\/mariage-crete-rethimno97-1024x682.webp 1024w, https:\/\/www.boyerjulien.com\/wp-content\/uploads\/2025\/12\/mariage-crete-rethimno97-768x511.webp 768w, https:\/\/www.boyerjulien.com\/wp-content\/uploads\/2025\/12\/mariage-crete-rethimno97-1536x1023.webp 1536w\" sizes=\"(max-width: 1920px) 100vw, 1920px\" \/>\t\t\t\t\t\t\t\t<\/a>\n\t\t\t\t\t\t\t\t\t\t\t\t\t\t\t<\/div>\n\t\t\t\t<\/div>\n\t\t\t\t<\/div>\n\t\t\t\t\t<\/div>\n\t\t\t\t<\/div>\n\t\t\t\t<\/div>\n\t\t","protected":false},"featured_media":3488,"template":"","meta":{"_seopress_robots_primary_cat":"","_seopress_titles_title":"Mariage \u00e0 l\u2019Agr\u00e9co Farms | Photographe de mariage","_seopress_titles_desc":"Photographe de mariage \u00e0 l\u2019Agr\u00e9co Farms, pour raconter votre journ\u00e9e avec naturel, discr\u00e9tion et une approche authentique.","_seopress_robots_index":"","site-sidebar-layout":"no-sidebar","site-content-layout":"","ast-site-content-layout":"full-width-container","site-content-style":"default","site-sidebar-style":"default","ast-global-header-display":"","ast-banner-title-visibility":"","ast-main-header-display":"","ast-hfb-above-header-display":"","ast-hfb-below-header-display":"","ast-hfb-mobile-header-display":"","site-post-title":"","ast-breadcrumbs-content":"","ast-featured-img":"disabled","footer-sml-layout":"","ast-disable-related-posts":"","theme-transparent-header-meta":"","adv-header-id-meta":"","stick-header-meta":"","header-above-stick-meta":"","header-main-stick-meta":"","header-below-stick-meta":"","astra-migrate-meta-layouts":"default","ast-page-background-enabled":"default","ast-page-background-meta":{"desktop":{"background-color":"var(--ast-global-color-5)","background-image":"","background-repeat":"repeat","background-position":"center center","background-size":"auto","background-attachment":"scroll","background-type":"","background-media":"","overlay-type":"","overlay-color":"","overlay-opacity":"","overlay-gradient":""},"tablet":{"background-color":"","background-image":"","background-repeat":"repeat","background-position":"center center","background-size":"auto","background-attachment":"scroll","background-type":"","background-media":"","overlay-type":"","overlay-color":"","overlay-opacity":"","overlay-gradient":""},"mobile":{"background-color":"","background-image":"","background-repeat":"repeat","background-position":"center center","background-size":"auto","background-attachment":"scroll","background-type":"","background-media":"","overlay-type":"","overlay-color":"","overlay-opacity":"","overlay-gradient":""}},"ast-content-background-meta":{"desktop":{"background-color":"var(--ast-global-color-4)","background-image":"","background-repeat":"repeat","background-position":"center center","background-size":"auto","background-attachment":"scroll","background-type":"","background-media":"","overlay-type":"","overlay-color":"","overlay-opacity":"","overlay-gradient":""},"tablet":{"background-color":"var(--ast-global-color-4)","background-image":"","background-repeat":"repeat","background-position":"center center","background-size":"auto","background-attachment":"scroll","background-type":"","background-media":"","overlay-type":"","overlay-color":"","overlay-opacity":"","overlay-gradient":""},"mobile":{"background-color":"var(--ast-global-color-4)","background-image":"","background-repeat":"repeat","background-position":"center center","background-size":"auto","background-attachment":"scroll","background-type":"","background-media":"","overlay-type":"","overlay-color":"","overlay-opacity":"","overlay-gradient":""}}},"astra-portfolio-categories":[9],"astra-portfolio-other-categories":[],"astra-portfolio-tags":[42],"class_list":["post-3555","astra-portfolio","type-astra-portfolio","status-publish","has-post-thumbnail","hentry","astra-portfolio-categories-wedding","astra-portfolio-tags-bernadette-jean-francois"],"astra-site-call-to-action":"","astra-site-open-in-new-tab":"0","astra-site-open-portfolio-in":"new-tab","astra-site-url":"","thumbnail-image-url":"https:\/\/www.boyerjulien.com\/wp-content\/uploads\/2025\/12\/mariage-crete-rethimno31.webp","thumbnail-image-meta":{"alt":"Entr\u00e9e des mari\u00e9s main dans la main lors de leur mariage \u00e0 Agreco Farm pr\u00e8s de Rethymnon en Cr\u00e8te, c\u00e9r\u00e9monie en plein air photographi\u00e9e par Julien Boyer photographe de mariage","title":"Entr\u00e9e des mari\u00e9s \u00e0 Agreco Farm \u2013 mariage en Cr\u00e8te"},"lightbox-image-url":null,"portfolio-type":"page","portfolio-video-url":"","request_time":0.2570209503173828,"_links":{"self":[{"href":"https:\/\/www.boyerjulien.com\/en\/wp-json\/wp\/v2\/astra-portfolio\/3555","targetHints":{"allow":["GET"]}}],"collection":[{"href":"https:\/\/www.boyerjulien.com\/en\/wp-json\/wp\/v2\/astra-portfolio"}],"about":[{"href":"https:\/\/www.boyerjulien.com\/en\/wp-json\/wp\/v2\/types\/astra-portfolio"}],"version-history":[{"count":0,"href":"https:\/\/www.boyerjulien.com\/en\/wp-json\/wp\/v2\/astra-portfolio\/3555\/revisions"}],"wp:featuredmedia":[{"embeddable":true,"href":"https:\/\/www.boyerjulien.com\/en\/wp-json\/wp\/v2\/media\/3488"}],"wp:attachment":[{"href":"https:\/\/www.boyerjulien.com\/en\/wp-json\/wp\/v2\/media?parent=3555"}],"wp:term":[{"taxonomy":"astra-portfolio-categories","embeddable":true,"href":"https:\/\/www.boyerjulien.com\/en\/wp-json\/wp\/v2\/astra-portfolio-categories?post=3555"},{"taxonomy":"astra-portfolio-other-categories","embeddable":true,"href":"https:\/\/www.boyerjulien.com\/en\/wp-json\/wp\/v2\/astra-portfolio-other-categories?post=3555"},{"taxonomy":"astra-portfolio-tags","embeddable":true,"href":"https:\/\/www.boyerjulien.com\/en\/wp-json\/wp\/v2\/astra-portfolio-tags?post=3555"}],"curies":[{"name":"wp","href":"https:\/\/api.w.org\/{rel}","templated":true}]}}