{"id":3435,"date":"2025-12-15T18:46:50","date_gmt":"2025-12-15T17:46:50","guid":{"rendered":"https:\/\/www.boyerjulien.com\/?post_type=astra-portfolio&#038;p=3435"},"modified":"2026-01-26T22:06:25","modified_gmt":"2026-01-26T21:06:25","slug":"mariage-villa-vistarenni-toscane","status":"publish","type":"astra-portfolio","link":"https:\/\/www.boyerjulien.com\/en\/portfolio\/mariage-villa-vistarenni-toscane\/","title":{"rendered":"Villa Vistarenni, Toscane"},"content":{"rendered":"\t\t<div data-elementor-type=\"wp-post\" data-elementor-id=\"3435\" class=\"elementor elementor-3435\" data-elementor-post-type=\"astra-portfolio\">\n\t\t\t\t<div class=\"elementor-element elementor-element-b517cfa e-con-full e-flex e-con e-parent\" data-id=\"b517cfa\" data-element_type=\"container\" data-settings=\"{&quot;background_background&quot;:&quot;classic&quot;}\">\n\t\t<div class=\"elementor-element elementor-element-cca6852 e-con-full e-flex e-con e-child\" data-id=\"cca6852\" data-element_type=\"container\">\n\t\t<div class=\"elementor-element elementor-element-aa46aa7 e-con-full e-flex e-con e-child\" data-id=\"aa46aa7\" data-element_type=\"container\" data-settings=\"{&quot;background_background&quot;:&quot;classic&quot;}\">\n\t\t\t\t<div class=\"elementor-element elementor-element-0c3dd6b elementor-widget elementor-widget-heading\" data-id=\"0c3dd6b\" data-element_type=\"widget\" data-widget_type=\"heading.default\">\n\t\t\t\t<div class=\"elementor-widget-container\">\n\t\t\t\t\t<h1 class=\"elementor-heading-title elementor-size-default\">Villa Vistarenni<\/h1>\t\t\t\t<\/div>\n\t\t\t\t<\/div>\n\t\t\t\t<div class=\"elementor-element elementor-element-4d376cf elementor-widget elementor-widget-heading\" data-id=\"4d376cf\" data-element_type=\"widget\" data-widget_type=\"heading.default\">\n\t\t\t\t<div class=\"elementor-widget-container\">\n\t\t\t\t\t<h2 class=\"elementor-heading-title elementor-size-default\">Chianti, Tuscany<\/h2>\t\t\t\t<\/div>\n\t\t\t\t<\/div>\n\t\t\t\t<div class=\"elementor-element elementor-element-7611433 elementor-widget elementor-widget-text-editor\" data-id=\"7611433\" data-element_type=\"widget\" data-widget_type=\"text-editor.default\">\n\t\t\t\t<div class=\"elementor-widget-container\">\n\t\t\t\t\t\t\t\t\t<p>Nich\u00e9e au c\u0153ur des collines du Chianti, la <span class=\"hover:entity-accent entity-underline inline cursor-pointer align-baseline\"><span class=\"whitespace-normal\">Villa Vistarenni<\/span><\/span> offre un cadre idyllique pour un mariage de destination en Toscane. Entre paysages vallonn\u00e9s, architecture authentique et douceur de vivre italienne, chaque moment devient inoubliable. De la c\u00e9r\u00e9monie en plein air au d\u00eener \u00e9l\u00e9gant face aux collines, jusqu\u2019\u00e0 la soir\u00e9e anim\u00e9e sous les arbres, ce lieu incarne l\u2019\u00e9l\u00e9gance et la convivialit\u00e9. Un mariage en Toscane est une v\u00e9ritable exp\u00e9rience, m\u00ealant \u00e9motion, lumi\u00e8re naturelle et art de vivre, sublim\u00e9e ici par le regard de Julien Boyer, photographe de destination.<\/p>\t\t\t\t\t\t\t\t<\/div>\n\t\t\t\t<\/div>\n\t\t\t\t<\/div>\n\t\t<div class=\"elementor-element elementor-element-975d95e e-con-full e-flex e-con e-child\" data-id=\"975d95e\" data-element_type=\"container\">\n\t\t\t\t<\/div>\n\t\t<div class=\"elementor-element elementor-element-61d7fb0 e-con-full e-flex e-con e-child\" data-id=\"61d7fb0\" data-element_type=\"container\">\n\t\t\t\t<\/div>\n\t\t<div class=\"elementor-element elementor-element-6234285 e-con-full e-flex e-con e-child\" data-id=\"6234285\" data-element_type=\"container\">\n\t\t\t\t<\/div>\n\t\t\t\t<\/div>\n\t\t\t\t<\/div>\n\t\t<div class=\"elementor-element elementor-element-4622462 e-flex e-con-boxed e-con e-parent\" data-id=\"4622462\" data-element_type=\"container\">\n\t\t\t\t\t<div class=\"e-con-inner\">\n\t\t<div class=\"elementor-element elementor-element-cc6b2fb e-con-full e-flex e-con e-child\" data-id=\"cc6b2fb\" data-element_type=\"container\">\n\t\t\t\t<div class=\"elementor-element elementor-element-819202d elementor-widget elementor-widget-image\" data-id=\"819202d\" data-element_type=\"widget\" data-widget_type=\"image.default\">\n\t\t\t\t<div class=\"elementor-widget-container\">\n\t\t\t\t\t\t\t\t\t\t\t\t\t\t\t\t<a href=\"https:\/\/www.boyerjulien.com\/wp-content\/uploads\/2025\/12\/mariage-toscane-villa-vistarenni1.jpg\" data-elementor-open-lightbox=\"yes\" data-e-action-hash=\"#elementor-action%3Aaction%3Dlightbox%26settings%3DeyJpZCI6MzM4MywidXJsIjoiaHR0cHM6XC9cL3d3dy5ib3llcmp1bGllbi5jb21cL3dwLWNvbnRlbnRcL3VwbG9hZHNcLzIwMjVcLzEyXC9tYXJpYWdlLXRvc2NhbmUtdmlsbGEtdmlzdGFyZW5uaTEud2VicCJ9\">\n\t\t\t\t\t\t\t<img fetchpriority=\"high\" decoding=\"async\" width=\"1280\" height=\"1920\" src=\"https:\/\/www.boyerjulien.com\/wp-content\/uploads\/2025\/12\/mariage-toscane-villa-vistarenni1.webp\" class=\"attachment-full size-full wp-image-3383\" alt=\"Fa\u00e7ade \u00e9l\u00e9gante de la Villa Vistarenni en Toscane, lieu de mariage de destination entour\u00e9 de verdure, photographi\u00e9e par Julien Boyer, photographe de destination.\" srcset=\"https:\/\/www.boyerjulien.com\/wp-content\/uploads\/2025\/12\/mariage-toscane-villa-vistarenni1.webp 1280w, https:\/\/www.boyerjulien.com\/wp-content\/uploads\/2025\/12\/mariage-toscane-villa-vistarenni1-200x300.webp 200w, https:\/\/www.boyerjulien.com\/wp-content\/uploads\/2025\/12\/mariage-toscane-villa-vistarenni1-682x1024.webp 682w, https:\/\/www.boyerjulien.com\/wp-content\/uploads\/2025\/12\/mariage-toscane-villa-vistarenni1-768x1152.webp 768w, https:\/\/www.boyerjulien.com\/wp-content\/uploads\/2025\/12\/mariage-toscane-villa-vistarenni1-1024x1536.webp 1024w\" sizes=\"(max-width: 1280px) 100vw, 1280px\" \/>\t\t\t\t\t\t\t\t<\/a>\n\t\t\t\t\t\t\t\t\t\t\t\t\t\t\t<\/div>\n\t\t\t\t<\/div>\n\t\t\t\t<div class=\"elementor-element elementor-element-ba36be8 uael-img-grid__column-2 uael-img-grid-tablet__column-3 uael-img-grid-mobile__column-2 uael-ins-normal elementor-widget elementor-widget-uael-image-gallery\" data-id=\"ba36be8\" data-element_type=\"widget\" data-settings=\"{&quot;gallery_columns&quot;:&quot;2&quot;,&quot;gallery_columns_tablet&quot;:&quot;3&quot;,&quot;gallery_columns_mobile&quot;:&quot;2&quot;,&quot;column_gap&quot;:{&quot;unit&quot;:&quot;px&quot;,&quot;size&quot;:20,&quot;sizes&quot;:[]},&quot;column_gap_widescreen&quot;:{&quot;unit&quot;:&quot;px&quot;,&quot;size&quot;:&quot;&quot;,&quot;sizes&quot;:[]},&quot;column_gap_laptop&quot;:{&quot;unit&quot;:&quot;px&quot;,&quot;size&quot;:&quot;&quot;,&quot;sizes&quot;:[]},&quot;column_gap_tablet_extra&quot;:{&quot;unit&quot;:&quot;px&quot;,&quot;size&quot;:&quot;&quot;,&quot;sizes&quot;:[]},&quot;column_gap_tablet&quot;:{&quot;unit&quot;:&quot;px&quot;,&quot;size&quot;:&quot;&quot;,&quot;sizes&quot;:[]},&quot;column_gap_mobile_extra&quot;:{&quot;unit&quot;:&quot;px&quot;,&quot;size&quot;:&quot;&quot;,&quot;sizes&quot;:[]},&quot;column_gap_mobile&quot;:{&quot;unit&quot;:&quot;px&quot;,&quot;size&quot;:&quot;&quot;,&quot;sizes&quot;:[]},&quot;row_gap&quot;:{&quot;unit&quot;:&quot;px&quot;,&quot;size&quot;:20,&quot;sizes&quot;:[]},&quot;row_gap_widescreen&quot;:{&quot;unit&quot;:&quot;px&quot;,&quot;size&quot;:&quot;&quot;,&quot;sizes&quot;:[]},&quot;row_gap_laptop&quot;:{&quot;unit&quot;:&quot;px&quot;,&quot;size&quot;:&quot;&quot;,&quot;sizes&quot;:[]},&quot;row_gap_tablet_extra&quot;:{&quot;unit&quot;:&quot;px&quot;,&quot;size&quot;:&quot;&quot;,&quot;sizes&quot;:[]},&quot;row_gap_tablet&quot;:{&quot;unit&quot;:&quot;px&quot;,&quot;size&quot;:&quot;&quot;,&quot;sizes&quot;:[]},&quot;row_gap_mobile_extra&quot;:{&quot;unit&quot;:&quot;px&quot;,&quot;size&quot;:&quot;&quot;,&quot;sizes&quot;:[]},&quot;row_gap_mobile&quot;:{&quot;unit&quot;:&quot;px&quot;,&quot;size&quot;:&quot;&quot;,&quot;sizes&quot;:[]}}\" data-widget_type=\"uael-image-gallery.default\">\n\t\t\t\t<div class=\"elementor-widget-container\">\n\t\t\t\t\t<div class=\"uael-gallery-parent uael-caption- uael-gallery-unjustified\"><div class=\"uael-img-gallery-wrap uael-img-masonry-wrap uael-img-grid-masonry-wrap uael-masonry uael-image-lightbox-wrap\" data-filter-default=\"All\" data-lightbox_actions=\"[&quot;close&quot;]\" data-lightbox-gallery-loop=\"\"><div class=\"uael-grid-item  uael-img-gallery-item-1\"><div class=\"uael-grid-item-content\"><a class=\"uael-grid-img uael-grid-gallery-img uael-ins-hover elementor-clickable\" data-fancybox=\"uael-gallery\" href=\"https:\/\/www.boyerjulien.com\/wp-content\/uploads\/2025\/12\/mariage-toscane-villa-vistarenni2.webp\" data-elementor-open-lightbox=\"no\"><div class=\"uael-grid-img-thumbnail uael-ins-target\"><img decoding=\"async\" width=\"682\" height=\"1024\" src=\"https:\/\/www.boyerjulien.com\/wp-content\/uploads\/2025\/12\/mariage-toscane-villa-vistarenni2-682x1024.webp\" class=\"attachment-large size-large wp-image-3384\" alt=\"Faire-part de mariage illustr\u00e9 de la Villa Vistarenni en Toscane, accompagn\u00e9 d\u2019alliances et de d\u00e9tails raffin\u00e9s, photographie de mariage haut de gamme en Italie.\" srcset=\"https:\/\/www.boyerjulien.com\/wp-content\/uploads\/2025\/12\/mariage-toscane-villa-vistarenni2-682x1024.webp 682w, https:\/\/www.boyerjulien.com\/wp-content\/uploads\/2025\/12\/mariage-toscane-villa-vistarenni2-200x300.webp 200w, https:\/\/www.boyerjulien.com\/wp-content\/uploads\/2025\/12\/mariage-toscane-villa-vistarenni2-768x1152.webp 768w, https:\/\/www.boyerjulien.com\/wp-content\/uploads\/2025\/12\/mariage-toscane-villa-vistarenni2-1024x1536.webp 1024w, https:\/\/www.boyerjulien.com\/wp-content\/uploads\/2025\/12\/mariage-toscane-villa-vistarenni2.webp 1280w\" sizes=\"(max-width: 682px) 100vw, 682px\" \/><\/div><div class=\"uael-grid-img-overlay\"><\/div><\/a><\/div><\/div><div class=\"uael-grid-item  uael-img-gallery-item-2\"><div class=\"uael-grid-item-content\"><a class=\"uael-grid-img uael-grid-gallery-img uael-ins-hover elementor-clickable\" data-fancybox=\"uael-gallery\" href=\"https:\/\/www.boyerjulien.com\/wp-content\/uploads\/2025\/12\/mariage-toscane-villa-vistarenni3.webp\" data-elementor-open-lightbox=\"no\"><div class=\"uael-grid-img-thumbnail uael-ins-target\"><img decoding=\"async\" width=\"1024\" height=\"682\" src=\"https:\/\/www.boyerjulien.com\/wp-content\/uploads\/2025\/12\/mariage-toscane-villa-vistarenni3-1024x682.webp\" class=\"attachment-large size-large wp-image-3385\" alt=\"Gros plan sur un bouquet de mari\u00e9e blanc et feuillage vert, inspiration mariage \u00e9l\u00e9gant en Toscane, photographi\u00e9 par Julien Boyer, photographe de mariage de destination.\" srcset=\"https:\/\/www.boyerjulien.com\/wp-content\/uploads\/2025\/12\/mariage-toscane-villa-vistarenni3-1024x682.webp 1024w, https:\/\/www.boyerjulien.com\/wp-content\/uploads\/2025\/12\/mariage-toscane-villa-vistarenni3-300x200.webp 300w, https:\/\/www.boyerjulien.com\/wp-content\/uploads\/2025\/12\/mariage-toscane-villa-vistarenni3-768x512.webp 768w, https:\/\/www.boyerjulien.com\/wp-content\/uploads\/2025\/12\/mariage-toscane-villa-vistarenni3-1536x1024.webp 1536w, https:\/\/www.boyerjulien.com\/wp-content\/uploads\/2025\/12\/mariage-toscane-villa-vistarenni3.webp 1920w\" sizes=\"(max-width: 1024px) 100vw, 1024px\" \/><\/div><div class=\"uael-grid-img-overlay\"><\/div><\/a><\/div><\/div><div class=\"uael-grid-item  uael-img-gallery-item-3\"><div class=\"uael-grid-item-content\"><a class=\"uael-grid-img uael-grid-gallery-img uael-ins-hover elementor-clickable\" data-fancybox=\"uael-gallery\" href=\"https:\/\/www.boyerjulien.com\/wp-content\/uploads\/2025\/12\/mariage-toscane-villa-vistarenni4.webp\" data-elementor-open-lightbox=\"no\"><div class=\"uael-grid-img-thumbnail uael-ins-target\"><img loading=\"lazy\" decoding=\"async\" width=\"1024\" height=\"682\" src=\"https:\/\/www.boyerjulien.com\/wp-content\/uploads\/2025\/12\/mariage-toscane-villa-vistarenni4-1024x682.webp\" class=\"attachment-large size-large wp-image-3386\" alt=\"Moment de pr\u00e9paration de la mari\u00e9e lors d\u2019un mariage \u00e0 la Villa Vistarenni en Toscane, maquillage naturel et ambiance intimiste, photo prise par Julien Boyer.\" srcset=\"https:\/\/www.boyerjulien.com\/wp-content\/uploads\/2025\/12\/mariage-toscane-villa-vistarenni4-1024x682.webp 1024w, https:\/\/www.boyerjulien.com\/wp-content\/uploads\/2025\/12\/mariage-toscane-villa-vistarenni4-300x200.webp 300w, https:\/\/www.boyerjulien.com\/wp-content\/uploads\/2025\/12\/mariage-toscane-villa-vistarenni4-768x512.webp 768w, https:\/\/www.boyerjulien.com\/wp-content\/uploads\/2025\/12\/mariage-toscane-villa-vistarenni4-1536x1024.webp 1536w, https:\/\/www.boyerjulien.com\/wp-content\/uploads\/2025\/12\/mariage-toscane-villa-vistarenni4.webp 1920w\" sizes=\"(max-width: 1024px) 100vw, 1024px\" \/><\/div><div class=\"uael-grid-img-overlay\"><\/div><\/a><\/div><\/div><div class=\"uael-grid-item  uael-img-gallery-item-4\"><div class=\"uael-grid-item-content\"><a class=\"uael-grid-img uael-grid-gallery-img uael-ins-hover elementor-clickable\" data-fancybox=\"uael-gallery\" href=\"https:\/\/www.boyerjulien.com\/wp-content\/uploads\/2025\/12\/mariage-toscane-villa-vistarenni6.webp\" data-elementor-open-lightbox=\"no\"><div class=\"uael-grid-img-thumbnail uael-ins-target\"><img loading=\"lazy\" decoding=\"async\" width=\"682\" height=\"1024\" src=\"https:\/\/www.boyerjulien.com\/wp-content\/uploads\/2025\/12\/mariage-toscane-villa-vistarenni6-682x1024.webp\" class=\"attachment-large size-large wp-image-3388\" alt=\"Robe de mari\u00e9e suspendue dans une chambre de la Villa Vistarenni en Toscane, accompagn\u00e9e d\u2019un bouquet et de chaussures, photographie de mariage r\u00e9alis\u00e9e par Julien Boyer.\" srcset=\"https:\/\/www.boyerjulien.com\/wp-content\/uploads\/2025\/12\/mariage-toscane-villa-vistarenni6-682x1024.webp 682w, https:\/\/www.boyerjulien.com\/wp-content\/uploads\/2025\/12\/mariage-toscane-villa-vistarenni6-200x300.webp 200w, https:\/\/www.boyerjulien.com\/wp-content\/uploads\/2025\/12\/mariage-toscane-villa-vistarenni6-768x1152.webp 768w, https:\/\/www.boyerjulien.com\/wp-content\/uploads\/2025\/12\/mariage-toscane-villa-vistarenni6-1024x1536.webp 1024w, https:\/\/www.boyerjulien.com\/wp-content\/uploads\/2025\/12\/mariage-toscane-villa-vistarenni6.webp 1280w\" sizes=\"(max-width: 682px) 100vw, 682px\" \/><\/div><div class=\"uael-grid-img-overlay\"><\/div><\/a><\/div><\/div><div class=\"uael-grid-item  uael-img-gallery-item-5\"><div class=\"uael-grid-item-content\"><a class=\"uael-grid-img uael-grid-gallery-img uael-ins-hover elementor-clickable\" data-fancybox=\"uael-gallery\" href=\"https:\/\/www.boyerjulien.com\/wp-content\/uploads\/2025\/12\/mariage-toscane-villa-vistarenni7.webp\" data-elementor-open-lightbox=\"no\"><div class=\"uael-grid-img-thumbnail uael-ins-target\"><img loading=\"lazy\" decoding=\"async\" width=\"682\" height=\"1024\" src=\"https:\/\/www.boyerjulien.com\/wp-content\/uploads\/2025\/12\/mariage-toscane-villa-vistarenni7-682x1024.webp\" class=\"attachment-large size-large wp-image-3389\" alt=\"Mari\u00e9e en robe de dentelle \u00e9crivant une lettre pendant ses pr\u00e9paratifs \u00e0 la Villa Vistarenni en Toscane, sc\u00e8ne lumineuse et pleine d\u2019\u00e9motion.\" srcset=\"https:\/\/www.boyerjulien.com\/wp-content\/uploads\/2025\/12\/mariage-toscane-villa-vistarenni7-682x1024.webp 682w, https:\/\/www.boyerjulien.com\/wp-content\/uploads\/2025\/12\/mariage-toscane-villa-vistarenni7-200x300.webp 200w, https:\/\/www.boyerjulien.com\/wp-content\/uploads\/2025\/12\/mariage-toscane-villa-vistarenni7-768x1152.webp 768w, https:\/\/www.boyerjulien.com\/wp-content\/uploads\/2025\/12\/mariage-toscane-villa-vistarenni7-1024x1536.webp 1024w, https:\/\/www.boyerjulien.com\/wp-content\/uploads\/2025\/12\/mariage-toscane-villa-vistarenni7.webp 1280w\" sizes=\"(max-width: 682px) 100vw, 682px\" \/><\/div><div class=\"uael-grid-img-overlay\"><\/div><\/a><\/div><\/div><\/div><\/div>\t\t\t\t<\/div>\n\t\t\t\t<\/div>\n\t\t\t\t<div class=\"elementor-element elementor-element-2a6a408 elementor-widget elementor-widget-image\" data-id=\"2a6a408\" data-element_type=\"widget\" data-widget_type=\"image.default\">\n\t\t\t\t<div class=\"elementor-widget-container\">\n\t\t\t\t\t\t\t\t\t\t\t\t\t\t\t\t<a href=\"https:\/\/www.boyerjulien.com\/wp-content\/uploads\/2025\/12\/mariage-toscane-villa-vistarenni5.jpg\" data-elementor-open-lightbox=\"yes\" data-e-action-hash=\"#elementor-action%3Aaction%3Dlightbox%26settings%3DeyJpZCI6MzM4NywidXJsIjoiaHR0cHM6XC9cL3d3dy5ib3llcmp1bGllbi5jb21cL3dwLWNvbnRlbnRcL3VwbG9hZHNcLzIwMjVcLzEyXC9tYXJpYWdlLXRvc2NhbmUtdmlsbGEtdmlzdGFyZW5uaTUud2VicCJ9\">\n\t\t\t\t\t\t\t<img loading=\"lazy\" decoding=\"async\" width=\"1920\" height=\"1280\" src=\"https:\/\/www.boyerjulien.com\/wp-content\/uploads\/2025\/12\/mariage-toscane-villa-vistarenni5.webp\" class=\"attachment-full size-full wp-image-3387\" alt=\"D\u00e9tail de la robe de mari\u00e9e en dentelle avec bague de fian\u00e7ailles, photographie fine art d\u2019un mariage de destination en Toscane.\" srcset=\"https:\/\/www.boyerjulien.com\/wp-content\/uploads\/2025\/12\/mariage-toscane-villa-vistarenni5.webp 1920w, https:\/\/www.boyerjulien.com\/wp-content\/uploads\/2025\/12\/mariage-toscane-villa-vistarenni5-300x200.webp 300w, https:\/\/www.boyerjulien.com\/wp-content\/uploads\/2025\/12\/mariage-toscane-villa-vistarenni5-1024x682.webp 1024w, https:\/\/www.boyerjulien.com\/wp-content\/uploads\/2025\/12\/mariage-toscane-villa-vistarenni5-768x512.webp 768w, https:\/\/www.boyerjulien.com\/wp-content\/uploads\/2025\/12\/mariage-toscane-villa-vistarenni5-1536x1024.webp 1536w\" sizes=\"(max-width: 1920px) 100vw, 1920px\" \/>\t\t\t\t\t\t\t\t<\/a>\n\t\t\t\t\t\t\t\t\t\t\t\t\t\t\t<\/div>\n\t\t\t\t<\/div>\n\t\t\t\t<div class=\"elementor-element elementor-element-70d4ef6 uael-img-grid__column-2 uael-img-grid-tablet__column-3 uael-img-grid-mobile__column-2 uael-ins-normal elementor-widget elementor-widget-uael-image-gallery\" data-id=\"70d4ef6\" data-element_type=\"widget\" data-settings=\"{&quot;gallery_columns&quot;:&quot;2&quot;,&quot;gallery_columns_tablet&quot;:&quot;3&quot;,&quot;gallery_columns_mobile&quot;:&quot;2&quot;,&quot;column_gap&quot;:{&quot;unit&quot;:&quot;px&quot;,&quot;size&quot;:20,&quot;sizes&quot;:[]},&quot;column_gap_widescreen&quot;:{&quot;unit&quot;:&quot;px&quot;,&quot;size&quot;:&quot;&quot;,&quot;sizes&quot;:[]},&quot;column_gap_laptop&quot;:{&quot;unit&quot;:&quot;px&quot;,&quot;size&quot;:&quot;&quot;,&quot;sizes&quot;:[]},&quot;column_gap_tablet_extra&quot;:{&quot;unit&quot;:&quot;px&quot;,&quot;size&quot;:&quot;&quot;,&quot;sizes&quot;:[]},&quot;column_gap_tablet&quot;:{&quot;unit&quot;:&quot;px&quot;,&quot;size&quot;:&quot;&quot;,&quot;sizes&quot;:[]},&quot;column_gap_mobile_extra&quot;:{&quot;unit&quot;:&quot;px&quot;,&quot;size&quot;:&quot;&quot;,&quot;sizes&quot;:[]},&quot;column_gap_mobile&quot;:{&quot;unit&quot;:&quot;px&quot;,&quot;size&quot;:&quot;&quot;,&quot;sizes&quot;:[]},&quot;row_gap&quot;:{&quot;unit&quot;:&quot;px&quot;,&quot;size&quot;:20,&quot;sizes&quot;:[]},&quot;row_gap_widescreen&quot;:{&quot;unit&quot;:&quot;px&quot;,&quot;size&quot;:&quot;&quot;,&quot;sizes&quot;:[]},&quot;row_gap_laptop&quot;:{&quot;unit&quot;:&quot;px&quot;,&quot;size&quot;:&quot;&quot;,&quot;sizes&quot;:[]},&quot;row_gap_tablet_extra&quot;:{&quot;unit&quot;:&quot;px&quot;,&quot;size&quot;:&quot;&quot;,&quot;sizes&quot;:[]},&quot;row_gap_tablet&quot;:{&quot;unit&quot;:&quot;px&quot;,&quot;size&quot;:&quot;&quot;,&quot;sizes&quot;:[]},&quot;row_gap_mobile_extra&quot;:{&quot;unit&quot;:&quot;px&quot;,&quot;size&quot;:&quot;&quot;,&quot;sizes&quot;:[]},&quot;row_gap_mobile&quot;:{&quot;unit&quot;:&quot;px&quot;,&quot;size&quot;:&quot;&quot;,&quot;sizes&quot;:[]}}\" data-widget_type=\"uael-image-gallery.default\">\n\t\t\t\t<div class=\"elementor-widget-container\">\n\t\t\t\t\t<div class=\"uael-gallery-parent uael-caption- uael-gallery-unjustified\"><div class=\"uael-img-gallery-wrap uael-img-masonry-wrap uael-img-grid-masonry-wrap uael-masonry uael-image-lightbox-wrap\" data-filter-default=\"All\" data-lightbox_actions=\"[&quot;close&quot;]\" data-lightbox-gallery-loop=\"\"><div class=\"uael-grid-item  uael-img-gallery-item-1\"><div class=\"uael-grid-item-content\"><a class=\"uael-grid-img uael-grid-gallery-img uael-ins-hover elementor-clickable\" data-fancybox=\"uael-gallery\" href=\"https:\/\/www.boyerjulien.com\/wp-content\/uploads\/2025\/12\/mariage-toscane-villa-vistarenni8.webp\" data-elementor-open-lightbox=\"no\"><div class=\"uael-grid-img-thumbnail uael-ins-target\"><img loading=\"lazy\" decoding=\"async\" width=\"682\" height=\"1024\" src=\"https:\/\/www.boyerjulien.com\/wp-content\/uploads\/2025\/12\/mariage-toscane-villa-vistarenni8-682x1024.webp\" class=\"attachment-large size-large wp-image-3390\" alt=\"Mari\u00e9 en chemise blanche ajustant ses boutons de manchette avec l\u2019aide d\u2019un proche dans une villa en Toscane, photo prise par Julien Boyer, photographe de destination.\" srcset=\"https:\/\/www.boyerjulien.com\/wp-content\/uploads\/2025\/12\/mariage-toscane-villa-vistarenni8-682x1024.webp 682w, https:\/\/www.boyerjulien.com\/wp-content\/uploads\/2025\/12\/mariage-toscane-villa-vistarenni8-200x300.webp 200w, https:\/\/www.boyerjulien.com\/wp-content\/uploads\/2025\/12\/mariage-toscane-villa-vistarenni8-768x1152.webp 768w, https:\/\/www.boyerjulien.com\/wp-content\/uploads\/2025\/12\/mariage-toscane-villa-vistarenni8-1024x1536.webp 1024w, https:\/\/www.boyerjulien.com\/wp-content\/uploads\/2025\/12\/mariage-toscane-villa-vistarenni8.webp 1280w\" sizes=\"(max-width: 682px) 100vw, 682px\" \/><\/div><div class=\"uael-grid-img-overlay\"><\/div><\/a><\/div><\/div><div class=\"uael-grid-item  uael-img-gallery-item-2\"><div class=\"uael-grid-item-content\"><a class=\"uael-grid-img uael-grid-gallery-img uael-ins-hover elementor-clickable\" data-fancybox=\"uael-gallery\" href=\"https:\/\/www.boyerjulien.com\/wp-content\/uploads\/2025\/12\/mariage-toscane-villa-vistarenni10.webp\" data-elementor-open-lightbox=\"no\"><div class=\"uael-grid-img-thumbnail uael-ins-target\"><img loading=\"lazy\" decoding=\"async\" width=\"1024\" height=\"682\" src=\"https:\/\/www.boyerjulien.com\/wp-content\/uploads\/2025\/12\/mariage-toscane-villa-vistarenni10-1024x682.webp\" class=\"attachment-large size-large wp-image-3392\" alt=\"T\u00e9moins du mari\u00e9 portant des bretelles bleues pendant les pr\u00e9paratifs d\u2019un mariage \u00e0 la Villa Vistarenni en Toscane, ambiance \u00e9l\u00e9gante et d\u00e9tendue.\" srcset=\"https:\/\/www.boyerjulien.com\/wp-content\/uploads\/2025\/12\/mariage-toscane-villa-vistarenni10-1024x682.webp 1024w, https:\/\/www.boyerjulien.com\/wp-content\/uploads\/2025\/12\/mariage-toscane-villa-vistarenni10-300x200.webp 300w, https:\/\/www.boyerjulien.com\/wp-content\/uploads\/2025\/12\/mariage-toscane-villa-vistarenni10-768x512.webp 768w, https:\/\/www.boyerjulien.com\/wp-content\/uploads\/2025\/12\/mariage-toscane-villa-vistarenni10-1536x1024.webp 1536w, https:\/\/www.boyerjulien.com\/wp-content\/uploads\/2025\/12\/mariage-toscane-villa-vistarenni10.webp 1920w\" sizes=\"(max-width: 1024px) 100vw, 1024px\" \/><\/div><div class=\"uael-grid-img-overlay\"><\/div><\/a><\/div><\/div><div class=\"uael-grid-item  uael-img-gallery-item-3\"><div class=\"uael-grid-item-content\"><a class=\"uael-grid-img uael-grid-gallery-img uael-ins-hover elementor-clickable\" data-fancybox=\"uael-gallery\" href=\"https:\/\/www.boyerjulien.com\/wp-content\/uploads\/2025\/12\/mariage-toscane-villa-vistarenni9.webp\" data-elementor-open-lightbox=\"no\"><div class=\"uael-grid-img-thumbnail uael-ins-target\"><img loading=\"lazy\" decoding=\"async\" width=\"682\" height=\"1024\" src=\"https:\/\/www.boyerjulien.com\/wp-content\/uploads\/2025\/12\/mariage-toscane-villa-vistarenni9-682x1024.webp\" class=\"attachment-large size-large wp-image-3391\" alt=\"Gros plan sur un bouton de manchette raffin\u00e9 lors des pr\u00e9paratifs du mari\u00e9 pour un mariage de destination en Toscane.\" srcset=\"https:\/\/www.boyerjulien.com\/wp-content\/uploads\/2025\/12\/mariage-toscane-villa-vistarenni9-682x1024.webp 682w, https:\/\/www.boyerjulien.com\/wp-content\/uploads\/2025\/12\/mariage-toscane-villa-vistarenni9-200x300.webp 200w, https:\/\/www.boyerjulien.com\/wp-content\/uploads\/2025\/12\/mariage-toscane-villa-vistarenni9-768x1152.webp 768w, https:\/\/www.boyerjulien.com\/wp-content\/uploads\/2025\/12\/mariage-toscane-villa-vistarenni9-1024x1536.webp 1024w, https:\/\/www.boyerjulien.com\/wp-content\/uploads\/2025\/12\/mariage-toscane-villa-vistarenni9.webp 1280w\" sizes=\"(max-width: 682px) 100vw, 682px\" \/><\/div><div class=\"uael-grid-img-overlay\"><\/div><\/a><\/div><\/div><div class=\"uael-grid-item  uael-img-gallery-item-4\"><div class=\"uael-grid-item-content\"><a class=\"uael-grid-img uael-grid-gallery-img uael-ins-hover elementor-clickable\" data-fancybox=\"uael-gallery\" href=\"https:\/\/www.boyerjulien.com\/wp-content\/uploads\/2025\/12\/mariage-toscane-villa-vistarenni11.webp\" data-elementor-open-lightbox=\"no\"><div class=\"uael-grid-img-thumbnail uael-ins-target\"><img loading=\"lazy\" decoding=\"async\" width=\"1024\" height=\"682\" src=\"https:\/\/www.boyerjulien.com\/wp-content\/uploads\/2025\/12\/mariage-toscane-villa-vistarenni11-1024x682.webp\" class=\"attachment-large size-large wp-image-3393\" alt=\"Un t\u00e9moin aide le mari\u00e9 \u00e0 ajuster son col avant la c\u00e9r\u00e9monie de mariage \u00e0 la Villa Vistarenni en Toscane, photographie de mariage haut de gamme.\" srcset=\"https:\/\/www.boyerjulien.com\/wp-content\/uploads\/2025\/12\/mariage-toscane-villa-vistarenni11-1024x682.webp 1024w, https:\/\/www.boyerjulien.com\/wp-content\/uploads\/2025\/12\/mariage-toscane-villa-vistarenni11-300x200.webp 300w, https:\/\/www.boyerjulien.com\/wp-content\/uploads\/2025\/12\/mariage-toscane-villa-vistarenni11-768x512.webp 768w, https:\/\/www.boyerjulien.com\/wp-content\/uploads\/2025\/12\/mariage-toscane-villa-vistarenni11-1536x1024.webp 1536w, https:\/\/www.boyerjulien.com\/wp-content\/uploads\/2025\/12\/mariage-toscane-villa-vistarenni11.webp 1920w\" sizes=\"(max-width: 1024px) 100vw, 1024px\" \/><\/div><div class=\"uael-grid-img-overlay\"><\/div><\/a><\/div><\/div><\/div><\/div>\t\t\t\t<\/div>\n\t\t\t\t<\/div>\n\t\t\t\t<div class=\"elementor-element elementor-element-5b5b9a2 elementor-widget elementor-widget-image\" data-id=\"5b5b9a2\" data-element_type=\"widget\" data-widget_type=\"image.default\">\n\t\t\t\t<div class=\"elementor-widget-container\">\n\t\t\t\t\t\t\t\t\t\t\t\t\t\t\t\t<a href=\"https:\/\/www.boyerjulien.com\/wp-content\/uploads\/2025\/12\/mariage-toscane-villa-vistarenni12.jpg\" data-elementor-open-lightbox=\"yes\" data-e-action-hash=\"#elementor-action%3Aaction%3Dlightbox%26settings%3DeyJpZCI6MzM5NCwidXJsIjoiaHR0cHM6XC9cL3d3dy5ib3llcmp1bGllbi5jb21cL3dwLWNvbnRlbnRcL3VwbG9hZHNcLzIwMjVcLzEyXC9tYXJpYWdlLXRvc2NhbmUtdmlsbGEtdmlzdGFyZW5uaTEyLndlYnAifQ%3D%3D\">\n\t\t\t\t\t\t\t<img loading=\"lazy\" decoding=\"async\" width=\"1280\" height=\"1920\" src=\"https:\/\/www.boyerjulien.com\/wp-content\/uploads\/2025\/12\/mariage-toscane-villa-vistarenni12.webp\" class=\"attachment-full size-full wp-image-3394\" alt=\"Mari\u00e9 ajustant son n\u0153ud papillon et ses bretelles lors des pr\u00e9paratifs dans une villa en Toscane, photo r\u00e9alis\u00e9e par Julien Boyer, photographe de mariage de destination.\" srcset=\"https:\/\/www.boyerjulien.com\/wp-content\/uploads\/2025\/12\/mariage-toscane-villa-vistarenni12.webp 1280w, https:\/\/www.boyerjulien.com\/wp-content\/uploads\/2025\/12\/mariage-toscane-villa-vistarenni12-200x300.webp 200w, https:\/\/www.boyerjulien.com\/wp-content\/uploads\/2025\/12\/mariage-toscane-villa-vistarenni12-682x1024.webp 682w, https:\/\/www.boyerjulien.com\/wp-content\/uploads\/2025\/12\/mariage-toscane-villa-vistarenni12-768x1152.webp 768w, https:\/\/www.boyerjulien.com\/wp-content\/uploads\/2025\/12\/mariage-toscane-villa-vistarenni12-1024x1536.webp 1024w\" sizes=\"(max-width: 1280px) 100vw, 1280px\" \/>\t\t\t\t\t\t\t\t<\/a>\n\t\t\t\t\t\t\t\t\t\t\t\t\t\t\t<\/div>\n\t\t\t\t<\/div>\n\t\t\t\t<div class=\"elementor-element elementor-element-fbdc464 elementor-widget elementor-widget-image\" data-id=\"fbdc464\" data-element_type=\"widget\" data-widget_type=\"image.default\">\n\t\t\t\t<div class=\"elementor-widget-container\">\n\t\t\t\t\t\t\t\t\t\t\t\t\t\t\t\t<a href=\"https:\/\/www.boyerjulien.com\/wp-content\/uploads\/2025\/12\/mariage-toscane-villa-vistarenni13.jpg\" data-elementor-open-lightbox=\"yes\" data-e-action-hash=\"#elementor-action%3Aaction%3Dlightbox%26settings%3DeyJpZCI6MzM5NSwidXJsIjoiaHR0cHM6XC9cL3d3dy5ib3llcmp1bGllbi5jb21cL3dwLWNvbnRlbnRcL3VwbG9hZHNcLzIwMjVcLzEyXC9tYXJpYWdlLXRvc2NhbmUtdmlsbGEtdmlzdGFyZW5uaTEzLndlYnAifQ%3D%3D\">\n\t\t\t\t\t\t\t<img loading=\"lazy\" decoding=\"async\" width=\"1920\" height=\"1280\" src=\"https:\/\/www.boyerjulien.com\/wp-content\/uploads\/2025\/12\/mariage-toscane-villa-vistarenni13.webp\" class=\"attachment-full size-full wp-image-3395\" alt=\"Mari\u00e9 ajustant son n\u0153ud papillon devant un miroir lors des pr\u00e9paratifs dans une villa en Toscane, ambiance \u00e9l\u00e9gante et naturelle.\" srcset=\"https:\/\/www.boyerjulien.com\/wp-content\/uploads\/2025\/12\/mariage-toscane-villa-vistarenni13.webp 1920w, https:\/\/www.boyerjulien.com\/wp-content\/uploads\/2025\/12\/mariage-toscane-villa-vistarenni13-300x200.webp 300w, https:\/\/www.boyerjulien.com\/wp-content\/uploads\/2025\/12\/mariage-toscane-villa-vistarenni13-1024x682.webp 1024w, https:\/\/www.boyerjulien.com\/wp-content\/uploads\/2025\/12\/mariage-toscane-villa-vistarenni13-768x512.webp 768w, https:\/\/www.boyerjulien.com\/wp-content\/uploads\/2025\/12\/mariage-toscane-villa-vistarenni13-1536x1024.webp 1536w\" sizes=\"(max-width: 1920px) 100vw, 1920px\" \/>\t\t\t\t\t\t\t\t<\/a>\n\t\t\t\t\t\t\t\t\t\t\t\t\t\t\t<\/div>\n\t\t\t\t<\/div>\n\t\t\t\t<div class=\"elementor-element elementor-element-536b662 uael-img-grid__column-2 uael-img-grid-tablet__column-3 uael-img-grid-mobile__column-2 uael-ins-normal elementor-widget elementor-widget-uael-image-gallery\" data-id=\"536b662\" data-element_type=\"widget\" data-settings=\"{&quot;gallery_columns&quot;:&quot;2&quot;,&quot;gallery_columns_tablet&quot;:&quot;3&quot;,&quot;gallery_columns_mobile&quot;:&quot;2&quot;,&quot;column_gap&quot;:{&quot;unit&quot;:&quot;px&quot;,&quot;size&quot;:20,&quot;sizes&quot;:[]},&quot;column_gap_widescreen&quot;:{&quot;unit&quot;:&quot;px&quot;,&quot;size&quot;:&quot;&quot;,&quot;sizes&quot;:[]},&quot;column_gap_laptop&quot;:{&quot;unit&quot;:&quot;px&quot;,&quot;size&quot;:&quot;&quot;,&quot;sizes&quot;:[]},&quot;column_gap_tablet_extra&quot;:{&quot;unit&quot;:&quot;px&quot;,&quot;size&quot;:&quot;&quot;,&quot;sizes&quot;:[]},&quot;column_gap_tablet&quot;:{&quot;unit&quot;:&quot;px&quot;,&quot;size&quot;:&quot;&quot;,&quot;sizes&quot;:[]},&quot;column_gap_mobile_extra&quot;:{&quot;unit&quot;:&quot;px&quot;,&quot;size&quot;:&quot;&quot;,&quot;sizes&quot;:[]},&quot;column_gap_mobile&quot;:{&quot;unit&quot;:&quot;px&quot;,&quot;size&quot;:&quot;&quot;,&quot;sizes&quot;:[]},&quot;row_gap&quot;:{&quot;unit&quot;:&quot;px&quot;,&quot;size&quot;:20,&quot;sizes&quot;:[]},&quot;row_gap_widescreen&quot;:{&quot;unit&quot;:&quot;px&quot;,&quot;size&quot;:&quot;&quot;,&quot;sizes&quot;:[]},&quot;row_gap_laptop&quot;:{&quot;unit&quot;:&quot;px&quot;,&quot;size&quot;:&quot;&quot;,&quot;sizes&quot;:[]},&quot;row_gap_tablet_extra&quot;:{&quot;unit&quot;:&quot;px&quot;,&quot;size&quot;:&quot;&quot;,&quot;sizes&quot;:[]},&quot;row_gap_tablet&quot;:{&quot;unit&quot;:&quot;px&quot;,&quot;size&quot;:&quot;&quot;,&quot;sizes&quot;:[]},&quot;row_gap_mobile_extra&quot;:{&quot;unit&quot;:&quot;px&quot;,&quot;size&quot;:&quot;&quot;,&quot;sizes&quot;:[]},&quot;row_gap_mobile&quot;:{&quot;unit&quot;:&quot;px&quot;,&quot;size&quot;:&quot;&quot;,&quot;sizes&quot;:[]}}\" data-widget_type=\"uael-image-gallery.default\">\n\t\t\t\t<div class=\"elementor-widget-container\">\n\t\t\t\t\t<div class=\"uael-gallery-parent uael-caption- uael-gallery-unjustified\"><div class=\"uael-img-gallery-wrap uael-img-masonry-wrap uael-img-grid-masonry-wrap uael-masonry uael-image-lightbox-wrap\" data-filter-default=\"All\" data-lightbox_actions=\"[&quot;close&quot;]\" data-lightbox-gallery-loop=\"\"><div class=\"uael-grid-item  uael-img-gallery-item-1\"><div class=\"uael-grid-item-content\"><a class=\"uael-grid-img uael-grid-gallery-img uael-ins-hover elementor-clickable\" data-fancybox=\"uael-gallery\" href=\"https:\/\/www.boyerjulien.com\/wp-content\/uploads\/2025\/12\/mariage-toscane-villa-vistarenni14.webp\" data-elementor-open-lightbox=\"no\"><div class=\"uael-grid-img-thumbnail uael-ins-target\"><img loading=\"lazy\" decoding=\"async\" width=\"682\" height=\"1024\" src=\"https:\/\/www.boyerjulien.com\/wp-content\/uploads\/2025\/12\/mariage-toscane-villa-vistarenni14-682x1024.webp\" class=\"attachment-large size-large wp-image-3396\" alt=\"Portrait du mari\u00e9 en costume bleu dans les jardins de la Villa Vistarenni en Toscane, photographie de mariage de destination prise par Julien Boyer.\" srcset=\"https:\/\/www.boyerjulien.com\/wp-content\/uploads\/2025\/12\/mariage-toscane-villa-vistarenni14-682x1024.webp 682w, https:\/\/www.boyerjulien.com\/wp-content\/uploads\/2025\/12\/mariage-toscane-villa-vistarenni14-200x300.webp 200w, https:\/\/www.boyerjulien.com\/wp-content\/uploads\/2025\/12\/mariage-toscane-villa-vistarenni14-768x1152.webp 768w, https:\/\/www.boyerjulien.com\/wp-content\/uploads\/2025\/12\/mariage-toscane-villa-vistarenni14-1024x1536.webp 1024w, https:\/\/www.boyerjulien.com\/wp-content\/uploads\/2025\/12\/mariage-toscane-villa-vistarenni14.webp 1280w\" sizes=\"(max-width: 682px) 100vw, 682px\" \/><\/div><div class=\"uael-grid-img-overlay\"><\/div><\/a><\/div><\/div><div class=\"uael-grid-item  uael-img-gallery-item-2\"><div class=\"uael-grid-item-content\"><a class=\"uael-grid-img uael-grid-gallery-img uael-ins-hover elementor-clickable\" data-fancybox=\"uael-gallery\" href=\"https:\/\/www.boyerjulien.com\/wp-content\/uploads\/2025\/12\/mariage-toscane-villa-vistarenni15.webp\" data-elementor-open-lightbox=\"no\"><div class=\"uael-grid-img-thumbnail uael-ins-target\"><img loading=\"lazy\" decoding=\"async\" width=\"682\" height=\"1024\" src=\"https:\/\/www.boyerjulien.com\/wp-content\/uploads\/2025\/12\/mariage-toscane-villa-vistarenni15-682x1024.webp\" class=\"attachment-large size-large wp-image-3397\" alt=\"Mari\u00e9e descendant un escalier int\u00e9rieur avec son bouquet lors d\u2019un mariage \u00e0 la Villa Vistarenni en Toscane, sc\u00e8ne \u00e9l\u00e9gante et lumineuse.\" srcset=\"https:\/\/www.boyerjulien.com\/wp-content\/uploads\/2025\/12\/mariage-toscane-villa-vistarenni15-682x1024.webp 682w, https:\/\/www.boyerjulien.com\/wp-content\/uploads\/2025\/12\/mariage-toscane-villa-vistarenni15-200x300.webp 200w, https:\/\/www.boyerjulien.com\/wp-content\/uploads\/2025\/12\/mariage-toscane-villa-vistarenni15-768x1152.webp 768w, https:\/\/www.boyerjulien.com\/wp-content\/uploads\/2025\/12\/mariage-toscane-villa-vistarenni15-1024x1536.webp 1024w, https:\/\/www.boyerjulien.com\/wp-content\/uploads\/2025\/12\/mariage-toscane-villa-vistarenni15.webp 1280w\" sizes=\"(max-width: 682px) 100vw, 682px\" \/><\/div><div class=\"uael-grid-img-overlay\"><\/div><\/a><\/div><\/div><div class=\"uael-grid-item  uael-img-gallery-item-3\"><div class=\"uael-grid-item-content\"><a class=\"uael-grid-img uael-grid-gallery-img uael-ins-hover elementor-clickable\" data-fancybox=\"uael-gallery\" href=\"https:\/\/www.boyerjulien.com\/wp-content\/uploads\/2025\/12\/mariage-toscane-villa-vistarenni16.webp\" data-elementor-open-lightbox=\"no\"><div class=\"uael-grid-img-thumbnail uael-ins-target\"><img loading=\"lazy\" decoding=\"async\" width=\"682\" height=\"1024\" src=\"https:\/\/www.boyerjulien.com\/wp-content\/uploads\/2025\/12\/mariage-toscane-villa-vistarenni16-682x1024.webp\" class=\"attachment-large size-large wp-image-3398\" alt=\"La mari\u00e9e touche l\u2019\u00e9paule du mari\u00e9 lors de leur first look devant la Villa Vistarenni en Toscane, moment fort en \u00e9motion photographi\u00e9 par Julien Boyer.\" srcset=\"https:\/\/www.boyerjulien.com\/wp-content\/uploads\/2025\/12\/mariage-toscane-villa-vistarenni16-682x1024.webp 682w, https:\/\/www.boyerjulien.com\/wp-content\/uploads\/2025\/12\/mariage-toscane-villa-vistarenni16-200x300.webp 200w, https:\/\/www.boyerjulien.com\/wp-content\/uploads\/2025\/12\/mariage-toscane-villa-vistarenni16-768x1152.webp 768w, https:\/\/www.boyerjulien.com\/wp-content\/uploads\/2025\/12\/mariage-toscane-villa-vistarenni16-1024x1536.webp 1024w, https:\/\/www.boyerjulien.com\/wp-content\/uploads\/2025\/12\/mariage-toscane-villa-vistarenni16.webp 1280w\" sizes=\"(max-width: 682px) 100vw, 682px\" \/><\/div><div class=\"uael-grid-img-overlay\"><\/div><\/a><\/div><\/div><div class=\"uael-grid-item  uael-img-gallery-item-4\"><div class=\"uael-grid-item-content\"><a class=\"uael-grid-img uael-grid-gallery-img uael-ins-hover elementor-clickable\" data-fancybox=\"uael-gallery\" href=\"https:\/\/www.boyerjulien.com\/wp-content\/uploads\/2025\/12\/mariage-toscane-villa-vistarenni18.webp\" data-elementor-open-lightbox=\"no\"><div class=\"uael-grid-img-thumbnail uael-ins-target\"><img loading=\"lazy\" decoding=\"async\" width=\"682\" height=\"1024\" src=\"https:\/\/www.boyerjulien.com\/wp-content\/uploads\/2025\/12\/mariage-toscane-villa-vistarenni18-682x1024.webp\" class=\"attachment-large size-large wp-image-3400\" alt=\"Les mari\u00e9s se tenant la main devant la Villa Vistarenni en Toscane, photographie de mariage de destination r\u00e9alis\u00e9e par Julien Boyer.\" srcset=\"https:\/\/www.boyerjulien.com\/wp-content\/uploads\/2025\/12\/mariage-toscane-villa-vistarenni18-682x1024.webp 682w, https:\/\/www.boyerjulien.com\/wp-content\/uploads\/2025\/12\/mariage-toscane-villa-vistarenni18-200x300.webp 200w, https:\/\/www.boyerjulien.com\/wp-content\/uploads\/2025\/12\/mariage-toscane-villa-vistarenni18-768x1152.webp 768w, https:\/\/www.boyerjulien.com\/wp-content\/uploads\/2025\/12\/mariage-toscane-villa-vistarenni18-1024x1536.webp 1024w, https:\/\/www.boyerjulien.com\/wp-content\/uploads\/2025\/12\/mariage-toscane-villa-vistarenni18.webp 1280w\" sizes=\"(max-width: 682px) 100vw, 682px\" \/><\/div><div class=\"uael-grid-img-overlay\"><\/div><\/a><\/div><\/div><\/div><\/div>\t\t\t\t<\/div>\n\t\t\t\t<\/div>\n\t\t\t\t<div class=\"elementor-element elementor-element-bce748b elementor-widget elementor-widget-image\" data-id=\"bce748b\" data-element_type=\"widget\" data-widget_type=\"image.default\">\n\t\t\t\t<div class=\"elementor-widget-container\">\n\t\t\t\t\t\t\t\t\t\t\t\t\t\t\t\t<a href=\"https:\/\/www.boyerjulien.com\/wp-content\/uploads\/2025\/12\/mariage-toscane-villa-vistarenni17.jpg\" data-elementor-open-lightbox=\"yes\" data-e-action-hash=\"#elementor-action%3Aaction%3Dlightbox%26settings%3DeyJpZCI6MzM5OSwidXJsIjoiaHR0cHM6XC9cL3d3dy5ib3llcmp1bGllbi5jb21cL3dwLWNvbnRlbnRcL3VwbG9hZHNcLzIwMjVcLzEyXC9tYXJpYWdlLXRvc2NhbmUtdmlsbGEtdmlzdGFyZW5uaTE3LndlYnAifQ%3D%3D\">\n\t\t\t\t\t\t\t<img loading=\"lazy\" decoding=\"async\" width=\"1920\" height=\"1280\" src=\"https:\/\/www.boyerjulien.com\/wp-content\/uploads\/2025\/12\/mariage-toscane-villa-vistarenni17.webp\" class=\"attachment-full size-full wp-image-3399\" alt=\"Moment d\u2019\u00e9motion entre les mari\u00e9s lors de leur first look dans les jardins de la Villa Vistarenni en Toscane, photographie de mariage naturelle.\" srcset=\"https:\/\/www.boyerjulien.com\/wp-content\/uploads\/2025\/12\/mariage-toscane-villa-vistarenni17.webp 1920w, https:\/\/www.boyerjulien.com\/wp-content\/uploads\/2025\/12\/mariage-toscane-villa-vistarenni17-300x200.webp 300w, https:\/\/www.boyerjulien.com\/wp-content\/uploads\/2025\/12\/mariage-toscane-villa-vistarenni17-1024x682.webp 1024w, https:\/\/www.boyerjulien.com\/wp-content\/uploads\/2025\/12\/mariage-toscane-villa-vistarenni17-768x512.webp 768w, https:\/\/www.boyerjulien.com\/wp-content\/uploads\/2025\/12\/mariage-toscane-villa-vistarenni17-1536x1024.webp 1536w\" sizes=\"(max-width: 1920px) 100vw, 1920px\" \/>\t\t\t\t\t\t\t\t<\/a>\n\t\t\t\t\t\t\t\t\t\t\t\t\t\t\t<\/div>\n\t\t\t\t<\/div>\n\t\t\t\t<div class=\"elementor-element elementor-element-69eed71 elementor-widget elementor-widget-image\" data-id=\"69eed71\" data-element_type=\"widget\" data-widget_type=\"image.default\">\n\t\t\t\t<div class=\"elementor-widget-container\">\n\t\t\t\t\t\t\t\t\t\t\t\t\t\t\t\t<a href=\"https:\/\/www.boyerjulien.com\/wp-content\/uploads\/2025\/12\/mariage-toscane-villa-vistarenni19.jpg\" data-elementor-open-lightbox=\"yes\" data-e-action-hash=\"#elementor-action%3Aaction%3Dlightbox%26settings%3DeyJpZCI6MzQwMSwidXJsIjoiaHR0cHM6XC9cL3d3dy5ib3llcmp1bGllbi5jb21cL3dwLWNvbnRlbnRcL3VwbG9hZHNcLzIwMjVcLzEyXC9tYXJpYWdlLXRvc2NhbmUtdmlsbGEtdmlzdGFyZW5uaTE5LndlYnAifQ%3D%3D\">\n\t\t\t\t\t\t\t<img loading=\"lazy\" decoding=\"async\" width=\"1920\" height=\"1280\" src=\"https:\/\/www.boyerjulien.com\/wp-content\/uploads\/2025\/12\/mariage-toscane-villa-vistarenni19.webp\" class=\"attachment-full size-full wp-image-3401\" alt=\"Les mari\u00e9s posent ensemble avec un bouquet de fleurs blanches et une vue panoramique sur les collines toscanes, mariage de destination en Italie.\" srcset=\"https:\/\/www.boyerjulien.com\/wp-content\/uploads\/2025\/12\/mariage-toscane-villa-vistarenni19.webp 1920w, https:\/\/www.boyerjulien.com\/wp-content\/uploads\/2025\/12\/mariage-toscane-villa-vistarenni19-300x200.webp 300w, https:\/\/www.boyerjulien.com\/wp-content\/uploads\/2025\/12\/mariage-toscane-villa-vistarenni19-1024x682.webp 1024w, https:\/\/www.boyerjulien.com\/wp-content\/uploads\/2025\/12\/mariage-toscane-villa-vistarenni19-768x512.webp 768w, https:\/\/www.boyerjulien.com\/wp-content\/uploads\/2025\/12\/mariage-toscane-villa-vistarenni19-1536x1024.webp 1536w\" sizes=\"(max-width: 1920px) 100vw, 1920px\" \/>\t\t\t\t\t\t\t\t<\/a>\n\t\t\t\t\t\t\t\t\t\t\t\t\t\t\t<\/div>\n\t\t\t\t<\/div>\n\t\t\t\t<div class=\"elementor-element elementor-element-d127e28 uael-img-grid__column-2 uael-img-grid-tablet__column-3 uael-img-grid-mobile__column-2 uael-ins-normal elementor-widget elementor-widget-uael-image-gallery\" data-id=\"d127e28\" data-element_type=\"widget\" data-settings=\"{&quot;gallery_columns&quot;:&quot;2&quot;,&quot;gallery_columns_tablet&quot;:&quot;3&quot;,&quot;gallery_columns_mobile&quot;:&quot;2&quot;,&quot;column_gap&quot;:{&quot;unit&quot;:&quot;px&quot;,&quot;size&quot;:20,&quot;sizes&quot;:[]},&quot;column_gap_widescreen&quot;:{&quot;unit&quot;:&quot;px&quot;,&quot;size&quot;:&quot;&quot;,&quot;sizes&quot;:[]},&quot;column_gap_laptop&quot;:{&quot;unit&quot;:&quot;px&quot;,&quot;size&quot;:&quot;&quot;,&quot;sizes&quot;:[]},&quot;column_gap_tablet_extra&quot;:{&quot;unit&quot;:&quot;px&quot;,&quot;size&quot;:&quot;&quot;,&quot;sizes&quot;:[]},&quot;column_gap_tablet&quot;:{&quot;unit&quot;:&quot;px&quot;,&quot;size&quot;:&quot;&quot;,&quot;sizes&quot;:[]},&quot;column_gap_mobile_extra&quot;:{&quot;unit&quot;:&quot;px&quot;,&quot;size&quot;:&quot;&quot;,&quot;sizes&quot;:[]},&quot;column_gap_mobile&quot;:{&quot;unit&quot;:&quot;px&quot;,&quot;size&quot;:&quot;&quot;,&quot;sizes&quot;:[]},&quot;row_gap&quot;:{&quot;unit&quot;:&quot;px&quot;,&quot;size&quot;:20,&quot;sizes&quot;:[]},&quot;row_gap_widescreen&quot;:{&quot;unit&quot;:&quot;px&quot;,&quot;size&quot;:&quot;&quot;,&quot;sizes&quot;:[]},&quot;row_gap_laptop&quot;:{&quot;unit&quot;:&quot;px&quot;,&quot;size&quot;:&quot;&quot;,&quot;sizes&quot;:[]},&quot;row_gap_tablet_extra&quot;:{&quot;unit&quot;:&quot;px&quot;,&quot;size&quot;:&quot;&quot;,&quot;sizes&quot;:[]},&quot;row_gap_tablet&quot;:{&quot;unit&quot;:&quot;px&quot;,&quot;size&quot;:&quot;&quot;,&quot;sizes&quot;:[]},&quot;row_gap_mobile_extra&quot;:{&quot;unit&quot;:&quot;px&quot;,&quot;size&quot;:&quot;&quot;,&quot;sizes&quot;:[]},&quot;row_gap_mobile&quot;:{&quot;unit&quot;:&quot;px&quot;,&quot;size&quot;:&quot;&quot;,&quot;sizes&quot;:[]}}\" data-widget_type=\"uael-image-gallery.default\">\n\t\t\t\t<div class=\"elementor-widget-container\">\n\t\t\t\t\t<div class=\"uael-gallery-parent uael-caption- uael-gallery-unjustified\"><div class=\"uael-img-gallery-wrap uael-img-masonry-wrap uael-img-grid-masonry-wrap uael-masonry uael-image-lightbox-wrap\" data-filter-default=\"All\" data-lightbox_actions=\"[&quot;close&quot;]\" data-lightbox-gallery-loop=\"\"><div class=\"uael-grid-item  uael-img-gallery-item-1\"><div class=\"uael-grid-item-content\"><a class=\"uael-grid-img uael-grid-gallery-img uael-ins-hover elementor-clickable\" data-fancybox=\"uael-gallery\" href=\"https:\/\/www.boyerjulien.com\/wp-content\/uploads\/2025\/12\/mariage-toscane-villa-vistarenni20.webp\" data-elementor-open-lightbox=\"no\"><div class=\"uael-grid-img-thumbnail uael-ins-target\"><img loading=\"lazy\" decoding=\"async\" width=\"1024\" height=\"682\" src=\"https:\/\/www.boyerjulien.com\/wp-content\/uploads\/2025\/12\/mariage-toscane-villa-vistarenni20-1024x682.webp\" class=\"attachment-large size-large wp-image-3402\" alt=\"Vue d\u2019ensemble de l\u2019int\u00e9rieur d\u2019une \u00e9glise en Toscane avant la c\u00e9r\u00e9monie de mariage, bancs en bois et d\u00e9coration florale \u00e9l\u00e9gante.\" srcset=\"https:\/\/www.boyerjulien.com\/wp-content\/uploads\/2025\/12\/mariage-toscane-villa-vistarenni20-1024x682.webp 1024w, https:\/\/www.boyerjulien.com\/wp-content\/uploads\/2025\/12\/mariage-toscane-villa-vistarenni20-300x200.webp 300w, https:\/\/www.boyerjulien.com\/wp-content\/uploads\/2025\/12\/mariage-toscane-villa-vistarenni20-768x512.webp 768w, https:\/\/www.boyerjulien.com\/wp-content\/uploads\/2025\/12\/mariage-toscane-villa-vistarenni20-1536x1024.webp 1536w, https:\/\/www.boyerjulien.com\/wp-content\/uploads\/2025\/12\/mariage-toscane-villa-vistarenni20.webp 1920w\" sizes=\"(max-width: 1024px) 100vw, 1024px\" \/><\/div><div class=\"uael-grid-img-overlay\"><\/div><\/a><\/div><\/div><div class=\"uael-grid-item  uael-img-gallery-item-2\"><div class=\"uael-grid-item-content\"><a class=\"uael-grid-img uael-grid-gallery-img uael-ins-hover elementor-clickable\" data-fancybox=\"uael-gallery\" href=\"https:\/\/www.boyerjulien.com\/wp-content\/uploads\/2025\/12\/mariage-toscane-villa-vistarenni21.webp\" data-elementor-open-lightbox=\"no\"><div class=\"uael-grid-img-thumbnail uael-ins-target\"><img loading=\"lazy\" decoding=\"async\" width=\"682\" height=\"1024\" src=\"https:\/\/www.boyerjulien.com\/wp-content\/uploads\/2025\/12\/mariage-toscane-villa-vistarenni21-682x1024.webp\" class=\"attachment-large size-large wp-image-3403\" alt=\"La mari\u00e9e avance dans l\u2019all\u00e9e de l\u2019\u00e9glise en Toscane entour\u00e9e de ses invit\u00e9s, moment solennel d\u2019un mariage de destination.\" srcset=\"https:\/\/www.boyerjulien.com\/wp-content\/uploads\/2025\/12\/mariage-toscane-villa-vistarenni21-682x1024.webp 682w, https:\/\/www.boyerjulien.com\/wp-content\/uploads\/2025\/12\/mariage-toscane-villa-vistarenni21-200x300.webp 200w, https:\/\/www.boyerjulien.com\/wp-content\/uploads\/2025\/12\/mariage-toscane-villa-vistarenni21-768x1152.webp 768w, https:\/\/www.boyerjulien.com\/wp-content\/uploads\/2025\/12\/mariage-toscane-villa-vistarenni21-1024x1536.webp 1024w, https:\/\/www.boyerjulien.com\/wp-content\/uploads\/2025\/12\/mariage-toscane-villa-vistarenni21.webp 1280w\" sizes=\"(max-width: 682px) 100vw, 682px\" \/><\/div><div class=\"uael-grid-img-overlay\"><\/div><\/a><\/div><\/div><div class=\"uael-grid-item  uael-img-gallery-item-3\"><div class=\"uael-grid-item-content\"><a class=\"uael-grid-img uael-grid-gallery-img uael-ins-hover elementor-clickable\" data-fancybox=\"uael-gallery\" href=\"https:\/\/www.boyerjulien.com\/wp-content\/uploads\/2025\/12\/mariage-toscane-villa-vistarenni22.webp\" data-elementor-open-lightbox=\"no\"><div class=\"uael-grid-img-thumbnail uael-ins-target\"><img loading=\"lazy\" decoding=\"async\" width=\"1024\" height=\"682\" src=\"https:\/\/www.boyerjulien.com\/wp-content\/uploads\/2025\/12\/mariage-toscane-villa-vistarenni22-1024x682.webp\" class=\"attachment-large size-large wp-image-3404\" alt=\"Les mari\u00e9s debout devant l\u2019autel pendant la c\u00e9r\u00e9monie religieuse en Toscane, entour\u00e9s de leurs proches dans une \u00e9glise italienne.\" srcset=\"https:\/\/www.boyerjulien.com\/wp-content\/uploads\/2025\/12\/mariage-toscane-villa-vistarenni22-1024x682.webp 1024w, https:\/\/www.boyerjulien.com\/wp-content\/uploads\/2025\/12\/mariage-toscane-villa-vistarenni22-300x200.webp 300w, https:\/\/www.boyerjulien.com\/wp-content\/uploads\/2025\/12\/mariage-toscane-villa-vistarenni22-768x512.webp 768w, https:\/\/www.boyerjulien.com\/wp-content\/uploads\/2025\/12\/mariage-toscane-villa-vistarenni22-1536x1024.webp 1536w, https:\/\/www.boyerjulien.com\/wp-content\/uploads\/2025\/12\/mariage-toscane-villa-vistarenni22.webp 1920w\" sizes=\"(max-width: 1024px) 100vw, 1024px\" \/><\/div><div class=\"uael-grid-img-overlay\"><\/div><\/a><\/div><\/div><div class=\"uael-grid-item  uael-img-gallery-item-4\"><div class=\"uael-grid-item-content\"><a class=\"uael-grid-img uael-grid-gallery-img uael-ins-hover elementor-clickable\" data-fancybox=\"uael-gallery\" href=\"https:\/\/www.boyerjulien.com\/wp-content\/uploads\/2025\/12\/mariage-toscane-villa-vistarenni23.webp\" data-elementor-open-lightbox=\"no\"><div class=\"uael-grid-img-thumbnail uael-ins-target\"><img loading=\"lazy\" decoding=\"async\" width=\"682\" height=\"1024\" src=\"https:\/\/www.boyerjulien.com\/wp-content\/uploads\/2025\/12\/mariage-toscane-villa-vistarenni23-682x1024.webp\" class=\"attachment-large size-large wp-image-3405\" alt=\"Les mari\u00e9s \u00e9changent un regard complice pendant la c\u00e9r\u00e9monie de mariage dans une \u00e9glise en Toscane, photographie naturelle et \u00e9motive.\" srcset=\"https:\/\/www.boyerjulien.com\/wp-content\/uploads\/2025\/12\/mariage-toscane-villa-vistarenni23-682x1024.webp 682w, https:\/\/www.boyerjulien.com\/wp-content\/uploads\/2025\/12\/mariage-toscane-villa-vistarenni23-200x300.webp 200w, https:\/\/www.boyerjulien.com\/wp-content\/uploads\/2025\/12\/mariage-toscane-villa-vistarenni23-768x1152.webp 768w, https:\/\/www.boyerjulien.com\/wp-content\/uploads\/2025\/12\/mariage-toscane-villa-vistarenni23-1024x1536.webp 1024w, https:\/\/www.boyerjulien.com\/wp-content\/uploads\/2025\/12\/mariage-toscane-villa-vistarenni23.webp 1280w\" sizes=\"(max-width: 682px) 100vw, 682px\" \/><\/div><div class=\"uael-grid-img-overlay\"><\/div><\/a><\/div><\/div><div class=\"uael-grid-item  uael-img-gallery-item-5\"><div class=\"uael-grid-item-content\"><a class=\"uael-grid-img uael-grid-gallery-img uael-ins-hover elementor-clickable\" data-fancybox=\"uael-gallery\" href=\"https:\/\/www.boyerjulien.com\/wp-content\/uploads\/2025\/12\/mariage-toscane-villa-vistarenni24.webp\" data-elementor-open-lightbox=\"no\"><div class=\"uael-grid-img-thumbnail uael-ins-target\"><img loading=\"lazy\" decoding=\"async\" width=\"1024\" height=\"682\" src=\"https:\/\/www.boyerjulien.com\/wp-content\/uploads\/2025\/12\/mariage-toscane-villa-vistarenni24-1024x682.webp\" class=\"attachment-large size-large wp-image-3406\" alt=\"D\u00e9tail des mains des mari\u00e9s tenant un livret de c\u00e9r\u00e9monie pendant un mariage religieux en Toscane, photo prise par Julien Boyer, photographe de destination.\" srcset=\"https:\/\/www.boyerjulien.com\/wp-content\/uploads\/2025\/12\/mariage-toscane-villa-vistarenni24-1024x682.webp 1024w, https:\/\/www.boyerjulien.com\/wp-content\/uploads\/2025\/12\/mariage-toscane-villa-vistarenni24-300x200.webp 300w, https:\/\/www.boyerjulien.com\/wp-content\/uploads\/2025\/12\/mariage-toscane-villa-vistarenni24-768x512.webp 768w, https:\/\/www.boyerjulien.com\/wp-content\/uploads\/2025\/12\/mariage-toscane-villa-vistarenni24-1536x1024.webp 1536w, https:\/\/www.boyerjulien.com\/wp-content\/uploads\/2025\/12\/mariage-toscane-villa-vistarenni24.webp 1920w\" sizes=\"(max-width: 1024px) 100vw, 1024px\" \/><\/div><div class=\"uael-grid-img-overlay\"><\/div><\/a><\/div><\/div><div class=\"uael-grid-item  uael-img-gallery-item-6\"><div class=\"uael-grid-item-content\"><a class=\"uael-grid-img uael-grid-gallery-img uael-ins-hover elementor-clickable\" data-fancybox=\"uael-gallery\" href=\"https:\/\/www.boyerjulien.com\/wp-content\/uploads\/2025\/12\/mariage-toscane-villa-vistarenni25.webp\" data-elementor-open-lightbox=\"no\"><div class=\"uael-grid-img-thumbnail uael-ins-target\"><img loading=\"lazy\" decoding=\"async\" width=\"1024\" height=\"682\" src=\"https:\/\/www.boyerjulien.com\/wp-content\/uploads\/2025\/12\/mariage-toscane-villa-vistarenni25-1024x682.webp\" class=\"attachment-large size-large wp-image-3407\" alt=\"Bouquet de la mari\u00e9e compos\u00e9 de fleurs blanches et feuillages pos\u00e9 pendant la c\u00e9r\u00e9monie de mariage en Toscane, d\u00e9tail \u00e9l\u00e9gant et naturel.\" srcset=\"https:\/\/www.boyerjulien.com\/wp-content\/uploads\/2025\/12\/mariage-toscane-villa-vistarenni25-1024x682.webp 1024w, https:\/\/www.boyerjulien.com\/wp-content\/uploads\/2025\/12\/mariage-toscane-villa-vistarenni25-300x200.webp 300w, https:\/\/www.boyerjulien.com\/wp-content\/uploads\/2025\/12\/mariage-toscane-villa-vistarenni25-768x512.webp 768w, https:\/\/www.boyerjulien.com\/wp-content\/uploads\/2025\/12\/mariage-toscane-villa-vistarenni25-1536x1024.webp 1536w, https:\/\/www.boyerjulien.com\/wp-content\/uploads\/2025\/12\/mariage-toscane-villa-vistarenni25.webp 1920w\" sizes=\"(max-width: 1024px) 100vw, 1024px\" \/><\/div><div class=\"uael-grid-img-overlay\"><\/div><\/a><\/div><\/div><div class=\"uael-grid-item  uael-img-gallery-item-7\"><div class=\"uael-grid-item-content\"><a class=\"uael-grid-img uael-grid-gallery-img uael-ins-hover elementor-clickable\" data-fancybox=\"uael-gallery\" href=\"https:\/\/www.boyerjulien.com\/wp-content\/uploads\/2025\/12\/mariage-toscane-villa-vistarenni26.webp\" data-elementor-open-lightbox=\"no\"><div class=\"uael-grid-img-thumbnail uael-ins-target\"><img loading=\"lazy\" decoding=\"async\" width=\"682\" height=\"1024\" src=\"https:\/\/www.boyerjulien.com\/wp-content\/uploads\/2025\/12\/mariage-toscane-villa-vistarenni26-682x1024.webp\" class=\"attachment-large size-large wp-image-3408\" alt=\"Le mari\u00e9 prononce ses v\u0153ux face \u00e0 la mari\u00e9e pendant la c\u00e9r\u00e9monie de mariage en Toscane, moment intime et charg\u00e9 d\u2019\u00e9motion.\" srcset=\"https:\/\/www.boyerjulien.com\/wp-content\/uploads\/2025\/12\/mariage-toscane-villa-vistarenni26-682x1024.webp 682w, https:\/\/www.boyerjulien.com\/wp-content\/uploads\/2025\/12\/mariage-toscane-villa-vistarenni26-200x300.webp 200w, https:\/\/www.boyerjulien.com\/wp-content\/uploads\/2025\/12\/mariage-toscane-villa-vistarenni26-768x1152.webp 768w, https:\/\/www.boyerjulien.com\/wp-content\/uploads\/2025\/12\/mariage-toscane-villa-vistarenni26-1024x1536.webp 1024w, https:\/\/www.boyerjulien.com\/wp-content\/uploads\/2025\/12\/mariage-toscane-villa-vistarenni26.webp 1280w\" sizes=\"(max-width: 682px) 100vw, 682px\" \/><\/div><div class=\"uael-grid-img-overlay\"><\/div><\/a><\/div><\/div><div class=\"uael-grid-item  uael-img-gallery-item-8\"><div class=\"uael-grid-item-content\"><a class=\"uael-grid-img uael-grid-gallery-img uael-ins-hover elementor-clickable\" data-fancybox=\"uael-gallery\" href=\"https:\/\/www.boyerjulien.com\/wp-content\/uploads\/2025\/12\/mariage-toscane-villa-vistarenni27.webp\" data-elementor-open-lightbox=\"no\"><div class=\"uael-grid-img-thumbnail uael-ins-target\"><img loading=\"lazy\" decoding=\"async\" width=\"1024\" height=\"682\" src=\"https:\/\/www.boyerjulien.com\/wp-content\/uploads\/2025\/12\/mariage-toscane-villa-vistarenni27-1024x682.webp\" class=\"attachment-large size-large wp-image-3409\" alt=\"La mari\u00e9e lit ses v\u0153ux pendant la c\u00e9r\u00e9monie religieuse en Toscane entour\u00e9e de ses proches, photographie prise par Julien Boyer, photographe de destination.\" srcset=\"https:\/\/www.boyerjulien.com\/wp-content\/uploads\/2025\/12\/mariage-toscane-villa-vistarenni27-1024x682.webp 1024w, https:\/\/www.boyerjulien.com\/wp-content\/uploads\/2025\/12\/mariage-toscane-villa-vistarenni27-300x200.webp 300w, https:\/\/www.boyerjulien.com\/wp-content\/uploads\/2025\/12\/mariage-toscane-villa-vistarenni27-768x512.webp 768w, https:\/\/www.boyerjulien.com\/wp-content\/uploads\/2025\/12\/mariage-toscane-villa-vistarenni27-1536x1024.webp 1536w, https:\/\/www.boyerjulien.com\/wp-content\/uploads\/2025\/12\/mariage-toscane-villa-vistarenni27.webp 1920w\" sizes=\"(max-width: 1024px) 100vw, 1024px\" \/><\/div><div class=\"uael-grid-img-overlay\"><\/div><\/a><\/div><\/div><div class=\"uael-grid-item  uael-img-gallery-item-9\"><div class=\"uael-grid-item-content\"><a class=\"uael-grid-img uael-grid-gallery-img uael-ins-hover elementor-clickable\" data-fancybox=\"uael-gallery\" href=\"https:\/\/www.boyerjulien.com\/wp-content\/uploads\/2025\/12\/mariage-toscane-villa-vistarenni28.webp\" data-elementor-open-lightbox=\"no\"><div class=\"uael-grid-img-thumbnail uael-ins-target\"><img loading=\"lazy\" decoding=\"async\" width=\"1024\" height=\"682\" src=\"https:\/\/www.boyerjulien.com\/wp-content\/uploads\/2025\/12\/mariage-toscane-villa-vistarenni28-1024x682.webp\" class=\"attachment-large size-large wp-image-3410\" alt=\"Les invit\u00e9s applaudissent avec \u00e9motion pendant la c\u00e9r\u00e9monie de mariage dans une \u00e9glise en Toscane, ambiance chaleureuse et authentique.\" srcset=\"https:\/\/www.boyerjulien.com\/wp-content\/uploads\/2025\/12\/mariage-toscane-villa-vistarenni28-1024x682.webp 1024w, https:\/\/www.boyerjulien.com\/wp-content\/uploads\/2025\/12\/mariage-toscane-villa-vistarenni28-300x200.webp 300w, https:\/\/www.boyerjulien.com\/wp-content\/uploads\/2025\/12\/mariage-toscane-villa-vistarenni28-768x512.webp 768w, https:\/\/www.boyerjulien.com\/wp-content\/uploads\/2025\/12\/mariage-toscane-villa-vistarenni28-1536x1024.webp 1536w, https:\/\/www.boyerjulien.com\/wp-content\/uploads\/2025\/12\/mariage-toscane-villa-vistarenni28.webp 1920w\" sizes=\"(max-width: 1024px) 100vw, 1024px\" \/><\/div><div class=\"uael-grid-img-overlay\"><\/div><\/a><\/div><\/div><\/div><\/div>\t\t\t\t<\/div>\n\t\t\t\t<\/div>\n\t\t\t\t<div class=\"elementor-element elementor-element-900e52a elementor-widget elementor-widget-image\" data-id=\"900e52a\" data-element_type=\"widget\" data-widget_type=\"image.default\">\n\t\t\t\t<div class=\"elementor-widget-container\">\n\t\t\t\t\t\t\t\t\t\t\t\t\t\t\t\t<a href=\"https:\/\/www.boyerjulien.com\/wp-content\/uploads\/2025\/12\/mariage-toscane-villa-vistarenni29.jpg\" data-elementor-open-lightbox=\"yes\" data-e-action-hash=\"#elementor-action%3Aaction%3Dlightbox%26settings%3DeyJpZCI6MzQxMSwidXJsIjoiaHR0cHM6XC9cL3d3dy5ib3llcmp1bGllbi5jb21cL3dwLWNvbnRlbnRcL3VwbG9hZHNcLzIwMjVcLzEyXC9tYXJpYWdlLXRvc2NhbmUtdmlsbGEtdmlzdGFyZW5uaTI5LndlYnAifQ%3D%3D\">\n\t\t\t\t\t\t\t<img loading=\"lazy\" decoding=\"async\" width=\"1920\" height=\"1280\" src=\"https:\/\/www.boyerjulien.com\/wp-content\/uploads\/2025\/12\/mariage-toscane-villa-vistarenni29.webp\" class=\"attachment-full size-full wp-image-3411\" alt=\"D\u00e9tail de d\u00e9coration de table avec bougies et feuillage pour un mariage de destination en Toscane, ambiance \u00e9l\u00e9gante et naturelle.\" srcset=\"https:\/\/www.boyerjulien.com\/wp-content\/uploads\/2025\/12\/mariage-toscane-villa-vistarenni29.webp 1920w, https:\/\/www.boyerjulien.com\/wp-content\/uploads\/2025\/12\/mariage-toscane-villa-vistarenni29-300x200.webp 300w, https:\/\/www.boyerjulien.com\/wp-content\/uploads\/2025\/12\/mariage-toscane-villa-vistarenni29-1024x682.webp 1024w, https:\/\/www.boyerjulien.com\/wp-content\/uploads\/2025\/12\/mariage-toscane-villa-vistarenni29-768x512.webp 768w, https:\/\/www.boyerjulien.com\/wp-content\/uploads\/2025\/12\/mariage-toscane-villa-vistarenni29-1536x1024.webp 1536w\" sizes=\"(max-width: 1920px) 100vw, 1920px\" \/>\t\t\t\t\t\t\t\t<\/a>\n\t\t\t\t\t\t\t\t\t\t\t\t\t\t\t<\/div>\n\t\t\t\t<\/div>\n\t\t\t\t<div class=\"elementor-element elementor-element-c0d14d1 elementor-widget elementor-widget-image\" data-id=\"c0d14d1\" data-element_type=\"widget\" data-widget_type=\"image.default\">\n\t\t\t\t<div class=\"elementor-widget-container\">\n\t\t\t\t\t\t\t\t\t\t\t\t\t\t\t\t<a href=\"https:\/\/www.boyerjulien.com\/wp-content\/uploads\/2025\/12\/mariage-toscane-villa-vistarenni30.jpg\" data-elementor-open-lightbox=\"yes\" data-e-action-hash=\"#elementor-action%3Aaction%3Dlightbox%26settings%3DeyJpZCI6MzQxMiwidXJsIjoiaHR0cHM6XC9cL3d3dy5ib3llcmp1bGllbi5jb21cL3dwLWNvbnRlbnRcL3VwbG9hZHNcLzIwMjVcLzEyXC9tYXJpYWdlLXRvc2NhbmUtdmlsbGEtdmlzdGFyZW5uaTMwLndlYnAifQ%3D%3D\">\n\t\t\t\t\t\t\t<img loading=\"lazy\" decoding=\"async\" width=\"1280\" height=\"1920\" src=\"https:\/\/www.boyerjulien.com\/wp-content\/uploads\/2025\/12\/mariage-toscane-villa-vistarenni30.webp\" class=\"attachment-full size-full wp-image-3412\" alt=\"Les mari\u00e9s quittent la c\u00e9r\u00e9monie entour\u00e9s de leurs invit\u00e9s dans un village toscan, sc\u00e8ne joyeuse d\u2019un mariage de destination photographi\u00e9e par Julien Boyer.\" srcset=\"https:\/\/www.boyerjulien.com\/wp-content\/uploads\/2025\/12\/mariage-toscane-villa-vistarenni30.webp 1280w, https:\/\/www.boyerjulien.com\/wp-content\/uploads\/2025\/12\/mariage-toscane-villa-vistarenni30-200x300.webp 200w, https:\/\/www.boyerjulien.com\/wp-content\/uploads\/2025\/12\/mariage-toscane-villa-vistarenni30-682x1024.webp 682w, https:\/\/www.boyerjulien.com\/wp-content\/uploads\/2025\/12\/mariage-toscane-villa-vistarenni30-768x1152.webp 768w, https:\/\/www.boyerjulien.com\/wp-content\/uploads\/2025\/12\/mariage-toscane-villa-vistarenni30-1024x1536.webp 1024w\" sizes=\"(max-width: 1280px) 100vw, 1280px\" \/>\t\t\t\t\t\t\t\t<\/a>\n\t\t\t\t\t\t\t\t\t\t\t\t\t\t\t<\/div>\n\t\t\t\t<\/div>\n\t\t\t\t<div class=\"elementor-element elementor-element-50907d3 elementor-widget elementor-widget-image\" data-id=\"50907d3\" data-element_type=\"widget\" data-widget_type=\"image.default\">\n\t\t\t\t<div class=\"elementor-widget-container\">\n\t\t\t\t\t\t\t\t\t\t\t\t\t\t\t\t<a href=\"https:\/\/www.boyerjulien.com\/wp-content\/uploads\/2025\/12\/mariage-toscane-villa-vistarenni31.jpg\" data-elementor-open-lightbox=\"yes\" data-e-action-hash=\"#elementor-action%3Aaction%3Dlightbox%26settings%3DeyJpZCI6MzQxMywidXJsIjoiaHR0cHM6XC9cL3d3dy5ib3llcmp1bGllbi5jb21cL3dwLWNvbnRlbnRcL3VwbG9hZHNcLzIwMjVcLzEyXC9tYXJpYWdlLXRvc2NhbmUtdmlsbGEtdmlzdGFyZW5uaTMxLndlYnAifQ%3D%3D\">\n\t\t\t\t\t\t\t<img loading=\"lazy\" decoding=\"async\" width=\"1280\" height=\"1920\" src=\"https:\/\/www.boyerjulien.com\/wp-content\/uploads\/2025\/12\/mariage-toscane-villa-vistarenni31.webp\" class=\"attachment-full size-full wp-image-3413\" alt=\"Portrait rapproch\u00e9 des mari\u00e9s s\u2019enla\u00e7ant avec un bouquet de fleurs blanches, s\u00e9ance couple en Toscane lors d\u2019un mariage de destination.\" srcset=\"https:\/\/www.boyerjulien.com\/wp-content\/uploads\/2025\/12\/mariage-toscane-villa-vistarenni31.webp 1280w, https:\/\/www.boyerjulien.com\/wp-content\/uploads\/2025\/12\/mariage-toscane-villa-vistarenni31-200x300.webp 200w, https:\/\/www.boyerjulien.com\/wp-content\/uploads\/2025\/12\/mariage-toscane-villa-vistarenni31-682x1024.webp 682w, https:\/\/www.boyerjulien.com\/wp-content\/uploads\/2025\/12\/mariage-toscane-villa-vistarenni31-768x1152.webp 768w, https:\/\/www.boyerjulien.com\/wp-content\/uploads\/2025\/12\/mariage-toscane-villa-vistarenni31-1024x1536.webp 1024w\" sizes=\"(max-width: 1280px) 100vw, 1280px\" \/>\t\t\t\t\t\t\t\t<\/a>\n\t\t\t\t\t\t\t\t\t\t\t\t\t\t\t<\/div>\n\t\t\t\t<\/div>\n\t\t\t\t<div class=\"elementor-element elementor-element-25df271 elementor-widget elementor-widget-image\" data-id=\"25df271\" data-element_type=\"widget\" data-widget_type=\"image.default\">\n\t\t\t\t<div class=\"elementor-widget-container\">\n\t\t\t\t\t\t\t\t\t\t\t\t\t\t\t\t<a href=\"https:\/\/www.boyerjulien.com\/wp-content\/uploads\/2025\/12\/mariage-toscane-villa-vistarenni33.jpg\" data-elementor-open-lightbox=\"yes\" data-e-action-hash=\"#elementor-action%3Aaction%3Dlightbox%26settings%3DeyJpZCI6MzQxNSwidXJsIjoiaHR0cHM6XC9cL3d3dy5ib3llcmp1bGllbi5jb21cL3dwLWNvbnRlbnRcL3VwbG9hZHNcLzIwMjVcLzEyXC9tYXJpYWdlLXRvc2NhbmUtdmlsbGEtdmlzdGFyZW5uaTMzLndlYnAifQ%3D%3D\">\n\t\t\t\t\t\t\t<img loading=\"lazy\" decoding=\"async\" width=\"1280\" height=\"1920\" src=\"https:\/\/www.boyerjulien.com\/wp-content\/uploads\/2025\/12\/mariage-toscane-villa-vistarenni33.webp\" class=\"attachment-full size-full wp-image-3415\" alt=\"Les mari\u00e9s s\u2019embrassent devant un Piaggio bleu avec vue sur la Toscane, s\u00e9ance photo de mariage \u00e9l\u00e9gante en Italie, photo prise par Julien Boyer.\" srcset=\"https:\/\/www.boyerjulien.com\/wp-content\/uploads\/2025\/12\/mariage-toscane-villa-vistarenni33.webp 1280w, https:\/\/www.boyerjulien.com\/wp-content\/uploads\/2025\/12\/mariage-toscane-villa-vistarenni33-200x300.webp 200w, https:\/\/www.boyerjulien.com\/wp-content\/uploads\/2025\/12\/mariage-toscane-villa-vistarenni33-682x1024.webp 682w, https:\/\/www.boyerjulien.com\/wp-content\/uploads\/2025\/12\/mariage-toscane-villa-vistarenni33-768x1152.webp 768w, https:\/\/www.boyerjulien.com\/wp-content\/uploads\/2025\/12\/mariage-toscane-villa-vistarenni33-1024x1536.webp 1024w\" sizes=\"(max-width: 1280px) 100vw, 1280px\" \/>\t\t\t\t\t\t\t\t<\/a>\n\t\t\t\t\t\t\t\t\t\t\t\t\t\t\t<\/div>\n\t\t\t\t<\/div>\n\t\t\t\t<div class=\"elementor-element elementor-element-55f44da elementor-widget elementor-widget-image\" data-id=\"55f44da\" data-element_type=\"widget\" data-widget_type=\"image.default\">\n\t\t\t\t<div class=\"elementor-widget-container\">\n\t\t\t\t\t\t\t\t\t\t\t\t\t\t\t\t<a href=\"https:\/\/www.boyerjulien.com\/wp-content\/uploads\/2025\/12\/mariage-toscane-villa-vistarenni34.jpg\" data-elementor-open-lightbox=\"yes\" data-e-action-hash=\"#elementor-action%3Aaction%3Dlightbox%26settings%3DeyJpZCI6MzQxNiwidXJsIjoiaHR0cHM6XC9cL3d3dy5ib3llcmp1bGllbi5jb21cL3dwLWNvbnRlbnRcL3VwbG9hZHNcLzIwMjVcLzEyXC9tYXJpYWdlLXRvc2NhbmUtdmlsbGEtdmlzdGFyZW5uaTM0LndlYnAifQ%3D%3D\">\n\t\t\t\t\t\t\t<img loading=\"lazy\" decoding=\"async\" width=\"1280\" height=\"1920\" src=\"https:\/\/www.boyerjulien.com\/wp-content\/uploads\/2025\/12\/mariage-toscane-villa-vistarenni34.webp\" class=\"attachment-full size-full wp-image-3416\" alt=\"Bartender pr\u00e9parant des cocktails lors du vin d\u2019honneur d\u2019un mariage de destination en Toscane, ambiance chic et conviviale.\" srcset=\"https:\/\/www.boyerjulien.com\/wp-content\/uploads\/2025\/12\/mariage-toscane-villa-vistarenni34.webp 1280w, https:\/\/www.boyerjulien.com\/wp-content\/uploads\/2025\/12\/mariage-toscane-villa-vistarenni34-200x300.webp 200w, https:\/\/www.boyerjulien.com\/wp-content\/uploads\/2025\/12\/mariage-toscane-villa-vistarenni34-682x1024.webp 682w, https:\/\/www.boyerjulien.com\/wp-content\/uploads\/2025\/12\/mariage-toscane-villa-vistarenni34-768x1152.webp 768w, https:\/\/www.boyerjulien.com\/wp-content\/uploads\/2025\/12\/mariage-toscane-villa-vistarenni34-1024x1536.webp 1024w\" sizes=\"(max-width: 1280px) 100vw, 1280px\" \/>\t\t\t\t\t\t\t\t<\/a>\n\t\t\t\t\t\t\t\t\t\t\t\t\t\t\t<\/div>\n\t\t\t\t<\/div>\n\t\t\t\t<div class=\"elementor-element elementor-element-63de4dd elementor-widget elementor-widget-image\" data-id=\"63de4dd\" data-element_type=\"widget\" data-widget_type=\"image.default\">\n\t\t\t\t<div class=\"elementor-widget-container\">\n\t\t\t\t\t\t\t\t\t\t\t\t\t\t\t\t<a href=\"https:\/\/www.boyerjulien.com\/wp-content\/uploads\/2025\/12\/mariage-toscane-villa-vistarenni35.jpg\" data-elementor-open-lightbox=\"yes\" data-e-action-hash=\"#elementor-action%3Aaction%3Dlightbox%26settings%3DeyJpZCI6MzQxNywidXJsIjoiaHR0cHM6XC9cL3d3dy5ib3llcmp1bGllbi5jb21cL3dwLWNvbnRlbnRcL3VwbG9hZHNcLzIwMjVcLzEyXC9tYXJpYWdlLXRvc2NhbmUtdmlsbGEtdmlzdGFyZW5uaTM1LndlYnAifQ%3D%3D\">\n\t\t\t\t\t\t\t<img loading=\"lazy\" decoding=\"async\" width=\"1920\" height=\"1280\" src=\"https:\/\/www.boyerjulien.com\/wp-content\/uploads\/2025\/12\/mariage-toscane-villa-vistarenni35.webp\" class=\"attachment-full size-full wp-image-3417\" alt=\"Musicien jouant du violoncelle pendant un mariage en Toscane, animation musicale \u00e9l\u00e9gante lors du cocktail en plein air.\" srcset=\"https:\/\/www.boyerjulien.com\/wp-content\/uploads\/2025\/12\/mariage-toscane-villa-vistarenni35.webp 1920w, https:\/\/www.boyerjulien.com\/wp-content\/uploads\/2025\/12\/mariage-toscane-villa-vistarenni35-300x200.webp 300w, https:\/\/www.boyerjulien.com\/wp-content\/uploads\/2025\/12\/mariage-toscane-villa-vistarenni35-1024x682.webp 1024w, https:\/\/www.boyerjulien.com\/wp-content\/uploads\/2025\/12\/mariage-toscane-villa-vistarenni35-768x512.webp 768w, https:\/\/www.boyerjulien.com\/wp-content\/uploads\/2025\/12\/mariage-toscane-villa-vistarenni35-1536x1024.webp 1536w\" sizes=\"(max-width: 1920px) 100vw, 1920px\" \/>\t\t\t\t\t\t\t\t<\/a>\n\t\t\t\t\t\t\t\t\t\t\t\t\t\t\t<\/div>\n\t\t\t\t<\/div>\n\t\t\t\t<div class=\"elementor-element elementor-element-86e6695 elementor-widget elementor-widget-image\" data-id=\"86e6695\" data-element_type=\"widget\" data-widget_type=\"image.default\">\n\t\t\t\t<div class=\"elementor-widget-container\">\n\t\t\t\t\t\t\t\t\t\t\t\t\t\t\t\t<a href=\"https:\/\/www.boyerjulien.com\/wp-content\/uploads\/2025\/12\/mariage-toscane-villa-vistarenni36.jpg\" data-elementor-open-lightbox=\"yes\" data-e-action-hash=\"#elementor-action%3Aaction%3Dlightbox%26settings%3DeyJpZCI6MzQxOCwidXJsIjoiaHR0cHM6XC9cL3d3dy5ib3llcmp1bGllbi5jb21cL3dwLWNvbnRlbnRcL3VwbG9hZHNcLzIwMjVcLzEyXC9tYXJpYWdlLXRvc2NhbmUtdmlsbGEtdmlzdGFyZW5uaTM2LndlYnAifQ%3D%3D\">\n\t\t\t\t\t\t\t<img loading=\"lazy\" decoding=\"async\" width=\"1920\" height=\"1280\" src=\"https:\/\/www.boyerjulien.com\/wp-content\/uploads\/2025\/12\/mariage-toscane-villa-vistarenni36.webp\" class=\"attachment-full size-full wp-image-3418\" alt=\"Table de r\u00e9ception dress\u00e9e en ext\u00e9rieur avec vue panoramique sur les collines de Toscane, d\u00e9coration raffin\u00e9e pour un mariage de destination.\" srcset=\"https:\/\/www.boyerjulien.com\/wp-content\/uploads\/2025\/12\/mariage-toscane-villa-vistarenni36.webp 1920w, https:\/\/www.boyerjulien.com\/wp-content\/uploads\/2025\/12\/mariage-toscane-villa-vistarenni36-300x200.webp 300w, https:\/\/www.boyerjulien.com\/wp-content\/uploads\/2025\/12\/mariage-toscane-villa-vistarenni36-1024x682.webp 1024w, https:\/\/www.boyerjulien.com\/wp-content\/uploads\/2025\/12\/mariage-toscane-villa-vistarenni36-768x512.webp 768w, https:\/\/www.boyerjulien.com\/wp-content\/uploads\/2025\/12\/mariage-toscane-villa-vistarenni36-1536x1024.webp 1536w\" sizes=\"(max-width: 1920px) 100vw, 1920px\" \/>\t\t\t\t\t\t\t\t<\/a>\n\t\t\t\t\t\t\t\t\t\t\t\t\t\t\t<\/div>\n\t\t\t\t<\/div>\n\t\t\t\t<div class=\"elementor-element elementor-element-84f11a8 elementor-widget elementor-widget-image\" data-id=\"84f11a8\" data-element_type=\"widget\" data-widget_type=\"image.default\">\n\t\t\t\t<div class=\"elementor-widget-container\">\n\t\t\t\t\t\t\t\t\t\t\t\t\t\t\t\t<a href=\"https:\/\/www.boyerjulien.com\/wp-content\/uploads\/2025\/12\/mariage-toscane-villa-vistarenni37.jpg\" data-elementor-open-lightbox=\"yes\" data-e-action-hash=\"#elementor-action%3Aaction%3Dlightbox%26settings%3DeyJpZCI6MzQxOSwidXJsIjoiaHR0cHM6XC9cL3d3dy5ib3llcmp1bGllbi5jb21cL3dwLWNvbnRlbnRcL3VwbG9hZHNcLzIwMjVcLzEyXC9tYXJpYWdlLXRvc2NhbmUtdmlsbGEtdmlzdGFyZW5uaTM3LndlYnAifQ%3D%3D\">\n\t\t\t\t\t\t\t<img loading=\"lazy\" decoding=\"async\" width=\"1280\" height=\"1920\" src=\"https:\/\/www.boyerjulien.com\/wp-content\/uploads\/2025\/12\/mariage-toscane-villa-vistarenni37.webp\" class=\"attachment-full size-full wp-image-3419\" alt=\"D\u00e9tail de vaisselle raffin\u00e9e aux motifs bleus et verrerie \u00e9l\u00e9gante pour un d\u00eener de mariage en Toscane.\" srcset=\"https:\/\/www.boyerjulien.com\/wp-content\/uploads\/2025\/12\/mariage-toscane-villa-vistarenni37.webp 1280w, https:\/\/www.boyerjulien.com\/wp-content\/uploads\/2025\/12\/mariage-toscane-villa-vistarenni37-200x300.webp 200w, https:\/\/www.boyerjulien.com\/wp-content\/uploads\/2025\/12\/mariage-toscane-villa-vistarenni37-682x1024.webp 682w, https:\/\/www.boyerjulien.com\/wp-content\/uploads\/2025\/12\/mariage-toscane-villa-vistarenni37-768x1152.webp 768w, https:\/\/www.boyerjulien.com\/wp-content\/uploads\/2025\/12\/mariage-toscane-villa-vistarenni37-1024x1536.webp 1024w\" sizes=\"(max-width: 1280px) 100vw, 1280px\" \/>\t\t\t\t\t\t\t\t<\/a>\n\t\t\t\t\t\t\t\t\t\t\t\t\t\t\t<\/div>\n\t\t\t\t<\/div>\n\t\t\t\t<div class=\"elementor-element elementor-element-60e8a48 elementor-widget elementor-widget-image\" data-id=\"60e8a48\" data-element_type=\"widget\" data-widget_type=\"image.default\">\n\t\t\t\t<div class=\"elementor-widget-container\">\n\t\t\t\t\t\t\t\t\t\t\t\t\t\t\t\t<a href=\"https:\/\/www.boyerjulien.com\/wp-content\/uploads\/2025\/12\/mariage-toscane-villa-vistarenni38.jpg\" data-elementor-open-lightbox=\"yes\" data-e-action-hash=\"#elementor-action%3Aaction%3Dlightbox%26settings%3DeyJpZCI6MzQyMCwidXJsIjoiaHR0cHM6XC9cL3d3dy5ib3llcmp1bGllbi5jb21cL3dwLWNvbnRlbnRcL3VwbG9hZHNcLzIwMjVcLzEyXC9tYXJpYWdlLXRvc2NhbmUtdmlsbGEtdmlzdGFyZW5uaTM4LndlYnAifQ%3D%3D\">\n\t\t\t\t\t\t\t<img loading=\"lazy\" decoding=\"async\" width=\"1920\" height=\"1280\" src=\"https:\/\/www.boyerjulien.com\/wp-content\/uploads\/2025\/12\/mariage-toscane-villa-vistarenni38.webp\" class=\"attachment-full size-full wp-image-3420\" alt=\"Table de mariage dress\u00e9e en ext\u00e9rieur avec guirlande v\u00e9g\u00e9tale et bougies, offrant une vue panoramique sur la Toscane.\" srcset=\"https:\/\/www.boyerjulien.com\/wp-content\/uploads\/2025\/12\/mariage-toscane-villa-vistarenni38.webp 1920w, https:\/\/www.boyerjulien.com\/wp-content\/uploads\/2025\/12\/mariage-toscane-villa-vistarenni38-300x200.webp 300w, https:\/\/www.boyerjulien.com\/wp-content\/uploads\/2025\/12\/mariage-toscane-villa-vistarenni38-1024x682.webp 1024w, https:\/\/www.boyerjulien.com\/wp-content\/uploads\/2025\/12\/mariage-toscane-villa-vistarenni38-768x512.webp 768w, https:\/\/www.boyerjulien.com\/wp-content\/uploads\/2025\/12\/mariage-toscane-villa-vistarenni38-1536x1024.webp 1536w\" sizes=\"(max-width: 1920px) 100vw, 1920px\" \/>\t\t\t\t\t\t\t\t<\/a>\n\t\t\t\t\t\t\t\t\t\t\t\t\t\t\t<\/div>\n\t\t\t\t<\/div>\n\t\t\t\t<div class=\"elementor-element elementor-element-dac4a4b uael-img-grid__column-2 uael-img-grid-tablet__column-3 uael-img-grid-mobile__column-2 uael-ins-normal elementor-widget elementor-widget-uael-image-gallery\" data-id=\"dac4a4b\" data-element_type=\"widget\" data-settings=\"{&quot;gallery_columns&quot;:&quot;2&quot;,&quot;gallery_columns_tablet&quot;:&quot;3&quot;,&quot;gallery_columns_mobile&quot;:&quot;2&quot;,&quot;column_gap&quot;:{&quot;unit&quot;:&quot;px&quot;,&quot;size&quot;:20,&quot;sizes&quot;:[]},&quot;column_gap_widescreen&quot;:{&quot;unit&quot;:&quot;px&quot;,&quot;size&quot;:&quot;&quot;,&quot;sizes&quot;:[]},&quot;column_gap_laptop&quot;:{&quot;unit&quot;:&quot;px&quot;,&quot;size&quot;:&quot;&quot;,&quot;sizes&quot;:[]},&quot;column_gap_tablet_extra&quot;:{&quot;unit&quot;:&quot;px&quot;,&quot;size&quot;:&quot;&quot;,&quot;sizes&quot;:[]},&quot;column_gap_tablet&quot;:{&quot;unit&quot;:&quot;px&quot;,&quot;size&quot;:&quot;&quot;,&quot;sizes&quot;:[]},&quot;column_gap_mobile_extra&quot;:{&quot;unit&quot;:&quot;px&quot;,&quot;size&quot;:&quot;&quot;,&quot;sizes&quot;:[]},&quot;column_gap_mobile&quot;:{&quot;unit&quot;:&quot;px&quot;,&quot;size&quot;:&quot;&quot;,&quot;sizes&quot;:[]},&quot;row_gap&quot;:{&quot;unit&quot;:&quot;px&quot;,&quot;size&quot;:20,&quot;sizes&quot;:[]},&quot;row_gap_widescreen&quot;:{&quot;unit&quot;:&quot;px&quot;,&quot;size&quot;:&quot;&quot;,&quot;sizes&quot;:[]},&quot;row_gap_laptop&quot;:{&quot;unit&quot;:&quot;px&quot;,&quot;size&quot;:&quot;&quot;,&quot;sizes&quot;:[]},&quot;row_gap_tablet_extra&quot;:{&quot;unit&quot;:&quot;px&quot;,&quot;size&quot;:&quot;&quot;,&quot;sizes&quot;:[]},&quot;row_gap_tablet&quot;:{&quot;unit&quot;:&quot;px&quot;,&quot;size&quot;:&quot;&quot;,&quot;sizes&quot;:[]},&quot;row_gap_mobile_extra&quot;:{&quot;unit&quot;:&quot;px&quot;,&quot;size&quot;:&quot;&quot;,&quot;sizes&quot;:[]},&quot;row_gap_mobile&quot;:{&quot;unit&quot;:&quot;px&quot;,&quot;size&quot;:&quot;&quot;,&quot;sizes&quot;:[]}}\" data-widget_type=\"uael-image-gallery.default\">\n\t\t\t\t<div class=\"elementor-widget-container\">\n\t\t\t\t\t<div class=\"uael-gallery-parent uael-caption- uael-gallery-unjustified\"><div class=\"uael-img-gallery-wrap uael-img-masonry-wrap uael-img-grid-masonry-wrap uael-masonry uael-image-lightbox-wrap\" data-filter-default=\"All\" data-lightbox_actions=\"[&quot;close&quot;]\" data-lightbox-gallery-loop=\"\"><div class=\"uael-grid-item  uael-img-gallery-item-1\"><div class=\"uael-grid-item-content\"><a class=\"uael-grid-img uael-grid-gallery-img uael-ins-hover elementor-clickable\" data-fancybox=\"uael-gallery\" href=\"https:\/\/www.boyerjulien.com\/wp-content\/uploads\/2025\/12\/mariage-toscane-villa-vistarenni39.webp\" data-elementor-open-lightbox=\"no\"><div class=\"uael-grid-img-thumbnail uael-ins-target\"><img loading=\"lazy\" decoding=\"async\" width=\"682\" height=\"1024\" src=\"https:\/\/www.boyerjulien.com\/wp-content\/uploads\/2025\/12\/mariage-toscane-villa-vistarenni39-682x1024.webp\" class=\"attachment-large size-large wp-image-3421\" alt=\"Longue table de r\u00e9ception d\u00e9cor\u00e9e de bougies et feuillage pour un d\u00eener de mariage \u00e9l\u00e9gant en Toscane, ambiance chaleureuse et romantique.\" srcset=\"https:\/\/www.boyerjulien.com\/wp-content\/uploads\/2025\/12\/mariage-toscane-villa-vistarenni39-682x1024.webp 682w, https:\/\/www.boyerjulien.com\/wp-content\/uploads\/2025\/12\/mariage-toscane-villa-vistarenni39-200x300.webp 200w, https:\/\/www.boyerjulien.com\/wp-content\/uploads\/2025\/12\/mariage-toscane-villa-vistarenni39-768x1152.webp 768w, https:\/\/www.boyerjulien.com\/wp-content\/uploads\/2025\/12\/mariage-toscane-villa-vistarenni39-1024x1536.webp 1024w, https:\/\/www.boyerjulien.com\/wp-content\/uploads\/2025\/12\/mariage-toscane-villa-vistarenni39.webp 1280w\" sizes=\"(max-width: 682px) 100vw, 682px\" \/><\/div><div class=\"uael-grid-img-overlay\"><\/div><\/a><\/div><\/div><div class=\"uael-grid-item  uael-img-gallery-item-2\"><div class=\"uael-grid-item-content\"><a class=\"uael-grid-img uael-grid-gallery-img uael-ins-hover elementor-clickable\" data-fancybox=\"uael-gallery\" href=\"https:\/\/www.boyerjulien.com\/wp-content\/uploads\/2025\/12\/mariage-toscane-villa-vistarenni40.webp\" data-elementor-open-lightbox=\"no\"><div class=\"uael-grid-img-thumbnail uael-ins-target\"><img loading=\"lazy\" decoding=\"async\" width=\"682\" height=\"1024\" src=\"https:\/\/www.boyerjulien.com\/wp-content\/uploads\/2025\/12\/mariage-toscane-villa-vistarenni40-682x1024.webp\" class=\"attachment-large size-large wp-image-3422\" alt=\"Gros plan sur des verres grav\u00e9s et une d\u00e9coration florale d\u00e9licate lors d\u2019un mariage de destination en Toscane.\" srcset=\"https:\/\/www.boyerjulien.com\/wp-content\/uploads\/2025\/12\/mariage-toscane-villa-vistarenni40-682x1024.webp 682w, https:\/\/www.boyerjulien.com\/wp-content\/uploads\/2025\/12\/mariage-toscane-villa-vistarenni40-200x300.webp 200w, https:\/\/www.boyerjulien.com\/wp-content\/uploads\/2025\/12\/mariage-toscane-villa-vistarenni40-768x1152.webp 768w, https:\/\/www.boyerjulien.com\/wp-content\/uploads\/2025\/12\/mariage-toscane-villa-vistarenni40-1024x1536.webp 1024w, https:\/\/www.boyerjulien.com\/wp-content\/uploads\/2025\/12\/mariage-toscane-villa-vistarenni40.webp 1280w\" sizes=\"(max-width: 682px) 100vw, 682px\" \/><\/div><div class=\"uael-grid-img-overlay\"><\/div><\/a><\/div><\/div><div class=\"uael-grid-item  uael-img-gallery-item-3\"><div class=\"uael-grid-item-content\"><a class=\"uael-grid-img uael-grid-gallery-img uael-ins-hover elementor-clickable\" data-fancybox=\"uael-gallery\" href=\"https:\/\/www.boyerjulien.com\/wp-content\/uploads\/2025\/12\/mariage-toscane-villa-vistarenni41.webp\" data-elementor-open-lightbox=\"no\"><div class=\"uael-grid-img-thumbnail uael-ins-target\"><img loading=\"lazy\" decoding=\"async\" width=\"683\" height=\"1024\" src=\"https:\/\/www.boyerjulien.com\/wp-content\/uploads\/2025\/12\/mariage-toscane-villa-vistarenni41-683x1024.webp\" class=\"attachment-large size-large wp-image-3423\" alt=\"Verres, assiettes et composition florale \u00e9l\u00e9gante sur une table de r\u00e9ception en Toscane, photographie de mariage r\u00e9alis\u00e9e par Julien Boyer.\" srcset=\"https:\/\/www.boyerjulien.com\/wp-content\/uploads\/2025\/12\/mariage-toscane-villa-vistarenni41-683x1024.webp 683w, https:\/\/www.boyerjulien.com\/wp-content\/uploads\/2025\/12\/mariage-toscane-villa-vistarenni41-200x300.webp 200w, https:\/\/www.boyerjulien.com\/wp-content\/uploads\/2025\/12\/mariage-toscane-villa-vistarenni41-768x1151.webp 768w, https:\/\/www.boyerjulien.com\/wp-content\/uploads\/2025\/12\/mariage-toscane-villa-vistarenni41-1025x1536.webp 1025w, https:\/\/www.boyerjulien.com\/wp-content\/uploads\/2025\/12\/mariage-toscane-villa-vistarenni41.webp 1281w\" sizes=\"(max-width: 683px) 100vw, 683px\" \/><\/div><div class=\"uael-grid-img-overlay\"><\/div><\/a><\/div><\/div><div class=\"uael-grid-item  uael-img-gallery-item-4\"><div class=\"uael-grid-item-content\"><a class=\"uael-grid-img uael-grid-gallery-img uael-ins-hover elementor-clickable\" data-fancybox=\"uael-gallery\" href=\"https:\/\/www.boyerjulien.com\/wp-content\/uploads\/2025\/12\/mariage-toscane-villa-vistarenni42.webp\" data-elementor-open-lightbox=\"no\"><div class=\"uael-grid-img-thumbnail uael-ins-target\"><img loading=\"lazy\" decoding=\"async\" width=\"682\" height=\"1024\" src=\"https:\/\/www.boyerjulien.com\/wp-content\/uploads\/2025\/12\/mariage-toscane-villa-vistarenni42-682x1024.webp\" class=\"attachment-large size-large wp-image-3424\" alt=\"Gros plan sur des verres grav\u00e9s dispos\u00e9s sur une table de r\u00e9ception lors d\u2019un mariage de destination en Toscane, ambiance raffin\u00e9e et chaleureuse, photo prise par Julien Boyer, photographe de destination.\" srcset=\"https:\/\/www.boyerjulien.com\/wp-content\/uploads\/2025\/12\/mariage-toscane-villa-vistarenni42-682x1024.webp 682w, https:\/\/www.boyerjulien.com\/wp-content\/uploads\/2025\/12\/mariage-toscane-villa-vistarenni42-200x300.webp 200w, https:\/\/www.boyerjulien.com\/wp-content\/uploads\/2025\/12\/mariage-toscane-villa-vistarenni42-768x1152.webp 768w, https:\/\/www.boyerjulien.com\/wp-content\/uploads\/2025\/12\/mariage-toscane-villa-vistarenni42-1024x1536.webp 1024w, https:\/\/www.boyerjulien.com\/wp-content\/uploads\/2025\/12\/mariage-toscane-villa-vistarenni42.webp 1280w\" sizes=\"(max-width: 682px) 100vw, 682px\" \/><\/div><div class=\"uael-grid-img-overlay\"><\/div><\/a><\/div><\/div><\/div><\/div>\t\t\t\t<\/div>\n\t\t\t\t<\/div>\n\t\t\t\t<div class=\"elementor-element elementor-element-3b190e4 elementor-widget elementor-widget-image\" data-id=\"3b190e4\" data-element_type=\"widget\" data-widget_type=\"image.default\">\n\t\t\t\t<div class=\"elementor-widget-container\">\n\t\t\t\t\t\t\t\t\t\t\t\t\t\t\t\t<a href=\"https:\/\/www.boyerjulien.com\/wp-content\/uploads\/2025\/12\/mariage-toscane-villa-vistarenni43.jpg\" data-elementor-open-lightbox=\"yes\" data-e-action-hash=\"#elementor-action%3Aaction%3Dlightbox%26settings%3DeyJpZCI6MzQyNSwidXJsIjoiaHR0cHM6XC9cL3d3dy5ib3llcmp1bGllbi5jb21cL3dwLWNvbnRlbnRcL3VwbG9hZHNcLzIwMjVcLzEyXC9tYXJpYWdlLXRvc2NhbmUtdmlsbGEtdmlzdGFyZW5uaTQzLndlYnAifQ%3D%3D\">\n\t\t\t\t\t\t\t<img loading=\"lazy\" decoding=\"async\" width=\"1280\" height=\"1920\" src=\"https:\/\/www.boyerjulien.com\/wp-content\/uploads\/2025\/12\/mariage-toscane-villa-vistarenni43.webp\" class=\"attachment-full size-full wp-image-3425\" alt=\"Mari\u00e9e en robe de dentelle tenant son bouquet face aux collines de Toscane \u00e0 la Villa Vistarenni, photographie de mariage \u00e9l\u00e9gante et lumineuse.\" srcset=\"https:\/\/www.boyerjulien.com\/wp-content\/uploads\/2025\/12\/mariage-toscane-villa-vistarenni43.webp 1280w, https:\/\/www.boyerjulien.com\/wp-content\/uploads\/2025\/12\/mariage-toscane-villa-vistarenni43-200x300.webp 200w, https:\/\/www.boyerjulien.com\/wp-content\/uploads\/2025\/12\/mariage-toscane-villa-vistarenni43-682x1024.webp 682w, https:\/\/www.boyerjulien.com\/wp-content\/uploads\/2025\/12\/mariage-toscane-villa-vistarenni43-768x1152.webp 768w, https:\/\/www.boyerjulien.com\/wp-content\/uploads\/2025\/12\/mariage-toscane-villa-vistarenni43-1024x1536.webp 1024w\" sizes=\"(max-width: 1280px) 100vw, 1280px\" \/>\t\t\t\t\t\t\t\t<\/a>\n\t\t\t\t\t\t\t\t\t\t\t\t\t\t\t<\/div>\n\t\t\t\t<\/div>\n\t\t\t\t<div class=\"elementor-element elementor-element-439b651 elementor-widget elementor-widget-image\" data-id=\"439b651\" data-element_type=\"widget\" data-widget_type=\"image.default\">\n\t\t\t\t<div class=\"elementor-widget-container\">\n\t\t\t\t\t\t\t\t\t\t\t\t\t\t\t\t<a href=\"https:\/\/www.boyerjulien.com\/wp-content\/uploads\/2025\/12\/mariage-toscane-villa-vistarenni44.jpg\" data-elementor-open-lightbox=\"yes\" data-e-action-hash=\"#elementor-action%3Aaction%3Dlightbox%26settings%3DeyJpZCI6MzQyNiwidXJsIjoiaHR0cHM6XC9cL3d3dy5ib3llcmp1bGllbi5jb21cL3dwLWNvbnRlbnRcL3VwbG9hZHNcLzIwMjVcLzEyXC9tYXJpYWdlLXRvc2NhbmUtdmlsbGEtdmlzdGFyZW5uaTQ0LndlYnAifQ%3D%3D\">\n\t\t\t\t\t\t\t<img loading=\"lazy\" decoding=\"async\" width=\"1280\" height=\"1920\" src=\"https:\/\/www.boyerjulien.com\/wp-content\/uploads\/2025\/12\/mariage-toscane-villa-vistarenni44.webp\" class=\"attachment-full size-full wp-image-3426\" alt=\"Les mari\u00e9s enlac\u00e9s sourient avec vue sur les paysages toscans, s\u00e9ance couple lors d\u2019un mariage \u00e0 la Villa Vistarenni, photo prise par Julien Boyer.\" srcset=\"https:\/\/www.boyerjulien.com\/wp-content\/uploads\/2025\/12\/mariage-toscane-villa-vistarenni44.webp 1280w, https:\/\/www.boyerjulien.com\/wp-content\/uploads\/2025\/12\/mariage-toscane-villa-vistarenni44-200x300.webp 200w, https:\/\/www.boyerjulien.com\/wp-content\/uploads\/2025\/12\/mariage-toscane-villa-vistarenni44-682x1024.webp 682w, https:\/\/www.boyerjulien.com\/wp-content\/uploads\/2025\/12\/mariage-toscane-villa-vistarenni44-768x1152.webp 768w, https:\/\/www.boyerjulien.com\/wp-content\/uploads\/2025\/12\/mariage-toscane-villa-vistarenni44-1024x1536.webp 1024w\" sizes=\"(max-width: 1280px) 100vw, 1280px\" \/>\t\t\t\t\t\t\t\t<\/a>\n\t\t\t\t\t\t\t\t\t\t\t\t\t\t\t<\/div>\n\t\t\t\t<\/div>\n\t\t\t\t<div class=\"elementor-element elementor-element-68dd726 elementor-widget elementor-widget-image\" data-id=\"68dd726\" data-element_type=\"widget\" data-widget_type=\"image.default\">\n\t\t\t\t<div class=\"elementor-widget-container\">\n\t\t\t\t\t\t\t\t\t\t\t\t\t\t\t\t<a href=\"https:\/\/www.boyerjulien.com\/wp-content\/uploads\/2025\/12\/mariage-toscane-villa-vistarenni45.jpg\" data-elementor-open-lightbox=\"yes\" data-e-action-hash=\"#elementor-action%3Aaction%3Dlightbox%26settings%3DeyJpZCI6MzQyNywidXJsIjoiaHR0cHM6XC9cL3d3dy5ib3llcmp1bGllbi5jb21cL3dwLWNvbnRlbnRcL3VwbG9hZHNcLzIwMjVcLzEyXC9tYXJpYWdlLXRvc2NhbmUtdmlsbGEtdmlzdGFyZW5uaTQ1LndlYnAifQ%3D%3D\">\n\t\t\t\t\t\t\t<img loading=\"lazy\" decoding=\"async\" width=\"1280\" height=\"1920\" src=\"https:\/\/www.boyerjulien.com\/wp-content\/uploads\/2025\/12\/mariage-toscane-villa-vistarenni45.webp\" class=\"attachment-full size-full wp-image-3427\" alt=\"Entr\u00e9e de la Villa Vistarenni en Toscane avec porte en bois, lanternes murales et plantes en pot, lieu de mariage de charme en Italie.\" srcset=\"https:\/\/www.boyerjulien.com\/wp-content\/uploads\/2025\/12\/mariage-toscane-villa-vistarenni45.webp 1280w, https:\/\/www.boyerjulien.com\/wp-content\/uploads\/2025\/12\/mariage-toscane-villa-vistarenni45-200x300.webp 200w, https:\/\/www.boyerjulien.com\/wp-content\/uploads\/2025\/12\/mariage-toscane-villa-vistarenni45-682x1024.webp 682w, https:\/\/www.boyerjulien.com\/wp-content\/uploads\/2025\/12\/mariage-toscane-villa-vistarenni45-768x1152.webp 768w, https:\/\/www.boyerjulien.com\/wp-content\/uploads\/2025\/12\/mariage-toscane-villa-vistarenni45-1024x1536.webp 1024w\" sizes=\"(max-width: 1280px) 100vw, 1280px\" \/>\t\t\t\t\t\t\t\t<\/a>\n\t\t\t\t\t\t\t\t\t\t\t\t\t\t\t<\/div>\n\t\t\t\t<\/div>\n\t\t\t\t<div class=\"elementor-element elementor-element-e63e28a elementor-widget elementor-widget-image\" data-id=\"e63e28a\" data-element_type=\"widget\" data-widget_type=\"image.default\">\n\t\t\t\t<div class=\"elementor-widget-container\">\n\t\t\t\t\t\t\t\t\t\t\t\t\t\t\t\t<a href=\"https:\/\/www.boyerjulien.com\/wp-content\/uploads\/2025\/12\/mariage-toscane-villa-vistarenni46.jpg\" data-elementor-open-lightbox=\"yes\" data-e-action-hash=\"#elementor-action%3Aaction%3Dlightbox%26settings%3DeyJpZCI6MzQyOCwidXJsIjoiaHR0cHM6XC9cL3d3dy5ib3llcmp1bGllbi5jb21cL3dwLWNvbnRlbnRcL3VwbG9hZHNcLzIwMjVcLzEyXC9tYXJpYWdlLXRvc2NhbmUtdmlsbGEtdmlzdGFyZW5uaTQ2LndlYnAifQ%3D%3D\">\n\t\t\t\t\t\t\t<img loading=\"lazy\" decoding=\"async\" width=\"1920\" height=\"1280\" src=\"https:\/\/www.boyerjulien.com\/wp-content\/uploads\/2025\/12\/mariage-toscane-villa-vistarenni46.webp\" class=\"attachment-full size-full wp-image-3428\" alt=\"Duo de musiciens jouant du violon et du violoncelle lors du cocktail d\u2019un mariage de destination en Toscane, ambiance raffin\u00e9e en ext\u00e9rieur.\" srcset=\"https:\/\/www.boyerjulien.com\/wp-content\/uploads\/2025\/12\/mariage-toscane-villa-vistarenni46.webp 1920w, https:\/\/www.boyerjulien.com\/wp-content\/uploads\/2025\/12\/mariage-toscane-villa-vistarenni46-300x200.webp 300w, https:\/\/www.boyerjulien.com\/wp-content\/uploads\/2025\/12\/mariage-toscane-villa-vistarenni46-1024x682.webp 1024w, https:\/\/www.boyerjulien.com\/wp-content\/uploads\/2025\/12\/mariage-toscane-villa-vistarenni46-768x512.webp 768w, https:\/\/www.boyerjulien.com\/wp-content\/uploads\/2025\/12\/mariage-toscane-villa-vistarenni46-1536x1024.webp 1536w\" sizes=\"(max-width: 1920px) 100vw, 1920px\" \/>\t\t\t\t\t\t\t\t<\/a>\n\t\t\t\t\t\t\t\t\t\t\t\t\t\t\t<\/div>\n\t\t\t\t<\/div>\n\t\t\t\t<div class=\"elementor-element elementor-element-06badcf elementor-widget elementor-widget-image\" data-id=\"06badcf\" data-element_type=\"widget\" data-widget_type=\"image.default\">\n\t\t\t\t<div class=\"elementor-widget-container\">\n\t\t\t\t\t\t\t\t\t\t\t\t\t\t\t\t<a href=\"https:\/\/www.boyerjulien.com\/wp-content\/uploads\/2025\/12\/mariage-toscane-villa-vistarenni47.jpg\" data-elementor-open-lightbox=\"yes\" data-e-action-hash=\"#elementor-action%3Aaction%3Dlightbox%26settings%3DeyJpZCI6MzQyOSwidXJsIjoiaHR0cHM6XC9cL3d3dy5ib3llcmp1bGllbi5jb21cL3dwLWNvbnRlbnRcL3VwbG9hZHNcLzIwMjVcLzEyXC9tYXJpYWdlLXRvc2NhbmUtdmlsbGEtdmlzdGFyZW5uaTQ3LndlYnAifQ%3D%3D\">\n\t\t\t\t\t\t\t<img loading=\"lazy\" decoding=\"async\" width=\"1280\" height=\"1920\" src=\"https:\/\/www.boyerjulien.com\/wp-content\/uploads\/2025\/12\/mariage-toscane-villa-vistarenni47.webp\" class=\"attachment-full size-full wp-image-3429\" alt=\"Les mari\u00e9s dansent leur premi\u00e8re danse en ext\u00e9rieur sous les arbres lors de la soir\u00e9e de mariage \u00e0 la Villa Vistarenni en Toscane, ambiance musicale live, photo par Julien Boyer.\" srcset=\"https:\/\/www.boyerjulien.com\/wp-content\/uploads\/2025\/12\/mariage-toscane-villa-vistarenni47.webp 1280w, https:\/\/www.boyerjulien.com\/wp-content\/uploads\/2025\/12\/mariage-toscane-villa-vistarenni47-200x300.webp 200w, https:\/\/www.boyerjulien.com\/wp-content\/uploads\/2025\/12\/mariage-toscane-villa-vistarenni47-682x1024.webp 682w, https:\/\/www.boyerjulien.com\/wp-content\/uploads\/2025\/12\/mariage-toscane-villa-vistarenni47-768x1152.webp 768w, https:\/\/www.boyerjulien.com\/wp-content\/uploads\/2025\/12\/mariage-toscane-villa-vistarenni47-1024x1536.webp 1024w\" sizes=\"(max-width: 1280px) 100vw, 1280px\" \/>\t\t\t\t\t\t\t\t<\/a>\n\t\t\t\t\t\t\t\t\t\t\t\t\t\t\t<\/div>\n\t\t\t\t<\/div>\n\t\t\t\t<div class=\"elementor-element elementor-element-61ea5c7 elementor-widget elementor-widget-image\" data-id=\"61ea5c7\" data-element_type=\"widget\" data-widget_type=\"image.default\">\n\t\t\t\t<div class=\"elementor-widget-container\">\n\t\t\t\t\t\t\t\t\t\t\t\t\t\t\t\t<a href=\"https:\/\/www.boyerjulien.com\/wp-content\/uploads\/2025\/12\/mariage-toscane-villa-vistarenni48.jpg\" data-elementor-open-lightbox=\"yes\" data-e-action-hash=\"#elementor-action%3Aaction%3Dlightbox%26settings%3DeyJpZCI6MzQzMCwidXJsIjoiaHR0cHM6XC9cL3d3dy5ib3llcmp1bGllbi5jb21cL3dwLWNvbnRlbnRcL3VwbG9hZHNcLzIwMjVcLzEyXC9tYXJpYWdlLXRvc2NhbmUtdmlsbGEtdmlzdGFyZW5uaTQ4LndlYnAifQ%3D%3D\">\n\t\t\t\t\t\t\t<img loading=\"lazy\" decoding=\"async\" width=\"1920\" height=\"1280\" src=\"https:\/\/www.boyerjulien.com\/wp-content\/uploads\/2025\/12\/mariage-toscane-villa-vistarenni48.webp\" class=\"attachment-full size-full wp-image-3430\" alt=\"Groupe de musique live animant la soir\u00e9e de mariage en Toscane, musiciens sur sc\u00e8ne en plein air \u00e0 la Villa Vistarenni, photographie de destination par Julien Boyer.\" srcset=\"https:\/\/www.boyerjulien.com\/wp-content\/uploads\/2025\/12\/mariage-toscane-villa-vistarenni48.webp 1920w, https:\/\/www.boyerjulien.com\/wp-content\/uploads\/2025\/12\/mariage-toscane-villa-vistarenni48-300x200.webp 300w, https:\/\/www.boyerjulien.com\/wp-content\/uploads\/2025\/12\/mariage-toscane-villa-vistarenni48-1024x682.webp 1024w, https:\/\/www.boyerjulien.com\/wp-content\/uploads\/2025\/12\/mariage-toscane-villa-vistarenni48-768x512.webp 768w, https:\/\/www.boyerjulien.com\/wp-content\/uploads\/2025\/12\/mariage-toscane-villa-vistarenni48-1536x1024.webp 1536w\" sizes=\"(max-width: 1920px) 100vw, 1920px\" \/>\t\t\t\t\t\t\t\t<\/a>\n\t\t\t\t\t\t\t\t\t\t\t\t\t\t\t<\/div>\n\t\t\t\t<\/div>\n\t\t\t\t<div class=\"elementor-element elementor-element-3fe5f60 elementor-widget elementor-widget-image\" data-id=\"3fe5f60\" data-element_type=\"widget\" data-widget_type=\"image.default\">\n\t\t\t\t<div class=\"elementor-widget-container\">\n\t\t\t\t\t\t\t\t\t\t\t\t\t\t\t\t<a href=\"https:\/\/www.boyerjulien.com\/wp-content\/uploads\/2025\/12\/mariage-toscane-villa-vistarenni49.jpg\" data-elementor-open-lightbox=\"yes\" data-e-action-hash=\"#elementor-action%3Aaction%3Dlightbox%26settings%3DeyJpZCI6MzQzMSwidXJsIjoiaHR0cHM6XC9cL3d3dy5ib3llcmp1bGllbi5jb21cL3dwLWNvbnRlbnRcL3VwbG9hZHNcLzIwMjVcLzEyXC9tYXJpYWdlLXRvc2NhbmUtdmlsbGEtdmlzdGFyZW5uaTQ5LndlYnAifQ%3D%3D\">\n\t\t\t\t\t\t\t<img loading=\"lazy\" decoding=\"async\" width=\"1920\" height=\"1280\" src=\"https:\/\/www.boyerjulien.com\/wp-content\/uploads\/2025\/12\/mariage-toscane-villa-vistarenni49.webp\" class=\"attachment-full size-full wp-image-3431\" alt=\"Groupe de musique live jouant en ext\u00e9rieur lors de la soir\u00e9e de mariage \u00e0 la Villa Vistarenni en Toscane, ambiance festive et \u00e9l\u00e9gante.\" srcset=\"https:\/\/www.boyerjulien.com\/wp-content\/uploads\/2025\/12\/mariage-toscane-villa-vistarenni49.webp 1920w, https:\/\/www.boyerjulien.com\/wp-content\/uploads\/2025\/12\/mariage-toscane-villa-vistarenni49-300x200.webp 300w, https:\/\/www.boyerjulien.com\/wp-content\/uploads\/2025\/12\/mariage-toscane-villa-vistarenni49-1024x682.webp 1024w, https:\/\/www.boyerjulien.com\/wp-content\/uploads\/2025\/12\/mariage-toscane-villa-vistarenni49-768x512.webp 768w, https:\/\/www.boyerjulien.com\/wp-content\/uploads\/2025\/12\/mariage-toscane-villa-vistarenni49-1536x1024.webp 1536w\" sizes=\"(max-width: 1920px) 100vw, 1920px\" \/>\t\t\t\t\t\t\t\t<\/a>\n\t\t\t\t\t\t\t\t\t\t\t\t\t\t\t<\/div>\n\t\t\t\t<\/div>\n\t\t\t\t<div class=\"elementor-element elementor-element-8ceedae elementor-widget elementor-widget-image\" data-id=\"8ceedae\" data-element_type=\"widget\" data-widget_type=\"image.default\">\n\t\t\t\t<div class=\"elementor-widget-container\">\n\t\t\t\t\t\t\t\t\t\t\t\t\t\t\t\t<a href=\"https:\/\/www.boyerjulien.com\/wp-content\/uploads\/2025\/12\/mariage-toscane-villa-vistarenni50.jpg\" data-elementor-open-lightbox=\"yes\" data-e-action-hash=\"#elementor-action%3Aaction%3Dlightbox%26settings%3DeyJpZCI6MzQzMiwidXJsIjoiaHR0cHM6XC9cL3d3dy5ib3llcmp1bGllbi5jb21cL3dwLWNvbnRlbnRcL3VwbG9hZHNcLzIwMjVcLzEyXC9tYXJpYWdlLXRvc2NhbmUtdmlsbGEtdmlzdGFyZW5uaTUwLndlYnAifQ%3D%3D\">\n\t\t\t\t\t\t\t<img loading=\"lazy\" decoding=\"async\" width=\"1280\" height=\"1920\" src=\"https:\/\/www.boyerjulien.com\/wp-content\/uploads\/2025\/12\/mariage-toscane-villa-vistarenni50.webp\" class=\"attachment-full size-full wp-image-3432\" alt=\"Chef p\u00e2tissier d\u00e9coupant le g\u00e2teau de mariage lors d\u2019une r\u00e9ception en Toscane, moment gourmand et convivial photographi\u00e9 par Julien Boyer.\" srcset=\"https:\/\/www.boyerjulien.com\/wp-content\/uploads\/2025\/12\/mariage-toscane-villa-vistarenni50.webp 1280w, https:\/\/www.boyerjulien.com\/wp-content\/uploads\/2025\/12\/mariage-toscane-villa-vistarenni50-200x300.webp 200w, https:\/\/www.boyerjulien.com\/wp-content\/uploads\/2025\/12\/mariage-toscane-villa-vistarenni50-682x1024.webp 682w, https:\/\/www.boyerjulien.com\/wp-content\/uploads\/2025\/12\/mariage-toscane-villa-vistarenni50-768x1152.webp 768w, https:\/\/www.boyerjulien.com\/wp-content\/uploads\/2025\/12\/mariage-toscane-villa-vistarenni50-1024x1536.webp 1024w\" sizes=\"(max-width: 1280px) 100vw, 1280px\" \/>\t\t\t\t\t\t\t\t<\/a>\n\t\t\t\t\t\t\t\t\t\t\t\t\t\t\t<\/div>\n\t\t\t\t<\/div>\n\t\t\t\t<div class=\"elementor-element elementor-element-782efb1 elementor-widget elementor-widget-image\" data-id=\"782efb1\" data-element_type=\"widget\" data-widget_type=\"image.default\">\n\t\t\t\t<div class=\"elementor-widget-container\">\n\t\t\t\t\t\t\t\t\t\t\t\t\t\t\t\t<a href=\"https:\/\/www.boyerjulien.com\/wp-content\/uploads\/2025\/12\/mariage-toscane-villa-vistarenni51.jpg\" data-elementor-open-lightbox=\"yes\" data-e-action-hash=\"#elementor-action%3Aaction%3Dlightbox%26settings%3DeyJpZCI6MzQzMywidXJsIjoiaHR0cHM6XC9cL3d3dy5ib3llcmp1bGllbi5jb21cL3dwLWNvbnRlbnRcL3VwbG9hZHNcLzIwMjVcLzEyXC9tYXJpYWdlLXRvc2NhbmUtdmlsbGEtdmlzdGFyZW5uaTUxLndlYnAifQ%3D%3D\">\n\t\t\t\t\t\t\t<img loading=\"lazy\" decoding=\"async\" width=\"1920\" height=\"1280\" src=\"https:\/\/www.boyerjulien.com\/wp-content\/uploads\/2025\/12\/mariage-toscane-villa-vistarenni51.webp\" class=\"attachment-full size-full wp-image-3433\" alt=\"Chef p\u00e2tissier finalisant la d\u00e9coration d\u2019un g\u00e2teau de mariage italien aux fruits rouges lors d\u2019un mariage de destination \u00e0 la Villa Vistarenni.\" srcset=\"https:\/\/www.boyerjulien.com\/wp-content\/uploads\/2025\/12\/mariage-toscane-villa-vistarenni51.webp 1920w, https:\/\/www.boyerjulien.com\/wp-content\/uploads\/2025\/12\/mariage-toscane-villa-vistarenni51-300x200.webp 300w, https:\/\/www.boyerjulien.com\/wp-content\/uploads\/2025\/12\/mariage-toscane-villa-vistarenni51-1024x682.webp 1024w, https:\/\/www.boyerjulien.com\/wp-content\/uploads\/2025\/12\/mariage-toscane-villa-vistarenni51-768x512.webp 768w, https:\/\/www.boyerjulien.com\/wp-content\/uploads\/2025\/12\/mariage-toscane-villa-vistarenni51-1536x1024.webp 1536w\" sizes=\"(max-width: 1920px) 100vw, 1920px\" \/>\t\t\t\t\t\t\t\t<\/a>\n\t\t\t\t\t\t\t\t\t\t\t\t\t\t\t<\/div>\n\t\t\t\t<\/div>\n\t\t\t\t<div class=\"elementor-element elementor-element-d9b050c elementor-widget elementor-widget-image\" data-id=\"d9b050c\" data-element_type=\"widget\" data-widget_type=\"image.default\">\n\t\t\t\t<div class=\"elementor-widget-container\">\n\t\t\t\t\t\t\t\t\t\t\t\t\t\t\t\t<a href=\"https:\/\/www.boyerjulien.com\/wp-content\/uploads\/2025\/12\/mariage-toscane-villa-vistarenni52.jpg\" data-elementor-open-lightbox=\"yes\" data-e-action-hash=\"#elementor-action%3Aaction%3Dlightbox%26settings%3DeyJpZCI6MzQzNCwidXJsIjoiaHR0cHM6XC9cL3d3dy5ib3llcmp1bGllbi5jb21cL3dwLWNvbnRlbnRcL3VwbG9hZHNcLzIwMjVcLzEyXC9tYXJpYWdlLXRvc2NhbmUtdmlsbGEtdmlzdGFyZW5uaTUyLndlYnAifQ%3D%3D\">\n\t\t\t\t\t\t\t<img loading=\"lazy\" decoding=\"async\" width=\"1920\" height=\"1280\" src=\"https:\/\/www.boyerjulien.com\/wp-content\/uploads\/2025\/12\/mariage-toscane-villa-vistarenni52.webp\" class=\"attachment-full size-full wp-image-3434\" alt=\"G\u00e2teau de mariage raffin\u00e9 aux fruits rouges et cr\u00e8me pr\u00e9sent\u00e9 en soir\u00e9e lors d\u2019un mariage en Toscane, photo de d\u00e9tail prise par Julien Boyer.\" srcset=\"https:\/\/www.boyerjulien.com\/wp-content\/uploads\/2025\/12\/mariage-toscane-villa-vistarenni52.webp 1920w, https:\/\/www.boyerjulien.com\/wp-content\/uploads\/2025\/12\/mariage-toscane-villa-vistarenni52-300x200.webp 300w, https:\/\/www.boyerjulien.com\/wp-content\/uploads\/2025\/12\/mariage-toscane-villa-vistarenni52-1024x682.webp 1024w, https:\/\/www.boyerjulien.com\/wp-content\/uploads\/2025\/12\/mariage-toscane-villa-vistarenni52-768x512.webp 768w, https:\/\/www.boyerjulien.com\/wp-content\/uploads\/2025\/12\/mariage-toscane-villa-vistarenni52-1536x1024.webp 1536w\" sizes=\"(max-width: 1920px) 100vw, 1920px\" \/>\t\t\t\t\t\t\t\t<\/a>\n\t\t\t\t\t\t\t\t\t\t\t\t\t\t\t<\/div>\n\t\t\t\t<\/div>\n\t\t\t\t<\/div>\n\t\t\t\t\t<\/div>\n\t\t\t\t<\/div>\n\t\t\t\t<\/div>\n\t\t","protected":false},"featured_media":3415,"template":"","meta":{"_seopress_robots_primary_cat":"","_seopress_titles_title":"Mariage \u00e0 la Villa Vistarenni | Photographe de mariage","_seopress_titles_desc":"Reportage photo de mariage \u00e0 la Villa Vistarenni, pour capturer des moments naturels et sinc\u00e8res au c\u0153ur des paysages toscans.","_seopress_robots_index":"","site-sidebar-layout":"no-sidebar","site-content-layout":"","ast-site-content-layout":"full-width-container","site-content-style":"default","site-sidebar-style":"default","ast-global-header-display":"","ast-banner-title-visibility":"","ast-main-header-display":"","ast-hfb-above-header-display":"","ast-hfb-below-header-display":"","ast-hfb-mobile-header-display":"","site-post-title":"","ast-breadcrumbs-content":"","ast-featured-img":"disabled","footer-sml-layout":"","ast-disable-related-posts":"","theme-transparent-header-meta":"","adv-header-id-meta":"","stick-header-meta":"","header-above-stick-meta":"","header-main-stick-meta":"","header-below-stick-meta":"","astra-migrate-meta-layouts":"default","ast-page-background-enabled":"default","ast-page-background-meta":{"desktop":{"background-color":"var(--ast-global-color-5)","background-image":"","background-repeat":"repeat","background-position":"center center","background-size":"auto","background-attachment":"scroll","background-type":"","background-media":"","overlay-type":"","overlay-color":"","overlay-opacity":"","overlay-gradient":""},"tablet":{"background-color":"","background-image":"","background-repeat":"repeat","background-position":"center center","background-size":"auto","background-attachment":"scroll","background-type":"","background-media":"","overlay-type":"","overlay-color":"","overlay-opacity":"","overlay-gradient":""},"mobile":{"background-color":"","background-image":"","background-repeat":"repeat","background-position":"center center","background-size":"auto","background-attachment":"scroll","background-type":"","background-media":"","overlay-type":"","overlay-color":"","overlay-opacity":"","overlay-gradient":""}},"ast-content-background-meta":{"desktop":{"background-color":"var(--ast-global-color-4)","background-image":"","background-repeat":"repeat","background-position":"center center","background-size":"auto","background-attachment":"scroll","background-type":"","background-media":"","overlay-type":"","overlay-color":"","overlay-opacity":"","overlay-gradient":""},"tablet":{"background-color":"var(--ast-global-color-4)","background-image":"","background-repeat":"repeat","background-position":"center center","background-size":"auto","background-attachment":"scroll","background-type":"","background-media":"","overlay-type":"","overlay-color":"","overlay-opacity":"","overlay-gradient":""},"mobile":{"background-color":"var(--ast-global-color-4)","background-image":"","background-repeat":"repeat","background-position":"center center","background-size":"auto","background-attachment":"scroll","background-type":"","background-media":"","overlay-type":"","overlay-color":"","overlay-opacity":"","overlay-gradient":""}}},"astra-portfolio-categories":[9],"astra-portfolio-other-categories":[],"astra-portfolio-tags":[40],"class_list":["post-3435","astra-portfolio","type-astra-portfolio","status-publish","has-post-thumbnail","hentry","astra-portfolio-categories-wedding","astra-portfolio-tags-katherine-joshua"],"astra-site-call-to-action":"","astra-site-open-in-new-tab":"0","astra-site-open-portfolio-in":"new-tab","astra-site-url":"","thumbnail-image-url":"https:\/\/www.boyerjulien.com\/wp-content\/uploads\/2025\/12\/mariage-toscane-villa-vistarenni33.webp","thumbnail-image-meta":{"alt":"Les mari\u00e9s s\u2019embrassent devant un Piaggio bleu avec vue sur la Toscane, s\u00e9ance photo de mariage \u00e9l\u00e9gante en Italie, photo prise par Julien Boyer.","title":"S\u00e9ance photo de mariage en Toscane avec Piaggio vintage"},"lightbox-image-url":null,"portfolio-type":"page","portfolio-video-url":"","request_time":0.24348998069763184,"_links":{"self":[{"href":"https:\/\/www.boyerjulien.com\/en\/wp-json\/wp\/v2\/astra-portfolio\/3435","targetHints":{"allow":["GET"]}}],"collection":[{"href":"https:\/\/www.boyerjulien.com\/en\/wp-json\/wp\/v2\/astra-portfolio"}],"about":[{"href":"https:\/\/www.boyerjulien.com\/en\/wp-json\/wp\/v2\/types\/astra-portfolio"}],"version-history":[{"count":0,"href":"https:\/\/www.boyerjulien.com\/en\/wp-json\/wp\/v2\/astra-portfolio\/3435\/revisions"}],"wp:featuredmedia":[{"embeddable":true,"href":"https:\/\/www.boyerjulien.com\/en\/wp-json\/wp\/v2\/media\/3415"}],"wp:attachment":[{"href":"https:\/\/www.boyerjulien.com\/en\/wp-json\/wp\/v2\/media?parent=3435"}],"wp:term":[{"taxonomy":"astra-portfolio-categories","embeddable":true,"href":"https:\/\/www.boyerjulien.com\/en\/wp-json\/wp\/v2\/astra-portfolio-categories?post=3435"},{"taxonomy":"astra-portfolio-other-categories","embeddable":true,"href":"https:\/\/www.boyerjulien.com\/en\/wp-json\/wp\/v2\/astra-portfolio-other-categories?post=3435"},{"taxonomy":"astra-portfolio-tags","embeddable":true,"href":"https:\/\/www.boyerjulien.com\/en\/wp-json\/wp\/v2\/astra-portfolio-tags?post=3435"}],"curies":[{"name":"wp","href":"https:\/\/api.w.org\/{rel}","templated":true}]}}