{"id":2637,"date":"2025-12-19T10:42:32","date_gmt":"2025-12-19T09:42:32","guid":{"rendered":"https:\/\/www.boyerjulien.com\/?post_type=astra-portfolio&#038;p=2637"},"modified":"2026-01-26T22:04:19","modified_gmt":"2026-01-26T21:04:19","slug":"mariage-san-francisco","status":"publish","type":"astra-portfolio","link":"https:\/\/www.boyerjulien.com\/en\/portfolio\/mariage-san-francisco\/","title":{"rendered":"San francisco"},"content":{"rendered":"\t\t<div data-elementor-type=\"wp-post\" data-elementor-id=\"2637\" class=\"elementor elementor-2637\" data-elementor-post-type=\"astra-portfolio\">\n\t\t\t\t<div class=\"elementor-element elementor-element-b517cfa e-con-full e-flex e-con e-parent\" data-id=\"b517cfa\" data-element_type=\"container\" data-settings=\"{&quot;background_background&quot;:&quot;classic&quot;}\">\n\t\t<div class=\"elementor-element elementor-element-cca6852 e-con-full e-flex e-con e-child\" data-id=\"cca6852\" data-element_type=\"container\">\n\t\t<div class=\"elementor-element elementor-element-aa46aa7 e-con-full e-flex e-con e-child\" data-id=\"aa46aa7\" data-element_type=\"container\" data-settings=\"{&quot;background_background&quot;:&quot;classic&quot;}\">\n\t\t\t\t<div class=\"elementor-element elementor-element-0c3dd6b elementor-widget elementor-widget-heading\" data-id=\"0c3dd6b\" data-element_type=\"widget\" data-widget_type=\"heading.default\">\n\t\t\t\t<div class=\"elementor-widget-container\">\n\t\t\t\t\t<h1 class=\"elementor-heading-title elementor-size-default\">Mariage \u00e0 San Francisco<\/h1>\t\t\t\t<\/div>\n\t\t\t\t<\/div>\n\t\t\t\t<div class=\"elementor-element elementor-element-4d376cf elementor-widget elementor-widget-heading\" data-id=\"4d376cf\" data-element_type=\"widget\" data-widget_type=\"heading.default\">\n\t\t\t\t<div class=\"elementor-widget-container\">\n\t\t\t\t\t<h2 class=\"elementor-heading-title elementor-size-default\">San Francisco, USA<\/h2>\t\t\t\t<\/div>\n\t\t\t\t<\/div>\n\t\t\t\t<div class=\"elementor-element elementor-element-7611433 elementor-widget elementor-widget-text-editor\" data-id=\"7611433\" data-element_type=\"widget\" data-widget_type=\"text-editor.default\">\n\t\t\t\t<div class=\"elementor-widget-container\">\n\t\t\t\t\t\t\t\t\t<p>Laura et Xavier ont choisi San Francisco pour vivre un elopement intime et profond\u00e9ment sinc\u00e8re.<br data-start=\"261\" data-end=\"264\" \/>Entre la plage face au mythique Golden Gate Bridge, les lignes majestueuses du Palace of Fine Arts et l\u2019\u00e9l\u00e9gance du City Hall de San Francisco, leur mariage s\u2019est d\u00e9roul\u00e9 comme une parenth\u00e8se hors du temps. Chaque instant refl\u00e9tait leur complicit\u00e9, leur simplicit\u00e9 et leur joie d\u2019\u00eatre ensemble. Photographier Laura et Xavier dans ces lieux embl\u00e9matiques de San Francisco a \u00e9t\u00e9 un v\u00e9ritable privil\u00e8ge. Un mariage en petit comit\u00e9, centr\u00e9 sur l\u2019essentiel : l\u2019amour, l\u2019\u00e9motion et la libert\u00e9.<\/p>\t\t\t\t\t\t\t\t<\/div>\n\t\t\t\t<\/div>\n\t\t\t\t<\/div>\n\t\t<div class=\"elementor-element elementor-element-975d95e e-con-full e-flex e-con e-child\" data-id=\"975d95e\" data-element_type=\"container\">\n\t\t\t\t<\/div>\n\t\t<div class=\"elementor-element elementor-element-61d7fb0 e-con-full e-flex e-con e-child\" data-id=\"61d7fb0\" data-element_type=\"container\">\n\t\t\t\t<\/div>\n\t\t<div class=\"elementor-element elementor-element-6234285 e-con-full e-flex e-con e-child\" data-id=\"6234285\" data-element_type=\"container\">\n\t\t\t\t<\/div>\n\t\t\t\t<\/div>\n\t\t\t\t<\/div>\n\t\t<div class=\"elementor-element elementor-element-4622462 e-flex e-con-boxed e-con e-parent\" data-id=\"4622462\" data-element_type=\"container\">\n\t\t\t\t\t<div class=\"e-con-inner\">\n\t\t<div class=\"elementor-element elementor-element-cc6b2fb e-con-full e-flex e-con e-child\" data-id=\"cc6b2fb\" data-element_type=\"container\">\n\t\t\t\t<div class=\"elementor-element elementor-element-819202d elementor-widget elementor-widget-image\" data-id=\"819202d\" data-element_type=\"widget\" data-widget_type=\"image.default\">\n\t\t\t\t<div class=\"elementor-widget-container\">\n\t\t\t\t\t\t\t\t\t\t\t\t\t\t\t\t<a href=\"https:\/\/www.boyerjulien.com\/wp-content\/uploads\/2025\/12\/mariage-san-francisco-californie19.jpg\" data-elementor-open-lightbox=\"yes\" data-e-action-hash=\"#elementor-action%3Aaction%3Dlightbox%26settings%3DeyJpZCI6MjU5MywidXJsIjoiaHR0cHM6XC9cL3d3dy5ib3llcmp1bGllbi5jb21cL3dwLWNvbnRlbnRcL3VwbG9hZHNcLzIwMjVcLzEyXC9tYXJpYWdlLXNhbi1mcmFuY2lzY28tY2FsaWZvcm5pZTE5LndlYnAifQ%3D%3D\">\n\t\t\t\t\t\t\t<img fetchpriority=\"high\" decoding=\"async\" width=\"1280\" height=\"1920\" src=\"https:\/\/www.boyerjulien.com\/wp-content\/uploads\/2025\/12\/mariage-san-francisco-californie19.webp\" class=\"attachment-full size-full wp-image-2593\" alt=\"Couple enlac\u00e9 sur la plage face au Golden Gate Bridge lors d\u2019un elopement \u00e0 San Francisco photographi\u00e9 par Julien Boyer\" srcset=\"https:\/\/www.boyerjulien.com\/wp-content\/uploads\/2025\/12\/mariage-san-francisco-californie19.webp 1280w, https:\/\/www.boyerjulien.com\/wp-content\/uploads\/2025\/12\/mariage-san-francisco-californie19-200x300.webp 200w, https:\/\/www.boyerjulien.com\/wp-content\/uploads\/2025\/12\/mariage-san-francisco-californie19-682x1024.webp 682w, https:\/\/www.boyerjulien.com\/wp-content\/uploads\/2025\/12\/mariage-san-francisco-californie19-768x1152.webp 768w, https:\/\/www.boyerjulien.com\/wp-content\/uploads\/2025\/12\/mariage-san-francisco-californie19-1024x1536.webp 1024w\" sizes=\"(max-width: 1280px) 100vw, 1280px\" \/>\t\t\t\t\t\t\t\t<\/a>\n\t\t\t\t\t\t\t\t\t\t\t\t\t\t\t<\/div>\n\t\t\t\t<\/div>\n\t\t\t\t<div class=\"elementor-element elementor-element-ddd9214 elementor-widget elementor-widget-image\" data-id=\"ddd9214\" data-element_type=\"widget\" data-widget_type=\"image.default\">\n\t\t\t\t<div class=\"elementor-widget-container\">\n\t\t\t\t\t\t\t\t\t\t\t\t\t\t\t\t<a href=\"https:\/\/www.boyerjulien.com\/wp-content\/uploads\/2025\/12\/mariage-san-francisco-californie17.jpg\" data-elementor-open-lightbox=\"yes\" data-e-action-hash=\"#elementor-action%3Aaction%3Dlightbox%26settings%3DeyJpZCI6MjU5MSwidXJsIjoiaHR0cHM6XC9cL3d3dy5ib3llcmp1bGllbi5jb21cL3dwLWNvbnRlbnRcL3VwbG9hZHNcLzIwMjVcLzEyXC9tYXJpYWdlLXNhbi1mcmFuY2lzY28tY2FsaWZvcm5pZTE3LndlYnAifQ%3D%3D\">\n\t\t\t\t\t\t\t<img decoding=\"async\" width=\"1920\" height=\"1280\" src=\"https:\/\/www.boyerjulien.com\/wp-content\/uploads\/2025\/12\/mariage-san-francisco-californie17.webp\" class=\"attachment-full size-full wp-image-2591\" alt=\"Golden Gate Bridge \u00e0 la golden hour vu depuis la plage lors d\u2019un elopement \u00e0 San Francisco photographi\u00e9 par Julien Boyer\" srcset=\"https:\/\/www.boyerjulien.com\/wp-content\/uploads\/2025\/12\/mariage-san-francisco-californie17.webp 1920w, https:\/\/www.boyerjulien.com\/wp-content\/uploads\/2025\/12\/mariage-san-francisco-californie17-300x200.webp 300w, https:\/\/www.boyerjulien.com\/wp-content\/uploads\/2025\/12\/mariage-san-francisco-californie17-1024x682.webp 1024w, https:\/\/www.boyerjulien.com\/wp-content\/uploads\/2025\/12\/mariage-san-francisco-californie17-768x512.webp 768w, https:\/\/www.boyerjulien.com\/wp-content\/uploads\/2025\/12\/mariage-san-francisco-californie17-1536x1024.webp 1536w\" sizes=\"(max-width: 1920px) 100vw, 1920px\" \/>\t\t\t\t\t\t\t\t<\/a>\n\t\t\t\t\t\t\t\t\t\t\t\t\t\t\t<\/div>\n\t\t\t\t<\/div>\n\t\t\t\t<div class=\"elementor-element elementor-element-5b5b9a2 elementor-widget elementor-widget-image\" data-id=\"5b5b9a2\" data-element_type=\"widget\" data-widget_type=\"image.default\">\n\t\t\t\t<div class=\"elementor-widget-container\">\n\t\t\t\t\t\t\t\t\t\t\t\t\t\t\t\t<a href=\"https:\/\/www.boyerjulien.com\/wp-content\/uploads\/2025\/12\/mariage-san-francisco-californie47.jpg\" data-elementor-open-lightbox=\"yes\" data-e-action-hash=\"#elementor-action%3Aaction%3Dlightbox%26settings%3DeyJpZCI6MjYyMywidXJsIjoiaHR0cHM6XC9cL3d3dy5ib3llcmp1bGllbi5jb21cL3dwLWNvbnRlbnRcL3VwbG9hZHNcLzIwMjVcLzEyXC9tYXJpYWdlLXNhbi1mcmFuY2lzY28tY2FsaWZvcm5pZTQ3LndlYnAifQ%3D%3D\">\n\t\t\t\t\t\t\t<img decoding=\"async\" width=\"1920\" height=\"1280\" src=\"https:\/\/www.boyerjulien.com\/wp-content\/uploads\/2025\/12\/mariage-san-francisco-californie47.webp\" class=\"attachment-full size-full wp-image-2623\" alt=\"Plage de San Francisco avec un arbre embl\u00e9matique et le Golden Gate Bridge en arri\u00e8re-plan lors d\u2019un elopement en Californie\" srcset=\"https:\/\/www.boyerjulien.com\/wp-content\/uploads\/2025\/12\/mariage-san-francisco-californie47.webp 1920w, https:\/\/www.boyerjulien.com\/wp-content\/uploads\/2025\/12\/mariage-san-francisco-californie47-300x200.webp 300w, https:\/\/www.boyerjulien.com\/wp-content\/uploads\/2025\/12\/mariage-san-francisco-californie47-1024x682.webp 1024w, https:\/\/www.boyerjulien.com\/wp-content\/uploads\/2025\/12\/mariage-san-francisco-californie47-768x512.webp 768w, https:\/\/www.boyerjulien.com\/wp-content\/uploads\/2025\/12\/mariage-san-francisco-californie47-1536x1024.webp 1536w\" sizes=\"(max-width: 1920px) 100vw, 1920px\" \/>\t\t\t\t\t\t\t\t<\/a>\n\t\t\t\t\t\t\t\t\t\t\t\t\t\t\t<\/div>\n\t\t\t\t<\/div>\n\t\t\t\t<div class=\"elementor-element elementor-element-ba36be8 uael-img-grid__column-2 uael-img-grid-tablet__column-3 uael-img-grid-mobile__column-2 uael-ins-normal elementor-widget elementor-widget-uael-image-gallery\" data-id=\"ba36be8\" data-element_type=\"widget\" data-settings=\"{&quot;gallery_columns&quot;:&quot;2&quot;,&quot;gallery_columns_tablet&quot;:&quot;3&quot;,&quot;gallery_columns_mobile&quot;:&quot;2&quot;,&quot;column_gap&quot;:{&quot;unit&quot;:&quot;px&quot;,&quot;size&quot;:20,&quot;sizes&quot;:[]},&quot;column_gap_widescreen&quot;:{&quot;unit&quot;:&quot;px&quot;,&quot;size&quot;:&quot;&quot;,&quot;sizes&quot;:[]},&quot;column_gap_laptop&quot;:{&quot;unit&quot;:&quot;px&quot;,&quot;size&quot;:&quot;&quot;,&quot;sizes&quot;:[]},&quot;column_gap_tablet_extra&quot;:{&quot;unit&quot;:&quot;px&quot;,&quot;size&quot;:&quot;&quot;,&quot;sizes&quot;:[]},&quot;column_gap_tablet&quot;:{&quot;unit&quot;:&quot;px&quot;,&quot;size&quot;:&quot;&quot;,&quot;sizes&quot;:[]},&quot;column_gap_mobile_extra&quot;:{&quot;unit&quot;:&quot;px&quot;,&quot;size&quot;:&quot;&quot;,&quot;sizes&quot;:[]},&quot;column_gap_mobile&quot;:{&quot;unit&quot;:&quot;px&quot;,&quot;size&quot;:&quot;&quot;,&quot;sizes&quot;:[]},&quot;row_gap&quot;:{&quot;unit&quot;:&quot;px&quot;,&quot;size&quot;:20,&quot;sizes&quot;:[]},&quot;row_gap_widescreen&quot;:{&quot;unit&quot;:&quot;px&quot;,&quot;size&quot;:&quot;&quot;,&quot;sizes&quot;:[]},&quot;row_gap_laptop&quot;:{&quot;unit&quot;:&quot;px&quot;,&quot;size&quot;:&quot;&quot;,&quot;sizes&quot;:[]},&quot;row_gap_tablet_extra&quot;:{&quot;unit&quot;:&quot;px&quot;,&quot;size&quot;:&quot;&quot;,&quot;sizes&quot;:[]},&quot;row_gap_tablet&quot;:{&quot;unit&quot;:&quot;px&quot;,&quot;size&quot;:&quot;&quot;,&quot;sizes&quot;:[]},&quot;row_gap_mobile_extra&quot;:{&quot;unit&quot;:&quot;px&quot;,&quot;size&quot;:&quot;&quot;,&quot;sizes&quot;:[]},&quot;row_gap_mobile&quot;:{&quot;unit&quot;:&quot;px&quot;,&quot;size&quot;:&quot;&quot;,&quot;sizes&quot;:[]}}\" data-widget_type=\"uael-image-gallery.default\">\n\t\t\t\t<div class=\"elementor-widget-container\">\n\t\t\t\t\t<div class=\"uael-gallery-parent uael-caption- uael-gallery-unjustified\"><div class=\"uael-img-gallery-wrap uael-img-masonry-wrap uael-img-grid-masonry-wrap uael-masonry uael-image-lightbox-wrap\" data-filter-default=\"All\" data-lightbox_actions=\"[&quot;close&quot;]\" data-lightbox-gallery-loop=\"\"><div class=\"uael-grid-item  uael-img-gallery-item-1\"><div class=\"uael-grid-item-content\"><a class=\"uael-grid-img uael-grid-gallery-img uael-ins-hover elementor-clickable\" data-fancybox=\"uael-gallery\" href=\"https:\/\/www.boyerjulien.com\/wp-content\/uploads\/2025\/12\/mariage-san-francisco-californie22.jpg\" data-elementor-open-lightbox=\"no\"><div class=\"uael-grid-img-thumbnail uael-ins-target\"><img loading=\"lazy\" decoding=\"async\" width=\"682\" height=\"1024\" src=\"https:\/\/www.boyerjulien.com\/wp-content\/uploads\/2025\/12\/mariage-san-francisco-californie22-682x1024.jpg\" class=\"attachment-large size-large wp-image-2598\" alt=\"Mariage elopement sur la plage de San Francisco avec le Golden Gate Bridge photographi\u00e9 par Julien Boyer\" srcset=\"https:\/\/www.boyerjulien.com\/wp-content\/uploads\/2025\/12\/mariage-san-francisco-californie22-682x1024.jpg 682w, https:\/\/www.boyerjulien.com\/wp-content\/uploads\/2025\/12\/mariage-san-francisco-californie22-200x300.jpg 200w, https:\/\/www.boyerjulien.com\/wp-content\/uploads\/2025\/12\/mariage-san-francisco-californie22-768x1152.jpg 768w, https:\/\/www.boyerjulien.com\/wp-content\/uploads\/2025\/12\/mariage-san-francisco-californie22-1024x1536.jpg 1024w, https:\/\/www.boyerjulien.com\/wp-content\/uploads\/2025\/12\/mariage-san-francisco-californie22.jpg 1333w\" sizes=\"(max-width: 682px) 100vw, 682px\" \/><\/div><div class=\"uael-grid-img-overlay\"><\/div><\/a><\/div><\/div><div class=\"uael-grid-item  uael-img-gallery-item-2\"><div class=\"uael-grid-item-content\"><a class=\"uael-grid-img uael-grid-gallery-img uael-ins-hover elementor-clickable\" data-fancybox=\"uael-gallery\" href=\"https:\/\/www.boyerjulien.com\/wp-content\/uploads\/2025\/12\/mariage-san-francisco-californie23.webp\" data-elementor-open-lightbox=\"no\"><div class=\"uael-grid-img-thumbnail uael-ins-target\"><img loading=\"lazy\" decoding=\"async\" width=\"1024\" height=\"682\" src=\"https:\/\/www.boyerjulien.com\/wp-content\/uploads\/2025\/12\/mariage-san-francisco-californie23-1024x682.webp\" class=\"attachment-large size-large wp-image-2599\" alt=\"Lecture des v\u0153ux pendant une c\u00e9r\u00e9monie de mariage elopement sur une plage de San Francisco\" srcset=\"https:\/\/www.boyerjulien.com\/wp-content\/uploads\/2025\/12\/mariage-san-francisco-californie23-1024x682.webp 1024w, https:\/\/www.boyerjulien.com\/wp-content\/uploads\/2025\/12\/mariage-san-francisco-californie23-300x200.webp 300w, https:\/\/www.boyerjulien.com\/wp-content\/uploads\/2025\/12\/mariage-san-francisco-californie23-768x512.webp 768w, https:\/\/www.boyerjulien.com\/wp-content\/uploads\/2025\/12\/mariage-san-francisco-californie23-1536x1024.webp 1536w, https:\/\/www.boyerjulien.com\/wp-content\/uploads\/2025\/12\/mariage-san-francisco-californie23.webp 1920w\" sizes=\"(max-width: 1024px) 100vw, 1024px\" \/><\/div><div class=\"uael-grid-img-overlay\"><\/div><\/a><\/div><\/div><div class=\"uael-grid-item  uael-img-gallery-item-3\"><div class=\"uael-grid-item-content\"><a class=\"uael-grid-img uael-grid-gallery-img uael-ins-hover elementor-clickable\" data-fancybox=\"uael-gallery\" href=\"https:\/\/www.boyerjulien.com\/wp-content\/uploads\/2025\/12\/mariage-san-francisco-californie24.webp\" data-elementor-open-lightbox=\"no\"><div class=\"uael-grid-img-thumbnail uael-ins-target\"><img loading=\"lazy\" decoding=\"async\" width=\"1024\" height=\"682\" src=\"https:\/\/www.boyerjulien.com\/wp-content\/uploads\/2025\/12\/mariage-san-francisco-californie24-1024x682.webp\" class=\"attachment-large size-large wp-image-2600\" alt=\"C\u00e9r\u00e9monie intime de mariage elopement sur une plage de Californie photographi\u00e9e \u00e0 San Francisco par Julien Boyer\" srcset=\"https:\/\/www.boyerjulien.com\/wp-content\/uploads\/2025\/12\/mariage-san-francisco-californie24-1024x682.webp 1024w, https:\/\/www.boyerjulien.com\/wp-content\/uploads\/2025\/12\/mariage-san-francisco-californie24-300x200.webp 300w, https:\/\/www.boyerjulien.com\/wp-content\/uploads\/2025\/12\/mariage-san-francisco-californie24-768x512.webp 768w, https:\/\/www.boyerjulien.com\/wp-content\/uploads\/2025\/12\/mariage-san-francisco-californie24-1536x1024.webp 1536w, https:\/\/www.boyerjulien.com\/wp-content\/uploads\/2025\/12\/mariage-san-francisco-californie24.webp 1920w\" sizes=\"(max-width: 1024px) 100vw, 1024px\" \/><\/div><div class=\"uael-grid-img-overlay\"><\/div><\/a><\/div><\/div><div class=\"uael-grid-item  uael-img-gallery-item-4\"><div class=\"uael-grid-item-content\"><a class=\"uael-grid-img uael-grid-gallery-img uael-ins-hover elementor-clickable\" data-fancybox=\"uael-gallery\" href=\"https:\/\/www.boyerjulien.com\/wp-content\/uploads\/2025\/12\/mariage-san-francisco-californie26.jpg\" data-elementor-open-lightbox=\"no\"><div class=\"uael-grid-img-thumbnail uael-ins-target\"><img loading=\"lazy\" decoding=\"async\" width=\"1024\" height=\"682\" src=\"https:\/\/www.boyerjulien.com\/wp-content\/uploads\/2025\/12\/mariage-san-francisco-californie26-1024x682.jpg\" class=\"attachment-large size-large wp-image-2602\" alt=\"Gros plan sur l\u2019\u00e9change des alliances pendant un mariage elopement sur une plage de San Francisco\" srcset=\"https:\/\/www.boyerjulien.com\/wp-content\/uploads\/2025\/12\/mariage-san-francisco-californie26-1024x682.jpg 1024w, https:\/\/www.boyerjulien.com\/wp-content\/uploads\/2025\/12\/mariage-san-francisco-californie26-300x200.jpg 300w, https:\/\/www.boyerjulien.com\/wp-content\/uploads\/2025\/12\/mariage-san-francisco-californie26-768x512.jpg 768w, https:\/\/www.boyerjulien.com\/wp-content\/uploads\/2025\/12\/mariage-san-francisco-californie26-1536x1024.jpg 1536w, https:\/\/www.boyerjulien.com\/wp-content\/uploads\/2025\/12\/mariage-san-francisco-californie26.jpg 2000w\" sizes=\"(max-width: 1024px) 100vw, 1024px\" \/><\/div><div class=\"uael-grid-img-overlay\"><\/div><\/a><\/div><\/div><div class=\"uael-grid-item  uael-img-gallery-item-5\"><div class=\"uael-grid-item-content\"><a class=\"uael-grid-img uael-grid-gallery-img uael-ins-hover elementor-clickable\" data-fancybox=\"uael-gallery\" href=\"https:\/\/www.boyerjulien.com\/wp-content\/uploads\/2025\/12\/mariage-san-francisco-californie25.jpg\" data-elementor-open-lightbox=\"no\"><div class=\"uael-grid-img-thumbnail uael-ins-target\"><img loading=\"lazy\" decoding=\"async\" width=\"1024\" height=\"682\" src=\"https:\/\/www.boyerjulien.com\/wp-content\/uploads\/2025\/12\/mariage-san-francisco-californie25-1024x682.jpg\" class=\"attachment-large size-large wp-image-2601\" alt=\"Alliances de mariage pos\u00e9es dans la main de l\u2019officiant pendant un elopement sur une plage de San Francisco\" srcset=\"https:\/\/www.boyerjulien.com\/wp-content\/uploads\/2025\/12\/mariage-san-francisco-californie25-1024x682.jpg 1024w, https:\/\/www.boyerjulien.com\/wp-content\/uploads\/2025\/12\/mariage-san-francisco-californie25-300x200.jpg 300w, https:\/\/www.boyerjulien.com\/wp-content\/uploads\/2025\/12\/mariage-san-francisco-californie25-768x512.jpg 768w, https:\/\/www.boyerjulien.com\/wp-content\/uploads\/2025\/12\/mariage-san-francisco-californie25-1536x1024.jpg 1536w, https:\/\/www.boyerjulien.com\/wp-content\/uploads\/2025\/12\/mariage-san-francisco-californie25.jpg 2000w\" sizes=\"(max-width: 1024px) 100vw, 1024px\" \/><\/div><div class=\"uael-grid-img-overlay\"><\/div><\/a><\/div><\/div><div class=\"uael-grid-item  uael-img-gallery-item-6\"><div class=\"uael-grid-item-content\"><a class=\"uael-grid-img uael-grid-gallery-img uael-ins-hover elementor-clickable\" data-fancybox=\"uael-gallery\" href=\"https:\/\/www.boyerjulien.com\/wp-content\/uploads\/2025\/12\/mariage-san-francisco-californie27.jpg\" data-elementor-open-lightbox=\"no\"><div class=\"uael-grid-img-thumbnail uael-ins-target\"><img loading=\"lazy\" decoding=\"async\" width=\"1024\" height=\"682\" src=\"https:\/\/www.boyerjulien.com\/wp-content\/uploads\/2025\/12\/mariage-san-francisco-californie27-1024x682.jpg\" class=\"attachment-large size-large wp-image-2603\" alt=\"Mari\u00e9s souriants lors de l\u2019\u00e9change des alliances pendant leur elopement \u00e0 San Francisco photographi\u00e9 par Julien Boyer\" srcset=\"https:\/\/www.boyerjulien.com\/wp-content\/uploads\/2025\/12\/mariage-san-francisco-californie27-1024x682.jpg 1024w, https:\/\/www.boyerjulien.com\/wp-content\/uploads\/2025\/12\/mariage-san-francisco-californie27-300x200.jpg 300w, https:\/\/www.boyerjulien.com\/wp-content\/uploads\/2025\/12\/mariage-san-francisco-californie27-768x512.jpg 768w, https:\/\/www.boyerjulien.com\/wp-content\/uploads\/2025\/12\/mariage-san-francisco-californie27-1536x1024.jpg 1536w, https:\/\/www.boyerjulien.com\/wp-content\/uploads\/2025\/12\/mariage-san-francisco-californie27.jpg 2000w\" sizes=\"(max-width: 1024px) 100vw, 1024px\" \/><\/div><div class=\"uael-grid-img-overlay\"><\/div><\/a><\/div><\/div><div class=\"uael-grid-item  uael-img-gallery-item-7\"><div class=\"uael-grid-item-content\"><a class=\"uael-grid-img uael-grid-gallery-img uael-ins-hover elementor-clickable\" data-fancybox=\"uael-gallery\" href=\"https:\/\/www.boyerjulien.com\/wp-content\/uploads\/2025\/12\/mariage-san-francisco-californie28.webp\" data-elementor-open-lightbox=\"no\"><div class=\"uael-grid-img-thumbnail uael-ins-target\"><img loading=\"lazy\" decoding=\"async\" width=\"1024\" height=\"682\" src=\"https:\/\/www.boyerjulien.com\/wp-content\/uploads\/2025\/12\/mariage-san-francisco-californie28-1024x682.webp\" class=\"attachment-large size-large wp-image-2604\" alt=\"\u00c9change des alliances pendant une c\u00e9r\u00e9monie de mariage elopement sur une plage de San Francisco en Californie\" srcset=\"https:\/\/www.boyerjulien.com\/wp-content\/uploads\/2025\/12\/mariage-san-francisco-californie28-1024x682.webp 1024w, https:\/\/www.boyerjulien.com\/wp-content\/uploads\/2025\/12\/mariage-san-francisco-californie28-300x200.webp 300w, https:\/\/www.boyerjulien.com\/wp-content\/uploads\/2025\/12\/mariage-san-francisco-californie28-768x512.webp 768w, https:\/\/www.boyerjulien.com\/wp-content\/uploads\/2025\/12\/mariage-san-francisco-californie28-1536x1024.webp 1536w, https:\/\/www.boyerjulien.com\/wp-content\/uploads\/2025\/12\/mariage-san-francisco-californie28.webp 1920w\" sizes=\"(max-width: 1024px) 100vw, 1024px\" \/><\/div><div class=\"uael-grid-img-overlay\"><\/div><\/a><\/div><\/div><div class=\"uael-grid-item  uael-img-gallery-item-8\"><div class=\"uael-grid-item-content\"><a class=\"uael-grid-img uael-grid-gallery-img uael-ins-hover elementor-clickable\" data-fancybox=\"uael-gallery\" href=\"https:\/\/www.boyerjulien.com\/wp-content\/uploads\/2025\/12\/mariage-san-francisco-californie29.jpg\" data-elementor-open-lightbox=\"no\"><div class=\"uael-grid-img-thumbnail uael-ins-target\"><img loading=\"lazy\" decoding=\"async\" width=\"1024\" height=\"682\" src=\"https:\/\/www.boyerjulien.com\/wp-content\/uploads\/2025\/12\/mariage-san-francisco-californie29-1024x682.jpg\" class=\"attachment-large size-large wp-image-2605\" alt=\"Mari\u00e9s riant pendant leur c\u00e9r\u00e9monie de mariage elopement sur la plage \u00e0 San Francisco\" srcset=\"https:\/\/www.boyerjulien.com\/wp-content\/uploads\/2025\/12\/mariage-san-francisco-californie29-1024x682.jpg 1024w, https:\/\/www.boyerjulien.com\/wp-content\/uploads\/2025\/12\/mariage-san-francisco-californie29-300x200.jpg 300w, https:\/\/www.boyerjulien.com\/wp-content\/uploads\/2025\/12\/mariage-san-francisco-californie29-768x512.jpg 768w, https:\/\/www.boyerjulien.com\/wp-content\/uploads\/2025\/12\/mariage-san-francisco-californie29-1536x1024.jpg 1536w, https:\/\/www.boyerjulien.com\/wp-content\/uploads\/2025\/12\/mariage-san-francisco-californie29.jpg 2000w\" sizes=\"(max-width: 1024px) 100vw, 1024px\" \/><\/div><div class=\"uael-grid-img-overlay\"><\/div><\/a><\/div><\/div><div class=\"uael-grid-item  uael-img-gallery-item-9\"><div class=\"uael-grid-item-content\"><a class=\"uael-grid-img uael-grid-gallery-img uael-ins-hover elementor-clickable\" data-fancybox=\"uael-gallery\" href=\"https:\/\/www.boyerjulien.com\/wp-content\/uploads\/2025\/12\/mariage-san-francisco-californie30.jpg\" data-elementor-open-lightbox=\"no\"><div class=\"uael-grid-img-thumbnail uael-ins-target\"><img loading=\"lazy\" decoding=\"async\" width=\"1024\" height=\"682\" src=\"https:\/\/www.boyerjulien.com\/wp-content\/uploads\/2025\/12\/mariage-san-francisco-californie30-1024x682.jpg\" class=\"attachment-large size-large wp-image-2606\" alt=\"D\u00e9tail des mains des mari\u00e9s avec leurs alliances pendant un elopement sur une plage de San Francisco photographi\u00e9 par Julien Boyer\" srcset=\"https:\/\/www.boyerjulien.com\/wp-content\/uploads\/2025\/12\/mariage-san-francisco-californie30-1024x682.jpg 1024w, https:\/\/www.boyerjulien.com\/wp-content\/uploads\/2025\/12\/mariage-san-francisco-californie30-300x200.jpg 300w, https:\/\/www.boyerjulien.com\/wp-content\/uploads\/2025\/12\/mariage-san-francisco-californie30-768x512.jpg 768w, https:\/\/www.boyerjulien.com\/wp-content\/uploads\/2025\/12\/mariage-san-francisco-californie30-1536x1024.jpg 1536w, https:\/\/www.boyerjulien.com\/wp-content\/uploads\/2025\/12\/mariage-san-francisco-californie30.jpg 2000w\" sizes=\"(max-width: 1024px) 100vw, 1024px\" \/><\/div><div class=\"uael-grid-img-overlay\"><\/div><\/a><\/div><\/div><div class=\"uael-grid-item  uael-img-gallery-item-10\"><div class=\"uael-grid-item-content\"><a class=\"uael-grid-img uael-grid-gallery-img uael-ins-hover elementor-clickable\" data-fancybox=\"uael-gallery\" href=\"https:\/\/www.boyerjulien.com\/wp-content\/uploads\/2025\/12\/mariage-san-francisco-californie31.webp\" data-elementor-open-lightbox=\"no\"><div class=\"uael-grid-img-thumbnail uael-ins-target\"><img loading=\"lazy\" decoding=\"async\" width=\"1024\" height=\"682\" src=\"https:\/\/www.boyerjulien.com\/wp-content\/uploads\/2025\/12\/mariage-san-francisco-californie31-1024x682.webp\" class=\"attachment-large size-large wp-image-2607\" alt=\"Mains des mari\u00e9s enlac\u00e9es apr\u00e8s l\u2019\u00e9change des alliances lors d\u2019un elopement sur la plage \u00e0 San Francisco\" srcset=\"https:\/\/www.boyerjulien.com\/wp-content\/uploads\/2025\/12\/mariage-san-francisco-californie31-1024x682.webp 1024w, https:\/\/www.boyerjulien.com\/wp-content\/uploads\/2025\/12\/mariage-san-francisco-californie31-300x200.webp 300w, https:\/\/www.boyerjulien.com\/wp-content\/uploads\/2025\/12\/mariage-san-francisco-californie31-768x512.jpg 768w, https:\/\/www.boyerjulien.com\/wp-content\/uploads\/2025\/12\/mariage-san-francisco-californie31-1536x1024.jpg 1536w, https:\/\/www.boyerjulien.com\/wp-content\/uploads\/2025\/12\/mariage-san-francisco-californie31.webp 1920w\" sizes=\"(max-width: 1024px) 100vw, 1024px\" \/><\/div><div class=\"uael-grid-img-overlay\"><\/div><\/a><\/div><\/div><div class=\"uael-grid-item  uael-img-gallery-item-11\"><div class=\"uael-grid-item-content\"><a class=\"uael-grid-img uael-grid-gallery-img uael-ins-hover elementor-clickable\" data-fancybox=\"uael-gallery\" href=\"https:\/\/www.boyerjulien.com\/wp-content\/uploads\/2025\/12\/mariage-san-francisco-californie32.jpg\" data-elementor-open-lightbox=\"no\"><div class=\"uael-grid-img-thumbnail uael-ins-target\"><img loading=\"lazy\" decoding=\"async\" width=\"1024\" height=\"682\" src=\"https:\/\/www.boyerjulien.com\/wp-content\/uploads\/2025\/12\/mariage-san-francisco-californie32-1024x682.jpg\" class=\"attachment-large size-large wp-image-2608\" alt=\"Couple se tenant les mains pendant leur c\u00e9r\u00e9monie de mariage elopement sur une plage de San Francisco\" srcset=\"https:\/\/www.boyerjulien.com\/wp-content\/uploads\/2025\/12\/mariage-san-francisco-californie32-1024x682.jpg 1024w, https:\/\/www.boyerjulien.com\/wp-content\/uploads\/2025\/12\/mariage-san-francisco-californie32-300x200.jpg 300w, https:\/\/www.boyerjulien.com\/wp-content\/uploads\/2025\/12\/mariage-san-francisco-californie32-768x512.jpg 768w, https:\/\/www.boyerjulien.com\/wp-content\/uploads\/2025\/12\/mariage-san-francisco-californie32-1536x1024.jpg 1536w, https:\/\/www.boyerjulien.com\/wp-content\/uploads\/2025\/12\/mariage-san-francisco-californie32.jpg 2000w\" sizes=\"(max-width: 1024px) 100vw, 1024px\" \/><\/div><div class=\"uael-grid-img-overlay\"><\/div><\/a><\/div><\/div><\/div><\/div>\t\t\t\t<\/div>\n\t\t\t\t<\/div>\n\t\t\t\t<div class=\"elementor-element elementor-element-fbdc464 elementor-widget elementor-widget-image\" data-id=\"fbdc464\" data-element_type=\"widget\" data-widget_type=\"image.default\">\n\t\t\t\t<div class=\"elementor-widget-container\">\n\t\t\t\t\t\t\t\t\t\t\t\t\t\t\t\t<a href=\"https:\/\/www.boyerjulien.com\/wp-content\/uploads\/2025\/12\/mariage-san-francisco-californie33.jpg\" data-elementor-open-lightbox=\"yes\" data-e-action-hash=\"#elementor-action%3Aaction%3Dlightbox%26settings%3DeyJpZCI6MjYwOSwidXJsIjoiaHR0cHM6XC9cL3d3dy5ib3llcmp1bGllbi5jb21cL3dwLWNvbnRlbnRcL3VwbG9hZHNcLzIwMjVcLzEyXC9tYXJpYWdlLXNhbi1mcmFuY2lzY28tY2FsaWZvcm5pZTMzLndlYnAifQ%3D%3D\">\n\t\t\t\t\t\t\t<img loading=\"lazy\" decoding=\"async\" width=\"1920\" height=\"1280\" src=\"https:\/\/www.boyerjulien.com\/wp-content\/uploads\/2025\/12\/mariage-san-francisco-californie33.webp\" class=\"attachment-full size-full wp-image-2609\" alt=\"Mari\u00e9s sortant de leur c\u00e9r\u00e9monie elopement sur la plage \u00e0 San Francisco avec le Golden Gate Bridge en arri\u00e8re-plan photographi\u00e9 par Julien Boyer\" srcset=\"https:\/\/www.boyerjulien.com\/wp-content\/uploads\/2025\/12\/mariage-san-francisco-californie33.webp 1920w, https:\/\/www.boyerjulien.com\/wp-content\/uploads\/2025\/12\/mariage-san-francisco-californie33-300x200.webp 300w, https:\/\/www.boyerjulien.com\/wp-content\/uploads\/2025\/12\/mariage-san-francisco-californie33-1024x682.webp 1024w, https:\/\/www.boyerjulien.com\/wp-content\/uploads\/2025\/12\/mariage-san-francisco-californie33-768x512.jpg 768w, https:\/\/www.boyerjulien.com\/wp-content\/uploads\/2025\/12\/mariage-san-francisco-californie33-1536x1024.jpg 1536w\" sizes=\"(max-width: 1920px) 100vw, 1920px\" \/>\t\t\t\t\t\t\t\t<\/a>\n\t\t\t\t\t\t\t\t\t\t\t\t\t\t\t<\/div>\n\t\t\t\t<\/div>\n\t\t\t\t<div class=\"elementor-element elementor-element-bce748b elementor-widget elementor-widget-image\" data-id=\"bce748b\" data-element_type=\"widget\" data-widget_type=\"image.default\">\n\t\t\t\t<div class=\"elementor-widget-container\">\n\t\t\t\t\t\t\t\t\t\t\t\t\t\t\t\t<a href=\"https:\/\/www.boyerjulien.com\/wp-content\/uploads\/2025\/12\/mariage-san-francisco-californie35.jpg\" data-elementor-open-lightbox=\"yes\" data-e-action-hash=\"#elementor-action%3Aaction%3Dlightbox%26settings%3DeyJpZCI6MjYxMSwidXJsIjoiaHR0cHM6XC9cL3d3dy5ib3llcmp1bGllbi5jb21cL3dwLWNvbnRlbnRcL3VwbG9hZHNcLzIwMjVcLzEyXC9tYXJpYWdlLXNhbi1mcmFuY2lzY28tY2FsaWZvcm5pZTM1LmpwZyJ9\">\n\t\t\t\t\t\t\t<img loading=\"lazy\" decoding=\"async\" width=\"2000\" height=\"1333\" src=\"https:\/\/www.boyerjulien.com\/wp-content\/uploads\/2025\/12\/mariage-san-francisco-californie35.jpg\" class=\"attachment-full size-full wp-image-2611\" alt=\"Couple enlac\u00e9 tenant le bouquet face \u00e0 l\u2019oc\u00e9an Pacifique apr\u00e8s leur elopement \u00e0 San Francisco photographi\u00e9 par Julien Boyer\" srcset=\"https:\/\/www.boyerjulien.com\/wp-content\/uploads\/2025\/12\/mariage-san-francisco-californie35.jpg 2000w, https:\/\/www.boyerjulien.com\/wp-content\/uploads\/2025\/12\/mariage-san-francisco-californie35-300x200.jpg 300w, https:\/\/www.boyerjulien.com\/wp-content\/uploads\/2025\/12\/mariage-san-francisco-californie35-1024x682.jpg 1024w, https:\/\/www.boyerjulien.com\/wp-content\/uploads\/2025\/12\/mariage-san-francisco-californie35-768x512.jpg 768w, https:\/\/www.boyerjulien.com\/wp-content\/uploads\/2025\/12\/mariage-san-francisco-californie35-1536x1024.jpg 1536w\" sizes=\"(max-width: 2000px) 100vw, 2000px\" \/>\t\t\t\t\t\t\t\t<\/a>\n\t\t\t\t\t\t\t\t\t\t\t\t\t\t\t<\/div>\n\t\t\t\t<\/div>\n\t\t\t\t<div class=\"elementor-element elementor-element-900e52a elementor-widget elementor-widget-image\" data-id=\"900e52a\" data-element_type=\"widget\" data-widget_type=\"image.default\">\n\t\t\t\t<div class=\"elementor-widget-container\">\n\t\t\t\t\t\t\t\t\t\t\t\t\t\t\t\t<a href=\"https:\/\/www.boyerjulien.com\/wp-content\/uploads\/2025\/12\/mariage-san-francisco-californie45.jpg\" data-elementor-open-lightbox=\"yes\" data-e-action-hash=\"#elementor-action%3Aaction%3Dlightbox%26settings%3DeyJpZCI6MjYyMSwidXJsIjoiaHR0cHM6XC9cL3d3dy5ib3llcmp1bGllbi5jb21cL3dwLWNvbnRlbnRcL3VwbG9hZHNcLzIwMjVcLzEyXC9tYXJpYWdlLXNhbi1mcmFuY2lzY28tY2FsaWZvcm5pZTQ1LndlYnAifQ%3D%3D\">\n\t\t\t\t\t\t\t<img loading=\"lazy\" decoding=\"async\" width=\"1920\" height=\"1280\" src=\"https:\/\/www.boyerjulien.com\/wp-content\/uploads\/2025\/12\/mariage-san-francisco-californie45.webp\" class=\"attachment-full size-full wp-image-2621\" alt=\"Couple de mari\u00e9s enlac\u00e9 et souriant sur la plage \u00e0 San Francisco avec le Golden Gate Bridge en arri\u00e8re-plan\" srcset=\"https:\/\/www.boyerjulien.com\/wp-content\/uploads\/2025\/12\/mariage-san-francisco-californie45.webp 1920w, https:\/\/www.boyerjulien.com\/wp-content\/uploads\/2025\/12\/mariage-san-francisco-californie45-300x200.webp 300w, https:\/\/www.boyerjulien.com\/wp-content\/uploads\/2025\/12\/mariage-san-francisco-californie45-1024x682.webp 1024w, https:\/\/www.boyerjulien.com\/wp-content\/uploads\/2025\/12\/mariage-san-francisco-californie45-768x512.webp 768w, https:\/\/www.boyerjulien.com\/wp-content\/uploads\/2025\/12\/mariage-san-francisco-californie45-1536x1024.webp 1536w\" sizes=\"(max-width: 1920px) 100vw, 1920px\" \/>\t\t\t\t\t\t\t\t<\/a>\n\t\t\t\t\t\t\t\t\t\t\t\t\t\t\t<\/div>\n\t\t\t\t<\/div>\n\t\t\t\t<div class=\"elementor-element elementor-element-eccf515 elementor-widget elementor-widget-image\" data-id=\"eccf515\" data-element_type=\"widget\" data-widget_type=\"image.default\">\n\t\t\t\t<div class=\"elementor-widget-container\">\n\t\t\t\t\t\t\t\t\t\t\t\t\t\t\t\t<a href=\"https:\/\/www.boyerjulien.com\/wp-content\/uploads\/2025\/12\/mariage-san-francisco-californie46.jpg\" data-elementor-open-lightbox=\"yes\" data-e-action-hash=\"#elementor-action%3Aaction%3Dlightbox%26settings%3DeyJpZCI6MjYyMiwidXJsIjoiaHR0cHM6XC9cL3d3dy5ib3llcmp1bGllbi5jb21cL3dwLWNvbnRlbnRcL3VwbG9hZHNcLzIwMjVcLzEyXC9tYXJpYWdlLXNhbi1mcmFuY2lzY28tY2FsaWZvcm5pZTQ2LndlYnAifQ%3D%3D\">\n\t\t\t\t\t\t\t<img loading=\"lazy\" decoding=\"async\" width=\"1920\" height=\"1280\" src=\"https:\/\/www.boyerjulien.com\/wp-content\/uploads\/2025\/12\/mariage-san-francisco-californie46.webp\" class=\"attachment-full size-full wp-image-2622\" alt=\"Alliances de mariage pos\u00e9es devant un bouquet de fleurs s\u00e9ch\u00e9es lors d\u2019un elopement \u00e0 San Francisco photographi\u00e9 par Julien Boyer\" srcset=\"https:\/\/www.boyerjulien.com\/wp-content\/uploads\/2025\/12\/mariage-san-francisco-californie46.webp 1920w, https:\/\/www.boyerjulien.com\/wp-content\/uploads\/2025\/12\/mariage-san-francisco-californie46-300x200.webp 300w, https:\/\/www.boyerjulien.com\/wp-content\/uploads\/2025\/12\/mariage-san-francisco-californie46-1024x682.webp 1024w, https:\/\/www.boyerjulien.com\/wp-content\/uploads\/2025\/12\/mariage-san-francisco-californie46-768x512.webp 768w, https:\/\/www.boyerjulien.com\/wp-content\/uploads\/2025\/12\/mariage-san-francisco-californie46-1536x1024.webp 1536w\" sizes=\"(max-width: 1920px) 100vw, 1920px\" \/>\t\t\t\t\t\t\t\t<\/a>\n\t\t\t\t\t\t\t\t\t\t\t\t\t\t\t<\/div>\n\t\t\t\t<\/div>\n\t\t\t\t<div class=\"elementor-element elementor-element-c0d14d1 elementor-widget elementor-widget-image\" data-id=\"c0d14d1\" data-element_type=\"widget\" data-widget_type=\"image.default\">\n\t\t\t\t<div class=\"elementor-widget-container\">\n\t\t\t\t\t\t\t\t\t\t\t\t\t\t\t\t<a href=\"https:\/\/www.boyerjulien.com\/wp-content\/uploads\/2025\/12\/mariage-san-francisco-californie48.jpg\" data-elementor-open-lightbox=\"yes\" data-e-action-hash=\"#elementor-action%3Aaction%3Dlightbox%26settings%3DeyJpZCI6MjYyNCwidXJsIjoiaHR0cHM6XC9cL3d3dy5ib3llcmp1bGllbi5jb21cL3dwLWNvbnRlbnRcL3VwbG9hZHNcLzIwMjVcLzEyXC9tYXJpYWdlLXNhbi1mcmFuY2lzY28tY2FsaWZvcm5pZTQ4LndlYnAifQ%3D%3D\">\n\t\t\t\t\t\t\t<img loading=\"lazy\" decoding=\"async\" width=\"1280\" height=\"1920\" src=\"https:\/\/www.boyerjulien.com\/wp-content\/uploads\/2025\/12\/mariage-san-francisco-californie48.webp\" class=\"attachment-full size-full wp-image-2624\" alt=\"Couple de mari\u00e9s enlac\u00e9 sous les arbres avec vue sur le Golden Gate Bridge \u00e0 San Francisco photographi\u00e9 par Julien Boyer\" srcset=\"https:\/\/www.boyerjulien.com\/wp-content\/uploads\/2025\/12\/mariage-san-francisco-californie48.webp 1280w, https:\/\/www.boyerjulien.com\/wp-content\/uploads\/2025\/12\/mariage-san-francisco-californie48-200x300.webp 200w, https:\/\/www.boyerjulien.com\/wp-content\/uploads\/2025\/12\/mariage-san-francisco-californie48-682x1024.webp 682w, https:\/\/www.boyerjulien.com\/wp-content\/uploads\/2025\/12\/mariage-san-francisco-californie48-768x1152.webp 768w, https:\/\/www.boyerjulien.com\/wp-content\/uploads\/2025\/12\/mariage-san-francisco-californie48-1024x1536.webp 1024w\" sizes=\"(max-width: 1280px) 100vw, 1280px\" \/>\t\t\t\t\t\t\t\t<\/a>\n\t\t\t\t\t\t\t\t\t\t\t\t\t\t\t<\/div>\n\t\t\t\t<\/div>\n\t\t\t\t<div class=\"elementor-element elementor-element-68dd726 elementor-widget elementor-widget-image\" data-id=\"68dd726\" data-element_type=\"widget\" data-widget_type=\"image.default\">\n\t\t\t\t<div class=\"elementor-widget-container\">\n\t\t\t\t\t\t\t\t\t\t\t\t\t\t\t\t<a href=\"https:\/\/www.boyerjulien.com\/wp-content\/uploads\/2025\/12\/mariage-san-francisco-californie55.jpg\" data-elementor-open-lightbox=\"yes\" data-e-action-hash=\"#elementor-action%3Aaction%3Dlightbox%26settings%3DeyJpZCI6MjYzMSwidXJsIjoiaHR0cHM6XC9cL3d3dy5ib3llcmp1bGllbi5jb21cL3dwLWNvbnRlbnRcL3VwbG9hZHNcLzIwMjVcLzEyXC9tYXJpYWdlLXNhbi1mcmFuY2lzY28tY2FsaWZvcm5pZTU1LndlYnAifQ%3D%3D\">\n\t\t\t\t\t\t\t<img loading=\"lazy\" decoding=\"async\" width=\"1920\" height=\"1280\" src=\"https:\/\/www.boyerjulien.com\/wp-content\/uploads\/2025\/12\/mariage-san-francisco-californie55.webp\" class=\"attachment-full size-full wp-image-2631\" alt=\"Couple de mari\u00e9s s\u2019embrassant devant le Palace of Fine Arts \u00e0 San Francisco lors d\u2019un elopement photographi\u00e9 par Julien Boyer\" srcset=\"https:\/\/www.boyerjulien.com\/wp-content\/uploads\/2025\/12\/mariage-san-francisco-californie55.webp 1920w, https:\/\/www.boyerjulien.com\/wp-content\/uploads\/2025\/12\/mariage-san-francisco-californie55-300x200.webp 300w, https:\/\/www.boyerjulien.com\/wp-content\/uploads\/2025\/12\/mariage-san-francisco-californie55-1024x682.webp 1024w, https:\/\/www.boyerjulien.com\/wp-content\/uploads\/2025\/12\/mariage-san-francisco-californie55-768x512.webp 768w, https:\/\/www.boyerjulien.com\/wp-content\/uploads\/2025\/12\/mariage-san-francisco-californie55-1536x1024.webp 1536w\" sizes=\"(max-width: 1920px) 100vw, 1920px\" \/>\t\t\t\t\t\t\t\t<\/a>\n\t\t\t\t\t\t\t\t\t\t\t\t\t\t\t<\/div>\n\t\t\t\t<\/div>\n\t\t\t\t<div class=\"elementor-element elementor-element-b835b79 uael-img-grid__column-2 uael-img-grid-tablet__column-3 uael-img-grid-mobile__column-2 uael-ins-normal elementor-widget elementor-widget-uael-image-gallery\" data-id=\"b835b79\" data-element_type=\"widget\" data-settings=\"{&quot;gallery_columns&quot;:&quot;2&quot;,&quot;gallery_columns_tablet&quot;:&quot;3&quot;,&quot;gallery_columns_mobile&quot;:&quot;2&quot;,&quot;column_gap&quot;:{&quot;unit&quot;:&quot;px&quot;,&quot;size&quot;:20,&quot;sizes&quot;:[]},&quot;column_gap_widescreen&quot;:{&quot;unit&quot;:&quot;px&quot;,&quot;size&quot;:&quot;&quot;,&quot;sizes&quot;:[]},&quot;column_gap_laptop&quot;:{&quot;unit&quot;:&quot;px&quot;,&quot;size&quot;:&quot;&quot;,&quot;sizes&quot;:[]},&quot;column_gap_tablet_extra&quot;:{&quot;unit&quot;:&quot;px&quot;,&quot;size&quot;:&quot;&quot;,&quot;sizes&quot;:[]},&quot;column_gap_tablet&quot;:{&quot;unit&quot;:&quot;px&quot;,&quot;size&quot;:&quot;&quot;,&quot;sizes&quot;:[]},&quot;column_gap_mobile_extra&quot;:{&quot;unit&quot;:&quot;px&quot;,&quot;size&quot;:&quot;&quot;,&quot;sizes&quot;:[]},&quot;column_gap_mobile&quot;:{&quot;unit&quot;:&quot;px&quot;,&quot;size&quot;:&quot;&quot;,&quot;sizes&quot;:[]},&quot;row_gap&quot;:{&quot;unit&quot;:&quot;px&quot;,&quot;size&quot;:20,&quot;sizes&quot;:[]},&quot;row_gap_widescreen&quot;:{&quot;unit&quot;:&quot;px&quot;,&quot;size&quot;:&quot;&quot;,&quot;sizes&quot;:[]},&quot;row_gap_laptop&quot;:{&quot;unit&quot;:&quot;px&quot;,&quot;size&quot;:&quot;&quot;,&quot;sizes&quot;:[]},&quot;row_gap_tablet_extra&quot;:{&quot;unit&quot;:&quot;px&quot;,&quot;size&quot;:&quot;&quot;,&quot;sizes&quot;:[]},&quot;row_gap_tablet&quot;:{&quot;unit&quot;:&quot;px&quot;,&quot;size&quot;:&quot;&quot;,&quot;sizes&quot;:[]},&quot;row_gap_mobile_extra&quot;:{&quot;unit&quot;:&quot;px&quot;,&quot;size&quot;:&quot;&quot;,&quot;sizes&quot;:[]},&quot;row_gap_mobile&quot;:{&quot;unit&quot;:&quot;px&quot;,&quot;size&quot;:&quot;&quot;,&quot;sizes&quot;:[]}}\" data-widget_type=\"uael-image-gallery.default\">\n\t\t\t\t<div class=\"elementor-widget-container\">\n\t\t\t\t\t<div class=\"uael-gallery-parent uael-caption- uael-gallery-unjustified\"><div class=\"uael-img-gallery-wrap uael-img-masonry-wrap uael-img-grid-masonry-wrap uael-masonry uael-image-lightbox-wrap\" data-filter-default=\"All\" data-lightbox_actions=\"[&quot;close&quot;]\" data-lightbox-gallery-loop=\"\"><div class=\"uael-grid-item  uael-img-gallery-item-1\"><div class=\"uael-grid-item-content\"><a class=\"uael-grid-img uael-grid-gallery-img uael-ins-hover elementor-clickable\" data-fancybox=\"uael-gallery\" href=\"https:\/\/www.boyerjulien.com\/wp-content\/uploads\/2025\/12\/mariage-san-francisco-californie54.webp\" data-elementor-open-lightbox=\"no\"><div class=\"uael-grid-img-thumbnail uael-ins-target\"><img loading=\"lazy\" decoding=\"async\" width=\"682\" height=\"1024\" src=\"https:\/\/www.boyerjulien.com\/wp-content\/uploads\/2025\/12\/mariage-san-francisco-californie54-682x1024.webp\" class=\"attachment-large size-large wp-image-2630\" alt=\"Couple de mari\u00e9s marchant main dans la main au Palace of Fine Arts \u00e0 San Francisco photographi\u00e9 par Julien Boyer\" srcset=\"https:\/\/www.boyerjulien.com\/wp-content\/uploads\/2025\/12\/mariage-san-francisco-californie54-682x1024.webp 682w, https:\/\/www.boyerjulien.com\/wp-content\/uploads\/2025\/12\/mariage-san-francisco-californie54-200x300.webp 200w, https:\/\/www.boyerjulien.com\/wp-content\/uploads\/2025\/12\/mariage-san-francisco-californie54-768x1152.webp 768w, https:\/\/www.boyerjulien.com\/wp-content\/uploads\/2025\/12\/mariage-san-francisco-californie54-1024x1536.webp 1024w, https:\/\/www.boyerjulien.com\/wp-content\/uploads\/2025\/12\/mariage-san-francisco-californie54.webp 1280w\" sizes=\"(max-width: 682px) 100vw, 682px\" \/><\/div><div class=\"uael-grid-img-overlay\"><\/div><\/a><\/div><\/div><div class=\"uael-grid-item  uael-img-gallery-item-2\"><div class=\"uael-grid-item-content\"><a class=\"uael-grid-img uael-grid-gallery-img uael-ins-hover elementor-clickable\" data-fancybox=\"uael-gallery\" href=\"https:\/\/www.boyerjulien.com\/wp-content\/uploads\/2025\/12\/mariage-san-francisco-californie53.webp\" data-elementor-open-lightbox=\"no\"><div class=\"uael-grid-img-thumbnail uael-ins-target\"><img loading=\"lazy\" decoding=\"async\" width=\"682\" height=\"1024\" src=\"https:\/\/www.boyerjulien.com\/wp-content\/uploads\/2025\/12\/mariage-san-francisco-californie53-682x1024.webp\" class=\"attachment-large size-large wp-image-2629\" alt=\"Mari\u00e9e faisant voler sa robe devant les colonnes du Palace of Fine Arts \u00e0 San Francisco lors d\u2019un elopement\" srcset=\"https:\/\/www.boyerjulien.com\/wp-content\/uploads\/2025\/12\/mariage-san-francisco-californie53-682x1024.webp 682w, https:\/\/www.boyerjulien.com\/wp-content\/uploads\/2025\/12\/mariage-san-francisco-californie53-200x300.webp 200w, https:\/\/www.boyerjulien.com\/wp-content\/uploads\/2025\/12\/mariage-san-francisco-californie53-768x1152.webp 768w, https:\/\/www.boyerjulien.com\/wp-content\/uploads\/2025\/12\/mariage-san-francisco-californie53-1024x1536.webp 1024w, https:\/\/www.boyerjulien.com\/wp-content\/uploads\/2025\/12\/mariage-san-francisco-californie53.webp 1280w\" sizes=\"(max-width: 682px) 100vw, 682px\" \/><\/div><div class=\"uael-grid-img-overlay\"><\/div><\/a><\/div><\/div><div class=\"uael-grid-item  uael-img-gallery-item-3\"><div class=\"uael-grid-item-content\"><a class=\"uael-grid-img uael-grid-gallery-img uael-ins-hover elementor-clickable\" data-fancybox=\"uael-gallery\" href=\"https:\/\/www.boyerjulien.com\/wp-content\/uploads\/2025\/12\/mariage-san-francisco-californie51.webp\" data-elementor-open-lightbox=\"no\"><div class=\"uael-grid-img-thumbnail uael-ins-target\"><img loading=\"lazy\" decoding=\"async\" width=\"682\" height=\"1024\" src=\"https:\/\/www.boyerjulien.com\/wp-content\/uploads\/2025\/12\/mariage-san-francisco-californie51-682x1024.webp\" class=\"attachment-large size-large wp-image-2627\" alt=\"Couple de mari\u00e9s se tenant les mains et riant au Palace of Fine Arts \u00e0 San Francisco pendant leur elopement\" srcset=\"https:\/\/www.boyerjulien.com\/wp-content\/uploads\/2025\/12\/mariage-san-francisco-californie51-682x1024.webp 682w, https:\/\/www.boyerjulien.com\/wp-content\/uploads\/2025\/12\/mariage-san-francisco-californie51-200x300.webp 200w, https:\/\/www.boyerjulien.com\/wp-content\/uploads\/2025\/12\/mariage-san-francisco-californie51-768x1152.webp 768w, https:\/\/www.boyerjulien.com\/wp-content\/uploads\/2025\/12\/mariage-san-francisco-californie51-1024x1536.webp 1024w, https:\/\/www.boyerjulien.com\/wp-content\/uploads\/2025\/12\/mariage-san-francisco-californie51.webp 1280w\" sizes=\"(max-width: 682px) 100vw, 682px\" \/><\/div><div class=\"uael-grid-img-overlay\"><\/div><\/a><\/div><\/div><div class=\"uael-grid-item  uael-img-gallery-item-4\"><div class=\"uael-grid-item-content\"><a class=\"uael-grid-img uael-grid-gallery-img uael-ins-hover elementor-clickable\" data-fancybox=\"uael-gallery\" href=\"https:\/\/www.boyerjulien.com\/wp-content\/uploads\/2025\/12\/mariage-san-francisco-californie50.webp\" data-elementor-open-lightbox=\"no\"><div class=\"uael-grid-img-thumbnail uael-ins-target\"><img loading=\"lazy\" decoding=\"async\" width=\"682\" height=\"1024\" src=\"https:\/\/www.boyerjulien.com\/wp-content\/uploads\/2025\/12\/mariage-san-francisco-californie50-682x1024.webp\" class=\"attachment-large size-large wp-image-2626\" alt=\"Vue des colonnes et de l\u2019architecture du Palace of Fine Arts \u00e0 San Francisco lors d\u2019un reportage elopement\" srcset=\"https:\/\/www.boyerjulien.com\/wp-content\/uploads\/2025\/12\/mariage-san-francisco-californie50-682x1024.webp 682w, https:\/\/www.boyerjulien.com\/wp-content\/uploads\/2025\/12\/mariage-san-francisco-californie50-200x300.webp 200w, https:\/\/www.boyerjulien.com\/wp-content\/uploads\/2025\/12\/mariage-san-francisco-californie50-768x1152.webp 768w, https:\/\/www.boyerjulien.com\/wp-content\/uploads\/2025\/12\/mariage-san-francisco-californie50-1024x1536.webp 1024w, https:\/\/www.boyerjulien.com\/wp-content\/uploads\/2025\/12\/mariage-san-francisco-californie50.webp 1280w\" sizes=\"(max-width: 682px) 100vw, 682px\" \/><\/div><div class=\"uael-grid-img-overlay\"><\/div><\/a><\/div><\/div><\/div><\/div>\t\t\t\t<\/div>\n\t\t\t\t<\/div>\n\t\t\t\t<div class=\"elementor-element elementor-element-06badcf elementor-widget elementor-widget-image\" data-id=\"06badcf\" data-element_type=\"widget\" data-widget_type=\"image.default\">\n\t\t\t\t<div class=\"elementor-widget-container\">\n\t\t\t\t\t\t\t\t\t\t\t\t\t\t\t\t<a href=\"https:\/\/www.boyerjulien.com\/wp-content\/uploads\/2025\/12\/mariage-san-francisco-californie52.jpg\" data-elementor-open-lightbox=\"yes\" data-e-action-hash=\"#elementor-action%3Aaction%3Dlightbox%26settings%3DeyJpZCI6MjYyOCwidXJsIjoiaHR0cHM6XC9cL3d3dy5ib3llcmp1bGllbi5jb21cL3dwLWNvbnRlbnRcL3VwbG9hZHNcLzIwMjVcLzEyXC9tYXJpYWdlLXNhbi1mcmFuY2lzY28tY2FsaWZvcm5pZTUyLndlYnAifQ%3D%3D\">\n\t\t\t\t\t\t\t<img loading=\"lazy\" decoding=\"async\" width=\"1920\" height=\"1280\" src=\"https:\/\/www.boyerjulien.com\/wp-content\/uploads\/2025\/12\/mariage-san-francisco-californie52.webp\" class=\"attachment-full size-full wp-image-2628\" alt=\"Mari\u00e9s front contre front au Palace of Fine Arts \u00e0 San Francisco lors d\u2019un mariage elopement photographi\u00e9 par Julien Boyer\" srcset=\"https:\/\/www.boyerjulien.com\/wp-content\/uploads\/2025\/12\/mariage-san-francisco-californie52.webp 1920w, https:\/\/www.boyerjulien.com\/wp-content\/uploads\/2025\/12\/mariage-san-francisco-californie52-300x200.webp 300w, https:\/\/www.boyerjulien.com\/wp-content\/uploads\/2025\/12\/mariage-san-francisco-californie52-1024x682.webp 1024w, https:\/\/www.boyerjulien.com\/wp-content\/uploads\/2025\/12\/mariage-san-francisco-californie52-768x512.webp 768w, https:\/\/www.boyerjulien.com\/wp-content\/uploads\/2025\/12\/mariage-san-francisco-californie52-1536x1024.webp 1536w\" sizes=\"(max-width: 1920px) 100vw, 1920px\" \/>\t\t\t\t\t\t\t\t<\/a>\n\t\t\t\t\t\t\t\t\t\t\t\t\t\t\t<\/div>\n\t\t\t\t<\/div>\n\t\t\t\t<div class=\"elementor-element elementor-element-f7077de uael-img-grid__column-2 uael-img-grid-tablet__column-3 uael-img-grid-mobile__column-2 uael-ins-normal elementor-widget elementor-widget-uael-image-gallery\" data-id=\"f7077de\" data-element_type=\"widget\" data-settings=\"{&quot;gallery_columns&quot;:&quot;2&quot;,&quot;gallery_columns_tablet&quot;:&quot;3&quot;,&quot;gallery_columns_mobile&quot;:&quot;2&quot;,&quot;column_gap&quot;:{&quot;unit&quot;:&quot;px&quot;,&quot;size&quot;:20,&quot;sizes&quot;:[]},&quot;column_gap_widescreen&quot;:{&quot;unit&quot;:&quot;px&quot;,&quot;size&quot;:&quot;&quot;,&quot;sizes&quot;:[]},&quot;column_gap_laptop&quot;:{&quot;unit&quot;:&quot;px&quot;,&quot;size&quot;:&quot;&quot;,&quot;sizes&quot;:[]},&quot;column_gap_tablet_extra&quot;:{&quot;unit&quot;:&quot;px&quot;,&quot;size&quot;:&quot;&quot;,&quot;sizes&quot;:[]},&quot;column_gap_tablet&quot;:{&quot;unit&quot;:&quot;px&quot;,&quot;size&quot;:&quot;&quot;,&quot;sizes&quot;:[]},&quot;column_gap_mobile_extra&quot;:{&quot;unit&quot;:&quot;px&quot;,&quot;size&quot;:&quot;&quot;,&quot;sizes&quot;:[]},&quot;column_gap_mobile&quot;:{&quot;unit&quot;:&quot;px&quot;,&quot;size&quot;:&quot;&quot;,&quot;sizes&quot;:[]},&quot;row_gap&quot;:{&quot;unit&quot;:&quot;px&quot;,&quot;size&quot;:20,&quot;sizes&quot;:[]},&quot;row_gap_widescreen&quot;:{&quot;unit&quot;:&quot;px&quot;,&quot;size&quot;:&quot;&quot;,&quot;sizes&quot;:[]},&quot;row_gap_laptop&quot;:{&quot;unit&quot;:&quot;px&quot;,&quot;size&quot;:&quot;&quot;,&quot;sizes&quot;:[]},&quot;row_gap_tablet_extra&quot;:{&quot;unit&quot;:&quot;px&quot;,&quot;size&quot;:&quot;&quot;,&quot;sizes&quot;:[]},&quot;row_gap_tablet&quot;:{&quot;unit&quot;:&quot;px&quot;,&quot;size&quot;:&quot;&quot;,&quot;sizes&quot;:[]},&quot;row_gap_mobile_extra&quot;:{&quot;unit&quot;:&quot;px&quot;,&quot;size&quot;:&quot;&quot;,&quot;sizes&quot;:[]},&quot;row_gap_mobile&quot;:{&quot;unit&quot;:&quot;px&quot;,&quot;size&quot;:&quot;&quot;,&quot;sizes&quot;:[]}}\" data-widget_type=\"uael-image-gallery.default\">\n\t\t\t\t<div class=\"elementor-widget-container\">\n\t\t\t\t\t<div class=\"uael-gallery-parent uael-caption- uael-gallery-unjustified\"><div class=\"uael-img-gallery-wrap uael-img-masonry-wrap uael-img-grid-masonry-wrap uael-masonry uael-image-lightbox-wrap\" data-filter-default=\"All\" data-lightbox_actions=\"[&quot;close&quot;]\" data-lightbox-gallery-loop=\"\"><div class=\"uael-grid-item  uael-img-gallery-item-1\"><div class=\"uael-grid-item-content\"><a class=\"uael-grid-img uael-grid-gallery-img uael-ins-hover elementor-clickable\" data-fancybox=\"uael-gallery\" href=\"https:\/\/www.boyerjulien.com\/wp-content\/uploads\/2025\/12\/mariage-san-francisco-californie6.jpg\" data-elementor-open-lightbox=\"no\"><div class=\"uael-grid-img-thumbnail uael-ins-target\"><img loading=\"lazy\" decoding=\"async\" width=\"1024\" height=\"682\" src=\"https:\/\/www.boyerjulien.com\/wp-content\/uploads\/2025\/12\/mariage-san-francisco-californie6-1024x682.jpg\" class=\"attachment-large size-large wp-image-2580\" alt=\"Plaque Barbary Coast Trail au sol \u00e0 San Francisco photographi\u00e9e lors d\u2019un mariage elopement en Californie\" srcset=\"https:\/\/www.boyerjulien.com\/wp-content\/uploads\/2025\/12\/mariage-san-francisco-californie6-1024x682.jpg 1024w, https:\/\/www.boyerjulien.com\/wp-content\/uploads\/2025\/12\/mariage-san-francisco-californie6-300x200.jpg 300w, https:\/\/www.boyerjulien.com\/wp-content\/uploads\/2025\/12\/mariage-san-francisco-californie6-768x512.jpg 768w, https:\/\/www.boyerjulien.com\/wp-content\/uploads\/2025\/12\/mariage-san-francisco-californie6-1536x1024.jpg 1536w, https:\/\/www.boyerjulien.com\/wp-content\/uploads\/2025\/12\/mariage-san-francisco-californie6.jpg 2000w\" sizes=\"(max-width: 1024px) 100vw, 1024px\" \/><\/div><div class=\"uael-grid-img-overlay\"><\/div><\/a><\/div><\/div><div class=\"uael-grid-item  uael-img-gallery-item-2\"><div class=\"uael-grid-item-content\"><a class=\"uael-grid-img uael-grid-gallery-img uael-ins-hover elementor-clickable\" data-fancybox=\"uael-gallery\" href=\"https:\/\/www.boyerjulien.com\/wp-content\/uploads\/2025\/12\/mariage-san-francisco-californie5.webp\" data-elementor-open-lightbox=\"no\"><div class=\"uael-grid-img-thumbnail uael-ins-target\"><img loading=\"lazy\" decoding=\"async\" width=\"682\" height=\"1024\" src=\"https:\/\/www.boyerjulien.com\/wp-content\/uploads\/2025\/12\/mariage-san-francisco-californie5-682x1024.webp\" class=\"attachment-large size-large wp-image-2579\" alt=\"Panneau One Way dans une rue typique de San Francisco lors d\u2019un reportage elopement photographi\u00e9 par Julien Boyer\" srcset=\"https:\/\/www.boyerjulien.com\/wp-content\/uploads\/2025\/12\/mariage-san-francisco-californie5-682x1024.webp 682w, https:\/\/www.boyerjulien.com\/wp-content\/uploads\/2025\/12\/mariage-san-francisco-californie5-200x300.webp 200w, https:\/\/www.boyerjulien.com\/wp-content\/uploads\/2025\/12\/mariage-san-francisco-californie5-768x1152.webp 768w, https:\/\/www.boyerjulien.com\/wp-content\/uploads\/2025\/12\/mariage-san-francisco-californie5-1024x1536.webp 1024w, https:\/\/www.boyerjulien.com\/wp-content\/uploads\/2025\/12\/mariage-san-francisco-californie5.webp 1280w\" sizes=\"(max-width: 682px) 100vw, 682px\" \/><\/div><div class=\"uael-grid-img-overlay\"><\/div><\/a><\/div><\/div><div class=\"uael-grid-item  uael-img-gallery-item-3\"><div class=\"uael-grid-item-content\"><a class=\"uael-grid-img uael-grid-gallery-img uael-ins-hover elementor-clickable\" data-fancybox=\"uael-gallery\" href=\"https:\/\/www.boyerjulien.com\/wp-content\/uploads\/2025\/12\/mariage-san-francisco-californie4.jpg\" data-elementor-open-lightbox=\"no\"><div class=\"uael-grid-img-thumbnail uael-ins-target\"><img loading=\"lazy\" decoding=\"async\" width=\"682\" height=\"1024\" src=\"https:\/\/www.boyerjulien.com\/wp-content\/uploads\/2025\/12\/mariage-san-francisco-californie4-682x1024.jpg\" class=\"attachment-large size-large wp-image-2578\" alt=\"Fa\u00e7ade du Ritz-Carlton \u00e0 San Francisco photographi\u00e9e pendant un mariage elopement en Californie\" srcset=\"https:\/\/www.boyerjulien.com\/wp-content\/uploads\/2025\/12\/mariage-san-francisco-californie4-682x1024.jpg 682w, https:\/\/www.boyerjulien.com\/wp-content\/uploads\/2025\/12\/mariage-san-francisco-californie4-200x300.jpg 200w, https:\/\/www.boyerjulien.com\/wp-content\/uploads\/2025\/12\/mariage-san-francisco-californie4-768x1152.jpg 768w, https:\/\/www.boyerjulien.com\/wp-content\/uploads\/2025\/12\/mariage-san-francisco-californie4-1024x1536.jpg 1024w, https:\/\/www.boyerjulien.com\/wp-content\/uploads\/2025\/12\/mariage-san-francisco-californie4.jpg 1333w\" sizes=\"(max-width: 682px) 100vw, 682px\" \/><\/div><div class=\"uael-grid-img-overlay\"><\/div><\/a><\/div><\/div><div class=\"uael-grid-item  uael-img-gallery-item-4\"><div class=\"uael-grid-item-content\"><a class=\"uael-grid-img uael-grid-gallery-img uael-ins-hover elementor-clickable\" data-fancybox=\"uael-gallery\" href=\"https:\/\/www.boyerjulien.com\/wp-content\/uploads\/2025\/12\/mariage-san-francisco-californie10.jpg\" data-elementor-open-lightbox=\"no\"><div class=\"uael-grid-img-thumbnail uael-ins-target\"><img loading=\"lazy\" decoding=\"async\" width=\"1024\" height=\"682\" src=\"https:\/\/www.boyerjulien.com\/wp-content\/uploads\/2025\/12\/mariage-san-francisco-californie10-1024x682.jpg\" class=\"attachment-large size-large wp-image-2584\" alt=\"Palmiers et immeubles du centre-ville de San Francisco photographi\u00e9s lors d\u2019un mariage elopement en Californie par Julien Boyer\" srcset=\"https:\/\/www.boyerjulien.com\/wp-content\/uploads\/2025\/12\/mariage-san-francisco-californie10-1024x682.jpg 1024w, https:\/\/www.boyerjulien.com\/wp-content\/uploads\/2025\/12\/mariage-san-francisco-californie10-300x200.jpg 300w, https:\/\/www.boyerjulien.com\/wp-content\/uploads\/2025\/12\/mariage-san-francisco-californie10-768x512.jpg 768w, https:\/\/www.boyerjulien.com\/wp-content\/uploads\/2025\/12\/mariage-san-francisco-californie10-1536x1024.jpg 1536w, https:\/\/www.boyerjulien.com\/wp-content\/uploads\/2025\/12\/mariage-san-francisco-californie10.jpg 2000w\" sizes=\"(max-width: 1024px) 100vw, 1024px\" \/><\/div><div class=\"uael-grid-img-overlay\"><\/div><\/a><\/div><\/div><\/div><\/div>\t\t\t\t<\/div>\n\t\t\t\t<\/div>\n\t\t\t\t<div class=\"elementor-element elementor-element-61ea5c7 elementor-widget elementor-widget-image\" data-id=\"61ea5c7\" data-element_type=\"widget\" data-widget_type=\"image.default\">\n\t\t\t\t<div class=\"elementor-widget-container\">\n\t\t\t\t\t\t\t\t\t\t\t\t\t\t\t\t<a href=\"https:\/\/www.boyerjulien.com\/wp-content\/uploads\/2025\/12\/mariage-san-francisco-californie3.jpg\" data-elementor-open-lightbox=\"yes\" data-e-action-hash=\"#elementor-action%3Aaction%3Dlightbox%26settings%3DeyJpZCI6MjU3NywidXJsIjoiaHR0cHM6XC9cL3d3dy5ib3llcmp1bGllbi5jb21cL3dwLWNvbnRlbnRcL3VwbG9hZHNcLzIwMjVcLzEyXC9tYXJpYWdlLXNhbi1mcmFuY2lzY28tY2FsaWZvcm5pZTMud2VicCJ9\">\n\t\t\t\t\t\t\t<img loading=\"lazy\" decoding=\"async\" width=\"1280\" height=\"1920\" src=\"https:\/\/www.boyerjulien.com\/wp-content\/uploads\/2025\/12\/mariage-san-francisco-californie3.webp\" class=\"attachment-full size-full wp-image-2577\" alt=\"Panneau California Street \u00e0 San Francisco photographi\u00e9 lors d\u2019un elopement urbain en Californie\" srcset=\"https:\/\/www.boyerjulien.com\/wp-content\/uploads\/2025\/12\/mariage-san-francisco-californie3.webp 1280w, https:\/\/www.boyerjulien.com\/wp-content\/uploads\/2025\/12\/mariage-san-francisco-californie3-200x300.webp 200w, https:\/\/www.boyerjulien.com\/wp-content\/uploads\/2025\/12\/mariage-san-francisco-californie3-682x1024.webp 682w, https:\/\/www.boyerjulien.com\/wp-content\/uploads\/2025\/12\/mariage-san-francisco-californie3-768x1152.webp 768w, https:\/\/www.boyerjulien.com\/wp-content\/uploads\/2025\/12\/mariage-san-francisco-californie3-1024x1536.webp 1024w\" sizes=\"(max-width: 1280px) 100vw, 1280px\" \/>\t\t\t\t\t\t\t\t<\/a>\n\t\t\t\t\t\t\t\t\t\t\t\t\t\t\t<\/div>\n\t\t\t\t<\/div>\n\t\t\t\t<div class=\"elementor-element elementor-element-3fe5f60 elementor-widget elementor-widget-image\" data-id=\"3fe5f60\" data-element_type=\"widget\" data-widget_type=\"image.default\">\n\t\t\t\t<div class=\"elementor-widget-container\">\n\t\t\t\t\t\t\t\t\t\t\t\t\t\t\t\t<a href=\"https:\/\/www.boyerjulien.com\/wp-content\/uploads\/2025\/12\/mariage-san-francisco-californie8.jpg\" data-elementor-open-lightbox=\"yes\" data-e-action-hash=\"#elementor-action%3Aaction%3Dlightbox%26settings%3DeyJpZCI6MjU4MiwidXJsIjoiaHR0cHM6XC9cL3d3dy5ib3llcmp1bGllbi5jb21cL3dwLWNvbnRlbnRcL3VwbG9hZHNcLzIwMjVcLzEyXC9tYXJpYWdlLXNhbi1mcmFuY2lzY28tY2FsaWZvcm5pZTguanBnIn0%3D\">\n\t\t\t\t\t\t\t<img loading=\"lazy\" decoding=\"async\" width=\"2000\" height=\"1333\" src=\"https:\/\/www.boyerjulien.com\/wp-content\/uploads\/2025\/12\/mariage-san-francisco-californie8.jpg\" class=\"attachment-full size-full wp-image-2582\" alt=\"Maisons Painted Ladies avec la skyline de San Francisco en arri\u00e8re-plan lors d\u2019un mariage elopement en Californie\" srcset=\"https:\/\/www.boyerjulien.com\/wp-content\/uploads\/2025\/12\/mariage-san-francisco-californie8.jpg 2000w, https:\/\/www.boyerjulien.com\/wp-content\/uploads\/2025\/12\/mariage-san-francisco-californie8-300x200.jpg 300w, https:\/\/www.boyerjulien.com\/wp-content\/uploads\/2025\/12\/mariage-san-francisco-californie8-1024x682.jpg 1024w, https:\/\/www.boyerjulien.com\/wp-content\/uploads\/2025\/12\/mariage-san-francisco-californie8-768x512.jpg 768w, https:\/\/www.boyerjulien.com\/wp-content\/uploads\/2025\/12\/mariage-san-francisco-californie8-1536x1024.jpg 1536w\" sizes=\"(max-width: 2000px) 100vw, 2000px\" \/>\t\t\t\t\t\t\t\t<\/a>\n\t\t\t\t\t\t\t\t\t\t\t\t\t\t\t<\/div>\n\t\t\t\t<\/div>\n\t\t\t\t<div class=\"elementor-element elementor-element-8ceedae elementor-widget elementor-widget-image\" data-id=\"8ceedae\" data-element_type=\"widget\" data-widget_type=\"image.default\">\n\t\t\t\t<div class=\"elementor-widget-container\">\n\t\t\t\t\t\t\t\t\t\t\t\t\t\t\t\t<a href=\"https:\/\/www.boyerjulien.com\/wp-content\/uploads\/2025\/12\/mariage-san-francisco-californie9.jpg\" data-elementor-open-lightbox=\"yes\" data-e-action-hash=\"#elementor-action%3Aaction%3Dlightbox%26settings%3DeyJpZCI6MjU4MywidXJsIjoiaHR0cHM6XC9cL3d3dy5ib3llcmp1bGllbi5jb21cL3dwLWNvbnRlbnRcL3VwbG9hZHNcLzIwMjVcLzEyXC9tYXJpYWdlLXNhbi1mcmFuY2lzY28tY2FsaWZvcm5pZTkuanBnIn0%3D\">\n\t\t\t\t\t\t\t<img loading=\"lazy\" decoding=\"async\" width=\"2000\" height=\"1333\" src=\"https:\/\/www.boyerjulien.com\/wp-content\/uploads\/2025\/12\/mariage-san-francisco-californie9.jpg\" class=\"attachment-full size-full wp-image-2583\" alt=\"Ponton en bois face au skyline de San Francisco et \u00e0 la Transamerica Pyramid photographi\u00e9 par Julien Boyer lors d\u2019un elopement\" srcset=\"https:\/\/www.boyerjulien.com\/wp-content\/uploads\/2025\/12\/mariage-san-francisco-californie9.jpg 2000w, https:\/\/www.boyerjulien.com\/wp-content\/uploads\/2025\/12\/mariage-san-francisco-californie9-300x200.jpg 300w, https:\/\/www.boyerjulien.com\/wp-content\/uploads\/2025\/12\/mariage-san-francisco-californie9-1024x682.jpg 1024w, https:\/\/www.boyerjulien.com\/wp-content\/uploads\/2025\/12\/mariage-san-francisco-californie9-768x512.jpg 768w, https:\/\/www.boyerjulien.com\/wp-content\/uploads\/2025\/12\/mariage-san-francisco-californie9-1536x1024.jpg 1536w\" sizes=\"(max-width: 2000px) 100vw, 2000px\" \/>\t\t\t\t\t\t\t\t<\/a>\n\t\t\t\t\t\t\t\t\t\t\t\t\t\t\t<\/div>\n\t\t\t\t<\/div>\n\t\t\t\t<div class=\"elementor-element elementor-element-776995d uael-img-grid__column-2 uael-img-grid-tablet__column-3 uael-img-grid-mobile__column-2 uael-ins-normal elementor-widget elementor-widget-uael-image-gallery\" data-id=\"776995d\" data-element_type=\"widget\" data-settings=\"{&quot;gallery_columns&quot;:&quot;2&quot;,&quot;gallery_columns_tablet&quot;:&quot;3&quot;,&quot;gallery_columns_mobile&quot;:&quot;2&quot;,&quot;column_gap&quot;:{&quot;unit&quot;:&quot;px&quot;,&quot;size&quot;:20,&quot;sizes&quot;:[]},&quot;column_gap_widescreen&quot;:{&quot;unit&quot;:&quot;px&quot;,&quot;size&quot;:&quot;&quot;,&quot;sizes&quot;:[]},&quot;column_gap_laptop&quot;:{&quot;unit&quot;:&quot;px&quot;,&quot;size&quot;:&quot;&quot;,&quot;sizes&quot;:[]},&quot;column_gap_tablet_extra&quot;:{&quot;unit&quot;:&quot;px&quot;,&quot;size&quot;:&quot;&quot;,&quot;sizes&quot;:[]},&quot;column_gap_tablet&quot;:{&quot;unit&quot;:&quot;px&quot;,&quot;size&quot;:&quot;&quot;,&quot;sizes&quot;:[]},&quot;column_gap_mobile_extra&quot;:{&quot;unit&quot;:&quot;px&quot;,&quot;size&quot;:&quot;&quot;,&quot;sizes&quot;:[]},&quot;column_gap_mobile&quot;:{&quot;unit&quot;:&quot;px&quot;,&quot;size&quot;:&quot;&quot;,&quot;sizes&quot;:[]},&quot;row_gap&quot;:{&quot;unit&quot;:&quot;px&quot;,&quot;size&quot;:20,&quot;sizes&quot;:[]},&quot;row_gap_widescreen&quot;:{&quot;unit&quot;:&quot;px&quot;,&quot;size&quot;:&quot;&quot;,&quot;sizes&quot;:[]},&quot;row_gap_laptop&quot;:{&quot;unit&quot;:&quot;px&quot;,&quot;size&quot;:&quot;&quot;,&quot;sizes&quot;:[]},&quot;row_gap_tablet_extra&quot;:{&quot;unit&quot;:&quot;px&quot;,&quot;size&quot;:&quot;&quot;,&quot;sizes&quot;:[]},&quot;row_gap_tablet&quot;:{&quot;unit&quot;:&quot;px&quot;,&quot;size&quot;:&quot;&quot;,&quot;sizes&quot;:[]},&quot;row_gap_mobile_extra&quot;:{&quot;unit&quot;:&quot;px&quot;,&quot;size&quot;:&quot;&quot;,&quot;sizes&quot;:[]},&quot;row_gap_mobile&quot;:{&quot;unit&quot;:&quot;px&quot;,&quot;size&quot;:&quot;&quot;,&quot;sizes&quot;:[]}}\" data-widget_type=\"uael-image-gallery.default\">\n\t\t\t\t<div class=\"elementor-widget-container\">\n\t\t\t\t\t<div class=\"uael-gallery-parent uael-caption- uael-gallery-unjustified\"><div class=\"uael-img-gallery-wrap uael-img-masonry-wrap uael-img-grid-masonry-wrap uael-masonry uael-image-lightbox-wrap\" data-filter-default=\"All\" data-lightbox_actions=\"[&quot;close&quot;]\" data-lightbox-gallery-loop=\"\"><div class=\"uael-grid-item  uael-img-gallery-item-1\"><div class=\"uael-grid-item-content\"><a class=\"uael-grid-img uael-grid-gallery-img uael-ins-hover elementor-clickable\" data-fancybox=\"uael-gallery\" href=\"https:\/\/www.boyerjulien.com\/wp-content\/uploads\/2025\/12\/mariage-san-francisco-californie12.jpg\" data-elementor-open-lightbox=\"no\"><div class=\"uael-grid-img-thumbnail uael-ins-target\"><img loading=\"lazy\" decoding=\"async\" width=\"1024\" height=\"682\" src=\"https:\/\/www.boyerjulien.com\/wp-content\/uploads\/2025\/12\/mariage-san-francisco-californie12-1024x682.jpg\" class=\"attachment-large size-large wp-image-2586\" alt=\"Fa\u00e7ade du City Hall de San Francisco photographi\u00e9e lors d\u2019un mariage elopement en Californie par Julien Boyer\" srcset=\"https:\/\/www.boyerjulien.com\/wp-content\/uploads\/2025\/12\/mariage-san-francisco-californie12-1024x682.jpg 1024w, https:\/\/www.boyerjulien.com\/wp-content\/uploads\/2025\/12\/mariage-san-francisco-californie12-300x200.jpg 300w, https:\/\/www.boyerjulien.com\/wp-content\/uploads\/2025\/12\/mariage-san-francisco-californie12-768x512.jpg 768w, https:\/\/www.boyerjulien.com\/wp-content\/uploads\/2025\/12\/mariage-san-francisco-californie12-1536x1024.jpg 1536w, https:\/\/www.boyerjulien.com\/wp-content\/uploads\/2025\/12\/mariage-san-francisco-californie12.jpg 2000w\" sizes=\"(max-width: 1024px) 100vw, 1024px\" \/><\/div><div class=\"uael-grid-img-overlay\"><\/div><\/a><\/div><\/div><div class=\"uael-grid-item  uael-img-gallery-item-2\"><div class=\"uael-grid-item-content\"><a class=\"uael-grid-img uael-grid-gallery-img uael-ins-hover elementor-clickable\" data-fancybox=\"uael-gallery\" href=\"https:\/\/www.boyerjulien.com\/wp-content\/uploads\/2025\/12\/mariage-san-francisco-californie13.webp\" data-elementor-open-lightbox=\"no\"><div class=\"uael-grid-img-thumbnail uael-ins-target\"><img loading=\"lazy\" decoding=\"async\" width=\"1024\" height=\"682\" src=\"https:\/\/www.boyerjulien.com\/wp-content\/uploads\/2025\/12\/mariage-san-francisco-californie13-1024x682.webp\" class=\"attachment-large size-large wp-image-2587\" alt=\"Horloge et d\u00e9tails architecturaux \u00e0 l\u2019int\u00e9rieur du City Hall de San Francisco lors d\u2019un mariage elopement\" srcset=\"https:\/\/www.boyerjulien.com\/wp-content\/uploads\/2025\/12\/mariage-san-francisco-californie13-1024x682.webp 1024w, https:\/\/www.boyerjulien.com\/wp-content\/uploads\/2025\/12\/mariage-san-francisco-californie13-300x200.webp 300w, https:\/\/www.boyerjulien.com\/wp-content\/uploads\/2025\/12\/mariage-san-francisco-californie13-768x512.webp 768w, https:\/\/www.boyerjulien.com\/wp-content\/uploads\/2025\/12\/mariage-san-francisco-californie13-1536x1024.webp 1536w, https:\/\/www.boyerjulien.com\/wp-content\/uploads\/2025\/12\/mariage-san-francisco-californie13.webp 1920w\" sizes=\"(max-width: 1024px) 100vw, 1024px\" \/><\/div><div class=\"uael-grid-img-overlay\"><\/div><\/a><\/div><\/div><\/div><\/div>\t\t\t\t<\/div>\n\t\t\t\t<\/div>\n\t\t\t\t<div class=\"elementor-element elementor-element-1a259c4 elementor-widget elementor-widget-image\" data-id=\"1a259c4\" data-element_type=\"widget\" data-widget_type=\"image.default\">\n\t\t\t\t<div class=\"elementor-widget-container\">\n\t\t\t\t\t\t\t\t\t\t\t\t\t\t\t\t<a href=\"https:\/\/www.boyerjulien.com\/wp-content\/uploads\/2025\/12\/mariage-san-francisco-californie56.jpg\" data-elementor-open-lightbox=\"yes\" data-e-action-hash=\"#elementor-action%3Aaction%3Dlightbox%26settings%3DeyJpZCI6MjYzMiwidXJsIjoiaHR0cHM6XC9cL3d3dy5ib3llcmp1bGllbi5jb21cL3dwLWNvbnRlbnRcL3VwbG9hZHNcLzIwMjVcLzEyXC9tYXJpYWdlLXNhbi1mcmFuY2lzY28tY2FsaWZvcm5pZTU2LndlYnAifQ%3D%3D\">\n\t\t\t\t\t\t\t<img loading=\"lazy\" decoding=\"async\" width=\"1920\" height=\"1280\" src=\"https:\/\/www.boyerjulien.com\/wp-content\/uploads\/2025\/12\/mariage-san-francisco-californie56.webp\" class=\"attachment-full size-full wp-image-2632\" alt=\"Couple de mari\u00e9s sur l\u2019escalier monumental du City Hall de San Francisco lors d\u2019un mariage elopement\" srcset=\"https:\/\/www.boyerjulien.com\/wp-content\/uploads\/2025\/12\/mariage-san-francisco-californie56.webp 1920w, https:\/\/www.boyerjulien.com\/wp-content\/uploads\/2025\/12\/mariage-san-francisco-californie56-300x200.webp 300w, https:\/\/www.boyerjulien.com\/wp-content\/uploads\/2025\/12\/mariage-san-francisco-californie56-1024x682.webp 1024w, https:\/\/www.boyerjulien.com\/wp-content\/uploads\/2025\/12\/mariage-san-francisco-californie56-768x512.webp 768w, https:\/\/www.boyerjulien.com\/wp-content\/uploads\/2025\/12\/mariage-san-francisco-californie56-1536x1024.webp 1536w\" sizes=\"(max-width: 1920px) 100vw, 1920px\" \/>\t\t\t\t\t\t\t\t<\/a>\n\t\t\t\t\t\t\t\t\t\t\t\t\t\t\t<\/div>\n\t\t\t\t<\/div>\n\t\t\t\t<div class=\"elementor-element elementor-element-f513d14 elementor-widget elementor-widget-image\" data-id=\"f513d14\" data-element_type=\"widget\" data-widget_type=\"image.default\">\n\t\t\t\t<div class=\"elementor-widget-container\">\n\t\t\t\t\t\t\t\t\t\t\t\t\t\t\t\t<a href=\"https:\/\/www.boyerjulien.com\/wp-content\/uploads\/2025\/12\/mariage-san-francisco-californie57.jpg\" data-elementor-open-lightbox=\"yes\" data-e-action-hash=\"#elementor-action%3Aaction%3Dlightbox%26settings%3DeyJpZCI6MjYzMywidXJsIjoiaHR0cHM6XC9cL3d3dy5ib3llcmp1bGllbi5jb21cL3dwLWNvbnRlbnRcL3VwbG9hZHNcLzIwMjVcLzEyXC9tYXJpYWdlLXNhbi1mcmFuY2lzY28tY2FsaWZvcm5pZTU3LndlYnAifQ%3D%3D\">\n\t\t\t\t\t\t\t<img loading=\"lazy\" decoding=\"async\" width=\"1280\" height=\"1920\" src=\"https:\/\/www.boyerjulien.com\/wp-content\/uploads\/2025\/12\/mariage-san-francisco-californie57.webp\" class=\"attachment-full size-full wp-image-2633\" alt=\"Couple de mari\u00e9s enlac\u00e9 \u00e0 l\u2019int\u00e9rieur du City Hall de San Francisco photographi\u00e9 par Julien Boyer lors d\u2019un elopement\" srcset=\"https:\/\/www.boyerjulien.com\/wp-content\/uploads\/2025\/12\/mariage-san-francisco-californie57.webp 1280w, https:\/\/www.boyerjulien.com\/wp-content\/uploads\/2025\/12\/mariage-san-francisco-californie57-200x300.webp 200w, https:\/\/www.boyerjulien.com\/wp-content\/uploads\/2025\/12\/mariage-san-francisco-californie57-682x1024.webp 682w, https:\/\/www.boyerjulien.com\/wp-content\/uploads\/2025\/12\/mariage-san-francisco-californie57-768x1152.webp 768w, https:\/\/www.boyerjulien.com\/wp-content\/uploads\/2025\/12\/mariage-san-francisco-californie57-1024x1536.webp 1024w\" sizes=\"(max-width: 1280px) 100vw, 1280px\" \/>\t\t\t\t\t\t\t\t<\/a>\n\t\t\t\t\t\t\t\t\t\t\t\t\t\t\t<\/div>\n\t\t\t\t<\/div>\n\t\t\t\t<div class=\"elementor-element elementor-element-f5e5613 elementor-widget elementor-widget-image\" data-id=\"f5e5613\" data-element_type=\"widget\" data-widget_type=\"image.default\">\n\t\t\t\t<div class=\"elementor-widget-container\">\n\t\t\t\t\t\t\t\t\t\t\t\t\t\t\t\t<a href=\"https:\/\/www.boyerjulien.com\/wp-content\/uploads\/2025\/12\/mariage-san-francisco-californie14.jpg\" data-elementor-open-lightbox=\"yes\" data-e-action-hash=\"#elementor-action%3Aaction%3Dlightbox%26settings%3DeyJpZCI6MjU4OCwidXJsIjoiaHR0cHM6XC9cL3d3dy5ib3llcmp1bGllbi5jb21cL3dwLWNvbnRlbnRcL3VwbG9hZHNcLzIwMjVcLzEyXC9tYXJpYWdlLXNhbi1mcmFuY2lzY28tY2FsaWZvcm5pZTE0LndlYnAifQ%3D%3D\">\n\t\t\t\t\t\t\t<img loading=\"lazy\" decoding=\"async\" width=\"1920\" height=\"1280\" src=\"https:\/\/www.boyerjulien.com\/wp-content\/uploads\/2025\/12\/mariage-san-francisco-californie14.webp\" class=\"attachment-full size-full wp-image-2588\" alt=\"Sculpture en forme de c\u0153ur repr\u00e9sentant des mains entrelac\u00e9es photographi\u00e9e \u00e0 San Francisco lors d\u2019un elopement\" srcset=\"https:\/\/www.boyerjulien.com\/wp-content\/uploads\/2025\/12\/mariage-san-francisco-californie14.webp 1920w, https:\/\/www.boyerjulien.com\/wp-content\/uploads\/2025\/12\/mariage-san-francisco-californie14-300x200.webp 300w, https:\/\/www.boyerjulien.com\/wp-content\/uploads\/2025\/12\/mariage-san-francisco-californie14-1024x682.webp 1024w, https:\/\/www.boyerjulien.com\/wp-content\/uploads\/2025\/12\/mariage-san-francisco-californie14-768x512.webp 768w, https:\/\/www.boyerjulien.com\/wp-content\/uploads\/2025\/12\/mariage-san-francisco-californie14-1536x1024.webp 1536w\" sizes=\"(max-width: 1920px) 100vw, 1920px\" \/>\t\t\t\t\t\t\t\t<\/a>\n\t\t\t\t\t\t\t\t\t\t\t\t\t\t\t<\/div>\n\t\t\t\t<\/div>\n\t\t\t\t<div class=\"elementor-element elementor-element-66cf90e elementor-widget elementor-widget-image\" data-id=\"66cf90e\" data-element_type=\"widget\" data-widget_type=\"image.default\">\n\t\t\t\t<div class=\"elementor-widget-container\">\n\t\t\t\t\t\t\t\t\t\t\t\t\t\t\t\t<a href=\"https:\/\/www.boyerjulien.com\/wp-content\/uploads\/2025\/12\/mariage-san-francisco-californie2.jpg\" data-elementor-open-lightbox=\"yes\" data-e-action-hash=\"#elementor-action%3Aaction%3Dlightbox%26settings%3DeyJpZCI6MjU3NiwidXJsIjoiaHR0cHM6XC9cL3d3dy5ib3llcmp1bGllbi5jb21cL3dwLWNvbnRlbnRcL3VwbG9hZHNcLzIwMjVcLzEyXC9tYXJpYWdlLXNhbi1mcmFuY2lzY28tY2FsaWZvcm5pZTIuanBnIn0%3D\">\n\t\t\t\t\t\t\t<img loading=\"lazy\" decoding=\"async\" width=\"2000\" height=\"1333\" src=\"https:\/\/www.boyerjulien.com\/wp-content\/uploads\/2025\/12\/mariage-san-francisco-californie2.jpg\" class=\"attachment-full size-full wp-image-2576\" alt=\"Couple en elopement sautant sur un passage pi\u00e9ton embl\u00e9matique de San Francisco pendant leur mariage photographi\u00e9 par Julien Boyer\" srcset=\"https:\/\/www.boyerjulien.com\/wp-content\/uploads\/2025\/12\/mariage-san-francisco-californie2.jpg 2000w, https:\/\/www.boyerjulien.com\/wp-content\/uploads\/2025\/12\/mariage-san-francisco-californie2-300x200.jpg 300w, https:\/\/www.boyerjulien.com\/wp-content\/uploads\/2025\/12\/mariage-san-francisco-californie2-1024x682.jpg 1024w, https:\/\/www.boyerjulien.com\/wp-content\/uploads\/2025\/12\/mariage-san-francisco-californie2-768x512.jpg 768w, https:\/\/www.boyerjulien.com\/wp-content\/uploads\/2025\/12\/mariage-san-francisco-californie2-1536x1024.jpg 1536w\" sizes=\"(max-width: 2000px) 100vw, 2000px\" \/>\t\t\t\t\t\t\t\t<\/a>\n\t\t\t\t\t\t\t\t\t\t\t\t\t\t\t<\/div>\n\t\t\t\t<\/div>\n\t\t\t\t<div class=\"elementor-element elementor-element-aa7ca0e elementor-widget elementor-widget-image\" data-id=\"aa7ca0e\" data-element_type=\"widget\" data-widget_type=\"image.default\">\n\t\t\t\t<div class=\"elementor-widget-container\">\n\t\t\t\t\t\t\t\t\t\t\t\t\t\t\t\t<a href=\"https:\/\/www.boyerjulien.com\/wp-content\/uploads\/2025\/12\/mariage-san-francisco-californie1.jpg\" data-elementor-open-lightbox=\"yes\" data-e-action-hash=\"#elementor-action%3Aaction%3Dlightbox%26settings%3DeyJpZCI6MjU3NSwidXJsIjoiaHR0cHM6XC9cL3d3dy5ib3llcmp1bGllbi5jb21cL3dwLWNvbnRlbnRcL3VwbG9hZHNcLzIwMjVcLzEyXC9tYXJpYWdlLXNhbi1mcmFuY2lzY28tY2FsaWZvcm5pZTEud2VicCJ9\">\n\t\t\t\t\t\t\t<img loading=\"lazy\" decoding=\"async\" width=\"1920\" height=\"1280\" src=\"https:\/\/www.boyerjulien.com\/wp-content\/uploads\/2025\/12\/mariage-san-francisco-californie1.webp\" class=\"attachment-full size-full wp-image-2575\" alt=\"Couple en elopement assis face \u00e0 la skyline de San Francisco lors d\u2019un mariage intimiste photographi\u00e9 par Julien Boyer\" srcset=\"https:\/\/www.boyerjulien.com\/wp-content\/uploads\/2025\/12\/mariage-san-francisco-californie1.webp 1920w, https:\/\/www.boyerjulien.com\/wp-content\/uploads\/2025\/12\/mariage-san-francisco-californie1-300x200.webp 300w, https:\/\/www.boyerjulien.com\/wp-content\/uploads\/2025\/12\/mariage-san-francisco-californie1-1024x682.webp 1024w, https:\/\/www.boyerjulien.com\/wp-content\/uploads\/2025\/12\/mariage-san-francisco-californie1-768x512.webp 768w, https:\/\/www.boyerjulien.com\/wp-content\/uploads\/2025\/12\/mariage-san-francisco-californie1-1536x1024.webp 1536w\" sizes=\"(max-width: 1920px) 100vw, 1920px\" \/>\t\t\t\t\t\t\t\t<\/a>\n\t\t\t\t\t\t\t\t\t\t\t\t\t\t\t<\/div>\n\t\t\t\t<\/div>\n\t\t\t\t<\/div>\n\t\t\t\t\t<\/div>\n\t\t\t\t<\/div>\n\t\t\t\t<\/div>\n\t\t","protected":false},"featured_media":2615,"template":"","meta":{"_seopress_robots_primary_cat":"","_seopress_titles_title":"Mariage \u00e0 San Francisco | Photographe de mariage","_seopress_titles_desc":"Un reportage photo de mariage \u00e0 San Francisco, m\u00ealant \u00e9motions sinc\u00e8res, lumi\u00e8re urbaine et instants authentiques.","_seopress_robots_index":"","site-sidebar-layout":"no-sidebar","site-content-layout":"","ast-site-content-layout":"full-width-container","site-content-style":"default","site-sidebar-style":"default","ast-global-header-display":"","ast-banner-title-visibility":"","ast-main-header-display":"","ast-hfb-above-header-display":"","ast-hfb-below-header-display":"","ast-hfb-mobile-header-display":"","site-post-title":"","ast-breadcrumbs-content":"","ast-featured-img":"disabled","footer-sml-layout":"","ast-disable-related-posts":"","theme-transparent-header-meta":"","adv-header-id-meta":"","stick-header-meta":"","header-above-stick-meta":"","header-main-stick-meta":"","header-below-stick-meta":"","astra-migrate-meta-layouts":"default","ast-page-background-enabled":"default","ast-page-background-meta":{"desktop":{"background-color":"var(--ast-global-color-5)","background-image":"","background-repeat":"repeat","background-position":"center center","background-size":"auto","background-attachment":"scroll","background-type":"","background-media":"","overlay-type":"","overlay-color":"","overlay-opacity":"","overlay-gradient":""},"tablet":{"background-color":"","background-image":"","background-repeat":"repeat","background-position":"center center","background-size":"auto","background-attachment":"scroll","background-type":"","background-media":"","overlay-type":"","overlay-color":"","overlay-opacity":"","overlay-gradient":""},"mobile":{"background-color":"","background-image":"","background-repeat":"repeat","background-position":"center center","background-size":"auto","background-attachment":"scroll","background-type":"","background-media":"","overlay-type":"","overlay-color":"","overlay-opacity":"","overlay-gradient":""}},"ast-content-background-meta":{"desktop":{"background-color":"var(--ast-global-color-4)","background-image":"","background-repeat":"repeat","background-position":"center center","background-size":"auto","background-attachment":"scroll","background-type":"","background-media":"","overlay-type":"","overlay-color":"","overlay-opacity":"","overlay-gradient":""},"tablet":{"background-color":"var(--ast-global-color-4)","background-image":"","background-repeat":"repeat","background-position":"center center","background-size":"auto","background-attachment":"scroll","background-type":"","background-media":"","overlay-type":"","overlay-color":"","overlay-opacity":"","overlay-gradient":""},"mobile":{"background-color":"var(--ast-global-color-4)","background-image":"","background-repeat":"repeat","background-position":"center center","background-size":"auto","background-attachment":"scroll","background-type":"","background-media":"","overlay-type":"","overlay-color":"","overlay-opacity":"","overlay-gradient":""}}},"astra-portfolio-categories":[9],"astra-portfolio-other-categories":[],"astra-portfolio-tags":[38],"class_list":["post-2637","astra-portfolio","type-astra-portfolio","status-publish","has-post-thumbnail","hentry","astra-portfolio-categories-wedding","astra-portfolio-tags-laura-xavier"],"astra-site-call-to-action":"","astra-site-open-in-new-tab":"0","astra-site-open-portfolio-in":"new-tab","astra-site-url":"","thumbnail-image-url":"https:\/\/www.boyerjulien.com\/wp-content\/uploads\/2025\/12\/mariage-san-francisco-californie39.jpg","thumbnail-image-meta":{"alt":"Mari\u00e9s dansant sur la plage pendant leur elopement \u00e0 San Francisco avec le Golden Gate Bridge","title":"Danse des mari\u00e9s lors d\u2019un elopement \u00e0 San Francisco"},"lightbox-image-url":null,"portfolio-type":"page","portfolio-video-url":"","request_time":0.5562150478363037,"_links":{"self":[{"href":"https:\/\/www.boyerjulien.com\/en\/wp-json\/wp\/v2\/astra-portfolio\/2637","targetHints":{"allow":["GET"]}}],"collection":[{"href":"https:\/\/www.boyerjulien.com\/en\/wp-json\/wp\/v2\/astra-portfolio"}],"about":[{"href":"https:\/\/www.boyerjulien.com\/en\/wp-json\/wp\/v2\/types\/astra-portfolio"}],"version-history":[{"count":0,"href":"https:\/\/www.boyerjulien.com\/en\/wp-json\/wp\/v2\/astra-portfolio\/2637\/revisions"}],"wp:featuredmedia":[{"embeddable":true,"href":"https:\/\/www.boyerjulien.com\/en\/wp-json\/wp\/v2\/media\/2615"}],"wp:attachment":[{"href":"https:\/\/www.boyerjulien.com\/en\/wp-json\/wp\/v2\/media?parent=2637"}],"wp:term":[{"taxonomy":"astra-portfolio-categories","embeddable":true,"href":"https:\/\/www.boyerjulien.com\/en\/wp-json\/wp\/v2\/astra-portfolio-categories?post=2637"},{"taxonomy":"astra-portfolio-other-categories","embeddable":true,"href":"https:\/\/www.boyerjulien.com\/en\/wp-json\/wp\/v2\/astra-portfolio-other-categories?post=2637"},{"taxonomy":"astra-portfolio-tags","embeddable":true,"href":"https:\/\/www.boyerjulien.com\/en\/wp-json\/wp\/v2\/astra-portfolio-tags?post=2637"}],"curies":[{"name":"wp","href":"https:\/\/api.w.org\/{rel}","templated":true}]}}