{"id":1830,"date":"2025-12-21T13:28:28","date_gmt":"2025-12-21T12:28:28","guid":{"rendered":"https:\/\/www.boyerjulien.com\/?post_type=astra-portfolio&#038;p=1830"},"modified":"2026-01-26T22:01:11","modified_gmt":"2026-01-26T21:01:11","slug":"chateau-de-la-gaude-provence","status":"publish","type":"astra-portfolio","link":"https:\/\/www.boyerjulien.com\/en\/portfolio\/chateau-de-la-gaude-provence\/","title":{"rendered":"Ch\u00e2teau de la gaude, Provence"},"content":{"rendered":"\t\t<div data-elementor-type=\"wp-post\" data-elementor-id=\"1830\" class=\"elementor elementor-1830\" data-elementor-post-type=\"astra-portfolio\">\n\t\t\t\t<div class=\"elementor-element elementor-element-b517cfa e-con-full e-flex e-con e-parent\" data-id=\"b517cfa\" data-element_type=\"container\" data-settings=\"{&quot;background_background&quot;:&quot;classic&quot;}\">\n\t\t<div class=\"elementor-element elementor-element-cca6852 e-con-full e-flex e-con e-child\" data-id=\"cca6852\" data-element_type=\"container\">\n\t\t<div class=\"elementor-element elementor-element-aa46aa7 e-con-full e-flex e-con e-child\" data-id=\"aa46aa7\" data-element_type=\"container\" data-settings=\"{&quot;background_background&quot;:&quot;classic&quot;}\">\n\t\t\t\t<div class=\"elementor-element elementor-element-0c3dd6b elementor-widget elementor-widget-heading\" data-id=\"0c3dd6b\" data-element_type=\"widget\" data-widget_type=\"heading.default\">\n\t\t\t\t<div class=\"elementor-widget-container\">\n\t\t\t\t\t<h1 class=\"elementor-heading-title elementor-size-default\">chateau de la gaude<\/h1>\t\t\t\t<\/div>\n\t\t\t\t<\/div>\n\t\t\t\t<div class=\"elementor-element elementor-element-4d376cf elementor-widget elementor-widget-heading\" data-id=\"4d376cf\" data-element_type=\"widget\" data-widget_type=\"heading.default\">\n\t\t\t\t<div class=\"elementor-widget-container\">\n\t\t\t\t\t<h2 class=\"elementor-heading-title elementor-size-default\">Provence, france<\/h2>\t\t\t\t<\/div>\n\t\t\t\t<\/div>\n\t\t\t\t<div class=\"elementor-element elementor-element-7611433 elementor-widget elementor-widget-text-editor\" data-id=\"7611433\" data-element_type=\"widget\" data-widget_type=\"text-editor.default\">\n\t\t\t\t<div class=\"elementor-widget-container\">\n\t\t\t\t\t\t\t\t\t<p>Au <strong data-start=\"160\" data-end=\"201\"><span class=\"hover:entity-accent entity-underline inline cursor-pointer align-baseline\"><span class=\"whitespace-normal\">Ch\u00e2teau de la Gaude<\/span><\/span><\/strong>, chaque moment prend une dimension particuli\u00e8re. Une grande table dress\u00e9e en ext\u00e9rieur, sublim\u00e9e par des lustres suspendus, cr\u00e9e une ambiance \u00e9l\u00e9gante et intimiste \u00e0 la nuit tombante. Le first look se d\u00e9roule dans une atmosph\u00e8re douce et sinc\u00e8re, empreinte d\u2019\u00e9motion. La c\u00e9r\u00e9monie la\u00efque, install\u00e9e dans les jardins face au ch\u00e2teau, offre un cadre naturel et apaisant, propice aux \u00e9changes authentiques. Entre lumi\u00e8re proven\u00e7ale, d\u00e9cors raffin\u00e9s et instants partag\u00e9s, ce lieu magnifie les mariages avec justesse et chaleur.<\/p>\t\t\t\t\t\t\t\t<\/div>\n\t\t\t\t<\/div>\n\t\t\t\t<\/div>\n\t\t<div class=\"elementor-element elementor-element-975d95e e-con-full e-flex e-con e-child\" data-id=\"975d95e\" data-element_type=\"container\">\n\t\t\t\t<\/div>\n\t\t<div class=\"elementor-element elementor-element-61d7fb0 e-con-full e-flex e-con e-child\" data-id=\"61d7fb0\" data-element_type=\"container\">\n\t\t\t\t<\/div>\n\t\t<div class=\"elementor-element elementor-element-6234285 e-con-full e-flex e-con e-child\" data-id=\"6234285\" data-element_type=\"container\">\n\t\t\t\t<\/div>\n\t\t\t\t<\/div>\n\t\t\t\t<\/div>\n\t\t<div class=\"elementor-element elementor-element-4622462 e-flex e-con-boxed e-con e-parent\" data-id=\"4622462\" data-element_type=\"container\">\n\t\t\t\t\t<div class=\"e-con-inner\">\n\t\t<div class=\"elementor-element elementor-element-cc6b2fb e-con-full e-flex e-con e-child\" data-id=\"cc6b2fb\" data-element_type=\"container\">\n\t\t\t\t<div class=\"elementor-element elementor-element-819202d elementor-widget elementor-widget-image\" data-id=\"819202d\" data-element_type=\"widget\" data-widget_type=\"image.default\">\n\t\t\t\t<div class=\"elementor-widget-container\">\n\t\t\t\t\t\t\t\t\t\t\t\t\t\t\t\t<a href=\"https:\/\/www.boyerjulien.com\/wp-content\/uploads\/2025\/08\/wedding-venue-chateau-de-la-gaude1.jpg\" data-elementor-open-lightbox=\"yes\" data-e-action-hash=\"#elementor-action%3Aaction%3Dlightbox%26settings%3DeyJpZCI6MTc2NiwidXJsIjoiaHR0cHM6XC9cL3d3dy5ib3llcmp1bGllbi5jb21cL3dwLWNvbnRlbnRcL3VwbG9hZHNcLzIwMjVcLzA4XC93ZWRkaW5nLXZlbnVlLWNoYXRlYXUtZGUtbGEtZ2F1ZGUxLndlYnAifQ%3D%3D\">\n\t\t\t\t\t\t\t<img fetchpriority=\"high\" decoding=\"async\" width=\"1920\" height=\"1280\" src=\"https:\/\/www.boyerjulien.com\/wp-content\/uploads\/2025\/08\/wedding-venue-chateau-de-la-gaude1.webp\" class=\"attachment-full size-full wp-image-1766\" alt=\"Luxury wedding venue Ch\u00e2teau de la Gaude in Provence, featuring formal gardens and elegant architecture, captured by wedding photographer Julien Boyer.\" srcset=\"https:\/\/www.boyerjulien.com\/wp-content\/uploads\/2025\/08\/wedding-venue-chateau-de-la-gaude1.webp 1920w, https:\/\/www.boyerjulien.com\/wp-content\/uploads\/2025\/08\/wedding-venue-chateau-de-la-gaude1-300x200.webp 300w, https:\/\/www.boyerjulien.com\/wp-content\/uploads\/2025\/08\/wedding-venue-chateau-de-la-gaude1-1024x682.webp 1024w, https:\/\/www.boyerjulien.com\/wp-content\/uploads\/2025\/08\/wedding-venue-chateau-de-la-gaude1-768x512.webp 768w, https:\/\/www.boyerjulien.com\/wp-content\/uploads\/2025\/08\/wedding-venue-chateau-de-la-gaude1-1536x1024.webp 1536w\" sizes=\"(max-width: 1920px) 100vw, 1920px\" \/>\t\t\t\t\t\t\t\t<\/a>\n\t\t\t\t\t\t\t\t\t\t\t\t\t\t\t<\/div>\n\t\t\t\t<\/div>\n\t\t\t\t<div class=\"elementor-element elementor-element-0d380f1 elementor-widget elementor-widget-image\" data-id=\"0d380f1\" data-element_type=\"widget\" data-widget_type=\"image.default\">\n\t\t\t\t<div class=\"elementor-widget-container\">\n\t\t\t\t\t\t\t\t\t\t\t\t\t\t\t\t<a href=\"https:\/\/www.boyerjulien.com\/wp-content\/uploads\/2025\/08\/wedding-venue-chateau-de-la-gaude2.jpg\" data-elementor-open-lightbox=\"yes\" data-e-action-hash=\"#elementor-action%3Aaction%3Dlightbox%26settings%3DeyJpZCI6MTc2NywidXJsIjoiaHR0cHM6XC9cL3d3dy5ib3llcmp1bGllbi5jb21cL3dwLWNvbnRlbnRcL3VwbG9hZHNcLzIwMjVcLzA4XC93ZWRkaW5nLXZlbnVlLWNoYXRlYXUtZGUtbGEtZ2F1ZGUyLndlYnAifQ%3D%3D\">\n\t\t\t\t\t\t\t<img decoding=\"async\" width=\"1920\" height=\"1280\" src=\"https:\/\/www.boyerjulien.com\/wp-content\/uploads\/2025\/08\/wedding-venue-chateau-de-la-gaude2.webp\" class=\"attachment-full size-full wp-image-1767\" alt=\"Symmetrical French garden with geometric hedge design, viewed from above at Ch\u00e2teau de la Gaude.\" srcset=\"https:\/\/www.boyerjulien.com\/wp-content\/uploads\/2025\/08\/wedding-venue-chateau-de-la-gaude2.webp 1920w, https:\/\/www.boyerjulien.com\/wp-content\/uploads\/2025\/08\/wedding-venue-chateau-de-la-gaude2-300x200.webp 300w, https:\/\/www.boyerjulien.com\/wp-content\/uploads\/2025\/08\/wedding-venue-chateau-de-la-gaude2-1024x682.webp 1024w, https:\/\/www.boyerjulien.com\/wp-content\/uploads\/2025\/08\/wedding-venue-chateau-de-la-gaude2-768x512.webp 768w, https:\/\/www.boyerjulien.com\/wp-content\/uploads\/2025\/08\/wedding-venue-chateau-de-la-gaude2-1536x1024.webp 1536w\" sizes=\"(max-width: 1920px) 100vw, 1920px\" \/>\t\t\t\t\t\t\t\t<\/a>\n\t\t\t\t\t\t\t\t\t\t\t\t\t\t\t<\/div>\n\t\t\t\t<\/div>\n\t\t\t\t<div class=\"elementor-element elementor-element-ba36be8 uael-img-grid__column-2 uael-img-grid-tablet__column-3 uael-img-grid-mobile__column-2 uael-ins-normal elementor-widget elementor-widget-uael-image-gallery\" data-id=\"ba36be8\" data-element_type=\"widget\" data-settings=\"{&quot;gallery_columns&quot;:&quot;2&quot;,&quot;gallery_columns_tablet&quot;:&quot;3&quot;,&quot;gallery_columns_mobile&quot;:&quot;2&quot;,&quot;column_gap&quot;:{&quot;unit&quot;:&quot;px&quot;,&quot;size&quot;:20,&quot;sizes&quot;:[]},&quot;column_gap_widescreen&quot;:{&quot;unit&quot;:&quot;px&quot;,&quot;size&quot;:&quot;&quot;,&quot;sizes&quot;:[]},&quot;column_gap_laptop&quot;:{&quot;unit&quot;:&quot;px&quot;,&quot;size&quot;:&quot;&quot;,&quot;sizes&quot;:[]},&quot;column_gap_tablet_extra&quot;:{&quot;unit&quot;:&quot;px&quot;,&quot;size&quot;:&quot;&quot;,&quot;sizes&quot;:[]},&quot;column_gap_tablet&quot;:{&quot;unit&quot;:&quot;px&quot;,&quot;size&quot;:&quot;&quot;,&quot;sizes&quot;:[]},&quot;column_gap_mobile_extra&quot;:{&quot;unit&quot;:&quot;px&quot;,&quot;size&quot;:&quot;&quot;,&quot;sizes&quot;:[]},&quot;column_gap_mobile&quot;:{&quot;unit&quot;:&quot;px&quot;,&quot;size&quot;:&quot;&quot;,&quot;sizes&quot;:[]},&quot;row_gap&quot;:{&quot;unit&quot;:&quot;px&quot;,&quot;size&quot;:20,&quot;sizes&quot;:[]},&quot;row_gap_widescreen&quot;:{&quot;unit&quot;:&quot;px&quot;,&quot;size&quot;:&quot;&quot;,&quot;sizes&quot;:[]},&quot;row_gap_laptop&quot;:{&quot;unit&quot;:&quot;px&quot;,&quot;size&quot;:&quot;&quot;,&quot;sizes&quot;:[]},&quot;row_gap_tablet_extra&quot;:{&quot;unit&quot;:&quot;px&quot;,&quot;size&quot;:&quot;&quot;,&quot;sizes&quot;:[]},&quot;row_gap_tablet&quot;:{&quot;unit&quot;:&quot;px&quot;,&quot;size&quot;:&quot;&quot;,&quot;sizes&quot;:[]},&quot;row_gap_mobile_extra&quot;:{&quot;unit&quot;:&quot;px&quot;,&quot;size&quot;:&quot;&quot;,&quot;sizes&quot;:[]},&quot;row_gap_mobile&quot;:{&quot;unit&quot;:&quot;px&quot;,&quot;size&quot;:&quot;&quot;,&quot;sizes&quot;:[]}}\" data-widget_type=\"uael-image-gallery.default\">\n\t\t\t\t<div class=\"elementor-widget-container\">\n\t\t\t\t\t<div class=\"uael-gallery-parent uael-caption- uael-gallery-unjustified\"><div class=\"uael-img-gallery-wrap uael-img-masonry-wrap uael-img-grid-masonry-wrap uael-masonry uael-image-lightbox-wrap\" data-filter-default=\"All\" data-lightbox_actions=\"[&quot;close&quot;]\" data-lightbox-gallery-loop=\"\"><div class=\"uael-grid-item  uael-img-gallery-item-1\"><div class=\"uael-grid-item-content\"><a class=\"uael-grid-img uael-grid-gallery-img uael-ins-hover elementor-clickable\" data-fancybox=\"uael-gallery\" href=\"https:\/\/www.boyerjulien.com\/wp-content\/uploads\/2025\/08\/wedding-venue-chateau-de-la-gaude37.webp\" data-elementor-open-lightbox=\"no\"><div class=\"uael-grid-img-thumbnail uael-ins-target\"><img decoding=\"async\" width=\"682\" height=\"1024\" src=\"https:\/\/www.boyerjulien.com\/wp-content\/uploads\/2025\/08\/wedding-venue-chateau-de-la-gaude37-682x1024.webp\" class=\"attachment-large size-large wp-image-1802\" alt=\"Cypress trees guard the path of love, a Proven\u00e7al promenade eternalized by Julien Boyer\" srcset=\"https:\/\/www.boyerjulien.com\/wp-content\/uploads\/2025\/08\/wedding-venue-chateau-de-la-gaude37-682x1024.webp 682w, https:\/\/www.boyerjulien.com\/wp-content\/uploads\/2025\/08\/wedding-venue-chateau-de-la-gaude37-200x300.webp 200w, https:\/\/www.boyerjulien.com\/wp-content\/uploads\/2025\/08\/wedding-venue-chateau-de-la-gaude37-768x1152.webp 768w, https:\/\/www.boyerjulien.com\/wp-content\/uploads\/2025\/08\/wedding-venue-chateau-de-la-gaude37-1024x1536.webp 1024w, https:\/\/www.boyerjulien.com\/wp-content\/uploads\/2025\/08\/wedding-venue-chateau-de-la-gaude37.webp 1280w\" sizes=\"(max-width: 682px) 100vw, 682px\" \/><\/div><div class=\"uael-grid-img-overlay\"><\/div><\/a><\/div><\/div><div class=\"uael-grid-item  uael-img-gallery-item-2\"><div class=\"uael-grid-item-content\"><a class=\"uael-grid-img uael-grid-gallery-img uael-ins-hover elementor-clickable\" data-fancybox=\"uael-gallery\" href=\"https:\/\/www.boyerjulien.com\/wp-content\/uploads\/2025\/08\/wedding-venue-chateau-de-la-gaude36.webp\" data-elementor-open-lightbox=\"no\"><div class=\"uael-grid-img-thumbnail uael-ins-target\"><img loading=\"lazy\" decoding=\"async\" width=\"682\" height=\"1024\" src=\"https:\/\/www.boyerjulien.com\/wp-content\/uploads\/2025\/08\/wedding-venue-chateau-de-la-gaude36-682x1024.webp\" class=\"attachment-large size-large wp-image-1801\" alt=\"Stone staircase with classical urns and manicured greenery at Ch\u00e2teau de la Gaude\" srcset=\"https:\/\/www.boyerjulien.com\/wp-content\/uploads\/2025\/08\/wedding-venue-chateau-de-la-gaude36-682x1024.webp 682w, https:\/\/www.boyerjulien.com\/wp-content\/uploads\/2025\/08\/wedding-venue-chateau-de-la-gaude36-200x300.webp 200w, https:\/\/www.boyerjulien.com\/wp-content\/uploads\/2025\/08\/wedding-venue-chateau-de-la-gaude36-768x1152.webp 768w, https:\/\/www.boyerjulien.com\/wp-content\/uploads\/2025\/08\/wedding-venue-chateau-de-la-gaude36-1024x1536.webp 1024w, https:\/\/www.boyerjulien.com\/wp-content\/uploads\/2025\/08\/wedding-venue-chateau-de-la-gaude36.webp 1280w\" sizes=\"(max-width: 682px) 100vw, 682px\" \/><\/div><div class=\"uael-grid-img-overlay\"><\/div><\/a><\/div><\/div><\/div><\/div>\t\t\t\t<\/div>\n\t\t\t\t<\/div>\n\t\t\t\t<div class=\"elementor-element elementor-element-f1648f3 elementor-widget elementor-widget-image\" data-id=\"f1648f3\" data-element_type=\"widget\" data-widget_type=\"image.default\">\n\t\t\t\t<div class=\"elementor-widget-container\">\n\t\t\t\t\t\t\t\t\t\t\t\t\t\t\t\t<a href=\"https:\/\/www.boyerjulien.com\/wp-content\/uploads\/2025\/08\/wedding-venue-chateau-de-la-gaude38.jpg\" data-elementor-open-lightbox=\"yes\" data-e-action-hash=\"#elementor-action%3Aaction%3Dlightbox%26settings%3DeyJpZCI6MTgwMywidXJsIjoiaHR0cHM6XC9cL3d3dy5ib3llcmp1bGllbi5jb21cL3dwLWNvbnRlbnRcL3VwbG9hZHNcLzIwMjVcLzA4XC93ZWRkaW5nLXZlbnVlLWNoYXRlYXUtZGUtbGEtZ2F1ZGUzOC53ZWJwIn0%3D\">\n\t\t\t\t\t\t\t<img loading=\"lazy\" decoding=\"async\" width=\"1920\" height=\"1280\" src=\"https:\/\/www.boyerjulien.com\/wp-content\/uploads\/2025\/08\/wedding-venue-chateau-de-la-gaude38.webp\" class=\"attachment-full size-full wp-image-1803\" alt=\"Bride approaching the groom from behind for a first look in the gardens of Ch\u00e2teau de la Gaude\" srcset=\"https:\/\/www.boyerjulien.com\/wp-content\/uploads\/2025\/08\/wedding-venue-chateau-de-la-gaude38.webp 1920w, https:\/\/www.boyerjulien.com\/wp-content\/uploads\/2025\/08\/wedding-venue-chateau-de-la-gaude38-300x200.webp 300w, https:\/\/www.boyerjulien.com\/wp-content\/uploads\/2025\/08\/wedding-venue-chateau-de-la-gaude38-1024x682.webp 1024w, https:\/\/www.boyerjulien.com\/wp-content\/uploads\/2025\/08\/wedding-venue-chateau-de-la-gaude38-768x512.webp 768w, https:\/\/www.boyerjulien.com\/wp-content\/uploads\/2025\/08\/wedding-venue-chateau-de-la-gaude38-1536x1024.webp 1536w\" sizes=\"(max-width: 1920px) 100vw, 1920px\" \/>\t\t\t\t\t\t\t\t<\/a>\n\t\t\t\t\t\t\t\t\t\t\t\t\t\t\t<\/div>\n\t\t\t\t<\/div>\n\t\t\t\t<div class=\"elementor-element elementor-element-7b99ef3 uael-img-grid__column-2 uael-img-grid-tablet__column-3 uael-img-grid-mobile__column-2 uael-ins-normal elementor-widget elementor-widget-uael-image-gallery\" data-id=\"7b99ef3\" data-element_type=\"widget\" data-settings=\"{&quot;gallery_columns&quot;:&quot;2&quot;,&quot;gallery_columns_tablet&quot;:&quot;3&quot;,&quot;gallery_columns_mobile&quot;:&quot;2&quot;,&quot;column_gap&quot;:{&quot;unit&quot;:&quot;px&quot;,&quot;size&quot;:20,&quot;sizes&quot;:[]},&quot;column_gap_widescreen&quot;:{&quot;unit&quot;:&quot;px&quot;,&quot;size&quot;:&quot;&quot;,&quot;sizes&quot;:[]},&quot;column_gap_laptop&quot;:{&quot;unit&quot;:&quot;px&quot;,&quot;size&quot;:&quot;&quot;,&quot;sizes&quot;:[]},&quot;column_gap_tablet_extra&quot;:{&quot;unit&quot;:&quot;px&quot;,&quot;size&quot;:&quot;&quot;,&quot;sizes&quot;:[]},&quot;column_gap_tablet&quot;:{&quot;unit&quot;:&quot;px&quot;,&quot;size&quot;:&quot;&quot;,&quot;sizes&quot;:[]},&quot;column_gap_mobile_extra&quot;:{&quot;unit&quot;:&quot;px&quot;,&quot;size&quot;:&quot;&quot;,&quot;sizes&quot;:[]},&quot;column_gap_mobile&quot;:{&quot;unit&quot;:&quot;px&quot;,&quot;size&quot;:&quot;&quot;,&quot;sizes&quot;:[]},&quot;row_gap&quot;:{&quot;unit&quot;:&quot;px&quot;,&quot;size&quot;:20,&quot;sizes&quot;:[]},&quot;row_gap_widescreen&quot;:{&quot;unit&quot;:&quot;px&quot;,&quot;size&quot;:&quot;&quot;,&quot;sizes&quot;:[]},&quot;row_gap_laptop&quot;:{&quot;unit&quot;:&quot;px&quot;,&quot;size&quot;:&quot;&quot;,&quot;sizes&quot;:[]},&quot;row_gap_tablet_extra&quot;:{&quot;unit&quot;:&quot;px&quot;,&quot;size&quot;:&quot;&quot;,&quot;sizes&quot;:[]},&quot;row_gap_tablet&quot;:{&quot;unit&quot;:&quot;px&quot;,&quot;size&quot;:&quot;&quot;,&quot;sizes&quot;:[]},&quot;row_gap_mobile_extra&quot;:{&quot;unit&quot;:&quot;px&quot;,&quot;size&quot;:&quot;&quot;,&quot;sizes&quot;:[]},&quot;row_gap_mobile&quot;:{&quot;unit&quot;:&quot;px&quot;,&quot;size&quot;:&quot;&quot;,&quot;sizes&quot;:[]}}\" data-widget_type=\"uael-image-gallery.default\">\n\t\t\t\t<div class=\"elementor-widget-container\">\n\t\t\t\t\t<div class=\"uael-gallery-parent uael-caption- uael-gallery-unjustified\"><div class=\"uael-img-gallery-wrap uael-img-masonry-wrap uael-img-grid-masonry-wrap uael-masonry uael-image-lightbox-wrap\" data-filter-default=\"All\" data-lightbox_actions=\"[&quot;close&quot;]\" data-lightbox-gallery-loop=\"\"><div class=\"uael-grid-item  uael-img-gallery-item-1\"><div class=\"uael-grid-item-content\"><a class=\"uael-grid-img uael-grid-gallery-img uael-ins-hover elementor-clickable\" data-fancybox=\"uael-gallery\" href=\"https:\/\/www.boyerjulien.com\/wp-content\/uploads\/2025\/08\/wedding-venue-chateau-de-la-gaude6.webp\" data-elementor-open-lightbox=\"no\"><div class=\"uael-grid-img-thumbnail uael-ins-target\"><img loading=\"lazy\" decoding=\"async\" width=\"682\" height=\"1024\" src=\"https:\/\/www.boyerjulien.com\/wp-content\/uploads\/2025\/08\/wedding-venue-chateau-de-la-gaude6-682x1024.webp\" class=\"attachment-large size-large wp-image-1771\" alt=\"Emotional first look at a luxury wedding in Provence, with the bride and groom at Ch\u00e2teau de la Gaude, photographed by Julien Boyer\" srcset=\"https:\/\/www.boyerjulien.com\/wp-content\/uploads\/2025\/08\/wedding-venue-chateau-de-la-gaude6-682x1024.webp 682w, https:\/\/www.boyerjulien.com\/wp-content\/uploads\/2025\/08\/wedding-venue-chateau-de-la-gaude6-200x300.webp 200w, https:\/\/www.boyerjulien.com\/wp-content\/uploads\/2025\/08\/wedding-venue-chateau-de-la-gaude6-768x1152.webp 768w, https:\/\/www.boyerjulien.com\/wp-content\/uploads\/2025\/08\/wedding-venue-chateau-de-la-gaude6-1024x1536.webp 1024w, https:\/\/www.boyerjulien.com\/wp-content\/uploads\/2025\/08\/wedding-venue-chateau-de-la-gaude6.webp 1280w\" sizes=\"(max-width: 682px) 100vw, 682px\" \/><\/div><div class=\"uael-grid-img-overlay\"><\/div><\/a><\/div><\/div><div class=\"uael-grid-item  uael-img-gallery-item-2\"><div class=\"uael-grid-item-content\"><a class=\"uael-grid-img uael-grid-gallery-img uael-ins-hover elementor-clickable\" data-fancybox=\"uael-gallery\" href=\"https:\/\/www.boyerjulien.com\/wp-content\/uploads\/2025\/08\/wedding-venue-chateau-de-la-gaude7.webp\" data-elementor-open-lightbox=\"no\"><div class=\"uael-grid-img-thumbnail uael-ins-target\"><img loading=\"lazy\" decoding=\"async\" width=\"682\" height=\"1024\" src=\"https:\/\/www.boyerjulien.com\/wp-content\/uploads\/2025\/08\/wedding-venue-chateau-de-la-gaude7-682x1024.webp\" class=\"attachment-large size-large wp-image-1772\" alt=\"Bride and groom embracing in the gardens of Ch\u00e2teau de la Gaude, bride holding a purple bouquet.\" srcset=\"https:\/\/www.boyerjulien.com\/wp-content\/uploads\/2025\/08\/wedding-venue-chateau-de-la-gaude7-682x1024.webp 682w, https:\/\/www.boyerjulien.com\/wp-content\/uploads\/2025\/08\/wedding-venue-chateau-de-la-gaude7-200x300.webp 200w, https:\/\/www.boyerjulien.com\/wp-content\/uploads\/2025\/08\/wedding-venue-chateau-de-la-gaude7-768x1152.webp 768w, https:\/\/www.boyerjulien.com\/wp-content\/uploads\/2025\/08\/wedding-venue-chateau-de-la-gaude7-1024x1536.webp 1024w, https:\/\/www.boyerjulien.com\/wp-content\/uploads\/2025\/08\/wedding-venue-chateau-de-la-gaude7.webp 1280w\" sizes=\"(max-width: 682px) 100vw, 682px\" \/><\/div><div class=\"uael-grid-img-overlay\"><\/div><\/a><\/div><\/div><\/div><\/div>\t\t\t\t<\/div>\n\t\t\t\t<\/div>\n\t\t\t\t<div class=\"elementor-element elementor-element-fbdc464 elementor-widget elementor-widget-image\" data-id=\"fbdc464\" data-element_type=\"widget\" data-widget_type=\"image.default\">\n\t\t\t\t<div class=\"elementor-widget-container\">\n\t\t\t\t\t\t\t\t\t\t\t\t\t\t\t\t<a href=\"https:\/\/www.boyerjulien.com\/wp-content\/uploads\/2025\/08\/wedding-venue-chateau-de-la-gaude39.jpg\" data-elementor-open-lightbox=\"yes\" data-e-action-hash=\"#elementor-action%3Aaction%3Dlightbox%26settings%3DeyJpZCI6MTgwNCwidXJsIjoiaHR0cHM6XC9cL3d3dy5ib3llcmp1bGllbi5jb21cL3dwLWNvbnRlbnRcL3VwbG9hZHNcLzIwMjVcLzA4XC93ZWRkaW5nLXZlbnVlLWNoYXRlYXUtZGUtbGEtZ2F1ZGUzOS53ZWJwIn0%3D\">\n\t\t\t\t\t\t\t<img loading=\"lazy\" decoding=\"async\" width=\"1280\" height=\"1920\" src=\"https:\/\/www.boyerjulien.com\/wp-content\/uploads\/2025\/08\/wedding-venue-chateau-de-la-gaude39.webp\" class=\"attachment-full size-full wp-image-1804\" alt=\"Romantic Provence wedding couple kiss at Ch\u00e2teau de la Gaude with purple floral bouquet, photographed by Julien Boyer, French wedding photographer\" srcset=\"https:\/\/www.boyerjulien.com\/wp-content\/uploads\/2025\/08\/wedding-venue-chateau-de-la-gaude39.webp 1280w, https:\/\/www.boyerjulien.com\/wp-content\/uploads\/2025\/08\/wedding-venue-chateau-de-la-gaude39-200x300.webp 200w, https:\/\/www.boyerjulien.com\/wp-content\/uploads\/2025\/08\/wedding-venue-chateau-de-la-gaude39-682x1024.webp 682w, https:\/\/www.boyerjulien.com\/wp-content\/uploads\/2025\/08\/wedding-venue-chateau-de-la-gaude39-768x1152.webp 768w, https:\/\/www.boyerjulien.com\/wp-content\/uploads\/2025\/08\/wedding-venue-chateau-de-la-gaude39-1024x1536.webp 1024w\" sizes=\"(max-width: 1280px) 100vw, 1280px\" \/>\t\t\t\t\t\t\t\t<\/a>\n\t\t\t\t\t\t\t\t\t\t\t\t\t\t\t<\/div>\n\t\t\t\t<\/div>\n\t\t\t\t<div class=\"elementor-element elementor-element-ed17a7f uael-img-grid__column-2 uael-img-grid-tablet__column-3 uael-img-grid-mobile__column-2 uael-ins-normal elementor-widget elementor-widget-uael-image-gallery\" data-id=\"ed17a7f\" data-element_type=\"widget\" data-settings=\"{&quot;gallery_columns&quot;:&quot;2&quot;,&quot;gallery_columns_tablet&quot;:&quot;3&quot;,&quot;gallery_columns_mobile&quot;:&quot;2&quot;,&quot;column_gap&quot;:{&quot;unit&quot;:&quot;px&quot;,&quot;size&quot;:20,&quot;sizes&quot;:[]},&quot;column_gap_widescreen&quot;:{&quot;unit&quot;:&quot;px&quot;,&quot;size&quot;:&quot;&quot;,&quot;sizes&quot;:[]},&quot;column_gap_laptop&quot;:{&quot;unit&quot;:&quot;px&quot;,&quot;size&quot;:&quot;&quot;,&quot;sizes&quot;:[]},&quot;column_gap_tablet_extra&quot;:{&quot;unit&quot;:&quot;px&quot;,&quot;size&quot;:&quot;&quot;,&quot;sizes&quot;:[]},&quot;column_gap_tablet&quot;:{&quot;unit&quot;:&quot;px&quot;,&quot;size&quot;:&quot;&quot;,&quot;sizes&quot;:[]},&quot;column_gap_mobile_extra&quot;:{&quot;unit&quot;:&quot;px&quot;,&quot;size&quot;:&quot;&quot;,&quot;sizes&quot;:[]},&quot;column_gap_mobile&quot;:{&quot;unit&quot;:&quot;px&quot;,&quot;size&quot;:&quot;&quot;,&quot;sizes&quot;:[]},&quot;row_gap&quot;:{&quot;unit&quot;:&quot;px&quot;,&quot;size&quot;:20,&quot;sizes&quot;:[]},&quot;row_gap_widescreen&quot;:{&quot;unit&quot;:&quot;px&quot;,&quot;size&quot;:&quot;&quot;,&quot;sizes&quot;:[]},&quot;row_gap_laptop&quot;:{&quot;unit&quot;:&quot;px&quot;,&quot;size&quot;:&quot;&quot;,&quot;sizes&quot;:[]},&quot;row_gap_tablet_extra&quot;:{&quot;unit&quot;:&quot;px&quot;,&quot;size&quot;:&quot;&quot;,&quot;sizes&quot;:[]},&quot;row_gap_tablet&quot;:{&quot;unit&quot;:&quot;px&quot;,&quot;size&quot;:&quot;&quot;,&quot;sizes&quot;:[]},&quot;row_gap_mobile_extra&quot;:{&quot;unit&quot;:&quot;px&quot;,&quot;size&quot;:&quot;&quot;,&quot;sizes&quot;:[]},&quot;row_gap_mobile&quot;:{&quot;unit&quot;:&quot;px&quot;,&quot;size&quot;:&quot;&quot;,&quot;sizes&quot;:[]}}\" data-widget_type=\"uael-image-gallery.default\">\n\t\t\t\t<div class=\"elementor-widget-container\">\n\t\t\t\t\t<div class=\"uael-gallery-parent uael-caption- uael-gallery-unjustified\"><div class=\"uael-img-gallery-wrap uael-img-masonry-wrap uael-img-grid-masonry-wrap uael-masonry uael-image-lightbox-wrap\" data-filter-default=\"All\" data-lightbox_actions=\"[&quot;close&quot;]\" data-lightbox-gallery-loop=\"\"><div class=\"uael-grid-item  uael-img-gallery-item-1\"><div class=\"uael-grid-item-content\"><a class=\"uael-grid-img uael-grid-gallery-img uael-ins-hover elementor-clickable\" data-fancybox=\"uael-gallery\" href=\"https:\/\/www.boyerjulien.com\/wp-content\/uploads\/2025\/08\/wedding-venue-chateau-de-la-gaude34.webp\" data-elementor-open-lightbox=\"no\"><div class=\"uael-grid-img-thumbnail uael-ins-target\"><img loading=\"lazy\" decoding=\"async\" width=\"682\" height=\"1024\" src=\"https:\/\/www.boyerjulien.com\/wp-content\/uploads\/2025\/08\/wedding-venue-chateau-de-la-gaude34-682x1024.webp\" class=\"attachment-large size-large wp-image-1799\" alt=\"Complete wedding stationery suite with watercolor illustrations of Ch\u00e2teau de la Gaude and floral accents\" srcset=\"https:\/\/www.boyerjulien.com\/wp-content\/uploads\/2025\/08\/wedding-venue-chateau-de-la-gaude34-682x1024.webp 682w, https:\/\/www.boyerjulien.com\/wp-content\/uploads\/2025\/08\/wedding-venue-chateau-de-la-gaude34-200x300.webp 200w, https:\/\/www.boyerjulien.com\/wp-content\/uploads\/2025\/08\/wedding-venue-chateau-de-la-gaude34-768x1152.webp 768w, https:\/\/www.boyerjulien.com\/wp-content\/uploads\/2025\/08\/wedding-venue-chateau-de-la-gaude34-1024x1536.webp 1024w, https:\/\/www.boyerjulien.com\/wp-content\/uploads\/2025\/08\/wedding-venue-chateau-de-la-gaude34.webp 1280w\" sizes=\"(max-width: 682px) 100vw, 682px\" \/><\/div><div class=\"uael-grid-img-overlay\"><\/div><\/a><\/div><\/div><div class=\"uael-grid-item  uael-img-gallery-item-2\"><div class=\"uael-grid-item-content\"><a class=\"uael-grid-img uael-grid-gallery-img uael-ins-hover elementor-clickable\" data-fancybox=\"uael-gallery\" href=\"https:\/\/www.boyerjulien.com\/wp-content\/uploads\/2025\/08\/wedding-venue-chateau-de-la-gaude33.webp\" data-elementor-open-lightbox=\"no\"><div class=\"uael-grid-img-thumbnail uael-ins-target\"><img loading=\"lazy\" decoding=\"async\" width=\"682\" height=\"1024\" src=\"https:\/\/www.boyerjulien.com\/wp-content\/uploads\/2025\/08\/wedding-venue-chateau-de-la-gaude33-682x1024.webp\" class=\"attachment-large size-large wp-image-1798\" alt=\"Wedding invitation flat lay with Ch\u00e2teau de la Gaude watercolor illustration and floral details.\" srcset=\"https:\/\/www.boyerjulien.com\/wp-content\/uploads\/2025\/08\/wedding-venue-chateau-de-la-gaude33-682x1024.webp 682w, https:\/\/www.boyerjulien.com\/wp-content\/uploads\/2025\/08\/wedding-venue-chateau-de-la-gaude33-200x300.webp 200w, https:\/\/www.boyerjulien.com\/wp-content\/uploads\/2025\/08\/wedding-venue-chateau-de-la-gaude33-768x1152.webp 768w, https:\/\/www.boyerjulien.com\/wp-content\/uploads\/2025\/08\/wedding-venue-chateau-de-la-gaude33-1024x1536.webp 1024w, https:\/\/www.boyerjulien.com\/wp-content\/uploads\/2025\/08\/wedding-venue-chateau-de-la-gaude33.webp 1280w\" sizes=\"(max-width: 682px) 100vw, 682px\" \/><\/div><div class=\"uael-grid-img-overlay\"><\/div><\/a><\/div><\/div><\/div><\/div>\t\t\t\t<\/div>\n\t\t\t\t<\/div>\n\t\t\t\t<div class=\"elementor-element elementor-element-e6677bf elementor-widget elementor-widget-image\" data-id=\"e6677bf\" data-element_type=\"widget\" data-widget_type=\"image.default\">\n\t\t\t\t<div class=\"elementor-widget-container\">\n\t\t\t\t\t\t\t\t\t\t\t\t\t\t\t\t<a href=\"https:\/\/www.boyerjulien.com\/wp-content\/uploads\/2025\/08\/wedding-venue-chateau-de-la-gaude54.jpg\" data-elementor-open-lightbox=\"yes\" data-e-action-hash=\"#elementor-action%3Aaction%3Dlightbox%26settings%3DeyJpZCI6MTgxOSwidXJsIjoiaHR0cHM6XC9cL3d3dy5ib3llcmp1bGllbi5jb21cL3dwLWNvbnRlbnRcL3VwbG9hZHNcLzIwMjVcLzA4XC93ZWRkaW5nLXZlbnVlLWNoYXRlYXUtZGUtbGEtZ2F1ZGU1NC53ZWJwIn0%3D\">\n\t\t\t\t\t\t\t<img loading=\"lazy\" decoding=\"async\" width=\"1280\" height=\"1920\" src=\"https:\/\/www.boyerjulien.com\/wp-content\/uploads\/2025\/08\/wedding-venue-chateau-de-la-gaude54.webp\" class=\"attachment-full size-full wp-image-1819\" alt=\"Pond with a fountain surrounded by manicured hedges and tall cypress trees at Ch\u00e2teau de la Gaude.\" srcset=\"https:\/\/www.boyerjulien.com\/wp-content\/uploads\/2025\/08\/wedding-venue-chateau-de-la-gaude54.webp 1280w, https:\/\/www.boyerjulien.com\/wp-content\/uploads\/2025\/08\/wedding-venue-chateau-de-la-gaude54-200x300.webp 200w, https:\/\/www.boyerjulien.com\/wp-content\/uploads\/2025\/08\/wedding-venue-chateau-de-la-gaude54-682x1024.webp 682w, https:\/\/www.boyerjulien.com\/wp-content\/uploads\/2025\/08\/wedding-venue-chateau-de-la-gaude54-768x1152.webp 768w, https:\/\/www.boyerjulien.com\/wp-content\/uploads\/2025\/08\/wedding-venue-chateau-de-la-gaude54-1024x1536.webp 1024w\" sizes=\"(max-width: 1280px) 100vw, 1280px\" \/>\t\t\t\t\t\t\t\t<\/a>\n\t\t\t\t\t\t\t\t\t\t\t\t\t\t\t<\/div>\n\t\t\t\t<\/div>\n\t\t\t\t<div class=\"elementor-element elementor-element-eccf515 elementor-widget elementor-widget-image\" data-id=\"eccf515\" data-element_type=\"widget\" data-widget_type=\"image.default\">\n\t\t\t\t<div class=\"elementor-widget-container\">\n\t\t\t\t\t\t\t\t\t\t\t\t\t\t\t\t<a href=\"https:\/\/www.boyerjulien.com\/wp-content\/uploads\/2025\/08\/wedding-venue-chateau-de-la-gaude8.jpg\" data-elementor-open-lightbox=\"yes\" data-e-action-hash=\"#elementor-action%3Aaction%3Dlightbox%26settings%3DeyJpZCI6MTc3MywidXJsIjoiaHR0cHM6XC9cL3d3dy5ib3llcmp1bGllbi5jb21cL3dwLWNvbnRlbnRcL3VwbG9hZHNcLzIwMjVcLzA4XC93ZWRkaW5nLXZlbnVlLWNoYXRlYXUtZGUtbGEtZ2F1ZGU4LndlYnAifQ%3D%3D\">\n\t\t\t\t\t\t\t<img loading=\"lazy\" decoding=\"async\" width=\"1920\" height=\"1280\" src=\"https:\/\/www.boyerjulien.com\/wp-content\/uploads\/2025\/08\/wedding-venue-chateau-de-la-gaude8.webp\" class=\"attachment-full size-full wp-image-1773\" alt=\"Outdoor wedding ceremony setup with a white arch decorated with purple flowers at Ch\u00e2teau de la Gaude\" srcset=\"https:\/\/www.boyerjulien.com\/wp-content\/uploads\/2025\/08\/wedding-venue-chateau-de-la-gaude8.webp 1920w, https:\/\/www.boyerjulien.com\/wp-content\/uploads\/2025\/08\/wedding-venue-chateau-de-la-gaude8-300x200.webp 300w, https:\/\/www.boyerjulien.com\/wp-content\/uploads\/2025\/08\/wedding-venue-chateau-de-la-gaude8-1024x682.webp 1024w, https:\/\/www.boyerjulien.com\/wp-content\/uploads\/2025\/08\/wedding-venue-chateau-de-la-gaude8-768x512.webp 768w, https:\/\/www.boyerjulien.com\/wp-content\/uploads\/2025\/08\/wedding-venue-chateau-de-la-gaude8-1536x1024.webp 1536w\" sizes=\"(max-width: 1920px) 100vw, 1920px\" \/>\t\t\t\t\t\t\t\t<\/a>\n\t\t\t\t\t\t\t\t\t\t\t\t\t\t\t<\/div>\n\t\t\t\t<\/div>\n\t\t\t\t<div class=\"elementor-element elementor-element-68dd726 elementor-widget elementor-widget-image\" data-id=\"68dd726\" data-element_type=\"widget\" data-widget_type=\"image.default\">\n\t\t\t\t<div class=\"elementor-widget-container\">\n\t\t\t\t\t\t\t\t\t\t\t\t\t\t\t\t<a href=\"https:\/\/www.boyerjulien.com\/wp-content\/uploads\/2025\/08\/wedding-venue-chateau-de-la-gaude9.jpg\" data-elementor-open-lightbox=\"yes\" data-e-action-hash=\"#elementor-action%3Aaction%3Dlightbox%26settings%3DeyJpZCI6MTc3NCwidXJsIjoiaHR0cHM6XC9cL3d3dy5ib3llcmp1bGllbi5jb21cL3dwLWNvbnRlbnRcL3VwbG9hZHNcLzIwMjVcLzA4XC93ZWRkaW5nLXZlbnVlLWNoYXRlYXUtZGUtbGEtZ2F1ZGU5LndlYnAifQ%3D%3D\">\n\t\t\t\t\t\t\t<img loading=\"lazy\" decoding=\"async\" width=\"1920\" height=\"1280\" src=\"https:\/\/www.boyerjulien.com\/wp-content\/uploads\/2025\/08\/wedding-venue-chateau-de-la-gaude9.webp\" class=\"attachment-full size-full wp-image-1774\" alt=\"Luxury wedding ceremony in Provence at Ch\u00e2teau de la Gaude with a purple floral theme, captured by Julien Boyer\" srcset=\"https:\/\/www.boyerjulien.com\/wp-content\/uploads\/2025\/08\/wedding-venue-chateau-de-la-gaude9.webp 1920w, https:\/\/www.boyerjulien.com\/wp-content\/uploads\/2025\/08\/wedding-venue-chateau-de-la-gaude9-300x200.webp 300w, https:\/\/www.boyerjulien.com\/wp-content\/uploads\/2025\/08\/wedding-venue-chateau-de-la-gaude9-1024x682.webp 1024w, https:\/\/www.boyerjulien.com\/wp-content\/uploads\/2025\/08\/wedding-venue-chateau-de-la-gaude9-768x512.webp 768w, https:\/\/www.boyerjulien.com\/wp-content\/uploads\/2025\/08\/wedding-venue-chateau-de-la-gaude9-1536x1024.webp 1536w\" sizes=\"(max-width: 1920px) 100vw, 1920px\" \/>\t\t\t\t\t\t\t\t<\/a>\n\t\t\t\t\t\t\t\t\t\t\t\t\t\t\t<\/div>\n\t\t\t\t<\/div>\n\t\t\t\t<div class=\"elementor-element elementor-element-b835b79 uael-img-grid__column-2 uael-img-grid-tablet__column-3 uael-img-grid-mobile__column-2 uael-ins-normal elementor-widget elementor-widget-uael-image-gallery\" data-id=\"b835b79\" data-element_type=\"widget\" data-settings=\"{&quot;gallery_columns&quot;:&quot;2&quot;,&quot;gallery_columns_tablet&quot;:&quot;3&quot;,&quot;gallery_columns_mobile&quot;:&quot;2&quot;,&quot;column_gap&quot;:{&quot;unit&quot;:&quot;px&quot;,&quot;size&quot;:20,&quot;sizes&quot;:[]},&quot;column_gap_widescreen&quot;:{&quot;unit&quot;:&quot;px&quot;,&quot;size&quot;:&quot;&quot;,&quot;sizes&quot;:[]},&quot;column_gap_laptop&quot;:{&quot;unit&quot;:&quot;px&quot;,&quot;size&quot;:&quot;&quot;,&quot;sizes&quot;:[]},&quot;column_gap_tablet_extra&quot;:{&quot;unit&quot;:&quot;px&quot;,&quot;size&quot;:&quot;&quot;,&quot;sizes&quot;:[]},&quot;column_gap_tablet&quot;:{&quot;unit&quot;:&quot;px&quot;,&quot;size&quot;:&quot;&quot;,&quot;sizes&quot;:[]},&quot;column_gap_mobile_extra&quot;:{&quot;unit&quot;:&quot;px&quot;,&quot;size&quot;:&quot;&quot;,&quot;sizes&quot;:[]},&quot;column_gap_mobile&quot;:{&quot;unit&quot;:&quot;px&quot;,&quot;size&quot;:&quot;&quot;,&quot;sizes&quot;:[]},&quot;row_gap&quot;:{&quot;unit&quot;:&quot;px&quot;,&quot;size&quot;:20,&quot;sizes&quot;:[]},&quot;row_gap_widescreen&quot;:{&quot;unit&quot;:&quot;px&quot;,&quot;size&quot;:&quot;&quot;,&quot;sizes&quot;:[]},&quot;row_gap_laptop&quot;:{&quot;unit&quot;:&quot;px&quot;,&quot;size&quot;:&quot;&quot;,&quot;sizes&quot;:[]},&quot;row_gap_tablet_extra&quot;:{&quot;unit&quot;:&quot;px&quot;,&quot;size&quot;:&quot;&quot;,&quot;sizes&quot;:[]},&quot;row_gap_tablet&quot;:{&quot;unit&quot;:&quot;px&quot;,&quot;size&quot;:&quot;&quot;,&quot;sizes&quot;:[]},&quot;row_gap_mobile_extra&quot;:{&quot;unit&quot;:&quot;px&quot;,&quot;size&quot;:&quot;&quot;,&quot;sizes&quot;:[]},&quot;row_gap_mobile&quot;:{&quot;unit&quot;:&quot;px&quot;,&quot;size&quot;:&quot;&quot;,&quot;sizes&quot;:[]}}\" data-widget_type=\"uael-image-gallery.default\">\n\t\t\t\t<div class=\"elementor-widget-container\">\n\t\t\t\t\t<div class=\"uael-gallery-parent uael-caption- uael-gallery-unjustified\"><div class=\"uael-img-gallery-wrap uael-img-masonry-wrap uael-img-grid-masonry-wrap uael-masonry uael-image-lightbox-wrap\" data-filter-default=\"All\" data-lightbox_actions=\"[&quot;close&quot;]\" data-lightbox-gallery-loop=\"\"><div class=\"uael-grid-item  uael-img-gallery-item-1\"><div class=\"uael-grid-item-content\"><a class=\"uael-grid-img uael-grid-gallery-img uael-ins-hover elementor-clickable\" data-fancybox=\"uael-gallery\" href=\"https:\/\/www.boyerjulien.com\/wp-content\/uploads\/2025\/08\/wedding-venue-chateau-de-la-gaude11.webp\" data-elementor-open-lightbox=\"no\"><div class=\"uael-grid-img-thumbnail uael-ins-target\"><img loading=\"lazy\" decoding=\"async\" width=\"682\" height=\"1024\" src=\"https:\/\/www.boyerjulien.com\/wp-content\/uploads\/2025\/08\/wedding-venue-chateau-de-la-gaude11-682x1024.webp\" class=\"attachment-large size-large wp-image-1776\" alt=\"Elegant bridal portrait at Ch\u00e2teau de la Gaude in Provence, featuring a long floral veil, captured by Julien Boyer, French wedding photographer.\" srcset=\"https:\/\/www.boyerjulien.com\/wp-content\/uploads\/2025\/08\/wedding-venue-chateau-de-la-gaude11-682x1024.webp 682w, https:\/\/www.boyerjulien.com\/wp-content\/uploads\/2025\/08\/wedding-venue-chateau-de-la-gaude11-200x300.webp 200w, https:\/\/www.boyerjulien.com\/wp-content\/uploads\/2025\/08\/wedding-venue-chateau-de-la-gaude11-768x1152.webp 768w, https:\/\/www.boyerjulien.com\/wp-content\/uploads\/2025\/08\/wedding-venue-chateau-de-la-gaude11-1024x1536.webp 1024w, https:\/\/www.boyerjulien.com\/wp-content\/uploads\/2025\/08\/wedding-venue-chateau-de-la-gaude11.webp 1280w\" sizes=\"(max-width: 682px) 100vw, 682px\" \/><\/div><div class=\"uael-grid-img-overlay\"><\/div><\/a><\/div><\/div><div class=\"uael-grid-item  uael-img-gallery-item-2\"><div class=\"uael-grid-item-content\"><a class=\"uael-grid-img uael-grid-gallery-img uael-ins-hover elementor-clickable\" data-fancybox=\"uael-gallery\" href=\"https:\/\/www.boyerjulien.com\/wp-content\/uploads\/2025\/08\/wedding-venue-chateau-de-la-gaude10.webp\" data-elementor-open-lightbox=\"no\"><div class=\"uael-grid-img-thumbnail uael-ins-target\"><img loading=\"lazy\" decoding=\"async\" width=\"682\" height=\"1024\" src=\"https:\/\/www.boyerjulien.com\/wp-content\/uploads\/2025\/08\/wedding-venue-chateau-de-la-gaude10-682x1024.webp\" class=\"attachment-large size-large wp-image-1775\" alt=\"Emotional wedding moment at Ch\u00e2teau de la Gaude in Provence, bride and groom embrace, beautifully photographed by Julien Boyer\" srcset=\"https:\/\/www.boyerjulien.com\/wp-content\/uploads\/2025\/08\/wedding-venue-chateau-de-la-gaude10-682x1024.webp 682w, https:\/\/www.boyerjulien.com\/wp-content\/uploads\/2025\/08\/wedding-venue-chateau-de-la-gaude10-200x300.webp 200w, https:\/\/www.boyerjulien.com\/wp-content\/uploads\/2025\/08\/wedding-venue-chateau-de-la-gaude10-768x1152.webp 768w, https:\/\/www.boyerjulien.com\/wp-content\/uploads\/2025\/08\/wedding-venue-chateau-de-la-gaude10-1024x1536.webp 1024w, https:\/\/www.boyerjulien.com\/wp-content\/uploads\/2025\/08\/wedding-venue-chateau-de-la-gaude10.webp 1280w\" sizes=\"(max-width: 682px) 100vw, 682px\" \/><\/div><div class=\"uael-grid-img-overlay\"><\/div><\/a><\/div><\/div><\/div><\/div>\t\t\t\t<\/div>\n\t\t\t\t<\/div>\n\t\t\t\t<div class=\"elementor-element elementor-element-ce5e0ca elementor-widget elementor-widget-image\" data-id=\"ce5e0ca\" data-element_type=\"widget\" data-widget_type=\"image.default\">\n\t\t\t\t<div class=\"elementor-widget-container\">\n\t\t\t\t\t\t\t\t\t\t\t\t\t\t\t\t<a href=\"https:\/\/www.boyerjulien.com\/wp-content\/uploads\/2025\/08\/wedding-venue-chateau-de-la-gaude58.jpg\" data-elementor-open-lightbox=\"yes\" data-e-action-hash=\"#elementor-action%3Aaction%3Dlightbox%26settings%3DeyJpZCI6MTgyMywidXJsIjoiaHR0cHM6XC9cL3d3dy5ib3llcmp1bGllbi5jb21cL3dwLWNvbnRlbnRcL3VwbG9hZHNcLzIwMjVcLzA4XC93ZWRkaW5nLXZlbnVlLWNoYXRlYXUtZGUtbGEtZ2F1ZGU1OC53ZWJwIn0%3D\">\n\t\t\t\t\t\t\t<img loading=\"lazy\" decoding=\"async\" width=\"1280\" height=\"1920\" src=\"https:\/\/www.boyerjulien.com\/wp-content\/uploads\/2025\/08\/wedding-venue-chateau-de-la-gaude58.webp\" class=\"attachment-full size-full wp-image-1823\" alt=\"Bride standing under a white ceremony arch with purple floral arrangements at Ch\u00e2teau de la Gaude\" srcset=\"https:\/\/www.boyerjulien.com\/wp-content\/uploads\/2025\/08\/wedding-venue-chateau-de-la-gaude58.webp 1280w, https:\/\/www.boyerjulien.com\/wp-content\/uploads\/2025\/08\/wedding-venue-chateau-de-la-gaude58-200x300.webp 200w, https:\/\/www.boyerjulien.com\/wp-content\/uploads\/2025\/08\/wedding-venue-chateau-de-la-gaude58-682x1024.webp 682w, https:\/\/www.boyerjulien.com\/wp-content\/uploads\/2025\/08\/wedding-venue-chateau-de-la-gaude58-768x1152.webp 768w, https:\/\/www.boyerjulien.com\/wp-content\/uploads\/2025\/08\/wedding-venue-chateau-de-la-gaude58-1024x1536.webp 1024w\" sizes=\"(max-width: 1280px) 100vw, 1280px\" \/>\t\t\t\t\t\t\t\t<\/a>\n\t\t\t\t\t\t\t\t\t\t\t\t\t\t\t<\/div>\n\t\t\t\t<\/div>\n\t\t\t\t<div class=\"elementor-element elementor-element-93e3d96 elementor-widget elementor-widget-image\" data-id=\"93e3d96\" data-element_type=\"widget\" data-widget_type=\"image.default\">\n\t\t\t\t<div class=\"elementor-widget-container\">\n\t\t\t\t\t\t\t\t\t\t\t\t\t\t\t\t<a href=\"https:\/\/www.boyerjulien.com\/wp-content\/uploads\/2025\/08\/wedding-venue-chateau-de-la-gaude43.jpg\" data-elementor-open-lightbox=\"yes\" data-e-action-hash=\"#elementor-action%3Aaction%3Dlightbox%26settings%3DeyJpZCI6MTgwOCwidXJsIjoiaHR0cHM6XC9cL3d3dy5ib3llcmp1bGllbi5jb21cL3dwLWNvbnRlbnRcL3VwbG9hZHNcLzIwMjVcLzA4XC93ZWRkaW5nLXZlbnVlLWNoYXRlYXUtZGUtbGEtZ2F1ZGU0My53ZWJwIn0%3D\">\n\t\t\t\t\t\t\t<img loading=\"lazy\" decoding=\"async\" width=\"1280\" height=\"1920\" src=\"https:\/\/www.boyerjulien.com\/wp-content\/uploads\/2025\/08\/wedding-venue-chateau-de-la-gaude43.webp\" class=\"attachment-full size-full wp-image-1808\" alt=\"Where Provence skies meet sparkling chandeliers, a feast of love blooms in Julien Boyer\u2019s frame.\" srcset=\"https:\/\/www.boyerjulien.com\/wp-content\/uploads\/2025\/08\/wedding-venue-chateau-de-la-gaude43.webp 1280w, https:\/\/www.boyerjulien.com\/wp-content\/uploads\/2025\/08\/wedding-venue-chateau-de-la-gaude43-200x300.webp 200w, https:\/\/www.boyerjulien.com\/wp-content\/uploads\/2025\/08\/wedding-venue-chateau-de-la-gaude43-682x1024.webp 682w, https:\/\/www.boyerjulien.com\/wp-content\/uploads\/2025\/08\/wedding-venue-chateau-de-la-gaude43-768x1152.webp 768w, https:\/\/www.boyerjulien.com\/wp-content\/uploads\/2025\/08\/wedding-venue-chateau-de-la-gaude43-1024x1536.webp 1024w\" sizes=\"(max-width: 1280px) 100vw, 1280px\" \/>\t\t\t\t\t\t\t\t<\/a>\n\t\t\t\t\t\t\t\t\t\t\t\t\t\t\t<\/div>\n\t\t\t\t<\/div>\n\t\t\t\t<div class=\"elementor-element elementor-element-f7077de uael-img-grid__column-2 uael-img-grid-tablet__column-3 uael-img-grid-mobile__column-2 uael-ins-normal elementor-widget elementor-widget-uael-image-gallery\" data-id=\"f7077de\" data-element_type=\"widget\" data-settings=\"{&quot;gallery_columns&quot;:&quot;2&quot;,&quot;gallery_columns_tablet&quot;:&quot;3&quot;,&quot;gallery_columns_mobile&quot;:&quot;2&quot;,&quot;column_gap&quot;:{&quot;unit&quot;:&quot;px&quot;,&quot;size&quot;:20,&quot;sizes&quot;:[]},&quot;column_gap_widescreen&quot;:{&quot;unit&quot;:&quot;px&quot;,&quot;size&quot;:&quot;&quot;,&quot;sizes&quot;:[]},&quot;column_gap_laptop&quot;:{&quot;unit&quot;:&quot;px&quot;,&quot;size&quot;:&quot;&quot;,&quot;sizes&quot;:[]},&quot;column_gap_tablet_extra&quot;:{&quot;unit&quot;:&quot;px&quot;,&quot;size&quot;:&quot;&quot;,&quot;sizes&quot;:[]},&quot;column_gap_tablet&quot;:{&quot;unit&quot;:&quot;px&quot;,&quot;size&quot;:&quot;&quot;,&quot;sizes&quot;:[]},&quot;column_gap_mobile_extra&quot;:{&quot;unit&quot;:&quot;px&quot;,&quot;size&quot;:&quot;&quot;,&quot;sizes&quot;:[]},&quot;column_gap_mobile&quot;:{&quot;unit&quot;:&quot;px&quot;,&quot;size&quot;:&quot;&quot;,&quot;sizes&quot;:[]},&quot;row_gap&quot;:{&quot;unit&quot;:&quot;px&quot;,&quot;size&quot;:20,&quot;sizes&quot;:[]},&quot;row_gap_widescreen&quot;:{&quot;unit&quot;:&quot;px&quot;,&quot;size&quot;:&quot;&quot;,&quot;sizes&quot;:[]},&quot;row_gap_laptop&quot;:{&quot;unit&quot;:&quot;px&quot;,&quot;size&quot;:&quot;&quot;,&quot;sizes&quot;:[]},&quot;row_gap_tablet_extra&quot;:{&quot;unit&quot;:&quot;px&quot;,&quot;size&quot;:&quot;&quot;,&quot;sizes&quot;:[]},&quot;row_gap_tablet&quot;:{&quot;unit&quot;:&quot;px&quot;,&quot;size&quot;:&quot;&quot;,&quot;sizes&quot;:[]},&quot;row_gap_mobile_extra&quot;:{&quot;unit&quot;:&quot;px&quot;,&quot;size&quot;:&quot;&quot;,&quot;sizes&quot;:[]},&quot;row_gap_mobile&quot;:{&quot;unit&quot;:&quot;px&quot;,&quot;size&quot;:&quot;&quot;,&quot;sizes&quot;:[]}}\" data-widget_type=\"uael-image-gallery.default\">\n\t\t\t\t<div class=\"elementor-widget-container\">\n\t\t\t\t\t<div class=\"uael-gallery-parent uael-caption- uael-gallery-unjustified\"><div class=\"uael-img-gallery-wrap uael-img-masonry-wrap uael-img-grid-masonry-wrap uael-masonry uael-image-lightbox-wrap\" data-filter-default=\"All\" data-lightbox_actions=\"[&quot;close&quot;]\" data-lightbox-gallery-loop=\"\"><div class=\"uael-grid-item  uael-img-gallery-item-1\"><div class=\"uael-grid-item-content\"><a class=\"uael-grid-img uael-grid-gallery-img uael-ins-hover elementor-clickable\" data-fancybox=\"uael-gallery\" href=\"https:\/\/www.boyerjulien.com\/wp-content\/uploads\/2025\/08\/wedding-venue-chateau-de-la-gaude44.webp\" data-elementor-open-lightbox=\"no\"><div class=\"uael-grid-img-thumbnail uael-ins-target\"><img loading=\"lazy\" decoding=\"async\" width=\"682\" height=\"1024\" src=\"https:\/\/www.boyerjulien.com\/wp-content\/uploads\/2025\/08\/wedding-venue-chateau-de-la-gaude44-682x1024.webp\" class=\"attachment-large size-large wp-image-1809\" alt=\"Luxury Provence wedding reception table decor with chandeliers and purple blooms at Ch\u00e2teau de la Gaude, photographed by Julien Boyer, French wedding photographer\" srcset=\"https:\/\/www.boyerjulien.com\/wp-content\/uploads\/2025\/08\/wedding-venue-chateau-de-la-gaude44-682x1024.webp 682w, https:\/\/www.boyerjulien.com\/wp-content\/uploads\/2025\/08\/wedding-venue-chateau-de-la-gaude44-200x300.webp 200w, https:\/\/www.boyerjulien.com\/wp-content\/uploads\/2025\/08\/wedding-venue-chateau-de-la-gaude44-768x1152.webp 768w, https:\/\/www.boyerjulien.com\/wp-content\/uploads\/2025\/08\/wedding-venue-chateau-de-la-gaude44-1024x1536.webp 1024w, https:\/\/www.boyerjulien.com\/wp-content\/uploads\/2025\/08\/wedding-venue-chateau-de-la-gaude44.webp 1280w\" sizes=\"(max-width: 682px) 100vw, 682px\" \/><\/div><div class=\"uael-grid-img-overlay\"><\/div><\/a><\/div><\/div><div class=\"uael-grid-item  uael-img-gallery-item-2\"><div class=\"uael-grid-item-content\"><a class=\"uael-grid-img uael-grid-gallery-img uael-ins-hover elementor-clickable\" data-fancybox=\"uael-gallery\" href=\"https:\/\/www.boyerjulien.com\/wp-content\/uploads\/2025\/08\/wedding-venue-chateau-de-la-gaude46.webp\" data-elementor-open-lightbox=\"no\"><div class=\"uael-grid-img-thumbnail uael-ins-target\"><img loading=\"lazy\" decoding=\"async\" width=\"682\" height=\"1024\" src=\"https:\/\/www.boyerjulien.com\/wp-content\/uploads\/2025\/08\/wedding-venue-chateau-de-la-gaude46-682x1024.webp\" class=\"attachment-large size-large wp-image-1811\" alt=\"Luxury Provence wedding table setting with fine china, candles, and purple floral design at Ch\u00e2teau de la Gaude, photographed by Julien Boyer, French wedding photographer.\" srcset=\"https:\/\/www.boyerjulien.com\/wp-content\/uploads\/2025\/08\/wedding-venue-chateau-de-la-gaude46-682x1024.webp 682w, https:\/\/www.boyerjulien.com\/wp-content\/uploads\/2025\/08\/wedding-venue-chateau-de-la-gaude46-200x300.webp 200w, https:\/\/www.boyerjulien.com\/wp-content\/uploads\/2025\/08\/wedding-venue-chateau-de-la-gaude46-768x1152.webp 768w, https:\/\/www.boyerjulien.com\/wp-content\/uploads\/2025\/08\/wedding-venue-chateau-de-la-gaude46-1024x1536.webp 1024w, https:\/\/www.boyerjulien.com\/wp-content\/uploads\/2025\/08\/wedding-venue-chateau-de-la-gaude46.webp 1280w\" sizes=\"(max-width: 682px) 100vw, 682px\" \/><\/div><div class=\"uael-grid-img-overlay\"><\/div><\/a><\/div><\/div><div class=\"uael-grid-item  uael-img-gallery-item-3\"><div class=\"uael-grid-item-content\"><a class=\"uael-grid-img uael-grid-gallery-img uael-ins-hover elementor-clickable\" data-fancybox=\"uael-gallery\" href=\"https:\/\/www.boyerjulien.com\/wp-content\/uploads\/2025\/08\/wedding-venue-chateau-de-la-gaude45.webp\" data-elementor-open-lightbox=\"no\"><div class=\"uael-grid-img-thumbnail uael-ins-target\"><img loading=\"lazy\" decoding=\"async\" width=\"682\" height=\"1024\" src=\"https:\/\/www.boyerjulien.com\/wp-content\/uploads\/2025\/08\/wedding-venue-chateau-de-la-gaude45-682x1024.webp\" class=\"attachment-large size-large wp-image-1810\" alt=\"Among cypress guardians, chandeliers sparkle as love takes its seat\u2014captured by Julien Boyer.\" srcset=\"https:\/\/www.boyerjulien.com\/wp-content\/uploads\/2025\/08\/wedding-venue-chateau-de-la-gaude45-682x1024.webp 682w, https:\/\/www.boyerjulien.com\/wp-content\/uploads\/2025\/08\/wedding-venue-chateau-de-la-gaude45-200x300.webp 200w, https:\/\/www.boyerjulien.com\/wp-content\/uploads\/2025\/08\/wedding-venue-chateau-de-la-gaude45-768x1152.webp 768w, https:\/\/www.boyerjulien.com\/wp-content\/uploads\/2025\/08\/wedding-venue-chateau-de-la-gaude45-1024x1536.webp 1024w, https:\/\/www.boyerjulien.com\/wp-content\/uploads\/2025\/08\/wedding-venue-chateau-de-la-gaude45.webp 1280w\" sizes=\"(max-width: 682px) 100vw, 682px\" \/><\/div><div class=\"uael-grid-img-overlay\"><\/div><\/a><\/div><\/div><div class=\"uael-grid-item  uael-img-gallery-item-4\"><div class=\"uael-grid-item-content\"><a class=\"uael-grid-img uael-grid-gallery-img uael-ins-hover elementor-clickable\" data-fancybox=\"uael-gallery\" href=\"https:\/\/www.boyerjulien.com\/wp-content\/uploads\/2025\/08\/wedding-venue-chateau-de-la-gaude16.webp\" data-elementor-open-lightbox=\"no\"><div class=\"uael-grid-img-thumbnail uael-ins-target\"><img loading=\"lazy\" decoding=\"async\" width=\"682\" height=\"1024\" src=\"https:\/\/www.boyerjulien.com\/wp-content\/uploads\/2025\/08\/wedding-venue-chateau-de-la-gaude16-682x1024.webp\" class=\"attachment-large size-large wp-image-1781\" alt=\"Outdoor wedding dinner tables with chandeliers and purple flowers at Ch\u00e2teau de la Gaude.\" srcset=\"https:\/\/www.boyerjulien.com\/wp-content\/uploads\/2025\/08\/wedding-venue-chateau-de-la-gaude16-682x1024.webp 682w, https:\/\/www.boyerjulien.com\/wp-content\/uploads\/2025\/08\/wedding-venue-chateau-de-la-gaude16-200x300.webp 200w, https:\/\/www.boyerjulien.com\/wp-content\/uploads\/2025\/08\/wedding-venue-chateau-de-la-gaude16-768x1152.webp 768w, https:\/\/www.boyerjulien.com\/wp-content\/uploads\/2025\/08\/wedding-venue-chateau-de-la-gaude16-1024x1536.webp 1024w, https:\/\/www.boyerjulien.com\/wp-content\/uploads\/2025\/08\/wedding-venue-chateau-de-la-gaude16.webp 1280w\" sizes=\"(max-width: 682px) 100vw, 682px\" \/><\/div><div class=\"uael-grid-img-overlay\"><\/div><\/a><\/div><\/div><\/div><\/div>\t\t\t\t<\/div>\n\t\t\t\t<\/div>\n\t\t\t\t<div class=\"elementor-element elementor-element-3fe5f60 elementor-widget elementor-widget-image\" data-id=\"3fe5f60\" data-element_type=\"widget\" data-widget_type=\"image.default\">\n\t\t\t\t<div class=\"elementor-widget-container\">\n\t\t\t\t\t\t\t\t\t\t\t\t\t\t\t\t<a href=\"https:\/\/www.boyerjulien.com\/wp-content\/uploads\/2025\/08\/wedding-venue-chateau-de-la-gaude50.jpg\" data-elementor-open-lightbox=\"yes\" data-e-action-hash=\"#elementor-action%3Aaction%3Dlightbox%26settings%3DeyJpZCI6MTgxNSwidXJsIjoiaHR0cHM6XC9cL3d3dy5ib3llcmp1bGllbi5jb21cL3dwLWNvbnRlbnRcL3VwbG9hZHNcLzIwMjVcLzA4XC93ZWRkaW5nLXZlbnVlLWNoYXRlYXUtZGUtbGEtZ2F1ZGU1MC53ZWJwIn0%3D\">\n\t\t\t\t\t\t\t<img loading=\"lazy\" decoding=\"async\" width=\"1280\" height=\"1920\" src=\"https:\/\/www.boyerjulien.com\/wp-content\/uploads\/2025\/08\/wedding-venue-chateau-de-la-gaude50.webp\" class=\"attachment-full size-full wp-image-1815\" alt=\"Golden hour Provence wedding table decor at Ch\u00e2teau de la Gaude with elegant place settings and purple florals, photographed by Julien Boyer, French wedding photographer\" srcset=\"https:\/\/www.boyerjulien.com\/wp-content\/uploads\/2025\/08\/wedding-venue-chateau-de-la-gaude50.webp 1280w, https:\/\/www.boyerjulien.com\/wp-content\/uploads\/2025\/08\/wedding-venue-chateau-de-la-gaude50-200x300.webp 200w, https:\/\/www.boyerjulien.com\/wp-content\/uploads\/2025\/08\/wedding-venue-chateau-de-la-gaude50-682x1024.webp 682w, https:\/\/www.boyerjulien.com\/wp-content\/uploads\/2025\/08\/wedding-venue-chateau-de-la-gaude50-768x1152.webp 768w, https:\/\/www.boyerjulien.com\/wp-content\/uploads\/2025\/08\/wedding-venue-chateau-de-la-gaude50-1024x1536.webp 1024w\" sizes=\"(max-width: 1280px) 100vw, 1280px\" \/>\t\t\t\t\t\t\t\t<\/a>\n\t\t\t\t\t\t\t\t\t\t\t\t\t\t\t<\/div>\n\t\t\t\t<\/div>\n\t\t\t\t<div class=\"elementor-element elementor-element-c396e0f elementor-widget elementor-widget-image\" data-id=\"c396e0f\" data-element_type=\"widget\" data-widget_type=\"image.default\">\n\t\t\t\t<div class=\"elementor-widget-container\">\n\t\t\t\t\t\t\t\t\t\t\t\t\t\t\t\t<a href=\"https:\/\/www.boyerjulien.com\/wp-content\/uploads\/2025\/08\/wedding-venue-chateau-de-la-gaude51.jpg\" data-elementor-open-lightbox=\"yes\" data-e-action-hash=\"#elementor-action%3Aaction%3Dlightbox%26settings%3DeyJpZCI6MTgxNiwidXJsIjoiaHR0cHM6XC9cL3d3dy5ib3llcmp1bGllbi5jb21cL3dwLWNvbnRlbnRcL3VwbG9hZHNcLzIwMjVcLzA4XC93ZWRkaW5nLXZlbnVlLWNoYXRlYXUtZGUtbGEtZ2F1ZGU1MS53ZWJwIn0%3D\">\n\t\t\t\t\t\t\t<img loading=\"lazy\" decoding=\"async\" width=\"1280\" height=\"1920\" src=\"https:\/\/www.boyerjulien.com\/wp-content\/uploads\/2025\/08\/wedding-venue-chateau-de-la-gaude51.webp\" class=\"attachment-full size-full wp-image-1816\" alt=\"Luxury Provence wedding table design with orchids, candles, and fine china at Ch\u00e2teau de la Gaude, photographed by Julien Boyer, French wedding photographer\" srcset=\"https:\/\/www.boyerjulien.com\/wp-content\/uploads\/2025\/08\/wedding-venue-chateau-de-la-gaude51.webp 1280w, https:\/\/www.boyerjulien.com\/wp-content\/uploads\/2025\/08\/wedding-venue-chateau-de-la-gaude51-200x300.webp 200w, https:\/\/www.boyerjulien.com\/wp-content\/uploads\/2025\/08\/wedding-venue-chateau-de-la-gaude51-682x1024.webp 682w, https:\/\/www.boyerjulien.com\/wp-content\/uploads\/2025\/08\/wedding-venue-chateau-de-la-gaude51-768x1152.webp 768w, https:\/\/www.boyerjulien.com\/wp-content\/uploads\/2025\/08\/wedding-venue-chateau-de-la-gaude51-1024x1536.webp 1024w\" sizes=\"(max-width: 1280px) 100vw, 1280px\" \/>\t\t\t\t\t\t\t\t<\/a>\n\t\t\t\t\t\t\t\t\t\t\t\t\t\t\t<\/div>\n\t\t\t\t<\/div>\n\t\t\t\t<div class=\"elementor-element elementor-element-f040ac5 uael-img-grid__column-2 uael-img-grid-tablet__column-3 uael-img-grid-mobile__column-2 uael-ins-normal elementor-widget elementor-widget-uael-image-gallery\" data-id=\"f040ac5\" data-element_type=\"widget\" data-settings=\"{&quot;gallery_columns&quot;:&quot;2&quot;,&quot;gallery_columns_tablet&quot;:&quot;3&quot;,&quot;gallery_columns_mobile&quot;:&quot;2&quot;,&quot;column_gap&quot;:{&quot;unit&quot;:&quot;px&quot;,&quot;size&quot;:20,&quot;sizes&quot;:[]},&quot;column_gap_widescreen&quot;:{&quot;unit&quot;:&quot;px&quot;,&quot;size&quot;:&quot;&quot;,&quot;sizes&quot;:[]},&quot;column_gap_laptop&quot;:{&quot;unit&quot;:&quot;px&quot;,&quot;size&quot;:&quot;&quot;,&quot;sizes&quot;:[]},&quot;column_gap_tablet_extra&quot;:{&quot;unit&quot;:&quot;px&quot;,&quot;size&quot;:&quot;&quot;,&quot;sizes&quot;:[]},&quot;column_gap_tablet&quot;:{&quot;unit&quot;:&quot;px&quot;,&quot;size&quot;:&quot;&quot;,&quot;sizes&quot;:[]},&quot;column_gap_mobile_extra&quot;:{&quot;unit&quot;:&quot;px&quot;,&quot;size&quot;:&quot;&quot;,&quot;sizes&quot;:[]},&quot;column_gap_mobile&quot;:{&quot;unit&quot;:&quot;px&quot;,&quot;size&quot;:&quot;&quot;,&quot;sizes&quot;:[]},&quot;row_gap&quot;:{&quot;unit&quot;:&quot;px&quot;,&quot;size&quot;:20,&quot;sizes&quot;:[]},&quot;row_gap_widescreen&quot;:{&quot;unit&quot;:&quot;px&quot;,&quot;size&quot;:&quot;&quot;,&quot;sizes&quot;:[]},&quot;row_gap_laptop&quot;:{&quot;unit&quot;:&quot;px&quot;,&quot;size&quot;:&quot;&quot;,&quot;sizes&quot;:[]},&quot;row_gap_tablet_extra&quot;:{&quot;unit&quot;:&quot;px&quot;,&quot;size&quot;:&quot;&quot;,&quot;sizes&quot;:[]},&quot;row_gap_tablet&quot;:{&quot;unit&quot;:&quot;px&quot;,&quot;size&quot;:&quot;&quot;,&quot;sizes&quot;:[]},&quot;row_gap_mobile_extra&quot;:{&quot;unit&quot;:&quot;px&quot;,&quot;size&quot;:&quot;&quot;,&quot;sizes&quot;:[]},&quot;row_gap_mobile&quot;:{&quot;unit&quot;:&quot;px&quot;,&quot;size&quot;:&quot;&quot;,&quot;sizes&quot;:[]}}\" data-widget_type=\"uael-image-gallery.default\">\n\t\t\t\t<div class=\"elementor-widget-container\">\n\t\t\t\t\t<div class=\"uael-gallery-parent uael-caption- uael-gallery-unjustified\"><div class=\"uael-img-gallery-wrap uael-img-masonry-wrap uael-img-grid-masonry-wrap uael-masonry uael-image-lightbox-wrap\" data-filter-default=\"All\" data-lightbox_actions=\"[&quot;close&quot;]\" data-lightbox-gallery-loop=\"\"><div class=\"uael-grid-item  uael-img-gallery-item-1\"><div class=\"uael-grid-item-content\"><a class=\"uael-grid-img uael-grid-gallery-img uael-ins-hover elementor-clickable\" data-fancybox=\"uael-gallery\" href=\"https:\/\/www.boyerjulien.com\/wp-content\/uploads\/2025\/08\/wedding-venue-chateau-de-la-gaude15.webp\" data-elementor-open-lightbox=\"no\"><div class=\"uael-grid-img-thumbnail uael-ins-target\"><img loading=\"lazy\" decoding=\"async\" width=\"682\" height=\"1024\" src=\"https:\/\/www.boyerjulien.com\/wp-content\/uploads\/2025\/08\/wedding-venue-chateau-de-la-gaude15-682x1024.webp\" class=\"attachment-large size-large wp-image-1780\" alt=\"Luxury floral design featuring purple hydrangeas and pink orchids at Ch\u00e2teau de la Gaude, Provence wedding captured by Julien Boyer, French wedding photographer.\" srcset=\"https:\/\/www.boyerjulien.com\/wp-content\/uploads\/2025\/08\/wedding-venue-chateau-de-la-gaude15-682x1024.webp 682w, https:\/\/www.boyerjulien.com\/wp-content\/uploads\/2025\/08\/wedding-venue-chateau-de-la-gaude15-200x300.webp 200w, https:\/\/www.boyerjulien.com\/wp-content\/uploads\/2025\/08\/wedding-venue-chateau-de-la-gaude15-768x1152.webp 768w, https:\/\/www.boyerjulien.com\/wp-content\/uploads\/2025\/08\/wedding-venue-chateau-de-la-gaude15-1024x1536.webp 1024w, https:\/\/www.boyerjulien.com\/wp-content\/uploads\/2025\/08\/wedding-venue-chateau-de-la-gaude15.webp 1280w\" sizes=\"(max-width: 682px) 100vw, 682px\" \/><\/div><div class=\"uael-grid-img-overlay\"><\/div><\/a><\/div><\/div><div class=\"uael-grid-item  uael-img-gallery-item-2\"><div class=\"uael-grid-item-content\"><a class=\"uael-grid-img uael-grid-gallery-img uael-ins-hover elementor-clickable\" data-fancybox=\"uael-gallery\" href=\"https:\/\/www.boyerjulien.com\/wp-content\/uploads\/2025\/08\/wedding-venue-chateau-de-la-gaude12.webp\" data-elementor-open-lightbox=\"no\"><div class=\"uael-grid-img-thumbnail uael-ins-target\"><img loading=\"lazy\" decoding=\"async\" width=\"682\" height=\"1024\" src=\"https:\/\/www.boyerjulien.com\/wp-content\/uploads\/2025\/08\/wedding-venue-chateau-de-la-gaude12-682x1024.webp\" class=\"attachment-large size-large wp-image-1777\" alt=\"Wedding reception table outdoors with white candles and purple floral arrangements\" srcset=\"https:\/\/www.boyerjulien.com\/wp-content\/uploads\/2025\/08\/wedding-venue-chateau-de-la-gaude12-682x1024.webp 682w, https:\/\/www.boyerjulien.com\/wp-content\/uploads\/2025\/08\/wedding-venue-chateau-de-la-gaude12-200x300.webp 200w, https:\/\/www.boyerjulien.com\/wp-content\/uploads\/2025\/08\/wedding-venue-chateau-de-la-gaude12-768x1152.webp 768w, https:\/\/www.boyerjulien.com\/wp-content\/uploads\/2025\/08\/wedding-venue-chateau-de-la-gaude12-1024x1536.webp 1024w, https:\/\/www.boyerjulien.com\/wp-content\/uploads\/2025\/08\/wedding-venue-chateau-de-la-gaude12.webp 1280w\" sizes=\"(max-width: 682px) 100vw, 682px\" \/><\/div><div class=\"uael-grid-img-overlay\"><\/div><\/a><\/div><\/div><\/div><\/div>\t\t\t\t<\/div>\n\t\t\t\t<\/div>\n\t\t\t\t<div class=\"elementor-element elementor-element-0be52f3 elementor-widget elementor-widget-image\" data-id=\"0be52f3\" data-element_type=\"widget\" data-widget_type=\"image.default\">\n\t\t\t\t<div class=\"elementor-widget-container\">\n\t\t\t\t\t\t\t\t\t\t\t\t\t\t\t\t<a href=\"https:\/\/www.boyerjulien.com\/wp-content\/uploads\/2025\/08\/wedding-venue-chateau-de-la-gaude17.jpg\" data-elementor-open-lightbox=\"yes\" data-e-action-hash=\"#elementor-action%3Aaction%3Dlightbox%26settings%3DeyJpZCI6MTc4MiwidXJsIjoiaHR0cHM6XC9cL3d3dy5ib3llcmp1bGllbi5jb21cL3dwLWNvbnRlbnRcL3VwbG9hZHNcLzIwMjVcLzA4XC93ZWRkaW5nLXZlbnVlLWNoYXRlYXUtZGUtbGEtZ2F1ZGUxNy53ZWJwIn0%3D\">\n\t\t\t\t\t\t\t<img loading=\"lazy\" decoding=\"async\" width=\"1920\" height=\"1280\" src=\"https:\/\/www.boyerjulien.com\/wp-content\/uploads\/2025\/08\/wedding-venue-chateau-de-la-gaude17.webp\" class=\"attachment-full size-full wp-image-1782\" alt=\"Luxury Provence wedding reception at Ch\u00e2teau de la Gaude, with the bride and groom sharing a moment among purple floral d\u00e9cor, photographed by Julien Boyer, French wedding photographer\" srcset=\"https:\/\/www.boyerjulien.com\/wp-content\/uploads\/2025\/08\/wedding-venue-chateau-de-la-gaude17.webp 1920w, https:\/\/www.boyerjulien.com\/wp-content\/uploads\/2025\/08\/wedding-venue-chateau-de-la-gaude17-300x200.webp 300w, https:\/\/www.boyerjulien.com\/wp-content\/uploads\/2025\/08\/wedding-venue-chateau-de-la-gaude17-1024x682.webp 1024w, https:\/\/www.boyerjulien.com\/wp-content\/uploads\/2025\/08\/wedding-venue-chateau-de-la-gaude17-768x512.webp 768w, https:\/\/www.boyerjulien.com\/wp-content\/uploads\/2025\/08\/wedding-venue-chateau-de-la-gaude17-1536x1024.webp 1536w\" sizes=\"(max-width: 1920px) 100vw, 1920px\" \/>\t\t\t\t\t\t\t\t<\/a>\n\t\t\t\t\t\t\t\t\t\t\t\t\t\t\t<\/div>\n\t\t\t\t<\/div>\n\t\t\t\t<div class=\"elementor-element elementor-element-5f2660e elementor-widget elementor-widget-image\" data-id=\"5f2660e\" data-element_type=\"widget\" data-widget_type=\"image.default\">\n\t\t\t\t<div class=\"elementor-widget-container\">\n\t\t\t\t\t\t\t\t\t\t\t\t\t\t\t\t<a href=\"https:\/\/www.boyerjulien.com\/wp-content\/uploads\/2025\/08\/wedding-venue-chateau-de-la-gaude18.jpg\" data-elementor-open-lightbox=\"yes\" data-e-action-hash=\"#elementor-action%3Aaction%3Dlightbox%26settings%3DeyJpZCI6MTc4MywidXJsIjoiaHR0cHM6XC9cL3d3dy5ib3llcmp1bGllbi5jb21cL3dwLWNvbnRlbnRcL3VwbG9hZHNcLzIwMjVcLzA4XC93ZWRkaW5nLXZlbnVlLWNoYXRlYXUtZGUtbGEtZ2F1ZGUxOC53ZWJwIn0%3D\">\n\t\t\t\t\t\t\t<img loading=\"lazy\" decoding=\"async\" width=\"1280\" height=\"1920\" src=\"https:\/\/www.boyerjulien.com\/wp-content\/uploads\/2025\/08\/wedding-venue-chateau-de-la-gaude18.webp\" class=\"attachment-full size-full wp-image-1783\" alt=\"Bride in a white gown seated elegantly by a decorated wedding table at Ch\u00e2teau de la Gaude\" srcset=\"https:\/\/www.boyerjulien.com\/wp-content\/uploads\/2025\/08\/wedding-venue-chateau-de-la-gaude18.webp 1280w, https:\/\/www.boyerjulien.com\/wp-content\/uploads\/2025\/08\/wedding-venue-chateau-de-la-gaude18-200x300.webp 200w, https:\/\/www.boyerjulien.com\/wp-content\/uploads\/2025\/08\/wedding-venue-chateau-de-la-gaude18-682x1024.webp 682w, https:\/\/www.boyerjulien.com\/wp-content\/uploads\/2025\/08\/wedding-venue-chateau-de-la-gaude18-768x1152.webp 768w, https:\/\/www.boyerjulien.com\/wp-content\/uploads\/2025\/08\/wedding-venue-chateau-de-la-gaude18-1024x1536.webp 1024w\" sizes=\"(max-width: 1280px) 100vw, 1280px\" \/>\t\t\t\t\t\t\t\t<\/a>\n\t\t\t\t\t\t\t\t\t\t\t\t\t\t\t<\/div>\n\t\t\t\t<\/div>\n\t\t\t\t<div class=\"elementor-element elementor-element-84facde elementor-widget elementor-widget-image\" data-id=\"84facde\" data-element_type=\"widget\" data-widget_type=\"image.default\">\n\t\t\t\t<div class=\"elementor-widget-container\">\n\t\t\t\t\t\t\t\t\t\t\t\t\t\t\t\t<a href=\"https:\/\/www.boyerjulien.com\/wp-content\/uploads\/2025\/08\/wedding-venue-chateau-de-la-gaude20.jpg\" data-elementor-open-lightbox=\"yes\" data-e-action-hash=\"#elementor-action%3Aaction%3Dlightbox%26settings%3DeyJpZCI6MTc4NSwidXJsIjoiaHR0cHM6XC9cL3d3dy5ib3llcmp1bGllbi5jb21cL3dwLWNvbnRlbnRcL3VwbG9hZHNcLzIwMjVcLzA4XC93ZWRkaW5nLXZlbnVlLWNoYXRlYXUtZGUtbGEtZ2F1ZGUyMC53ZWJwIn0%3D\">\n\t\t\t\t\t\t\t<img loading=\"lazy\" decoding=\"async\" width=\"1280\" height=\"1920\" src=\"https:\/\/www.boyerjulien.com\/wp-content\/uploads\/2025\/08\/wedding-venue-chateau-de-la-gaude20.webp\" class=\"attachment-full size-full wp-image-1785\" alt=\"Bride holding a purple bouquet, standing in the gardens of Ch\u00e2teau de la Gaude\" srcset=\"https:\/\/www.boyerjulien.com\/wp-content\/uploads\/2025\/08\/wedding-venue-chateau-de-la-gaude20.webp 1280w, https:\/\/www.boyerjulien.com\/wp-content\/uploads\/2025\/08\/wedding-venue-chateau-de-la-gaude20-200x300.webp 200w, https:\/\/www.boyerjulien.com\/wp-content\/uploads\/2025\/08\/wedding-venue-chateau-de-la-gaude20-682x1024.webp 682w, https:\/\/www.boyerjulien.com\/wp-content\/uploads\/2025\/08\/wedding-venue-chateau-de-la-gaude20-768x1152.webp 768w, https:\/\/www.boyerjulien.com\/wp-content\/uploads\/2025\/08\/wedding-venue-chateau-de-la-gaude20-1024x1536.webp 1024w\" sizes=\"(max-width: 1280px) 100vw, 1280px\" \/>\t\t\t\t\t\t\t\t<\/a>\n\t\t\t\t\t\t\t\t\t\t\t\t\t\t\t<\/div>\n\t\t\t\t<\/div>\n\t\t\t\t<div class=\"elementor-element elementor-element-caebaa2 elementor-widget elementor-widget-image\" data-id=\"caebaa2\" data-element_type=\"widget\" data-widget_type=\"image.default\">\n\t\t\t\t<div class=\"elementor-widget-container\">\n\t\t\t\t\t\t\t\t\t\t\t\t\t\t\t\t<a href=\"https:\/\/www.boyerjulien.com\/wp-content\/uploads\/2025\/08\/wedding-venue-chateau-de-la-gaude22.jpg\" data-elementor-open-lightbox=\"yes\" data-e-action-hash=\"#elementor-action%3Aaction%3Dlightbox%26settings%3DeyJpZCI6MTc4NywidXJsIjoiaHR0cHM6XC9cL3d3dy5ib3llcmp1bGllbi5jb21cL3dwLWNvbnRlbnRcL3VwbG9hZHNcLzIwMjVcLzA4XC93ZWRkaW5nLXZlbnVlLWNoYXRlYXUtZGUtbGEtZ2F1ZGUyMi53ZWJwIn0%3D\">\n\t\t\t\t\t\t\t<img loading=\"lazy\" decoding=\"async\" width=\"1280\" height=\"1920\" src=\"https:\/\/www.boyerjulien.com\/wp-content\/uploads\/2025\/08\/wedding-venue-chateau-de-la-gaude22.webp\" class=\"attachment-full size-full wp-image-1787\" alt=\"Luxury Provence wedding bouquet with orchids and dahlias in purple tones at Ch\u00e2teau de la Gaude, photographed by Julien Boyer, French wedding photographer.\" srcset=\"https:\/\/www.boyerjulien.com\/wp-content\/uploads\/2025\/08\/wedding-venue-chateau-de-la-gaude22.webp 1280w, https:\/\/www.boyerjulien.com\/wp-content\/uploads\/2025\/08\/wedding-venue-chateau-de-la-gaude22-200x300.webp 200w, https:\/\/www.boyerjulien.com\/wp-content\/uploads\/2025\/08\/wedding-venue-chateau-de-la-gaude22-682x1024.webp 682w, https:\/\/www.boyerjulien.com\/wp-content\/uploads\/2025\/08\/wedding-venue-chateau-de-la-gaude22-768x1152.webp 768w, https:\/\/www.boyerjulien.com\/wp-content\/uploads\/2025\/08\/wedding-venue-chateau-de-la-gaude22-1024x1536.webp 1024w\" sizes=\"(max-width: 1280px) 100vw, 1280px\" \/>\t\t\t\t\t\t\t\t<\/a>\n\t\t\t\t\t\t\t\t\t\t\t\t\t\t\t<\/div>\n\t\t\t\t<\/div>\n\t\t\t\t<div class=\"elementor-element elementor-element-4cf4384 elementor-widget elementor-widget-image\" data-id=\"4cf4384\" data-element_type=\"widget\" data-widget_type=\"image.default\">\n\t\t\t\t<div class=\"elementor-widget-container\">\n\t\t\t\t\t\t\t\t\t\t\t\t\t\t\t\t<a href=\"https:\/\/www.boyerjulien.com\/wp-content\/uploads\/2025\/08\/wedding-venue-chateau-de-la-gaude56.jpg\" data-elementor-open-lightbox=\"yes\" data-e-action-hash=\"#elementor-action%3Aaction%3Dlightbox%26settings%3DeyJpZCI6MTgyMSwidXJsIjoiaHR0cHM6XC9cL3d3dy5ib3llcmp1bGllbi5jb21cL3dwLWNvbnRlbnRcL3VwbG9hZHNcLzIwMjVcLzA4XC93ZWRkaW5nLXZlbnVlLWNoYXRlYXUtZGUtbGEtZ2F1ZGU1Ni53ZWJwIn0%3D\">\n\t\t\t\t\t\t\t<img loading=\"lazy\" decoding=\"async\" width=\"1280\" height=\"1920\" src=\"https:\/\/www.boyerjulien.com\/wp-content\/uploads\/2025\/08\/wedding-venue-chateau-de-la-gaude56.webp\" class=\"attachment-full size-full wp-image-1821\" alt=\"Her gown blooms with every turn\u2014poetry in motion, captured by Julien Boyer\" srcset=\"https:\/\/www.boyerjulien.com\/wp-content\/uploads\/2025\/08\/wedding-venue-chateau-de-la-gaude56.webp 1280w, https:\/\/www.boyerjulien.com\/wp-content\/uploads\/2025\/08\/wedding-venue-chateau-de-la-gaude56-200x300.webp 200w, https:\/\/www.boyerjulien.com\/wp-content\/uploads\/2025\/08\/wedding-venue-chateau-de-la-gaude56-682x1024.webp 682w, https:\/\/www.boyerjulien.com\/wp-content\/uploads\/2025\/08\/wedding-venue-chateau-de-la-gaude56-768x1152.webp 768w, https:\/\/www.boyerjulien.com\/wp-content\/uploads\/2025\/08\/wedding-venue-chateau-de-la-gaude56-1024x1536.webp 1024w\" sizes=\"(max-width: 1280px) 100vw, 1280px\" \/>\t\t\t\t\t\t\t\t<\/a>\n\t\t\t\t\t\t\t\t\t\t\t\t\t\t\t<\/div>\n\t\t\t\t<\/div>\n\t\t\t\t<div class=\"elementor-element elementor-element-ed70037 elementor-widget elementor-widget-image\" data-id=\"ed70037\" data-element_type=\"widget\" data-widget_type=\"image.default\">\n\t\t\t\t<div class=\"elementor-widget-container\">\n\t\t\t\t\t\t\t\t\t\t\t\t\t\t\t\t<a href=\"https:\/\/www.boyerjulien.com\/wp-content\/uploads\/2025\/08\/wedding-venue-chateau-de-la-gaude23.jpg\" data-elementor-open-lightbox=\"yes\" data-e-action-hash=\"#elementor-action%3Aaction%3Dlightbox%26settings%3DeyJpZCI6MTc4OCwidXJsIjoiaHR0cHM6XC9cL3d3dy5ib3llcmp1bGllbi5jb21cL3dwLWNvbnRlbnRcL3VwbG9hZHNcLzIwMjVcLzA4XC93ZWRkaW5nLXZlbnVlLWNoYXRlYXUtZGUtbGEtZ2F1ZGUyMy53ZWJwIn0%3D\">\n\t\t\t\t\t\t\t<img loading=\"lazy\" decoding=\"async\" width=\"1280\" height=\"1920\" src=\"https:\/\/www.boyerjulien.com\/wp-content\/uploads\/2025\/08\/wedding-venue-chateau-de-la-gaude23.webp\" class=\"attachment-full size-full wp-image-1788\" alt=\"Bride and groom holding hands in a garden at sunset at Ch\u00e2teau de la Gaude\" srcset=\"https:\/\/www.boyerjulien.com\/wp-content\/uploads\/2025\/08\/wedding-venue-chateau-de-la-gaude23.webp 1280w, https:\/\/www.boyerjulien.com\/wp-content\/uploads\/2025\/08\/wedding-venue-chateau-de-la-gaude23-200x300.webp 200w, https:\/\/www.boyerjulien.com\/wp-content\/uploads\/2025\/08\/wedding-venue-chateau-de-la-gaude23-682x1024.webp 682w, https:\/\/www.boyerjulien.com\/wp-content\/uploads\/2025\/08\/wedding-venue-chateau-de-la-gaude23-768x1152.webp 768w, https:\/\/www.boyerjulien.com\/wp-content\/uploads\/2025\/08\/wedding-venue-chateau-de-la-gaude23-1024x1536.webp 1024w\" sizes=\"(max-width: 1280px) 100vw, 1280px\" \/>\t\t\t\t\t\t\t\t<\/a>\n\t\t\t\t\t\t\t\t\t\t\t\t\t\t\t<\/div>\n\t\t\t\t<\/div>\n\t\t\t\t<div class=\"elementor-element elementor-element-9494cd0 elementor-widget elementor-widget-image\" data-id=\"9494cd0\" data-element_type=\"widget\" data-widget_type=\"image.default\">\n\t\t\t\t<div class=\"elementor-widget-container\">\n\t\t\t\t\t\t\t\t\t\t\t\t\t\t\t\t<a href=\"https:\/\/www.boyerjulien.com\/wp-content\/uploads\/2025\/08\/wedding-venue-chateau-de-la-gaude24.jpg\" data-elementor-open-lightbox=\"yes\" data-e-action-hash=\"#elementor-action%3Aaction%3Dlightbox%26settings%3DeyJpZCI6MTc4OSwidXJsIjoiaHR0cHM6XC9cL3d3dy5ib3llcmp1bGllbi5jb21cL3dwLWNvbnRlbnRcL3VwbG9hZHNcLzIwMjVcLzA4XC93ZWRkaW5nLXZlbnVlLWNoYXRlYXUtZGUtbGEtZ2F1ZGUyNC53ZWJwIn0%3D\">\n\t\t\t\t\t\t\t<img loading=\"lazy\" decoding=\"async\" width=\"1280\" height=\"1920\" src=\"https:\/\/www.boyerjulien.com\/wp-content\/uploads\/2025\/08\/wedding-venue-chateau-de-la-gaude24.webp\" class=\"attachment-full size-full wp-image-1789\" alt=\"Her smile glows brighter than the Proven\u00e7al sun as his embrace holds eternity\u2014captured by Julien Boyer\" srcset=\"https:\/\/www.boyerjulien.com\/wp-content\/uploads\/2025\/08\/wedding-venue-chateau-de-la-gaude24.webp 1280w, https:\/\/www.boyerjulien.com\/wp-content\/uploads\/2025\/08\/wedding-venue-chateau-de-la-gaude24-200x300.webp 200w, https:\/\/www.boyerjulien.com\/wp-content\/uploads\/2025\/08\/wedding-venue-chateau-de-la-gaude24-682x1024.webp 682w, https:\/\/www.boyerjulien.com\/wp-content\/uploads\/2025\/08\/wedding-venue-chateau-de-la-gaude24-768x1152.webp 768w, https:\/\/www.boyerjulien.com\/wp-content\/uploads\/2025\/08\/wedding-venue-chateau-de-la-gaude24-1024x1536.webp 1024w\" sizes=\"(max-width: 1280px) 100vw, 1280px\" \/>\t\t\t\t\t\t\t\t<\/a>\n\t\t\t\t\t\t\t\t\t\t\t\t\t\t\t<\/div>\n\t\t\t\t<\/div>\n\t\t\t\t<div class=\"elementor-element elementor-element-cd177f2 elementor-widget elementor-widget-image\" data-id=\"cd177f2\" data-element_type=\"widget\" data-widget_type=\"image.default\">\n\t\t\t\t<div class=\"elementor-widget-container\">\n\t\t\t\t\t\t\t\t\t\t\t\t\t\t\t\t<a href=\"https:\/\/www.boyerjulien.com\/wp-content\/uploads\/2025\/08\/wedding-venue-chateau-de-la-gaude27.jpg\" data-elementor-open-lightbox=\"yes\" data-e-action-hash=\"#elementor-action%3Aaction%3Dlightbox%26settings%3DeyJpZCI6MTc5MiwidXJsIjoiaHR0cHM6XC9cL3d3dy5ib3llcmp1bGllbi5jb21cL3dwLWNvbnRlbnRcL3VwbG9hZHNcLzIwMjVcLzA4XC93ZWRkaW5nLXZlbnVlLWNoYXRlYXUtZGUtbGEtZ2F1ZGUyNy53ZWJwIn0%3D\">\n\t\t\t\t\t\t\t<img loading=\"lazy\" decoding=\"async\" width=\"1920\" height=\"1280\" src=\"https:\/\/www.boyerjulien.com\/wp-content\/uploads\/2025\/08\/wedding-venue-chateau-de-la-gaude27.webp\" class=\"attachment-full size-full wp-image-1792\" alt=\"Bride sitting on the garden path with her gown spread around her, holding a bouquet at sunset\" srcset=\"https:\/\/www.boyerjulien.com\/wp-content\/uploads\/2025\/08\/wedding-venue-chateau-de-la-gaude27.webp 1920w, https:\/\/www.boyerjulien.com\/wp-content\/uploads\/2025\/08\/wedding-venue-chateau-de-la-gaude27-300x200.webp 300w, https:\/\/www.boyerjulien.com\/wp-content\/uploads\/2025\/08\/wedding-venue-chateau-de-la-gaude27-1024x682.webp 1024w, https:\/\/www.boyerjulien.com\/wp-content\/uploads\/2025\/08\/wedding-venue-chateau-de-la-gaude27-768x512.webp 768w, https:\/\/www.boyerjulien.com\/wp-content\/uploads\/2025\/08\/wedding-venue-chateau-de-la-gaude27-1536x1024.webp 1536w\" sizes=\"(max-width: 1920px) 100vw, 1920px\" \/>\t\t\t\t\t\t\t\t<\/a>\n\t\t\t\t\t\t\t\t\t\t\t\t\t\t\t<\/div>\n\t\t\t\t<\/div>\n\t\t\t\t<div class=\"elementor-element elementor-element-dc41b00 elementor-widget elementor-widget-image\" data-id=\"dc41b00\" data-element_type=\"widget\" data-widget_type=\"image.default\">\n\t\t\t\t<div class=\"elementor-widget-container\">\n\t\t\t\t\t\t\t\t\t\t\t\t\t\t\t\t<a href=\"https:\/\/www.boyerjulien.com\/wp-content\/uploads\/2025\/08\/wedding-venue-chateau-de-la-gaude60.jpg\" data-elementor-open-lightbox=\"yes\" data-e-action-hash=\"#elementor-action%3Aaction%3Dlightbox%26settings%3DeyJpZCI6MTgyNSwidXJsIjoiaHR0cHM6XC9cL3d3dy5ib3llcmp1bGllbi5jb21cL3dwLWNvbnRlbnRcL3VwbG9hZHNcLzIwMjVcLzA4XC93ZWRkaW5nLXZlbnVlLWNoYXRlYXUtZGUtbGEtZ2F1ZGU2MC53ZWJwIn0%3D\">\n\t\t\t\t\t\t\t<img loading=\"lazy\" decoding=\"async\" width=\"1920\" height=\"1280\" src=\"https:\/\/www.boyerjulien.com\/wp-content\/uploads\/2025\/08\/wedding-venue-chateau-de-la-gaude60.webp\" class=\"attachment-full size-full wp-image-1825\" alt=\"Romantic Provence wedding cake moment in the gardens of Ch\u00e2teau de la Gaude, photographed by Julien Boyer, French wedding photographer\" srcset=\"https:\/\/www.boyerjulien.com\/wp-content\/uploads\/2025\/08\/wedding-venue-chateau-de-la-gaude60.webp 1920w, https:\/\/www.boyerjulien.com\/wp-content\/uploads\/2025\/08\/wedding-venue-chateau-de-la-gaude60-300x200.webp 300w, https:\/\/www.boyerjulien.com\/wp-content\/uploads\/2025\/08\/wedding-venue-chateau-de-la-gaude60-1024x682.webp 1024w, https:\/\/www.boyerjulien.com\/wp-content\/uploads\/2025\/08\/wedding-venue-chateau-de-la-gaude60-768x512.webp 768w, https:\/\/www.boyerjulien.com\/wp-content\/uploads\/2025\/08\/wedding-venue-chateau-de-la-gaude60-1536x1024.webp 1536w\" sizes=\"(max-width: 1920px) 100vw, 1920px\" \/>\t\t\t\t\t\t\t\t<\/a>\n\t\t\t\t\t\t\t\t\t\t\t\t\t\t\t<\/div>\n\t\t\t\t<\/div>\n\t\t\t\t<div class=\"elementor-element elementor-element-02328b0 uael-img-grid__column-2 uael-img-grid-tablet__column-3 uael-img-grid-mobile__column-2 uael-ins-normal elementor-widget elementor-widget-uael-image-gallery\" data-id=\"02328b0\" data-element_type=\"widget\" data-settings=\"{&quot;gallery_columns&quot;:&quot;2&quot;,&quot;gallery_columns_tablet&quot;:&quot;3&quot;,&quot;gallery_columns_mobile&quot;:&quot;2&quot;,&quot;column_gap&quot;:{&quot;unit&quot;:&quot;px&quot;,&quot;size&quot;:20,&quot;sizes&quot;:[]},&quot;column_gap_widescreen&quot;:{&quot;unit&quot;:&quot;px&quot;,&quot;size&quot;:&quot;&quot;,&quot;sizes&quot;:[]},&quot;column_gap_laptop&quot;:{&quot;unit&quot;:&quot;px&quot;,&quot;size&quot;:&quot;&quot;,&quot;sizes&quot;:[]},&quot;column_gap_tablet_extra&quot;:{&quot;unit&quot;:&quot;px&quot;,&quot;size&quot;:&quot;&quot;,&quot;sizes&quot;:[]},&quot;column_gap_tablet&quot;:{&quot;unit&quot;:&quot;px&quot;,&quot;size&quot;:&quot;&quot;,&quot;sizes&quot;:[]},&quot;column_gap_mobile_extra&quot;:{&quot;unit&quot;:&quot;px&quot;,&quot;size&quot;:&quot;&quot;,&quot;sizes&quot;:[]},&quot;column_gap_mobile&quot;:{&quot;unit&quot;:&quot;px&quot;,&quot;size&quot;:&quot;&quot;,&quot;sizes&quot;:[]},&quot;row_gap&quot;:{&quot;unit&quot;:&quot;px&quot;,&quot;size&quot;:20,&quot;sizes&quot;:[]},&quot;row_gap_widescreen&quot;:{&quot;unit&quot;:&quot;px&quot;,&quot;size&quot;:&quot;&quot;,&quot;sizes&quot;:[]},&quot;row_gap_laptop&quot;:{&quot;unit&quot;:&quot;px&quot;,&quot;size&quot;:&quot;&quot;,&quot;sizes&quot;:[]},&quot;row_gap_tablet_extra&quot;:{&quot;unit&quot;:&quot;px&quot;,&quot;size&quot;:&quot;&quot;,&quot;sizes&quot;:[]},&quot;row_gap_tablet&quot;:{&quot;unit&quot;:&quot;px&quot;,&quot;size&quot;:&quot;&quot;,&quot;sizes&quot;:[]},&quot;row_gap_mobile_extra&quot;:{&quot;unit&quot;:&quot;px&quot;,&quot;size&quot;:&quot;&quot;,&quot;sizes&quot;:[]},&quot;row_gap_mobile&quot;:{&quot;unit&quot;:&quot;px&quot;,&quot;size&quot;:&quot;&quot;,&quot;sizes&quot;:[]}}\" data-widget_type=\"uael-image-gallery.default\">\n\t\t\t\t<div class=\"elementor-widget-container\">\n\t\t\t\t\t<div class=\"uael-gallery-parent uael-caption- uael-gallery-unjustified\"><div class=\"uael-img-gallery-wrap uael-img-masonry-wrap uael-img-grid-masonry-wrap uael-masonry uael-image-lightbox-wrap\" data-filter-default=\"All\" data-lightbox_actions=\"[&quot;close&quot;]\" data-lightbox-gallery-loop=\"\"><div class=\"uael-grid-item  uael-img-gallery-item-1\"><div class=\"uael-grid-item-content\"><a class=\"uael-grid-img uael-grid-gallery-img uael-ins-hover elementor-clickable\" data-fancybox=\"uael-gallery\" href=\"https:\/\/www.boyerjulien.com\/wp-content\/uploads\/2025\/08\/wedding-venue-chateau-de-la-gaude61.webp\" data-elementor-open-lightbox=\"no\"><div class=\"uael-grid-img-thumbnail uael-ins-target\"><img loading=\"lazy\" decoding=\"async\" width=\"682\" height=\"1024\" src=\"https:\/\/www.boyerjulien.com\/wp-content\/uploads\/2025\/08\/wedding-venue-chateau-de-la-gaude61-682x1024.webp\" class=\"attachment-large size-large wp-image-1826\" alt=\"Elegant bride and groom enjoying champagne by a white wedding cake adorned with pastel flowers in the gardens of Ch\u00e2teau de la Gaude\" srcset=\"https:\/\/www.boyerjulien.com\/wp-content\/uploads\/2025\/08\/wedding-venue-chateau-de-la-gaude61-682x1024.webp 682w, https:\/\/www.boyerjulien.com\/wp-content\/uploads\/2025\/08\/wedding-venue-chateau-de-la-gaude61-200x300.webp 200w, https:\/\/www.boyerjulien.com\/wp-content\/uploads\/2025\/08\/wedding-venue-chateau-de-la-gaude61-768x1152.webp 768w, https:\/\/www.boyerjulien.com\/wp-content\/uploads\/2025\/08\/wedding-venue-chateau-de-la-gaude61-1024x1536.webp 1024w, https:\/\/www.boyerjulien.com\/wp-content\/uploads\/2025\/08\/wedding-venue-chateau-de-la-gaude61.webp 1280w\" sizes=\"(max-width: 682px) 100vw, 682px\" \/><\/div><div class=\"uael-grid-img-overlay\"><\/div><\/a><\/div><\/div><div class=\"uael-grid-item  uael-img-gallery-item-2\"><div class=\"uael-grid-item-content\"><a class=\"uael-grid-img uael-grid-gallery-img uael-ins-hover elementor-clickable\" data-fancybox=\"uael-gallery\" href=\"https:\/\/www.boyerjulien.com\/wp-content\/uploads\/2025\/08\/wedding-venue-chateau-de-la-gaude28.webp\" data-elementor-open-lightbox=\"no\"><div class=\"uael-grid-img-thumbnail uael-ins-target\"><img loading=\"lazy\" decoding=\"async\" width=\"682\" height=\"1024\" src=\"https:\/\/www.boyerjulien.com\/wp-content\/uploads\/2025\/08\/wedding-venue-chateau-de-la-gaude28-682x1024.webp\" class=\"attachment-large size-large wp-image-1793\" alt=\"Elegant luxury wedding cake with purple floral decorations at Ch\u00e2teau de la Gaude in Provence, captured by Julien Boyer, French wedding photographer\" srcset=\"https:\/\/www.boyerjulien.com\/wp-content\/uploads\/2025\/08\/wedding-venue-chateau-de-la-gaude28-682x1024.webp 682w, https:\/\/www.boyerjulien.com\/wp-content\/uploads\/2025\/08\/wedding-venue-chateau-de-la-gaude28-200x300.webp 200w, https:\/\/www.boyerjulien.com\/wp-content\/uploads\/2025\/08\/wedding-venue-chateau-de-la-gaude28-768x1152.webp 768w, https:\/\/www.boyerjulien.com\/wp-content\/uploads\/2025\/08\/wedding-venue-chateau-de-la-gaude28-1024x1536.webp 1024w, https:\/\/www.boyerjulien.com\/wp-content\/uploads\/2025\/08\/wedding-venue-chateau-de-la-gaude28.webp 1280w\" sizes=\"(max-width: 682px) 100vw, 682px\" \/><\/div><div class=\"uael-grid-img-overlay\"><\/div><\/a><\/div><\/div><div class=\"uael-grid-item  uael-img-gallery-item-3\"><div class=\"uael-grid-item-content\"><a class=\"uael-grid-img uael-grid-gallery-img uael-ins-hover elementor-clickable\" data-fancybox=\"uael-gallery\" href=\"https:\/\/www.boyerjulien.com\/wp-content\/uploads\/2025\/08\/wedding-venue-chateau-de-la-gaude59.webp\" data-elementor-open-lightbox=\"no\"><div class=\"uael-grid-img-thumbnail uael-ins-target\"><img loading=\"lazy\" decoding=\"async\" width=\"682\" height=\"1024\" src=\"https:\/\/www.boyerjulien.com\/wp-content\/uploads\/2025\/08\/wedding-venue-chateau-de-la-gaude59-682x1024.webp\" class=\"attachment-large size-large wp-image-1824\" alt=\"Close-up of wedding cake decorated with pastel sugar flowers in pink, white, and purple\" srcset=\"https:\/\/www.boyerjulien.com\/wp-content\/uploads\/2025\/08\/wedding-venue-chateau-de-la-gaude59-682x1024.webp 682w, https:\/\/www.boyerjulien.com\/wp-content\/uploads\/2025\/08\/wedding-venue-chateau-de-la-gaude59-200x300.webp 200w, https:\/\/www.boyerjulien.com\/wp-content\/uploads\/2025\/08\/wedding-venue-chateau-de-la-gaude59-768x1152.webp 768w, https:\/\/www.boyerjulien.com\/wp-content\/uploads\/2025\/08\/wedding-venue-chateau-de-la-gaude59-1024x1536.webp 1024w, https:\/\/www.boyerjulien.com\/wp-content\/uploads\/2025\/08\/wedding-venue-chateau-de-la-gaude59.webp 1280w\" sizes=\"(max-width: 682px) 100vw, 682px\" \/><\/div><div class=\"uael-grid-img-overlay\"><\/div><\/a><\/div><\/div><div class=\"uael-grid-item  uael-img-gallery-item-4\"><div class=\"uael-grid-item-content\"><a class=\"uael-grid-img uael-grid-gallery-img uael-ins-hover elementor-clickable\" data-fancybox=\"uael-gallery\" href=\"https:\/\/www.boyerjulien.com\/wp-content\/uploads\/2025\/08\/wedding-venue-chateau-de-la-gaude55.webp\" data-elementor-open-lightbox=\"no\"><div class=\"uael-grid-img-thumbnail uael-ins-target\"><img loading=\"lazy\" decoding=\"async\" width=\"682\" height=\"1024\" src=\"https:\/\/www.boyerjulien.com\/wp-content\/uploads\/2025\/08\/wedding-venue-chateau-de-la-gaude55-682x1024.webp\" class=\"attachment-large size-large wp-image-1820\" alt=\"Groom adjusting his tuxedo jacket while standing on a garden path at Ch\u00e2teau de la Gaude\" srcset=\"https:\/\/www.boyerjulien.com\/wp-content\/uploads\/2025\/08\/wedding-venue-chateau-de-la-gaude55-682x1024.webp 682w, https:\/\/www.boyerjulien.com\/wp-content\/uploads\/2025\/08\/wedding-venue-chateau-de-la-gaude55-200x300.webp 200w, https:\/\/www.boyerjulien.com\/wp-content\/uploads\/2025\/08\/wedding-venue-chateau-de-la-gaude55-768x1152.webp 768w, https:\/\/www.boyerjulien.com\/wp-content\/uploads\/2025\/08\/wedding-venue-chateau-de-la-gaude55-1024x1536.webp 1024w, https:\/\/www.boyerjulien.com\/wp-content\/uploads\/2025\/08\/wedding-venue-chateau-de-la-gaude55.webp 1280w\" sizes=\"(max-width: 682px) 100vw, 682px\" \/><\/div><div class=\"uael-grid-img-overlay\"><\/div><\/a><\/div><\/div><\/div><\/div>\t\t\t\t<\/div>\n\t\t\t\t<\/div>\n\t\t\t\t<div class=\"elementor-element elementor-element-67dd259 elementor-widget elementor-widget-image\" data-id=\"67dd259\" data-element_type=\"widget\" data-widget_type=\"image.default\">\n\t\t\t\t<div class=\"elementor-widget-container\">\n\t\t\t\t\t\t\t\t\t\t\t\t\t\t\t\t<a href=\"https:\/\/www.boyerjulien.com\/wp-content\/uploads\/2025\/08\/wedding-venue-chateau-de-la-gaude62.jpg\" data-elementor-open-lightbox=\"yes\" data-e-action-hash=\"#elementor-action%3Aaction%3Dlightbox%26settings%3DeyJpZCI6MTgyNywidXJsIjoiaHR0cHM6XC9cL3d3dy5ib3llcmp1bGllbi5jb21cL3dwLWNvbnRlbnRcL3VwbG9hZHNcLzIwMjVcLzA4XC93ZWRkaW5nLXZlbnVlLWNoYXRlYXUtZGUtbGEtZ2F1ZGU2Mi53ZWJwIn0%3D\">\n\t\t\t\t\t\t\t<img loading=\"lazy\" decoding=\"async\" width=\"1280\" height=\"1920\" src=\"https:\/\/www.boyerjulien.com\/wp-content\/uploads\/2025\/08\/wedding-venue-chateau-de-la-gaude62.webp\" class=\"attachment-full size-full wp-image-1827\" alt=\"Stylish bride in an off-shoulder satin gown leading her groom through the manicured maze gardens of Ch\u00e2teau de la Gaude\" srcset=\"https:\/\/www.boyerjulien.com\/wp-content\/uploads\/2025\/08\/wedding-venue-chateau-de-la-gaude62.webp 1280w, https:\/\/www.boyerjulien.com\/wp-content\/uploads\/2025\/08\/wedding-venue-chateau-de-la-gaude62-200x300.webp 200w, https:\/\/www.boyerjulien.com\/wp-content\/uploads\/2025\/08\/wedding-venue-chateau-de-la-gaude62-682x1024.webp 682w, https:\/\/www.boyerjulien.com\/wp-content\/uploads\/2025\/08\/wedding-venue-chateau-de-la-gaude62-768x1152.webp 768w, https:\/\/www.boyerjulien.com\/wp-content\/uploads\/2025\/08\/wedding-venue-chateau-de-la-gaude62-1024x1536.webp 1024w\" sizes=\"(max-width: 1280px) 100vw, 1280px\" \/>\t\t\t\t\t\t\t\t<\/a>\n\t\t\t\t\t\t\t\t\t\t\t\t\t\t\t<\/div>\n\t\t\t\t<\/div>\n\t\t\t\t<div class=\"elementor-element elementor-element-8697f7f elementor-widget elementor-widget-image\" data-id=\"8697f7f\" data-element_type=\"widget\" data-widget_type=\"image.default\">\n\t\t\t\t<div class=\"elementor-widget-container\">\n\t\t\t\t\t\t\t\t\t\t\t\t\t\t\t\t<a href=\"https:\/\/www.boyerjulien.com\/wp-content\/uploads\/2025\/08\/wedding-venue-chateau-de-la-gaude63.jpg\" data-elementor-open-lightbox=\"yes\" data-e-action-hash=\"#elementor-action%3Aaction%3Dlightbox%26settings%3DeyJpZCI6MTgyOCwidXJsIjoiaHR0cHM6XC9cL3d3dy5ib3llcmp1bGllbi5jb21cL3dwLWNvbnRlbnRcL3VwbG9hZHNcLzIwMjVcLzA4XC93ZWRkaW5nLXZlbnVlLWNoYXRlYXUtZGUtbGEtZ2F1ZGU2My53ZWJwIn0%3D\">\n\t\t\t\t\t\t\t<img loading=\"lazy\" decoding=\"async\" width=\"1920\" height=\"1280\" src=\"https:\/\/www.boyerjulien.com\/wp-content\/uploads\/2025\/08\/wedding-venue-chateau-de-la-gaude63.webp\" class=\"attachment-full size-full wp-image-1828\" alt=\"Romantic moment as the bride and groom embrace in the sunlit labyrinth gardens of Ch\u00e2teau de la Gaude\" srcset=\"https:\/\/www.boyerjulien.com\/wp-content\/uploads\/2025\/08\/wedding-venue-chateau-de-la-gaude63.webp 1920w, https:\/\/www.boyerjulien.com\/wp-content\/uploads\/2025\/08\/wedding-venue-chateau-de-la-gaude63-300x200.webp 300w, https:\/\/www.boyerjulien.com\/wp-content\/uploads\/2025\/08\/wedding-venue-chateau-de-la-gaude63-1024x682.webp 1024w, https:\/\/www.boyerjulien.com\/wp-content\/uploads\/2025\/08\/wedding-venue-chateau-de-la-gaude63-768x512.webp 768w, https:\/\/www.boyerjulien.com\/wp-content\/uploads\/2025\/08\/wedding-venue-chateau-de-la-gaude63-1536x1024.webp 1536w\" sizes=\"(max-width: 1920px) 100vw, 1920px\" \/>\t\t\t\t\t\t\t\t<\/a>\n\t\t\t\t\t\t\t\t\t\t\t\t\t\t\t<\/div>\n\t\t\t\t<\/div>\n\t\t\t\t<div class=\"elementor-element elementor-element-b2483b2 uael-img-grid__column-2 uael-img-grid-tablet__column-3 uael-img-grid-mobile__column-2 uael-ins-normal elementor-widget elementor-widget-uael-image-gallery\" data-id=\"b2483b2\" data-element_type=\"widget\" data-settings=\"{&quot;gallery_columns&quot;:&quot;2&quot;,&quot;gallery_columns_tablet&quot;:&quot;3&quot;,&quot;gallery_columns_mobile&quot;:&quot;2&quot;,&quot;column_gap&quot;:{&quot;unit&quot;:&quot;px&quot;,&quot;size&quot;:20,&quot;sizes&quot;:[]},&quot;column_gap_widescreen&quot;:{&quot;unit&quot;:&quot;px&quot;,&quot;size&quot;:&quot;&quot;,&quot;sizes&quot;:[]},&quot;column_gap_laptop&quot;:{&quot;unit&quot;:&quot;px&quot;,&quot;size&quot;:&quot;&quot;,&quot;sizes&quot;:[]},&quot;column_gap_tablet_extra&quot;:{&quot;unit&quot;:&quot;px&quot;,&quot;size&quot;:&quot;&quot;,&quot;sizes&quot;:[]},&quot;column_gap_tablet&quot;:{&quot;unit&quot;:&quot;px&quot;,&quot;size&quot;:&quot;&quot;,&quot;sizes&quot;:[]},&quot;column_gap_mobile_extra&quot;:{&quot;unit&quot;:&quot;px&quot;,&quot;size&quot;:&quot;&quot;,&quot;sizes&quot;:[]},&quot;column_gap_mobile&quot;:{&quot;unit&quot;:&quot;px&quot;,&quot;size&quot;:&quot;&quot;,&quot;sizes&quot;:[]},&quot;row_gap&quot;:{&quot;unit&quot;:&quot;px&quot;,&quot;size&quot;:20,&quot;sizes&quot;:[]},&quot;row_gap_widescreen&quot;:{&quot;unit&quot;:&quot;px&quot;,&quot;size&quot;:&quot;&quot;,&quot;sizes&quot;:[]},&quot;row_gap_laptop&quot;:{&quot;unit&quot;:&quot;px&quot;,&quot;size&quot;:&quot;&quot;,&quot;sizes&quot;:[]},&quot;row_gap_tablet_extra&quot;:{&quot;unit&quot;:&quot;px&quot;,&quot;size&quot;:&quot;&quot;,&quot;sizes&quot;:[]},&quot;row_gap_tablet&quot;:{&quot;unit&quot;:&quot;px&quot;,&quot;size&quot;:&quot;&quot;,&quot;sizes&quot;:[]},&quot;row_gap_mobile_extra&quot;:{&quot;unit&quot;:&quot;px&quot;,&quot;size&quot;:&quot;&quot;,&quot;sizes&quot;:[]},&quot;row_gap_mobile&quot;:{&quot;unit&quot;:&quot;px&quot;,&quot;size&quot;:&quot;&quot;,&quot;sizes&quot;:[]}}\" data-widget_type=\"uael-image-gallery.default\">\n\t\t\t\t<div class=\"elementor-widget-container\">\n\t\t\t\t\t<div class=\"uael-gallery-parent uael-caption- uael-gallery-unjustified\"><div class=\"uael-img-gallery-wrap uael-img-masonry-wrap uael-img-grid-masonry-wrap uael-masonry uael-image-lightbox-wrap\" data-filter-default=\"All\" data-lightbox_actions=\"[&quot;close&quot;]\" data-lightbox-gallery-loop=\"\"><div class=\"uael-grid-item  uael-img-gallery-item-1\"><div class=\"uael-grid-item-content\"><a class=\"uael-grid-img uael-grid-gallery-img uael-ins-hover elementor-clickable\" data-fancybox=\"uael-gallery\" href=\"https:\/\/www.boyerjulien.com\/wp-content\/uploads\/2025\/08\/wedding-venue-chateau-de-la-gaude29.webp\" data-elementor-open-lightbox=\"no\"><div class=\"uael-grid-img-thumbnail uael-ins-target\"><img loading=\"lazy\" decoding=\"async\" width=\"682\" height=\"1024\" src=\"https:\/\/www.boyerjulien.com\/wp-content\/uploads\/2025\/08\/wedding-venue-chateau-de-la-gaude29-682x1024.webp\" class=\"attachment-large size-large wp-image-1794\" alt=\"Stylish Provence wedding couple portrait in the gardens of Ch\u00e2teau de la Gaude, photographed by Julien Boyer, French wedding photographer\" srcset=\"https:\/\/www.boyerjulien.com\/wp-content\/uploads\/2025\/08\/wedding-venue-chateau-de-la-gaude29-682x1024.webp 682w, https:\/\/www.boyerjulien.com\/wp-content\/uploads\/2025\/08\/wedding-venue-chateau-de-la-gaude29-200x300.webp 200w, https:\/\/www.boyerjulien.com\/wp-content\/uploads\/2025\/08\/wedding-venue-chateau-de-la-gaude29-768x1152.webp 768w, https:\/\/www.boyerjulien.com\/wp-content\/uploads\/2025\/08\/wedding-venue-chateau-de-la-gaude29-1024x1536.webp 1024w, https:\/\/www.boyerjulien.com\/wp-content\/uploads\/2025\/08\/wedding-venue-chateau-de-la-gaude29.webp 1280w\" sizes=\"(max-width: 682px) 100vw, 682px\" \/><\/div><div class=\"uael-grid-img-overlay\"><\/div><\/a><\/div><\/div><div class=\"uael-grid-item  uael-img-gallery-item-2\"><div class=\"uael-grid-item-content\"><a class=\"uael-grid-img uael-grid-gallery-img uael-ins-hover elementor-clickable\" data-fancybox=\"uael-gallery\" href=\"https:\/\/www.boyerjulien.com\/wp-content\/uploads\/2025\/08\/wedding-venue-chateau-de-la-gaude30.webp\" data-elementor-open-lightbox=\"no\"><div class=\"uael-grid-img-thumbnail uael-ins-target\"><img loading=\"lazy\" decoding=\"async\" width=\"682\" height=\"1024\" src=\"https:\/\/www.boyerjulien.com\/wp-content\/uploads\/2025\/08\/wedding-venue-chateau-de-la-gaude30-682x1024.webp\" class=\"attachment-large size-large wp-image-1795\" alt=\"Bride in short white dress posing by a balcony railing overlooking the gardens of Ch\u00e2teau de la Gaude\" srcset=\"https:\/\/www.boyerjulien.com\/wp-content\/uploads\/2025\/08\/wedding-venue-chateau-de-la-gaude30-682x1024.webp 682w, https:\/\/www.boyerjulien.com\/wp-content\/uploads\/2025\/08\/wedding-venue-chateau-de-la-gaude30-200x300.webp 200w, https:\/\/www.boyerjulien.com\/wp-content\/uploads\/2025\/08\/wedding-venue-chateau-de-la-gaude30-768x1152.webp 768w, https:\/\/www.boyerjulien.com\/wp-content\/uploads\/2025\/08\/wedding-venue-chateau-de-la-gaude30-1024x1536.webp 1024w, https:\/\/www.boyerjulien.com\/wp-content\/uploads\/2025\/08\/wedding-venue-chateau-de-la-gaude30.webp 1280w\" sizes=\"(max-width: 682px) 100vw, 682px\" \/><\/div><div class=\"uael-grid-img-overlay\"><\/div><\/a><\/div><\/div><\/div><\/div>\t\t\t\t<\/div>\n\t\t\t\t<\/div>\n\t\t\t\t<\/div>\n\t\t\t\t\t<\/div>\n\t\t\t\t<\/div>\n\t\t\t\t<\/div>\n\t\t","protected":false},"featured_media":1789,"template":"","meta":{"_seopress_robots_primary_cat":"","_seopress_titles_title":"Mariage au Ch\u00e2teau de la Gaude | Photographe de mariage","_seopress_titles_desc":"Reportage photo de mariage au Ch\u00e2teau de la Gaude, pour capturer des moments naturels et \u00e9l\u00e9gants dans un cadre proven\u00e7al d\u2019exception.","_seopress_robots_index":"","site-sidebar-layout":"no-sidebar","site-content-layout":"","ast-site-content-layout":"full-width-container","site-content-style":"default","site-sidebar-style":"default","ast-global-header-display":"","ast-banner-title-visibility":"","ast-main-header-display":"","ast-hfb-above-header-display":"","ast-hfb-below-header-display":"","ast-hfb-mobile-header-display":"","site-post-title":"","ast-breadcrumbs-content":"","ast-featured-img":"disabled","footer-sml-layout":"","ast-disable-related-posts":"","theme-transparent-header-meta":"","adv-header-id-meta":"","stick-header-meta":"","header-above-stick-meta":"","header-main-stick-meta":"","header-below-stick-meta":"","astra-migrate-meta-layouts":"default","ast-page-background-enabled":"default","ast-page-background-meta":{"desktop":{"background-color":"var(--ast-global-color-5)","background-image":"","background-repeat":"repeat","background-position":"center center","background-size":"auto","background-attachment":"scroll","background-type":"","background-media":"","overlay-type":"","overlay-color":"","overlay-opacity":"","overlay-gradient":""},"tablet":{"background-color":"","background-image":"","background-repeat":"repeat","background-position":"center center","background-size":"auto","background-attachment":"scroll","background-type":"","background-media":"","overlay-type":"","overlay-color":"","overlay-opacity":"","overlay-gradient":""},"mobile":{"background-color":"","background-image":"","background-repeat":"repeat","background-position":"center center","background-size":"auto","background-attachment":"scroll","background-type":"","background-media":"","overlay-type":"","overlay-color":"","overlay-opacity":"","overlay-gradient":""}},"ast-content-background-meta":{"desktop":{"background-color":"var(--ast-global-color-4)","background-image":"","background-repeat":"repeat","background-position":"center center","background-size":"auto","background-attachment":"scroll","background-type":"","background-media":"","overlay-type":"","overlay-color":"","overlay-opacity":"","overlay-gradient":""},"tablet":{"background-color":"var(--ast-global-color-4)","background-image":"","background-repeat":"repeat","background-position":"center center","background-size":"auto","background-attachment":"scroll","background-type":"","background-media":"","overlay-type":"","overlay-color":"","overlay-opacity":"","overlay-gradient":""},"mobile":{"background-color":"var(--ast-global-color-4)","background-image":"","background-repeat":"repeat","background-position":"center center","background-size":"auto","background-attachment":"scroll","background-type":"","background-media":"","overlay-type":"","overlay-color":"","overlay-opacity":"","overlay-gradient":""}}},"astra-portfolio-categories":[10],"astra-portfolio-other-categories":[],"astra-portfolio-tags":[33],"class_list":["post-1830","astra-portfolio","type-astra-portfolio","status-publish","has-post-thumbnail","hentry","astra-portfolio-categories-editorial","astra-portfolio-tags-alexandra-daniel"],"astra-site-call-to-action":"","astra-site-open-in-new-tab":"0","astra-site-open-portfolio-in":"new-tab","astra-site-url":"","thumbnail-image-url":"https:\/\/www.boyerjulien.com\/wp-content\/uploads\/2025\/08\/wedding-venue-chateau-de-la-gaude24.webp","thumbnail-image-meta":{"alt":"Her smile glows brighter than the Proven\u00e7al sun as his embrace holds eternity\u2014captured by Julien Boyer","title":"wedding-venue-chateau-de-la-gaude24"},"lightbox-image-url":null,"portfolio-type":"page","portfolio-video-url":"","request_time":0.8243379592895508,"_links":{"self":[{"href":"https:\/\/www.boyerjulien.com\/en\/wp-json\/wp\/v2\/astra-portfolio\/1830","targetHints":{"allow":["GET"]}}],"collection":[{"href":"https:\/\/www.boyerjulien.com\/en\/wp-json\/wp\/v2\/astra-portfolio"}],"about":[{"href":"https:\/\/www.boyerjulien.com\/en\/wp-json\/wp\/v2\/types\/astra-portfolio"}],"version-history":[{"count":0,"href":"https:\/\/www.boyerjulien.com\/en\/wp-json\/wp\/v2\/astra-portfolio\/1830\/revisions"}],"wp:featuredmedia":[{"embeddable":true,"href":"https:\/\/www.boyerjulien.com\/en\/wp-json\/wp\/v2\/media\/1789"}],"wp:attachment":[{"href":"https:\/\/www.boyerjulien.com\/en\/wp-json\/wp\/v2\/media?parent=1830"}],"wp:term":[{"taxonomy":"astra-portfolio-categories","embeddable":true,"href":"https:\/\/www.boyerjulien.com\/en\/wp-json\/wp\/v2\/astra-portfolio-categories?post=1830"},{"taxonomy":"astra-portfolio-other-categories","embeddable":true,"href":"https:\/\/www.boyerjulien.com\/en\/wp-json\/wp\/v2\/astra-portfolio-other-categories?post=1830"},{"taxonomy":"astra-portfolio-tags","embeddable":true,"href":"https:\/\/www.boyerjulien.com\/en\/wp-json\/wp\/v2\/astra-portfolio-tags?post=1830"}],"curies":[{"name":"wp","href":"https:\/\/api.w.org\/{rel}","templated":true}]}}